{"id":3290,"date":"2022-05-26T12:22:14","date_gmt":"2022-05-26T10:22:14","guid":{"rendered":"https:\/\/agora.xtec.cat\/iespauclaris\/?page_id=3290"},"modified":"2023-08-18T17:54:32","modified_gmt":"2023-08-18T15:54:32","slug":"estrategia","status":"publish","type":"page","link":"https:\/\/agora.xtec.cat\/iespauclaris\/ins\/estrategia-digital-de-centre\/estrategia\/","title":{"rendered":"Estrat\u00e8gia"},"content":{"rendered":"<p>L\u2019EDC \u00e9s una estrat\u00e8gia transversal que es concreta en un document que pret\u00e9n abastar tots els aspectes relacionats amb la cultura digital del centre. En aquest sentit, l\u2019EDC ha de facilitar al centre la planificaci\u00f3 i la gesti\u00f3 de tots els \u00e0mbits relacionats amb la cultura digital. Tamb\u00e9 ha de permetre recollir i organitzar les accions que el centre ja realitza i replantejar-les i millorar-les per aconseguir els objectius que es proposi.<\/p>\n<p>Observem en detall cadascuna de les quatre fases:<\/p>\n<p><strong>01 Diagnosi<\/strong>: L\u2019objectiu \u00e9s trobar aquells punts forts que l\u2019INS Pau Claris ja est\u00e0 fent correctament sobre l\u2019\u00fas de les tecnologies digitals i, tamb\u00e9, trobar aquells aspectes en qu\u00e8 el centre ha de millorar.\u00a0Per dur a terme la diagnosi el centre es valdr\u00e0 d&#8217;enquestes, entrevistes i la revisi\u00f3 d&#8217;indicadors de centre.<\/p>\n<p>Per a la diagnosi de centre s\u2019ha fet servir l\u2019eina<a href=\"https:\/\/drive.google.com\/file\/d\/1bdBiiBqOay0Sy6KgrCp75s10kV5F7GT6\/view?usp=sharing\" target=\"_blank\" rel=\"noopener\"> SELFIE al curs 2021-2022<\/a> elaborada per la Uni\u00f3 Europea per facilitar l\u2019an\u00e0lisi de les compet\u00e8ncies digitals a la comunitat educativa, us adjuntem el <a href=\"https:\/\/drive.google.com\/file\/d\/1bdBiiBqOay0Sy6KgrCp75s10kV5F7GT6\/view\" target=\"_blank\" rel=\"noopener\">resum<\/a>.<\/p>\n<p><strong>02 Objectius<\/strong>: Els objectius de l\u2019EDC, es concreten a partir dels resultats de la diagnosi, tenint clara la visi\u00f3 del centre en l\u2019\u00e0mbit digital i tenint en compte els objectius del PEC i del projecte de direcci\u00f3, en el marc dels objectius generals del Pla d\u2019Educaci\u00f3 Digital de Catalunya.<\/p>\n<p><strong>03 Planificaci\u00f3<\/strong>: Es concreten un conjunt d&#8217;actuacions per assolir els objectius concretats en l&#8217;EDC i es temporitzen a desenvolupar durant dos o tres cursos.<\/p>\n<p><strong>04 Avaluaci\u00f3<\/strong>: Per comprovar l&#8217;assoliment dels objectius concretats, es concreten indicadors que ens indiquin el seu acompliment.<\/p>\n<table style=\"border-collapse: collapse; width: 100%;\">\n<tbody>\n<tr>\n<td style=\"width: 25%;\"><a href=\"https:\/\/agora.xtec.cat\/iespauclaris\/ins\/estrategia-digital-de-centre\/estrategia\/diagnosi\/\" target=\"_blank\" rel=\"attachment noopener wp-att-4490\"><img loading=\"lazy\" decoding=\"async\" class=\"alignnone size-medium wp-image-4490\" src=\"https:\/\/agora.xtec.cat\/iespauclaris\/wp-content\/uploads\/usu835\/2023\/06\/diagnosi-EDC-300x136.png\" alt=\"\" width=\"300\" height=\"136\" srcset=\"https:\/\/agora.xtec.cat\/iespauclaris\/wp-content\/uploads\/usu835\/2023\/06\/diagnosi-EDC-300x136.png 300w, https:\/\/agora.xtec.cat\/iespauclaris\/wp-content\/uploads\/usu835\/2023\/06\/diagnosi-EDC.png 346w\" sizes=\"auto, (max-width: 300px) 100vw, 300px\" \/><\/a><\/td>\n<td style=\"width: 25%;\"><a href=\"https:\/\/agora.xtec.cat\/iespauclaris\/ins\/estrategia-digital-de-centre\/estrategia\/objectius\/\" target=\"_blank\" rel=\"attachment noopener wp-att-4492\"><img loading=\"lazy\" decoding=\"async\" class=\"alignnone size-medium wp-image-4492\" src=\"https:\/\/agora.xtec.cat\/iespauclaris\/wp-content\/uploads\/usu835\/2023\/06\/objectius-EDC-300x132.png\" alt=\"\" width=\"300\" height=\"132\" srcset=\"https:\/\/agora.xtec.cat\/iespauclaris\/wp-content\/uploads\/usu835\/2023\/06\/objectius-EDC-300x132.png 300w, https:\/\/agora.xtec.cat\/iespauclaris\/wp-content\/uploads\/usu835\/2023\/06\/objectius-EDC.png 406w\" sizes=\"auto, (max-width: 300px) 100vw, 300px\" \/><\/a><\/td>\n<td style=\"width: 25%;\"><a href=\"https:\/\/agora.xtec.cat\/iespauclaris\/ins\/estrategia-digital-de-centre\/estrategia\/objectius\/\" target=\"_blank\" rel=\"attachment noopener wp-att-4491\"><img loading=\"lazy\" decoding=\"async\" class=\"alignnone size-medium wp-image-4491\" src=\"https:\/\/agora.xtec.cat\/iespauclaris\/wp-content\/uploads\/usu835\/2023\/06\/planificacio-EDC-300x126.png\" alt=\"\" width=\"300\" height=\"126\" srcset=\"https:\/\/agora.xtec.cat\/iespauclaris\/wp-content\/uploads\/usu835\/2023\/06\/planificacio-EDC-300x126.png 300w, https:\/\/agora.xtec.cat\/iespauclaris\/wp-content\/uploads\/usu835\/2023\/06\/planificacio-EDC.png 379w\" sizes=\"auto, (max-width: 300px) 100vw, 300px\" \/><\/a><\/td>\n<td style=\"width: 25%;\"><a href=\"https:\/\/agora.xtec.cat\/iespauclaris\/ins\/estrategia-digital-de-centre\/estrategia\/objectius\/\" target=\"_blank\" rel=\"attachment noopener wp-att-4493\"><img loading=\"lazy\" decoding=\"async\" class=\"alignnone size-medium wp-image-4493\" src=\"https:\/\/agora.xtec.cat\/iespauclaris\/wp-content\/uploads\/usu835\/2023\/06\/avaluacio-EDC-300x123.png\" alt=\"\" width=\"300\" height=\"123\" srcset=\"https:\/\/agora.xtec.cat\/iespauclaris\/wp-content\/uploads\/usu835\/2023\/06\/avaluacio-EDC-300x123.png 300w, https:\/\/agora.xtec.cat\/iespauclaris\/wp-content\/uploads\/usu835\/2023\/06\/avaluacio-EDC.png 379w\" sizes=\"auto, (max-width: 300px) 100vw, 300px\" \/><\/a><\/td>\n<\/tr>\n<\/tbody>\n<\/table>\n","protected":false},"excerpt":{"rendered":"<p>L\u2019EDC \u00e9s una estrat\u00e8gia transversal que es concreta en un document que pret\u00e9n abastar tots els aspectes relacionats amb la cultura digital del centre. En aquest sentit, l\u2019EDC ha de facilitar al centre la planificaci\u00f3 i la gesti\u00f3 de tots els \u00e0mbits relacionats amb la&hellip;  <a href=\"https:\/\/agora.xtec.cat\/iespauclaris\/ins\/estrategia-digital-de-centre\/estrategia\/\" title=\"Read Estrat\u00e8gia\">Llegeix m\u00e9s\u00bb<\/a><\/p>\n","protected":false},"author":1,"featured_media":0,"parent":3266,"menu_order":1,"comment_status":"closed","ping_status":"closed","template":"page-templates\/side-menu.php","meta":{"_bbp_topic_count":0,"_bbp_reply_count":0,"_bbp_total_topic_count":0,"_bbp_total_reply_count":0,"_bbp_voice_count":0,"_bbp_anonymous_reply_count":0,"_bbp_topic_count_hidden":0,"_bbp_reply_count_hidden":0,"_bbp_forum_subforum_count":0,"footnotes":""},"class_list":["post-3290","page","type-page","status-publish","hentry"],"post_mailing_queue_ids":[],"_links":{"self":[{"href":"https:\/\/agora.xtec.cat\/iespauclaris\/wp-json\/wp\/v2\/pages\/3290","targetHints":{"allow":["GET"]}}],"collection":[{"href":"https:\/\/agora.xtec.cat\/iespauclaris\/wp-json\/wp\/v2\/pages"}],"about":[{"href":"https:\/\/agora.xtec.cat\/iespauclaris\/wp-json\/wp\/v2\/types\/page"}],"author":[{"embeddable":true,"href":"https:\/\/agora.xtec.cat\/iespauclaris\/wp-json\/wp\/v2\/users\/1"}],"replies":[{"embeddable":true,"href":"https:\/\/agora.xtec.cat\/iespauclaris\/wp-json\/wp\/v2\/comments?post=3290"}],"version-history":[{"count":3,"href":"https:\/\/agora.xtec.cat\/iespauclaris\/wp-json\/wp\/v2\/pages\/3290\/revisions"}],"predecessor-version":[{"id":4599,"href":"https:\/\/agora.xtec.cat\/iespauclaris\/wp-json\/wp\/v2\/pages\/3290\/revisions\/4599"}],"up":[{"embeddable":true,"href":"https:\/\/agora.xtec.cat\/iespauclaris\/wp-json\/wp\/v2\/pages\/3266"}],"wp:attachment":[{"href":"https:\/\/agora.xtec.cat\/iespauclaris\/wp-json\/wp\/v2\/media?parent=3290"}],"curies":[{"name":"wp","href":"https:\/\/api.w.org\/{rel}","templated":true}]}}