{"id":27,"date":"2014-09-17T16:24:03","date_gmt":"2014-09-17T14:24:03","guid":{"rendered":"http:\/\/agora.xtec.cat\/iespauclaris\/?page_id=27"},"modified":"2025-10-20T09:58:52","modified_gmt":"2025-10-20T07:58:52","slug":"organitzacio","status":"publish","type":"page","link":"https:\/\/agora.xtec.cat\/iespauclaris\/ins\/organitzacio\/","title":{"rendered":"Organitzaci\u00f3"},"content":{"rendered":"<p>El <strong>consell escolar<\/strong> \u00e9s el m\u00e0xim \u00f2rgan de govern del centre i est\u00e0 constitu\u00eft per representants de tots els components de la comunitat educativa: alumnes, fam\u00edlies, professorat i PAS.<\/p>\n<p>L\u2019<strong>equip directiu<\/strong> de l&#8217;institut est\u00e0 format per Anna Gou (director), S\u00f2nia Berg\u00f3s (coordinadora pedag\u00f2gica), Georgina Ricart (cap d&#8217;estudis) i Montse Parcet (secret\u00e0ria pedag\u00f2gica).<\/p>\n<p>Al Pau Claris ens organitzem per \u00e0mbits de coneixement, els <strong>CROMES<\/strong>,<span style=\"font-weight: 400;\">\u00a0l&#8217;acr\u00f2nim de Coher\u00e8ncia, Reflexi\u00f3, Organitzaci\u00f3, Metodologia i Avaluaci\u00f3, aspectes fonamentals del proc\u00e9s d\u2019ensenyament-aprenentatge.<\/span><\/p>\n<p><span style=\"font-weight: 400;\">A continuaci\u00f3 les especialitats que engloba cada \u00e0mbit. Aquestes composicions crom\u00e0tiques permeten estructurar-nos de manera m\u00e9s efica\u00e7 i de forma adequada al nostre model pedag\u00f2gic personalitzat, transversal i globalitzador.<\/span><\/p>\n<p><span style=\"font-weight: 400;\"><strong>CROMA-CIEN<\/strong>\u00a0Matem\u00e0tiques, Tecnologia, F\u00edsica i Qu\u00edmica, Biologia i Geologia.<\/span><\/p>\n<p><span style=\"font-weight: 400;\"><strong>CROMA-SOC<\/strong>\u00a0Geografia, Hist\u00f2ria, Filosofia, Religi\u00f3, M\u00fasica, Visual i pl\u00e0stica, i Educaci\u00f3 f\u00edsica.<\/span><\/p>\n<p><span style=\"font-weight: 400;\"><strong>CROMA-TIL<\/strong> Llengua catalana i literatura, Llengua castellana i literatura, Lleng\u00fces estrangeres (angl\u00e8s i franc\u00e8s) i Lleng\u00fces cl\u00e0ssiques.<\/span><\/p>\n<p>L&#8217;equip<strong> d&#8217;orientaci\u00f3 educativa <\/strong>est\u00e0 format per les orientadores, les tutores i l&#8217;educadora del SIEI, la t\u00e8cnica d&#8217;integraci\u00f3 social i la monitora de suport a la inclusi\u00f3.<\/p>\n<p>El <strong>personal d&#8217;administraci\u00f3 i serveis<\/strong> s\u00f3n Sandra L\u00f3pez, Pilar Soler i Yolanda Ravent\u00f3s.<\/p>\n<p><strong>CARPA o equip impulsor del centre<\/strong>:<\/p>\n<p><span style=\"font-weight: 400;\">\u00c9s un \u00f2rgan d&#8217;impuls pedag\u00f2gic al centre, s\u00f3n els encarregats de la reflexi\u00f3 te\u00f2rica, del disseny del marc conceptual i organitzatiu i de l\u2019impuls, seguiment i avaluaci\u00f3 de la implementaci\u00f3 dels plans i projectes de centre. <\/span><\/p>\n<p><strong>Consell de Direcci\u00f3<\/strong>:<\/p>\n<p><span style=\"font-weight: 400;\">\u00c9s un \u00f2rgan de coordinaci\u00f3 i participaci\u00f3 per aprofundir en la pr\u00e0ctica del lideratge distribu\u00eft<\/span><span style=\"font-weight: 400;\">. Les funcions que t\u00e9 s\u00f3n, per una banda, assessorar l\u2019equip directiu en el debat i la presa de decisions i, per una altra banda, t\u00e9 l\u2019enc\u00e0rrec de pensar, de dissenyar, d\u2019impulsar i d\u2019avaluar la renovaci\u00f3 pedag\u00f2gica, bo i marcant les l\u00ednies de treball i la temporitzaci\u00f3 del proc\u00e9s d\u2019implementaci\u00f3 definits en la PGA.<\/span><\/p>\n<p>Quant al circuit prioritari de presa de decisions del centre:<\/p>\n<p><a href=\"https:\/\/agora.xtec.cat\/iespauclaris\/wp-content\/uploads\/usu835\/2025\/04\/presa_presa-decisions.png\"><img loading=\"lazy\" decoding=\"async\" class=\"aligncenter wp-image-6800\" src=\"https:\/\/agora.xtec.cat\/iespauclaris\/wp-content\/uploads\/usu835\/2025\/04\/presa_presa-decisions.png\" alt=\"\" width=\"680\" height=\"306\" srcset=\"https:\/\/agora.xtec.cat\/iespauclaris\/wp-content\/uploads\/usu835\/2025\/04\/presa_presa-decisions.png 969w, https:\/\/agora.xtec.cat\/iespauclaris\/wp-content\/uploads\/usu835\/2025\/04\/presa_presa-decisions-300x135.png 300w, https:\/\/agora.xtec.cat\/iespauclaris\/wp-content\/uploads\/usu835\/2025\/04\/presa_presa-decisions-768x346.png 768w\" sizes=\"auto, (max-width: 680px) 100vw, 680px\" \/><\/a><\/p>\n<p><strong>Organigrama de centre<\/strong>:<\/p>\n<p>Consulteu l&#8217;organigrama en aquest <a href=\"https:\/\/drive.google.com\/file\/d\/1vQNTE8G2nAaMlxAr366_iFNs_O-r8NCB\/view?usp=drive_link\" target=\"_blank\" rel=\"noopener\">enlla\u00e7<\/a>.<\/p>\n","protected":false},"excerpt":{"rendered":"<p>El consell escolar \u00e9s el m\u00e0xim \u00f2rgan de govern del centre i est\u00e0 constitu\u00eft per representants de tots els components de la comunitat educativa: alumnes, fam\u00edlies, professorat i PAS.<br \/>\nL\u2019equip directiu de l&#8217;institut est\u00e0 format per Anna Gou (director), S\u00f2nia Berg\u00f3s (coordinadora pedag\u00f2gica), Georgina Ricart (cap&hellip;  <a href=\"https:\/\/agora.xtec.cat\/iespauclaris\/ins\/organitzacio\/\" title=\"Read Organitzaci\u00f3\">Llegeix m\u00e9s\u00bb<\/a><\/p>\n","protected":false},"author":1,"featured_media":0,"parent":19,"menu_order":10,"comment_status":"closed","ping_status":"closed","template":"page-templates\/side-menu.php","meta":{"_bbp_topic_count":0,"_bbp_reply_count":0,"_bbp_total_topic_count":0,"_bbp_total_reply_count":0,"_bbp_voice_count":0,"_bbp_anonymous_reply_count":0,"_bbp_topic_count_hidden":0,"_bbp_reply_count_hidden":0,"_bbp_forum_subforum_count":0,"footnotes":""},"class_list":["post-27","page","type-page","status-publish","hentry"],"post_mailing_queue_ids":[],"_links":{"self":[{"href":"https:\/\/agora.xtec.cat\/iespauclaris\/wp-json\/wp\/v2\/pages\/27","targetHints":{"allow":["GET"]}}],"collection":[{"href":"https:\/\/agora.xtec.cat\/iespauclaris\/wp-json\/wp\/v2\/pages"}],"about":[{"href":"https:\/\/agora.xtec.cat\/iespauclaris\/wp-json\/wp\/v2\/types\/page"}],"author":[{"embeddable":true,"href":"https:\/\/agora.xtec.cat\/iespauclaris\/wp-json\/wp\/v2\/users\/1"}],"replies":[{"embeddable":true,"href":"https:\/\/agora.xtec.cat\/iespauclaris\/wp-json\/wp\/v2\/comments?post=27"}],"version-history":[{"count":6,"href":"https:\/\/agora.xtec.cat\/iespauclaris\/wp-json\/wp\/v2\/pages\/27\/revisions"}],"predecessor-version":[{"id":1512,"href":"https:\/\/agora.xtec.cat\/iespauclaris\/wp-json\/wp\/v2\/pages\/27\/revisions\/1512"}],"up":[{"embeddable":true,"href":"https:\/\/agora.xtec.cat\/iespauclaris\/wp-json\/wp\/v2\/pages\/19"}],"wp:attachment":[{"href":"https:\/\/agora.xtec.cat\/iespauclaris\/wp-json\/wp\/v2\/media?parent=27"}],"curies":[{"name":"wp","href":"https:\/\/api.w.org\/{rel}","templated":true}]}}