{"id":2255,"date":"2021-10-14T17:37:22","date_gmt":"2021-10-14T15:37:22","guid":{"rendered":"https:\/\/agora.xtec.cat\/iespauclaris\/?page_id=2255"},"modified":"2025-10-10T17:57:03","modified_gmt":"2025-10-10T15:57:03","slug":"erasmus","status":"publish","type":"page","link":"https:\/\/agora.xtec.cat\/iespauclaris\/pro\/erasmus\/","title":{"rendered":"Erasmus+"},"content":{"rendered":"<h1 style=\"text-align: center;\"><a href=\"https:\/\/sites.google.com\/iespauclaris.org\/erasmusplus?usp=sharing\" target=\"_blank\" rel=\"noopener\"><img loading=\"lazy\" decoding=\"async\" class=\"aligncenter wp-image-7211\" src=\"https:\/\/agora.xtec.cat\/iespauclaris\/wp-content\/uploads\/usu835\/2025\/06\/logoWeb.png\" alt=\"\" width=\"274\" height=\"258\" \/><\/a><\/h1>\n<h1 style=\"text-align: center;\"><\/h1>\n<h1 style=\"text-align: center;\"><strong><a href=\"https:\/\/sites.google.com\/iespauclaris.org\/erasmusplus?usp=sharing\" target=\"_blank\" rel=\"noopener\">ENLLA\u00c7 WEB ERASMUS+ CENTRE<\/a><\/strong><\/h1>\n<p class=\"gmail_default\">L&#8217;Institut Pau Claris t\u00e9 la sort de formar part de dos programes\u00a0<a href=\"http:\/\/sepie.es\/educacion-escolar\/index.html\" target=\"_blank\" rel=\"noopener\" data-saferedirecturl=\"https:\/\/www.google.com\/url?q=http:\/\/sepie.es\/educacion-escolar\/index.html&amp;source=gmail&amp;ust=1634620739463000&amp;usg=AFQjCNHKP_sdKn_XerjCPhuytdVOmMZjoQ\">Erasmus+<\/a>\u00a0que ofereixen a la comunitat educativa l&#8217;oportunitat de fer mobilitats d&#8217;aprenentatge amb l&#8217;objectiu d&#8217;ampliar i millorar el desenvolupament educatiu i professional dels participants, a m\u00e9s de possibilitar la col\u00b7laboraci\u00f3 amb els seus hom\u00f2legs d&#8217;altres pa\u00efsos\u00a0d&#8217;Europa. Mitjan\u00e7ant dues associacions estrat\u00e8giques, l&#8217;Institut Pau Claris recolza l&#8217;intercanvi de bones pr\u00e0ctiques i criteris d&#8217;innovaci\u00f3 per abordar reptes comuns, com ara l&#8217;abandonament escolar o el baix nivell de coneixement b\u00e0sic, fomentant els vincles dins l&#8217;\u00e0mbit educatiu i formatiu.<\/p>\n<p class=\"gmail_default\">El programa Erasmus+ 2020-22: <i><a href=\"https:\/\/agora.xtec.cat\/iespauclaris\/wp-content\/uploads\/usu835\/2021\/10\/Proyecto-K122-Institut-Pau-Claris-Viento-en-Popa-hacia-una-Ciudad-Sostenible.pdf\" target=\"_blank\" rel=\"noopener\">Viento en Popa hacia una Ciudad Sostenible<\/a>\u00a0<\/i>ha sigut dissenyat per l&#8217;Institut Pau Claris i aprovat pel <a href=\"http:\/\/sepie.es\/presentacion.html\" target=\"_blank\" rel=\"noopener\" data-saferedirecturl=\"https:\/\/www.google.com\/url?q=http:\/\/sepie.es\/presentacion.html&amp;source=gmail&amp;ust=1634620739463000&amp;usg=AFQjCNGETAkniPNbuRExfykJxgbpxOmQog\">Servei Espanyol per a la Internacionalitzaci\u00f3 de l&#8217;Educaci\u00f3 (SEPIE)<\/a>, organisme encarregat de desenvolupar i gestionar els programes Erasmus+. En aquest programa l&#8217;institut tindr\u00e0 l&#8217;oportunitat de dur a terme un intercanvi de dos anys amb l&#8217;institut p\u00fablic Struensee Gymnasium d&#8217;Hamburg per tal d&#8217;analitzar les infraestructures portu\u00e0ries de Barcelona i de la ciutat alemanya amb l&#8217;objectiu de determinar si aquestes s\u00f3n sostenibles.<\/p>\n<p>Ens han atorgat el programa <strong><a href=\"https:\/\/agora.xtec.cat\/iespauclaris\/pro\/erasmus\/ka-120-2023-2027\/\" target=\"_blank\" rel=\"noopener\">Erasmus + KA 120<\/a> (2022-2027<\/strong>), un projecte de llarga durada (5 anys) que aportar\u00e0 fons econ\u00f2mics suficients per poder aprofundir en les mobilitats de l&#8217;alumnat, estades dels alumnes i formaci\u00f3 del professorat a diversos centres europeus, promovent criteris d&#8217;equitat per donar oportunitats a tot l&#8217;alumnat del centre.\u00a0 Aquest projecte iniciar\u00e0 el seu desenvolupament el curs 2023-24, i ens permetr\u00e0 desenvolupar un conjunt d&#8217;objectius adre\u00e7ats a refor\u00e7ar l&#8217;excel\u00b7l\u00e8ncia educativa del centre i la internacionalitzaci\u00f3 mitjan\u00e7ant l&#8217;aprofundiment de la xarxa educativa europea, permetr\u00e0 donar oportunitats d&#8217;aprenentatge real i aut\u00e8ntic, contextualitzat i rellevant per formar persones per a la vida.<\/p>\n<div><\/div>\n<p>El projecte es desplega en 5 grans objectius: <strong>01<\/strong> <span style=\"font-family: inherit; font-size: 1em;\">Avan\u00e7ar cap a una educaci\u00f3 internacional, de qualitat, inclusiva i diversa a trav\u00e9s del domini de les soft skills (<\/span><a style=\"font-family: inherit; font-size: 1em;\" href=\"https:\/\/drive.google.com\/file\/d\/12-Ov-o1Qjsso5ckZV_U_3Q8g0UZXEkbc\/view?usp=sharing\" target=\"_blank\" rel=\"noopener\" data-saferedirecturl=\"https:\/\/www.google.com\/url?q=https:\/\/drive.google.com\/file\/d\/12-Ov-o1Qjsso5ckZV_U_3Q8g0UZXEkbc\/view?usp%3Dsharing&amp;source=gmail&amp;ust=1676286458113000&amp;usg=AOvVaw3BlRAYi3bjhi2FaH6_MwIR\">LifeComp<\/a><span style=\"font-family: inherit; font-size: 1em;\">). <strong>02 <\/strong><\/span><span style=\"font-family: inherit; font-size: 1em;\">Establir el nostre centre educatiu com a referent del marc\u00a0<\/span><a style=\"font-family: inherit; font-size: 1em;\" href=\"https:\/\/drive.google.com\/file\/d\/1q5LtepQF1L-r2nv2wuBsqkAtAQvqlNl4\/view?usp=sharing\" target=\"_blank\" rel=\"noopener\" data-saferedirecturl=\"https:\/\/www.google.com\/url?q=https:\/\/drive.google.com\/file\/d\/1q5LtepQF1L-r2nv2wuBsqkAtAQvqlNl4\/view?usp%3Dsharing&amp;source=gmail&amp;ust=1676286458113000&amp;usg=AOvVaw0ZnZ52vOJUZieRf-g6vTSj\">DIGCOMPEDU<\/a><span style=\"font-family: inherit; font-size: 1em;\"> a l&#8217;espai Europeu d&#8217;educaci\u00f3 per mitj\u00e0 de l&#8217;aplicaci\u00f3 de l&#8217;Estrat\u00e8gia Digital de Centre. <strong>03 <\/strong><\/span><span style=\"font-family: inherit; font-size: 1em;\">Millorar la compet\u00e8ncia ling\u00fc\u00edstica mitjan\u00e7ant la internacionalitzaci\u00f3 del centre. <strong>04 <\/strong><\/span><span style=\"font-family: inherit; font-size: 1em;\">Consolidar el treball en xarxa a trav\u00e9s de la comunitat professional d&#8217;aprenentatge, l&#8217;observaci\u00f3 entre iguals i la codoc\u00e8ncia entre el professorat. <strong>05 <\/strong><\/span><span style=\"font-family: inherit; font-size: 1em;\">Implementar el marc europeu de compet\u00e8ncies sobre la sostenibilitat per desenvolupar les <\/span><a style=\"font-family: inherit; font-size: 1em;\" href=\"https:\/\/drive.google.com\/file\/d\/1BjkqfTbJKrWfh19GiuXGuG1ogfGE_y77\/view?usp=sharing\" target=\"_blank\" rel=\"noopener\" data-saferedirecturl=\"https:\/\/www.google.com\/url?q=https:\/\/drive.google.com\/file\/d\/1BjkqfTbJKrWfh19GiuXGuG1ogfGE_y77\/view?usp%3Dsharing&amp;source=gmail&amp;ust=1676286458113000&amp;usg=AOvVaw2CiDSb8XuJ_fD5RIQW2gBC\">GreenComp<\/a><span style=\"font-family: inherit; font-size: 1em;\">\u00a0del nostre alumnat.<\/span><\/p>\n<div><\/div>\n<p class=\"gmail_default\">Per altra banda, l&#8217;Institut Pau Claris tamb\u00e9 ha sigut seleccionat per formar part del\u00a0<a href=\"https:\/\/projectes.xtec.cat\/transformacioenxarxa\/consorci-ka120-escolar-erasmus-2021-2027\/\" target=\"_blank\" rel=\"noopener\" data-saferedirecturl=\"https:\/\/www.google.com\/url?q=https:\/\/projectes.xtec.cat\/transformacioenxarxa\/consorci-ka120-escolar-erasmus-2021-2027\/&amp;source=gmail&amp;ust=1634620739463000&amp;usg=AFQjCNF7nY5JFXH8VLVf9MUR4lMT1PBzZA\">Microconsorci de l&#8217;Acceleraci\u00f3 de la Transformaci\u00f3 Educativa (MATE)<\/a>. L&#8217;objectiu del Laboratori de Transformaci\u00f3 Educativa \u00e9s crear una xarxa de col\u00b7laboraci\u00f3 en recerca i en la recollida d&#8217;evid\u00e8ncies de qualitat educativa d&#8217;altres models, fora del territori de l&#8217;\u00e0mbit d&#8217;acci\u00f3 del Departament d&#8217;Educaci\u00f3. Aquest programa permetr\u00e0 als docents de l&#8217;Institut Pau Claris fer mobilitats per establir les sinergies necess\u00e0ries per crear nou coneixement que pugui ser aplicat al centre educatiu. Podeu trobar m\u00e9s informaci\u00f3 a la p\u00e0gina web dedicada al <strong>projecte del <\/strong><a href=\"https:\/\/agora.xtec.cat\/iespauclaris\/pro\/erasmus\/cete\/\" target=\"_blank\" rel=\"noopener\"><strong>CETE+<\/strong><\/a><\/p>\n<p>A continuaci\u00f3 compartim tamb\u00e9 els <a href=\"https:\/\/drive.google.com\/file\/d\/1dWB1gadKf_fBOpegUyxINUfB3c0MuuPr\/view?usp=sharing\" target=\"_blank\" rel=\"noopener\">criteris per a la mobilitat de curta durada\u00a0<\/a> per l&#8217;alumnat de l&#8217;ESO i els <a href=\"https:\/\/drive.google.com\/file\/d\/1eoJ9G0vqv3mnwxJjxRlnSo43_QGJbs5O\/view?usp=sharing\" target=\"_blank\" rel=\"noopener\">criteris per a la mobilitat de llarga durada<\/a> de Batxillerat de l&#8217;Institut Pau Claris.<\/p>\n<p>&nbsp;<\/p>\n<table style=\"border-collapse: collapse; width: 100%;\">\n<tbody>\n<tr>\n<td style=\"width: 399.383px;\"><a href=\"https:\/\/agora.xtec.cat\/iespauclaris\/wp-content\/uploads\/usu835\/2021\/10\/nextgeneu_en-1.jpg\"><img loading=\"lazy\" decoding=\"async\" class=\"alignnone size-medium wp-image-2305\" src=\"https:\/\/agora.xtec.cat\/iespauclaris\/wp-content\/uploads\/usu835\/2021\/10\/nextgeneu_en-1-300x90.jpg\" alt=\"\" width=\"300\" height=\"90\" srcset=\"https:\/\/agora.xtec.cat\/iespauclaris\/wp-content\/uploads\/usu835\/2021\/10\/nextgeneu_en-1-300x90.jpg 300w, https:\/\/agora.xtec.cat\/iespauclaris\/wp-content\/uploads\/usu835\/2021\/10\/nextgeneu_en-1-1024x306.jpg 1024w, https:\/\/agora.xtec.cat\/iespauclaris\/wp-content\/uploads\/usu835\/2021\/10\/nextgeneu_en-1-768x230.jpg 768w, https:\/\/agora.xtec.cat\/iespauclaris\/wp-content\/uploads\/usu835\/2021\/10\/nextgeneu_en-1.jpg 1100w\" sizes=\"auto, (max-width: 300px) 100vw, 300px\" \/><\/a><\/td>\n<td style=\"width: 349.4px;\"><a href=\"https:\/\/agora.xtec.cat\/iespauclaris\/wp-content\/uploads\/usu835\/2023\/11\/erasmus.png\"><img loading=\"lazy\" decoding=\"async\" class=\"size-medium wp-image-4874 alignleft\" src=\"https:\/\/agora.xtec.cat\/iespauclaris\/wp-content\/uploads\/usu835\/2023\/11\/erasmus-300x86.png\" alt=\"\" width=\"300\" height=\"86\" srcset=\"https:\/\/agora.xtec.cat\/iespauclaris\/wp-content\/uploads\/usu835\/2023\/11\/erasmus-300x86.png 300w, https:\/\/agora.xtec.cat\/iespauclaris\/wp-content\/uploads\/usu835\/2023\/11\/erasmus.png 420w\" sizes=\"auto, (max-width: 300px) 100vw, 300px\" \/><\/a><\/td>\n<td style=\"width: 629.217px;\"><a href=\"https:\/\/agora.xtec.cat\/iespauclaris\/wp-content\/uploads\/usu835\/2023\/11\/sepie-1.png\"><img loading=\"lazy\" decoding=\"async\" class=\"size-full wp-image-4877 alignleft\" src=\"https:\/\/agora.xtec.cat\/iespauclaris\/wp-content\/uploads\/usu835\/2023\/11\/sepie-1.png\" alt=\"\" width=\"507\" height=\"99\" srcset=\"https:\/\/agora.xtec.cat\/iespauclaris\/wp-content\/uploads\/usu835\/2023\/11\/sepie-1.png 507w, https:\/\/agora.xtec.cat\/iespauclaris\/wp-content\/uploads\/usu835\/2023\/11\/sepie-1-300x59.png 300w\" sizes=\"auto, (max-width: 507px) 100vw, 507px\" \/><\/a><\/td>\n<\/tr>\n<\/tbody>\n<\/table>\n<p>&nbsp;<\/p>\n<p>&nbsp;<\/p>\n","protected":false},"excerpt":{"rendered":"<p><a href=\"https:\/\/sites.google.com\/iespauclaris.org\/erasmusplus?usp=sharing\" target=\"_blank\" rel=\"noopener\"><\/a><\/p>\n<p><a href=\"https:\/\/sites.google.com\/iespauclaris.org\/erasmusplus?usp=sharing\" target=\"_blank\" rel=\"noopener\">ENLLA\u00c7 WEB ERASMUS+ CENTRE<\/a><br \/>\nL&#8217;Institut Pau Claris t\u00e9 la sort de formar part de dos programes\u00a0<a href=\"http:\/\/sepie.es\/educacion-escolar\/index.html\" target=\"_blank\" rel=\"noopener\" data-saferedirecturl=\"https:\/\/www.google.com\/url?q=http:\/\/sepie.es\/educacion-escolar\/index.html&amp;source=gmail&amp;ust=1634620739463000&amp;usg=AFQjCNHKP_sdKn_XerjCPhuytdVOmMZjoQ\">Erasmus+<\/a>\u00a0que ofereixen a la comunitat educativa l&#8217;oportunitat de fer mobilitats d&#8217;aprenentatge amb l&#8217;objectiu d&#8217;ampliar i millorar el desenvolupament educatiu i professional&hellip;  <a href=\"https:\/\/agora.xtec.cat\/iespauclaris\/pro\/erasmus\/\" title=\"Read Erasmus+\">Llegeix m\u00e9s\u00bb<\/a><\/p>\n","protected":false},"author":1,"featured_media":0,"parent":621,"menu_order":55,"comment_status":"closed","ping_status":"closed","template":"page-templates\/side-menu.php","meta":{"_bbp_topic_count":0,"_bbp_reply_count":0,"_bbp_total_topic_count":0,"_bbp_total_reply_count":0,"_bbp_voice_count":0,"_bbp_anonymous_reply_count":0,"_bbp_topic_count_hidden":0,"_bbp_reply_count_hidden":0,"_bbp_forum_subforum_count":0,"footnotes":""},"class_list":["post-2255","page","type-page","status-publish","hentry"],"post_mailing_queue_ids":[],"_links":{"self":[{"href":"https:\/\/agora.xtec.cat\/iespauclaris\/wp-json\/wp\/v2\/pages\/2255","targetHints":{"allow":["GET"]}}],"collection":[{"href":"https:\/\/agora.xtec.cat\/iespauclaris\/wp-json\/wp\/v2\/pages"}],"about":[{"href":"https:\/\/agora.xtec.cat\/iespauclaris\/wp-json\/wp\/v2\/types\/page"}],"author":[{"embeddable":true,"href":"https:\/\/agora.xtec.cat\/iespauclaris\/wp-json\/wp\/v2\/users\/1"}],"replies":[{"embeddable":true,"href":"https:\/\/agora.xtec.cat\/iespauclaris\/wp-json\/wp\/v2\/comments?post=2255"}],"version-history":[{"count":6,"href":"https:\/\/agora.xtec.cat\/iespauclaris\/wp-json\/wp\/v2\/pages\/2255\/revisions"}],"predecessor-version":[{"id":7478,"href":"https:\/\/agora.xtec.cat\/iespauclaris\/wp-json\/wp\/v2\/pages\/2255\/revisions\/7478"}],"up":[{"embeddable":true,"href":"https:\/\/agora.xtec.cat\/iespauclaris\/wp-json\/wp\/v2\/pages\/621"}],"wp:attachment":[{"href":"https:\/\/agora.xtec.cat\/iespauclaris\/wp-json\/wp\/v2\/media?parent=2255"}],"curies":[{"name":"wp","href":"https:\/\/api.w.org\/{rel}","templated":true}]}}