{"id":1379,"date":"2021-01-25T19:18:11","date_gmt":"2021-01-25T18:18:11","guid":{"rendered":"http:\/\/agora.xtec.cat\/iespauclaris\/?page_id=1379"},"modified":"2021-02-06T19:02:10","modified_gmt":"2021-02-06T18:02:10","slug":"horitzons-upf","status":"publish","type":"page","link":"https:\/\/agora.xtec.cat\/iespauclaris\/ins\/aliances\/horitzons-upf\/","title":{"rendered":"Projecte Horitzons UPF"},"content":{"rendered":"<p><span style=\"font-weight: 400;\">La Universitat Pompeu Fabra col\u00b7labora en l\u2019orientaci\u00f3 acad\u00e8mica dels alumnes de batxillerat amb el <\/span><a href=\"https:\/\/www.upf.edu\/web\/upfsolidaria\/projecte-horitzons-upf\"><span style=\"font-weight: 400;\">Projecte Horitzons,<\/span><\/a><span style=\"font-weight: 400;\">\u00a0un projecte de mentoria en qu\u00e8 estudiants universitaris, pr\u00e8viament formats, transfereixen la seva experi\u00e8ncia sobre qu\u00e8 suposa estudiar a la universitat als nostres alumnes, per qui esdevenen referents propers amb qui establir un di\u00e0leg orientador, tot treballant compet\u00e8ncies d\u2019aprendre a aprendre.<\/span><\/p>\n<p><a href=\"https:\/\/agora.xtec.cat\/iespauclaris\/wp-content\/uploads\/usu835\/2021\/01\/UPFabra.png\"><img loading=\"lazy\" decoding=\"async\" class=\"alignnone size-thumbnail wp-image-1386\" src=\"https:\/\/agora.xtec.cat\/iespauclaris\/wp-content\/uploads\/usu835\/2021\/01\/UPFabra-150x150.png\" alt=\"\" width=\"150\" height=\"150\" srcset=\"https:\/\/agora.xtec.cat\/iespauclaris\/wp-content\/uploads\/usu835\/2021\/01\/UPFabra-150x150.png 150w, https:\/\/agora.xtec.cat\/iespauclaris\/wp-content\/uploads\/usu835\/2021\/01\/UPFabra-300x300.png 300w, https:\/\/agora.xtec.cat\/iespauclaris\/wp-content\/uploads\/usu835\/2021\/01\/UPFabra.png 387w\" sizes=\"auto, (max-width: 150px) 100vw, 150px\" \/><\/a><\/p>\n","protected":false},"excerpt":{"rendered":"<p>La Universitat Pompeu Fabra col\u00b7labora en l\u2019orientaci\u00f3 acad\u00e8mica dels alumnes de batxillerat amb el <a href=\"https:\/\/www.upf.edu\/web\/upfsolidaria\/projecte-horitzons-upf\">Projecte Horitzons,<\/a>\u00a0un projecte de mentoria en qu\u00e8 estudiants universitaris, pr\u00e8viament formats, transfereixen la seva experi\u00e8ncia sobre qu\u00e8 suposa estudiar a la universitat als nostres alumnes, per qui esdevenen referents propers&hellip;  <a href=\"https:\/\/agora.xtec.cat\/iespauclaris\/ins\/aliances\/horitzons-upf\/\" title=\"Read Projecte Horitzons UPF\">Llegeix m\u00e9s\u00bb<\/a><\/p>\n","protected":false},"author":1,"featured_media":0,"parent":1250,"menu_order":8,"comment_status":"closed","ping_status":"closed","template":"page-templates\/side-menu.php","meta":{"_bbp_topic_count":0,"_bbp_reply_count":0,"_bbp_total_topic_count":0,"_bbp_total_reply_count":0,"_bbp_voice_count":0,"_bbp_anonymous_reply_count":0,"_bbp_topic_count_hidden":0,"_bbp_reply_count_hidden":0,"_bbp_forum_subforum_count":0,"footnotes":""},"class_list":["post-1379","page","type-page","status-publish","hentry"],"post_mailing_queue_ids":[],"_links":{"self":[{"href":"https:\/\/agora.xtec.cat\/iespauclaris\/wp-json\/wp\/v2\/pages\/1379","targetHints":{"allow":["GET"]}}],"collection":[{"href":"https:\/\/agora.xtec.cat\/iespauclaris\/wp-json\/wp\/v2\/pages"}],"about":[{"href":"https:\/\/agora.xtec.cat\/iespauclaris\/wp-json\/wp\/v2\/types\/page"}],"author":[{"embeddable":true,"href":"https:\/\/agora.xtec.cat\/iespauclaris\/wp-json\/wp\/v2\/users\/1"}],"replies":[{"embeddable":true,"href":"https:\/\/agora.xtec.cat\/iespauclaris\/wp-json\/wp\/v2\/comments?post=1379"}],"version-history":[{"count":3,"href":"https:\/\/agora.xtec.cat\/iespauclaris\/wp-json\/wp\/v2\/pages\/1379\/revisions"}],"predecessor-version":[{"id":1536,"href":"https:\/\/agora.xtec.cat\/iespauclaris\/wp-json\/wp\/v2\/pages\/1379\/revisions\/1536"}],"up":[{"embeddable":true,"href":"https:\/\/agora.xtec.cat\/iespauclaris\/wp-json\/wp\/v2\/pages\/1250"}],"wp:attachment":[{"href":"https:\/\/agora.xtec.cat\/iespauclaris\/wp-json\/wp\/v2\/media?parent=1379"}],"curies":[{"name":"wp","href":"https:\/\/api.w.org\/{rel}","templated":true}]}}