{"id":1264,"date":"2021-01-23T12:11:25","date_gmt":"2021-01-23T11:11:25","guid":{"rendered":"http:\/\/agora.xtec.cat\/iespauclaris\/?page_id=1264"},"modified":"2023-06-28T12:17:26","modified_gmt":"2023-06-28T10:17:26","slug":"mussol","status":"publish","type":"page","link":"https:\/\/agora.xtec.cat\/iespauclaris\/pro\/mussol\/","title":{"rendered":"Mussol"},"content":{"rendered":"<p class=\"p1\">El projecte MUSSOL de 4t d\u2019ESO engloba compet\u00e8ncies dels <strong>\u00e0mbits social, lingu\u0308\u00edstic i art\u00edstic<\/strong>, aix\u00ed com les dels \u00e0mbits transversals (digital, personal i social i cultura i valors).<\/p>\n<p class=\"p1\">El primer trimestre, l\u2019alumnat es posa en la pell dels artistes i arquitectes de finals del segle XIX, i es presenta a un concurs art\u00edstic amb propostes de monuments per a l\u2019any de la inauguraci\u00f3 de l\u2019Arc de Triomf i l\u2019Exposici\u00f3 Universal (<em>L\u2019espai p\u00fablic \u00e9s nostre? 1888. Repensem-lo<\/em>).<\/p>\n<p class=\"p1\">La creativitat \u00e9s un dels components principals del projecte, per a l\u2019assoliment dels objectius i per a la inclusivitat de tot l\u2019alumnat. A partir d\u2019aquest repte, els alumnes s\u2019endinsen en el segle XIX, aprenen el context hist\u00f2ric i cultural, i els usos i la monumentalitzaci\u00f3 de l\u2019espai p\u00fablic.<\/p>\n<p class=\"p1\">El segon trimestre, explorem l\u2019exili i la postguerra en primera persona (<em>La literatura de l\u2019exili<\/em>). A trav\u00e9s d&#8217;obres liter\u00e0ries i pel\u00b7l\u00edcules, els nois i les noies han d\u2019entendre i empatitzar amb aquesta \u00e8poca fosca i complexa, investigar, fer-se preguntes rellevants i posar-les en dansa amb entrevistes a testimonis reals.<\/p>\n<p>Dins d&#8217;aquest mateix projecte, l&#8217;alumnat va crear un conjunt d&#8217;entrevistes per recollir la veu de testimonis que vulguessin relatar-nos en primera persona com van viure la dictadura franquista,\u00a0 <a href=\"https:\/\/agora.xtec.cat\/iespauclaris\/pro\/mussol\/projecte-no-podem-oblidar-ho\/\" target=\"_blank\" rel=\"noopener\">aquesta p\u00e0gina <\/a>podeu veure els resultats del curs 2020-2021.<\/p>\n<p>La <strong>codoc\u00e8ncia<\/strong> a l&#8217;aula ens permet treballar des dels diferents \u00e0mbits de manera integrada i acompanyar i atendre la diversitat de l&#8217;alumnat.<\/p>\n","protected":false},"excerpt":{"rendered":"<p>El projecte MUSSOL de 4t d\u2019ESO engloba compet\u00e8ncies dels \u00e0mbits social, lingu\u0308\u00edstic i art\u00edstic, aix\u00ed com les dels \u00e0mbits transversals (digital, personal i social i cultura i valors).<br \/>\nEl primer trimestre, l\u2019alumnat es posa en la pell dels artistes i arquitectes de finals del segle XIX,&hellip;  <a href=\"https:\/\/agora.xtec.cat\/iespauclaris\/pro\/mussol\/\" title=\"Read Mussol\">Llegeix m\u00e9s\u00bb<\/a><\/p>\n","protected":false},"author":1,"featured_media":0,"parent":621,"menu_order":60,"comment_status":"closed","ping_status":"closed","template":"page-templates\/side-menu.php","meta":{"_bbp_topic_count":0,"_bbp_reply_count":0,"_bbp_total_topic_count":0,"_bbp_total_reply_count":0,"_bbp_voice_count":0,"_bbp_anonymous_reply_count":0,"_bbp_topic_count_hidden":0,"_bbp_reply_count_hidden":0,"_bbp_forum_subforum_count":0,"footnotes":""},"class_list":["post-1264","page","type-page","status-publish","hentry"],"post_mailing_queue_ids":[],"_links":{"self":[{"href":"https:\/\/agora.xtec.cat\/iespauclaris\/wp-json\/wp\/v2\/pages\/1264","targetHints":{"allow":["GET"]}}],"collection":[{"href":"https:\/\/agora.xtec.cat\/iespauclaris\/wp-json\/wp\/v2\/pages"}],"about":[{"href":"https:\/\/agora.xtec.cat\/iespauclaris\/wp-json\/wp\/v2\/types\/page"}],"author":[{"embeddable":true,"href":"https:\/\/agora.xtec.cat\/iespauclaris\/wp-json\/wp\/v2\/users\/1"}],"replies":[{"embeddable":true,"href":"https:\/\/agora.xtec.cat\/iespauclaris\/wp-json\/wp\/v2\/comments?post=1264"}],"version-history":[{"count":3,"href":"https:\/\/agora.xtec.cat\/iespauclaris\/wp-json\/wp\/v2\/pages\/1264\/revisions"}],"predecessor-version":[{"id":4521,"href":"https:\/\/agora.xtec.cat\/iespauclaris\/wp-json\/wp\/v2\/pages\/1264\/revisions\/4521"}],"up":[{"embeddable":true,"href":"https:\/\/agora.xtec.cat\/iespauclaris\/wp-json\/wp\/v2\/pages\/621"}],"wp:attachment":[{"href":"https:\/\/agora.xtec.cat\/iespauclaris\/wp-json\/wp\/v2\/media?parent=1264"}],"curies":[{"name":"wp","href":"https:\/\/api.w.org\/{rel}","templated":true}]}}