{"id":1253,"date":"2021-01-23T12:06:15","date_gmt":"2021-01-23T11:06:15","guid":{"rendered":"http:\/\/agora.xtec.cat\/iespauclaris\/?page_id=1253"},"modified":"2023-06-28T21:16:19","modified_gmt":"2023-06-28T19:16:19","slug":"fup-1r","status":"publish","type":"page","link":"https:\/\/agora.xtec.cat\/iespauclaris\/pro\/fup-1r\/","title":{"rendered":"FUP 1r ESO"},"content":{"rendered":"<p>A FUP (Fem un Projecte) de 1r d\u2019ESO fem projectes transversals que tenen com a principals objectius treballar les <strong>eines digitals<\/strong>, les estrat\u00e8gies de l\u2019aprenentatge del <strong>treball cooperatiu<\/strong> i la <strong>cohesi\u00f3 del grup<\/strong>.<\/p>\n<p>En aquest primer curs els projectes que estem treballant\u00a0s\u00f3n: l\u2019autoconeixement (<em>L\u2019aventura de descobrir com ets<\/em>), propostes d\u2019enriquiment del zoo (<em>Enriquim el nostre zoo<\/em>) i art\u00edstic (participaci\u00f3 en la mostra internacional <a href=\"https:\/\/artssantamonica.gencat.cat\/ca\/detall\/Kronos-Art-BCN\" target=\"_blank\" rel=\"noopener\"><em>Kronos<\/em><\/a>).<\/p>\n<p>L\u2019alumnat t\u00e9 un rol que ha de desenvolupar per a aprendre a treballar de forma cooperativa. La tem\u00e0tica dels projectes \u00e9s l\u2019excusa per a treballar els objectius principals: fomentem l\u2019autoconeixement, l\u2019autoestima i l\u2019aprenentatge al llarg de la vida.<\/p>\n<p>En l\u2019\u00e0mbit organitzatiu, treballem en dos nivells. Per una banda, ajuntem l\u2019alumnat dels dos grups-classe, a les aules 2&#215;1, organitzats en grups de 4 o 5 integrants d\u2019acord amb el seu rol, i, per una altra banda, el professorat de diferents \u00e0rees fa <strong>codoc\u00e8ncia<\/strong> i incorpora la\u00a0transversalitat dels continguts en la consecuci\u00f3 d\u2019un\u00a0repte.<\/p>\n","protected":false},"excerpt":{"rendered":"<p>A FUP (Fem un Projecte) de 1r d\u2019ESO fem projectes transversals que tenen com a principals objectius treballar les eines digitals, les estrat\u00e8gies de l\u2019aprenentatge del treball cooperatiu i la cohesi\u00f3 del grup.<br \/>\nEn aquest primer curs els projectes que estem treballant\u00a0s\u00f3n: l\u2019autoconeixement (L\u2019aventura de descobrir&hellip;  <a href=\"https:\/\/agora.xtec.cat\/iespauclaris\/pro\/fup-1r\/\" title=\"Read FUP 1r ESO\">Llegeix m\u00e9s\u00bb<\/a><\/p>\n","protected":false},"author":1,"featured_media":0,"parent":621,"menu_order":10,"comment_status":"closed","ping_status":"closed","template":"page-templates\/side-menu.php","meta":{"_bbp_topic_count":0,"_bbp_reply_count":0,"_bbp_total_topic_count":0,"_bbp_total_reply_count":0,"_bbp_voice_count":0,"_bbp_anonymous_reply_count":0,"_bbp_topic_count_hidden":0,"_bbp_reply_count_hidden":0,"_bbp_forum_subforum_count":0,"footnotes":""},"class_list":["post-1253","page","type-page","status-publish","hentry"],"post_mailing_queue_ids":[],"_links":{"self":[{"href":"https:\/\/agora.xtec.cat\/iespauclaris\/wp-json\/wp\/v2\/pages\/1253","targetHints":{"allow":["GET"]}}],"collection":[{"href":"https:\/\/agora.xtec.cat\/iespauclaris\/wp-json\/wp\/v2\/pages"}],"about":[{"href":"https:\/\/agora.xtec.cat\/iespauclaris\/wp-json\/wp\/v2\/types\/page"}],"author":[{"embeddable":true,"href":"https:\/\/agora.xtec.cat\/iespauclaris\/wp-json\/wp\/v2\/users\/1"}],"replies":[{"embeddable":true,"href":"https:\/\/agora.xtec.cat\/iespauclaris\/wp-json\/wp\/v2\/comments?post=1253"}],"version-history":[{"count":4,"href":"https:\/\/agora.xtec.cat\/iespauclaris\/wp-json\/wp\/v2\/pages\/1253\/revisions"}],"predecessor-version":[{"id":4542,"href":"https:\/\/agora.xtec.cat\/iespauclaris\/wp-json\/wp\/v2\/pages\/1253\/revisions\/4542"}],"up":[{"embeddable":true,"href":"https:\/\/agora.xtec.cat\/iespauclaris\/wp-json\/wp\/v2\/pages\/621"}],"wp:attachment":[{"href":"https:\/\/agora.xtec.cat\/iespauclaris\/wp-json\/wp\/v2\/media?parent=1253"}],"curies":[{"name":"wp","href":"https:\/\/api.w.org\/{rel}","templated":true}]}}