{"id":1154,"date":"2021-01-10T17:34:03","date_gmt":"2021-01-10T16:34:03","guid":{"rendered":"http:\/\/agora.xtec.cat\/iespauclaris\/?page_id=1154"},"modified":"2023-06-28T12:35:13","modified_gmt":"2023-06-28T10:35:13","slug":"xarxa","status":"publish","type":"page","link":"https:\/\/agora.xtec.cat\/iespauclaris\/essencials\/xarxa\/","title":{"rendered":"Treball en xarxa"},"content":{"rendered":"<p><span style=\"font-weight: 400;\">L\u2019alian\u00e7a amb entitats i organitzacions de l\u2019entorn \u00e9s una estrat\u00e8gia clau per donar resposta comunit\u00e0ria al repte d\u2019educar els nostres joves, els adults del futur.\u00a0<\/span><span style=\"font-weight: 400;\">El Projecte Educatiu del Pau Claris s\u2019articula en una xarxa de relacions amb altres entitats sota una mirada <strong>global<\/strong> i <strong>integral<\/strong> del proc\u00e9s d\u2019aprenentatge personal de l\u2019alumnat.\u00a0<\/span><\/p>\n<p><span style=\"font-weight: 400;\">El treball en xarxa possibilita a l\u2019alumne el coneixement de l&#8217;entorn immediat i del m\u00f3n, <strong>participar-hi<\/strong> i <strong>incidir-hi<\/strong>.\u00a0<\/span><span style=\"font-weight: 400;\">La participaci\u00f3 a l&#8217;aula, al centre i a l\u2019entorn potencia l\u2019exercici de la <strong>ciutadania global<\/strong> i l\u2019aprenentatge aut\u00e8ntic dels alumnes.<\/span><\/p>\n<p><span style=\"font-weight: 400;\">Mitjan\u00e7ant les propostes globalitzades, els projectes d\u2019aula, els t\u00f2pics, les comissions, el projecte musical, el programa MUS-E, el servei comunitari, els programes de ci\u00e8ncia ciutadana i les propostes de recerca per a la ciutadania global, les aliances amb diferents agents del territori possibiliten el desenvolupament de la <strong>ciutadania cr\u00edtica<\/strong>, la <strong>participaci\u00f3 social<\/strong> i la <strong>consci\u00e8ncia<\/strong> d\u2019un mateix i de la pr\u00f2pia vida.<\/span><\/p>\n<p><center><br \/>\n<iframe loading=\"lazy\" src=\"https:\/\/www.youtube.com\/embed\/V1kCZW5Clho\" width=\"560\" height=\"315\" frameborder=\"0\"><\/iframe><\/center><\/p>\n","protected":false},"excerpt":{"rendered":"<p>L\u2019alian\u00e7a amb entitats i organitzacions de l\u2019entorn \u00e9s una estrat\u00e8gia clau per donar resposta comunit\u00e0ria al repte d\u2019educar els nostres joves, els adults del futur.\u00a0El Projecte Educatiu del Pau Claris s\u2019articula en una xarxa de relacions amb altres entitats sota una mirada global i integral&hellip;  <a href=\"https:\/\/agora.xtec.cat\/iespauclaris\/essencials\/xarxa\/\" title=\"Read Treball en xarxa\">Llegeix m\u00e9s\u00bb<\/a><\/p>\n","protected":false},"author":1,"featured_media":0,"parent":1134,"menu_order":5,"comment_status":"closed","ping_status":"closed","template":"page-templates\/side-menu.php","meta":{"_bbp_topic_count":0,"_bbp_reply_count":0,"_bbp_total_topic_count":0,"_bbp_total_reply_count":0,"_bbp_voice_count":0,"_bbp_anonymous_reply_count":0,"_bbp_topic_count_hidden":0,"_bbp_reply_count_hidden":0,"_bbp_forum_subforum_count":0,"footnotes":""},"class_list":["post-1154","page","type-page","status-publish","hentry"],"post_mailing_queue_ids":[],"_links":{"self":[{"href":"https:\/\/agora.xtec.cat\/iespauclaris\/wp-json\/wp\/v2\/pages\/1154","targetHints":{"allow":["GET"]}}],"collection":[{"href":"https:\/\/agora.xtec.cat\/iespauclaris\/wp-json\/wp\/v2\/pages"}],"about":[{"href":"https:\/\/agora.xtec.cat\/iespauclaris\/wp-json\/wp\/v2\/types\/page"}],"author":[{"embeddable":true,"href":"https:\/\/agora.xtec.cat\/iespauclaris\/wp-json\/wp\/v2\/users\/1"}],"replies":[{"embeddable":true,"href":"https:\/\/agora.xtec.cat\/iespauclaris\/wp-json\/wp\/v2\/comments?post=1154"}],"version-history":[{"count":4,"href":"https:\/\/agora.xtec.cat\/iespauclaris\/wp-json\/wp\/v2\/pages\/1154\/revisions"}],"predecessor-version":[{"id":4526,"href":"https:\/\/agora.xtec.cat\/iespauclaris\/wp-json\/wp\/v2\/pages\/1154\/revisions\/4526"}],"up":[{"embeddable":true,"href":"https:\/\/agora.xtec.cat\/iespauclaris\/wp-json\/wp\/v2\/pages\/1134"}],"wp:attachment":[{"href":"https:\/\/agora.xtec.cat\/iespauclaris\/wp-json\/wp\/v2\/media?parent=1154"}],"curies":[{"name":"wp","href":"https:\/\/api.w.org\/{rel}","templated":true}]}}