{"id":4021,"date":"2024-01-25T10:56:27","date_gmt":"2024-01-25T09:56:27","guid":{"rendered":"https:\/\/agora.xtec.cat\/iespaucasals-badalona\/?page_id=4021"},"modified":"2024-02-02T12:27:32","modified_gmt":"2024-02-02T11:27:32","slug":"departaments","status":"publish","type":"page","link":"https:\/\/agora.xtec.cat\/iespaucasals-badalona\/linstitut\/organigrama\/departaments\/","title":{"rendered":"Departaments"},"content":{"rendered":"<p style=\"text-align: justify;\">El professorat est\u00e0 agrupat en departaments segons les diferents mat\u00e8ries. Sota la responsabilitat del cap de departament, cada departament organitza i coordina les mat\u00e8ries que li corresponen.<\/p>\n<p style=\"text-align: justify;\">El Pau Casals est\u00e0 estructurat amb els seg\u00fcents caps de departament:<\/p>\n<h4><\/h4>\n<table style=\"width: 72.3187%; height: 585px;\">\n<tbody>\n<tr style=\"height: 32px;\">\n<td style=\"width: 39.7502%; height: 32px;\"><span style=\"font-weight: 400;\">Angl\u00e8s<\/span><\/td>\n<td style=\"width: 59.0109%; text-align: center; height: 32px;\"><span style=\"font-weight: 400;\">Toni Torres<\/span><\/td>\n<\/tr>\n<tr style=\"height: 32px;\">\n<td style=\"width: 39.7502%; height: 32px;\"><span style=\"font-weight: 400;\">Biologia<\/span><\/td>\n<td style=\"width: 59.0109%; text-align: center; height: 32px;\"><span style=\"font-weight: 400;\">Josefa Garc\u00eda<\/span><\/td>\n<\/tr>\n<tr style=\"height: 32px;\">\n<td style=\"width: 39.7502%; height: 32px;\"><span style=\"font-weight: 400;\">Llengua Castellana<\/span><\/td>\n<td style=\"width: 59.0109%; text-align: center; height: 32px;\"><span style=\"font-weight: 400;\">Carmen Belzunce<\/span><\/td>\n<\/tr>\n<tr style=\"height: 32px;\">\n<td style=\"width: 39.7502%; height: 32px;\"><span style=\"font-weight: 400;\">Catal\u00e0<\/span><\/td>\n<td style=\"width: 59.0109%; text-align: center; height: 32px;\"><span style=\"font-weight: 400;\">Gerard Guerra<\/span><\/td>\n<\/tr>\n<tr style=\"height: 32px;\">\n<td style=\"width: 39.7502%; height: 32px;\"><span style=\"font-weight: 400;\">Cl\u00e0ssiques<\/span><\/td>\n<td style=\"width: 59.0109%; text-align: center; height: 32px;\"><span style=\"font-weight: 400;\">Sergi Estorch<\/span><\/td>\n<\/tr>\n<tr style=\"height: 32px;\">\n<td style=\"width: 39.7502%; height: 32px;\"><span style=\"font-weight: 400;\">Economia<\/span><\/td>\n<td style=\"width: 59.0109%; text-align: center; height: 32px;\"><span style=\"font-weight: 400;\">Ximo Richart<\/span><\/td>\n<\/tr>\n<tr style=\"height: 32px;\">\n<td style=\"width: 39.7502%; height: 32px;\">Educaci\u00f3 F\u00edsica<\/td>\n<td style=\"width: 59.0109%; text-align: center; height: 32px;\">Llu\u00eds R\u00f3denas<\/td>\n<\/tr>\n<tr style=\"height: 32px;\">\n<td style=\"width: 39.7502%; height: 32px;\"><span style=\"font-weight: 400;\">F\u00edsica i Qu\u00edmica<\/span><\/td>\n<td style=\"width: 59.0109%; text-align: center; height: 32px;\"><span style=\"font-weight: 400;\">In\u00e9s Ramos<\/span><\/td>\n<\/tr>\n<tr style=\"height: 32px;\">\n<td style=\"width: 39.7502%; height: 32px;\"><span style=\"font-weight: 400;\">Filosofia<\/span><\/td>\n<td style=\"width: 59.0109%; text-align: center; height: 32px;\"><span style=\"font-weight: 400;\">Rafael Campos<\/span><\/td>\n<\/tr>\n<tr style=\"height: 32px;\">\n<td style=\"width: 39.7502%; height: 32px;\"><span style=\"font-weight: 400;\">Franc\u00e8s<\/span><\/td>\n<td style=\"width: 59.0109%; text-align: center; height: 32px;\"><span style=\"font-weight: 400;\">Marie Christine Angueira<\/span><\/td>\n<\/tr>\n<tr style=\"height: 32px;\">\n<td style=\"width: 39.7502%; height: 32px;\"><span style=\"font-weight: 400;\">Matem\u00e0tiques<\/span><\/td>\n<td style=\"width: 59.0109%; text-align: center; height: 32px;\"><span style=\"font-weight: 400;\">Maria Blanco<\/span><\/td>\n<\/tr>\n<tr style=\"height: 32px;\">\n<td style=\"width: 39.7502%; height: 32px;\"><span style=\"font-weight: 400;\">M\u00fasica<\/span><\/td>\n<td style=\"width: 59.0109%; text-align: center; height: 32px;\"><span style=\"font-weight: 400;\">Almudena Mart\u00ednez<\/span><\/td>\n<\/tr>\n<tr style=\"height: 32px;\">\n<td style=\"width: 39.7502%; height: 32px;\">Orientaci\u00f3<\/td>\n<td style=\"width: 59.0109%; text-align: center; height: 32px;\">Jana Alonso<\/td>\n<\/tr>\n<tr style=\"height: 32px;\">\n<td style=\"width: 39.7502%; height: 32px;\"><span style=\"font-weight: 400;\">SIEI<\/span><\/td>\n<td style=\"width: 59.0109%; text-align: center; height: 32px;\"><span style=\"font-weight: 400;\">Sandra Mu\u00f1oz<\/span><\/td>\n<\/tr>\n<tr style=\"height: 32px;\">\n<td style=\"width: 39.7502%; height: 32px;\"><span style=\"font-weight: 400;\">Socials<\/span><\/td>\n<td style=\"width: 59.0109%; text-align: center; height: 32px;\"><span style=\"font-weight: 400;\">Ximo Richart<\/span><\/td>\n<\/tr>\n<tr style=\"height: 32px;\">\n<td style=\"width: 39.7502%; height: 32px;\">Tecnologia<\/td>\n<td style=\"width: 59.0109%; text-align: center; height: 32px;\">Jos\u00e9 Luis Sastre<\/td>\n<\/tr>\n<tr style=\"height: 33px;\">\n<td style=\"width: 39.7502%; height: 33px;\">Visual i P\u00e0stica<\/td>\n<td style=\"width: 59.0109%; text-align: center; height: 33px;\">Manuela P\u00e9rez<\/td>\n<\/tr>\n<\/tbody>\n<\/table>\n<p>&nbsp;<\/p>\n","protected":false},"excerpt":{"rendered":"<p>El professorat est\u00e0 agrupat en departaments segons les diferents mat\u00e8ries. Sota la responsabilitat del cap de departament, cada departament organitza i coordina les mat\u00e8ries que li corresponen.<br \/>\nEl Pau Casals est\u00e0 estructurat amb els seg\u00fcents caps de departament:<\/p>\n<p>Angl\u00e8s<br \/>\nToni Torres<\/p>\n<p>Biologia<br \/>\nJosefa Garc\u00eda<\/p>\n<p>Llengua Castellana<br \/>\nCarmen Belzunce<\/p>\n<p>Catal\u00e0<br \/>\nGerard Guerra<\/p>\n<p>Cl\u00e0ssiques<br \/>\nSergi Estorch<\/p>\n<p>Economia<br \/>\nXimo Richart<\/p>\n<p>Educaci\u00f3 F\u00edsica<br \/>\nLlu\u00eds&hellip;  <a href=\"https:\/\/agora.xtec.cat\/iespaucasals-badalona\/linstitut\/organigrama\/departaments\/\" title=\"Read Departaments\">Llegeix m\u00e9s\u00bb<\/a><\/p>\n","protected":false},"author":1,"featured_media":0,"parent":46,"menu_order":0,"comment_status":"closed","ping_status":"closed","template":"page-templates\/side-menu.php","meta":{"_bbp_topic_count":0,"_bbp_reply_count":0,"_bbp_total_topic_count":0,"_bbp_total_reply_count":0,"_bbp_voice_count":0,"_bbp_anonymous_reply_count":0,"_bbp_topic_count_hidden":0,"_bbp_reply_count_hidden":0,"_bbp_forum_subforum_count":0,"footnotes":""},"class_list":["post-4021","page","type-page","status-publish","hentry"],"post_mailing_queue_ids":[],"_links":{"self":[{"href":"https:\/\/agora.xtec.cat\/iespaucasals-badalona\/wp-json\/wp\/v2\/pages\/4021","targetHints":{"allow":["GET"]}}],"collection":[{"href":"https:\/\/agora.xtec.cat\/iespaucasals-badalona\/wp-json\/wp\/v2\/pages"}],"about":[{"href":"https:\/\/agora.xtec.cat\/iespaucasals-badalona\/wp-json\/wp\/v2\/types\/page"}],"author":[{"embeddable":true,"href":"https:\/\/agora.xtec.cat\/iespaucasals-badalona\/wp-json\/wp\/v2\/users\/1"}],"replies":[{"embeddable":true,"href":"https:\/\/agora.xtec.cat\/iespaucasals-badalona\/wp-json\/wp\/v2\/comments?post=4021"}],"version-history":[{"count":6,"href":"https:\/\/agora.xtec.cat\/iespaucasals-badalona\/wp-json\/wp\/v2\/pages\/4021\/revisions"}],"predecessor-version":[{"id":4122,"href":"https:\/\/agora.xtec.cat\/iespaucasals-badalona\/wp-json\/wp\/v2\/pages\/4021\/revisions\/4122"}],"up":[{"embeddable":true,"href":"https:\/\/agora.xtec.cat\/iespaucasals-badalona\/wp-json\/wp\/v2\/pages\/46"}],"wp:attachment":[{"href":"https:\/\/agora.xtec.cat\/iespaucasals-badalona\/wp-json\/wp\/v2\/media?parent=4021"}],"curies":[{"name":"wp","href":"https:\/\/api.w.org\/{rel}","templated":true}]}}