{"id":1340,"date":"2021-02-10T17:56:08","date_gmt":"2021-02-10T16:56:08","guid":{"rendered":"https:\/\/agora.xtec.cat\/iesnumancia\/?page_id=1340"},"modified":"2026-09-03T20:52:48","modified_gmt":"2026-09-03T18:52:48","slug":"3r-deso","status":"publish","type":"page","link":"https:\/\/agora.xtec.cat\/iesnumancia\/estudis\/3r-deso\/","title":{"rendered":"3r d&#8217;ESO"},"content":{"rendered":"<p>Durant el curs 2026-27, els tutors dels alumnes del 3r d&#8217;ESO s\u00f3n:<\/p>\n<p><strong>3r ESO A: Elvira L\u00f3pez<\/strong><\/p>\n<p><strong>3r ESO B: David Segura<\/strong><\/p>\n<p><strong>3r ESO C: Marcos S\u00e1nchez<\/strong><\/p>\n<p><strong>3r ESO D: Xavier Mar\u00edn<\/strong><\/p>\n<p><strong>3r ESO E: Elena Sobrino<\/strong><strong><br \/>\n<\/strong><\/p>\n<p><strong>3r ESO F: Bea Ramos<\/strong><\/p>\n<p>Els alumnes compten tamb\u00e9 amb el suport de\u00a0<strong> l&#8217;orientadora de 2n cicle:\u00a0 Beatriz Ramos<br \/>\n<\/strong><\/p>\n<p><strong>Horari_____________________________________________________________________________________________________________<\/strong><\/p>\n<p style=\"text-align: justify;\">A l\u2019ESO els alumnes realitzen horari intensiu. Els alumnes entren a les 08:15 h al centre i surten a les 14:35 h. L\u2019abs\u00e8ncia es controla de forma inform\u00e0tica i en cas que l\u2019alumne no hagi vingut a classe a primera hora s\u2019envia un missatge per SMS al tel\u00e8fon de contacte de la fam\u00edlia.<\/p>\n<p><strong>Horaris de grup____________________________________________________________________________________________________<\/strong><\/p>\n<table style=\"border-collapse: collapse; width: 100%;\">\n<tbody>\n<tr>\n<td style=\"width: 100%;\"><img loading=\"lazy\" decoding=\"async\" class=\"aligncenter wp-image-10838 size-full\" src=\"https:\/\/agora.xtec.cat\/iesnumancia\/wp-content\/uploads\/usu2267\/2026\/09\/3rA-2026-27.png\" alt=\"\" width=\"673\" height=\"481\" srcset=\"https:\/\/agora.xtec.cat\/iesnumancia\/wp-content\/uploads\/usu2267\/2026\/09\/3rA-2026-27.png 673w, https:\/\/agora.xtec.cat\/iesnumancia\/wp-content\/uploads\/usu2267\/2026\/09\/3rA-2026-27-300x214.png 300w\" sizes=\"auto, (max-width: 673px) 100vw, 673px\" \/><\/td>\n<\/tr>\n<tr>\n<td style=\"width: 100%;\"><img loading=\"lazy\" decoding=\"async\" class=\"aligncenter wp-image-10839 size-full\" src=\"https:\/\/agora.xtec.cat\/iesnumancia\/wp-content\/uploads\/usu2267\/2026\/09\/3rB-2026-27.png\" alt=\"\" width=\"667\" height=\"478\" srcset=\"https:\/\/agora.xtec.cat\/iesnumancia\/wp-content\/uploads\/usu2267\/2026\/09\/3rB-2026-27.png 667w, https:\/\/agora.xtec.cat\/iesnumancia\/wp-content\/uploads\/usu2267\/2026\/09\/3rB-2026-27-300x215.png 300w\" sizes=\"auto, (max-width: 667px) 100vw, 667px\" \/><\/td>\n<\/tr>\n<tr>\n<td style=\"width: 100%;\"><img loading=\"lazy\" decoding=\"async\" class=\"aligncenter wp-image-10840 size-full\" src=\"https:\/\/agora.xtec.cat\/iesnumancia\/wp-content\/uploads\/usu2267\/2026\/09\/3rC-2026-27.png\" alt=\"\" width=\"672\" height=\"477\" srcset=\"https:\/\/agora.xtec.cat\/iesnumancia\/wp-content\/uploads\/usu2267\/2026\/09\/3rC-2026-27.png 672w, https:\/\/agora.xtec.cat\/iesnumancia\/wp-content\/uploads\/usu2267\/2026\/09\/3rC-2026-27-300x213.png 300w\" sizes=\"auto, (max-width: 672px) 100vw, 672px\" \/><\/td>\n<\/tr>\n<tr>\n<td style=\"width: 100%;\"><img loading=\"lazy\" decoding=\"async\" class=\"aligncenter wp-image-10841 size-full\" src=\"https:\/\/agora.xtec.cat\/iesnumancia\/wp-content\/uploads\/usu2267\/2026\/09\/3rD-2026-27.png\" alt=\"\" width=\"675\" height=\"478\" srcset=\"https:\/\/agora.xtec.cat\/iesnumancia\/wp-content\/uploads\/usu2267\/2026\/09\/3rD-2026-27.png 675w, https:\/\/agora.xtec.cat\/iesnumancia\/wp-content\/uploads\/usu2267\/2026\/09\/3rD-2026-27-300x212.png 300w\" sizes=\"auto, (max-width: 675px) 100vw, 675px\" \/><\/td>\n<\/tr>\n<tr>\n<td style=\"width: 100%;\"><img loading=\"lazy\" decoding=\"async\" class=\"aligncenter wp-image-10842 size-full\" src=\"https:\/\/agora.xtec.cat\/iesnumancia\/wp-content\/uploads\/usu2267\/2026\/09\/3rE-2026-27.png\" alt=\"\" width=\"672\" height=\"475\" srcset=\"https:\/\/agora.xtec.cat\/iesnumancia\/wp-content\/uploads\/usu2267\/2026\/09\/3rE-2026-27.png 672w, https:\/\/agora.xtec.cat\/iesnumancia\/wp-content\/uploads\/usu2267\/2026\/09\/3rE-2026-27-300x212.png 300w\" sizes=\"auto, (max-width: 672px) 100vw, 672px\" \/><\/td>\n<\/tr>\n<tr>\n<td style=\"width: 100%;\"><img loading=\"lazy\" decoding=\"async\" class=\"aligncenter wp-image-10843 size-full\" src=\"https:\/\/agora.xtec.cat\/iesnumancia\/wp-content\/uploads\/usu2267\/2026\/09\/3rF-2026-27.png\" alt=\"\" width=\"670\" height=\"478\" srcset=\"https:\/\/agora.xtec.cat\/iesnumancia\/wp-content\/uploads\/usu2267\/2026\/09\/3rF-2026-27.png 670w, https:\/\/agora.xtec.cat\/iesnumancia\/wp-content\/uploads\/usu2267\/2026\/09\/3rF-2026-27-300x214.png 300w\" sizes=\"auto, (max-width: 670px) 100vw, 670px\" \/><\/td>\n<\/tr>\n<\/tbody>\n<\/table>\n<p style=\"text-align: justify;\"><strong>Avaluaci\u00f3:<\/strong><\/p>\n<p style=\"text-align: justify;\">Durant el primer trimestre es realitza una avaluaci\u00f3 inicial que arriba a les fam\u00edlies a principis de novembre. A m\u00e9s a m\u00e9s, es fan les 3 avaluacions habituals (desembre, mar\u00e7 i juny) i l\u2019avaluaci\u00f3 final que determina el pas de curs. Les notes finals es fan arribar als alumnes a finals del mes de juny<\/p>\n<p style=\"text-align: justify;\">En l\u2019avaluaci\u00f3 es valoren l\u2019assoliment de les compet\u00e8ncies de les diverses mat\u00e8ries per part dels alumnes. Per tant, les qualificacions que poden obtenir, s\u00f3n:<\/p>\n<ul>\n<li>No Assoliment (NA)<\/li>\n<li>Assoliment Satisfactori (AS)<\/li>\n<li>Assoliment Notable (AN)<\/li>\n<li>Assoliment Excel\u00b7lent (AE)<\/li>\n<\/ul>\n<p><strong>Mat\u00e8ries 3r d\u2019ESO<\/strong><\/p>\n<p>Les mat\u00e8ries que marca el curr\u00edculum de 3r d\u2019ESO i la seva c\u00e0rrega hor\u00e0ria setmanal s\u00f3n:<\/p>\n<ul>\n<li>Llengua catalana (3h)<\/li>\n<li>Llengua castellana (3h)<\/li>\n<li>Llengua estrangera (angl\u00e8s) (3h)<\/li>\n<li>Matem\u00e0tiques (4h)<\/li>\n<li>Socials (3h)<\/li>\n<li>M\u00fasica (2h)<\/li>\n<li>Ci\u00e8ncies Naturals (F\u00edsica i Qu\u00edmica) (2h)<\/li>\n<li>Ci\u00e8ncies Naturals (Biologia i Geologia) (2h)<\/li>\n<li>Tecnologia (2h)<\/li>\n<li>Educaci\u00f3 f\u00edsica (2h)<\/li>\n<li>Mat\u00e8ria optativa (2h)<\/li>\n<li>Religi\u00f3 o cultura i valors \u00e8tics (1h)<\/li>\n<li>Tutoria (1h)<\/li>\n<\/ul>\n<p><strong>Material<\/strong><\/p>\n<p>El material que es recomana que portin els alumnes a classe i que han d\u2019adquirir les fam\u00edlies \u00e9s el seg\u00fcent:<\/p>\n<ul>\n<li>Material d\u2019\u00fas personal: llibretes o carpeta amb fulls, estoig amb material d\u2019escriptura,<\/li>\n<li>Material complementari: comp\u00e0s, regles, calculadora, &#8230; (el professor de cada mat\u00e8ria informar\u00e0 als alumnes el primer dia de classe).<\/li>\n<li>Agenda: en cas de ser soci de l\u2019AFA l\u2019agenda es dona a l\u2019alumne el primer dia de curs.<\/li>\n<li>Ordinador personal: Els alumnes han de continuar utilitzant l&#8217;ordinador personal que van adquirir a 1r d&#8217;ESO.<\/li>\n<li>Llic\u00e8ncies digitals: Equivalen als llibres de text i es paguen en el per\u00edode de matr\u00edcula. En aquest cas, el centre proporciona a l\u2019alumne l\u2019acc\u00e9s als materials digitals.<\/li>\n<\/ul>\n<p><strong>Acci\u00f3 tutorial<\/strong><\/p>\n<p>Tercer d&#8217;ESO \u00e9s l&#8217;inici del segon cicle. Les mat\u00e8ries s\u00f3n encara comunes per tots els alumnes, per\u00f2 alguns d&#8217;ells ja comencen a pensar en la seva orientaci\u00f3 un cop finalitzin l&#8217;etapa obligat\u00f2ria. A m\u00e9s a m\u00e9s, \u00e9s en aquest moment en qu\u00e8 l&#8217;adolesc\u00e8ncia es fa m\u00e9s palesa. Per tal d&#8217;ajudar als alumnes i a les fam\u00edlies en aquest moment, l&#8217;acci\u00f3 tutorial i el paper de l&#8217;orientador \u00e9s molt important.<\/p>\n<p>Per ajudar-los en aquesta etapa el paper del tutor continua essent fonamental. La funci\u00f3 de l\u2019acci\u00f3 tutorial es pot concretar en els seg\u00fcents aspectes:<\/p>\n<ul>\n<li>Orientaci\u00f3 personal i integraci\u00f3 en el grup classe<\/li>\n<li>Orientaci\u00f3 i ajuda per millorar el rendiment acad\u00e8mic i els h\u00e0bits d\u2019estudi<\/li>\n<li>Coordinar tot l\u2019equip de professors assignats a un grup classe<\/li>\n<li>Connexi\u00f3 entre l\u2019escola i la fam\u00edlia<\/li>\n<li>Tutoria grupal en la que es tracten aspectes transversals com salut, sexualitat, drogues i addiccions, etc.<\/li>\n<li>Tutoria individual de l\u2019alumne<\/li>\n<li>Ajudar a l&#8217;alumne en l&#8217;elecci\u00f3 de les mat\u00e8ries optatives que cursar\u00e0 a 4t d&#8217;ESO<\/li>\n<\/ul>\n<p>Durant el mes de maig, els alumnes han d&#8217;escollir les mat\u00e8ries optatives que cursaran a 4t d&#8217;ESO. Per tal d&#8217;ajudar-los en aquesta elecci\u00f3 i durant l&#8217;hora de tutoria se&#8217;ls informar\u00e0 de les opcions que tenen i dels itineraris que podran cursar en un futur pr\u00f2xim. Aquesta informaci\u00f3 tamb\u00e9 es far\u00e0 arribar a totes les fam\u00edlies. Per tal de prendre la millor decisi\u00f3, podran consultar amb el tutor, l&#8217;orientadora o els professors de les diverses mat\u00e8ries. Un cop ens informin del que han escollit mitjan\u00e7ant un formulari, se&#8217;ls intentar\u00e0 mantenir les seves opcions i en cas que no sigui possible se&#8217;ls hi comunicar\u00e0 abans de l&#8217;inici del seg\u00fcent curs.<\/p>\n<p><strong>Alguns consells per a millorar el rendiment acad\u00e8mic de l\u2019alumnat<\/strong><\/p>\n<ul>\n<li>Dedicar hores de treball i estudi a casa<\/li>\n<li>Tenir un lloc de treball tranquil i ben il\u00b7luminat<\/li>\n<li>Organitzar-se b\u00e9 el temps, sobretot en cas de fer activitats extraescolars<\/li>\n<li>Controlar el descans (dormir 8 hores) i l\u2019alimentaci\u00f3 (cal esmorzar abans de venir a l\u2019institut)<\/li>\n<li>Posar-se en contacte amb el centre per qualsevol circumst\u00e0ncia relativa a l\u2019alumne que preocupi a casa.<\/li>\n<li>Vetllar per mantenir la puntualitat<\/li>\n<li>Fer un seguiment de l\u2019agenda de l\u2019alumne, controlar els deures i les comunicacions<\/li>\n<\/ul>\n<p>&nbsp;<\/p>\n","protected":false},"excerpt":{"rendered":"<p>Durant el curs 2026-27, els tutors dels alumnes del 3r d&#8217;ESO s\u00f3n: 3r ESO A: Elvira L\u00f3pez 3r ESO B: David Segura 3r ESO C: Marcos S\u00e1nchez 3r ESO D: Xavier Mar\u00edn 3r ESO E: Elena Sobrino 3r ESO F: Bea Ramos Els alumnes compten tamb\u00e9 amb el suport de\u00a0 l&#8217;orientadora de 2n cicle:\u00a0 Beatriz [&hellip;]<\/p>\n","protected":false},"author":1,"featured_media":0,"parent":195,"menu_order":0,"comment_status":"closed","ping_status":"closed","template":"","meta":{"_bbp_topic_count":0,"_bbp_reply_count":0,"_bbp_total_topic_count":0,"_bbp_total_reply_count":0,"_bbp_voice_count":0,"_bbp_anonymous_reply_count":0,"_bbp_topic_count_hidden":0,"_bbp_reply_count_hidden":0,"_bbp_forum_subforum_count":0,"site-sidebar-layout":"default","site-content-layout":"","ast-site-content-layout":"default","site-content-style":"default","site-sidebar-style":"default","ast-global-header-display":"","ast-banner-title-visibility":"","ast-main-header-display":"","ast-hfb-above-header-display":"","ast-hfb-below-header-display":"","ast-hfb-mobile-header-display":"","site-post-title":"","ast-breadcrumbs-content":"","ast-featured-img":"","footer-sml-layout":"","theme-transparent-header-meta":"default","adv-header-id-meta":"","stick-header-meta":"","header-above-stick-meta":"","header-main-stick-meta":"","header-below-stick-meta":"","astra-migrate-meta-layouts":"set","ast-page-background-enabled":"default","ast-page-background-meta":{"desktop":{"background-color":"var(--ast-global-color-4)","background-image":"","background-repeat":"repeat","background-position":"center center","background-size":"auto","background-attachment":"scroll","background-type":"","background-media":"","overlay-type":"","overlay-color":"","overlay-opacity":"","overlay-gradient":""},"tablet":{"background-color":"","background-image":"","background-repeat":"repeat","background-position":"center center","background-size":"auto","background-attachment":"scroll","background-type":"","background-media":"","overlay-type":"","overlay-color":"","overlay-opacity":"","overlay-gradient":""},"mobile":{"background-color":"","background-image":"","background-repeat":"repeat","background-position":"center center","background-size":"auto","background-attachment":"scroll","background-type":"","background-media":"","overlay-type":"","overlay-color":"","overlay-opacity":"","overlay-gradient":""}},"ast-content-background-meta":{"desktop":{"background-color":"var(--ast-global-color-5)","background-image":"","background-repeat":"repeat","background-position":"center center","background-size":"auto","background-attachment":"scroll","background-type":"","background-media":"","overlay-type":"","overlay-color":"","overlay-opacity":"","overlay-gradient":""},"tablet":{"background-color":"var(--ast-global-color-5)","background-image":"","background-repeat":"repeat","background-position":"center center","background-size":"auto","background-attachment":"scroll","background-type":"","background-media":"","overlay-type":"","overlay-color":"","overlay-opacity":"","overlay-gradient":""},"mobile":{"background-color":"var(--ast-global-color-5)","background-image":"","background-repeat":"repeat","background-position":"center center","background-size":"auto","background-attachment":"scroll","background-type":"","background-media":"","overlay-type":"","overlay-color":"","overlay-opacity":"","overlay-gradient":""}},"footnotes":""},"class_list":["post-1340","page","type-page","status-publish","hentry"],"post_mailing_queue_ids":[],"_links":{"self":[{"href":"https:\/\/agora.xtec.cat\/iesnumancia\/wp-json\/wp\/v2\/pages\/1340","targetHints":{"allow":["GET"]}}],"collection":[{"href":"https:\/\/agora.xtec.cat\/iesnumancia\/wp-json\/wp\/v2\/pages"}],"about":[{"href":"https:\/\/agora.xtec.cat\/iesnumancia\/wp-json\/wp\/v2\/types\/page"}],"author":[{"embeddable":true,"href":"https:\/\/agora.xtec.cat\/iesnumancia\/wp-json\/wp\/v2\/users\/1"}],"replies":[{"embeddable":true,"href":"https:\/\/agora.xtec.cat\/iesnumancia\/wp-json\/wp\/v2\/comments?post=1340"}],"version-history":[{"count":6,"href":"https:\/\/agora.xtec.cat\/iesnumancia\/wp-json\/wp\/v2\/pages\/1340\/revisions"}],"predecessor-version":[{"id":10854,"href":"https:\/\/agora.xtec.cat\/iesnumancia\/wp-json\/wp\/v2\/pages\/1340\/revisions\/10854"}],"up":[{"embeddable":true,"href":"https:\/\/agora.xtec.cat\/iesnumancia\/wp-json\/wp\/v2\/pages\/195"}],"wp:attachment":[{"href":"https:\/\/agora.xtec.cat\/iesnumancia\/wp-json\/wp\/v2\/media?parent=1340"}],"curies":[{"name":"wp","href":"https:\/\/api.w.org\/{rel}","templated":true}]}}