{"id":1321,"date":"2021-02-10T09:40:55","date_gmt":"2021-02-10T08:40:55","guid":{"rendered":"https:\/\/agora.xtec.cat\/iesnumancia\/?page_id=1321"},"modified":"2026-09-03T20:49:19","modified_gmt":"2026-09-03T18:49:19","slug":"1r-deso","status":"publish","type":"page","link":"https:\/\/agora.xtec.cat\/iesnumancia\/estudis\/1r-deso\/","title":{"rendered":"1r d&#8217;ESO"},"content":{"rendered":"<p style=\"text-align: justify;\">El primer curs de l\u2019ESO implica comen\u00e7ar una nova etapa educativa que va acompanyada d\u2019un canvi de centre docent, professors i companys. \u00c9s per aquest motiu que tant la direcci\u00f3 com el professorat sabem que hem d\u2019acompanyar i orientar l&#8217;alumnat en aquest proc\u00e9s.<\/p>\n<p>Enlla\u00e7 a la informaci\u00f3 de benvinguda a les fam\u00edlies de 1r d&#8217;ESO setembre 2026:<a href=\"https:\/\/drive.google.com\/file\/d\/16ui9kEl-VTw5e4u23qHlisArvohmMgZB\/view?usp=sharing\"><img loading=\"lazy\" decoding=\"async\" class=\"aligncenter wp-image-5242 size-medium\" src=\"https:\/\/agora.xtec.cat\/iesnumancia\/wp-content\/uploads\/usu2267\/2023\/07\/24AB6507-E403-4D4D-A1E3-C6EA86310507-e1726599959777-300x164.jpeg\" alt=\"\" width=\"300\" height=\"164\" srcset=\"https:\/\/agora.xtec.cat\/iesnumancia\/wp-content\/uploads\/usu2267\/2023\/07\/24AB6507-E403-4D4D-A1E3-C6EA86310507-e1726599959777-300x164.jpeg 300w, https:\/\/agora.xtec.cat\/iesnumancia\/wp-content\/uploads\/usu2267\/2023\/07\/24AB6507-E403-4D4D-A1E3-C6EA86310507-e1726599959777-1024x561.jpeg 1024w, https:\/\/agora.xtec.cat\/iesnumancia\/wp-content\/uploads\/usu2267\/2023\/07\/24AB6507-E403-4D4D-A1E3-C6EA86310507-e1726599959777-768x421.jpeg 768w, https:\/\/agora.xtec.cat\/iesnumancia\/wp-content\/uploads\/usu2267\/2023\/07\/24AB6507-E403-4D4D-A1E3-C6EA86310507-e1726599959777-1536x842.jpeg 1536w, https:\/\/agora.xtec.cat\/iesnumancia\/wp-content\/uploads\/usu2267\/2023\/07\/24AB6507-E403-4D4D-A1E3-C6EA86310507-e1726599959777.jpeg 1589w\" sizes=\"auto, (max-width: 300px) 100vw, 300px\" \/><\/a><\/p>\n<p style=\"text-align: justify;\"><strong>Durant el curs 2026-27, els tutors\/es de l&#8217;alumnat de 1r d&#8217;ESO s\u00f3n:<\/strong><\/p>\n<p style=\"text-align: justify;\"><b>1rA : Ferran Vila<\/b><\/p>\n<p style=\"text-align: justify;\"><b>1rB: Lorena Negredo<\/b><\/p>\n<p style=\"text-align: justify;\"><b>1rC: M\u00edriam Loscos<\/b><\/p>\n<p style=\"text-align: justify;\"><b>1rD: Esther S\u00e1nchez<\/b><\/p>\n<p style=\"text-align: justify;\"><b>1rE: Maria Masi\u00e0<\/b><\/p>\n<p style=\"text-align: justify;\">Els alumnes compten tamb\u00e9 amb el suport de l\u2019equip d&#8217;orientaci\u00f3:<\/p>\n<p style=\"text-align: justify;\"><b>ORIENTADORA: Esther S\u00e1nchez<\/b><\/p>\n<p style=\"text-align: justify;\"><strong>Horari:<\/strong><\/p>\n<p style=\"text-align: justify;\">A l\u2019ESO els alumnes realitzen horari intensiu. Els alumnes entren a les 08:05 h al centre i surten a les 14:35 h. L\u2019abs\u00e8ncia es controla de forma inform\u00e0tica i en cas que l\u2019alumne no hagi vingut a classe a primera hora s\u2019envia un missatge per SMS al tel\u00e8fon de contacte de la fam\u00edlia.<\/p>\n<p style=\"text-align: justify;\"><strong>Horaris de grup 1r d&#8217; ESO curs 26-27<\/strong><\/p>\n<table style=\"border-collapse: collapse; width: 100%;\">\n<tbody>\n<tr>\n<td style=\"width: 100%;\"><img loading=\"lazy\" decoding=\"async\" class=\"aligncenter wp-image-10815 size-full\" src=\"https:\/\/agora.xtec.cat\/iesnumancia\/wp-content\/uploads\/usu2267\/2026\/09\/1rA-2026-27-e1788447826416.png\" alt=\"\" width=\"681\" height=\"479\" srcset=\"https:\/\/agora.xtec.cat\/iesnumancia\/wp-content\/uploads\/usu2267\/2026\/09\/1rA-2026-27-e1788447826416.png 681w, https:\/\/agora.xtec.cat\/iesnumancia\/wp-content\/uploads\/usu2267\/2026\/09\/1rA-2026-27-e1788447826416-300x211.png 300w\" sizes=\"auto, (max-width: 681px) 100vw, 681px\" \/><\/td>\n<\/tr>\n<tr>\n<td style=\"width: 100%;\"><img loading=\"lazy\" decoding=\"async\" class=\"aligncenter wp-image-10816 size-full\" src=\"https:\/\/agora.xtec.cat\/iesnumancia\/wp-content\/uploads\/usu2267\/2026\/09\/1rB-2026-27-e1788447842300.png\" alt=\"\" width=\"690\" height=\"476\" srcset=\"https:\/\/agora.xtec.cat\/iesnumancia\/wp-content\/uploads\/usu2267\/2026\/09\/1rB-2026-27-e1788447842300.png 690w, https:\/\/agora.xtec.cat\/iesnumancia\/wp-content\/uploads\/usu2267\/2026\/09\/1rB-2026-27-e1788447842300-300x207.png 300w\" sizes=\"auto, (max-width: 690px) 100vw, 690px\" \/><\/td>\n<\/tr>\n<tr>\n<td style=\"width: 100%;\"><img loading=\"lazy\" decoding=\"async\" class=\"aligncenter wp-image-10817 size-full\" src=\"https:\/\/agora.xtec.cat\/iesnumancia\/wp-content\/uploads\/usu2267\/2026\/09\/1rC-2026-27-e1788447860961.png\" alt=\"\" width=\"685\" height=\"481\" srcset=\"https:\/\/agora.xtec.cat\/iesnumancia\/wp-content\/uploads\/usu2267\/2026\/09\/1rC-2026-27-e1788447860961.png 685w, https:\/\/agora.xtec.cat\/iesnumancia\/wp-content\/uploads\/usu2267\/2026\/09\/1rC-2026-27-e1788447860961-300x211.png 300w\" sizes=\"auto, (max-width: 685px) 100vw, 685px\" \/><\/td>\n<\/tr>\n<tr>\n<td style=\"width: 100%;\"><img loading=\"lazy\" decoding=\"async\" class=\"aligncenter wp-image-10818 size-full\" src=\"https:\/\/agora.xtec.cat\/iesnumancia\/wp-content\/uploads\/usu2267\/2026\/09\/1rD-2026-27-e1788447877683.png\" alt=\"\" width=\"681\" height=\"474\" srcset=\"https:\/\/agora.xtec.cat\/iesnumancia\/wp-content\/uploads\/usu2267\/2026\/09\/1rD-2026-27-e1788447877683.png 681w, https:\/\/agora.xtec.cat\/iesnumancia\/wp-content\/uploads\/usu2267\/2026\/09\/1rD-2026-27-e1788447877683-300x209.png 300w\" sizes=\"auto, (max-width: 681px) 100vw, 681px\" \/><\/td>\n<\/tr>\n<tr>\n<td style=\"width: 100%;\"><img loading=\"lazy\" decoding=\"async\" class=\"aligncenter wp-image-10819 size-full\" src=\"https:\/\/agora.xtec.cat\/iesnumancia\/wp-content\/uploads\/usu2267\/2026\/09\/1rE-2026-27-e1788447898690.png\" alt=\"\" width=\"685\" height=\"480\" srcset=\"https:\/\/agora.xtec.cat\/iesnumancia\/wp-content\/uploads\/usu2267\/2026\/09\/1rE-2026-27-e1788447898690.png 685w, https:\/\/agora.xtec.cat\/iesnumancia\/wp-content\/uploads\/usu2267\/2026\/09\/1rE-2026-27-e1788447898690-300x210.png 300w\" sizes=\"auto, (max-width: 685px) 100vw, 685px\" \/><\/td>\n<\/tr>\n<tr>\n<td style=\"width: 100%;\"><\/td>\n<\/tr>\n<\/tbody>\n<\/table>\n<p>&nbsp;<\/p>\n<p style=\"text-align: justify;\"><strong>L&#8217;acci\u00f3 tutorial<\/strong><\/p>\n<p style=\"text-align: justify;\">Per ajudar-los a fer aquesta transici\u00f3 \u00e9s fonamental el paper del tutor\/a. La funci\u00f3 de l\u2019acci\u00f3 tutorial es pot concretar en els seg\u00fcents aspectes:<\/p>\n<ul style=\"text-align: justify;\">\n<li>Orientaci\u00f3 personal i integraci\u00f3 en el grup classe<\/li>\n<li>Orientaci\u00f3 i ajuda per millorar el rendiment acad\u00e8mic i els h\u00e0bits d\u2019estudi<\/li>\n<li>Coordinar l\u2019equip de professors assignats a un grup classe<\/li>\n<li>Actuar com enlla\u00e7 entre l\u2019escola i la fam\u00edlia<\/li>\n<li>Tutoria grupal on es tracten aspectes transversals com salut, educaci\u00f3 c\u00edvica, educaci\u00f3 vi\u00e0ria, etc.<\/li>\n<li>Tutoria individual de l\u2019alumne<\/li>\n<li>\n<p style=\"text-align: justify;\"><b>Com contactar amb el tutor\/a del vostre fill\/a? <\/b><span style=\"font-weight: 400;\">Els tutors contactarem amb les fam\u00edlies per concertar una entrevista (es pot fer de forma presencial, per tel\u00e8fon, via meet o per mail). Per\u00f2 tamb\u00e9 es pot demanar una entrevista<\/span><\/p>\n<ul style=\"text-align: justify;\">\n<li style=\"font-weight: 400;\" aria-level=\"1\"><span style=\"font-weight: 400;\">a trav\u00e9s de l\u2019agenda dels alumnes<\/span><\/li>\n<li style=\"font-weight: 400;\" aria-level=\"1\"><span style=\"font-weight: 400;\">fent una trucada al centre\u00a0<\/span><\/li>\n<li style=\"font-weight: 400;\" aria-level=\"1\"><span style=\"font-weight: 400;\">enviant un mail al tutor o tutora<\/span><\/li>\n<\/ul>\n<p style=\"text-align: justify;\"><span style=\"font-weight: 400;\">Les entrevistes \/ entrevistes amb els tutors <strong>SEMPRE<\/strong> seran concertades.<\/span><\/p>\n<\/li>\n<\/ul>\n<p style=\"text-align: justify;\"><strong>Avaluaci\u00f3_________________________________________________________________________________________________________<\/strong><\/p>\n<p style=\"text-align: justify;\">Durant el primer mes es realitza una avaluaci\u00f3 inicial a les diferents mat\u00e8ries. A m\u00e9s a m\u00e9s, es fan les 3 avaluacions habituals (desembre, mar\u00e7 i juny) i l\u2019avaluaci\u00f3 final que determina el pas de curs. Les notes finals es fan arribar als alumnes a finals del mes de juny.<\/p>\n<p style=\"text-align: justify;\">En l\u2019avaluaci\u00f3 es valoren l\u2019assoliment de les compet\u00e8ncies de les diverses mat\u00e8ries per part dels alumnes. Per tant, les qualificacions que poden obtenir, s\u00f3n:<\/p>\n<ul style=\"text-align: justify;\">\n<li>No Assoliment (NA)<\/li>\n<li>Assoliment Satisfactori (AS)<\/li>\n<li>Assoliment Notable (AN)<\/li>\n<li>Assoliment Excel\u00b7lent (AE)<\/li>\n<\/ul>\n<p style=\"text-align: justify;\"><strong>Mat\u00e8ries 1r d\u2019ESO_________________________________________________________________________________________________<\/strong><\/p>\n<p style=\"text-align: justify;\">Les mat\u00e8ries que marca el curr\u00edculum de 1r d\u2019ESO i la seva c\u00e0rrega hor\u00e0ria setmanal s\u00f3n:<\/p>\n<ul style=\"text-align: justify;\">\n<li>Llengua catalana (3h)<\/li>\n<li>Llengua castellana (3h)<\/li>\n<li>Llengua estrangera (angl\u00e8s) (3 h)<\/li>\n<li>Matem\u00e0tiques (3h)<\/li>\n<li>Socials (3h)<\/li>\n<li>Educaci\u00f3 Visual i Pl\u00e0stica (2h)<\/li>\n<li>M\u00fasica (2h)<\/li>\n<li>Ci\u00e8ncies Naturals (Biologia i Geologia) (3h)<\/li>\n<li>Tecnologia (2h)<\/li>\n<li>Educaci\u00f3 f\u00edsica (2h)<\/li>\n<li>Mat\u00e8ria optativa (2h)<\/li>\n<li>Religi\u00f3 o cultura i valors \u00e8tics (1h)<\/li>\n<li>Tutoria (1h)<\/li>\n<\/ul>\n<p style=\"text-align: justify;\"><strong>Material___________________________________________________________________________________________________________<\/strong><\/p>\n<ul style=\"text-align: justify;\">\n<li style=\"font-weight: 400;\" aria-level=\"1\"><span style=\"font-weight: 400;\">Llibre digital a totes les mat\u00e8ries:\u00a0<\/span>Equivalen als llibres de text i es paguen en el per\u00edode de matr\u00edcula. En aquest cas, el centre proporciona a l\u2019alumne l\u2019acc\u00e9s als materials digitals.<\/li>\n<li style=\"font-weight: 400;\" aria-level=\"1\"><span style=\"font-weight: 400;\">Classroom\u00a0<\/span><\/li>\n<li style=\"font-weight: 400;\" aria-level=\"1\"><span style=\"font-weight: 400;\">Ordinador<\/span><\/li>\n<li style=\"font-weight: 400;\" aria-level=\"1\"><span style=\"font-weight: 400;\">Agenda per deures o comunicats. (Tamb\u00e9 AGENDA DIGITAL)<\/span><\/li>\n<li style=\"font-weight: 400;\" aria-level=\"1\"><span style=\"font-weight: 400;\">Els alumnes de SIEI poden tenir un llibre\/material diferent<\/span><\/li>\n<li>Llibres de lectura: el professorat de les mat\u00e8ries ling\u00fc\u00edstiques informaran els alumnes el primer dia de classe dels llibres de lectura que necessitaran.<\/li>\n<\/ul>\n<p style=\"text-align: justify;\">El material d&#8217;\u00fas personal i\/o complementari que es recomana que portin els alumnes a classe i que han d\u2019adquirir les fam\u00edlies \u00e9s el seg\u00fcent:<\/p>\n<ul style=\"text-align: justify;\">\n<li>llibretes o carpeta amb fulls, estoig amb material d\u2019escriptura.<\/li>\n<li>comp\u00e0s, regles, calculadora, &#8230; (el professor\/a de cada mat\u00e8ria informar\u00e0 als alumnes el primer dia de classe).<\/li>\n<\/ul>\n<p style=\"text-align: justify;\"><strong>Normes de conviv\u00e8ncia____________________________________________________________________________________________<\/strong><\/p>\n<ul style=\"text-align: justify;\">\n<li style=\"list-style-type: none;\">\n<ul>\n<li style=\"font-weight: 400;\" aria-level=\"1\"><span style=\"font-weight: 400;\">\u00das de fulls <\/span><b>justificants de faltes d\u2019assist\u00e8ncia<\/b><span style=\"font-weight: 400;\">. Trucades i\/o notes a l\u2019agenda<\/span><\/li>\n<li style=\"font-weight: 400;\" aria-level=\"1\"><span style=\"font-weight: 400;\">21 abs\u00e8ncies sense justificar: carta a casa. 3 cartes: av\u00eds a serveis socials<\/span><\/li>\n<li style=\"font-weight: 400;\" aria-level=\"1\"><span style=\"font-weight: 400;\">Horari tancament portes: 8:20. Nom\u00e9s entren m\u00e9s tard si tenen justificant.<\/span><\/li>\n<li style=\"font-weight: 400;\" aria-level=\"1\"><span style=\"font-weight: 400;\">No es poden portar gorres.<\/span><\/li>\n<li style=\"font-weight: 400;\" aria-level=\"1\"><span style=\"font-weight: 400;\"><strong>No est\u00e0 perm\u00e8s l\u2019\u00fas del m\u00f2bil<\/strong> en el recinte escolar ni en el pati. Durant les classes nom\u00e9s es podr\u00e0 utilitzar si el professor ho requereix amb una finalitat educativa.\u00a0<\/span><\/li>\n<li aria-level=\"1\">Amonestacions: Tipologia de <b style=\"font-family: inherit; font-size: 1em;\">sancions <\/b><span style=\"font-weight: 400;\">(segons gravetat):<\/span>\n<ul>\n<li style=\"font-weight: 400;\" aria-level=\"1\"><span style=\"font-weight: 400;\">Retirada de l\u2019ordinador o m\u00f2bil<\/span><\/li>\n<li style=\"font-weight: 400;\" aria-level=\"1\"><span style=\"font-weight: 400;\">Reparaci\u00f3 de desperfectes que puguin ocasionar.<\/span><\/li>\n<li style=\"font-weight: 400;\" aria-level=\"1\"><span style=\"font-weight: 400;\">Recollir i netejar el que s\u2019ha embrutat<\/span><\/li>\n<li style=\"font-weight: 400;\" aria-level=\"1\"><span style=\"font-weight: 400;\">Mesures formatives (serveis comunitaris \u00bd h despr\u00e9s de classes)<\/span><\/li>\n<li style=\"font-weight: 400;\" aria-level=\"1\"><span style=\"font-weight: 400;\">Mesures restauratives (serveis comunitaris 1h 30m tardes)<\/span><\/li>\n<\/ul>\n<\/li>\n<\/ul>\n<\/li>\n<\/ul>\n<ul style=\"text-align: justify;\">\n<li aria-level=\"1\"><b>L&#8217;alumnat de primer cicle NO t\u00e9 dret a participar en les vagues d\u2019estudiants.<\/b><\/li>\n<\/ul>\n","protected":false},"excerpt":{"rendered":"<p>El primer curs de l\u2019ESO implica comen\u00e7ar una nova etapa educativa que va acompanyada d\u2019un canvi de centre docent, professors i companys. \u00c9s per aquest motiu que tant la direcci\u00f3 com el professorat sabem que hem d\u2019acompanyar i orientar l&#8217;alumnat en aquest proc\u00e9s. Enlla\u00e7 a la informaci\u00f3 de benvinguda a les fam\u00edlies de 1r d&#8217;ESO [&hellip;]<\/p>\n","protected":false},"author":1,"featured_media":0,"parent":195,"menu_order":0,"comment_status":"closed","ping_status":"closed","template":"","meta":{"_bbp_topic_count":0,"_bbp_reply_count":0,"_bbp_total_topic_count":0,"_bbp_total_reply_count":0,"_bbp_voice_count":0,"_bbp_anonymous_reply_count":0,"_bbp_topic_count_hidden":0,"_bbp_reply_count_hidden":0,"_bbp_forum_subforum_count":0,"site-sidebar-layout":"default","site-content-layout":"","ast-site-content-layout":"default","site-content-style":"default","site-sidebar-style":"default","ast-global-header-display":"","ast-banner-title-visibility":"","ast-main-header-display":"","ast-hfb-above-header-display":"","ast-hfb-below-header-display":"","ast-hfb-mobile-header-display":"","site-post-title":"","ast-breadcrumbs-content":"","ast-featured-img":"","footer-sml-layout":"","theme-transparent-header-meta":"default","adv-header-id-meta":"","stick-header-meta":"","header-above-stick-meta":"","header-main-stick-meta":"","header-below-stick-meta":"","astra-migrate-meta-layouts":"set","ast-page-background-enabled":"default","ast-page-background-meta":{"desktop":{"background-color":"var(--ast-global-color-4)","background-image":"","background-repeat":"repeat","background-position":"center center","background-size":"auto","background-attachment":"scroll","background-type":"","background-media":"","overlay-type":"","overlay-color":"","overlay-opacity":"","overlay-gradient":""},"tablet":{"background-color":"","background-image":"","background-repeat":"repeat","background-position":"center center","background-size":"auto","background-attachment":"scroll","background-type":"","background-media":"","overlay-type":"","overlay-color":"","overlay-opacity":"","overlay-gradient":""},"mobile":{"background-color":"","background-image":"","background-repeat":"repeat","background-position":"center center","background-size":"auto","background-attachment":"scroll","background-type":"","background-media":"","overlay-type":"","overlay-color":"","overlay-opacity":"","overlay-gradient":""}},"ast-content-background-meta":{"desktop":{"background-color":"var(--ast-global-color-5)","background-image":"","background-repeat":"repeat","background-position":"center center","background-size":"auto","background-attachment":"scroll","background-type":"","background-media":"","overlay-type":"","overlay-color":"","overlay-opacity":"","overlay-gradient":""},"tablet":{"background-color":"var(--ast-global-color-5)","background-image":"","background-repeat":"repeat","background-position":"center center","background-size":"auto","background-attachment":"scroll","background-type":"","background-media":"","overlay-type":"","overlay-color":"","overlay-opacity":"","overlay-gradient":""},"mobile":{"background-color":"var(--ast-global-color-5)","background-image":"","background-repeat":"repeat","background-position":"center center","background-size":"auto","background-attachment":"scroll","background-type":"","background-media":"","overlay-type":"","overlay-color":"","overlay-opacity":"","overlay-gradient":""}},"footnotes":""},"class_list":["post-1321","page","type-page","status-publish","hentry"],"post_mailing_queue_ids":[],"_links":{"self":[{"href":"https:\/\/agora.xtec.cat\/iesnumancia\/wp-json\/wp\/v2\/pages\/1321","targetHints":{"allow":["GET"]}}],"collection":[{"href":"https:\/\/agora.xtec.cat\/iesnumancia\/wp-json\/wp\/v2\/pages"}],"about":[{"href":"https:\/\/agora.xtec.cat\/iesnumancia\/wp-json\/wp\/v2\/types\/page"}],"author":[{"embeddable":true,"href":"https:\/\/agora.xtec.cat\/iesnumancia\/wp-json\/wp\/v2\/users\/1"}],"replies":[{"embeddable":true,"href":"https:\/\/agora.xtec.cat\/iesnumancia\/wp-json\/wp\/v2\/comments?post=1321"}],"version-history":[{"count":6,"href":"https:\/\/agora.xtec.cat\/iesnumancia\/wp-json\/wp\/v2\/pages\/1321\/revisions"}],"predecessor-version":[{"id":10852,"href":"https:\/\/agora.xtec.cat\/iesnumancia\/wp-json\/wp\/v2\/pages\/1321\/revisions\/10852"}],"up":[{"embeddable":true,"href":"https:\/\/agora.xtec.cat\/iesnumancia\/wp-json\/wp\/v2\/pages\/195"}],"wp:attachment":[{"href":"https:\/\/agora.xtec.cat\/iesnumancia\/wp-json\/wp\/v2\/media?parent=1321"}],"curies":[{"name":"wp","href":"https:\/\/api.w.org\/{rel}","templated":true}]}}