{"id":759,"date":"2016-06-23T16:29:14","date_gmt":"2016-06-23T15:29:14","guid":{"rendered":"http:\/\/agora.xtec.cat\/iesmontsacopa\/?page_id=759"},"modified":"2026-02-26T22:12:18","modified_gmt":"2026-02-26T21:12:18","slug":"cfgm-atencio-a-persones-en-situacio-de-dependencia","status":"publish","type":"page","link":"https:\/\/agora.xtec.cat\/iesmontsacopa\/estudis\/cicles-formatius\/cfgm-atencio-a-persones-en-situacio-de-dependencia\/","title":{"rendered":"CFGM. T\u00e8cnic\/a en Atenci\u00f3 a persones en situaci\u00f3 de depend\u00e8ncia"},"content":{"rendered":"<div style=\"width: 100%;\">\n<div style=\"position: relative; padding-bottom: 56.25%; padding-top: 0; height: 0;\"><iframe loading=\"lazy\" title=\"T\u00c8CNIC\/A ATENCI\u00d3 PERSONES EN SITUACI\u00d3 DE DEPEND\u00c8NCIA\" frameborder=\"0\" width=\"1200px\" height=\"675px\" style=\"position: absolute; top: 0; left: 0; width: 100%; height: 100%;\" src=\"https:\/\/view.genially.com\/67b834a42b57213aa08b4950\" type=\"text\/html\" allowscriptaccess=\"always\" allowfullscreen=\"true\" scrolling=\"yes\" allownetworking=\"all\"><\/iframe> <\/div>\n<\/p><\/div>\n<p>&nbsp;<\/p>\n<h4 style=\"text-align: justify;\"><strong>FP-DUAL<\/strong><\/h4>\n<p>Aquests estudis s&#8217;imparteixen en aquesta modalitat des del curs 2014-2015<\/p>\n<p>&nbsp;<\/p>\n<h4><a href=\"http:\/\/queestudiar.gencat.cat\/ca\/estudis\/fp\/info-general\/\" target=\"_blank\" rel=\"noopener noreferrer\"><strong>Requisits d&#8217;acc\u00e8s<\/strong><\/a><\/h4>\n<p><a href=\"https:\/\/triaeducativa.gencat.cat\/ca\/estudis\/?atencio-persones-situacio-dependencia&amp;p_id=1570\" target=\"_blank\" rel=\"noopener noreferrer\" data-saferedirecturl=\"https:\/\/www.google.com\/url?q=http:\/\/queestudiar.gencat.cat\/ca\/estudis\/fp\/info-general\/&amp;source=gmail&amp;ust=1615879642246000&amp;usg=AFQjCNFuJ3F7UMHNG1BCCnGUGGtD70HJpA\">http:\/\/queestudiar.<wbr \/>gencat.cat\/ca\/estudis\/fp\/info-<wbr \/>general\/<\/a><\/p>\n<p>&nbsp;<\/p>\n<h4 style=\"text-align: justify;\"><strong>Compet\u00e8ncia general<\/strong><\/h4>\n<p style=\"text-align: justify;\">Aquests estudis capaciten per atendre les persones en situaci\u00f3 de depend\u00e8ncia, en l\u2019\u00e0mbit domiciliari i institucional, a fi de mantenir i millorar la seva qualitat de vida, fent activitats assistencials, no sanit\u00e0ries, psicosocials i de suport a la gesti\u00f3 dom\u00e8stica, i aplicant mesures i normes de prevenci\u00f3 i seguretat i derivant-les a altres serveis quan calgui.<\/p>\n<p>&nbsp;<\/p>\n<h4><strong>Sortides professionals<\/strong><\/h4>\n<p>Les principals ocupacions i llocs de treball s\u00f3n:<\/p>\n<ul>\n<li style=\"list-style-type: none;\">\n<ul style=\"list-style-type: square;\">\n<li>Cuidador de persones en situaci\u00f3 de depend\u00e8ncia en diferents institucions i\/o domicilis.<\/li>\n<li>Cuidador en centres d&#8217;atenci\u00f3 psiqui\u00e0trica.<\/li>\n<li>Assistent per a l&#8217;atenci\u00f3 personal de persones amb discapacitat.<\/li>\n<li>Gerocultor.<\/li>\n<li>Personal governant i sotsgovernant de persones en situaci\u00f3 de depend\u00e8ncia en institucions.<\/li>\n<li>Auxiliar responsable de planta de resid\u00e8ncies de majors i persones amb discapacitat.<\/li>\n<li>Auxiliar d&#8217;ajuda a domicili.<\/li>\n<li>Assistent d&#8217;atenci\u00f3 domicili\u00e0ria.<\/li>\n<li>Treballador familiar.<\/li>\n<li>Auxiliar d&#8217;educaci\u00f3 especial.<\/li>\n<li>Vetllador-monitor de suport.<\/li>\n<li>Auxiliar de tutela.<\/li>\n<li>Assistent personal.<\/li>\n<li>Teleoperador de teleassist\u00e8ncia.<\/li>\n<\/ul>\n<\/li>\n<\/ul>\n<p>&nbsp;<\/p>\n<h4><strong>Organitzaci\u00f3<\/strong><\/h4>\n<p style=\"text-align: justify;\">Durada: 2000 hores (2 cursos acad\u00e8mics).<\/p>\n<p style=\"text-align: justify;\">Distribuci\u00f3: 1485 hores al centre educatiu i 515 hores d&#8217;Estada a l&#8217;Empresa.<\/p>\n<p style=\"text-align: justify;\">Horari: Tardes<\/p>\n<p>&nbsp;<\/p>\n<h6><strong>Cicle formatiu de grau mitj\u00e0<\/strong> serveis a la comunitat <span style=\"color: #ff9900;\">t\u00e8cnic\/a en atenci\u00f3 a <strong>persones en situaci\u00f3 de depend\u00e8ncia<\/strong><\/span><\/h6>\n<div>\n<table>\n<tbody>\n<tr>\n<td style=\"border-color: #ffffff;\"><a href=\"https:\/\/agora.xtec.cat\/iesmontsacopa\/wp-content\/uploads\/usu944\/2021\/03\/dep1.jpg\"><img loading=\"lazy\" decoding=\"async\" class=\"alignnone size-large wp-image-7845\" src=\"https:\/\/agora.xtec.cat\/iesmontsacopa\/wp-content\/uploads\/usu944\/2021\/03\/dep1-1024x725.jpg\" alt=\"\" width=\"1024\" height=\"725\" srcset=\"https:\/\/agora.xtec.cat\/iesmontsacopa\/wp-content\/uploads\/usu944\/2021\/03\/dep1-1024x725.jpg 1024w, https:\/\/agora.xtec.cat\/iesmontsacopa\/wp-content\/uploads\/usu944\/2021\/03\/dep1-300x212.jpg 300w, https:\/\/agora.xtec.cat\/iesmontsacopa\/wp-content\/uploads\/usu944\/2021\/03\/dep1-768x544.jpg 768w, https:\/\/agora.xtec.cat\/iesmontsacopa\/wp-content\/uploads\/usu944\/2021\/03\/dep1.jpg 1034w\" sizes=\"auto, (max-width: 1024px) 100vw, 1024px\" \/><\/a><\/td>\n<td style=\"border-color: #ffffff;\"><a href=\"https:\/\/agora.xtec.cat\/iesmontsacopa\/wp-content\/uploads\/usu944\/2021\/03\/dep2.jpg\"><img loading=\"lazy\" decoding=\"async\" class=\"alignnone size-large wp-image-7846\" src=\"https:\/\/agora.xtec.cat\/iesmontsacopa\/wp-content\/uploads\/usu944\/2021\/03\/dep2-1024x729.jpg\" alt=\"\" width=\"1024\" height=\"729\" srcset=\"https:\/\/agora.xtec.cat\/iesmontsacopa\/wp-content\/uploads\/usu944\/2021\/03\/dep2-1024x729.jpg 1024w, https:\/\/agora.xtec.cat\/iesmontsacopa\/wp-content\/uploads\/usu944\/2021\/03\/dep2-300x213.jpg 300w, https:\/\/agora.xtec.cat\/iesmontsacopa\/wp-content\/uploads\/usu944\/2021\/03\/dep2-768x546.jpg 768w, https:\/\/agora.xtec.cat\/iesmontsacopa\/wp-content\/uploads\/usu944\/2021\/03\/dep2.jpg 1033w\" sizes=\"auto, (max-width: 1024px) 100vw, 1024px\" \/><\/a><\/td>\n<\/tr>\n<\/tbody>\n<\/table>\n<\/div>\n<hr \/>\n<h4><strong>Experiencies dels alumnes<\/strong><\/h4>\n<div style=\"text-align: center;\"><iframe loading=\"lazy\" src=\"https:\/\/www.youtube.com\/embed\/De-BJ2IZvao\" width=\"560\" height=\"315\" frameborder=\"0\"><\/iframe><\/div>\n<p>&nbsp;<\/p>\n<hr \/>\n<h4><a href=\"https:\/\/agora.xtec.cat\/fpdual\/\" target=\"_blank\" rel=\"noopener noreferrer\"><strong> Formaci\u00f3 Professional DUAL <\/strong><\/a><\/h4>\n<div style=\"width: 100%; text-align: center;\"><\/div>\n<p><a href=\"https:\/\/agora.xtec.cat\/iesmontsacopa\/wp-content\/uploads\/usu944\/2020\/06\/Logo-Ministerio-i-FSE-1.jpg\"><img loading=\"lazy\" decoding=\"async\" class=\"aligncenter wp-image-6232 size-full\" src=\"https:\/\/agora.xtec.cat\/iesmontsacopa\/wp-content\/uploads\/usu944\/2020\/06\/Logo-Ministerio-i-FSE-1.jpg\" alt=\"\" width=\"595\" height=\"80\" srcset=\"https:\/\/agora.xtec.cat\/iesmontsacopa\/wp-content\/uploads\/usu944\/2020\/06\/Logo-Ministerio-i-FSE-1.jpg 595w, https:\/\/agora.xtec.cat\/iesmontsacopa\/wp-content\/uploads\/usu944\/2020\/06\/Logo-Ministerio-i-FSE-1-300x40.jpg 300w\" sizes=\"auto, (max-width: 595px) 100vw, 595px\" \/><\/a><\/p>\n<table style=\"width: 100%;\">\n<tbody>\n<tr>\n<td style=\"border-color: #ffffff; text-align: center; vertical-align: middle;\"><a href=\"http:\/\/ensenyament.gencat.cat\/web\/.content\/home\/arees-actuacio\/fp-catalunya\/campanya-premsa\/cartells\/Print_A4_Dual.pdf\"><img loading=\"lazy\" decoding=\"async\" class=\"wp-image-5201 size-full aligncenter\" src=\"https:\/\/agora.xtec.cat\/iesmontsacopa\/wp-content\/uploads\/usu944\/2019\/11\/fp_dual.jpg\" alt=\"\" width=\"324\" height=\"461\" srcset=\"https:\/\/agora.xtec.cat\/iesmontsacopa\/wp-content\/uploads\/usu944\/2019\/11\/fp_dual.jpg 324w, https:\/\/agora.xtec.cat\/iesmontsacopa\/wp-content\/uploads\/usu944\/2019\/11\/fp_dual-211x300.jpg 211w\" sizes=\"auto, (max-width: 324px) 100vw, 324px\" \/><\/a><\/td>\n<td style=\"border-color: #ffffff; text-align: center; vertical-align: top;\"><span style=\"color: #800000;\"><strong><a href=\"http:\/\/ensenyament.gencat.cat\/ca\/arees-actuacio\/fp\/\"><img loading=\"lazy\" decoding=\"async\" class=\"aligncenter wp-image-5202 size-full\" src=\"https:\/\/agora.xtec.cat\/iesmontsacopa\/wp-content\/uploads\/usu944\/2019\/11\/fp_dual2.jpg\" alt=\"\" width=\"357\" height=\"122\" srcset=\"https:\/\/agora.xtec.cat\/iesmontsacopa\/wp-content\/uploads\/usu944\/2019\/11\/fp_dual2.jpg 357w, https:\/\/agora.xtec.cat\/iesmontsacopa\/wp-content\/uploads\/usu944\/2019\/11\/fp_dual2-300x103.jpg 300w\" sizes=\"auto, (max-width: 357px) 100vw, 357px\" \/><\/a><\/strong><\/span><\/td>\n<\/tr>\n<\/tbody>\n<\/table>\n<p>&nbsp;<\/p>\n<table class=\" aligncenter\" style=\"width: 100%; border-color: #ffffff;\">\n<tbody>\n<tr>\n<td style=\"border-color: #ffffff;\"><span style=\"color: #800000;\"><strong>\u00a0<\/strong><\/span><\/td>\n<\/tr>\n<\/tbody>\n<\/table>\n","protected":false},"excerpt":{"rendered":"<p>&nbsp; FP-DUAL Aquests estudis s&#8217;imparteixen en aquesta modalitat des del curs 2014-2015 &nbsp; Requisits d&#8217;acc\u00e8s http:\/\/queestudiar.gencat.cat\/ca\/estudis\/fp\/info-general\/ &nbsp; Compet\u00e8ncia general Aquests estudis capaciten per atendre les persones en situaci\u00f3 de depend\u00e8ncia, en l\u2019\u00e0mbit domiciliari i institucional, a fi de mantenir i millorar la seva qualitat de vida, fent activitats assistencials, no sanit\u00e0ries, psicosocials i de suport [&hellip;]<\/p>\n","protected":false},"author":1,"featured_media":0,"parent":695,"menu_order":0,"comment_status":"closed","ping_status":"closed","template":"page-templates\/side-menu.php","meta":{"_bbp_topic_count":0,"_bbp_reply_count":0,"_bbp_total_topic_count":0,"_bbp_total_reply_count":0,"_bbp_voice_count":0,"_bbp_anonymous_reply_count":0,"_bbp_topic_count_hidden":0,"_bbp_reply_count_hidden":0,"_bbp_forum_subforum_count":0,"site-sidebar-layout":"default","site-content-layout":"","ast-site-content-layout":"","site-content-style":"default","site-sidebar-style":"default","ast-global-header-display":"","ast-banner-title-visibility":"","ast-main-header-display":"","ast-hfb-above-header-display":"","ast-hfb-below-header-display":"","ast-hfb-mobile-header-display":"","site-post-title":"","ast-breadcrumbs-content":"","ast-featured-img":"","footer-sml-layout":"","theme-transparent-header-meta":"","adv-header-id-meta":"","stick-header-meta":"","header-above-stick-meta":"","header-main-stick-meta":"","header-below-stick-meta":"","astra-migrate-meta-layouts":"default","ast-page-background-enabled":"default","ast-page-background-meta":{"desktop":{"background-color":"var(--ast-global-color-4)","background-image":"","background-repeat":"repeat","background-position":"center center","background-size":"auto","background-attachment":"scroll","background-type":"","background-media":"","overlay-type":"","overlay-color":"","overlay-opacity":"","overlay-gradient":""},"tablet":{"background-color":"","background-image":"","background-repeat":"repeat","background-position":"center center","background-size":"auto","background-attachment":"scroll","background-type":"","background-media":"","overlay-type":"","overlay-color":"","overlay-opacity":"","overlay-gradient":""},"mobile":{"background-color":"","background-image":"","background-repeat":"repeat","background-position":"center center","background-size":"auto","background-attachment":"scroll","background-type":"","background-media":"","overlay-type":"","overlay-color":"","overlay-opacity":"","overlay-gradient":""}},"ast-content-background-meta":{"desktop":{"background-color":"var(--ast-global-color-5)","background-image":"","background-repeat":"repeat","background-position":"center center","background-size":"auto","background-attachment":"scroll","background-type":"","background-media":"","overlay-type":"","overlay-color":"","overlay-opacity":"","overlay-gradient":""},"tablet":{"background-color":"var(--ast-global-color-5)","background-image":"","background-repeat":"repeat","background-position":"center center","background-size":"auto","background-attachment":"scroll","background-type":"","background-media":"","overlay-type":"","overlay-color":"","overlay-opacity":"","overlay-gradient":""},"mobile":{"background-color":"var(--ast-global-color-5)","background-image":"","background-repeat":"repeat","background-position":"center center","background-size":"auto","background-attachment":"scroll","background-type":"","background-media":"","overlay-type":"","overlay-color":"","overlay-opacity":"","overlay-gradient":""}},"footnotes":""},"class_list":["post-759","page","type-page","status-publish","hentry"],"post_mailing_queue_ids":[],"_links":{"self":[{"href":"https:\/\/agora.xtec.cat\/iesmontsacopa\/wp-json\/wp\/v2\/pages\/759","targetHints":{"allow":["GET"]}}],"collection":[{"href":"https:\/\/agora.xtec.cat\/iesmontsacopa\/wp-json\/wp\/v2\/pages"}],"about":[{"href":"https:\/\/agora.xtec.cat\/iesmontsacopa\/wp-json\/wp\/v2\/types\/page"}],"author":[{"embeddable":true,"href":"https:\/\/agora.xtec.cat\/iesmontsacopa\/wp-json\/wp\/v2\/users\/1"}],"replies":[{"embeddable":true,"href":"https:\/\/agora.xtec.cat\/iesmontsacopa\/wp-json\/wp\/v2\/comments?post=759"}],"version-history":[{"count":7,"href":"https:\/\/agora.xtec.cat\/iesmontsacopa\/wp-json\/wp\/v2\/pages\/759\/revisions"}],"predecessor-version":[{"id":15537,"href":"https:\/\/agora.xtec.cat\/iesmontsacopa\/wp-json\/wp\/v2\/pages\/759\/revisions\/15537"}],"up":[{"embeddable":true,"href":"https:\/\/agora.xtec.cat\/iesmontsacopa\/wp-json\/wp\/v2\/pages\/695"}],"wp:attachment":[{"href":"https:\/\/agora.xtec.cat\/iesmontsacopa\/wp-json\/wp\/v2\/media?parent=759"}],"curies":[{"name":"wp","href":"https:\/\/api.w.org\/{rel}","templated":true}]}}