{"id":27,"date":"2014-09-17T16:24:03","date_gmt":"2014-09-17T16:24:03","guid":{"rendered":"http:\/\/agora.xtec.cat\/iesmontsacopa\/?page_id=27"},"modified":"2026-03-28T11:14:22","modified_gmt":"2026-03-28T10:14:22","slug":"historia","status":"publish","type":"page","link":"https:\/\/agora.xtec.cat\/iesmontsacopa\/linstitut\/historia\/","title":{"rendered":"Hist\u00f2ria"},"content":{"rendered":"<table border=\"0\" width=\"98%\" cellspacing=\"10\">\n<tbody>\n<tr>\n<td style=\"border-color: #ffffff; background-color: #f7f6f0;\" scope=\"col\" bgcolor=\"#E0E2E1\">\n<p class=\"Estilo36\" align=\"justify\"><span class=\"Estilo36\">Fent una mica d\u2019hist\u00f2ria, podr\u00edem dir que el primer institut d\u2019Olot i la seva comarca es va crear en temps de la Segona Rep\u00fablica. L\u2019ajuntament format a Olot l\u2019any 1931, presidit per Joan de Garganta, va aconseguir, tot i la forta oposici\u00f3 de sectors conservadors de la ciutat, que, el 4 d\u2019octubre de 1932, una vuitantena d\u2019alumnes comencessin les classes de batxillerat al \u201cCol\u00b7legi Municipal de Segona Ensenyan\u00e7a\u201d (un any m\u00e9s tard ja s\u2019anomenaria \u201cInstitut Elemental de Segona Ensenyan\u00e7a\u201d), a l\u2019edifici del Carme. Malauradament, l\u2019any 1939 va ser dissolt pel franquisme.<br \/>A partir d\u2019aqu\u00ed, es van succeir diferents institucions d\u2019ensenyament secundari. Tot i les diferents denominacions oficials que van adoptar, sempre van ser conegudes per la poblaci\u00f3 d\u2019Olot amb el nom de \u201cl\u2019institut\u201d.<br \/>El curs 1969-70 va obrir les portes el nou edifici, tan reclamat. Era el nou \u201cInstituto Nacional de Ense\u00f1anza Media\u201d que a partir de 1977 es va anomenar \u201cMontsacopa\u201d. <\/span><\/p>\n<\/td>\n<\/tr>\n<\/tbody>\n<\/table>\n<table style=\"width: 100%; height: 10066px;\" border=\"0\" width=\"98%\" cellspacing=\"10\">\n<tbody>\n<tr style=\"height: 208px;\">\n<td style=\"border-color: #ffffff; background-color: #f7f6f0; height: 208px;\" scope=\"col\" bgcolor=\"#E0E2E1\">\n<p class=\"Estilo36\" align=\"justify\"><span class=\"Estilo25\">1967<\/span><span class=\"Estilo36\"> Podr\u00edem remuntar-nos m\u00e9s enrere, per\u00f2 direm que, des del curs 1960-61, funcionava a l\u2019edifici del Carme el Colegio Libre Adoptado (C.L.A.), on es podien estudiar els quatre primers cursos de batxillerat. Aquest centre, amb\u00a0 Manuela Plana i Neus Andr\u00e9s al capdavant, fou l\u2019antecedent immediat del nostre institut.<br \/>El diario Los Sitios del 26 de novembre informa que s\u2019ha convocat la subhasta d\u2019obres de \u201cDos Secciones Delegadas de Instituto de Ense\u00f1anza Media en Olot, por un presupuesto de contrata de 12.483.400,100 pesetas\u201d.<\/span><\/p>\n<\/td>\n<\/tr>\n<tr style=\"height: 143px;\">\n<td style=\"border-color: #ffffff; background-color: #f7f6f0; height: 143px;\" bgcolor=\"#E0E2E1\">\n<p class=\"Estilo36\" align=\"justify\"><span class=\"Estilo25\">1968<\/span><span class=\"Estilo36\"> El Bolet\u00edn Oficial del Estado del 30 de gener publica la resoluci\u00f3 per la qual s\u2019adjudica l\u2019obra de construcci\u00f3 del futur institut a l\u2019empresa \u201cRiegos y Construcciones S.A.\u201d. Al n\u00fam. 636 d\u2019Olot-Misi\u00f3n, del 23 de febrer, llegim que \u201ca principios del mes pr\u00f3ximo se colocar\u00e1 la primera piedra del Instituto de Ense\u00f1anza Media\u201d.<\/span><\/p>\n<\/td>\n<\/tr>\n<tr style=\"height: 208px;\">\n<td style=\"border-color: #ffffff; background-color: #f7f6f0; height: 208px;\" bgcolor=\"#E0E2E1\">\n<p class=\"Estilo36\"><span class=\"Estilo25\">1969<\/span><span class=\"Estilo36\"> Olot-Misi\u00f3n dedica la portada del n\u00fam. 682, de 18 de gener, a les obres del nou institut. \u201cLas obras marchan a un buen ritmo y esperamos que muy pronto abra sus puertas a las j\u00f3venes generaciones olotenses y resuelva totalmente los problemas que la segunda ense\u00f1anza planteaba a la poblaci\u00f3n estudiantil\u201d.<br \/>La comissi\u00f3 gestora de l\u2019Associaci\u00f3 de Pares d\u2019Alumnes comunica que, segons la constructora, les obres estaran acabades el 14 de setembre. <\/span><\/p>\n<\/td>\n<\/tr>\n<tr style=\"height: 273px;\">\n<td style=\"border-color: #ffffff; background-color: #f7f6f0; height: 273px;\" bgcolor=\"#E0E2E1\">\n<p class=\"Estilo36\" align=\"justify\"><span class=\"Estilo25\">1969-70<\/span><span class=\"Estilo36\">: El 26 de juliol de 1969 es publica una nota al n\u00fam. 708 d\u2019Olot-Misi\u00f3n que informa sobre la matriculaci\u00f3 per al nou centre.<br \/>La junta directiva estava formada per Manuela Plana (directora), Llu\u00eds Badosa (vicedirector), Neus Andr\u00e9s (cap d\u2019estudis), Francisco Herrera (secretari) i Juan Antonio Navarro (vicesecretari).<br \/>El primer claustre de l\u2019institut estava format per 8 professors i 8 professores.<br \/>El primer curs va comen\u00e7ar amb 284 alumnes.<br \/>Al claustre del 13 de mar\u00e7 de 1970, la directora \u201cinform\u00f3 al Claustro de las gestiones y tr\u00e1mites que se realizan para lograr una mayor rapidez en la terminaci\u00f3n de la obras del Centro\u201d.<\/span><\/p>\n<\/td>\n<\/tr>\n<tr style=\"height: 273px;\">\n<td style=\"border-color: #ffffff; background-color: #f7f6f0; height: 273px;\" bgcolor=\"#E0E2E1\">\n<p class=\"Estilo36\"><span class=\"Estilo25\">1970-71<\/span><span class=\"Estilo36\"> Durant els cinc cursos en qu\u00e8 fou directora Manuela Plana s\u00f3n nombrosos els canvis en la junta directiva, normalment formada per cinc membres. En el curs 1970-71 no hi ha vicedirector; Jaume Rossich \u00e9s cap d\u2019estudis; Nicanor Nasarre, secretari, i Eduard Sierra, vicesecretari.<br \/>En aquest curs el centre acull 376 alumnes.<br \/>Durant els tres primers cursos l\u2019agrupament dels alumnes era divers. \u00c9s freq\u00fcent, si un curs t\u00e9 tres grups, fer-ne un de nois, un de noies i un de mixt. A partir del curs 72-73 l\u2019ensenyament ja ser\u00e0 mixt.<br \/>A comen\u00e7aments de 1971 els problemes de l\u2019edifici continuen sense soluci\u00f3.<\/span><\/p>\n<\/td>\n<\/tr>\n<tr style=\"height: 338px;\">\n<td style=\"border-color: #ffffff; background-color: #f7f6f0; height: 338px;\" bgcolor=\"#E0E2E1\">\n<p class=\"Estilo36\" align=\"justify\"><span class=\"Estilo25\">1971-72<\/span><span class=\"Estilo36\"> A la junta directiva d\u2019aquest curs s\u2019incorporen Rafael Casals (cap d\u2019estudis) i Montserrat Plana (vicesecret\u00e0ria).<br \/>El claustre de professors ja supera la vintena de membres (13 professors i 10 professores).<br \/>En aquest curs es comen\u00e7a a fer COU. Tamb\u00e9 ser\u00e0 el primer de quatre cursos en els quals no hi haur\u00e0 ingr\u00e9s de nous alumnes a causa de la progressiva extinci\u00f3 de l\u2019antic batxillerat. En el futur BUP (Bachillerato Unificado Polivalente) est\u00e0 previst que els alumnes comencin als 14 anys, despr\u00e9s d\u2019haver cursat vuit anys d\u2019EGB (Ense\u00f1anza General B\u00e1sica). Malgrat tot, el nombre d\u2019alumnes arriba a 404.<br \/>Al n\u00famero 856 d\u2019Olot-Misi\u00f3n, de l\u20191 de juliol de 1972, es recull el suggeriment \u201cd\u2019alguns que desitjarien que en el nostre Institut es donguessin classes nocturnes aquest estiu\u201d.<br \/>Tres dies m\u00e9s tard, a la sessi\u00f3 del 4 de juliol, el claustre sembla fer-se ress\u00f2 de l\u2019escrit d\u2019Olot-Misi\u00f3n. Es diu que s\u2019avisar\u00e0 a la poblaci\u00f3 de la possibilitat d\u2019impartir el batxillerat nocturn en el proper curs.<\/span><\/p>\n<\/td>\n<\/tr>\n<tr style=\"height: 338px;\">\n<td style=\"border-color: #ffffff; background-color: #f7f6f0; height: 338px;\" bgcolor=\"#E0E2E1\">\n<p class=\"Estilo36\" align=\"justify\"><span class=\"Estilo25\">1972-73<\/span><span class=\"Estilo36\"> A come\u00e7aments de setembre una nota a Olot-Misi\u00f3n informa que \u201cse cursar\u00e0 en Olot el BACHILLERATO NOCTURNO\u201d.<br \/>A l\u2019octubre tres membres de l\u2019equip directiu fan un roda de premsa. La idea que se n\u2019extreu \u00e9s que, malgrat els problemes i les mancances materials de l\u2019edifici, l\u2019institut funciona b\u00e9.<br \/>El nocturn comen\u00e7a amb 58 alumnes: 21 de 3r de Batxillerat, 13 de 4t i 24 de 5\u00e8.<br \/>Al claustre del 4 de novembre de 1972, s\u2019informa de la composici\u00f3 de la junta directiva: Manuela Plana (directora), Rafael Casals (vicedirector), Xavier Gassiot (cap d\u2019estudis), Josep Cat\u00e0 (secretari) i Neus Andr\u00e9s (vicesecret\u00e0ria).<br \/>Rafael Casals \u00e9s cap d\u2019estudis del nocturn.<br \/>A la secci\u00f3 \u201cEl sem\u00e1foro del Firal\u201d d\u2019Olot-Misi\u00f3n, del 16 de juny, s\u2019informa que s\u2019han arreglat la carretera del Morrot i els accessos a l\u2019Institut. <\/span><\/p>\n<\/td>\n<\/tr>\n<tr style=\"height: 208px;\">\n<td style=\"border-color: #ffffff; background-color: #f7f6f0; height: 208px;\" bgcolor=\"#E0E2E1\">\n<p class=\"Estilo36\" align=\"justify\"><span class=\"Estilo25\">1973-74<\/span><span class=\"Estilo36\"> Aquest \u00e9s el darrer curs en qu\u00e8 Manuela Plana \u00e9s directora. Eduard Rodeja s\u2019incorpora com a vicedirector i Rafael Casals passa a ser secretari.<br \/>El nombre d\u2019alumnes \u00e9s de 343 de di\u00fcrn i 93 de nocturn.<br \/>Al claustre del 23 de mar\u00e7 es discuteix sobre la proposta dels alumnes d\u2019elaborar murals sobre el valor de la vida de l\u2019home (aquell mes havia estat executat Salvador Puig i Antich).<\/span><\/p>\n<\/td>\n<\/tr>\n<tr style=\"height: 435px;\">\n<td style=\"border-color: #ffffff; background-color: #f7f6f0; height: 435px;\" bgcolor=\"#E0E2E1\">\n<p class=\"Estilo36\" align=\"justify\"><span class=\"Estilo25\">1974-75<\/span><span class=\"Estilo36\"> En aquest curs es produeix el primer canvi en la direcci\u00f3 del centre. La nova junta est\u00e0 formada per Josep Comas (director), Fernando del Val (vicedirector), Xavier Gassiot (cap d\u2019estudis), Rafael Casals (secretari) i Neus Andr\u00e9s (vicesecret\u00e0ria).<br \/>El nombre d\u2019alumnes de di\u00fcrn va baixant (274). De nocturn n\u2019hi ha 87.<br \/>El primer curs de l\u2019Escola de Formaci\u00f3 Professional d\u2019Olot es fa a l\u2019institut (s\u2019aprofita aix\u00ed l\u2019espai no utilitzat mentre no arribin les noves promocions de BUP). El cap d\u2019estudis \u00e9s Ramon Par\u00e9s i compta amb vuit professors. Comen\u00e7a amb les seccions d\u2019electricitat i administratiu. El curs seg\u00fcent l\u2019escola ja s\u2019instal\u00b7lar\u00e0 provisionalment al carrer d\u2019Enric Galwey (a tocar de la pla\u00e7a de Josep Clar\u00e0).<br \/>En aquest curs es posen en funcionament les primeres classes regulars de catal\u00e0, com a mat\u00e8ria volunt\u00e0ria, amb professorat finan\u00e7at a mitges entre l\u2019APA i l\u2019ajuntament.<br \/>Al claustre del 15 de febrer, s\u2019acorda proposar al Ministeri d\u2019Educaci\u00f3 i Ci\u00e8ncia que l\u2019institut porti el nom de \u201cMontsacopa\u201d.<br \/>Al claustre del 12 d\u2019abril de 1975, es parla del nou batxillerat, el BUP, que s\u2019ha de posar en marxa el proper curs. Es comenta que la gran quantitat d\u2019hores lectives, amb moltes assignatures de classe di\u00e0ria, complicar\u00e0 la confecci\u00f3 dels horaris. Tamb\u00e9 es veu la dificultat o, fins i tot, la impossibilitat de continuar oferint el nocturn amb el nou sistema.<\/span><\/p>\n<\/td>\n<\/tr>\n<tr style=\"height: 176px;\">\n<td style=\"border-color: #ffffff; background-color: #f7f6f0; height: 176px;\" bgcolor=\"#E0E2E1\">\n<p class=\"Estilo36\" align=\"justify\"><span class=\"Estilo25\">1975-76<\/span><span class=\"Estilo36\"> Comencen 145 alumnes de 1r de BUP, repartits en quatre grups. Del pla antic queden 175 alumnes (dos grups de 6\u00e8 de batxillerat i tres de COU).<br \/>En el segon any de Josep Comas com a director, la junta directiva es renova substancialment: M\u00e0xim Casanovas \u00e9s el vicedirector; Joan L\u00f3pez, el cap d\u2019estudis; Fernando del Val, el secretari, i Xavier Gassiot passa a ser vicesecretari.<\/span><\/p>\n<\/td>\n<\/tr>\n<tr style=\"height: 370px;\">\n<td style=\"border-color: #ffffff; background-color: #f7f6f0; height: 370px;\" bgcolor=\"#E0E2E1\">\n<p class=\"Estilo36\" align=\"justify\"><span class=\"Estilo25\">1976-77<\/span><span class=\"Estilo36\"> En aquest curs augmenta sensiblement el nombre d\u2019alumnes: 484 de di\u00fcrn.<br \/>Pel que fa al nocturn, aquest \u00e9s el darrer any del pla antic, amb un COU de 50 alumnes.<br \/>Per primera vegada en la hist\u00f2ria del centre, la junta directiva \u00e9s exactament la mateixa del curs anterior.<br \/>En la reuni\u00f3 del 23 d\u2019octubre de 1976, el claustre s\u2019adhereix un\u00e0nimament al Congr\u00e9s de Cultura Catalana. L\u2019acta d\u2019aquest claustre, redactada per Xavier Gassiot (vicesecretari), \u00e9s la primera escrita en catal\u00e0.<br \/>La vaga de PNN (professors no numeraris) coincideix amb les festes de Sant Tom\u00e0s i s\u2019allargar\u00e0 una colla de dies. A l\u2019institut, gaireb\u00e9 la meitat del professors s\u00f3n no numeraris.<br \/>Al claustre del 16 d\u2019abril de 1977, el director informa que finalment ha estat concedida una assignaci\u00f3 de 8 milions de pessetes per \u201cacabar\u201d l\u2019institut. Les obres comen\u00e7aran a l\u2019estiu.<br \/>Tamb\u00e9 es fa saber que el BOE ha publicat l\u2019aprovaci\u00f3 del ministeri per tal que el centre es pugui anomenar \u201cMontsacopa\u201d.<\/span><\/p>\n<\/td>\n<\/tr>\n<tr style=\"height: 208px;\">\n<td style=\"border-color: #ffffff; background-color: #f7f6f0; height: 208px;\" bgcolor=\"#E0E2E1\">\n<p class=\"Estilo36\" align=\"justify\"><span class=\"Estilo25\">1977-78<\/span><span class=\"Estilo36\"> En el darrer curs de Josep Comas com a director i professor del centre hi ha una renovaci\u00f3 total de la resta de la junta directiva: Anna Viader \u00e9s vicedirectora; Carme Casta\u00f1er, cap d\u2019estudis; Joan Canut, secretari, i Joan Sala, vicesecretari.<br \/>Per primera vegada, el nombre de professores (18) ja dobla el de professors (9).<br \/>A la sessi\u00f3 del claustre del 20 de setembre, es decideix eliminar els quinze minuts de pati de la tarda (els alumnes faran les tres hores seguides). <\/span><\/p>\n<\/td>\n<\/tr>\n<tr style=\"height: 143px;\">\n<td style=\"border-color: #ffffff; background-color: #f7f6f0; height: 143px;\" bgcolor=\"#E0E2E1\">\n<p class=\"Estilo36\" align=\"justify\"><span class=\"Estilo25\">1978-79<\/span><span class=\"Estilo36\"> En aquest curs hi ha nova junta directiva: Anna Viader \u00e9s la directora; Neus Andr\u00e9s, la vicedirectora; Joaquim Genover, el cap d\u2019estudis; Joan Canut, secretari, i Rosa Llongarriu, vicesecret\u00e0ria.<br \/>El nombre de professors del claustre ja supera la trentena (22 professores i 14 professors).<\/span><\/p>\n<\/td>\n<\/tr>\n<tr style=\"height: 111px;\">\n<td style=\"border-color: #ffffff; background-color: #f7f6f0; height: 111px;\" bgcolor=\"#E0E2E1\">\n<p class=\"Estilo36\" align=\"justify\"><span class=\"Estilo25\">1979-80<\/span><span class=\"Estilo36\"> Nova junta directiva: Carme Casta\u00f1er \u00e9s la directora; Rosa Llongarriu, la vicedirectora; Joaquim Genover i Joan Canut continuen com a cap d\u2019estudis i com a secretari, respectivament, i Neus Andr\u00e9s \u00e9s vicesecret\u00e0ria.<\/span><\/p>\n<\/td>\n<\/tr>\n<tr style=\"height: 143px;\">\n<td style=\"border-color: #ffffff; background-color: #f7f6f0; height: 143px;\" bgcolor=\"#E0E2E1\">\n<p class=\"Estilo36\" align=\"justify\"><span class=\"Estilo25\">1980-81<\/span><span class=\"Estilo36\"> La junta directiva d\u2019aquest curs \u00e9s exactament la mateixa del curs anterior.<br \/>Aquest curs es deixa de fer el BUP nocturn.<br \/>A finals del primer trimestre es pot estrenar la pista esportiva (aleshores era l\u2019\u00fanica, despr\u00e9s se\u2019n dir\u00e0 pista vermella o pista de baix). <\/span><\/p>\n<\/td>\n<\/tr>\n<tr style=\"height: 143px;\">\n<td style=\"border-color: #ffffff; background-color: #f7f6f0; height: 143px;\" bgcolor=\"#E0E2E1\">\n<p class=\"Estilo36\" align=\"justify\"><span class=\"Estilo25\">1981-82 <\/span><span class=\"Estilo36\">Nova junta directiva: Jes\u00fas Rold\u00e1n \u00e9s el director; L\u00eddia Ib\u00e1\u00f1ez, la vicedirectora; M. \u00c0ngels Sol\u00e0, la cap d\u2019estudis; Joan Canut continua com a secretari, i Teresa Prat \u00e9s la vicesecrat\u00e0ria.<br \/>El nombre d\u2019alumnes \u00e9s de 585 (160 de 1r de BUP, 155 de 2n, 126 de 3r i 144 de COU).<\/span><\/p>\n<\/td>\n<\/tr>\n<tr style=\"height: 273px;\">\n<td style=\"border-color: #ffffff; background-color: #f7f6f0; height: 273px;\" bgcolor=\"#E0E2E1\">\n<p class=\"Estilo36\" align=\"justify\"><span class=\"Estilo25\">1982-83<\/span><span class=\"Estilo36\"> En aquest curs la junta directiva de l\u2019institut passa a ser de sis membres. La junta es remodela sensiblement: Teresa Prat passa a ser vicedirectora; Josep S\u00e1nchez \u00e9s el cap d\u2019estudis; Josep M. Hidalgo, l\u2019ajudant de cap d\u2019estudis, i Josep Palau, vicesecretari. Continuen Jes\u00fas Rold\u00e1n com a director i Joan Canut com a secretari.<br \/>El nombre d\u2019alumnes ja supera els sis-cents (604).<br \/>La inf\u00f2rmatica treu el cap per primer cop en l\u2019acta d\u2019un claustre. Concretament, en la del 20 de novembre de 1982 es demana que es compri un \u201cmini-ordenador\u201d.<br \/>Del 18 al 22 d\u2019abril l\u2019institut celebra la Setmana Cultural dedicada a Miquel Mart\u00ed i Pol. <\/span><\/p>\n<\/td>\n<\/tr>\n<tr style=\"height: 370px;\">\n<td style=\"border-color: #ffffff; background-color: #f7f6f0; height: 370px;\" bgcolor=\"#E0E2E1\">\n<p class=\"Estilo36\" align=\"justify\"><span class=\"Estilo25\">1983-84<\/span><span class=\"Estilo36\"> En aquest curs la junta directiva es renova gaireb\u00e9 totalment: Carme Casta\u00f1er \u00e9s la directora; Pere Mart\u00ed, el vicedirector; Josep S\u00e1nchez, cap d\u2019estudis; Pablo Alegre, ajudant de cap d\u2019estudis; Jaume Mercader, secretari, i Ant\u00f2nia Cordom\u00ed, vicesecret\u00e0ria.<br \/>En aquest curs el nombre de professors del claustre ja supera la quarantena: 24 professors i 17 professores.<br \/>En aquest \u00e8poca, a m\u00e9s de la junta directiva i el claustre de professors, tamb\u00e9 existien el consell de direcci\u00f3 i la junta econ\u00f2mica. L\u2019institut, a m\u00e9s, s\u2019organitzava en tres comissions: la d\u2019extraescolars, la de material i la pedag\u00f2gica.<br \/>El divendres 10 de febrer, el claustre de professors es reuneix en sessi\u00f3 extraordin\u00e0ria amb un \u00fanic punt del dia: les destrosses de finestrals causades per les ventades.<br \/>Del 9 al 14 d\u2019abril, l\u2019institut celebra la Setmana Cultural dedicada a Pere Calders.<br \/>El curs vinent hi haur\u00e0 un grup m\u00e9s i s\u2019arribar\u00e0 als divuit. Caldr\u00e0 fer obres per reubicar espais. Es comen\u00e7a a parlar de la necessitat d\u2019ampliaci\u00f3 del centre.<\/span><\/p>\n<\/td>\n<\/tr>\n<tr style=\"height: 111px;\">\n<td style=\"border-color: #ffffff; background-color: #f7f6f0; height: 111px;\" bgcolor=\"#E0E2E1\">\n<p class=\"Estilo36\" align=\"justify\"><span class=\"Estilo25\">1984-85<\/span><span class=\"Estilo36\"> Del 22 al 28 d\u2019abril, l\u2019institut celebra la Setmana Cultural dedicada a la cultura popular, en homenatge a Josep Romeu i Figueras.<br \/>L\u2019Institut Montsacopa rep el premi Baldiri Rexach per la campanya de catalanitzaci\u00f3 del centre i el seu entorn.<\/span><\/p>\n<\/td>\n<\/tr>\n<tr style=\"height: 273px;\">\n<td style=\"border-color: #ffffff; background-color: #f7f6f0; height: 273px;\" bgcolor=\"#E0E2E1\">\n<p class=\"Estilo36\" align=\"justify\"><span class=\"Estilo25\">1985-86 <\/span><span class=\"Estilo36\">El curs comen\u00e7a amb nova junta directiva: Jos\u00e9 Luis Bartolom\u00e9 \u00e9s el director; Joan L\u00f3pez, el vicedirector; Pablo Alegre, el cap d\u2019estudis; L\u00eddia Ib\u00e1\u00f1ez, l\u2019ajudant de cap d\u2019estudis; Teresa Dan\u00e9s, la secret\u00e0ria, i Xavier Crosas, el vicesecretari.<br \/>A la sessi\u00f3 del claustre del 6 de setembre, s\u2019informa que en aquest curs hi haur\u00e0 636 alumnes, distribu\u00efts en 19 grups, i que el centre nom\u00e9s disposa de 18 aules.<br \/>Al claustre del 30 d\u2019octubre, es parla de demanar el canvi de mobiliari de les aules.<br \/>Del 5 al 9 de maig, l\u2019institut celebra la Setmana Cultural \u201cEl Cosmos\u201d, en homenatge al cient\u00edfic Joan Or\u00f3.<br \/>En aquest curs comen\u00e7a a funcionar el Consell Escolar. <\/span><\/p>\n<\/td>\n<\/tr>\n<tr style=\"height: 176px;\">\n<td style=\"border-color: #ffffff; background-color: #f7f6f0; height: 176px;\" bgcolor=\"#E0E2E1\">\n<p class=\"Estilo36\" align=\"justify\"><span class=\"Estilo25\">1986-87<\/span><span class=\"Estilo36\"> Nova junta directiva: Joan L\u00f3pez \u00e9s el director; Lourdes Corcoy, la vicedirectora; Ant\u00f2nia Cordom\u00ed, la cap d\u2019estudis; M. \u00c0ngels Sol\u00e0, l\u2019ajudant de cap d\u2019estudis; Teresa Dan\u00e9s, la secret\u00e0ria, i Xavier Crosas, el vicesecretari.<br \/>Durant aquest curs el Consell Escolar fa diverses visites als Serveis Territorials d\u2019Ensenyament per reclamar millores (tanca del camp d\u2019esports, teulada, mobiliari nou&#8230;) i l\u2019ampliaci\u00f3 del centre. Es comencen a arreglar finestrals de la fa\u00e7ana nord.<\/span><\/p>\n<\/td>\n<\/tr>\n<tr style=\"height: 241px;\">\n<td style=\"border-color: #ffffff; background-color: #f7f6f0; height: 241px;\" bgcolor=\"#E0E2E1\">\n<p class=\"Estilo36\" align=\"justify\"><span class=\"Estilo25\">1987-88<\/span><span class=\"Estilo36\"> Nova junta directiva: Jos\u00e9 Luis Bartolom\u00e9 \u00e9s el director; Joan Josep Mayans, el vicedirector; Assumpci\u00f3 Arnau, la cap d\u2019estudis, Montserrat Soler, l\u2019ajudant de cap d\u2019estudis, i Teresa Dan\u00e9s i Xavier Crosas continuen com a secret\u00e0ria i com a vicesecretari, respectivament.<br \/>Arriba mobiliari nou. Tamb\u00e9 es reben sis ordinadors i s\u2019habilita una aula d\u2019inform\u00e0tica.<br \/>Durant el curs s\u2019arreglaran m\u00e9s finestrals, per\u00f2 far\u00e0 falta encara una tercera fase.<br \/>Del 12 al 19 de febrer, l\u2019institut celebra la Setmana Cultural dedicada a la m\u00fasica popular.<\/span><\/p>\n<\/td>\n<\/tr>\n<tr style=\"height: 143px;\">\n<td style=\"border-color: #ffffff; background-color: #f7f6f0; height: 143px;\" bgcolor=\"#E0E2E1\">\n<p class=\"Estilo36\" align=\"justify\"><span class=\"Estilo25\">1988-89<\/span><span class=\"Estilo36\"> Nova junta directiva: Llu\u00eds L\u00f3pez \u00e9s el director; Juli Clavijo, el vicedirector; M. \u00c0ngels Sol\u00e0, la cap d\u2019estudis; Josefa Sala, l\u2019ajudant de cap d\u2019estudis; Montserrat Soler, la secret\u00e0ria, i Xavier Crosas, el vicesecretari.<br \/>El curs tindr\u00e0 718 alumnes repartits en 21 grups i es requereixen dues aules m\u00e9s. S\u2019aprova dividir l\u2019\u00fanica aula d\u2019ex\u00e0mens que queda.<\/span><\/p>\n<\/td>\n<\/tr>\n<tr style=\"height: 143px;\">\n<td style=\"border-color: #ffffff; background-color: #f7f6f0; height: 143px;\" bgcolor=\"#E0E2E1\">\n<p class=\"Estilo36\" align=\"justify\"><span class=\"Estilo25\">1989-90<\/span><span class=\"Estilo36\"> Nova junta directiva: el director \u00e9s Josep M. Rodr\u00edguez; Joan Josep Mayans, el vicedirector; M. \u00c0ngels Sol\u00e0, la cap d\u2019estudis; Dolors Torrent, l\u2019ajudant de cap d\u2019estudis; Montserrat Soler, la secret\u00e0ria, i Helena Cases, la vicesecret\u00e0ria.<br \/>Del 26 al 28 d\u2019abril l\u2019institut celebra el 20\u00e8 aniversari.<\/span><\/p>\n<\/td>\n<\/tr>\n<tr style=\"height: 208px;\">\n<td style=\"border-color: #ffffff; background-color: #f7f6f0; height: 208px;\" bgcolor=\"#E0E2E1\">\n<p class=\"Estilo36\" align=\"justify\"><span class=\"Estilo25\">1990-91<\/span><span class=\"Estilo36\"> El curs comen\u00e7a amb una junta directiva totalment nova respecte al curs anterior: Juli Clavijo \u00e9s el director; Montse Gelis, la vicedirectora; Llu\u00eds L\u00f3pez, el cap d\u2019estudis; Fina Vilanova, l\u2019ajudant de cap d\u2019estudis; Anabel Villarejo, la secret\u00e0ria, i Xavier Crosas, el vicesecretari.<br \/>El nombre de components del claustre de professors arriba a 50: 36 professores i 14 professors.<br \/>Al claustre del 27 de setembre s\u2019informa que ja s\u2019ha signat l\u2019adjudicaci\u00f3 de les obres.<\/span><\/p>\n<\/td>\n<\/tr>\n<tr style=\"height: 208px;\">\n<td style=\"border-color: #ffffff; background-color: #f7f6f0; height: 208px;\" bgcolor=\"#E0E2E1\">\n<p class=\"Estilo36\" align=\"justify\"><span class=\"Estilo25\">1991-92<\/span><span class=\"Estilo36\"> La junta directiva \u00e9s la mateixa del curs passat amb un \u00fanic canvi: Teresa Font s\u2019incorpora com a vicesecret\u00e0ria en substituci\u00f3 de Xavier Crosas.<br \/>El retard en la finalitzaci\u00f3 de les obres fa que durant unes setmanes dos grups hagin d\u2019ocupar l\u2019aula d\u2019idioma i l\u2019aula de v\u00eddeo, i que dos grups m\u00e9s, de forma rotativa, hagin de fer les classes fora del centre. Quan l\u2019ampliaci\u00f3 entri en funcionament, hauran passat uns vuit anys des de les primeres reivindicacions. <\/span><\/p>\n<\/td>\n<\/tr>\n<tr style=\"height: 176px;\">\n<td style=\"border-color: #ffffff; background-color: #f7f6f0; height: 176px;\" bgcolor=\"#E0E2E1\">\n<p class=\"Estilo36\" align=\"justify\"><span class=\"Estilo25\">1992-93<\/span><span class=\"Estilo36\"> Nova junta directiva: Jos\u00e9 Luis Bartolom\u00e9 \u00e9s el director; Pere G\u00f3mez, el vicedirector; Assumpci\u00f3 Arnau, la cap d\u2019estudis; M. \u00c0ngels Sol\u00e0, l\u2019ajudant de cap d\u2019estudis; Teresa Dan\u00e9s, la secret\u00e0ria, i Helena Cases, la vicesecret\u00e0ria. Aquesta junta ser\u00e0 exactament la mateixa durant tres cursos.<br \/>El centre acull 800 alumnes distribu\u00efts en sis grups a tots els cursos.<\/span><\/p>\n<\/td>\n<\/tr>\n<tr style=\"height: 111px;\">\n<td style=\"border-color: #ffffff; background-color: #f7f6f0; height: 111px;\" bgcolor=\"#E0E2E1\">\n<p class=\"Estilo36\" align=\"justify\"><span class=\"Estilo25\">1993-94<\/span><span class=\"Estilo36\"> A la reuni\u00f3 del claustre del 4 de maig s\u2019aprova un canvi d\u2019horari de classes per al proper curs. Es faran cinc hores al mat\u00ed i dues hores a la tarda del dilluns i el dimarts. <\/span><\/p>\n<\/td>\n<\/tr>\n<tr style=\"height: 208px;\">\n<td style=\"border-color: #ffffff; background-color: #f7f6f0; height: 208px;\" bgcolor=\"#E0E2E1\">\n<p class=\"Estilo36\" align=\"justify\"><span class=\"Estilo25\">1994-95<\/span><span class=\"Estilo36\"> En aquest curs s\u2019arriba al m\u00e0xim hist\u00f2ric de 845 alumnes. Nom\u00e9s de 1r de BUP (el darrer que es far\u00e0) hi ha 234 alumnes, repartits en set grups.<br \/>Al claustre del 8 de novembre, es confirma l\u2019avan\u00e7ament de la reforma per al curs vinent. En propers claustres es comen\u00e7ar\u00e0 a parlar de la distribuci\u00f3 hor\u00e0ria del 2n cicle d\u2019ESO.<br \/>Pel mar\u00e7, s\u2019organitza la primera Setmana de la Neu (esquiada) coincidint amb les Jornades Culturals.\u00a0 <\/span><\/p>\n<\/td>\n<\/tr>\n<tr style=\"height: 241px;\">\n<td style=\"border-color: #ffffff; background-color: #f7f6f0; height: 241px;\" bgcolor=\"#E0E2E1\">\n<p class=\"Estilo36\" align=\"justify\"><span class=\"Estilo25\">1995-96<\/span><span class=\"Estilo36\"> L\u2019institut s\u2019ha convertit en un IES i, per tant, hi haur\u00e0 cinc c\u00e0rrecs directius. Jos\u00e9 Luis Bartolom\u00e9, Assumpci\u00f3 Arnau i Teresa Dan\u00e9s continuen com a director, cap d\u2019estudis i secret\u00e0ria, respectivament. M. \u00c0ngels Sol\u00e0 \u00e9s la coordinadora pedag\u00f2gica i Helena Cases ocupa el c\u00e0rrec d\u2019adjunt (amb el temps es tornar\u00e0 a dir vicedirecci\u00f3).<br \/>L\u2019inici de la implatanci\u00f3 de la Reforma comporta una davallada del nombre d\u2019alumnes (747). Hi ha 22 grups: 4 de 3r d\u2019ESO; 6 de 2n de BUP, 6 de 3r de BUP i 6 de COU.<br \/>L\u2019horari de classes es modifica lleugerament: de 2\/4 de 9 a 2 del mat\u00ed i de 2\/4 de 4 a 2\/4 de 6 de la tarda.<\/span><\/p>\n<\/td>\n<\/tr>\n<tr style=\"height: 176px;\">\n<td style=\"border-color: #ffffff; background-color: #f7f6f0; height: 176px;\" bgcolor=\"#E0E2E1\">\n<p class=\"Estilo36\" align=\"justify\"><span class=\"Estilo25\">1996-97<\/span><span class=\"Estilo36\"> Remodelaci\u00f3 de la junta directiva: Helena Cases passa a ser la cap d\u2019estudis, M. \u00c0ngels Sol\u00e0 ocupa el c\u00e0rrec d\u2019adjunt i Rosa M. Llongarriu s\u2019incorpora com a coordinadora pedag\u00f2gica. El curs seg\u00fcent, la junta ser\u00e0 la mateixa.<br \/>Del pla anterior queden 221 alumnes de 3r de BUP i 202 alumnes de COU. En el nou pla trobem ja l\u2019entrada dels petits de 12 anys (96 alumnes de 1r d\u2019ESO). Tamb\u00e9 hi ha 99 alumnes de 3r d\u2019ESO i 127 alumnes de 4t d\u2019ESO. <\/span><\/p>\n<\/td>\n<\/tr>\n<tr style=\"height: 176px;\">\n<td style=\"border-color: #ffffff; background-color: #f7f6f0; height: 176px;\" bgcolor=\"#E0E2E1\">\n<p class=\"Estilo36\" align=\"justify\"><span class=\"Estilo25\">1997-98<\/span><span class=\"Estilo36\"> Del pla antic ja nom\u00e9s queda el COU (202 alumnes rerpartits en sis grups).<br \/>A l\u2019ESO ja hi ha els quatre cursos (tres grups a cada curs). Es comen\u00e7a a fer el 1r del nou Batxillerat (quatre grups).<br \/>Durant aquesta \u00e8poca s\u2019han anat realitzant algunes millores al centre: pintat de l\u2019exterior de l\u2019edifici, remodelaci\u00f3 de la biblioteca, renovaci\u00f3 dels lavabos de la planta baixa&#8230;<\/span><\/p>\n<\/td>\n<\/tr>\n<tr style=\"height: 143px;\">\n<td style=\"border-color: #ffffff; background-color: #f7f6f0; height: 143px;\" bgcolor=\"#E0E2E1\">\n<p class=\"Estilo36\" align=\"justify\"><span class=\"Estilo25\">1998-99<\/span><span class=\"Estilo36\"> A la junta directiva, M. Rosa Roca ocupa el c\u00e0rrec d\u2019adjunt. Durant tres cursos no hi haur\u00e0 cap canvi.<br \/>A mitjans de curs ja es pot utilitzar l\u2019ampliaci\u00f3 que s\u2019ha fet al gimn\u00e0s amb nous vestidors i dutxes, una obra molt necess\u00e0ria i llargament reclamada.<\/span><\/p>\n<\/td>\n<\/tr>\n<tr style=\"height: 111px;\">\n<td style=\"border-color: #ffffff; background-color: #f7f6f0; height: 111px;\" bgcolor=\"#E0E2E1\">\n<p class=\"Estilo36\" align=\"justify\"><span class=\"Estilo25\">1999-2000<\/span><span class=\"Estilo36\"> Aquest \u00e9s el segon curs en qu\u00e8 ja funcionen tots els cursos que preveu la LOGSE. En centre acull 576 alumnes, repartits en tres grups a 1r i a 4t d\u2019ESO i a 1r i 2n de Batxillerat, i en quatre grups a 2n i 3r d\u2019ESO.<\/span><\/p>\n<\/td>\n<\/tr>\n<tr style=\"height: 241px;\">\n<td style=\"border-color: #ffffff; background-color: #f7f6f0; height: 241px;\" bgcolor=\"#E0E2E1\">\n<p class=\"Estilo36\" align=\"justify\"><span class=\"Estilo25\">2000-01<\/span><span class=\"Estilo36\"> Per Sant Jordi s\u2019instaura el Memorial Vilanova, la cursa al voltant del volc\u00e0, en record de Miquel Vilanova, professor d\u2019Educaci\u00f3 F\u00edsica mort l\u2019estiu anterior. Tamb\u00e9 es posa el nom de Miquel Vilanova a la \u201cpista de dalt\u201d.<br \/>Els dies 13, 14 i 15 de juny el nostre centre acull les proves de selectivitat per als alumnes d\u2019Olot, Ripoll i Amer. \u00c9s el primer any en qu\u00e8 les proves es descentralitzen.<br \/>A final de curs, s\u2019instaura la festa de comiat de Batxillerat. El convidat de la primera festa \u00e9s Pere Macias, exalumne del centre i aleshores conseller de Pol\u00edtica Territorial i Obres P\u00fabliques de la Generalitat de Catalunya.<\/span><\/p>\n<\/td>\n<\/tr>\n<tr style=\"height: 111px;\">\n<td style=\"border-color: #ffffff; background-color: #f7f6f0; height: 111px;\" bgcolor=\"#E0E2E1\">\n<p class=\"Estilo36\" align=\"justify\"><span class=\"Estilo25\">2001-02<\/span><span class=\"Estilo36\"> A l\u2019equip directiu, Rosa M. Llongarriu passa a ser la cap d\u2019estudis i Teresa Font s\u2019incorpora com a coordinadora pedag\u00f2gica.<br \/>Tamb\u00e9 es fa saber que a partir del proper curs est\u00e0 previst un augment d\u2019hores lectives a 1r d\u2019ESO: de 26 a 29.<\/span><\/p>\n<\/td>\n<\/tr>\n<tr style=\"height: 143px;\">\n<td style=\"border-color: #ffffff; background-color: #f7f6f0; height: 143px;\" bgcolor=\"#E0E2E1\">\n<p class=\"Estilo36\" align=\"justify\"><span class=\"Estilo25\">2002-03<\/span><span class=\"Estilo36\"> Durant l\u2019estiu, s\u2019ha renovat el laboratori de Biologia, s\u2019ha ampliat el menjador i s\u2019ha renovat totalment la cuina. Tamb\u00e9 s\u2019ha habilitat una sala d\u2019actes a l\u2019espai de l\u2019aula d\u2019audiovisuals de l\u2019ala oest.<br \/>El 30 de setembre comencen les classes de l\u2019Escola Oficial d\u2019Idiomes, amb seu a l\u2019Institut Montsacopa.<\/span><\/p>\n<\/td>\n<\/tr>\n<tr style=\"height: 176px;\">\n<td style=\"border-color: #ffffff; background-color: #f7f6f0; height: 176px;\" bgcolor=\"#E0E2E1\">\n<p class=\"Estilo36\" align=\"justify\"><span class=\"Estilo25\">2003-04<\/span><span class=\"Estilo36\"> En el darrer any de Jos\u00e9 Luis Bartolom\u00e9 com a director l\u2019equip directiu est\u00e0 completat amb Joan Josep Mayans (vicedirector), Teresa Font (cap d\u2019estudis), M. Rosa Roca (coordinadora pedag\u00f2gica) i Teresa Dan\u00e9s (secret\u00e0ria).<br \/>Al claustre de 21 d\u2019abril es fa saber que ens ha estat concedit un RAM de 300.000 \u20ac per arreglar el teulat, pintar l\u2019exterior de l\u2019edifici i pavimentar l\u2019entrada del centre. <\/span><\/p>\n<\/td>\n<\/tr>\n<tr style=\"height: 143px;\">\n<td style=\"border-color: #ffffff; background-color: #f7f6f0; height: 143px;\" bgcolor=\"#E0E2E1\">\n<p class=\"Estilo36\" align=\"justify\"><span class=\"Estilo25\">2004-05<\/span><span class=\"Estilo36\"> Renovaci\u00f3 total de l\u2019equip directiu: Gemma Carreras \u00e9s la directora; M. \u00c0ngels Sol\u00e0, la vicedirectora; Concepci\u00f3 Formatg\u00e9, la cap d\u2019estudis; Anabel Villarejo, la coordinadora pedag\u00f2gica, i Llu\u00eds Bagu\u00e9, el secretari. Aquest equip ser\u00e0 el mateix durant tres cursos.<br \/>Al claustre de l\u20191 de setembre, s\u2019informa que el centre disposar\u00e0 a partir d\u2019aquest curs d\u2019una aula d\u2019acollida.<\/span><\/p>\n<\/td>\n<\/tr>\n<tr style=\"height: 79px;\">\n<td style=\"border-color: #ffffff; background-color: #f7f6f0; height: 79px;\" bgcolor=\"#E0E2E1\">\n<p class=\"Estilo36\"><span class=\"Estilo25\">2005-06<\/span><span class=\"Estilo36\"> Al claustre del 29 de juny s\u2019informa que el proper curs, per la manca d\u2019espai, s\u2019instal\u00b7laran barracons.<\/span><\/p>\n<\/td>\n<\/tr>\n<tr style=\"height: 241px;\">\n<td style=\"border-color: #ffffff; background-color: #f7f6f0; height: 241px;\" bgcolor=\"#E0E2E1\">\n<p class=\"Estilo36\" align=\"justify\"><span class=\"Estilo25\">2006-07<\/span><span class=\"Estilo36\"> Al claustre de l\u20191 de setembre, s\u2019informa que durant l\u2019estiu s\u2019ha acabat de pintar l\u2019exterior del centre i s\u2019han pintat algunes aules. Tamb\u00e9 s\u2019han instal\u00b7lat portes automatitzades als passadissos, en compliment de la normativa antiincendis.<br \/>Tamb\u00e9 s\u2019aprova participar en l\u2019elaboraci\u00f3 d\u2019un Pla de Millora del centre.<br \/>Al claustre del 28 de mar\u00e7 s\u2019informa que es procedir\u00e0 al cablejat inform\u00e0tic del centre (Projecte Heura). Tamb\u00e9 es diu que el proper curs caldr\u00e0 augmentar l\u2019espai de barracons. L\u2019espai actual de la biblioteca es reconvertir\u00e0 en consergeria-copisteria i dues sales. La biblioteca, finalment, es traslladar\u00e0 a l\u2019espai de la caseta.<\/span><\/p>\n<\/td>\n<\/tr>\n<tr style=\"height: 143px;\">\n<td style=\"border-color: #ffffff; background-color: #f7f6f0; height: 143px;\" bgcolor=\"#E0E2E1\">\n<p class=\"Estilo36\" align=\"justify\"><span class=\"Estilo25\">2007-08<\/span><span class=\"Estilo36\"> Nou equip directiu: Teresa Dan\u00e9s \u00e9s la directora; M. \u00c0ngels Sol\u00e0 continua com a vicedirectora; Teresa Font \u00e9s la cap d\u2019estudis; Montse Gelis, la coordinadora pedag\u00f2gica, i Blanca Calabuig, la secret\u00e0ria. Aquest equip ser\u00e0 el mateix en els dos propers cursos.<br \/>A partir d\u2019aquest curs el centre disposar\u00e0 d\u2019un servei d\u2019atenci\u00f3 a la salut adre\u00e7at als alumnes d\u2019ESO. <\/span><\/p>\n<\/td>\n<\/tr>\n<tr style=\"height: 305px;\">\n<td style=\"border-color: #ffffff; background-color: #f7f6f0; height: 305px;\" bgcolor=\"#E0E2E1\">\n<p class=\"Estilo36\" align=\"justify\"><span class=\"Estilo25\">2008-09<\/span><span class=\"Estilo36\"> En aquest curs l\u2019institut inaugura el Cicle Formatiu de Grau Superior de T\u00e8cnic\/a Superior en Educaci\u00f3 Infantil. D\u2019aquesta manera, el centre s\u2019incorpora al m\u00f3n dels ensenyaments professionals.<br \/>El centre posa en pr\u00e0ctica un sistema d\u2019itineraris per al 4t curs d\u2019ESO.<br \/>El nostre centre participa en un projecte de les Agrupaciones Escolares que impulsa el Ministerio de Educaci\u00f3n, Pol\u00edtica Social y Deporte. L\u2019Institut Montsacopa far\u00e0 intercanvis amb l\u2019IES Blas Infante de C\u00f2rdova i amb l\u2019IES Poeta S\u00e1nchez Bautista de M\u00farcia.<br \/>Es posa en funcionament el Servei de Mediaci\u00f3.<br \/>El divendres 20 de mar\u00e7 l\u2019institut rep la visita del president del Parlament de Catalunya, Ernest Benach, en el marc del programa \u201cEl Parlament a les aules\u201d.<\/span><\/p>\n<\/td>\n<\/tr>\n<tr style=\"height: 273px;\">\n<td style=\"border-color: #ffffff; background-color: #f7f6f0; height: 273px;\" bgcolor=\"#E0E2E1\">\n<p class=\"Estilo36\" align=\"justify\"><span class=\"Estilo25\">2009-10<\/span><span class=\"Estilo36\"> El nostre centre \u00e9s un dels seleccionats per elaborar el Projecte d\u2019Autonomia de Centre (PAC), destinat a millorar els resultats acad\u00e8mics i fomentar la cohesi\u00f3 social.<br \/>Ja estan en funcionament els dos cursos del Cicle Formatiu de Grau Superior d\u2019Educaci\u00f3 Infantil: el de primer, amb 30 alumnes, i el de segon, amb 26.<br \/>Durant els mesos de mar\u00e7, abril i maig l\u2019Institut celebra el seu 40\u00e8 aniversari amb una nodrida programaci\u00f3 d\u2019activitats. Amb motiu d\u2019aquesta celebraci\u00f3, el conseller d\u2019ensenyament Ernest Maragall visita el centre. Es parla de la possibilitat d\u2019ampliar el centre per tal de dotar-lo de m\u00e9s aules, una biblioteca, espais per a tallers i un nou gimn\u00e0s. <\/span><\/p>\n<\/td>\n<\/tr>\n<tr style=\"height: 111px;\">\n<td style=\"border-color: #ffffff; background-color: #f7f6f0; height: 111px;\" bgcolor=\"#E0E2E1\">\n<p class=\"Estilo36\"><span class=\"Estilo25\">2010-11<\/span><span class=\"Estilo36\"> Es mant\u00e9 la composici\u00f3 de l\u2019equip directiu, per\u00f2 el c\u00e0rrec de vicedirector es canvia pel de cap d\u2019estudis adjunt.<br \/>S\u2019introdueix el llibre digital a 1r i 2n d\u2019ESO.<\/span><\/p>\n<\/td>\n<\/tr>\n<tr style=\"height: 241px;\">\n<td style=\"border-color: #ffffff; background-color: #f7f6f0; height: 241px;\" bgcolor=\"#E0E2E1\">\n<p class=\"Estilo36\" align=\"justify\"><span class=\"Estilo25\">2011-12<\/span><span class=\"Estilo36\"> Canvis en l\u2019equip directiu: Teresa Dan\u00e9s, Teresa Font i Blanca Calabuig continuen els seus c\u00e0rrecs; Concepci\u00f3 Formatg\u00e9 \u00e9s la nova coordinadora pedag\u00f2gica i Anna Jurado la cap d\u2019estudis adjunta.<br \/>S\u2019inaugura el nou Cicle Formatiu de Grau Mitj\u00e0 (CFGM) d\u2019Atenci\u00f3 Sociosanit\u00e0ria, de la fam\u00edlia \u00abServeis socioculturals i a la comunitat\u00bb.<br \/>Aquest curs es comen\u00e7a a aplicar l\u2019horari intensiu, de 2\/4 de 9 del mat\u00ed a 3 de la tarda, a Batxillerat.<br \/>En el marc de les mobilitzacions en contra de les retallades en l\u2019ensenyament, es publica el Manifest de l\u2019INS Montsacopa per a la defensa de la qualitat de l\u2019ensenyament.<\/span><\/p>\n<\/td>\n<\/tr>\n<tr style=\"height: 111px;\">\n<td style=\"border-color: #ffffff; background-color: #f7f6f0; height: 111px;\" bgcolor=\"#E0E2E1\">\n<p class=\"Estilo36\"><span class=\"Estilo25\">2012-13<\/span><span class=\"Estilo36\"> Es produeix un canvi en l\u2019equip directiu: Montse Gelis substitueix Anna Jurado en el c\u00e0rrec de cap d\u2019estudis adjunt.<br \/>S\u2019inaugura l\u2019Espai d\u2019exposicions.<\/span><\/p>\n<\/td>\n<\/tr>\n<tr style=\"height: 176px;\">\n<td style=\"border-color: #ffffff; background-color: #f7f6f0; height: 176px;\" bgcolor=\"#E0E2E1\">\n<p class=\"Estilo36\" align=\"justify\"><span class=\"Estilo25\">2013-14<\/span><span class=\"Estilo36\"> L\u2019horari compactat que des de fa dos cursos s\u2019aplica a Batxillerat es fa extensiu a tot l\u2019ESO.<br \/>S\u2019inaugura la nova \u201cBiblioteca Neus Andr\u00e9s\u201d. Aquest equipament torna a tenir un espai digne a l\u2019edifici principal.<br \/>L\u2019espai on fins ara hi havia la biblioteca (l\u2019antiga caseta del conserge) s\u2019ha transformat en l\u2019aula d\u2019atenci\u00f3 domicili\u00e0ria, en la qual els alumnes del CFGM d\u2019Atenci\u00f3 a les persones hi podran fer pr\u00e0ctiques.<\/span><\/p>\n<\/td>\n<\/tr>\n<tr style=\"height: 232px;\">\n<td style=\"border-color: #ffffff; background-color: #f7f6f0; height: 232px;\" bgcolor=\"#E0E2E1\">\n<p class=\"Estilo36\" align=\"justify\"><span class=\"Estilo25\">2014-15<\/span><span class=\"Estilo36\"> Es comen\u00e7a a impartir al centre el Batxibac, una modalitat mixta de batxillerat i Baccalaur\u00e9aut (batxillerat franc\u00e8s).<br \/>El centre tamb\u00e9 amplia la seva oferta educativa amb la nova modalitat de Formaci\u00f3 Professional Dual del CFGM d\u2019Atenci\u00f3 a persones en situaci\u00f3 de depend\u00e8ncia.<br \/>El dia de Sant Jordi es va homenatjar Llu\u00eds L\u00f3pez, que havia estat professor d\u2019Educaci\u00f3 F\u00edsica durant 24 anys al Montsacopa i que ens havia deixat una mesos abans. Des d\u2019aquell dia, la pista \u201cde baix\u201d porta oficialment el seu nom.<\/span><\/p>\n<div align=\"justify\">\u00a0<\/div>\n<\/td>\n<\/tr>\n<tr style=\"height: 134px;\">\n<td style=\"border-color: #ffffff; background-color: #f7f6f0; height: 134px;\" bgcolor=\"#E0E2E1\">\n<p class=\"Estilo36\" align=\"justify\"><span class=\"Estilo25\">2015-16<\/span><span class=\"Estilo36\"> Durant l\u2019estiu s\u2019han dut ha terme dues obres importants: per un costat, s\u2019ha constru\u00eft una marquesina a l\u2019ala oest i, per un altre, s\u2019ha ampliat considerablement la sala d\u2019actes<br \/><\/span><\/p>\n<div align=\"justify\">\u00a0<\/div>\n<\/td>\n<\/tr>\n<\/tbody>\n<\/table>\n\n\n\n\n<figure class=\"wp-block-image alignright size-full\"><a href=\"https:\/\/agora.xtec.cat\/iesmontsacopa\/wp-content\/uploads\/usu944\/2026\/03\/logo2trans_horitzontalpetit.png\"><img loading=\"lazy\" decoding=\"async\" width=\"102\" height=\"32\" src=\"https:\/\/agora.xtec.cat\/iesmontsacopa\/wp-content\/uploads\/usu944\/2026\/03\/logo2trans_horitzontalpetit.png\" alt=\"\" class=\"wp-image-16247\"\/><\/a><\/figure>\n","protected":false},"excerpt":{"rendered":"<p>Fent una mica d\u2019hist\u00f2ria, podr\u00edem dir que el primer institut d\u2019Olot i la seva comarca es va crear en temps de la Segona Rep\u00fablica. L\u2019ajuntament format a Olot l\u2019any 1931, presidit per Joan de Garganta, va aconseguir, tot i la forta oposici\u00f3 de sectors conservadors de la ciutat, que, el 4 d\u2019octubre de 1932, una [&hellip;]<\/p>\n","protected":false},"author":1,"featured_media":0,"parent":19,"menu_order":20,"comment_status":"closed","ping_status":"closed","template":"","meta":{"_bbp_topic_count":0,"_bbp_reply_count":0,"_bbp_total_topic_count":0,"_bbp_total_reply_count":0,"_bbp_voice_count":0,"_bbp_anonymous_reply_count":0,"_bbp_topic_count_hidden":0,"_bbp_reply_count_hidden":0,"_bbp_forum_subforum_count":0,"site-sidebar-layout":"default","site-content-layout":"","ast-site-content-layout":"default","site-content-style":"default","site-sidebar-style":"default","ast-global-header-display":"","ast-banner-title-visibility":"","ast-main-header-display":"","ast-hfb-above-header-display":"","ast-hfb-below-header-display":"","ast-hfb-mobile-header-display":"","site-post-title":"","ast-breadcrumbs-content":"","ast-featured-img":"","footer-sml-layout":"","theme-transparent-header-meta":"","adv-header-id-meta":"","stick-header-meta":"","header-above-stick-meta":"","header-main-stick-meta":"","header-below-stick-meta":"","astra-migrate-meta-layouts":"set","ast-page-background-enabled":"default","ast-page-background-meta":{"desktop":{"background-color":"var(--ast-global-color-4)","background-image":"","background-repeat":"repeat","background-position":"center center","background-size":"auto","background-attachment":"scroll","background-type":"","background-media":"","overlay-type":"","overlay-color":"","overlay-opacity":"","overlay-gradient":""},"tablet":{"background-color":"","background-image":"","background-repeat":"repeat","background-position":"center center","background-size":"auto","background-attachment":"scroll","background-type":"","background-media":"","overlay-type":"","overlay-color":"","overlay-opacity":"","overlay-gradient":""},"mobile":{"background-color":"","background-image":"","background-repeat":"repeat","background-position":"center center","background-size":"auto","background-attachment":"scroll","background-type":"","background-media":"","overlay-type":"","overlay-color":"","overlay-opacity":"","overlay-gradient":""}},"ast-content-background-meta":{"desktop":{"background-color":"var(--ast-global-color-5)","background-image":"","background-repeat":"repeat","background-position":"center center","background-size":"auto","background-attachment":"scroll","background-type":"","background-media":"","overlay-type":"","overlay-color":"","overlay-opacity":"","overlay-gradient":""},"tablet":{"background-color":"var(--ast-global-color-5)","background-image":"","background-repeat":"repeat","background-position":"center center","background-size":"auto","background-attachment":"scroll","background-type":"","background-media":"","overlay-type":"","overlay-color":"","overlay-opacity":"","overlay-gradient":""},"mobile":{"background-color":"var(--ast-global-color-5)","background-image":"","background-repeat":"repeat","background-position":"center center","background-size":"auto","background-attachment":"scroll","background-type":"","background-media":"","overlay-type":"","overlay-color":"","overlay-opacity":"","overlay-gradient":""}},"footnotes":""},"class_list":["post-27","page","type-page","status-publish","hentry"],"post_mailing_queue_ids":[],"_links":{"self":[{"href":"https:\/\/agora.xtec.cat\/iesmontsacopa\/wp-json\/wp\/v2\/pages\/27","targetHints":{"allow":["GET"]}}],"collection":[{"href":"https:\/\/agora.xtec.cat\/iesmontsacopa\/wp-json\/wp\/v2\/pages"}],"about":[{"href":"https:\/\/agora.xtec.cat\/iesmontsacopa\/wp-json\/wp\/v2\/types\/page"}],"author":[{"embeddable":true,"href":"https:\/\/agora.xtec.cat\/iesmontsacopa\/wp-json\/wp\/v2\/users\/1"}],"replies":[{"embeddable":true,"href":"https:\/\/agora.xtec.cat\/iesmontsacopa\/wp-json\/wp\/v2\/comments?post=27"}],"version-history":[{"count":6,"href":"https:\/\/agora.xtec.cat\/iesmontsacopa\/wp-json\/wp\/v2\/pages\/27\/revisions"}],"predecessor-version":[{"id":16303,"href":"https:\/\/agora.xtec.cat\/iesmontsacopa\/wp-json\/wp\/v2\/pages\/27\/revisions\/16303"}],"up":[{"embeddable":true,"href":"https:\/\/agora.xtec.cat\/iesmontsacopa\/wp-json\/wp\/v2\/pages\/19"}],"wp:attachment":[{"href":"https:\/\/agora.xtec.cat\/iesmontsacopa\/wp-json\/wp\/v2\/media?parent=27"}],"curies":[{"name":"wp","href":"https:\/\/api.w.org\/{rel}","templated":true}]}}