{"id":8590,"date":"2023-06-06T16:40:38","date_gmt":"2023-06-06T14:40:38","guid":{"rendered":"https:\/\/agora.xtec.cat\/iesmontbui\/?page_id=8590"},"modified":"2025-04-14T20:48:14","modified_gmt":"2025-04-14T18:48:14","slug":"xtte-catalunya-central","status":"publish","type":"page","link":"https:\/\/agora.xtec.cat\/iesmontbui\/xtte-catalunya-central\/","title":{"rendered":"Xarxa Territorial de Transformaci\u00f3 Educativa &#8211; Catalunya Central-Pened\u00e8s"},"content":{"rendered":"<p style=\"text-align: justify;\"><span style=\"font-weight: 400;\">El <\/span><b>Departament d\u2019Educaci\u00f3<\/b><span style=\"font-weight: 400;\"> impulsa iniciatives de col\u00b7laboraci\u00f3, de corresponsabilitzaci\u00f3 i de treball conjunt entre els diferents agents i actors educatius amb l\u2019horitz\u00f3 com\u00fa de <\/span><b>canvi educatiu<\/b><span style=\"font-weight: 400;\"> que parteix d\u2019una <\/span><b>concepci\u00f3 inclusiva i orientadora<\/b><span style=\"font-weight: 400;\"> de l\u2019educaci\u00f3 i que ha de comportar una <\/span><b>transformaci\u00f3 global del sistema educatiu<\/b><span style=\"font-weight: 400;\">. Aquest proc\u00e9s planificat es fonamenta en un <\/span><b>aprenentatge centrat en l\u2019alumne<\/b><span style=\"font-weight: 400;\"> que implica canvis significatius en els projectes educatius dels centres que afecten les pr\u00e0ctiques i metodologies docents, l\u2019organitzaci\u00f3 i el funcionament dels centres. Podeu trobar m\u00e9s informaci\u00f3 sobre la transformaci\u00f3 educativa a l\u2019espai web del <\/span><a href=\"https:\/\/projectes.xtec.cat\/transformacioenxarxa\/\"><span style=\"font-weight: 400;\">Laboratori de Transformaci\u00f3 educativa<\/span><\/a><span style=\"font-weight: 400;\">).<\/span><\/p>\n<p style=\"text-align: justify;\"><span style=\"font-weight: 400;\">Aquest model de transformaci\u00f3 i millora del sistema educatiu es fa integrant el conjunt de les <\/span><a href=\"https:\/\/projectes.xtec.cat\/transformacioenxarxa\/xarxes-territorials-de-transformacio-educativa\/\"><span style=\"font-weight: 400;\">xarxes territorials transformaci\u00f3 educativa<\/span><\/a><span style=\"font-weight: 400;\"> amb la intenci\u00f3 de compartir i assumir el comprom\u00eds de treballar cooperativament amb tots els agents que participen i donen suport als centres que volen iniciar, mantenir o consolidar processos de canvi i transformaci\u00f3.<\/span><\/p>\n<p style=\"text-align: justify;\"><span style=\"font-weight: 400;\">Des del curs 2020\/21 l\u2019Institut Montbui participa en la Xarxa territorial de transformaci\u00f3 educativa (XTTE) de la Catalunya central. En <\/span><a href=\"https:\/\/docs.google.com\/presentation\/d\/1tgNrzVS6rJ6c9_gGm8f58ZLYHtSsHliSyjmXum75h9k\/edit?usp=sharing\"><span style=\"font-weight: 400;\">aquesta presentaci\u00f3<\/span><\/a><span style=\"font-weight: 400;\"> hi trobareu un resum de les actuacions que hem portat a terme des de llavors, i en especial les dels cursos 2022\/23 i la <a href=\"https:\/\/docs.google.com\/presentation\/d\/1HDXK9O-nAdATzNQlqwqDPg5pSld8HEKwaOt0fcRQFok\/edit?usp=sharing\">darrera<\/a> 2023\/24. Seguim el 2024\/25!<\/span><\/p>\n","protected":false},"excerpt":{"rendered":"<p>El Departament d\u2019Educaci\u00f3 impulsa iniciatives de col\u00b7laboraci\u00f3, de corresponsabilitzaci\u00f3 i de treball conjunt entre els diferents agents i actors educatius amb l\u2019horitz\u00f3 com\u00fa de canvi educatiu que parteix d\u2019una concepci\u00f3 inclusiva i orientadora de l\u2019educaci\u00f3 i que ha de comportar una transformaci\u00f3 global del sistema&hellip;  <a href=\"https:\/\/agora.xtec.cat\/iesmontbui\/xtte-catalunya-central\/\" title=\"Read Xarxa Territorial de Transformaci\u00f3 Educativa &#8211; Catalunya Central-Pened\u00e8s\">Llegeix m\u00e9s\u00bb<\/a><\/p>\n","protected":false},"author":66,"featured_media":0,"parent":0,"menu_order":0,"comment_status":"closed","ping_status":"closed","template":"","meta":{"_bbp_topic_count":0,"_bbp_reply_count":0,"_bbp_total_topic_count":0,"_bbp_total_reply_count":0,"_bbp_voice_count":0,"_bbp_anonymous_reply_count":0,"_bbp_topic_count_hidden":0,"_bbp_reply_count_hidden":0,"_bbp_forum_subforum_count":0,"footnotes":""},"class_list":["post-8590","page","type-page","status-publish","hentry"],"post_mailing_queue_ids":[],"_links":{"self":[{"href":"https:\/\/agora.xtec.cat\/iesmontbui\/wp-json\/wp\/v2\/pages\/8590","targetHints":{"allow":["GET"]}}],"collection":[{"href":"https:\/\/agora.xtec.cat\/iesmontbui\/wp-json\/wp\/v2\/pages"}],"about":[{"href":"https:\/\/agora.xtec.cat\/iesmontbui\/wp-json\/wp\/v2\/types\/page"}],"author":[{"embeddable":true,"href":"https:\/\/agora.xtec.cat\/iesmontbui\/wp-json\/wp\/v2\/users\/66"}],"replies":[{"embeddable":true,"href":"https:\/\/agora.xtec.cat\/iesmontbui\/wp-json\/wp\/v2\/comments?post=8590"}],"version-history":[{"count":4,"href":"https:\/\/agora.xtec.cat\/iesmontbui\/wp-json\/wp\/v2\/pages\/8590\/revisions"}],"predecessor-version":[{"id":11298,"href":"https:\/\/agora.xtec.cat\/iesmontbui\/wp-json\/wp\/v2\/pages\/8590\/revisions\/11298"}],"wp:attachment":[{"href":"https:\/\/agora.xtec.cat\/iesmontbui\/wp-json\/wp\/v2\/media?parent=8590"}],"curies":[{"name":"wp","href":"https:\/\/api.w.org\/{rel}","templated":true}]}}