{"id":8176,"date":"2023-02-27T18:04:43","date_gmt":"2023-02-27T17:04:43","guid":{"rendered":"https:\/\/agora.xtec.cat\/iesmontbui\/?page_id=8176"},"modified":"2026-03-09T09:55:03","modified_gmt":"2026-03-09T08:55:03","slug":"portes-obertes","status":"publish","type":"page","link":"https:\/\/agora.xtec.cat\/iesmontbui\/linstitut\/portes-obertes\/","title":{"rendered":"Portes Obertes 2026"},"content":{"rendered":"<p align=\"justify\"><span lang=\"ca-ES\">P<\/span><span lang=\"ca-ES\">er aquelles fam\u00edlies que vulguin con\u00e8ixer en viu el centre i el seu equip directiu <\/span><span lang=\"ca-ES\">i representants del professorat<\/span><span lang=\"ca-ES\">, organitzem visites presencials el <\/span><strong><span lang=\"ca-ES\">dissabte dia 7 <\/span><span lang=\"ca-ES\">de mar\u00e7 de 2026 en les seg\u00fcents franges hor\u00e0ries:<\/span><\/strong><\/p>\n<ul>\n<li><strong style=\"font-family: inherit; font-size: 1em;\">10:00 h &#8211; ESO<\/strong><\/li>\n<li><strong>11:00 h &#8211; Batxillerat<\/strong><\/li>\n<li><strong>11:30 h &#8211; PFI<\/strong><\/li>\n<\/ul>\n<p align=\"justify\"><span lang=\"ca-ES\">La visita consistir\u00e0 en una xerrada inicial explicativa dels estudis per part de l\u2019equip directiu i posteriorment una visita a les instal\u00b7lacions del centre. L\u2019<\/span><span lang=\"ca-ES\">acc\u00e9s al centre es realitzar\u00e0 pel carrer Lope de Vega (costat del Mercadona).<\/span><\/p>\n<p align=\"justify\">Per a m\u00e9s informaci\u00f3 podeu trucar al tel\u00e8fon 93 805 60 59 o b\u00e9 enviar un correu a la direcci\u00f3 iesmontbui@xtec.cat<\/p>\n<p style=\"text-align: justify;\">Vols saber una mica m\u00e9s sobre el nostre centre? Pots consultar el <a href=\"https:\/\/agora.xtec.cat\/iesmontbui\/wp-content\/uploads\/usu145\/2018\/11\/InstitutMontbuiHist\u00f2ria.pdf\">seg\u00fcent enlla\u00e7<\/a> per con\u00e8ixer la seva hist\u00f2ria, i tamb\u00e9 t&#8217;expliquem el m\u00e9s important tant de funcionament, com de projecte educatiu, funcionament tecnol\u00f2gic o el m\u00e9s destacat de cada \u00e0mbit educatiu en aquestes presentacions:<\/p>\n<p>ESO<\/p>\n<p><iframe loading=\"lazy\" src=\"https:\/\/drive.google.com\/file\/d\/11uhoA9QVDOEEfyP9m0yNEsQbEW8ed56b\/preview\" width=\"640\" height=\"480\"><\/iframe><\/p>\n<p>BATXILLERAT<\/p>\n<p><iframe loading=\"lazy\" src=\"https:\/\/drive.google.com\/file\/d\/1QLSE63jNCH5DkbsO8P0Z5e4pTFU8PSQw\/preview\" width=\"640\" height=\"480\"><\/iframe><\/p>\n<p style=\"text-align: justify;\">En el seg\u00fcent v\u00eddeo tamb\u00e9 podreu veure les nostres instal\u00b7lacions i com \u00e9s el nostre dia a dia<\/p>\n<p><iframe loading=\"lazy\" title=\"YouTube video player\" src=\"https:\/\/www.youtube.com\/embed\/Ec_dSWCoAbY\" width=\"800\" height=\"600\" frameborder=\"0\" allowfullscreen=\"allowfullscreen\"><\/iframe><\/p>\n<p style=\"text-align: justify;\">Tamb\u00e9 us deixem una infografia digital on podreu veure els diferents projectes que realitzem al centre, de 1r a 3r d&#8217;ESO. Clica a sobre i interactua!<\/p>\n<p><iframe loading=\"lazy\" src=\"https:\/\/view.genial.ly\/6045108ae2838f0da0475d76\" width=\"800px\" height=\"600px\" frameborder=\"0\"><\/iframe><\/p>\n<p style=\"text-align: justify;\">I just a sota, un BreakOut.Edu que vam preparar durant la pand\u00e8mia per donar a con\u00e8ixer el nostre centre a tothom. Entra-hi i juga amb nosaltres!<\/p>\n<p><iframe loading=\"lazy\" src=\"https:\/\/view.genial.ly\/6032bf9ffad0540d09143078\" width=\"800px\" height=\"600px\" frameborder=\"0\"><\/iframe><\/p>\n<p><strong>Informaci\u00f3 del projecte de reutilitzaci\u00f3 de llibres amb ecoBooks: <\/strong><\/p>\n<p><a href=\"https:\/\/agora.xtec.cat\/iesmontbui\/linstitut\/portes-obertes\/attachment\/254_flyerpo_2024\/\" rel=\"attachment wp-att-9306\">Flyer_2024<\/a><\/p>\n<p><a href=\"https:\/\/vimeo.com\/418474967\">https:\/\/vimeo.com\/418474967\u00a0<\/a><\/p>\n","protected":false},"excerpt":{"rendered":"<p>Per aquelles fam\u00edlies que vulguin con\u00e8ixer en viu el centre i el seu equip directiu i representants del professorat, organitzem visites presencials el dissabte dia 7 de mar\u00e7 de 2026 en les seg\u00fcents franges hor\u00e0ries:<\/p>\n<ul>\n<li>10:00 h &#8211; ESO<\/li>\n<li>11:00 h &#8211; Batxillerat<\/li>\n<li>11:30 h &#8211; PFI<\/li>\n<\/ul>\n<p>La visita&hellip;  <a href=\"https:\/\/agora.xtec.cat\/iesmontbui\/linstitut\/portes-obertes\/\" title=\"Read Portes Obertes 2026\">Llegeix m\u00e9s\u00bb<\/a><\/p>\n","protected":false},"author":66,"featured_media":0,"parent":19,"menu_order":3,"comment_status":"closed","ping_status":"closed","template":"","meta":{"_bbp_topic_count":0,"_bbp_reply_count":0,"_bbp_total_topic_count":0,"_bbp_total_reply_count":0,"_bbp_voice_count":0,"_bbp_anonymous_reply_count":0,"_bbp_topic_count_hidden":0,"_bbp_reply_count_hidden":0,"_bbp_forum_subforum_count":0,"footnotes":""},"class_list":["post-8176","page","type-page","status-publish","hentry"],"post_mailing_queue_ids":[],"_links":{"self":[{"href":"https:\/\/agora.xtec.cat\/iesmontbui\/wp-json\/wp\/v2\/pages\/8176","targetHints":{"allow":["GET"]}}],"collection":[{"href":"https:\/\/agora.xtec.cat\/iesmontbui\/wp-json\/wp\/v2\/pages"}],"about":[{"href":"https:\/\/agora.xtec.cat\/iesmontbui\/wp-json\/wp\/v2\/types\/page"}],"author":[{"embeddable":true,"href":"https:\/\/agora.xtec.cat\/iesmontbui\/wp-json\/wp\/v2\/users\/66"}],"replies":[{"embeddable":true,"href":"https:\/\/agora.xtec.cat\/iesmontbui\/wp-json\/wp\/v2\/comments?post=8176"}],"version-history":[{"count":7,"href":"https:\/\/agora.xtec.cat\/iesmontbui\/wp-json\/wp\/v2\/pages\/8176\/revisions"}],"predecessor-version":[{"id":12000,"href":"https:\/\/agora.xtec.cat\/iesmontbui\/wp-json\/wp\/v2\/pages\/8176\/revisions\/12000"}],"up":[{"embeddable":true,"href":"https:\/\/agora.xtec.cat\/iesmontbui\/wp-json\/wp\/v2\/pages\/19"}],"wp:attachment":[{"href":"https:\/\/agora.xtec.cat\/iesmontbui\/wp-json\/wp\/v2\/media?parent=8176"}],"curies":[{"name":"wp","href":"https:\/\/api.w.org\/{rel}","templated":true}]}}