{"id":751,"date":"2016-08-19T10:39:20","date_gmt":"2016-08-19T09:39:20","guid":{"rendered":"http:\/\/agora.xtec.cat\/iesmontbui\/?page_id=751"},"modified":"2026-03-09T19:04:33","modified_gmt":"2026-03-09T18:04:33","slug":"erasmus","status":"publish","type":"page","link":"https:\/\/agora.xtec.cat\/iesmontbui\/activitats\/projectes\/plurilinguisme\/erasmus\/","title":{"rendered":"Erasmus+"},"content":{"rendered":"<p>El projecte Erasmus+ s&#8217;emmarca dins l&#8217;estrat\u00e8gia de <a href=\"http:\/\/agora.xtec.cat\/iesmontbui\/activitats\/projectes\/projectes-clil-aicle\/\">projectes CLIL-AICLE<\/a>\u00a0del centre.<\/p>\n<table style=\"height: 216px; width: 730px;\">\n<tbody>\n<tr>\n<td style=\"width: 439px;\"><a href=\"http:\/\/agora.xtec.cat\/iesmontbui\/wp-content\/uploads\/usu145\/2016\/08\/logo-erasmus-cofinanciado.png\"><img loading=\"lazy\" decoding=\"async\" class=\"alignnone size-large wp-image-1560\" src=\"http:\/\/agora.xtec.cat\/iesmontbui\/wp-content\/uploads\/usu145\/2016\/08\/logo-erasmus-cofinanciado-1024x249.png\" alt=\"logo-erasmus+-cofinanciado\" width=\"1024\" height=\"249\" srcset=\"https:\/\/agora.xtec.cat\/iesmontbui\/wp-content\/uploads\/usu145\/2016\/08\/logo-erasmus-cofinanciado-1024x249.png 1024w, https:\/\/agora.xtec.cat\/iesmontbui\/wp-content\/uploads\/usu145\/2016\/08\/logo-erasmus-cofinanciado-300x73.png 300w, https:\/\/agora.xtec.cat\/iesmontbui\/wp-content\/uploads\/usu145\/2016\/08\/logo-erasmus-cofinanciado-768x187.png 768w, https:\/\/agora.xtec.cat\/iesmontbui\/wp-content\/uploads\/usu145\/2016\/08\/logo-erasmus-cofinanciado.png 1659w\" sizes=\"auto, (max-width: 1024px) 100vw, 1024px\" \/><\/a><\/td>\n<td style=\"width: 283px;\"><a href=\"http:\/\/agora.xtec.cat\/iesmontbui\/wp-content\/uploads\/usu145\/2017\/05\/logo-pathways-1.jpg\"><img loading=\"lazy\" decoding=\"async\" class=\"wp-image-1554 aligncenter\" src=\"http:\/\/agora.xtec.cat\/iesmontbui\/wp-content\/uploads\/usu145\/2017\/05\/logo-pathways-1.jpg\" alt=\"logo-pathways (1)\" width=\"217\" height=\"180\" srcset=\"https:\/\/agora.xtec.cat\/iesmontbui\/wp-content\/uploads\/usu145\/2017\/05\/logo-pathways-1.jpg 734w, https:\/\/agora.xtec.cat\/iesmontbui\/wp-content\/uploads\/usu145\/2017\/05\/logo-pathways-1-300x250.jpg 300w\" sizes=\"auto, (max-width: 217px) 100vw, 217px\" \/><\/a><\/td>\n<\/tr>\n<\/tbody>\n<\/table>\n<p><strong>Curs 2025\/26<\/strong><\/p>\n<p><strong>09\/03\/26. L&#8217;experi\u00e8ncia del Job Shadowing, en primera persona<\/strong><\/p>\n<p dir=\"ltr\"><a href=\"https:\/\/agora.xtec.cat\/iesmontbui\/wp-content\/uploads\/usu145\/2026\/03\/d0825e8f-da22-4244-a060-1e4735bbbb56-1-e1773079261851.jpg\"><img loading=\"lazy\" decoding=\"async\" class=\"alignright size-medium wp-image-12016\" src=\"https:\/\/agora.xtec.cat\/iesmontbui\/wp-content\/uploads\/usu145\/2026\/03\/d0825e8f-da22-4244-a060-1e4735bbbb56-1-e1773079261851-300x143.jpg\" alt=\"\" width=\"300\" height=\"143\" srcset=\"https:\/\/agora.xtec.cat\/iesmontbui\/wp-content\/uploads\/usu145\/2026\/03\/d0825e8f-da22-4244-a060-1e4735bbbb56-1-e1773079261851-300x143.jpg 300w, https:\/\/agora.xtec.cat\/iesmontbui\/wp-content\/uploads\/usu145\/2026\/03\/d0825e8f-da22-4244-a060-1e4735bbbb56-1-e1773079261851-1024x487.jpg 1024w, https:\/\/agora.xtec.cat\/iesmontbui\/wp-content\/uploads\/usu145\/2026\/03\/d0825e8f-da22-4244-a060-1e4735bbbb56-1-e1773079261851-768x366.jpg 768w, https:\/\/agora.xtec.cat\/iesmontbui\/wp-content\/uploads\/usu145\/2026\/03\/d0825e8f-da22-4244-a060-1e4735bbbb56-1-e1773079261851-1536x731.jpg 1536w, https:\/\/agora.xtec.cat\/iesmontbui\/wp-content\/uploads\/usu145\/2026\/03\/d0825e8f-da22-4244-a060-1e4735bbbb56-1-e1773079261851.jpg 1857w\" sizes=\"auto, (max-width: 300px) 100vw, 300px\" \/><\/a><\/p>\n<p dir=\"ltr\">L&#8217;institut Montbui va rebre, la setmana passada, la visita de la <strong>Sara Penning, l&#8217;Imke Petermann i el Holger Vogts.<\/strong> Es tracta de tres professors de l&#8217;institut <a href=\"https:\/\/www.willms-gymnasium.de\/\">Willms Gymnasium<\/a>, de Delmenhorst (Alemanya) i que participen en projecte de Job Shadowing, en el marc del programa Erasmus+ 2025-2026. L&#8217;observaci\u00f3 professional dona als mestres l&#8217;oportunitat d&#8217;observar altres professors a l&#8217;aula i d&#8217;entendre com funcionen les escoles en altres pa\u00efsos. Durant tres dies van fer observaci\u00f3 a les aules del centre.<\/p>\n<p dir=\"ltr\">Dies despr\u00e9s de con\u00e8ixer de prop la vida a l&#8217;institut,<a href=\"https:\/\/www.willms-gymnasium.de\/news\/bon-dia-willms-lehrkraefte-besuchen-mit-erasmus-spanische-partnerschule\/\"> relaten aix\u00ed la seva experi\u00e8ncia<\/a> al web de l&#8217;institut alemany i que compartim tot seguit:<\/p>\n<p dir=\"ltr\">&#8220;El primer que vam notar va ser que arribar tard no \u00e9s una opci\u00f3. Cada mat\u00ed, poc despr\u00e9s de comen\u00e7ar les classes, es tanquen totes les portes de l&#8217;escola. I no es veu cap tel\u00e8fon m\u00f2bil, almenys no a les mans dels alumnes. Els tel\u00e8fons m\u00f2bils estan completament prohibits al centre.<\/p>\n<p dir=\"ltr\">Els professors i, m\u00e9s tard, els alumnes ens van donar una molt c\u00e0lida benvinguda. Tothom va ser obert i interessat per nosaltres. La pregunta m\u00e9s important que ens van fer els alumnes va ser: T&#8217;agrada el futbol? No \u00e9s d&#8217;estranyar, perqu\u00e8 (gaireb\u00e9) tots s\u00f3n grans aficionats del FC Barcelona.<\/p>\n<p dir=\"ltr\">Ens vam allotjar a la ciutat d&#8217;Igualada, que t\u00e9 similituds sorprenents amb Delmenhorst \u2014com ara una gran tradici\u00f3 en l&#8217;ind\u00fastria i, d&#8217;altra banda, difer\u00e8ncies clares, com les escales mec\u00e0niques que porten des de les parts altes de la ciutat al centre medieval. All\u00e0, un vespre, tamb\u00e9 vam con\u00e8ixer la tradici\u00f3 catalana de construir castells humans. El viatge va acabar amb un \u00e0pat tradicional d&#8217;hivern: la cal\u00e7otada.<\/p>\n<p dir=\"ltr\">Amb moltes impressions meravelloses, ara marxem de Catalunya despr\u00e9s d&#8217;una emocionant setmana escolar que recordarem amb afecte, malgrat la forta pluja dels dos \u00faltims dies.<\/p>\n<p dir=\"ltr\">Moltes gr\u00e0cies als nostres amfitrions de l&#8217;Institut Montbui!&#8221;<\/p>\n<p>___________<\/p>\n<p>Benvolgut alumnat i fam\u00edlies,<\/p>\n<p>En aquests dos documents podeu trobar la informaci\u00f3 per la convocat\u00f2ria per l&#8217;Erasmus+ 2025-2026 i els criteris de selecci\u00f3:<\/p>\n<div><a href=\"https:\/\/agora.xtec.cat\/iesmontbui\/wp-content\/uploads\/usu145\/2025\/10\/Carta-Informativa-2025.pdf\">Carta Informativa 2025<\/a><\/div>\n<div><\/div>\n<div><a href=\"https:\/\/agora.xtec.cat\/iesmontbui\/wp-content\/uploads\/usu145\/2025\/10\/Criteris-Seleccio-25-26.pdf\">Criteris Seleccio\u0301 25-26<\/a><\/div>\n<div><\/div>\n<div><\/div>\n<div><\/div>\n<p><strong>Curs 2024\/25\u00a0<\/strong><\/p>\n<p><span style=\"text-decoration: underline;\"><strong>Estada de l&#8217;alumnat de 4t d&#8217;ESO a Noruega (5-9 maig)<\/strong><\/span><\/p>\n<p>L\u2019alumnat participant a l\u2019Erasmus+ va realitzar una estada a Noruega. El professorat acompanyant explica algunes de les activitats que es van dur a terme:<\/p>\n<p>Cap de setmana: L\u2019alumnat de 4t d\u2019ESO ha creuat el cercle polar artic i per fi han arribat a Svolv\u00e6r, Illes Lofoten, Noruega. La primera tarda- nit la van passar a la capital, Oslo. Diumenge van els van rebre els alumnes noruecs a la seva escola, van demanar pizzes per dinar i van fer jocs de coneixen\u00e7a abans de marxar cadasc\u00fa a casa de la seva fam\u00edlia d\u2019acollida.<\/p>\n<p>Dilluns 5 de maig: A causa de la nevada no van poder anar d\u2019excursi\u00f3 a la muntanya i els alumnes es van quedar fent classe a diferents aules de l\u2019Aust-Lofoten videregaende skole. Van esmorzar i dinar all\u00e0, despr\u00e9s fan fer un taller de programaci\u00f3 Lego amb competici\u00f3 inclosa. A la tarda van sortir a visitar una petita illa de pescadors, amb la seva antiga botiga, les estructures on assequen el bacall\u00e0 a l\u2019aire lliure i l\u2019estatua de Fiskarkona (the Fisherman\u2019s wife) dedicada a tots els pescadors morts a la mar.<\/p>\n<p>Dimarts 6 de maig: Van anar al Museu Viking de Lofoten. All\u00e0 van aprendre sobre la vida vikinga i com van creixer com a comunitat. Van veure reconstruccions d\u2019un vaixell viking. Van poder gaudir d\u2019un entrep\u00e0 sota el sol a la vora d\u2019un llac.<\/p>\n<p>Dimecres 7 de maig: Van passar les primeres hores a l\u2019institut. Alguns van anar a classe de noruec i altres a una classe d\u2019educaci\u00f3 sexual. Despr\u00e9s, malgrat el mal temps, van gaudir d\u2019una visita a Henningsv\u00e6r, un poble pescador de Lofoten. A la tarda, van anar tots junts a la bolera.<\/p>\n<p>Dijous 8 de maig: Van gaudir d\u2019un dia meravell\u00f3s, malgrat el fred, a l\u2019illa de\u00a0<a class=\"x1i10hfl xjbqb8w x1ejq31n xd10rxx x1sy0etr x17r0tee x972fbf xcfux6l x1qhh985 xm0m39n x9f619 x1ypdohk xt0psk2 xe8uvvx xdj266r x11i5rnm xat24cr x1mh8g0r xexx8yu x4uap5 x18d9i69 xkhd6sd x16tdsg8 x1hl2dhg xggy1nq x1a2a7pz _aa9_ _a6hd\" tabindex=\"0\" role=\"link\" href=\"https:\/\/www.instagram.com\/explore\/tags\/skrova\/\">#Skrova<\/a>. Els alumnes noruecs els van preparar una barbacoa a la platja, on van menjar salsitxes amb pa de frankfurt. Com feia molt fred van anar al bar local a esperar el ferri de tornada a Svolv\u00e6r.<\/p>\n<p>Divendres 9 de maig: \u00c9s l\u2019\u00faltim dia de l\u2019estada. Els professors i alumnes de l\u2019Aust-Lofote skole els han acollit a les seves classes, els han fet el comiat i entregat els diplomes. Tamb\u00e9 han visitat el Lofoten war memorial museum que commemora l\u2019alliberament de Noruega de les tropes nazis despr\u00e9s de la segona guerra mundial. M\u00e9s tard han visitat l\u2019Aquari on han pogut con\u00e8ixer de m\u00e9s aprop la fauna marina de la zona i han pogut obervar com alimenten les foques i ll\u00fadrigues en directe.<\/p>\n<div class=\"a2a_kit a2a_kit_size_25 addtoany_list\" data-a2a-url=\"https:\/\/agora.xtec.cat\/iesmontbui\/eso\/eso-4\/erasmus-noruega-maig-2025\/\" data-a2a-title=\"Erasmus+ Noruega (5-9 maig 2025)\">\n<p><span style=\"text-decoration: underline;\"><strong>Llarga mobilitat: Natalia-Adelina <\/strong><\/span><\/p>\n<p>La Natalia Poch, alumna de primer de batxillerat B, va fer una estada al Willms-Gymnasium de Delmenhorst del 18 de mar\u00e7 al 4 d&#8217;abril. All\u00e0 va estar a casa l&#8217;Adelina Kraft. La Natalia all\u00e0 va anar a classes d&#8217;espanyol, angl\u00e8s, teatre, hist\u00f2ria, filosofia, entre d&#8217;altres. Va poder gaudir de tradicions molt alemanyes com la setmana en qu\u00e8 els alumnes m\u00e9s grans (Abi) celebren que han acabat els seus estudis al centre. Tamb\u00e9 fora del centre va poder visitar amb la seva fam\u00edlia d&#8217;acollida ciutats com Bremen o Hamburg.<\/p>\n<p>L&#8217;Adelina Kraft ens va visitar del 22 d&#8217;abril al 2 de maig i la va acollir la fam\u00edlia de la Natalia Poch. A l&#8217;INS Montbui va anar a classe d&#8217;angl\u00e8s, castell\u00e0, literatura universal, filosofia, entre d&#8217;altres. En el seu primer dia al centre, el dia 23 d&#8217;abril, va poder gaudir de totes les activitats organitzades al centre en motiu de Sant Jordi. Amb la seva fam\u00edlia d&#8217;acollida va poder gaudir de moltes visites fora de Montbui com per exemple, Port Aventura i Barcelona.<\/p>\n<\/div>\n<div data-a2a-url=\"https:\/\/agora.xtec.cat\/iesmontbui\/eso\/eso-4\/erasmus-noruega-maig-2025\/\" data-a2a-title=\"Erasmus+ Noruega (5-9 maig 2025)\"><\/div>\n<p><span style=\"text-decoration: underline;\"><strong>Criteris de selecci\u00f3 de professorat d&#8217;Erasmus+<\/strong><\/span><\/p>\n<p>Mobilitat d\u2019aprenentatge per observaci\u00f3 (Job Shadowing): La mobilitat promou activament la inclusi\u00f3 i la diversitat, la sostenibilitat mediambiental, l&#8217;educaci\u00f3 digital i el comprom\u00eds i la participaci\u00f3 c\u00edvica, pilars b\u00e0sics de Erasmus +.<\/p>\n<p>El professorat de l\u2019Institut visitar\u00e0 durant 5 dies d\u2019aquest curs el centre alemany i acollir\u00e0 professors de l\u2019escola Willms-Gymnasium (Alemanya) al nostre centre durant 5 dies (el curs que ve). Els professors de l\u2019Institut Montbui que participin del <em>job shadowing,<\/em> en mesura del possible, seran els professors de refer\u00e8ncia al nostre centre a l\u2019hora d\u2019acollir el hom\u00f2legs alemanys. Partner: Willms-Gymnasium. Delmenhorst (Alemanya)<\/p>\n<p>Dates mobilitat: 18 de mar\u00e7 2025 &#8211; 25 mar\u00e7 2025 Termini sol\u00b7licituds: 24 de febrer 2025<\/p>\n<p><strong>Barem\u00a0<\/strong><\/p>\n<table style=\"border-collapse: collapse; width: 100%; height: 320px;\">\n<tbody>\n<tr style=\"height: 32px;\">\n<td style=\"width: 50%; height: 32px;\"><strong>\u00cdtem\u00a0<\/strong><\/td>\n<td style=\"width: 50%; height: 32px;\"><strong>Puntuaci\u00f3 m\u00e0xima<\/strong><\/td>\n<\/tr>\n<tr style=\"height: 32px;\">\n<td style=\"width: 50%; height: 32px;\">Erasmus+<\/td>\n<td style=\"width: 50%; height: 32px;\"><\/td>\n<\/tr>\n<tr style=\"height: 32px;\">\n<td style=\"width: 50%; height: 32px;\">No haver participat en mobilitat de \u201cjob shadowing\u201d durant els darrers 3 cursos escolars.<\/td>\n<td style=\"width: 50%; height: 32px;\">1 punt<\/td>\n<\/tr>\n<tr style=\"height: 32px;\">\n<td style=\"width: 50%; height: 32px;\">Centre<\/td>\n<td style=\"width: 50%; height: 32px;\"><\/td>\n<\/tr>\n<tr style=\"height: 32px;\">\n<td style=\"width: 50%; height: 32px;\">0,2 punts\/curs com a docent al centre<\/td>\n<td style=\"width: 50%; height: 32px;\">2 punts<\/td>\n<\/tr>\n<tr style=\"height: 32px;\">\n<td style=\"width: 50%; height: 32px;\">Tenir un c\u00e0rrec (coordinaci\u00f3 o tutoria) durant el curs actual (tutoria, caps departament, coordinaci\u00f3 (de nivell o altres) o responsable de comissi\u00f3. No acomulable.<\/td>\n<td style=\"width: 50%; height: 32px;\">1 punt<\/td>\n<\/tr>\n<tr style=\"height: 32px;\">\n<td style=\"width: 50%; height: 32px;\">Haver impartit una mat\u00e8ria no ling\u00fc\u00edstica en llengua anglesa al centre (0,5 punts\/curs)<\/td>\n<td style=\"width: 50%; height: 32px;\">2 punts<\/td>\n<\/tr>\n<tr style=\"height: 32px;\">\n<td style=\"width: 50%; height: 32px;\">Compet\u00e8ncia ling\u00fc\u00edstica acreditada (presentar fotocopia del t\u00edtol)<\/td>\n<td style=\"width: 50%; height: 32px;\"><\/td>\n<\/tr>\n<tr style=\"height: 32px;\">\n<td style=\"width: 50%; height: 32px;\">Compet\u00e8ncia ling\u00fc\u00edstica llengua anglesa (B1: 0,5 punts, B2:1 punt, C1:1,5 punts, C2: 2 punts)<\/td>\n<td style=\"width: 50%; height: 32px;\">2 punts<\/td>\n<\/tr>\n<tr style=\"height: 32px;\">\n<td style=\"width: 50%; height: 32px;\">Compet\u00e8ncia ling\u00fc\u00edstica en altres lleng\u00fces (B1 o superior) (0,5 punts\/llengua) de diferents idiomes moderns, a part de l\u2019angl\u00e8s. (No comptabilitzen els t\u00edtols en llengua nativa).<\/td>\n<td style=\"width: 50%; height: 32px;\">1 punt<\/td>\n<\/tr>\n<\/tbody>\n<\/table>\n<table style=\"border-collapse: collapse; width: 100%;\">\n<tbody>\n<tr>\n<td style=\"width: 50%;\"><strong>Segona fase de la selecci\u00f3 (no hi ha m\u00ednim per passar a aquesta fase)<\/strong><\/td>\n<td style=\"width: 50%;\"><\/td>\n<\/tr>\n<tr>\n<td style=\"width: 50%;\">Entrevista personal en angl\u00e8s: motivaci\u00f3 i inter\u00e8s en el job-shadowing<\/td>\n<td style=\"width: 50%;\">2 punts<\/td>\n<\/tr>\n<\/tbody>\n<\/table>\n<p>Comissi\u00f3 Erasmus+ (hi atendr\u00e0 la directora)<\/p>\n<p>Aspectes que es preguntaran en la segona fase (entrevista)<\/p>\n<p>\u25cf Motivaci\u00f3 per participar en el job-shadowing<br \/>\n\u25cf Experi\u00e8ncia professional<br \/>\n\u25cf Treball amb alumnes d\u2019altres lleng\u00fces que no sigui la de la mat\u00e8ria<\/p>\n<p>\u25cf Habilitats personals i adaptaci\u00f3<br \/>\n\u25cf Implicaci\u00f3 en el funcionament de centre (INS Montbui)<br \/>\n\u25cf Fluency en llengua anglesa<\/p>\n<p>Documentaci\u00f3 dels resultats d\u2019aprenentatge (un cop finalitzat el job shadowing):<br \/>\n&#8211; Elaborar un informe (en angl\u00e8s) on es recopilin aquelles activitats\/iniciatives\/metodologies<br \/>\nutilitzades al centre acollidor, que poden ser aplicables al centre segons els objectius marcats<br \/>\nanteriorment.<br \/>\n&#8211; Resum de les activitats observades. (Learning agreement &#8211; Europass)<br \/>\n&#8211; Transfer\u00e8ncia de les conclusions del job shadowing al centre (departaments i\/o claustre).<\/p>\n<p><span style=\"text-decoration: underline;\"><strong>Estada dels alumnes noruecs a Montbui (Del 10 a 14 de febrer de 2025)\u00a0<\/strong><\/span><\/p>\n<p>Despr\u00e9s de molts nervis, el 10 de febrer van arribar els estudiants del centre Aust-Lofoten videreg\u00e5ende skole, de <strong><span class=\"x7l2uk3 xt0e3qv\">Svolv\u00e6r\u00a0<\/span><span class=\"x7l2uk3 xt0e3qv\">(<\/span><span class=\"x7l2uk3 xt0e3qv\">Noruega<\/span>),\u00a0<\/strong>per participar en un\u00a0<strong><span class=\"x7l2uk3 xt0e3qv\">Erasmus<\/span>+<\/strong>\u00a0amb alguns alumnes de<strong>\u00a04t d\u2019ESO.<\/strong> Alumnat i professorat de l\u2019INS Montbui els van donar la benvinguda a l\u2019aeroport i despr\u00e9s van dur a terme un parell de jocs de coneixen\u00e7a, abans d\u2019anar cap a casa. Aquest \u00e9s un recull de les activitats dutes a terme durant la setmana:<\/p>\n<p><strong>Dimarts, 11 de febrer. <\/strong>Com expliquen els professors responsables de l\u2019Erasmus+, \u201cel dia va comen\u00e7ar amb presentacions sobre cultura, geografia i gastronomia catalana. Despr\u00e9s, l\u2019alumnat va assistir a les classes de l\u2019institut. Abans de marxar, van esmorzar coca de forner i Cacaolat. Amb la panxa plena i l\u2019energia carregada, van empendre cam\u00ed fins a dalt de la\u00a0<strong>Tossa de Montbui\u201d.\u00a0<\/strong><\/p>\n<p><strong>Dimecres, 12 de febrer. <\/strong>\u201cVan visitar la vila de Capellades. All\u00e0 van aprendre sobre la vida neardental i van visitar el\u00a0<strong>Museu Mol\u00ed Paperer.<\/strong>\u00a0Inmersos en la vida paperera, van tenir l\u2019oportunitat de fer un full de paper artes\u00e0. A la tarda, es van trobar tots per fer el t<strong>aller dels Moixiganguers d\u2019Igualada<\/strong>\u201c, detallen els docents.<\/p>\n<p><strong>Dijous, 13 de febrer. <\/strong>Entre les activitats del dia, els tutors de quart d\u2019ESO han plantejat, tant a l\u2019alumnat de l\u2019INS Montbui com als estudiants noruecs,\u00a0<strong>un Kahoot de 46 preguntes sobre cultura, literatura, art, geografia i hist\u00f2ria sobre Noruega i Espanya. <\/strong>Tamb\u00e9 van poder gaudir del sol Mediterrani a Sitges. All\u00e0 van visitar el Cau Ferrat i el Palau Maricel. Tamb\u00e9 van tenir una estona per passejar vora el mar.<\/p>\n<p><strong>Divendres, 14 de febrer. <\/strong>La setmana de l\u2019Erasmus+ va cloure amb una\u00a0<strong>visita a Montserrat i<\/strong>\u00a0tots els racons del monestir. I el final de festa: una\u00a0<strong>cal\u00e7otada:<\/strong>\u00a0aix\u00ed, els alumnes noruecs van gaudir d\u2019una tradici\u00f3 catalana. I cantant i ballant, va ser el moment d\u2019acomiadar-se. Ben aviat, la retrobada a Svolv\u00e6r!<\/p>\n<p><span style=\"text-decoration: underline;\"><strong>Arribada de la Chiara Gex i la Beatrice Garzotto\u00a0<\/strong><\/span><\/p>\n<p><a href=\"https:\/\/agora.xtec.cat\/iesmontbui\/wp-content\/uploads\/usu145\/2024\/11\/erasmus1-1-e1731534118847.jpg\"><img loading=\"lazy\" decoding=\"async\" class=\" wp-image-10457 aligncenter\" src=\"https:\/\/agora.xtec.cat\/iesmontbui\/wp-content\/uploads\/usu145\/2024\/11\/erasmus1-1-e1731534118847-300x249.jpg\" alt=\"\" width=\"341\" height=\"264\" \/><\/a><\/p>\n<p>El passat 11 de novembre de 2024 van arribar les dues alumnes italianes que van fer una estada de quinze dies al nostre centre, gr\u00e0cies al programa <strong>Erasmus+. <\/strong>Es tracta de la <strong>Chiara Gex,<\/strong> que roman a casa de l&#8217;alumna del centre <strong>J\u00falia Mart\u00ednez,<\/strong> i la <strong>Beatrice Garzotto,<\/strong> que s&#8217;est\u00e0 a casa del tamb\u00e9 alumne de l&#8217;institut <strong>Ferran Garcia.<\/strong> Els amfitrions podran gaudir, m\u00e9s endavant, d\u2019una estada al centre de proced\u00e8ncia de les dues noies, el partner itali\u00e0 de l&#8217;INS Montbui, el <strong>Liceo Linguistico Courmayeur.<\/strong><\/p>\n<p><a href=\"https:\/\/agora.xtec.cat\/iesmontbui\/activitats\/projectes\/plurilinguisme\/erasmus\/\">\u00a0<\/a><b>Mobilitat llarga &#8211; Long term mobility<\/b><\/p>\n<p><span style=\"font-weight: 400;\">El 19 de setembre del 2024 vam rebre l\u2019alumna italiana <strong>Estelle B\u00e9d\u00e9,<\/strong> companya d\u2019intercanvi de la nostra alumna <strong>Irene Vicho,<\/strong> que actualment cursa 1r de Batxillerat al nostre centre. L\u2019Estelle \u00e9s acollida per la fam\u00edlia de l\u2019Irene i dur\u00e0 a terme una estada de 37 dies al nostre institut i compartir\u00e0 classes amb la Irene i altres companys per tal de practicar i perfeccionar el seu domini de la llengua espanyola. Podeu llegir com van ser els seus primers dies en aquest <a href=\"https:\/\/agora.xtec.cat\/iesmontbui\/batxillerat\/erasmus-welcome-benvenutti-estelle\/\">enlla\u00e7.\u00a0<\/a><\/span><\/p>\n<p><a href=\"https:\/\/agora.xtec.cat\/iesmontbui\/wp-content\/uploads\/usu145\/2024\/10\/b5d483fb-9fdc-41c4-8143-d48a98299e90.jpg\"><img loading=\"lazy\" decoding=\"async\" class=\" wp-image-10309 aligncenter\" src=\"https:\/\/agora.xtec.cat\/iesmontbui\/wp-content\/uploads\/usu145\/2024\/10\/b5d483fb-9fdc-41c4-8143-d48a98299e90-300x139.jpg\" alt=\"\" width=\"368\" height=\"182\" \/><\/a><\/p>\n<p><strong>Curs 2023\/24<\/strong><\/p>\n<p><b>Mobilitat curta &#8211; Short term mobility<\/b><\/p>\n<p><span style=\"font-weight: 400;\">Durant el curs 2023-2024 l\u2019institut Montbui ha participat en el programa Erasmus + 2022 &#8211; 2027. Es tracta d\u2019un programa finan\u00e7at per la UE i que promou quatre pilars b\u00e0sics: la inclusi\u00f3 i la diversitat, la transformaci\u00f3 digital, medi ambient i lluita contra el canvi clim\u00e0tic i, participaci\u00f3 en la vida democr\u00e0tica, valors comuns i comprom\u00eds c\u00edvic. Gr\u00e0cies a la participaci\u00f3 del nostre institut al programa, l&#8217;alumnat amb millor rendiment acad\u00e8mic de 4t d\u2019ESO va poder gaudir d\u2019una experi\u00e8ncia molt enriquidora. Un grup de 14 alumnes, acompanyats per 2 professors del centre, va viatjar a It\u00e0lia, concretament a la zona de la Vall d\u2019Aosta.<\/span><\/p>\n<p><span style=\"font-weight: 400;\">Sota el paraig\u00fces del projecte \u201cEvery drop makes a difference\u201d es va organitzar un intercanvi amb l\u2019institut Liceo Linguistico de Courmayeur (Vall d\u2019Aosta &#8211; It\u00e0lia) i es van realitzar activitats relacionades amb l\u2019estudi del recurs natural de l\u2019aigua i els seus usos, el malbaratament i la sequera.<\/span><\/p>\n<p><span style=\"font-weight: 400;\">Aix\u00ed ho expliquen els professors: &#8220;els companys de l\u2019institut de Courmayeur ens van acompanyar a descobrir la seva zona, molt rica en recursos naturals i envoltada d\u2019una naturalesa exuberant. Vam poder con\u00e8ixer el passat rom\u00e0 de la ciutat d\u2019Aosta i com els romans gestionaven el recurs h\u00eddric a trav\u00e9s d\u2019aqueductes. Tamb\u00e9 vam visitar una presa d\u2019un pant\u00e0, Place Moulin, el m\u00e9s important de la zona pel que fa a la producci\u00f3 d\u2019energia el\u00e8ctrica. A m\u00e9s, vam poder pujar a un refugi de muntanya a 2000m d\u2019al\u00e7ada des d\u2019on vam poder contemplar les glaceres, malauradament en retroc\u00e9s, i les fant\u00e0stiques vistes del Mont Blanc&#8221;.<\/span><\/p>\n<p><span style=\"font-weight: 400;\">&#8220;A m\u00e9s de tot aix\u00f2, els nostre alumnat va poder intercanviar experi\u00e8ncies amb els seus companys italians, practicar l\u2019angl\u00e8s, aprendre una mica d\u2019itali\u00e0 i ajudar als estudiants italians a millorar el seu espanyol. Com a experi\u00e8ncia vital va ser immillorable i creiem que van poder cr\u00e9ixer a nivell personal i tamb\u00e9 van fer molta cohesi\u00f3 de grup&#8221;.<\/span><\/p>\n<p><span style=\"font-weight: 400;\">&#8220;Com a professors acompanyants, agra\u00efm al centre l\u2019oportunitat de gaudir d\u2019aquesta experi\u00e8ncia al costat dels alumnes. Agra\u00efm tamb\u00e9 a les fam\u00edlies per haver-nos fet confian\u00e7a i als alumnes pel comportament excel\u00b7lent. Per \u00faltim, agra\u00efm als companys del Liceo Linguistico Courmayeur pel tracte que ens van donar i animem a tots els futurs estudiants que s\u2019apuntin a les properes edicions&#8221;.<\/span><\/p>\n<p><i><span style=\"font-weight: 400;\">(English)<\/span><\/i><\/p>\n<p><i><span style=\"font-weight: 400;\">During the 2023-2024 academic year, institut Montbui participated in the Erasmus + 2022 &#8211; 2027 program. It is a program funded by the EU, which promotes four main goals: inclusion and diversity, digital transformation, environment and climate action, participation in democratic life, common values \u200b\u200band civic engagement. Thanks to our participation in the program, the students with the best academic results in the 4th grade of ESO had been able to enjoy a very enriching experience. A group of 14 students, accompanied by 2 teachers, travelled to Italy.<\/span><\/i><\/p>\n<p><i><span style=\"font-weight: 400;\">Under the umbrella of the &#8220;Every drop makes a difference&#8221; project, an exchange was organized with the Liceo Linguistico de Courmayeur (Aosta Valley &#8211; Italy) and activities related to the study of the natural resource of water were carried out focusing on its uses, waste and drought.<\/span><\/i><\/p>\n<p><i><span style=\"font-weight: 400;\">This is how the teachers explain it: &#8220;the colleagues from the Courmayeur high school allowed us to discover their area, very rich in natural resources and surrounded by exuberant nature. We were able to learn about the Roman past of the city of Aosta and how the Romans managed the water resource through aqueducts.We also visited a dam, the most important in the area in terms of electricity production. In addition, we were able to climb to a mountain refuge at 2000m high from where we could see the glaciers, unfortunately retreating, and the fantastic views of Mont Blanc&#8221;.<\/span><\/i><\/p>\n<p><i><span style=\"font-weight: 400;\">&#8220;In addition to all this, our students were able to exchange experiences with their Italian classmates, practice English, learn a little Italian and help Italian students improve their Spanish. As a life experience it was unbeatable and we think they were able to grow on a personal level and also made a lot of group cohesion.&#8221;<\/span><\/i><\/p>\n<p><i><span style=\"font-weight: 400;\">&#8220;As accompanying teachers, we thank the center for the opportunity to enjoy this experience with the students. We also thank the families for trusting us and the students for their excellent behavior. Finally, we thank the colleagues of Liceo Linguistico Courmayeur for their welcome and we encourage all future students to join in for the next editions.&#8221;<\/span><\/i><\/p>\n<p><b>Mobilitat llarga &#8211; Long term mobility<\/b><\/p>\n<p><span style=\"font-weight: 400;\">Estada de 37 dies en un centre d\u2019It\u00e0lia d\u2019una alumna de 4t ESO<\/span><\/p>\n<p><span style=\"font-weight: 400;\">La mobilitat de llarga durada \u00e9s l\u2019estada a l\u2019estranger que, per raons d\u2019estudi, realitza un alumne o alumna d\u2019educaci\u00f3 secund\u00e0ria durant un per\u00edode d\u2019entre 1 i 12 mesos. Durant aquest temps, l\u2019alumna viu amb una fam\u00edlia d\u2019acollida i va di\u00e0riament a classe. Enguany la Irene Vicho, alumna de 4t ESO, va poder gaudir d\u2019una estada de 37 dies al Liceo Linguistico de Courmayeur (It\u00e0lia). A It\u00e0lia, els centres de secund\u00e0ria s\u2019estructuren per especialitats i el Liceo Ling\u00fc\u00edstico \u00e9s especialitzat en lleng\u00fces. All\u00e0, la Irene va allotjar-se amb una fam\u00edlia de l\u2019escola i compartia classes amb la seva companya, que vindr\u00e0 a fer una estada a l\u2019Institut Montbui el proper curs 24-25.\u00a0<\/span><\/p>\n<p><i><span style=\"font-weight: 400;\">(English)<\/span><\/i><\/p>\n<p><i><span style=\"font-weight: 400;\">37-day stay in a center in Italy by a 4th ESO student<\/span><\/i><\/p>\n<p><i><span style=\"font-weight: 400;\">Long-term mobility is the stay abroad that, for study reasons, a secondary education student makes for a period of between 1 and 12 months. During this time, the student lives with a host family and goes to class every day. This year Irene Vicho, a 4th ESO student, was able to enjoy a 37-day stay at the Liceo Linguistico de Courmayeur (Italy). In Italy, secondary schools are structured according to specialisms and the Liceo Ling\u00fc\u00edstico specializes in languages. There, Irene stayed with a family from the school and shared classes with her classmate, who will be staying at the Institut Montbui next year 24-25.<\/span><\/i><\/p>\n<p><b>Observaci\u00f3 per a professorat &#8211; Job shadowing<\/b><\/p>\n<p><span style=\"font-weight: 400;\">A finals de maig del 2024, tres professores de l&#8217;institut Montbui van ser acollides pel Liceo Linguistico Courmayeur per tal de dur a terme el \u201cjob shadowing\u201d, que \u00e9s una t\u00e8cnica d&#8217;aprenentatge i desenvolupament professional en qu\u00e8 una persona observa de manera directa el treball d&#8217;un altre professional. L&#8217;objectiu \u00e9s con\u00e8ixer de primera m\u00e0 com es desenvolupen les tasques en un lloc de treball concret, entendre les responsabilitats i aprendre habilitats pr\u00e0ctiques que no es poden ensenyar nom\u00e9s a trav\u00e9s de la teoria.<\/span><\/p>\n<p><span style=\"font-weight: 400;\">El proc\u00e9s va consistir en seguir diversos professors i professores del Liceo Courmayeur durant el seu dia laboral, observant com realitzen les seves funcions, com resolen problemes i com prenen decisions. Aquesta observaci\u00f3 va servir per veure quines bones pr\u00e0ctiques del centre itali\u00e0 podr\u00edem aplicar al nostre centre i millorar les nostres habilitats en un camp concret. A m\u00e9s a m\u00e9s vam poder gaudir d\u2019uns dies en un entorn laboral i en una cultura molt diferents de la nostra. A m\u00e9s a m\u00e9s, tamb\u00e9 vam poder gaudir d\u2019un dia d\u2019estada en un institut franc\u00e8s a la localitat d\u2019Annecy. <\/span><\/p>\n<p><i><span style=\"font-weight: 400;\">(English)<\/span><\/i><\/p>\n<p><i><span style=\"font-weight: 400;\">At the end of May 2024, three teachers from Institut Montbui were hosted by the Liceo Linguistico Courmayeur in order to carry out &#8220;job shadowing&#8221;, which is a learning and professional development technique in which a person observes the work of another professional. The aim is to learn first-hand how tasks are carried out in a specific workplace, understand responsibilities and learn practical skills that cannot be taught through theory alone.<\/span><\/i><\/p>\n<p><i><span style=\"font-weight: 400;\">The process consisted of following several teachers at Liceo Courmayeur during their working day, observing how they perform their duties, how they solve problems and how they make decisions. This observation served to see which good practices of the Italian school we could apply to our center and improve our skills in a specific field. In addition, we were able to enjoy a few days in a work environment and in a culture very different from ours. In addition, we were also able to enjoy a one-day stay at a French high school in Annecy.<\/span><\/i><\/p>\n<p><a href=\"https:\/\/agora.xtec.cat\/iesmontbui\/wp-content\/uploads\/usu145\/2024\/10\/IMG_0791-1-scaled.jpg\"><img loading=\"lazy\" decoding=\"async\" class=\" wp-image-10313 aligncenter\" src=\"https:\/\/agora.xtec.cat\/iesmontbui\/wp-content\/uploads\/usu145\/2024\/10\/IMG_0791-1-300x225.jpg\" alt=\"\" width=\"358\" height=\"253\" \/><\/a><\/p>\n<p>&nbsp;<\/p>\n<p><a href=\"https:\/\/agora.xtec.cat\/iesmontbui\/wp-content\/uploads\/usu145\/2024\/10\/161a7d34-0f2c-4e1c-9e52-a2a582113522.jpg\"><img loading=\"lazy\" decoding=\"async\" class=\"size-medium wp-image-10315 aligncenter\" src=\"https:\/\/agora.xtec.cat\/iesmontbui\/wp-content\/uploads\/usu145\/2024\/10\/161a7d34-0f2c-4e1c-9e52-a2a582113522-225x300.jpg\" alt=\"\" width=\"225\" height=\"300\" srcset=\"https:\/\/agora.xtec.cat\/iesmontbui\/wp-content\/uploads\/usu145\/2024\/10\/161a7d34-0f2c-4e1c-9e52-a2a582113522-225x300.jpg 225w, https:\/\/agora.xtec.cat\/iesmontbui\/wp-content\/uploads\/usu145\/2024\/10\/161a7d34-0f2c-4e1c-9e52-a2a582113522-768x1024.jpg 768w, https:\/\/agora.xtec.cat\/iesmontbui\/wp-content\/uploads\/usu145\/2024\/10\/161a7d34-0f2c-4e1c-9e52-a2a582113522-1152x1536.jpg 1152w, https:\/\/agora.xtec.cat\/iesmontbui\/wp-content\/uploads\/usu145\/2024\/10\/161a7d34-0f2c-4e1c-9e52-a2a582113522.jpg 1512w\" sizes=\"auto, (max-width: 225px) 100vw, 225px\" \/><\/a><\/p>\n<p>____<\/p>\n<p>El projecte\u00a0Erasmus+ pel per\u00edode 2015\/2017 s&#8217;anomena &#8220;Can you tell me the way to&#8230;?&#8221; Knowing our European common heritage on foot&#8221;. Les activitats \u00a0s&#8217;han realitzat des de diferents departaments did\u00e0ctics.<\/p>\n<p>Podeu consultar aqu\u00ed el <a href=\"https:\/\/twinspace.etwinning.net\/8192\/home\">Twinspace<\/a> del projecte. A continuaci\u00f3 hi ha alguns dels treballs fets pels alumnes de l&#8217;Institut Montbui:<\/p>\n<p style=\"text-align: center;\"><strong>Curs 2015\/16<\/strong><\/p>\n<p>Es van fer dues trobades: una a la tardor a la Vall d&#8217;Aosta (It\u00e0lia) i una altra a la primavera a l&#8217;Algarve (Portugal).<\/p>\n<p>&nbsp;<\/p>\n<p style=\"text-align: center;\"><strong>Curs 2016\/2017<\/strong><\/p>\n<p>Durant aquest curs s&#8217;han fet dues trobades: una a la tardor a Metkovic (Cro\u00e0cia) i una altra a l&#8217;abril al nostre Institut. Els 34 alumnes estrangers es van allotjar a casa de fam\u00edlies dels nostres alumnes.<\/p>\n<p>En la taula seg\u00fcent hi ha recollida la contribuci\u00f3 de cadascuna de les \u00e0rees curriculars:<\/p>\n<table>\n<tbody>\n<tr>\n<td style=\"width: 113.383px;\">Primer ESO<\/td>\n<td style=\"width: 220.7px;\">\n<ol>\n<li>Lengua catalana (2015\/2016)<\/li>\n<li>Experimentals (2015\/2016)<\/li>\n<li>Ci\u00e8ncies socials (2015\/2016)<\/li>\n<li>Ci\u00e8ncies socials- Ci\u00e8ncies experimentals-Educaci\u00f3 f\u00edsica (2016\/2017)<\/li>\n<li>Ci\u00e8ncies socials (2015\/2016 i 2016\/2017)<\/li>\n<\/ol>\n<\/td>\n<td style=\"width: 468.533px;\">\n<ol>\n<li><a href=\"https:\/\/vimeo.com\/176296043\">Dramatitzaci\u00f3 del conte &#8220;El cam\u00ed que no anava a enlloc&#8221;<\/a><\/li>\n<li>Sortida a l&#8217;observatori astron\u00f2mic de Pujalt<\/li>\n<li>Coneguem la Via Augusta: visita a Tarragona (fitxa de treball)<\/li>\n<li>Visita a la Vil\u00b7la romana de l&#8217;Espelt (fitxa de treball, recorregut a Wikiloc)<\/li>\n<li>Monuments romans prop la Via Augusta<\/li>\n<\/ol>\n<\/td>\n<td style=\"width: 23.3833px;\"><\/td>\n<\/tr>\n<tr>\n<td style=\"width: 113.383px;\">Segon ESO<\/td>\n<td style=\"width: 220.7px;\">\n<ol>\n<li>Ci\u00e8ncies socials (2015\/2016)<\/li>\n<li>Ci\u00e8ncies socials (2016\/2017)<\/li>\n<li><em>Treball de s\u00edntesi <\/em>(2015\/2016 i 2016\/2017)<\/li>\n<li>Treball de s\u00edntesi (2015\/2016)<\/li>\n<\/ol>\n<\/td>\n<td style=\"width: 468.533px;\">\n<ol>\n<li><a href=\"https:\/\/drive.google.com\/a\/xtec.cat\/file\/d\/0B__aotfpmF3QSVdYNEEwUW9HSDQ\/view?usp=sharing\">Marco Polo (booktrailer)<\/a>, Mites i llegendes, tauler del joc de taula, escultura del peregr\u00ed<\/li>\n<li>El carrer del Bal\u00e7 (Manresa medieval)<\/li>\n<li><em>El cam\u00ed de Sant Jaume a l&#8217;Anoia<br \/>\n<\/em><\/li>\n<li>Estada al Camp d&#8217;Aprenentatge Monestirs del C\u00edster: <a href=\"https:\/\/drive.google.com\/a\/xtec.cat\/file\/d\/0B__aotfpmF3QdWVPQVgzMVpvOUk\/view?usp=sharing\">Un dia en la vida&#8230;d&#8217;un monjo del C\u00edster.<\/a><\/li>\n<\/ol>\n<\/td>\n<td style=\"width: 23.3833px;\"><\/td>\n<\/tr>\n<tr>\n<td style=\"width: 113.383px;\">Tercer ESO<\/td>\n<td style=\"width: 220.7px;\">\n<ol>\n<li>Matem\u00e0tiques (2015\/2016)<\/li>\n<li>Tecnologia (2015\/2016)<\/li>\n<li>Ci\u00e8ncies socials (2016\/2017)<\/li>\n<li>Treball de s\u00edntesi (2015\/2016)<\/li>\n<li>Treball de s\u00edntesi (2016\/2017)<\/li>\n<\/ol>\n<\/td>\n<td style=\"width: 468.533px;\">\n<ol>\n<li>El Cam\u00ed de Sant Jaume amb funcions matem\u00e0tiques<\/li>\n<li>Realitzaci\u00f3 d&#8217;una <a href=\"http:\/\/agora.xtec.cat\/iesmontbui\/activitats\/projectes\/projectes-clil-aicle\/erasmus\/tecnologia\/\">Aplicaci\u00f3<\/a> per a m\u00f2bil sobre el cam\u00ed de Sant Jaume, Disseny i construcci\u00f3 de robots seguidors del Camino de Santiago<\/li>\n<li>\u00a0<a href=\"http:\/\/agora.xtec.cat\/iesmontbui\/wp-content\/uploads\/usu145\/2016\/08\/resum-maqueta-la-tossa-catala\u0300.pdf\">Maqueta de La Tossa<\/a>, Recerca sobre la transhum\u00e0ncia a Catalunya, assist\u00e8ncia a la xerrada d&#8217;un pastor (Edu Balsells), Exposici\u00f3 sobre un dels pa\u00efsos socis<\/li>\n<li>Estada a l&#8217;Entorn d&#8217;Aprenentatge del Canig\u00f3: <a href=\"https:\/\/drive.google.com\/file\/d\/0B11pzmb1rMx8SExOaFRZUy00S2c\/view?usp=sharing\">La Lua a l&#8217;exili<\/a>, <a href=\"https:\/\/drive.google.com\/a\/imontbui.org\/file\/d\/0B5qr-cqaeGi3WUl3dVhlME0ta0U\/view?usp=sharing\">Guerra civil espanyola<\/a>, <a href=\"https:\/\/www.easel.ly\/viewEasel\/3926212\">Spanish Civil War,<\/a> <a href=\"https:\/\/drive.google.com\/a\/imontbui.org\/file\/d\/0B5qr-cqaeGi3Z3FnSUFhUzhFaGM\/view?usp=sharing\">Diari de l&#8217;estada<\/a>, (Joc Guerra civil)<\/li>\n<li>Realitzaci\u00f3 d&#8217;un joc de taula sobre el projecte<\/li>\n<\/ol>\n<\/td>\n<td style=\"width: 23.3833px;\"><\/td>\n<\/tr>\n<tr>\n<td style=\"width: 113.383px;\">Quart ESO<\/td>\n<td style=\"width: 220.7px;\">\n<ol>\n<li>Lengua castellana (2016\/2017)<\/li>\n<li>Ci\u00e8ncies social (2015\/2016 i 2016\/2017)<\/li>\n<li>Biologia\/Geologia<\/li>\n<li>Projecte de recerca<\/li>\n<\/ol>\n<\/td>\n<td style=\"width: 468.533px;\">\n<ol>\n<li><a href=\"https:\/\/drive.google.com\/drive\/folders\/0B3ZJRfY7P87FZnREMlJYYWd5TEE\">El Quijote: versi\u00f3n particular<\/a><\/li>\n<li>Visita a la Col\u00f2nia Vidal (<a href=\"https:\/\/ca.wikiloc.com\/wikiloc\/view.do?id=15863191\">recorregut a Wikiloc<\/a>)<\/li>\n<li>Posters: <em>Ruta de la sal<\/em> (2015\/2016) i <em>Esp\u00e8cies invasores<\/em> (2016\/2017), Visita a l&#8217;exposici\u00f3 <em>Sapiens: el llarg cam\u00ed de l&#8217;evoluci\u00f3 <\/em>(2015\/2016 i 2016\/2017) (fitxa de treball), Participaci\u00f3 en la campanya europea Let&#8217;s clean up Europe (2015\/2016 i 2016\/2017)<\/li>\n<li>Disseny i impressi\u00f3 3D fitxes joc de taula (2015\/2016), , revista on-line (Joomag) sobre el projecte (<a href=\"https:\/\/www.joomag.com\/magazine\/erasmus\/0899382001465289256\">2015\/2016<\/a> i 2016\/2017), Joc de taula sobre el projecte (2016\/2017)<\/li>\n<\/ol>\n<\/td>\n<td style=\"width: 23.3833px;\"><\/td>\n<\/tr>\n<tr>\n<td style=\"width: 113.383px;\">1r Batxillerat<\/td>\n<td style=\"width: 220.7px;\">\n<ol>\n<li>Lengua castellana (2015\/2016)<\/li>\n<li>Biologia- Educaci\u00f3 f\u00edsica (2015\/2016)<\/li>\n<li>Educaci\u00f3 F\u00edsica &#8211; Ci\u00e8ncies per al m\u00f3n contemporani (2015\/2016)<\/li>\n<li>Ci\u00e8ncies per al m\u00f3n contemporani (2016\/2017)<\/li>\n<\/ol>\n<\/td>\n<td style=\"width: 468.533px;\">\n<ol>\n<li><a href=\"http:\/\/agora.xtec.cat\/iesmontbui\/activitats\/projectes\/projectes-clil-aicle\/erasmus\/llengua-castellana\/\">Videos sobre Leyendas del Camino de Santiago<\/a><\/li>\n<li>Itinerari Cam\u00ed de Sant Jaume (Can Ma\u00e7ana-Castellol\u00ed) (fitxes de treball i recorregut a Wikiloc, Caminada pel cintur\u00f3 de la Conca d&#8217;\u00d2dena (sender PR- C119): Collb\u00e0s-Jorba (fitxa de treball, <a href=\"https:\/\/ca.wikiloc.com\/wikiloc\/view.do?id=13320339\">recorregut a Wikiloc<\/a>)<\/li>\n<li>Cursa d&#8217;orientaci\u00f3 (fitxa de treball)<\/li>\n<li>Visita i taller al CRIP d&#8217;Hostalets de Pierola (fitxa de treball)<\/li>\n<\/ol>\n<\/td>\n<td style=\"width: 23.3833px;\"><\/td>\n<\/tr>\n<tr>\n<td style=\"width: 113.383px;\">2n Batxillerat<\/td>\n<td style=\"width: 220.7px;\">\n<ol>\n<li>Llengua catalana (2016\/2017)<\/li>\n<li>Lengua castellana (2016\/2017)<\/li>\n<li>Educaci\u00f3 F\u00edsica &#8211; Ci\u00e8ncies per al m\u00f3n contemporani (2016\/2017)<\/li>\n<\/ol>\n<\/td>\n<td style=\"width: 468.533px;\">\n<ol>\n<li>Ruta liter\u00e0ria <em>La pla\u00e7a del diamant (fitxa de treball, <a href=\"https:\/\/ca.wikiloc.com\/wikiloc\/view.do?id=16492378\">recorregut a Wikiloc<\/a>)<\/em><\/li>\n<li>Treball de recerca <em>El camino de Santiago en la historia y literatura espa\u00f1olas<\/em><\/li>\n<li>Caminada pel cintur\u00f3 de la Conca d&#8217;\u00d2dena (sender PR- C119): \u00d2dena-La Pobla de Claramunt (fitxa de treball, <a href=\"https:\/\/ca.wikiloc.com\/wikiloc\/view.do?id=16082827\">recorregut a Wikiloc<\/a>) i \u00d2dena-Jorba (fitxa de treball, recorregut a Wikiloc)<\/li>\n<\/ol>\n<\/td>\n<td style=\"width: 23.3833px;\"><\/td>\n<\/tr>\n<tr>\n<td style=\"width: 113.383px;\">Aula d&#8217;acollida<\/td>\n<td style=\"width: 220.7px;\">(2016\/2017)<\/td>\n<td style=\"width: 468.533px;\">\n<ol>\n<li>Caminada pel cintur\u00f3 de la Conca d&#8217;\u00d2dena (sender PR- C119): La Pobla de Claramunt-Collb\u00e0s (fitxa de treball, recorregut a Wikiloc: <a href=\"https:\/\/ca.wikiloc.com\/wikiloc\/view.do?id=15370582\">primer tram<\/a> i <a href=\"https:\/\/ca.wikiloc.com\/wikiloc\/view.do?id=15370599\">segon tram<\/a>)<\/li>\n<\/ol>\n<\/td>\n<td style=\"width: 23.3833px;\"><\/td>\n<\/tr>\n<tr>\n<td style=\"width: 113.383px;\">Associaci\u00f3 Esportiva Escolar<\/td>\n<td style=\"width: 220.7px;\">(2015\/2016 i 2016\/2017)<\/td>\n<td style=\"width: 468.533px;\"><a href=\"http:\/\/mtbiesmontbui.blogspot.com.es\/\">Sortides en bicicleta de muntanya per l&#8217;entorn proper<\/a><\/td>\n<td style=\"width: 23.3833px;\"><\/td>\n<\/tr>\n<\/tbody>\n<\/table>\n<p>&nbsp;<\/p>\n<p>&nbsp;<\/p>\n","protected":false},"excerpt":{"rendered":"<p>El projecte Erasmus+ s&#8217;emmarca dins l&#8217;estrat\u00e8gia de <a href=\"http:\/\/agora.xtec.cat\/iesmontbui\/activitats\/projectes\/projectes-clil-aicle\/\">projectes CLIL-AICLE<\/a>\u00a0del centre.<\/p>\n<p><a href=\"http:\/\/agora.xtec.cat\/iesmontbui\/wp-content\/uploads\/usu145\/2016\/08\/logo-erasmus-cofinanciado.png\"><\/a><br \/>\n<a href=\"http:\/\/agora.xtec.cat\/iesmontbui\/wp-content\/uploads\/usu145\/2017\/05\/logo-pathways-1.jpg\"><\/a><\/p>\n<p>Curs 2025\/26<br \/>\n09\/03\/26. L&#8217;experi\u00e8ncia del Job Shadowing, en primera persona<br \/>\n<a href=\"https:\/\/agora.xtec.cat\/iesmontbui\/wp-content\/uploads\/usu145\/2026\/03\/d0825e8f-da22-4244-a060-1e4735bbbb56-1-e1773079261851.jpg\"><\/a><br \/>\nL&#8217;institut Montbui va rebre, la setmana passada, la visita de la Sara Penning, l&#8217;Imke Petermann i el Holger Vogts. Es tracta de tres professors&hellip;  <a href=\"https:\/\/agora.xtec.cat\/iesmontbui\/activitats\/projectes\/plurilinguisme\/erasmus\/\" title=\"Read Erasmus+\">Llegeix m\u00e9s\u00bb<\/a><\/p>\n","protected":false},"author":1,"featured_media":0,"parent":2766,"menu_order":110,"comment_status":"closed","ping_status":"closed","template":"page-templates\/side-menu.php","meta":{"_bbp_topic_count":0,"_bbp_reply_count":0,"_bbp_total_topic_count":0,"_bbp_total_reply_count":0,"_bbp_voice_count":0,"_bbp_anonymous_reply_count":0,"_bbp_topic_count_hidden":0,"_bbp_reply_count_hidden":0,"_bbp_forum_subforum_count":0,"footnotes":""},"class_list":["post-751","page","type-page","status-publish","hentry"],"post_mailing_queue_ids":[],"_links":{"self":[{"href":"https:\/\/agora.xtec.cat\/iesmontbui\/wp-json\/wp\/v2\/pages\/751","targetHints":{"allow":["GET"]}}],"collection":[{"href":"https:\/\/agora.xtec.cat\/iesmontbui\/wp-json\/wp\/v2\/pages"}],"about":[{"href":"https:\/\/agora.xtec.cat\/iesmontbui\/wp-json\/wp\/v2\/types\/page"}],"author":[{"embeddable":true,"href":"https:\/\/agora.xtec.cat\/iesmontbui\/wp-json\/wp\/v2\/users\/1"}],"replies":[{"embeddable":true,"href":"https:\/\/agora.xtec.cat\/iesmontbui\/wp-json\/wp\/v2\/comments?post=751"}],"version-history":[{"count":7,"href":"https:\/\/agora.xtec.cat\/iesmontbui\/wp-json\/wp\/v2\/pages\/751\/revisions"}],"predecessor-version":[{"id":12019,"href":"https:\/\/agora.xtec.cat\/iesmontbui\/wp-json\/wp\/v2\/pages\/751\/revisions\/12019"}],"up":[{"embeddable":true,"href":"https:\/\/agora.xtec.cat\/iesmontbui\/wp-json\/wp\/v2\/pages\/2766"}],"wp:attachment":[{"href":"https:\/\/agora.xtec.cat\/iesmontbui\/wp-json\/wp\/v2\/media?parent=751"}],"curies":[{"name":"wp","href":"https:\/\/api.w.org\/{rel}","templated":true}]}}