{"id":5940,"date":"2021-03-07T01:18:08","date_gmt":"2021-03-07T00:18:08","guid":{"rendered":"https:\/\/agora.xtec.cat\/iesmontbui\/?page_id=5940"},"modified":"2021-03-09T17:51:39","modified_gmt":"2021-03-09T16:51:39","slug":"projectes-a-eso","status":"publish","type":"page","link":"https:\/\/agora.xtec.cat\/iesmontbui\/organitzacio-de-centre\/coordinacio-pedagogica\/projectes-a-eso\/","title":{"rendered":"Projectes a ESO"},"content":{"rendered":"<p style=\"text-align: justify;\">Us presentem els projectes que duem a terme a l&#8217;ESO, de 1r a 3r. Durant 2 hores a la setmana l&#8217;alumnat desenvolupa projectes de diferents tipologies i eixos tem\u00e0tics, treballant continguts de diferents mat\u00e8ries d&#8217;una manera aplicada a problemes i contextos de la vida di\u00e0ria. Us animem a navegar per aquesta presentaci\u00f3 i descobrir-los.<\/p>\n<div style=\"width: 100%;\">\n<div style=\"position: relative; padding-bottom: 56.25%; padding-top: 0; height: 0;\"><iframe loading=\"lazy\" src=\"https:\/\/view.genial.ly\/6045108ae2838f0da0475d76\" width=\"1200px\" height=\"675px\" frameborder=\"0\"><\/iframe><\/div>\n<\/div>\n<p>&nbsp;<\/p>\n<p>&nbsp;<\/p>\n<p>&nbsp;<\/p>\n<p>Tamb\u00e9 podeu veure un tast de diferents treballs que han fet els alumnes. Gaudiu dels v\u00eddeos!!<\/p>\n<p><iframe loading=\"lazy\" title=\"Projecte comunicacio\u0301\" src=\"https:\/\/player.vimeo.com\/video\/301033051?dnt=1&amp;app_id=122963\" width=\"500\" height=\"281\" frameborder=\"0\" allow=\"autoplay; fullscreen; picture-in-picture; clipboard-write\"><\/iframe><\/p>\n<p><iframe loading=\"lazy\" src=\"https:\/\/player.vimeo.com\/video\/95291435\" width=\"478\" height=\"478\" frameborder=\"0\" data-mce-fragment=\"1\"><\/iframe><br \/>\n<iframe loading=\"lazy\" src=\"https:\/\/player.vimeo.com\/video\/94531523\" width=\"475\" height=\"475\" frameborder=\"0\" data-mce-fragment=\"1\"><\/iframe><br \/>\n<iframe loading=\"lazy\" src=\"https:\/\/player.vimeo.com\/video\/91093740\" width=\"251\" height=\"251\" frameborder=\"0\" data-mce-fragment=\"1\"><\/iframe><br \/>\n<iframe loading=\"lazy\" src=\"https:\/\/player.vimeo.com\/video\/96227508\" width=\"250\" height=\"250\" frameborder=\"0\" data-mce-fragment=\"1\"><\/iframe><br \/>\n<iframe loading=\"lazy\" src=\"https:\/\/player.vimeo.com\/video\/70920260\" width=\"249\" height=\"249\" frameborder=\"0\" data-mce-fragment=\"1\"><\/iframe><br \/>\n<iframe loading=\"lazy\" src=\"https:\/\/player.vimeo.com\/video\/96233853\" width=\"248\" height=\"248\" frameborder=\"0\" data-mce-fragment=\"1\"><\/iframe><\/p>\n","protected":false},"excerpt":{"rendered":"<p>Us presentem els projectes que duem a terme a l&#8217;ESO, de 1r a 3r. Durant 2 hores a la setmana l&#8217;alumnat desenvolupa projectes de diferents tipologies i eixos tem\u00e0tics, treballant continguts de diferents mat\u00e8ries d&#8217;una manera aplicada a problemes i contextos de la vida di\u00e0ria.&hellip;  <a href=\"https:\/\/agora.xtec.cat\/iesmontbui\/organitzacio-de-centre\/coordinacio-pedagogica\/projectes-a-eso\/\" title=\"Read Projectes a ESO\">Llegeix m\u00e9s\u00bb<\/a><\/p>\n","protected":false},"author":66,"featured_media":0,"parent":5890,"menu_order":0,"comment_status":"closed","ping_status":"closed","template":"","meta":{"_bbp_topic_count":0,"_bbp_reply_count":0,"_bbp_total_topic_count":0,"_bbp_total_reply_count":0,"_bbp_voice_count":0,"_bbp_anonymous_reply_count":0,"_bbp_topic_count_hidden":0,"_bbp_reply_count_hidden":0,"_bbp_forum_subforum_count":0,"footnotes":""},"class_list":["post-5940","page","type-page","status-publish","hentry"],"post_mailing_queue_ids":[],"_links":{"self":[{"href":"https:\/\/agora.xtec.cat\/iesmontbui\/wp-json\/wp\/v2\/pages\/5940","targetHints":{"allow":["GET"]}}],"collection":[{"href":"https:\/\/agora.xtec.cat\/iesmontbui\/wp-json\/wp\/v2\/pages"}],"about":[{"href":"https:\/\/agora.xtec.cat\/iesmontbui\/wp-json\/wp\/v2\/types\/page"}],"author":[{"embeddable":true,"href":"https:\/\/agora.xtec.cat\/iesmontbui\/wp-json\/wp\/v2\/users\/66"}],"replies":[{"embeddable":true,"href":"https:\/\/agora.xtec.cat\/iesmontbui\/wp-json\/wp\/v2\/comments?post=5940"}],"version-history":[{"count":3,"href":"https:\/\/agora.xtec.cat\/iesmontbui\/wp-json\/wp\/v2\/pages\/5940\/revisions"}],"predecessor-version":[{"id":5985,"href":"https:\/\/agora.xtec.cat\/iesmontbui\/wp-json\/wp\/v2\/pages\/5940\/revisions\/5985"}],"up":[{"embeddable":true,"href":"https:\/\/agora.xtec.cat\/iesmontbui\/wp-json\/wp\/v2\/pages\/5890"}],"wp:attachment":[{"href":"https:\/\/agora.xtec.cat\/iesmontbui\/wp-json\/wp\/v2\/media?parent=5940"}],"curies":[{"name":"wp","href":"https:\/\/api.w.org\/{rel}","templated":true}]}}