{"id":506,"date":"2015-11-02T14:25:50","date_gmt":"2015-11-02T13:25:50","guid":{"rendered":"http:\/\/agora.xtec.cat\/iesmontbui\/?page_id=506"},"modified":"2019-05-20T08:58:29","modified_gmt":"2019-05-20T06:58:29","slug":"biblioteca","status":"publish","type":"page","link":"https:\/\/agora.xtec.cat\/iesmontbui\/activitats\/biblioteca\/","title":{"rendered":"Biblioteca"},"content":{"rendered":"<p>Cada dia, durant el primer pati, obrim la biblioteca per a tu! Vine a estudiar, fer activitats o consultes a internet!<\/p>\n<p>I tamb\u00e9 pots visitar el bloc de la biblioteca! Entra a <a href=\"https:\/\/blocs.xtec.cat\/recursosinstitutmontbui\/\">blocs.xtec.cat\/recursosinstitutmontbui<\/a>!<\/p>\n<p>El nou blog de la biblioteca creiem \u00e9s un eina d\u2019ajuda a l\u2019hora de fer qualsevol recerca! Cont\u00e9 recursos digitals seleccionats en tres \u00e0mbits:<\/p>\n<ul>\n<li>Eines complement\u00e0ries (banc d\u2019imatges, de sons, d\u2019icones catalanes<br \/>\nlliures i gratu\u00eftes),<\/li>\n<li>Recursos generals (Atles, Cat\u00e0legs, Revistes, Diaris&#8230;)<\/li>\n<li>Recursos per mat\u00e8ries.<\/li>\n<\/ul>\n<p>D\u2019altra banda, a la part esquerra de la pantalla tamb\u00e9 podeu trobar a m\u00e9s d\u2019aquests classificats alfab\u00e8ticament, recursos per al professorat. Esperem que faciliti la cerca i us sigui de molta utilitat!<\/p>\n<p>Properament tindr\u00e0s les not\u00edcies i el funcionament de la biblioteca en aquesta mateixa p\u00e0gina!<\/p>\n<p><a href=\"https:\/\/agora.xtec.cat\/iesmontbui\/wp-content\/uploads\/usu145\/2019\/05\/040.jpg\"><img loading=\"lazy\" decoding=\"async\" class=\"alignnone size-large wp-image-3324\" src=\"https:\/\/agora.xtec.cat\/iesmontbui\/wp-content\/uploads\/usu145\/2019\/05\/040-1024x768.jpg\" alt=\"\" width=\"1024\" height=\"768\" srcset=\"https:\/\/agora.xtec.cat\/iesmontbui\/wp-content\/uploads\/usu145\/2019\/05\/040.jpg 1024w, https:\/\/agora.xtec.cat\/iesmontbui\/wp-content\/uploads\/usu145\/2019\/05\/040-300x225.jpg 300w, https:\/\/agora.xtec.cat\/iesmontbui\/wp-content\/uploads\/usu145\/2019\/05\/040-768x576.jpg 768w, https:\/\/agora.xtec.cat\/iesmontbui\/wp-content\/uploads\/usu145\/2019\/05\/040-200x150.jpg 200w\" sizes=\"auto, (max-width: 1024px) 100vw, 1024px\" \/><\/a><\/p>\n","protected":false},"excerpt":{"rendered":"<p>Cada dia, durant el primer pati, obrim la biblioteca per a tu! Vine a estudiar, fer activitats o consultes a internet!<br \/>\nI tamb\u00e9 pots visitar el bloc de la biblioteca! Entra a <a href=\"https:\/\/blocs.xtec.cat\/recursosinstitutmontbui\/\">blocs.xtec.cat\/recursosinstitutmontbui<\/a>!<br \/>\nEl nou blog de la biblioteca creiem \u00e9s un eina d\u2019ajuda a l\u2019hora&hellip;  <a href=\"https:\/\/agora.xtec.cat\/iesmontbui\/activitats\/biblioteca\/\" title=\"Read Biblioteca\">Llegeix m\u00e9s\u00bb<\/a><\/p>\n","protected":false},"author":1,"featured_media":0,"parent":434,"menu_order":0,"comment_status":"closed","ping_status":"closed","template":"","meta":{"_bbp_topic_count":0,"_bbp_reply_count":0,"_bbp_total_topic_count":0,"_bbp_total_reply_count":0,"_bbp_voice_count":0,"_bbp_anonymous_reply_count":0,"_bbp_topic_count_hidden":0,"_bbp_reply_count_hidden":0,"_bbp_forum_subforum_count":0,"footnotes":""},"class_list":["post-506","page","type-page","status-publish","hentry"],"post_mailing_queue_ids":[],"_links":{"self":[{"href":"https:\/\/agora.xtec.cat\/iesmontbui\/wp-json\/wp\/v2\/pages\/506","targetHints":{"allow":["GET"]}}],"collection":[{"href":"https:\/\/agora.xtec.cat\/iesmontbui\/wp-json\/wp\/v2\/pages"}],"about":[{"href":"https:\/\/agora.xtec.cat\/iesmontbui\/wp-json\/wp\/v2\/types\/page"}],"author":[{"embeddable":true,"href":"https:\/\/agora.xtec.cat\/iesmontbui\/wp-json\/wp\/v2\/users\/1"}],"replies":[{"embeddable":true,"href":"https:\/\/agora.xtec.cat\/iesmontbui\/wp-json\/wp\/v2\/comments?post=506"}],"version-history":[{"count":3,"href":"https:\/\/agora.xtec.cat\/iesmontbui\/wp-json\/wp\/v2\/pages\/506\/revisions"}],"predecessor-version":[{"id":3325,"href":"https:\/\/agora.xtec.cat\/iesmontbui\/wp-json\/wp\/v2\/pages\/506\/revisions\/3325"}],"up":[{"embeddable":true,"href":"https:\/\/agora.xtec.cat\/iesmontbui\/wp-json\/wp\/v2\/pages\/434"}],"wp:attachment":[{"href":"https:\/\/agora.xtec.cat\/iesmontbui\/wp-json\/wp\/v2\/media?parent=506"}],"curies":[{"name":"wp","href":"https:\/\/api.w.org\/{rel}","templated":true}]}}