{"id":429,"date":"2015-11-02T11:08:54","date_gmt":"2015-11-02T10:08:54","guid":{"rendered":"http:\/\/agora.xtec.cat\/iesmontbui\/?page_id=429"},"modified":"2026-04-15T16:13:10","modified_gmt":"2026-04-15T14:13:10","slug":"pfi","status":"publish","type":"page","link":"https:\/\/agora.xtec.cat\/iesmontbui\/estudis\/pfi\/","title":{"rendered":"PFI"},"content":{"rendered":"<p class=\"s3\"><strong><span class=\"s2\">PFI<\/span><\/strong><\/p>\n<p><strong><span class=\"s4\">PROGRAMA DE <\/span><span class=\"s4\">FORMACI\u00d3 I INSERCI\u00d3: \u201cAUXILIAR D\u2019ACTIVITATS D\u2019OFICINA I EN SERVEIS ADMINISTRATIUS GENERALS\u201d<\/span><\/strong><\/p>\n<p class=\"s7\"><span class=\"s5\">\u00c9s un programa de qualificaci\u00f3 professional inicial que facilita la <\/span><span class=\"s6\">continu\u00eftat formativa<\/span><span class=\"s5\">, aix\u00ed com l\u2019inici d\u2019un<\/span><span class=\"s6\">itinerari professional <\/span><span class=\"s5\">de transici\u00f3 al m\u00f3n laboral.<\/span><\/p>\n<p class=\"s9\"><a href=\"https:\/\/agora.xtec.cat\/iesmontbui\/estudis\/pfi\/inscripcio-pfi\/\" target=\"_blank\" rel=\"noopener\"><span class=\"s8\">Per accedir a la informaci\u00f3 de la preinscripci\u00f3, clica AQU\u00cd!<\/span><\/a><\/p>\n<p class=\"s11\"><strong><span class=\"s10\">Objectius<\/span><\/strong><\/p>\n<p class=\"s12\">Aquest programa t\u00e9 com a objectius:<\/p>\n<div class=\"s14\"><span class=\"s13\">\u25cf <\/span>Desenvolupar i consolidar la maduresa personal de cadascun dels joves mitjan\u00e7ant el desenvolupament d\u2019actituds, habilitats i capacitats que contribueixin al seu creixement personal.<\/div>\n<div class=\"s15\"><span class=\"s13\">\u25cf <\/span>Proporcionar compet\u00e8ncies professionals reconegudes al Cat\u00e0leg Nacional de Qualificacions Professionals que permetin la incorporaci\u00f3 laboral com a \u201cAuxiliar d\u2019activitats d\u2019oficina i en serveis administratius generals\u201d a qualsevol empresa o entitat de car\u00e0cter privat o p\u00fablic, a tots els sectors productius.<\/div>\n<div class=\"s15\"><span class=\"s13\">\u25cf <\/span>Ampliar compet\u00e8ncies b\u00e0siques per afavorir la continu\u00eftat educativa, especialment en els cicles de formaci\u00f3 professional de grau mitj\u00e0, aix\u00ed com el desenvolupament de les capacitats clau que afavoreixin l\u2019aprenentatge i la formaci\u00f3 al llarg de la vida.<\/div>\n<div class=\"s16\"><span class=\"s13\">\u25cf <\/span>Proporcionar orientaci\u00f3 professional i acad\u00e8mica perqu\u00e8 cada jove pugui desenvolupar itineraris coherents de formaci\u00f3 i capacitaci\u00f3 professional que facilitin la inserci\u00f3 i promoci\u00f3 professional. Les accions d\u2019acompanyament i seguiment personalitzat es perllonguen una vegada finalitzat el programa.<\/div>\n<div><\/div>\n<div><\/div>\n<p class=\"s11\"><strong><span class=\"s10\">A qui va adre\u00e7at<\/span><\/strong><\/p>\n<p class=\"s12\">Aquest programa va adre\u00e7at a <strong><span class=\"s17\">joves de 16 a 21 anys<\/span><\/strong> (o que els compleixin abans del 31 de desembre de l\u2019any actual) amb diversitat de capacitats, nivells formatius i objectius professionals i de formaci\u00f3 i que <strong><span class=\"s17\">no acrediten l\u2019ESO<\/span><\/strong>.<\/p>\n<p class=\"s12\">El programa permet al o la jove:<\/p>\n<div class=\"s14\"><span class=\"s13\">\u25cf <\/span>Accedir al m\u00f3n laboral<\/div>\n<div class=\"s15\"><span class=\"s13\">\u25cf <\/span>Continuar la formaci\u00f3 professional en un Cicle Formatiu de Grau Mitj\u00e0<\/div>\n<div class=\"s15\"><span class=\"s13\">\u25cf <\/span>Treballar i continuar estudiant<\/div>\n<div class=\"s16\"><span class=\"s13\">\u25cf <\/span>Accedir als centres de formaci\u00f3 d\u2019adults per obtenir el GESO, sense complir el requisit de tenir 18 anys.<\/div>\n<div><\/div>\n<div><\/div>\n<p class=\"s11\"><span class=\"s10\"><strong>Durada<\/strong><\/span><\/p>\n<p class=\"s12\">El PFI t\u00e9 una durada d\u2019un curs escolar (de setembre a juny), amb 1.000 hores de formaci\u00f3, incloent-hi <span class=\"s17\">200<\/span><span class=\"s17\"> hores de pr\u00e0ctiques a l\u2019empresa (FCT). <\/span>Les pr\u00e0ctiques es fan alternades amb les classes, des del mes de mar\u00e7 al mes de juny.<\/p>\n<p class=\"s11\"><strong><span class=\"s10\">Estructura<\/span><\/strong><\/p>\n<p class=\"s12\">El programa s\u2019estructura en m\u00f2duls de Formaci\u00f3 professional i m\u00f2duls de Formaci\u00f3 general, a m\u00e9s de la Tutoria:<\/p>\n<p class=\"s12\"><span style=\"text-decoration: underline;\"><span class=\"s17\">M\u00f2duls de Formaci\u00f3 professional espec\u00edfica<\/span><\/span><\/p>\n<div class=\"s14\"><span class=\"s13\">\u25cf <\/span>T\u00e8cniques administratives b\u00e0siques d\u2019oficina<\/div>\n<div class=\"s15\"><span class=\"s13\">\u25cf <\/span>Arxiu i comunicaci\u00f3<\/div>\n<div class=\"s15\"><span class=\"s13\">\u25cf <\/span>Ofim\u00e0tica<\/div>\n<div class=\"s15\"><span class=\"s13\">\u25cf <\/span>Formaci\u00f3 b\u00e0sica en prevenci\u00f3 de riscos laborals<\/div>\n<div class=\"s15\"><span class=\"s13\">\u25cf <\/span>Projecte integrat<\/div>\n<div class=\"s16\"><span class=\"s13\">\u25cf <\/span>Formaci\u00f3 pr\u00e0ctica en centres de treball (FCT)<span class=\"s18\">*<\/span><\/div>\n<div><\/div>\n<p class=\"s12\"><span style=\"text-decoration: underline;\"><span class=\"s17\">M\u00f2duls de Formaci\u00f3 general<\/span><\/span><\/p>\n<div class=\"s14\"><span class=\"s13\">\u25cf <\/span>Estrat\u00e8gies i eines de comunicaci\u00f3 (catal\u00e0, castell\u00e0, angl\u00e8s i TIC)<\/div>\n<div class=\"s15\"><span class=\"s13\">\u25cf <\/span>Entorn social i territorial<\/div>\n<div class=\"s15\"><span class=\"s13\">\u25cf <\/span>Estrat\u00e8gies i eines matem\u00e0tiques<\/div>\n<div class=\"s16\"><span class=\"s13\">\u25cf <\/span>Incorporaci\u00f3 al m\u00f3n professional<\/div>\n<div><\/div>\n<p class=\"s12\"><span style=\"text-decoration: underline;\"><span class=\"s17\">Orientaci\u00f3, tutoria i assessorament personalitzat<\/span><\/span><\/p>\n<div class=\"s19\"><span class=\"s13\">\u25cf <\/span>Orientaci\u00f3 personal i recursos per a la inserci\u00f3 laboral i educativa.<\/div>\n<p>&nbsp;<\/p>\n<p class=\"s11\"><strong><span class=\"s10\">*Formaci\u00f3 pr\u00e0ctica en centres de treball (FCT)<\/span><\/strong><\/p>\n<p class=\"s12\">Les pr\u00e0ctiques a l\u2019empresa han de permetre a l\u2019alumne:<\/p>\n<div class=\"s14\"><span class=\"s13\">\u25cf <\/span>Prendre contacte amb el m\u00f3n laboral i amb el seu sistema de relacions.<\/div>\n<div class=\"s15\"><span class=\"s13\">\u25cf <\/span>Adaptar-se de manera responsable i participativa a les normes de funcionament i a les situacions que es plantegen en un centre de treball.<\/div>\n<div class=\"s15\"><span class=\"s13\">\u25cf <\/span>Completar compet\u00e8ncies professionals i b\u00e0siques, ampliant els continguts formatius donats a classe.<\/div>\n<div class=\"s15\"><span class=\"s13\">\u25cf <\/span>Afrontar les tasques encomanades amb progressiva autonomia i capacitat d\u2019organitzaci\u00f3.<\/div>\n<div class=\"s14\"><span class=\"s13\">\u25cf <\/span>Desenvolupar les compet\u00e8ncies professionals per les quals l\u2019alumne demostra m\u00e9s predisposici\u00f3 i actitud positiva.<\/div>\n<div><\/div>\n<div><\/div>\n<p class=\"s11\"><strong><span class=\"s10\">Grups redu\u00efts<\/span><\/strong><\/p>\n<p class=\"s12\">El nombre d\u2019alumnes que conformen el grup del Programa de Formaci\u00f3 i Inserci\u00f3 \u00e9s de 16 alumnes, amb una pla\u00e7a reservada a alumnes de NEE, amb una reducci\u00f3 de r\u00e0tio d\u2019una pla\u00e7a.<\/p>\n<p class=\"s11\"><strong><span class=\"s10\">Atenci\u00f3 personalitzada<\/span><\/strong><\/p>\n<p class=\"s12\">L\u2019atenci\u00f3 personalitzada, la tutoritzaci\u00f3 i l\u2019orientaci\u00f3 de l\u2019alumnat s\u00f3n elements clau del programa.<\/p>\n<p class=\"s12\">L\u2019atenci\u00f3 individualitzada t\u00e9 com a finalitats:<\/p>\n<div class=\"s14\"><span class=\"s13\">\u25cf <\/span>El seguiment del proc\u00e9s formatiu de cada jove.<\/div>\n<div class=\"s15\"><span class=\"s13\">\u25cf <\/span>L\u2019orientaci\u00f3 personal, acad\u00e8mica i professional necess\u00e0ria per definir el seu projecte de futur.<\/div>\n<div class=\"s14\"><span class=\"s13\">\u25cf <\/span>L\u2019acompanyament en la inserci\u00f3 laboral i educativa en finalitzar el programa.<\/div>\n<p class=\"s12\"><strong><span class=\"s21\">Certificaci\u00f3 final del \u00a0PFI (doble certificaci\u00f3)<\/span><\/strong><\/p>\n<div class=\"s22\"><span style=\"text-decoration: underline;\">1. <span class=\"s17\">Certificaci\u00f3 de Formaci\u00f3 Professional<\/span><\/span><\/div>\n<div><\/div>\n<p class=\"s12\">Les persones que superen el Programa de Formaci\u00f3 i Inserci\u00f3 obtenen una certificaci\u00f3 acad\u00e8mica i professional que acredita les compet\u00e8ncies professionals de nivell 1:<\/p>\n<div class=\"s23\">\u25cf Qualificaci\u00f3 professional completa: ADG305_1: Operacions auxiliars de serveis administratius generals.<\/div>\n<div class=\"s23\">\u25cf Qualificaci\u00f3 professional incompleta: ADG306_1: Operacions de gravaci\u00f3 i tractament de dades i documents.<\/div>\n<div class=\"s23\">\u25cf Certificat de professionalitat: ADFF408 Operacions auxiliars de serveis administratius generals.<\/div>\n<div class=\"s22\"><span style=\"text-decoration: underline;\">2. <span class=\"s17\">Certificat del C<\/span><span class=\"s17\">urs <\/span><span class=\"s17\">de formaci\u00f3 es<\/span><span class=\"s17\">pec\u00edfic <\/span><span class=\"s17\">preparatori per a l\u2019acc\u00e9s a Grau Mitj\u00e0<\/span><\/span><\/div>\n<div><\/div>\n<p class=\"s25\">Exempci\u00f3 total de la prova d&#8217;acc\u00e9s als cicles formatius de grau mitj\u00e0 dels ensenyaments de formaci\u00f3 professional, que permet l&#8217;acc\u00e9s directe a aquestes formacions sempre i quan l\u2019alumnat aprovi cadascun dels \u00e0mbits: el de comunicaci\u00f3, el social i el cientificotecnol\u00f2gic amb una nota igual o superior a 4, i nota final de 5 o superior.<\/p>\n<p class=\"s25\"><strong><span class=\"s21\">Possibilitats en acabar el programa<\/span><\/strong><\/p>\n<div><\/div>\n<div class=\"s23\"><span style=\"text-decoration: underline;\">1. <span class=\"s17\">L\u2019alumnat pot continuar la seva formaci\u00f3 un cop acabat el programa:<\/span><\/span><\/div>\n<div><\/div>\n<div class=\"s15\"><span class=\"s13\">\u25cf <\/span>Cursar un cicle formatiu de grau mitj\u00e0 (CFGM)<\/div>\n<div class=\"s15\"><span class=\"s13\">\u25cf <\/span>Obtenir el GESO \u00a0en un Centre de Formaci\u00f3 d\u2019Adults (CFA) sense el requisit de l\u2019edat, pel fet d\u2019haver cursat un PFI (Presencial o a dist\u00e0ncia a trav\u00e9s de l\u2019IOC).<\/div>\n<div class=\"s26\"><span class=\"s13\">\u25cf <\/span>Fer l\u2019especialitzaci\u00f3 professional o qualificaci\u00f3 en \u00e0mbits professionals diferents al del PFI.<\/div>\n<div><\/div>\n<div class=\"s27\"><span style=\"text-decoration: underline;\">2. <span class=\"s17\">L\u2019alumnat pot incorporar-se al m\u00f3n laboral amb una qualificaci\u00f3 professional reconeguda:<\/span><\/span><\/div>\n<div><\/div>\n<div class=\"s26\"><span class=\"s13\">\u25cf <\/span>Acreditaci\u00f3 de compet\u00e8ncies professionals del PFI: Els PFI donen una qualificaci\u00f3 professional completa de nivell 1 que a la vegada permet l\u2019obtenci\u00f3 d\u2019un certificat de professionalitat de nivell 1.<\/div>\n<div class=\"s15\"><span class=\"s13\">\u25cf <\/span>Contractaci\u00f3 laboral: contracte de pr\u00e0ctiques (amb la reducci\u00f3 de quotes empresarials de la Seguretat Social)<\/div>\n<div class=\"s15\"><span class=\"s13\">\u25cf <\/span>Obtenir equival\u00e8ncies a efectes professionals amb el t\u00edtol de GESO. Es pot obtenir l\u2019equival\u00e8ncia del t\u00edtol de GESO complint els seg\u00fcents requisits:<\/div>\n<div class=\"s28\"><span class=\"s13\">\u25cb Tenir l&#8217;exempci\u00f3 total de la prova d&#8217;acc\u00e9s als CFGM.<\/span><\/div>\n<div class=\"s29\"><span class=\"s13\">\u25cb <\/span>Haver superat totes les mat\u00e8ries de 1r i 2n d\u2019ESO<\/div>\n<div><\/div>\n<p class=\"s12\"><strong><span class=\"s21\">Es pot accedir al m\u00f3n laboral com a:<\/span><\/strong><\/p>\n<table>\n<tbody>\n<tr>\n<td class=\"s30\">\n<div>\n<p class=\"s32\"><span class=\"s31\">\u25cf \u00a0 <\/span>\u200b<span class=\"s31\">Auxiliar d\u2019oficina<\/span><\/p>\n<\/div>\n<\/td>\n<td class=\"s30\">\n<div>\n<p class=\"s32\"><span class=\"s31\">\u25cf \u00a0 <\/span>\u200b<span class=\"s31\">Recepcionista<\/span><\/p>\n<\/div>\n<\/td>\n<\/tr>\n<tr>\n<td class=\"s33\">\n<div>\n<p class=\"s32\"><span class=\"s31\">\u25cf \u00a0 <\/span>\u200b<span class=\"s31\">Auxiliar de serveis generals<\/span><\/p>\n<\/div>\n<\/td>\n<td class=\"s33\">\n<div>\n<p class=\"s32\"><span class=\"s31\">\u25cf \u00a0 <\/span>\u200b<span class=\"s31\">Gravador \u2013 verificador de dades<\/span><\/p>\n<\/div>\n<\/td>\n<\/tr>\n<tr>\n<td class=\"s30\">\n<div>\n<p class=\"s32\"><span class=\"s31\">\u25cf \u00a0 <\/span>\u200b<span class=\"s31\">Auxiliar d\u2019arxiu<\/span><\/p>\n<\/div>\n<\/td>\n<td class=\"s30\">\n<div>\n<p class=\"s32\"><span class=\"s31\">\u25cf \u00a0 <\/span>\u200b<span class=\"s31\">Operador documental<\/span><\/p>\n<\/div>\n<\/td>\n<\/tr>\n<tr>\n<td class=\"s33\">\n<div>\n<p class=\"s32\"><span class=\"s31\">\u25cf \u00a0 <\/span>\u200b<span class=\"s31\">Ordenan\u00e7a<\/span><\/p>\n<\/div>\n<\/td>\n<td class=\"s33\">\n<div>\n<p class=\"s32\"><span class=\"s31\">\u25cf \u00a0 <\/span>\u200b<span class=\"s31\">Operador de cobrament o caixer<\/span><\/p>\n<\/div>\n<\/td>\n<\/tr>\n<tr>\n<td class=\"s30\">\n<div>\n<p class=\"s32\"><span class=\"s31\">\u25cf \u00a0 <\/span>\u200b<span class=\"s31\">Auxiliar d\u2019informaci\u00f3<\/span><\/p>\n<\/div>\n<\/td>\n<td class=\"s30\">\n<div>\n<p class=\"s32\"><span class=\"s31\">\u25cf \u00a0 <\/span>\u200b<span class=\"s31\">Auxiliar de digitalitzaci\u00f3<\/span><\/p>\n<\/div>\n<\/td>\n<\/tr>\n<\/tbody>\n<\/table>\n<p class=\"s11\"><strong><span class=\"s10\">Tr\u00edptic explicatiu<\/span><\/strong><\/p>\n<p class=\"s12\">Visita el<a href=\"https:\/\/agora.xtec.cat\/iesmontbui\/wp-content\/uploads\/usu145\/2026\/04\/Triptic_PFI_2627.pdf\"> triptic<\/a>\u00a0amb la informaci\u00f3 m\u00e9s important.<\/p>\n","protected":false},"excerpt":{"rendered":"<p>PFI<br \/>\nPROGRAMA DE FORMACI\u00d3 I INSERCI\u00d3: \u201cAUXILIAR D\u2019ACTIVITATS D\u2019OFICINA I EN SERVEIS ADMINISTRATIUS GENERALS\u201d<br \/>\n\u00c9s un programa de qualificaci\u00f3 professional inicial que facilita la continu\u00eftat formativa, aix\u00ed com l\u2019inici d\u2019unitinerari professional de transici\u00f3 al m\u00f3n laboral.<br \/>\n<a href=\"https:\/\/agora.xtec.cat\/iesmontbui\/estudis\/pfi\/inscripcio-pfi\/\" target=\"_blank\" rel=\"noopener\">Per accedir a la informaci\u00f3 de la preinscripci\u00f3, clica&hellip;  <a href=\"https:\/\/agora.xtec.cat\/iesmontbui\/estudis\/pfi\/\" title=\"Read PFI\">Llegeix m\u00e9s\u00bb<\/a><\/p>\n","protected":false},"author":1,"featured_media":0,"parent":195,"menu_order":0,"comment_status":"closed","ping_status":"closed","template":"page-templates\/side-menu.php","meta":{"_bbp_topic_count":0,"_bbp_reply_count":0,"_bbp_total_topic_count":0,"_bbp_total_reply_count":0,"_bbp_voice_count":0,"_bbp_anonymous_reply_count":0,"_bbp_topic_count_hidden":0,"_bbp_reply_count_hidden":0,"_bbp_forum_subforum_count":0,"footnotes":""},"class_list":["post-429","page","type-page","status-publish","hentry"],"post_mailing_queue_ids":[],"_links":{"self":[{"href":"https:\/\/agora.xtec.cat\/iesmontbui\/wp-json\/wp\/v2\/pages\/429","targetHints":{"allow":["GET"]}}],"collection":[{"href":"https:\/\/agora.xtec.cat\/iesmontbui\/wp-json\/wp\/v2\/pages"}],"about":[{"href":"https:\/\/agora.xtec.cat\/iesmontbui\/wp-json\/wp\/v2\/types\/page"}],"author":[{"embeddable":true,"href":"https:\/\/agora.xtec.cat\/iesmontbui\/wp-json\/wp\/v2\/users\/1"}],"replies":[{"embeddable":true,"href":"https:\/\/agora.xtec.cat\/iesmontbui\/wp-json\/wp\/v2\/comments?post=429"}],"version-history":[{"count":9,"href":"https:\/\/agora.xtec.cat\/iesmontbui\/wp-json\/wp\/v2\/pages\/429\/revisions"}],"predecessor-version":[{"id":12134,"href":"https:\/\/agora.xtec.cat\/iesmontbui\/wp-json\/wp\/v2\/pages\/429\/revisions\/12134"}],"up":[{"embeddable":true,"href":"https:\/\/agora.xtec.cat\/iesmontbui\/wp-json\/wp\/v2\/pages\/195"}],"wp:attachment":[{"href":"https:\/\/agora.xtec.cat\/iesmontbui\/wp-json\/wp\/v2\/media?parent=429"}],"curies":[{"name":"wp","href":"https:\/\/api.w.org\/{rel}","templated":true}]}}