{"id":3227,"date":"2019-04-29T09:02:00","date_gmt":"2019-04-29T07:02:00","guid":{"rendered":"http:\/\/agora.xtec.cat\/iesmontbui\/?page_id=3227"},"modified":"2026-04-15T16:34:10","modified_gmt":"2026-04-15T14:34:10","slug":"inscripcio-pfi","status":"publish","type":"page","link":"https:\/\/agora.xtec.cat\/iesmontbui\/estudis\/pfi\/inscripcio-pfi\/","title":{"rendered":"Inscripci\u00f3 PFI"},"content":{"rendered":"<p class=\"s5\"><strong><span class=\"s4\">PREINSCRIPCI\u00d3 al PFI d\u2019Auxiliar d\u2019Activitats d\u2019Oficina i en Serveis Administratius Generals. Curs <\/span><span class=\"s4\">2026-2027<\/span><\/strong><\/p>\n<p class=\"s9\"><span class=\"s6\">La preinscripci\u00f3 als programes de formaci\u00f3 i inserci\u00f3 es fa <\/span><span class=\"s7\">DE MANERA<\/span> <span class=\"s7\">TELEM\u00c0TICA.\u00a0<\/span><\/p>\n<p>Ja pots fer la sol\u00b7licitud per la preinscripci\u00f3, clicant <a href=\"https:\/\/preinscripcio.gencat.cat\/ca\/estudis\/pfi\/preinscriute\/sollicitud\/\">aqu\u00ed<\/a>.<\/p>\n<p class=\"s10\"><span class=\"s6\">Per rebre ajuda del centre per fer el tr\u00e0mit, pots <\/span><span class=\"s6\">trucar al tel\u00e8fon de l\u2019institut: 938 056 059.<\/span><\/p>\n<p>&nbsp;<\/p>\n<p class=\"s5\"><span class=\"s4\"><strong>Calendari preinscripci\u00f3 i matriculaci\u00f3<\/strong> <\/span><\/p>\n<div>\n<p dir=\"ltr\">Calendari preinscripci\u00f3 i matriculaci\u00f3\u00a0<span class=\"il\">PFI<\/span>. Curs 2026-2027<\/p>\n<div dir=\"ltr\" align=\"left\">\n<table style=\"width: 98.2744%;\">\n<colgroup>\n<col width=\"140\" \/>\n<col width=\"461\" \/><\/colgroup>\n<tbody>\n<tr>\n<td style=\"width: 24.1776%;\">\n<p dir=\"ltr\">DATA<\/p>\n<\/td>\n<td style=\"width: 94.6052%;\">\n<p dir=\"ltr\">PROCEDIMENT PREINSCRIPCI\u00d3 I MATRICULACI\u00d3<\/p>\n<\/td>\n<\/tr>\n<tr>\n<td style=\"width: 24.1776%;\">\n<p dir=\"ltr\">30 d\u2019abril<\/p>\n<\/td>\n<td style=\"width: 94.6052%;\">\n<p dir=\"ltr\">Publicaci\u00f3 de l\u2019oferta inicial de places<\/p>\n<\/td>\n<\/tr>\n<tr>\n<td style=\"width: 24.1776%;\">\n<p dir=\"ltr\">4 al 13 de maig<\/p>\n<\/td>\n<td style=\"width: 94.6052%;\">\n<p dir=\"ltr\">Presentaci\u00f3 de sol\u00b7licituds (ambd\u00f3s inclosos)<\/p>\n<\/td>\n<\/tr>\n<tr>\n<td style=\"width: 24.1776%;\">\n<p dir=\"ltr\">4 al 26 de maig<\/p>\n<\/td>\n<td style=\"width: 94.6052%;\">\n<p dir=\"ltr\">Entrevistes d\u2019orientaci\u00f3 i valoraci\u00f3 (obligat\u00f2ries per a tot l\u2019alumnat que realitzi la preinscripci\u00f3 dins el per\u00edode establert)<\/p>\n<\/td>\n<\/tr>\n<tr>\n<td style=\"width: 24.1776%;\">\n<p dir=\"ltr\">28 de maig<\/p>\n<\/td>\n<td style=\"width: 94.6052%;\">\n<p dir=\"ltr\">Publicaci\u00f3 de la relaci\u00f3 de sol\u00b7licituds amb el barem provisional<\/p>\n<\/td>\n<\/tr>\n<tr>\n<td style=\"width: 24.1776%;\">\n<p dir=\"ltr\">28 de maig al 3 de juny<\/p>\n<\/td>\n<td style=\"width: 94.6052%;\">\n<p dir=\"ltr\">Per\u00edode de reclamaci\u00f3 de les sol\u00b7licituds baremades<\/p>\n<\/td>\n<\/tr>\n<tr>\n<td style=\"width: 24.1776%;\">\n<p dir=\"ltr\">8 de juny<\/p>\n<\/td>\n<td style=\"width: 94.6052%;\">\n<p dir=\"ltr\">Sorteig per resoldre les sol\u00b7licituds de preinscripci\u00f3 empatades en punts i publicaci\u00f3 de la relaci\u00f3 de sol\u00b7licituds amb el barem definitiu<\/p>\n<\/td>\n<\/tr>\n<tr>\n<td style=\"width: 24.1776%;\">\n<p dir=\"ltr\">11 de juny<\/p>\n<\/td>\n<td style=\"width: 94.6052%;\">\n<p dir=\"ltr\">Publicaci\u00f3 de la llista ordenada per a l\u2019assignaci\u00f3 de places<\/p>\n<\/td>\n<\/tr>\n<tr>\n<td style=\"width: 24.1776%;\">\n<p dir=\"ltr\">25 a 29 de juny<\/p>\n<\/td>\n<td style=\"width: 94.6052%;\">\n<p dir=\"ltr\">Ampliaci\u00f3 de peticions de preinscripci\u00f3 per a alumnes sense pla\u00e7a assignada a cap centre<\/p>\n<\/td>\n<\/tr>\n<tr>\n<td style=\"width: 24.1776%;\">\n<p dir=\"ltr\">3 de juliol<\/p>\n<\/td>\n<td style=\"width: 94.6052%;\">\n<p dir=\"ltr\">Publicaci\u00f3 de:<\/p>\n<p dir=\"ltr\">\u00b7 \u00a0\u00a0oferta final<\/p>\n<p dir=\"ltr\">\u00b7 \u00a0\u00a0relaci\u00f3 de l\u2019alumnat adm\u00e8s al centre i llista d\u2019espera<\/p>\n<p dir=\"ltr\">\u00b7 \u00a0\u00a0relaci\u00f3 de sol\u00b7licituds rebudes al centre amb pla\u00e7a assignada a cada sol\u00b7licitud<\/p>\n<\/td>\n<\/tr>\n<tr>\n<td style=\"width: 24.1776%;\">\n<p dir=\"ltr\">6 a 10 de juliol<\/p>\n<\/td>\n<td style=\"width: 94.6052%;\">\n<p dir=\"ltr\">Per\u00edode de matr\u00edcula<\/p>\n<\/td>\n<\/tr>\n<\/tbody>\n<\/table>\n<\/div>\n<\/div>\n<div><\/div>\n<p>&nbsp;<\/p>\n<p class=\"s5\"><strong><span class=\"s4\">Procediment de preinscripci\u00f3<\/span><\/strong><\/p>\n<p class=\"s23\"><span class=\"s22\">La preinscripci\u00f3 als programes de formaci\u00f3 i inserci\u00f3 es fa de manera telem\u00e0tica. Per fer-ho has de seguir els seg\u00fcents passos:<\/span><\/p>\n<div class=\"s25\"><span class=\"s24\">1. <\/span><span class=\"s22\">Si el nostre centre \u00e9s l\u2019escollit en primera opci\u00f3, pot iniciar el tr\u00e0mit telem\u00e0tic clicant aquest <a href=\"https:\/\/preinscripcio.gencat.cat\/ca\/estudis\/pfi\/preinscriute\/sollicitud\/\">enlla\u00e7<\/a><\/span><\/div>\n<div>2. Baixa&#8217;t el <a href=\"https:\/\/documents.espai.educacio.gencat.cat\/FormularisModels\/CentresGestioAdministrativa\/A72.pdf\">formulari de preinscripci\u00f3<\/a> i omple\u2019l amb totes les dades que se\u2019t demanin.<\/div>\n<div class=\"s25\"><span class=\"s24\">3. <\/span><span class=\"s22\">Al mateix formulari indica el llistat ordenat de centres als quals t\u2019agradaria accedir ordenats per ordre de prefer\u00e8ncia. Recorda,<\/span><strong><span class=\"s26\"> el codi de l\u2019Institut Montbui \u00e9s el 08053352.<\/span><\/strong><\/div>\n<div class=\"s25\"><span class=\"s24\">4. <\/span><span class=\"s22\">A m\u00e9s, prepara tota la documentaci\u00f3 necess\u00e0ria que haur\u00e0s de presentar digitalment (i que t\u2019expliquem al seg\u00fcent apartat). Porta l\u2019original i una fotoc\u00f2pia.<\/span><\/div>\n<div class=\"s27\"><span class=\"s24\">5. <\/span><span class=\"s22\">Presenta&#8217;t al centre escollit el dia i l\u2019hora que t\u2019han citat.<\/span><\/div>\n<div>6. Comprova amb la persona que t\u2019atendr\u00e0 que tot sigui correcte.<\/div>\n<div>7. Entrega la sol\u00b7licitud de preinscripci\u00f3. Un cop presentada la sol\u00b7licitud de preinscripci\u00f3 se\u2019t donar\u00e0 un resguard acreditatiu de la preinscripci\u00f3.<\/div>\n<div><\/div>\n<p class=\"s23\"><span class=\"s22\">Recorda: Nom\u00e9s es pot presentar una sol\u00b7licitud de preinscripci\u00f3 per alumne\/a.<\/span><\/p>\n<p class=\"s28\"><span class=\"s22\">Un cop realitzada la sol\u00b7licitud de preinscripci\u00f3, es donar\u00e0 a l\u2019alumnat una cita amb dia i hora aproximada prevista per l\u2019entrevista d\u2019orientaci\u00f3 i valoraci\u00f3, que es far\u00e0 de forma presencial.\u00a0<\/span><\/p>\n<p><strong>Documents a presentar per la preinscripci\u00f3<\/strong><br \/>\n\u25cf DNI, NIE o passaport. Si es tracta d\u2019estrangers comunitaris, document d\u2019identitat de pa\u00eds d\u2019origen.<br \/>\n\u25cf Targeta sanit\u00e0ria individual vigent<br \/>\n\u25cf Certificat d\u2019estudis o altra documentaci\u00f3 que acrediti el nombre de cursos escolaritzats a l\u2019ESO i l\u2019\u00faltim curs que s\u2019ha fet o que s\u2019est\u00e0 fent.<\/p>\n<p>Si el sol\u00b7licitant \u00e9s menor d\u2019edat tamb\u00e9 ha de presentar:<br \/>\n\u25cf El llibre de fam\u00edlia o altres documents relatius a la filiaci\u00f3. Si est\u00e0 en situaci\u00f3 d\u2019acolliment, la resoluci\u00f3 d\u2019acolliment de el Departament de Treball, Afers Socials i Fam\u00edlies.<br \/>\n\u25cf El DNI del pare, mare, tutor\/a o guardador\/a de fet. Si \u00e9s estranger\/a, la targeta de resid\u00e8ncia on consta el NIE o passaport. Si es tracta d\u2019estrangers comunitaris, document d\u2019identitat de pa\u00eds d\u2019origen. De manera extraordin\u00e0ria, i \u00fanicament a efectes de preinscripci\u00f3, les dades d\u2019identificaci\u00f3 o de filiaci\u00f3 de les persones estrangeres es poden acreditar amb la documentaci\u00f3 alternativa que la persona pugui aportar. No obstant, la matr\u00edcula estar\u00e0 condicionada a la presentaci\u00f3 de la documentaci\u00f3<br \/>\nidentificativa establerta en els par\u00e0grafs anteriors.<\/p>\n<p>Per acreditar la condici\u00f3 de discapacitat, s\u2019ha d\u2019enviar un certificat de Servei de Valoraci\u00f3 i Orientaci\u00f3 a les Persones amb Discapacitat (CAD) de el Departament de Treball, Afers Socials i Fam\u00edlies o, si existeix, un informe de l\u2019EAP en el qual s\u2019indiqui la exist\u00e8ncia d\u2019indicis raonables que l\u2019alumne presenta discapacitat.<\/p>\n<p>Les sol\u00b7licituds de preinscripci\u00f3 s\u2019ordenen segons els punts obtinguts en aplicar-hi els <a href=\"https:\/\/preinscripcio.gencat.cat\/ca\/estudis\/pfi\/informat\/criteris-assignacio\/\">Criteris de prioritat espec\u00edfics.<\/a><\/p>\n<p><strong>Entrevistes<\/strong><\/p>\n<p>L\u2019alumnat candidat far\u00e0 una entrevista presencial en qu\u00e8 es valora l\u2019adequaci\u00f3 del programa a la seva situaci\u00f3, els seus interessos, motivaci\u00f3 i aptituds aix\u00ed com la seva manca d\u2019experi\u00e8ncia laboral.<\/p>\n<p>Enlla\u00e7 a informaci\u00f3 del Departament d\u2019Educaci\u00f3:<br \/>\n<a href=\"https:\/\/triaeducativa.gencat.cat\/ca\/fp\/pfi\/\">https:\/\/triaeducativa.gencat.cat\/ca\/fp\/pfi\/<\/a><\/p>\n<p>&nbsp;<\/p>\n","protected":false},"excerpt":{"rendered":"<p>PREINSCRIPCI\u00d3 al PFI d\u2019Auxiliar d\u2019Activitats d\u2019Oficina i en Serveis Administratius Generals. Curs 2026-2027<br \/>\nLa preinscripci\u00f3 als programes de formaci\u00f3 i inserci\u00f3 es fa DE MANERA TELEM\u00c0TICA.\u00a0<br \/>\nJa pots fer la sol\u00b7licitud per la preinscripci\u00f3, clicant <a href=\"https:\/\/preinscripcio.gencat.cat\/ca\/estudis\/pfi\/preinscriute\/sollicitud\/\">aqu\u00ed<\/a>.<br \/>\nPer rebre ajuda del centre per fer el tr\u00e0mit, pots trucar&hellip;  <a href=\"https:\/\/agora.xtec.cat\/iesmontbui\/estudis\/pfi\/inscripcio-pfi\/\" title=\"Read Inscripci\u00f3 PFI\">Llegeix m\u00e9s\u00bb<\/a><\/p>\n","protected":false},"author":1,"featured_media":0,"parent":429,"menu_order":1,"comment_status":"closed","ping_status":"closed","template":"page-templates\/side-menu.php","meta":{"_bbp_topic_count":0,"_bbp_reply_count":0,"_bbp_total_topic_count":0,"_bbp_total_reply_count":0,"_bbp_voice_count":0,"_bbp_anonymous_reply_count":0,"_bbp_topic_count_hidden":0,"_bbp_reply_count_hidden":0,"_bbp_forum_subforum_count":0,"footnotes":""},"class_list":["post-3227","page","type-page","status-publish","hentry"],"post_mailing_queue_ids":[],"_links":{"self":[{"href":"https:\/\/agora.xtec.cat\/iesmontbui\/wp-json\/wp\/v2\/pages\/3227","targetHints":{"allow":["GET"]}}],"collection":[{"href":"https:\/\/agora.xtec.cat\/iesmontbui\/wp-json\/wp\/v2\/pages"}],"about":[{"href":"https:\/\/agora.xtec.cat\/iesmontbui\/wp-json\/wp\/v2\/types\/page"}],"author":[{"embeddable":true,"href":"https:\/\/agora.xtec.cat\/iesmontbui\/wp-json\/wp\/v2\/users\/1"}],"replies":[{"embeddable":true,"href":"https:\/\/agora.xtec.cat\/iesmontbui\/wp-json\/wp\/v2\/comments?post=3227"}],"version-history":[{"count":7,"href":"https:\/\/agora.xtec.cat\/iesmontbui\/wp-json\/wp\/v2\/pages\/3227\/revisions"}],"predecessor-version":[{"id":12138,"href":"https:\/\/agora.xtec.cat\/iesmontbui\/wp-json\/wp\/v2\/pages\/3227\/revisions\/12138"}],"up":[{"embeddable":true,"href":"https:\/\/agora.xtec.cat\/iesmontbui\/wp-json\/wp\/v2\/pages\/429"}],"wp:attachment":[{"href":"https:\/\/agora.xtec.cat\/iesmontbui\/wp-json\/wp\/v2\/media?parent=3227"}],"curies":[{"name":"wp","href":"https:\/\/api.w.org\/{rel}","templated":true}]}}