{"id":2950,"date":"2019-02-13T09:31:38","date_gmt":"2019-02-13T08:31:38","guid":{"rendered":"http:\/\/agora.xtec.cat\/iesmontbui\/?page_id=2950"},"modified":"2025-03-10T20:10:08","modified_gmt":"2025-03-10T19:10:08","slug":"preinscripcio-i-matricula-eso","status":"publish","type":"page","link":"https:\/\/agora.xtec.cat\/iesmontbui\/organitzacio-de-centre\/secretaria\/preinscripcio-i-matricula-eso\/","title":{"rendered":"Preinscripci\u00f3 i Matr\u00edcula ESO"},"content":{"rendered":"<blockquote><p><iframe loading=\"lazy\" src=\"https:\/\/docs.google.com\/presentation\/d\/e\/2PACX-1vRxVMT4y4Ss3ogG3t8O6x9ZRjbB1Cq2wF9muPioQw4EiCHBsyMfCWLLLJsIM8yRpA\/embed?start=false&#038;loop=false&#038;delayms=3000\" frameborder=\"0\" width=\"960\" height=\"569\" allowfullscreen=\"true\" mozallowfullscreen=\"true\" webkitallowfullscreen=\"true\"><\/iframe>&nbsp;<\/p>\n<p>Si vols con\u00e8ixer el nostre centre, visita la p\u00e0gina de <a href=\"https:\/\/agora.xtec.cat\/iesmontbui\/linstitut\/historia\/\" target=\"_blank\" rel=\"noopener noreferrer\">Presentaci\u00f3<\/a>!<\/p><\/blockquote>\n<h3>PREINSCRIPCI\u00d3 ESO PER AL CURS 2024-2025<\/h3>\n<p><strong>INFORMACI\u00d3 SOBRE LA PREINSCRIPCI\u00d3:<\/strong><\/p>\n<p><strong style=\"font-family: inherit; font-size: 1em;\">Per\u00edode:<\/strong><span style=\"font-family: inherit; font-size: 1em;\"> del 14 al 26 de mar\u00e7 de 2025<\/span><\/p>\n<p>S&#8217;han de matricular al\u00a0<strong>primer<\/strong>\u00a0curs d&#8217;educaci\u00f3<strong>\u00a0secund\u00e0ria\u00a0<\/strong>obligat\u00f2ria (ESO) els\/les alumnes que compleixen 12 anys durant l&#8217;any 2025 i els d&#8217;edat diferent als quals correspongui acad\u00e8micament iniciar aquesta etapa educativa.<\/p>\n<p><strong>So<\/strong><strong>l\u00b7l<\/strong><strong>i<\/strong><strong>c<\/strong><strong>i<\/strong><strong>tud:<\/strong> <strong>Nom\u00e9s de forma <em>telem\u00e0tica<\/em>, a <a href=\"https:\/\/preinscripcio.gencat.cat\/ca\/estudis\/eso\/inici\/\">https:\/\/preinscripcio.gencat.cat\/ca\/estudis\/eso\/inici\/<\/a><\/strong><\/p>\n<ul>\n<li>Novament totes les sol\u00b7licituds s\u00f3n en format telem\u00e0tic, per tant, <u>n<\/u><u>o hi ha la<\/u> <u>p<\/u><u>o<\/u><u>ssibilitat de full de preinscripci\u00f3 en paper<\/u>.<\/li>\n<li><span style=\"text-decoration: underline;\">No cal lliurar cap documentaci\u00f3 presencialment al centre educatiu<\/span> que indiqueu en primera opci\u00f3.<\/li>\n<\/ul>\n<p>Com he d&#8217;omplir la sol\u00b7licitud? Fixa&#8217;t amb els passos que el v\u00eddeo et mostra, i despr\u00e8s llegeix a continuaci\u00f3 els passos explicats al text.<\/p>\n<p style=\"text-align: center;\"><iframe loading=\"lazy\" title=\"YouTube video player\" src=\"https:\/\/www.youtube.com\/embed\/xwo2A2U-g30\" width=\"560\" height=\"315\" frameborder=\"0\" allowfullscreen=\"allowfullscreen\"><\/iframe><\/p>\n<p>Hi ha dos tipus de sol\u00b7licitud:<\/p>\n<ol>\n<li style=\"list-style-type: none;\">\n<ol>\n<li><u>Electr\u00f2nica<\/u>: cal identificaci\u00f3 digital<\/li>\n<li><u>Sup<\/u><u>o<\/u><u>rt inform\u00e0tic<\/u>: sense identificaci\u00f3 digital<\/li>\n<\/ol>\n<\/li>\n<\/ol>\n<ol>\n<li><u>S<\/u><u>OL\u00b7LICITUD <\/u><u><\/u><u>E<\/u><u>L<\/u><u>ECTR\u00d2NICA (Recomanable!)<\/u>: Mitjan\u00e7ant certificat digital, com DNI electr\u00f2nic, <strong>Cl@ve<\/strong><strong>,<\/strong> <strong>idCat<\/strong>, etc. Si no es disposa de cap certificat, us podeu generar f\u00e0cilment l\u2019idCat M\u00f2bil, de la seg\u00fcent manera:<\/li>\n<\/ol>\n<p>Per generar l&#8217;IdCAT M\u00f2bil cal complir els requisits seg\u00fcents: \u00a0Ser major de 16 anys i disposar de DNI\/NIE\/Passaport\/Doc identificador d\u2019un pa\u00eds de la UE o targeta de resid\u00e8ncia comunit\u00e0ria. Disposar \u00a0d\u2019adre\u00e7a \u00a0de \u00a0correu \u00a0electr\u00f2nic \u00a0i \u00a0un \u00a0tel\u00e8fon \u00a0m\u00f2bil \u00a0a \u00a0efectes d\u2019identificaci\u00f3 i contacte. Targeta sanit\u00e0ria per la teva identificaci\u00f3.<\/p>\n<p>Accediu a l\u2019adre\u00e7a \u00a0<a href=\"https:\/\/idcatmobil.seu.cat\/\" target=\"_blank\" rel=\"noopener noreferrer\"><u>h<\/u><u>ttps:\/\/idcatmobil.seu.cat\/<\/u><\/a> \u00a0i \u00a0trobareu les instruccions de com fer-ho, o seguiu <a href=\"https:\/\/docs.google.com\/presentation\/d\/e\/2PACX-1vRvpYbKJ1ElUcH31u3bDbWeFFUsR_2DUeunzCn_moNKZ77oDRNnlOqNpYk1nHwCbV9545Btgsla8xpo\/pub?start=false&amp;loop=false&amp;delayms=3000\" target=\"_blank\" rel=\"noopener noreferrer\">aquest tutorial<\/a> que us deixem a continuaci\u00f3:<\/p>\n<p style=\"text-align: center;\"><iframe loading=\"lazy\" src=\"https:\/\/docs.google.com\/presentation\/d\/e\/2PACX-1vRvpYbKJ1ElUcH31u3bDbWeFFUsR_2DUeunzCn_moNKZ77oDRNnlOqNpYk1nHwCbV9545Btgsla8xpo\/embed?start=false&amp;loop=false&amp;delayms=3000\" width=\"480\" height=\"299\" frameborder=\"0\" data-mce-fragment=\"1\"><\/iframe><\/p>\n<p>Un cop generat, per utilitzar l\u2019idCAT M\u00f2bil nom\u00e9s cal introduir el n\u00famero de document d\u2019identitat i el n\u00famero de tel\u00e8fon m\u00f2bil en el web on calgui identificar-se electr\u00f2nicament per fer un tr\u00e0mit. Tot seguit es rep un missatge al tel\u00e8fon, que cont\u00e9 una clau d\u2019acc\u00e9s per introduir-la en el web.<\/p>\n<p>Una vegada identificats, caldr\u00e0 entrar el <a href=\"http:\/\/web.gencat.cat\/ca\/tramits\/tramits-temes\/identificador-alumne?moda=1\" target=\"_blank\" rel=\"noopener noreferrer\"><em>n\u00fa<\/em><em>m<\/em><em>ero<\/em> <em>d<\/em><em>\u2019identificaci\u00f3<\/em> <em>d<\/em><em>e<\/em> <em>l\u2019alumne\/a<\/em> <em>a<\/em> <em>RALC<\/em><\/a> que us proporcionar\u00e0 l\u2019escola on est\u00e0 matriculat actualment per poder recuperar les seves dades personals i acad\u00e8miques, omplir les prefer\u00e8ncies i enviar la sol\u00b7licitud. En la majoria de casos no caldr\u00e0 fer res m\u00e9s ni adjuntar cap tipus de documentaci\u00f3, donat que s\u2019haur\u00e0 fet l\u2019intercanvi de validaci\u00f3 de les vostres dades amb totes les administracions implicades.<\/p>\n<ol start=\"2\">\n<li><u>S<\/u><u>OL\u00b7LICITUD <\/u><u>\u00a0<\/u><u>EN <\/u><u>\u00a0<\/u><u>S<\/u><u>U<\/u><u>P<\/u><u>ORT <\/u><u>\u00a0<\/u><u>I<\/u><u>NF<\/u><u>ORM\u00c0TIC<\/u>: Caldr\u00e0 identificar l\u2019alumne\/a amb el seu <em>n\u00fa<\/em><em>m<\/em><em>.<\/em> <em>d<\/em><em>\u2019Identificaci\u00f3<\/em> <em>d<\/em><em>\u2019alumne<\/em> i omplir el formulari, adjuntant escanejada o fotografiada la documentaci\u00f3 d\u2019identificaci\u00f3 i filiaci\u00f3 (DNI, llibre de fam\u00edlia, etc), juntament amb la que al\u00b7legueu a efectes de barems i que no s\u2019hagi pogut validar.<\/li>\n<\/ol>\n<p><strong>Important: Primera pantalla!<\/strong><a href=\"https:\/\/agora.xtec.cat\/iesmontbui\/wp-content\/uploads\/usu145\/2022\/04\/web1.png\"><img loading=\"lazy\" decoding=\"async\" class=\"aligncenter wp-image-7251 size-full\" src=\"https:\/\/agora.xtec.cat\/iesmontbui\/wp-content\/uploads\/usu145\/2022\/04\/web1.png\" alt=\"\" width=\"1056\" height=\"342\" srcset=\"https:\/\/agora.xtec.cat\/iesmontbui\/wp-content\/uploads\/usu145\/2022\/04\/web1.png 1056w, https:\/\/agora.xtec.cat\/iesmontbui\/wp-content\/uploads\/usu145\/2022\/04\/web1-300x97.png 300w, https:\/\/agora.xtec.cat\/iesmontbui\/wp-content\/uploads\/usu145\/2022\/04\/web1-1024x332.png 1024w, https:\/\/agora.xtec.cat\/iesmontbui\/wp-content\/uploads\/usu145\/2022\/04\/web1-768x249.png 768w\" sizes=\"auto, (max-width: 1056px) 100vw, 1056px\" \/><\/a><\/p>\n<p><strong>Puc<\/strong> <strong>p<\/strong><strong>r<\/strong><strong>e<\/strong><strong>s<\/strong><strong>en<\/strong><strong>tar<\/strong> <strong>due<\/strong><strong>s<\/strong> <strong>s<\/strong><strong>o<\/strong><strong>l\u00b7<\/strong><strong>li<\/strong><strong>ci<\/strong><strong>t<\/strong><strong>ud<\/strong><strong>s<\/strong> <strong>a<\/strong> <strong>do<\/strong><strong>s<\/strong> <strong>c<\/strong><strong>en<\/strong><strong>tres<\/strong> <strong>d<\/strong><strong>i<\/strong><strong>ferents<\/strong> <strong>pe<\/strong><strong>r<\/strong> <strong>un<\/strong><strong>s<\/strong> <strong>mateixos<\/strong> <strong>e<\/strong><strong>s<\/strong><strong>tudis?<\/strong><\/p>\n<p>No, en cap cas. S\u2019ha de presentar una sola sol\u00b7licitud i indicar-hi per ordre de prefer\u00e8ncia els diferents centres als que us interessa inscriure la vostra filla o fill.<\/p>\n<p><strong>S<\/strong><strong>i<\/strong> <strong>tinc<\/strong> <strong>dub<\/strong><strong>tes<\/strong> <strong>o<\/strong><strong>mplint<\/strong> <strong>l<\/strong><strong>a<\/strong> <strong>s<\/strong><strong>o<\/strong><strong>l\u00b7<\/strong><strong>l<\/strong><strong>i<\/strong><strong>c<\/strong><strong>i<\/strong><strong>tud<\/strong> <strong>o<\/strong><strong>n<\/strong> <strong>e<\/strong><strong>m<\/strong> <strong>pu<\/strong><strong>c<\/strong> <strong>ad<\/strong><strong>r<\/strong><strong>e\u00e7a<\/strong><strong>r<\/strong><strong>?<\/strong><\/p>\n<p>Podeu posar-vos en contacte telef\u00f2nic amb l\u2019Institut Montbui al 938056059 de 9:00 a 13:00, i us ajudaran a complimentar el proc\u00e9s.<\/p>\n<p><strong>C<\/strong><strong>o<\/strong><strong>m<\/strong> <strong>pu<\/strong><strong>c<\/strong> <strong>s<\/strong><strong>abe<\/strong><strong>r<\/strong> <strong>el<\/strong><strong>s<\/strong> <strong>c<\/strong><strong>r<\/strong><strong>i<\/strong><strong>teris<\/strong> <strong>pe<\/strong><strong>l<\/strong><strong>s<\/strong> <strong>ba<\/strong><strong>r<\/strong><strong>e<\/strong><strong>m<\/strong><strong>s<\/strong> <strong>i<\/strong> <strong>l<\/strong><strong>a<\/strong> <strong>s<\/strong><strong>e<\/strong><strong>v<\/strong><strong>a<\/strong> <strong>pun<\/strong><strong>t<\/strong><strong>ua<\/strong><strong>ci<\/strong><strong>\u00f3<\/strong><strong>?<\/strong><\/p>\n<p>Trobareu tota la informaci\u00f3 els barems i la seva puntuaci\u00f3, aix\u00ed com la documentaci\u00f3 que cal adjuntar a la sol\u00b7licitud telem\u00e0tica (i que us recomanem que ja tingueu preparada i fotografiada al dispositiu que utilitzareu) <a href=\"https:\/\/preinscripcio.gencat.cat\/ca\/estudis\/eso\/informat\/criteris-assignacio\/#bloc2\" target=\"_blank\" rel=\"noopener noreferrer\">clicant aqu\u00ed.<\/a><\/p>\n<p>Quina documentaci\u00f3 has de preparar? En <a href=\"https:\/\/preinscripcio.gencat.cat\/ca\/estudis\/eso\/informat\/prepara-documentacio\/\" target=\"_blank\" rel=\"noopener noreferrer\">aquesta p\u00e0gina<\/a> t&#8217;ho explica pas a pas, i a m\u00e9s si vols t&#8217;ho explica de veu.<\/p>\n<p>Podeu trobar la resta d\u2019informaci\u00f3 respecte el proc\u00e9s de preinscripci\u00f3 a la p\u00e0gina web\u00a0<a href=\"https:\/\/preinscripcio.gencat.cat\" target=\"_blank\" rel=\"noopener noreferrer\"><u>https:\/\/preinscripcio.gencat.cat<\/u><\/a><\/p>\n<p><strong>I<\/strong><strong>N<\/strong><strong>FORMACIONS<\/strong> <strong>I<\/strong><strong>\/<\/strong><strong>O<\/strong> <strong>R<\/strong><strong>ECOMANACIONS:<\/strong><\/p>\n<ul>\n<li>Tenir fotografiada o escanejada la documentaci\u00f3 en el mateix dispositiu des d\u2019on es fa la sol\u00b7licitud.<\/li>\n<li>El codi de centre del nostre centre \u00e9s <strong>08053352<\/strong>, el necessitareu per indicar a quin centre us voleu preinscriure<\/li>\n<li>Demaneu al vostre centre actual el N\u00fam. d\u2019Identificaci\u00f3 de l\u2019alumne a RALC<\/li>\n<li>Cenyiu-vos al calendari establert, lliurar la sol\u00b7licitud o la documentaci\u00f3 fora de termini us fa perdre tots els drets d\u2019adscripci\u00f3 amb el risc que aix\u00f2 comporta de quedar-se sense pla\u00e7a al centre.<\/li>\n<\/ul>\n<p><strong style=\"font-family: inherit; font-size: 1em;\">COM CONSULTAR EL RALC O N\u00daMERO IDENTIFICADOR D&#8217;UN ALUMNE\/A:<\/strong><\/p>\n<p><strong>A les sol\u00b7licituds de preinscripci\u00f3, ja siguin en suport inform\u00e0tic o en format paper, \u00e9s obligatori emplenar el camp &#8220;N\u00famero d&#8217;identificador de l&#8217;alumne\/a del RALC&#8221;, per aix\u00f2 el Departament d&#8217;Educaci\u00f3 ha fet possible la consulta en l\u00ednia per a que les fam\u00edlies i els alumnes obtinguin directament el n\u00famero identificador de l\u2019alumne del RALC. <\/strong>Ho podeu consultar al seg\u00fcent enlla\u00e7:<\/p>\n<p><a href=\"http:\/\/ensenyament.gencat.cat\/ca\/tramits\/tramits-temes\/identificador-alumne\">http:\/\/ensenyament.gencat.cat\/ca\/tramits\/tramits-temes\/identificador-alumne<\/a><\/p>\n<p>Tamb\u00e9 podeu consultar m\u00e9s informaci\u00f3 sobre la preinscripci\u00f3 a <a href=\"https:\/\/preinscripcio.gencat.cat\/ca\/estudis\/eso\/inici\/\" target=\"_blank\" rel=\"noopener noreferrer\">https:\/\/preinscripcio.gencat.cat\/ca\/estudis\/eso\/inici\/<\/a><\/p>\n<h3>RESULTATS PREINSCRIPCI\u00d3 ESO (CURS 2024-2025)<\/h3>\n<p><strong>RESULTATS I PUBLICACIONS:<\/strong><\/p>\n<table style=\"height: 188px; width: 87.6771%;\">\n<tbody>\n<tr style=\"height: 33px;\">\n<td style=\"width: 337.6px; height: 33px;\">Publicaci\u00f3 de l&#8217;oferta inicial<\/td>\n<td style=\"width: 308.8px; height: 33px;\"><\/td>\n<\/tr>\n<tr style=\"height: 31px;\">\n<td style=\"height: 31px; width: 337.6px;\">Publicaci\u00f3 del barem provisional<\/td>\n<td style=\"height: 31px; width: 308.8px;\"><\/td>\n<\/tr>\n<tr style=\"height: 31px;\">\n<td style=\"width: 337.6px; height: 31px;\">Publicaci\u00f3 del barem resoltes les reclamacions<\/td>\n<td style=\"width: 308.8px; height: 31px;\"><\/td>\n<\/tr>\n<tr style=\"height: 31px;\">\n<td style=\"width: 337.6px; height: 31px;\">Publicaci\u00f3 de l&#8217;oferta final<\/td>\n<td style=\"width: 308.8px; height: 31px;\"><a href=\"https:\/\/agora.xtec.cat\/iesmontbui\/wp-content\/uploads\/usu145\/2024\/06\/INFORME_OFERTA_OME_INFORME_OFERTA.pdf\">Consulta la llista aqu\u00ed<\/a><\/td>\n<\/tr>\n<tr style=\"height: 31px;\">\n<td style=\"width: 337.6px; height: 31px;\">Publicaci\u00f3 d&#8217;alumnes preinscrits al centre<\/td>\n<td style=\"width: 308.8px; height: 31px;\"><a href=\"https:\/\/agora.xtec.cat\/iesmontbui\/wp-content\/uploads\/usu145\/2024\/06\/INFORME_PREINSCRITES_OME_INFORME_PREINSCRITES_OME.pdf\">Consulta la llista aqu\u00ed<\/a><\/td>\n<\/tr>\n<tr style=\"height: 31px;\">\n<td style=\"width: 337.6px; height: 31px;\">Publicaci\u00f3 d&#8217;assignacions<\/td>\n<td style=\"width: 308.8px; height: 31px;\"><a href=\"https:\/\/agora.xtec.cat\/iesmontbui\/wp-content\/uploads\/usu145\/2024\/06\/INFORME_ASSIGNADES_INFORME_ASSIGNADES.pdf\">Consulta la llista aqu\u00ed<\/a><\/td>\n<\/tr>\n<\/tbody>\n<\/table>\n<ul>\n<li><span style=\"color: #000000;\">Si es vol realitzar alguna reclamaci\u00f3 vers el barem estipulat a la publicaci\u00f3 provisional, es pot realitzar digitalment del 21 al 27 d&#8217;abril visitant l&#8217;enlla\u00e7 seg\u00fcent: https:\/\/preinscripcio.gencat.cat\/ca\/estudis\/eso\/preinscriute\/seguiment-sollicitud\/llista-sollicituds\/ (actualitzat en breu). A mitja p\u00e0gina trobar\u00e0s la informaci\u00f3 de les reclamacions i l&#8217;acc\u00e9s, segons si vas fer la preinscripci\u00f3 de forma telem\u00e0tica o digital.<\/span><\/li>\n<li><span style=\"color: #000000;\">Indicar que la columna &#8220;Nombre germans&#8221; nom\u00e9s indica aquelles preinscripcions realitzades per germans bessons o b\u00e9 germans que entren JUNTS a l&#8217;ESO. Si teniu germans a ESO o prim\u00e0ria, a aquesta columna sortir\u00e0 NO per\u00f2 la puntuaci\u00f3 d&#8217;aquests est\u00e0 reflexada a la columna de Criteris generals.<\/span><\/li>\n<\/ul>\n","protected":false},"excerpt":{"rendered":"<p>&nbsp;<br \/>\nSi vols con\u00e8ixer el nostre centre, visita la p\u00e0gina de <a href=\"https:\/\/agora.xtec.cat\/iesmontbui\/linstitut\/historia\/\" target=\"_blank\" rel=\"noopener noreferrer\">Presentaci\u00f3<\/a>!<br \/>\nPREINSCRIPCI\u00d3 ESO PER AL CURS 2024-2025<br \/>\nINFORMACI\u00d3 SOBRE LA PREINSCRIPCI\u00d3:<br \/>\nPer\u00edode: del 14 al 26 de mar\u00e7 de 2025<br \/>\nS&#8217;han de matricular al\u00a0primer\u00a0curs d&#8217;educaci\u00f3\u00a0secund\u00e0ria\u00a0obligat\u00f2ria (ESO) els\/les alumnes que compleixen 12 anys durant l&#8217;any 2025&hellip;  <a href=\"https:\/\/agora.xtec.cat\/iesmontbui\/organitzacio-de-centre\/secretaria\/preinscripcio-i-matricula-eso\/\" title=\"Read Preinscripci\u00f3 i Matr\u00edcula ESO\">Llegeix m\u00e9s\u00bb<\/a><\/p>\n","protected":false},"author":1,"featured_media":0,"parent":81,"menu_order":2,"comment_status":"closed","ping_status":"closed","template":"page-templates\/side-menu.php","meta":{"_bbp_topic_count":0,"_bbp_reply_count":0,"_bbp_total_topic_count":0,"_bbp_total_reply_count":0,"_bbp_voice_count":0,"_bbp_anonymous_reply_count":0,"_bbp_topic_count_hidden":0,"_bbp_reply_count_hidden":0,"_bbp_forum_subforum_count":0,"footnotes":""},"class_list":["post-2950","page","type-page","status-publish","hentry"],"post_mailing_queue_ids":[],"_links":{"self":[{"href":"https:\/\/agora.xtec.cat\/iesmontbui\/wp-json\/wp\/v2\/pages\/2950","targetHints":{"allow":["GET"]}}],"collection":[{"href":"https:\/\/agora.xtec.cat\/iesmontbui\/wp-json\/wp\/v2\/pages"}],"about":[{"href":"https:\/\/agora.xtec.cat\/iesmontbui\/wp-json\/wp\/v2\/types\/page"}],"author":[{"embeddable":true,"href":"https:\/\/agora.xtec.cat\/iesmontbui\/wp-json\/wp\/v2\/users\/1"}],"replies":[{"embeddable":true,"href":"https:\/\/agora.xtec.cat\/iesmontbui\/wp-json\/wp\/v2\/comments?post=2950"}],"version-history":[{"count":8,"href":"https:\/\/agora.xtec.cat\/iesmontbui\/wp-json\/wp\/v2\/pages\/2950\/revisions"}],"predecessor-version":[{"id":11003,"href":"https:\/\/agora.xtec.cat\/iesmontbui\/wp-json\/wp\/v2\/pages\/2950\/revisions\/11003"}],"up":[{"embeddable":true,"href":"https:\/\/agora.xtec.cat\/iesmontbui\/wp-json\/wp\/v2\/pages\/81"}],"wp:attachment":[{"href":"https:\/\/agora.xtec.cat\/iesmontbui\/wp-json\/wp\/v2\/media?parent=2950"}],"curies":[{"name":"wp","href":"https:\/\/api.w.org\/{rel}","templated":true}]}}