{"id":726,"date":"2026-07-20T10:52:43","date_gmt":"2026-07-20T08:52:43","guid":{"rendered":"https:\/\/agora.xtec.cat\/iesmollet\/?page_id=726"},"modified":"2026-09-03T20:24:09","modified_gmt":"2026-09-03T18:24:09","slug":"sollicitud-de-convalidacions","status":"publish","type":"page","link":"https:\/\/agora.xtec.cat\/iesmollet\/secretaria\/sollicitud-de-convalidacions\/","title":{"rendered":"Sol\u00b7licitud de Convalidacions"},"content":{"rendered":"<p><strong>L\u2019alumnat que es matriculi per primera vegada en un cicle formatiu ha de demanar una \u00fanica sol\u00b7licitud, tant les convalidacions de primer com de segon curs. <\/strong><\/p>\n<p>L\u2019alumnat ha d\u2019assistir a classe de tots els m\u00f2duls o mat\u00e8ries en qu\u00e8 est\u00e0 matriculat mentre no tingui la resoluci\u00f3 positiva de les convalidacions sol\u00b7licitades.<\/p>\n<p>Per sol\u00b7licitar la convalidaci\u00f3 cal la seg\u00fcent documentaci\u00f3:<\/p>\n<ul>\n<li>Sol\u00b7licitud de convalidaci\u00f3 (formulari on line)<\/li>\n<li>Si l\u2019alumne t\u00e9 un altre cicle formatiu, cal presentar <strong>el t\u00edtol o resguard corresponent i el certificat acad\u00e8mic de qualificacions<\/strong>.<\/li>\n<li>Convalidacions de convalidacions no es poden fer, cal aportar el t\u00edtol i certificat corresponent.<\/li>\n<li>Si t\u00e9 unitats de compet\u00e8ncia acreditades, cal presentar certificat de professionalitat, certificat d\u2019acreditaci\u00f3 parcial d\u2019unitats de compet\u00e8ncia o certificat d\u2019acreditaci\u00f3 de compet\u00e8ncies.<\/li>\n<\/ul>\n<p><strong>\u00a0<\/strong>Efectes de les convalidacions<\/p>\n<ul>\n<li>El m\u00f2dul professional convalidat es traslladar\u00e0 la qualificaci\u00f3 obtinguda pel sol\u00b7licitant en el m\u00f2dul professional cursat que consti en el certificat de notes.<\/li>\n<li>Si l\u2019alumne ha fet formaci\u00f3 cont\u00ednua no reglada, aquesta no es pot convalidar amb cap unitat formativa ni m\u00f2dul de t\u00edtols oficials.<\/li>\n<\/ul>\n<p><strong style=\"font-size: 16px;\">\u00a0<\/strong><strong style=\"font-size: 16px;\">CONVALIDACIONS DE CAR\u00c0CTER GENERAL<\/strong><\/p>\n<table style=\"height: 281px; width: 100%; border-style: solid; border-color: #faa264; background-color: #fae7d9;\">\n<tbody>\n<tr style=\"height: 53px;\">\n<td style=\"width: 447px; height: 53px; border-style: solid; border-color: #faa264;\">Formaci\u00f3 aportada<\/td>\n<td style=\"width: 235.984px; height: 53px; border-style: solid; border-color: #faa264;\">Grau<\/td>\n<td style=\"width: 452px; height: 53px; border-style: solid; border-color: #faa264;\">Formaci\u00f3 a convalidar<\/td>\n<td style=\"width: 225.016px; height: 53px; border-style: solid; border-color: #faa264;\">Grau<\/td>\n<\/tr>\n<tr style=\"height: 114px;\">\n<td style=\"width: 447px; height: 114px; border-style: solid; border-color: #faa264;\">Formaci\u00f3 i orientaci\u00f3 laboral LOE (qualsevol cicle)<\/td>\n<td style=\"width: 235.984px; height: 114px; border-style: solid; border-color: #faa264;\">Mig o Superior<\/td>\n<td style=\"width: 452px; height: 114px; border-style: solid; border-color: #faa264;\">IPO I\u00a0(qualsevol cicle)<\/td>\n<td style=\"width: 225.016px; height: 114px; border-style: solid; border-color: #faa264;\">Mig o Superior<\/td>\n<\/tr>\n<tr style=\"height: 114px;\">\n<td style=\"width: 447px; height: 114px; border-style: solid; border-color: #faa264;\">Empresa i iniciativa Emprenedora LOE (qualsevol cicle)<\/td>\n<td style=\"width: 235.984px; height: 114px; border-style: solid; border-color: #faa264;\">Mig o Superior<\/td>\n<td style=\"width: 452px; height: 114px; border-style: solid; border-color: #faa264;\">IPO II\u00a0(qualsevol cicle)<\/td>\n<td style=\"width: 225.016px; height: 114px; border-style: solid; border-color: #faa264;\">Mig o Superior<\/td>\n<\/tr>\n<\/tbody>\n<\/table>\n<p>&nbsp;<\/p>\n<p>(*)Convalidaci\u00f3 del RA2 de IPO I per alumnat LOGSE:<\/p>\n<p>El RA2 de IPO I, Prevenci\u00f3 de Riscos Laborals, es podr\u00e0 convalidar si l\u2019alumne est\u00e0 en posici\u00f3 del Certificat de Nivell B\u00e0sic en Prevenci\u00f3 de Riscos, expedit d\u2019acord amb el que es disposa al Reial Decret 39\/1997, de 17 de gener, pel qual s\u2019aprova el Reglament dels Serveis de Prevenci\u00f3.<\/p>\n<p>Requisits del certificat aportat per l\u2019alumne:<\/p>\n<ul>\n<li>Denominaci\u00f3 i segell de l\u2019entitat certificadora, i signatura de la persona responsable.<\/li>\n<li>Nom i cognoms de la persona que ha cursat la formaci\u00f3<\/li>\n<li>Denominaci\u00f3 i durada del curs (m\u00ednim 33 hores)<\/li>\n<li>Localitat i data d\u2019expedici\u00f3 del certificat.<\/li>\n<li>Text en que s\u2019indica \u201ccapacitat per al desenvolupament de funcions de nivell b\u00e0sic segons el RD 39\/1997\u201d<\/li>\n<\/ul>\n<p>Altres possibles convalidacions s\u2019han de resoldre com a convalidacions singulars a la Direcci\u00f3 General de Formaci\u00f3 Professional Inicial i Ensenyaments de R\u00e8gim Especial.<\/p>\n<h5><strong>CONVALIDACI\u00d3 D\u2019ANGL\u00c8S PROFESSIONAL<\/strong><\/h5>\n<p>Per a la convalidaci\u00f3 del M\u00f2dul d&#8217;Angl\u00e8s Professional de cicles de grau mitj\u00e0, cal aportar un nivell B1 (o superior) del Marc de Refer\u00e8ncia Europeu de Lleng\u00fces. Aquest nivell es correspon amb un 3r curs d\u2019Escola Oficial d\u2019Idiomes (havent-lo aprovat).<\/p>\n<p>En el cicles formatiu de grau mitj\u00e0 LOE, tamb\u00e9 es convalida si s\u2019ha cursat el m\u00f2dul professional \u201cAngl\u00e8s t\u00e8cnic\u201d en un altra cicle formatiu de grau mitj\u00e0 o grau superior LOE o grau superior.<\/p>\n<p>Per a la convalidaci\u00f3 del M\u00f2dul d&#8217;Angl\u00e8s Professional de cicles de grau superior, cal aportat un nivell B2 (o superior) del Marc de Refer\u00e8ncia Europeu de Lleng\u00fces. Aquest nivell es correspon amb un 5\u00e8 d\u2019Escola Oficial d\u2019Idiomes (havent-lo aprovat).<\/p>\n<p>Altres certificacions reconegudes: First Certificate, Advance de la Universitat de Cambridge<\/p>\n<p><strong>\u00a0<\/strong><strong>CONVALIDACIONS PER ESTUDIS UNIVERSITARIS<\/strong><\/p>\n<p>Els alumnes matriculats en un cicle formatiu de grau superior que tingui aprovats un m\u00ednim de 30 cr\u00e8dits d\u2019un estudi universitari o 12 cr\u00e8dits ECTS poden sol\u00b7licitar la convalidaci\u00f3 d\u2019un o m\u00e9s m\u00f2duls o UF seg\u00fcents (aquesta convalidaci\u00f3 no s\u2019aplica a un alumne de grau mitj\u00e0).<\/p>\n<p>L\u2019ordre ECD\/1055\/2017 estableix que no existeix possibilitat de convalidaci\u00f3 entre estudis universitaris i ensenyaments professionals de grau mitj\u00e0.<\/p>\n<h5><strong>CONVALIDACIONS DERIVADES DEL RECONEIXEMENT DE L\u2019EXPERI\u00c8NCIA LABORAL<\/strong><\/h5>\n<p>Les persones que tenen experi\u00e8ncia laboral reconeguda acad\u00e8micament o formaci\u00f3 validada (acreditaci\u00f3 de compet\u00e8ncies professionals, programa Qualifica\u2019t, programa d\u2019assessorament i reconeixement professional en la FP) han de presentar, un\u00a0 cop matriculats en el cicle formatiu corresponent, la sol\u00b7licitud de convalidaci\u00f3 dels m\u00f2duls o unitats formatives validades, aportant el corresponent certificat de Reconeixement<strong>.<\/strong><\/p>\n<h5><strong>CONVALIDACIONS DERIVADES D\u2019UNITATS DE COMPET\u00c8NCIES ACREDITADES<\/strong><\/h5>\n<p>Tenir acreditades oficialment alguna unitat de compet\u00e8ncia que formi part del cat\u00e0leg de qualificacions professionals permet convalidar els m\u00f2duls professionals corresponents establerts en la norma que regula cada t\u00edtol.\u00a0 Per fer-ho cal presentar algun dels documents seg\u00fcents:<\/p>\n<p>&#8211; Certificats de professionalitat elaborat en base al cat\u00e0leg de qualificacions professionals em\u00e8s pel SOC (Servei d\u2019Ocupaci\u00f3 de Catalunya)<\/p>\n<p>&#8211; Certificat d\u2019acreditaci\u00f3 parcial d\u2019unitats de compet\u00e8ncia del certificat de professionalitat, em\u00e8s pel SOC.<\/p>\n<ul>\n<li>Aquests certificats se sol\u00b7liciten a trav\u00e9s del web www.oficinadetreball.cat &gt; empreses i col\u00b7laboradors &gt; certificats de professionalitat<\/li>\n<\/ul>\n<p>o\u00a0\u00a0\u00a0 Els certificats emesos per un centre autoritzat pel SOC, NO tenen validesa a efectes de\u00a0 convalidaci\u00f3. Ha d\u2019estar em\u00e8s directament pel SOC<\/p>\n<p>&#8211; Certificat d\u2019acreditaci\u00f3 de compet\u00e8ncies professionals adquirides per experi\u00e8ncia laboral<\/p>\n<p>&nbsp;<\/p>\n<p>&nbsp;<\/p>\n","protected":false},"excerpt":{"rendered":"<p>L\u2019alumnat que es matriculi per primera vegada en un cicle formatiu ha de demanar una \u00fanica sol\u00b7licitud, tant les convalidacions de primer com de segon curs. L\u2019alumnat ha d\u2019assistir a classe de tots els m\u00f2duls o mat\u00e8ries en qu\u00e8 est\u00e0 matriculat mentre no tingui la resoluci\u00f3 positiva de les convalidacions sol\u00b7licitades. Per sol\u00b7licitar la convalidaci\u00f3 [&hellip;]<\/p>\n","protected":false},"author":1,"featured_media":0,"parent":81,"menu_order":0,"comment_status":"closed","ping_status":"closed","template":"","meta":{"_bbp_topic_count":0,"_bbp_reply_count":0,"_bbp_total_topic_count":0,"_bbp_total_reply_count":0,"_bbp_voice_count":0,"_bbp_anonymous_reply_count":0,"_bbp_topic_count_hidden":0,"_bbp_reply_count_hidden":0,"_bbp_forum_subforum_count":0,"site-sidebar-layout":"default","site-content-layout":"","ast-site-content-layout":"default","site-content-style":"default","site-sidebar-style":"default","ast-global-header-display":"","ast-banner-title-visibility":"","ast-main-header-display":"","ast-hfb-above-header-display":"","ast-hfb-below-header-display":"","ast-hfb-mobile-header-display":"","site-post-title":"","ast-breadcrumbs-content":"","ast-featured-img":"","footer-sml-layout":"","theme-transparent-header-meta":"default","adv-header-id-meta":"","stick-header-meta":"","header-above-stick-meta":"","header-main-stick-meta":"","header-below-stick-meta":"","astra-migrate-meta-layouts":"set","ast-page-background-enabled":"default","ast-page-background-meta":{"desktop":{"background-color":"var(--ast-global-color-4)","background-image":"","background-repeat":"repeat","background-position":"center center","background-size":"auto","background-attachment":"scroll","background-type":"","background-media":"","overlay-type":"","overlay-color":"","overlay-opacity":"","overlay-gradient":""},"tablet":{"background-color":"","background-image":"","background-repeat":"repeat","background-position":"center center","background-size":"auto","background-attachment":"scroll","background-type":"","background-media":"","overlay-type":"","overlay-color":"","overlay-opacity":"","overlay-gradient":""},"mobile":{"background-color":"","background-image":"","background-repeat":"repeat","background-position":"center center","background-size":"auto","background-attachment":"scroll","background-type":"","background-media":"","overlay-type":"","overlay-color":"","overlay-opacity":"","overlay-gradient":""}},"ast-content-background-meta":{"desktop":{"background-color":"var(--ast-global-color-5)","background-image":"","background-repeat":"repeat","background-position":"center center","background-size":"auto","background-attachment":"scroll","background-type":"","background-media":"","overlay-type":"","overlay-color":"","overlay-opacity":"","overlay-gradient":""},"tablet":{"background-color":"var(--ast-global-color-5)","background-image":"","background-repeat":"repeat","background-position":"center center","background-size":"auto","background-attachment":"scroll","background-type":"","background-media":"","overlay-type":"","overlay-color":"","overlay-opacity":"","overlay-gradient":""},"mobile":{"background-color":"var(--ast-global-color-5)","background-image":"","background-repeat":"repeat","background-position":"center center","background-size":"auto","background-attachment":"scroll","background-type":"","background-media":"","overlay-type":"","overlay-color":"","overlay-opacity":"","overlay-gradient":""}},"footnotes":""},"class_list":["post-726","page","type-page","status-publish","hentry"],"post_mailing_queue_ids":[],"_links":{"self":[{"href":"https:\/\/agora.xtec.cat\/iesmollet\/wp-json\/wp\/v2\/pages\/726","targetHints":{"allow":["GET"]}}],"collection":[{"href":"https:\/\/agora.xtec.cat\/iesmollet\/wp-json\/wp\/v2\/pages"}],"about":[{"href":"https:\/\/agora.xtec.cat\/iesmollet\/wp-json\/wp\/v2\/types\/page"}],"author":[{"embeddable":true,"href":"https:\/\/agora.xtec.cat\/iesmollet\/wp-json\/wp\/v2\/users\/1"}],"replies":[{"embeddable":true,"href":"https:\/\/agora.xtec.cat\/iesmollet\/wp-json\/wp\/v2\/comments?post=726"}],"version-history":[{"count":6,"href":"https:\/\/agora.xtec.cat\/iesmollet\/wp-json\/wp\/v2\/pages\/726\/revisions"}],"predecessor-version":[{"id":4217,"href":"https:\/\/agora.xtec.cat\/iesmollet\/wp-json\/wp\/v2\/pages\/726\/revisions\/4217"}],"up":[{"embeddable":true,"href":"https:\/\/agora.xtec.cat\/iesmollet\/wp-json\/wp\/v2\/pages\/81"}],"wp:attachment":[{"href":"https:\/\/agora.xtec.cat\/iesmollet\/wp-json\/wp\/v2\/media?parent=726"}],"curies":[{"name":"wp","href":"https:\/\/api.w.org\/{rel}","templated":true}]}}