{"id":669,"date":"2020-07-17T07:26:51","date_gmt":"2020-07-17T05:26:51","guid":{"rendered":"https:\/\/agora.xtec.cat\/iesmollet\/?page_id=669"},"modified":"2021-07-23T16:22:26","modified_gmt":"2021-07-23T14:22:26","slug":"assesorament","status":"publish","type":"page","link":"https:\/\/agora.xtec.cat\/iesmollet\/assesorament\/","title":{"rendered":"Assesorament"},"content":{"rendered":"<div>\n<h5><b>SERVEI D\u00b4ASSESSORAMENT<\/b><\/h5>\n<p><span style=\"font-weight: 400;\">Aquest servei t\u00e9 per objectiu definir un itinerari formatiu i professional de la persona interessada per millorar la seva qualificaci\u00f3 professional. Experts de la fam\u00edlia professional\u00a0 t\u00b4assessoraran personalment.\u00a0<\/span><\/p>\n<p><span style=\"font-weight: 400;\">Durant el proc\u00e9s d&#8217;assessorament, que t\u00e9 lloc de forma presencial en el centre, l&#8217;usuari aportar\u00e0 tota la documentaci\u00f3 de qu\u00e8 disposa perqu\u00e8 li sigui valorat l\u2019expedient formatiu i laboral.<\/span><\/p>\n<p><span style=\"font-weight: 400;\">L\u00b4usuari obtindr\u00e0 un informe d\u00b4assessorament amb el seu itinerari i les recomanacions per portar-lo a terme.\u00a0<\/span><\/p>\n<p><span style=\"font-weight: 400;\">Amb l\u00b4informe obtingut es pot sol\u00b7licitar el <\/span><b>servei de reconeixement acad\u00e8mic.<\/b><\/p>\n<p><span style=\"font-weight: 400;\">El servei d\u2019assessorament el presta un centre educatiu de forma individualitzada i t\u00e9 un cost determinat pel preu p\u00fablic de 60,00 \u20ac.<\/span><\/p>\n<ul>\n<li style=\"font-weight: 400;\"><b>Bonificaci\u00f3 del 50 %<\/b><span style=\"font-weight: 400;\">\u00a0a les fam\u00edlies nombroses i monoparentals.<\/span><\/li>\n<\/ul>\n<ul>\n<li style=\"font-weight: 400;\"><b>Exempci\u00f3:<\/b><span style=\"font-weight: 400;\">\u00a0fam\u00edlies nombroses especials, minusv\u00e0lues igual o superior al 33%, persones subjectes a mesures privatives de llibertat, i v\u00edctimes d&#8217;actes terroristes (c\u00f2njuges i fills).<\/span><\/li>\n<\/ul>\n<h5><b>A qui va destinat?<\/b><\/h5>\n<p><span style=\"font-weight: 400;\">S\u2019adre\u00e7a a les persones adultes interessades a obtenir una diagnosi de les seves possibilitats formatives i de promoci\u00f3 professional i con\u00e8ixer l\u2019itinerari formatiu m\u00e9s adequat per aconseguir l\u2019objectiu de qualificaci\u00f3 proposat<\/span><span style=\"font-weight: 400;\">.<\/span><\/p>\n<h5><b>On puc obtenir informaci\u00f3?<\/b><\/h5>\n<p><span style=\"font-weight: 400;\">\u00a0<\/span><a href=\"http:\/\/queestudiar.gencat.cat\/ca\/estudis\/formacio_professional\/mesures_flexibilitzadores\/servei_assessorament\/\"><span style=\"font-weight: 400;\">http:\/\/queestudiar.gencat.cat\/ca\/estudis\/formacio_professional\/mesures_flexibilitzadores\/servei_assessorament\/<\/span><\/a><\/p>\n<p><b>Sol\u00b7licitud del Servei:<\/b> <span style=\"font-weight: 400;\">de forma presencial a la secretaria del centre o b\u00e9 online a secretaria@insmollet.cat<\/span><span style=\"font-weight: 400;\"><br \/>\n<\/span><\/p>\n<ul>\n<li><img decoding=\"async\" src=\"http:\/\/www.insmollet.cat\/img\/file_icons\/pdf.png\" \/>\u00a0<a href=\"https:\/\/agora.xtec.cat\/iesmollet\/wp-content\/uploads\/usu655\/2020\/07\/Sol\u00b7licitud-Assessorament.pdf\">\u00a0Sol\u00b7licitud del servei d\u2019assessorament<\/a><\/li>\n<\/ul>\n<h5><b>Oferta per fam\u00edlies professionals<\/b><\/h5>\n<p><b>Setembre 2021-juny 2022<\/b><\/p>\n<table style=\"height: 330px;\">\n<tbody>\n<tr style=\"height: 55px;\">\n<td style=\"text-align: left; height: 55px; width: 417px;\"><b>Cicle formatiu<\/b><\/td>\n<td style=\"text-align: left; height: 55px; width: 64px;\"><b>Places<\/b><\/td>\n<\/tr>\n<tr style=\"height: 55px;\">\n<td style=\"text-align: left; height: 55px; width: 417px;\"><b>CFGM Operacions de laboratori<\/b><\/td>\n<td style=\"height: 55px; width: 64px; text-align: center;\"><b>3<\/b><\/td>\n<\/tr>\n<tr style=\"height: 55px;\">\n<td style=\"text-align: left; height: 55px; width: 417px;\"><b>CFGS Qu\u00edmica Industrial<\/b><\/td>\n<td style=\"height: 55px; width: 64px; text-align: center;\"><b>3<\/b><\/td>\n<\/tr>\n<tr style=\"height: 55px;\">\n<td style=\"text-align: left; height: 55px; width: 417px;\"><b>CFGS Mecatr\u00f2nica<\/b><\/td>\n<td style=\"height: 55px; width: 64px; text-align: center;\"><b>3<\/b><\/td>\n<\/tr>\n<tr style=\"height: 55px;\">\n<td style=\"text-align: left; height: 55px; width: 417px;\"><b>CFGS Disseny en Fabricaci\u00f3 Mec\u00e0nica<\/b><\/td>\n<td style=\"height: 55px; width: 64px; text-align: center;\"><b>3<\/b><\/td>\n<\/tr>\n<tr style=\"height: 55px;\">\n<td style=\"text-align: left; height: 55px; width: 417px;\"><b>CFGS Programaci\u00f3 de la producci\u00f3 en Fabricaci\u00f3 Mec\u00e0nica<\/b><\/td>\n<td style=\"height: 55px; width: 64px; text-align: center;\"><b>3<\/b><\/td>\n<\/tr>\n<tr>\n<td style=\"text-align: left; width: 417px;\"><b>CFGM. Instal\u00b7lacions el\u00e8ctriques i autom\u00e0tiques<\/b><\/td>\n<td style=\"width: 64px; text-align: center;\"><b>5<\/b><\/td>\n<\/tr>\n<tr>\n<td style=\"text-align: left; width: 417px;\"><b>CFGS. Automatitzaci\u00f3 i Rob\u00f2tica Industrial<\/b><\/td>\n<td style=\"width: 64px; text-align: center;\"><b>5<\/b><\/td>\n<\/tr>\n<tr>\n<td style=\"text-align: left; width: 417px;\"><b>CFGS. Automoci\u00f3<\/b><\/td>\n<td style=\"width: 64px; text-align: center;\"><b>2<\/b><\/td>\n<\/tr>\n<\/tbody>\n<\/table>\n<p>&nbsp;<\/p>\n<p><b>CALENDARI DE PRESENTACI\u00d3 DE SOL\u00b7LICITUDS<\/b><b><br \/>\n<\/b><b><br \/>\n<\/b><span style=\"font-weight: 400;\">L\u2019ordre d\u2019admissi\u00f3, als centres del Departament, es realitzar\u00e0 d\u2019acord amb la major edat de la persona sol\u00b7licitant.<\/span><\/p>\n<p><b>Per\u00edode d\u2019admissi\u00f3 de les sol\u00b7licituds:es podr\u00e0 fer la sol\u00b7licitud de 1 de setembre fins el 17 de desembre 2021.<\/b><\/p>\n<h5><b>LLISTA PROVISIONAL D\u2019 ADMESOS I PLACES DE RESERVA<\/b><\/h5>\n<p><b>Publicaci\u00f3 de les llistes d&#8217;admesos 12 de gener 2022.<\/b><b><br \/>\n<\/b><b>Reclamacions a la llista provisional de persones admeses entre el 13 i el 19 de gener 2022.<\/b><\/p>\n<ul>\n<li><img decoding=\"async\" src=\"http:\/\/www.insmollet.cat\/img\/file_icons\/pdf.png\" \/><a href=\"https:\/\/agora.xtec.cat\/iesmollet\/wp-content\/uploads\/usu655\/2020\/07\/Reclamaci\u00f3-admesos-assessorament.pdf\"> <span style=\"font-weight: 400;\">Document reclamaci\u00f3<\/span><\/a><\/li>\n<\/ul>\n<h5><b>LLISTA\u00a0DEFINITIVA D&#8217;ADMESOS I PLACES DE RESERVA<\/b><\/h5>\n<p><b>Publicaci\u00f3 de les llistes definitiva d&#8217;admesos el 20 de gener del 2022.<\/b><\/p>\n<\/div>\n<div>\n<p><span style=\"font-weight: 400;\">Pagament del servei:<\/span><b>\u00a0S&#8217;haur\u00e0 de fer un ingr\u00e9s de 60 \u20ac en el n\u00famero de compte ES04 2100 0372 71 0200055961, en l\u2019 apartat concepte \u00e9s imprescindible\u00a0 posar \u201cservei d&#8217;assessorament<\/b><span style=\"font-weight: 400;\">\u201d.<\/span><\/p>\n<p><span style=\"font-weight: 400;\">Atenci\u00f3: si sou clients de\u00a0La Caixa, potser us demanar\u00e0 introduir un codi d&#8217;entitat. El codi \u00e9s:\u00a00574590<\/span><\/p>\n<p><b>PRESENTACI\u00d3 DE LA DOCUMENTACI\u00d3<\/b><\/p>\n<p><span style=\"font-weight: 400;\">Les persones admeses han de presentar la documentaci\u00f3 a la secretaria del centre o per correu secretaria@insmollet.cat\u00a0 entre <\/span><b>els dies 26 de gener i 30 de gener del 2022.<\/b><\/p>\n<p><span style=\"font-weight: 400;\">La documentaci\u00f3 que cal presentar \u00e9s:<\/span><\/p>\n<ul>\n<li style=\"list-style-type: none;\">\n<ul>\n<li style=\"font-weight: 400;\"><span style=\"font-weight: 400;\">Full d\u2019inscripci\u00f3 amb les dades personals i la fam\u00edlia professional escollida.<\/span><\/li>\n<li style=\"font-weight: 400;\"><span style=\"font-weight: 400;\">Fotoc\u00f2pia del DNI, NIE o Passaport, acompanyat de l&#8217;original per la seva verificaci\u00f3.<\/span><\/li>\n<li style=\"font-weight: 400;\"><span style=\"font-weight: 400;\">Document justificatiu de la bonificaci\u00f3 o l&#8217;exempci\u00f3 del preu p\u00fablic si \u00e9s el cas.<\/span><\/li>\n<li style=\"font-weight: 400;\"><span style=\"font-weight: 400;\">Resguard de pagament del preu establert.<\/span><\/li>\n<\/ul>\n<\/li>\n<\/ul>\n<p><span style=\"font-weight: 400;\">La manca de pagament del preu del servei en el termini establert comporta l\u2019exclusi\u00f3 del servei.<\/span><\/p>\n<ul>\n<li><img decoding=\"async\" src=\"http:\/\/www.insmollet.cat\/img\/file_icons\/pdf.png\" \/>\u00a0\u00a0<a href=\"https:\/\/agora.xtec.cat\/iesmollet\/wp-content\/uploads\/usu655\/2020\/07\/Inscripci\u00f3-Assessorament.pdf\">Full d&#8217;inscripci\u00f3<\/a><\/li>\n<\/ul>\n<p><b>CALENDARI DEL SERVEI D\u00b4ASSESSORAMENT<\/b><\/p>\n<p><span style=\"font-weight: 400;\">Les persones admeses rebran un correu electr\u00f2nic amb informaci\u00f3 detallada de com es realitzaran les sessions.<\/span><\/p>\n<p>&nbsp;<\/p>\n<p><b>Per m\u00e9s informaci\u00f3 ens podeu escriure a <\/b><b><a href=\"mailto:assessorament@insmollet.cat\">assessorament@insmollet.cat<\/a><\/b><\/p>\n<\/div>\n","protected":false},"excerpt":{"rendered":"<p>SERVEI D\u00b4ASSESSORAMENT<br \/>\nAquest servei t\u00e9 per objectiu definir un itinerari formatiu i professional de la persona interessada per millorar la seva qualificaci\u00f3 professional. Experts de la fam\u00edlia professional\u00a0 t\u00b4assessoraran personalment.\u00a0<br \/>\nDurant el proc\u00e9s d&#8217;assessorament, que t\u00e9 lloc de forma presencial en el centre, l&#8217;usuari aportar\u00e0 tota la&hellip;  <a href=\"https:\/\/agora.xtec.cat\/iesmollet\/assesorament\/\" title=\"Read Assesorament\">Llegeix m\u00e9s\u00bb<\/a><\/p>\n","protected":false},"author":1,"featured_media":0,"parent":0,"menu_order":0,"comment_status":"closed","ping_status":"closed","template":"","meta":{"_bbp_topic_count":0,"_bbp_reply_count":0,"_bbp_total_topic_count":0,"_bbp_total_reply_count":0,"_bbp_voice_count":0,"_bbp_anonymous_reply_count":0,"_bbp_topic_count_hidden":0,"_bbp_reply_count_hidden":0,"_bbp_forum_subforum_count":0,"footnotes":""},"class_list":["post-669","page","type-page","status-publish","hentry"],"post_mailing_queue_ids":[],"_links":{"self":[{"href":"https:\/\/agora.xtec.cat\/iesmollet\/wp-json\/wp\/v2\/pages\/669","targetHints":{"allow":["GET"]}}],"collection":[{"href":"https:\/\/agora.xtec.cat\/iesmollet\/wp-json\/wp\/v2\/pages"}],"about":[{"href":"https:\/\/agora.xtec.cat\/iesmollet\/wp-json\/wp\/v2\/types\/page"}],"author":[{"embeddable":true,"href":"https:\/\/agora.xtec.cat\/iesmollet\/wp-json\/wp\/v2\/users\/1"}],"replies":[{"embeddable":true,"href":"https:\/\/agora.xtec.cat\/iesmollet\/wp-json\/wp\/v2\/comments?post=669"}],"version-history":[{"count":2,"href":"https:\/\/agora.xtec.cat\/iesmollet\/wp-json\/wp\/v2\/pages\/669\/revisions"}],"predecessor-version":[{"id":1934,"href":"https:\/\/agora.xtec.cat\/iesmollet\/wp-json\/wp\/v2\/pages\/669\/revisions\/1934"}],"wp:attachment":[{"href":"https:\/\/agora.xtec.cat\/iesmollet\/wp-json\/wp\/v2\/media?parent=669"}],"curies":[{"name":"wp","href":"https:\/\/api.w.org\/{rel}","templated":true}]}}