{"id":594,"date":"2017-12-26T13:55:08","date_gmt":"2017-12-26T12:55:08","guid":{"rendered":"http:\/\/agora.xtec.cat\/iesmiquelcrusafont\/?page_id=594"},"modified":"2026-02-17T12:31:11","modified_gmt":"2026-02-17T11:31:11","slug":"matriculacio","status":"publish","type":"page","link":"https:\/\/agora.xtec.cat\/iesmiquelcrusafont\/secretaria\/matriculacio\/","title":{"rendered":"MATR\u00cdCULA 2026 &#8211; 2027"},"content":{"rendered":"<h1 align=\"center\"><span style=\"font-family: Arial, serif;\"><span style=\"font-size: medium;\"><u><b>DOCUMENTACI\u00d3 A APORTAR PER FER LA MATR\u00cdCULA ESO I BATXILLERAT ALUMNAT NOU<\/b><\/u><\/span><\/span><\/h1>\n<ol>\n<li>\n<h3 align=\"justify\"><span style=\"color: #000000;\"><strong><span style=\"font-family: Arial, serif;\"><span style=\"font-size: medium;\">Fotoc\u00f2pia i original del Llibre de fam\u00edlia (o un altre document relatiu a la filiaci\u00f3). Si l\u2019alumne o alumna es troba\u00a0en situaci\u00f3 d\u2019acolliment, la resoluci\u00f3 del Departament de Benestar Social i Fam\u00edlia. <\/span><\/span><\/strong><\/span><\/h3>\n<\/li>\n<li>\n<h3 align=\"justify\"><span style=\"color: #000000;\"><strong><span style=\"font-family: Arial, serif;\"><span style=\"font-size: medium;\">Fotoc\u00f2pia DNI\/NIE del pare\/mare\/tutor. Si hi ha dos tutors, \u00e9s recomanable aportar la fotoc\u00f2pia d\u2019ambd\u00f3s, cas contrari \u00e9s possible que l\u2019altre tutor no aparegui en la fitxa de l\u2019alumne.<\/span><\/span><\/strong><\/span><\/h3>\n<\/li>\n<li>\n<h3 align=\"justify\"><span style=\"color: #000000;\"><strong><span style=\"font-family: Arial, serif;\"><span style=\"font-size: medium;\">Fotoc\u00f2pia del Document nacional d\u2019identitat de l\u2019alumne o alumna si t\u00e9 m\u00e9s de 14 anys (o si t\u00e9 DNI, encara que sigui menor de 14 anys). Si \u00e9s estranger la targeta de resid\u00e8ncia amb el NIE (o passaport, si no en t\u00e9).<\/span><\/span><\/strong><\/span><\/h3>\n<\/li>\n<li>\n<h3><span style=\"color: #000000;\"><strong><span style=\"font-family: Arial, serif;\"><span style=\"font-size: medium;\">Fotoc\u00f2pia de Targeta sanit\u00e0ria individual (TSI), si se\u2019n t\u00e9.<\/span><\/span><\/strong><\/span><\/h3>\n<\/li>\n<li>\n<h3 align=\"justify\"><span style=\"color: #000000;\"><strong><span style=\"font-family: Arial, serif;\"><span style=\"font-size: medium;\">Una fotografia actual de l\u2019alumne. Si ho preferiu, la podeu enviar en format digital (.jpg) a <\/span><\/span><u><a style=\"color: #000000;\" href=\"mailto:melisa.molina@crusafont.cat\"><span style=\"font-family: Arial, serif;\"><span style=\"font-size: medium;\">melisa.molina@crusafont.cat<\/span><\/span><\/a><\/u><span style=\"font-family: Arial, serif;\"><span style=\"font-size: medium;\"> indicant el nom sencer de l\u2019alumne i el curs.<\/span><\/span><\/strong><\/span><\/h3>\n<\/li>\n<li>\n<h3 align=\"justify\"><span style=\"color: #000000;\"><strong><span style=\"font-family: Arial, serif;\"><span style=\"font-size: medium;\">Quan alguna de les documentacions presentades al centre per la matr\u00edcula sigui renovada per caducitat, canvi de domicili o canvi de passaport a NIE o de NIE a DNI, cal aportar la fotoc\u00f2pia del document nou per mantenir la fitxa de l\u2019alumne amb les dades actualitzades.<\/span><\/span><\/strong><\/span><\/h3>\n<\/li>\n<li><span style=\"text-decoration: underline;\"><strong>Els alumnes de Batxillerat<\/strong><\/span><span style=\"font-size: 1em; font-weight: bold;\"> han de portar <\/span><span style=\"font-size: 1em; font-weight: bold;\">fotoc\u00f2pia del resguard del t\u00edtol o certificat de nota final d&#8217;ESO.<\/span><\/li>\n<\/ol>\n<h3><strong>\u00a0<\/strong><\/h3>\n<h3><\/h3>\n","protected":false},"excerpt":{"rendered":"<p>DOCUMENTACI\u00d3 A APORTAR PER FER LA MATR\u00cdCULA ESO I BATXILLERAT ALUMNAT NOU<\/p>\n<ol>\n<li>\nFotoc\u00f2pia i original del Llibre de fam\u00edlia (o un altre document relatiu a la filiaci\u00f3). Si l\u2019alumne o alumna es troba\u00a0en situaci\u00f3 d\u2019acolliment, la resoluci\u00f3 del Departament de Benestar Social i Fam\u00edlia.\n<\/li>\n<li>\nFotoc\u00f2pia DNI\/NIE&hellip;  <a href=\"https:\/\/agora.xtec.cat\/iesmiquelcrusafont\/secretaria\/matriculacio\/\" title=\"Read MATR\u00cdCULA 2026 &#8211; 2027\">Llegeix m\u00e9s\u00bb<\/a><\/p>\n","protected":false},"author":1,"featured_media":0,"parent":81,"menu_order":20,"comment_status":"closed","ping_status":"closed","template":"page-templates\/side-menu.php","meta":{"_bbp_topic_count":0,"_bbp_reply_count":0,"_bbp_total_topic_count":0,"_bbp_total_reply_count":0,"_bbp_voice_count":0,"_bbp_anonymous_reply_count":0,"_bbp_topic_count_hidden":0,"_bbp_reply_count_hidden":0,"_bbp_forum_subforum_count":0,"footnotes":""},"class_list":["post-594","page","type-page","status-publish","hentry"],"post_mailing_queue_ids":[],"_links":{"self":[{"href":"https:\/\/agora.xtec.cat\/iesmiquelcrusafont\/wp-json\/wp\/v2\/pages\/594","targetHints":{"allow":["GET"]}}],"collection":[{"href":"https:\/\/agora.xtec.cat\/iesmiquelcrusafont\/wp-json\/wp\/v2\/pages"}],"about":[{"href":"https:\/\/agora.xtec.cat\/iesmiquelcrusafont\/wp-json\/wp\/v2\/types\/page"}],"author":[{"embeddable":true,"href":"https:\/\/agora.xtec.cat\/iesmiquelcrusafont\/wp-json\/wp\/v2\/users\/1"}],"replies":[{"embeddable":true,"href":"https:\/\/agora.xtec.cat\/iesmiquelcrusafont\/wp-json\/wp\/v2\/comments?post=594"}],"version-history":[{"count":5,"href":"https:\/\/agora.xtec.cat\/iesmiquelcrusafont\/wp-json\/wp\/v2\/pages\/594\/revisions"}],"predecessor-version":[{"id":4529,"href":"https:\/\/agora.xtec.cat\/iesmiquelcrusafont\/wp-json\/wp\/v2\/pages\/594\/revisions\/4529"}],"up":[{"embeddable":true,"href":"https:\/\/agora.xtec.cat\/iesmiquelcrusafont\/wp-json\/wp\/v2\/pages\/81"}],"wp:attachment":[{"href":"https:\/\/agora.xtec.cat\/iesmiquelcrusafont\/wp-json\/wp\/v2\/media?parent=594"}],"curies":[{"name":"wp","href":"https:\/\/api.w.org\/{rel}","templated":true}]}}