{"id":52,"date":"2014-09-17T16:58:07","date_gmt":"2014-09-17T16:58:07","guid":{"rendered":"http:\/\/agora.xtec.cat\/iesmiquelcrusafont\/?page_id=52"},"modified":"2018-02-14T20:21:24","modified_gmt":"2018-02-14T19:21:24","slug":"calendari-del-curs","status":"publish","type":"page","link":"https:\/\/agora.xtec.cat\/iesmiquelcrusafont\/linstitut\/calendari-del-curs\/","title":{"rendered":"Calendari del curs"},"content":{"rendered":"<div style=\"width: 50%; float: left; padding: 2px;\"><div class=\"simcal-calendar simcal-default-calendar simcal-default-calendar-grid simcal-default-calendar-light\" data-calendar-id=\"720\" data-timezone=\"Europe\/Madrid\" data-offset=\"7200\" data-week-start=\"1\" data-calendar-start=\"1777672800\" data-calendar-end=\"1788904741\" data-events-first=\"1774652459\" data-events-last=\"1788904741\">\n\t\t\t\n            <table class=\"simcal-calendar-grid\"\n                   data-event-bubble-trigger=\"hover\">\n                <thead class=\"simcal-calendar-head\">\n                <tr>\n\t\t\t\t\t                        <th class=\"simcal-nav simcal-prev-wrapper\" colspan=\"1\">\n                            <button class=\"simcal-nav-button simcal-month-nav simcal-prev\" title=\"Mes anterior\"><i class=\"simcal-icon-left\"><\/i><\/button>\n                        <\/th>\n\t\t\t\t\t                    <th colspan=\"5\"\n                        class=\"simcal-nav simcal-current\"\n                        data-calendar-current=\"1777672800\">\n\t\t\t\t\t\t<h3> <span class=\"simcal-current-month\">maig<\/span>  <span class=\"simcal-current-year\">2026<\/span> <\/h3>                    <\/th>\n\t\t\t\t\t                        <th class=\"simcal-nav simcal-next-wrapper\" colspan=\"1\">\n                            <button class=\"simcal-nav-button simcal-month-nav simcal-next\" title=\"Mes seg\u00fcent\"><i class=\"simcal-icon-right\"><\/i><\/button>\n                        <\/th>\n\t\t\t\t\t                <\/tr>\n                <tr>\n\t\t\t\t\t\t<!--\n\t\/\/ XTEC ************ MODIFICAT - Change short week-day (to avoid show all \"d\" in Catalan)\n\t\/\/ 2016.06.27 @sarjona\n\t-->\n\t<th class=\"simcal-week-day simcal-week-day-1\"\n             data-screen-small=\"Dl\"\n             data-screen-medium=\"Dl\"\n             data-screen-large=\"Dilluns\">Dl<\/th>\n\t<!--\/\/************ ORIGINAL -->\n\t<!--\n                        <th class=\"simcal-week-day simcal-week-day-1\"\n                            data-screen-small=\"D\"\n                            data-screen-medium=\"Dl\"\n                            data-screen-large=\"Dilluns\">Dl<\/th>\n\n\t-->\n\t<!--\n\t\/\/************ FI\n\t-->\n\n\t\t\t\t\t\t\t<!--\n\t\/\/ XTEC ************ MODIFICAT - Change short week-day (to avoid show all \"d\" in Catalan)\n\t\/\/ 2016.06.27 @sarjona\n\t-->\n\t<th class=\"simcal-week-day simcal-week-day-2\"\n             data-screen-small=\"Dt\"\n             data-screen-medium=\"Dt\"\n             data-screen-large=\"Dimarts\">Dt<\/th>\n\t<!--\/\/************ ORIGINAL -->\n\t<!--\n                        <th class=\"simcal-week-day simcal-week-day-2\"\n                            data-screen-small=\"D\"\n                            data-screen-medium=\"Dt\"\n                            data-screen-large=\"Dimarts\">Dt<\/th>\n\n\t-->\n\t<!--\n\t\/\/************ FI\n\t-->\n\n\t\t\t\t\t\t\t<!--\n\t\/\/ XTEC ************ MODIFICAT - Change short week-day (to avoid show all \"d\" in Catalan)\n\t\/\/ 2016.06.27 @sarjona\n\t-->\n\t<th class=\"simcal-week-day simcal-week-day-3\"\n             data-screen-small=\"Dc\"\n             data-screen-medium=\"Dc\"\n             data-screen-large=\"Dimecres\">Dc<\/th>\n\t<!--\/\/************ ORIGINAL -->\n\t<!--\n                        <th class=\"simcal-week-day simcal-week-day-3\"\n                            data-screen-small=\"D\"\n                            data-screen-medium=\"Dc\"\n                            data-screen-large=\"Dimecres\">Dc<\/th>\n\n\t-->\n\t<!--\n\t\/\/************ FI\n\t-->\n\n\t\t\t\t\t\t\t<!--\n\t\/\/ XTEC ************ MODIFICAT - Change short week-day (to avoid show all \"d\" in Catalan)\n\t\/\/ 2016.06.27 @sarjona\n\t-->\n\t<th class=\"simcal-week-day simcal-week-day-4\"\n             data-screen-small=\"Dj\"\n             data-screen-medium=\"Dj\"\n             data-screen-large=\"Dijous\">Dj<\/th>\n\t<!--\/\/************ ORIGINAL -->\n\t<!--\n                        <th class=\"simcal-week-day simcal-week-day-4\"\n                            data-screen-small=\"D\"\n                            data-screen-medium=\"Dj\"\n                            data-screen-large=\"Dijous\">Dj<\/th>\n\n\t-->\n\t<!--\n\t\/\/************ FI\n\t-->\n\n\t\t\t\t\t\t\t<!--\n\t\/\/ XTEC ************ MODIFICAT - Change short week-day (to avoid show all \"d\" in Catalan)\n\t\/\/ 2016.06.27 @sarjona\n\t-->\n\t<th class=\"simcal-week-day simcal-week-day-5\"\n             data-screen-small=\"Dv\"\n             data-screen-medium=\"Dv\"\n             data-screen-large=\"Divendres\">Dv<\/th>\n\t<!--\/\/************ ORIGINAL -->\n\t<!--\n                        <th class=\"simcal-week-day simcal-week-day-5\"\n                            data-screen-small=\"D\"\n                            data-screen-medium=\"Dv\"\n                            data-screen-large=\"Divendres\">Dv<\/th>\n\n\t-->\n\t<!--\n\t\/\/************ FI\n\t-->\n\n\t\t\t\t\t\t\t<!--\n\t\/\/ XTEC ************ MODIFICAT - Change short week-day (to avoid show all \"d\" in Catalan)\n\t\/\/ 2016.06.27 @sarjona\n\t-->\n\t<th class=\"simcal-week-day simcal-week-day-6\"\n             data-screen-small=\"Ds\"\n             data-screen-medium=\"Ds\"\n             data-screen-large=\"Dissabte\">Ds<\/th>\n\t<!--\/\/************ ORIGINAL -->\n\t<!--\n                        <th class=\"simcal-week-day simcal-week-day-6\"\n                            data-screen-small=\"D\"\n                            data-screen-medium=\"Ds\"\n                            data-screen-large=\"Dissabte\">Ds<\/th>\n\n\t-->\n\t<!--\n\t\/\/************ FI\n\t-->\n\n\t\t\t\t\t\t\n\t\t<!--\n\t\t\/\/ XTEC ************ MODIFICAT - Change short week-day (to avoid show all \"d\" in Catalan)\n\t\t\/\/ 2016.06.27 @sarjona\n\t\t-->\n\t\t<th class=\"simcal-week-day simcal-week-day-0\"\n                data-screen-small=\"Dg\"\n                data-screen-medium=\"Dg\"\n                data-screen-large=\"Diumenge\">Dg<\/th>\n\t\t<!--\/\/ ************ ORIGINAL -->\n\t\t<!--\n                            <th class=\"simcal-week-day simcal-week-day-0\"\n                                data-screen-small=\"D\"\n                                data-screen-medium=\"Dg\"\n                                data-screen-large=\"Diumenge\">Dg<\/th>\n\n\t\t-->\n\t\t<!--\n\t\t\/\/ ************ FI\n\t\t-->\n\n\t\t\t\t\t\t\t                <\/tr>\n                <\/thead>\n\n\t\t\t\t<tbody class=\"simcal-month simcal-month-5\">\n\t<tr class=\"simcal-week simcal-week-18\"><td class=\"simcal-day simcal-day-void \"><\/td>\n<td class=\"simcal-day simcal-day-void \"><\/td>\n<td class=\"simcal-day simcal-day-void \"><\/td>\n<td class=\"simcal-day simcal-day-void simcal-day-void-last\"><\/td>\n<td class=\"simcal-day-1 simcal-weekday-5 simcal-past simcal-day simcal-day-has-events simcal-day-has-1-events simcal-events-calendar-661\" data-events-count=\"1\">\n\t<div>\n\t\t<span class=\"simcal-day-label simcal-day-number\" style=\"background-color: #0988A9; color: #ffffff\">1<\/span>\n\t\t<ul class=\"simcal-events\">\t<li class=\"simcal-event simcal-events-calendar-661 simcal-tooltip\" itemscope itemtype=\"http:\/\/schema.org\/Event\">\n\t\t<span class=\"simcal-event-title\">Festiu<\/span>\n\t\t<div class=\"simcal-event-details simcal-tooltip-content\" style=\"display: none;\"><p><strong><span class=\"simcal-event-title\" itemprop=\"name\">Festiu<\/span><\/strong><\/p>\n<p><span class=\"simcal-event-start simcal-event-start-date\" data-event-start=\"1777586459\" data-event-format=\"d\/m\/Y\" itemprop=\"startDate\" content=\"2026-05-01T00:00:59+02:00\">01\/05\/2026<\/span><br \/>\n <span class=\"simcal-event-address simcal-event-start-location\" itemprop=\"location\" itemscope itemtype=\"http:\/\/schema.org\/Place\"><meta itemprop=\"name\" content=\"Festiu\" \/><meta itemprop=\"address\" content=\"Festiu\" \/><\/span><\/p>\n<div><\/div>\n<p> <a href=\"https:\/\/www.google.com\/calendar\/event?eid=NTQ2MmozNm1yaTcwMGloYWlqM2k1dTlybmggY3J1c2Fmb250LmNhdF9oZnU1MDJraWVybmFnODg4Zjgzbmc3dm02c0Bn&#038;ctz=Europe\/Madrid\" target=\"_blank\" >M\u00e9s detalls<\/a><\/p><\/div>\n\t<\/li>\n<\/ul>\n\n\t\t<span class=\"simcal-events-dots\" style=\"display: none;\"><b style=\"color: #000;\"> &bull; <\/b><\/span>\n\t<\/div>\n<\/td>\n<td class=\"simcal-day-2 simcal-weekday-6 simcal-today simcal-present simcal-day\" data-events-count=\"0\">\n\t<div style=\"border: 1px solid #92AE01;\">\n\t\t<span class=\"simcal-day-label simcal-day-number\" style=\"background-color: #92AE01; color: #000000\">2<\/span>\n\t\t<span class=\"simcal-no-events\"><\/span>\n\t\t<span class=\"simcal-events-dots\" style=\"display: none;\"><\/span>\n\t<\/div>\n<\/td>\n<td class=\"simcal-day-3 simcal-weekday-0 simcal-future simcal-day\" data-events-count=\"0\">\n\t<div>\n\t\t<span class=\"simcal-day-label simcal-day-number\">3<\/span>\n\t\t<span class=\"simcal-no-events\"><\/span>\n\t\t<span class=\"simcal-events-dots\" style=\"display: none;\"><\/span>\n\t<\/div>\n<\/td>\n<\/tr><tr class=\"simcal-week simcal-week-18\">\n<td class=\"simcal-day-4 simcal-weekday-1 simcal-future simcal-day\" data-events-count=\"0\">\n\t<div>\n\t\t<span class=\"simcal-day-label simcal-day-number\">4<\/span>\n\t\t<span class=\"simcal-no-events\"><\/span>\n\t\t<span class=\"simcal-events-dots\" style=\"display: none;\"><\/span>\n\t<\/div>\n<\/td>\n<td class=\"simcal-day-5 simcal-weekday-2 simcal-future simcal-day simcal-day-has-events simcal-day-has-2-events simcal-events-calendar-718 simcal-events-calendar-661\" data-events-count=\"2\">\n\t<div>\n\t\t<span class=\"simcal-day-label simcal-day-number\" style=\"background-color: #0988A9; color: #ffffff\">5<\/span>\n\t\t<ul class=\"simcal-events\">\t<li class=\"simcal-event simcal-events-calendar-718 simcal-tooltip\" itemscope itemtype=\"http:\/\/schema.org\/Event\">\n\t\t<span class=\"simcal-event-title\">1ESO Sortida Castell\u00e0 Museu Paleontologia Sabadell<\/span>\n\t\t<div class=\"simcal-event-details simcal-tooltip-content\" style=\"display: none;\"><p><strong><span class=\"simcal-event-title\" itemprop=\"name\">1ESO Sortida Castell\u00e0 Museu Paleontologia Sabadell<\/span><\/strong><\/p>\n<p><span class=\"simcal-event-start simcal-event-start-date\" data-event-start=\"1777932059\" data-event-format=\"d\/m\/Y\" itemprop=\"startDate\" content=\"2026-05-05T00:00:59+02:00\">05\/05\/2026<\/span><br \/>\n <span class=\"simcal-event-address simcal-event-start-location\" itemprop=\"location\" itemscope itemtype=\"http:\/\/schema.org\/Place\"><meta itemprop=\"name\" content=\"1ESO Sortida Castell\u00e0 Museu Paleontologia Sabadell\" \/><meta itemprop=\"address\" content=\"1ESO Sortida Castell\u00e0 Museu Paleontologia Sabadell\" \/><\/span><\/p>\n<div><\/div>\n<p> <a href=\"https:\/\/www.google.com\/calendar\/event?eid=NTk3YXR0ZnByaXVqM2h1Z3FxczViZnYyMWQgY3J1c2Fmb250LmNhdF9qMmV0OTluY2tkaXY0amN0cDRjaTFkMnZvOEBn&#038;ctz=Europe\/Madrid\" target=\"_blank\" >M\u00e9s detalls<\/a><\/p><\/div>\n\t<\/li>\n\t<li class=\"simcal-event simcal-events-calendar-661 simcal-tooltip\" itemscope itemtype=\"http:\/\/schema.org\/Event\">\n\t\t<span class=\"simcal-event-title\">4t ESO Av expressi\u00f3 oral castell\u00e0 i catal\u00e0<\/span>\n\t\t<div class=\"simcal-event-details simcal-tooltip-content\" style=\"display: none;\"><p><strong><span class=\"simcal-event-title\" itemprop=\"name\">4t ESO Av expressi\u00f3 oral castell\u00e0 i catal\u00e0<\/span><\/strong><\/p>\n<p><span class=\"simcal-event-start simcal-event-start-date\" data-event-start=\"1777932059\" data-event-format=\"d\/m\/Y\" itemprop=\"startDate\" content=\"2026-05-05T00:00:59+02:00\">05\/05\/2026<\/span> - <span class=\"simcal-event-start simcal-event-end-date\" data-event-start=\"1779314341\" data-event-format=\"d\/m\/Y\" itemprop=\"endDate\" content=\"2026-05-20T23:59:01+02:00\">20\/05\/2026<\/span>&nbsp;@&nbsp;<br \/>\n <span class=\"simcal-event-address simcal-event-start-location\" itemprop=\"location\" itemscope itemtype=\"http:\/\/schema.org\/Place\"><meta itemprop=\"name\" content=\"4t ESO Av expressi\u00f3 oral castell\u00e0 i catal\u00e0\" \/><meta itemprop=\"address\" content=\"4t ESO Av expressi\u00f3 oral castell\u00e0 i catal\u00e0\" \/><\/span><\/p>\n<div><\/div>\n<p> <a href=\"https:\/\/www.google.com\/calendar\/event?eid=MmdscDFtZ2xiNGlrYzJmbmhjYTAyNWZrOTMgY3J1c2Fmb250LmNhdF9oZnU1MDJraWVybmFnODg4Zjgzbmc3dm02c0Bn&#038;ctz=Europe\/Madrid\" target=\"_blank\" >M\u00e9s detalls<\/a><\/p><\/div>\n\t<\/li>\n<\/ul>\n\n\t\t<span class=\"simcal-events-dots\" style=\"display: none;\"><b style=\"color: #000;\"> &bull; <\/b><b style=\"color: #000;\"> &bull; <\/b><\/span>\n\t<\/div>\n<\/td>\n<td class=\"simcal-day-6 simcal-weekday-3 simcal-future simcal-day simcal-day-has-events simcal-day-has-2-events simcal-events-calendar-661 simcal-events-calendar-723\" data-events-count=\"2\">\n\t<div>\n\t\t<span class=\"simcal-day-label simcal-day-number\" style=\"background-color: #0988A9; color: #ffffff\">6<\/span>\n\t\t<ul class=\"simcal-events\">\t<li class=\"simcal-event simcal-events-calendar-661 simcal-tooltip\" itemscope itemtype=\"http:\/\/schema.org\/Event\">\n\t\t<span class=\"simcal-event-title\">4t ESO Av expressi\u00f3 oral castell\u00e0 i catal\u00e0<\/span>\n\t\t<div class=\"simcal-event-details simcal-tooltip-content\" style=\"display: none;\"><p><strong><span class=\"simcal-event-title\" itemprop=\"name\">4t ESO Av expressi\u00f3 oral castell\u00e0 i catal\u00e0<\/span><\/strong><\/p>\n<p><span class=\"simcal-event-start simcal-event-start-date\" data-event-start=\"1777932059\" data-event-format=\"d\/m\/Y\" itemprop=\"startDate\" content=\"2026-05-05T00:00:59+02:00\">05\/05\/2026<\/span> - <span class=\"simcal-event-start simcal-event-end-date\" data-event-start=\"1779314341\" data-event-format=\"d\/m\/Y\" itemprop=\"endDate\" content=\"2026-05-20T23:59:01+02:00\">20\/05\/2026<\/span>&nbsp;@&nbsp;<br \/>\n <span class=\"simcal-event-address simcal-event-start-location\" itemprop=\"location\" itemscope itemtype=\"http:\/\/schema.org\/Place\"><meta itemprop=\"name\" content=\"4t ESO Av expressi\u00f3 oral castell\u00e0 i catal\u00e0\" \/><meta itemprop=\"address\" content=\"4t ESO Av expressi\u00f3 oral castell\u00e0 i catal\u00e0\" \/><\/span><\/p>\n<div><\/div>\n<p> <a href=\"https:\/\/www.google.com\/calendar\/event?eid=MmdscDFtZ2xiNGlrYzJmbmhjYTAyNWZrOTMgY3J1c2Fmb250LmNhdF9oZnU1MDJraWVybmFnODg4Zjgzbmc3dm02c0Bn&#038;ctz=Europe\/Madrid\" target=\"_blank\" >M\u00e9s detalls<\/a><\/p><\/div>\n\t<\/li>\n\t<li class=\"simcal-event simcal-events-calendar-723 simcal-tooltip\" itemscope itemtype=\"http:\/\/schema.org\/Event\">\n\t\t<span class=\"simcal-event-title\">2n batx fi classes<\/span>\n\t\t<div class=\"simcal-event-details simcal-tooltip-content\" style=\"display: none;\"><p><strong><span class=\"simcal-event-title\" itemprop=\"name\">2n batx fi classes<\/span><\/strong><\/p>\n<p><span class=\"simcal-event-start simcal-event-start-date\" data-event-start=\"1778018459\" data-event-format=\"d\/m\/Y\" itemprop=\"startDate\" content=\"2026-05-06T00:00:59+02:00\">06\/05\/2026<\/span><br \/>\n <span class=\"simcal-event-address simcal-event-start-location\" itemprop=\"location\" itemscope itemtype=\"http:\/\/schema.org\/Place\"><meta itemprop=\"name\" content=\"2n batx fi classes\" \/><meta itemprop=\"address\" content=\"2n batx fi classes\" \/><\/span><\/p>\n<div><\/div>\n<p> <a href=\"https:\/\/www.google.com\/calendar\/event?eid=M3E0cXJwZDg4bHRzOWw3ZWoxOTJsZXI5dTEgY3J1c2Fmb250LmNhdF80ZWtsbnVocmsxdHAzYTgwZTNyZmM1cHVuMEBn&#038;ctz=Europe\/Madrid\" target=\"_blank\" >M\u00e9s detalls<\/a><\/p><\/div>\n\t<\/li>\n<\/ul>\n\n\t\t<span class=\"simcal-events-dots\" style=\"display: none;\"><b style=\"color: #000;\"> &bull; <\/b><b style=\"color: #000;\"> &bull; <\/b><\/span>\n\t<\/div>\n<\/td>\n<td class=\"simcal-day-7 simcal-weekday-4 simcal-future simcal-day simcal-day-has-events simcal-day-has-2-events simcal-events-calendar-661 simcal-events-calendar-723\" data-events-count=\"2\">\n\t<div>\n\t\t<span class=\"simcal-day-label simcal-day-number\" style=\"background-color: #0988A9; color: #ffffff\">7<\/span>\n\t\t<ul class=\"simcal-events\">\t<li class=\"simcal-event simcal-events-calendar-661 simcal-tooltip\" itemscope itemtype=\"http:\/\/schema.org\/Event\">\n\t\t<span class=\"simcal-event-title\">4t ESO Av expressi\u00f3 oral castell\u00e0 i catal\u00e0<\/span>\n\t\t<div class=\"simcal-event-details simcal-tooltip-content\" style=\"display: none;\"><p><strong><span class=\"simcal-event-title\" itemprop=\"name\">4t ESO Av expressi\u00f3 oral castell\u00e0 i catal\u00e0<\/span><\/strong><\/p>\n<p><span class=\"simcal-event-start simcal-event-start-date\" data-event-start=\"1777932059\" data-event-format=\"d\/m\/Y\" itemprop=\"startDate\" content=\"2026-05-05T00:00:59+02:00\">05\/05\/2026<\/span> - <span class=\"simcal-event-start simcal-event-end-date\" data-event-start=\"1779314341\" data-event-format=\"d\/m\/Y\" itemprop=\"endDate\" content=\"2026-05-20T23:59:01+02:00\">20\/05\/2026<\/span>&nbsp;@&nbsp;<br \/>\n <span class=\"simcal-event-address simcal-event-start-location\" itemprop=\"location\" itemscope itemtype=\"http:\/\/schema.org\/Place\"><meta itemprop=\"name\" content=\"4t ESO Av expressi\u00f3 oral castell\u00e0 i catal\u00e0\" \/><meta itemprop=\"address\" content=\"4t ESO Av expressi\u00f3 oral castell\u00e0 i catal\u00e0\" \/><\/span><\/p>\n<div><\/div>\n<p> <a href=\"https:\/\/www.google.com\/calendar\/event?eid=MmdscDFtZ2xiNGlrYzJmbmhjYTAyNWZrOTMgY3J1c2Fmb250LmNhdF9oZnU1MDJraWVybmFnODg4Zjgzbmc3dm02c0Bn&#038;ctz=Europe\/Madrid\" target=\"_blank\" >M\u00e9s detalls<\/a><\/p><\/div>\n\t<\/li>\n\t<li class=\"simcal-event simcal-event-recurring simcal-events-calendar-723 simcal-tooltip\" itemscope itemtype=\"http:\/\/schema.org\/Event\">\n\t\t<span class=\"simcal-event-title\">2n batx ex\u00e0mens 3av<\/span>\n\t\t<div class=\"simcal-event-details simcal-tooltip-content\" style=\"display: none;\"><p><strong><span class=\"simcal-event-title\" itemprop=\"name\">2n batx ex\u00e0mens 3av<\/span><\/strong><\/p>\n<p><span class=\"simcal-event-start simcal-event-start-date\" data-event-start=\"1778104859\" data-event-format=\"d\/m\/Y\" itemprop=\"startDate\" content=\"2026-05-07T00:00:59+02:00\">07\/05\/2026<\/span> - <span class=\"simcal-event-start simcal-event-end-date\" data-event-start=\"1778277541\" data-event-format=\"d\/m\/Y\" itemprop=\"endDate\" content=\"2026-05-08T23:59:01+02:00\">08\/05\/2026<\/span>&nbsp;@&nbsp;<br \/>\n <span class=\"simcal-event-address simcal-event-start-location\" itemprop=\"location\" itemscope itemtype=\"http:\/\/schema.org\/Place\"><meta itemprop=\"name\" content=\"2n batx ex\u00e0mens 3av\" \/><meta itemprop=\"address\" content=\"2n batx ex\u00e0mens 3av\" \/><\/span><\/p>\n<div><\/div>\n<p> <a href=\"https:\/\/www.google.com\/calendar\/event?eid=NWdsc3RiM2o1ODVxaGdscHU1OTR1MTQ4a3NfMjAyNjA1MDcgY3J1c2Fmb250LmNhdF80ZWtsbnVocmsxdHAzYTgwZTNyZmM1cHVuMEBn&#038;ctz=Europe\/Madrid\" target=\"_blank\" >M\u00e9s detalls<\/a><\/p><\/div>\n\t<\/li>\n<\/ul>\n\n\t\t<span class=\"simcal-events-dots\" style=\"display: none;\"><b style=\"color: #000;\"> &bull; <\/b><b style=\"color: #000;\"> &bull; <\/b><\/span>\n\t<\/div>\n<\/td>\n<td class=\"simcal-day-8 simcal-weekday-5 simcal-future simcal-day simcal-day-has-events simcal-day-has-2-events simcal-events-calendar-661 simcal-events-calendar-723\" data-events-count=\"2\">\n\t<div>\n\t\t<span class=\"simcal-day-label simcal-day-number\" style=\"background-color: #0988A9; color: #ffffff\">8<\/span>\n\t\t<ul class=\"simcal-events\">\t<li class=\"simcal-event simcal-events-calendar-661 simcal-tooltip\" itemscope itemtype=\"http:\/\/schema.org\/Event\">\n\t\t<span class=\"simcal-event-title\">4t ESO Av expressi\u00f3 oral castell\u00e0 i catal\u00e0<\/span>\n\t\t<div class=\"simcal-event-details simcal-tooltip-content\" style=\"display: none;\"><p><strong><span class=\"simcal-event-title\" itemprop=\"name\">4t ESO Av expressi\u00f3 oral castell\u00e0 i catal\u00e0<\/span><\/strong><\/p>\n<p><span class=\"simcal-event-start simcal-event-start-date\" data-event-start=\"1777932059\" data-event-format=\"d\/m\/Y\" itemprop=\"startDate\" content=\"2026-05-05T00:00:59+02:00\">05\/05\/2026<\/span> - <span class=\"simcal-event-start simcal-event-end-date\" data-event-start=\"1779314341\" data-event-format=\"d\/m\/Y\" itemprop=\"endDate\" content=\"2026-05-20T23:59:01+02:00\">20\/05\/2026<\/span>&nbsp;@&nbsp;<br \/>\n <span class=\"simcal-event-address simcal-event-start-location\" itemprop=\"location\" itemscope itemtype=\"http:\/\/schema.org\/Place\"><meta itemprop=\"name\" content=\"4t ESO Av expressi\u00f3 oral castell\u00e0 i catal\u00e0\" \/><meta itemprop=\"address\" content=\"4t ESO Av expressi\u00f3 oral castell\u00e0 i catal\u00e0\" \/><\/span><\/p>\n<div><\/div>\n<p> <a href=\"https:\/\/www.google.com\/calendar\/event?eid=MmdscDFtZ2xiNGlrYzJmbmhjYTAyNWZrOTMgY3J1c2Fmb250LmNhdF9oZnU1MDJraWVybmFnODg4Zjgzbmc3dm02c0Bn&#038;ctz=Europe\/Madrid\" target=\"_blank\" >M\u00e9s detalls<\/a><\/p><\/div>\n\t<\/li>\n\t<li class=\"simcal-event simcal-event-recurring simcal-events-calendar-723 simcal-tooltip\" itemscope itemtype=\"http:\/\/schema.org\/Event\">\n\t\t<span class=\"simcal-event-title\">2n batx ex\u00e0mens 3av<\/span>\n\t\t<div class=\"simcal-event-details simcal-tooltip-content\" style=\"display: none;\"><p><strong><span class=\"simcal-event-title\" itemprop=\"name\">2n batx ex\u00e0mens 3av<\/span><\/strong><\/p>\n<p><span class=\"simcal-event-start simcal-event-start-date\" data-event-start=\"1778104859\" data-event-format=\"d\/m\/Y\" itemprop=\"startDate\" content=\"2026-05-07T00:00:59+02:00\">07\/05\/2026<\/span> - <span class=\"simcal-event-start simcal-event-end-date\" data-event-start=\"1778277541\" data-event-format=\"d\/m\/Y\" itemprop=\"endDate\" content=\"2026-05-08T23:59:01+02:00\">08\/05\/2026<\/span>&nbsp;@&nbsp;<br \/>\n <span class=\"simcal-event-address simcal-event-start-location\" itemprop=\"location\" itemscope itemtype=\"http:\/\/schema.org\/Place\"><meta itemprop=\"name\" content=\"2n batx ex\u00e0mens 3av\" \/><meta itemprop=\"address\" content=\"2n batx ex\u00e0mens 3av\" \/><\/span><\/p>\n<div><\/div>\n<p> <a href=\"https:\/\/www.google.com\/calendar\/event?eid=NWdsc3RiM2o1ODVxaGdscHU1OTR1MTQ4a3NfMjAyNjA1MDcgY3J1c2Fmb250LmNhdF80ZWtsbnVocmsxdHAzYTgwZTNyZmM1cHVuMEBn&#038;ctz=Europe\/Madrid\" target=\"_blank\" >M\u00e9s detalls<\/a><\/p><\/div>\n\t<\/li>\n<\/ul>\n\n\t\t<span class=\"simcal-events-dots\" style=\"display: none;\"><b style=\"color: #000;\"> &bull; <\/b><b style=\"color: #000;\"> &bull; <\/b><\/span>\n\t<\/div>\n<\/td>\n<td class=\"simcal-day-9 simcal-weekday-6 simcal-future simcal-day simcal-day-has-events simcal-day-has-1-events simcal-events-calendar-661\" data-events-count=\"1\">\n\t<div>\n\t\t<span class=\"simcal-day-label simcal-day-number\" style=\"background-color: #0988A9; color: #ffffff\">9<\/span>\n\t\t<ul class=\"simcal-events\">\t<li class=\"simcal-event simcal-events-calendar-661 simcal-tooltip\" itemscope itemtype=\"http:\/\/schema.org\/Event\">\n\t\t<span class=\"simcal-event-title\">4t ESO Av expressi\u00f3 oral castell\u00e0 i catal\u00e0<\/span>\n\t\t<div class=\"simcal-event-details simcal-tooltip-content\" style=\"display: none;\"><p><strong><span class=\"simcal-event-title\" itemprop=\"name\">4t ESO Av expressi\u00f3 oral castell\u00e0 i catal\u00e0<\/span><\/strong><\/p>\n<p><span class=\"simcal-event-start simcal-event-start-date\" data-event-start=\"1777932059\" data-event-format=\"d\/m\/Y\" itemprop=\"startDate\" content=\"2026-05-05T00:00:59+02:00\">05\/05\/2026<\/span> - <span class=\"simcal-event-start simcal-event-end-date\" data-event-start=\"1779314341\" data-event-format=\"d\/m\/Y\" itemprop=\"endDate\" content=\"2026-05-20T23:59:01+02:00\">20\/05\/2026<\/span>&nbsp;@&nbsp;<br \/>\n <span class=\"simcal-event-address simcal-event-start-location\" itemprop=\"location\" itemscope itemtype=\"http:\/\/schema.org\/Place\"><meta itemprop=\"name\" content=\"4t ESO Av expressi\u00f3 oral castell\u00e0 i catal\u00e0\" \/><meta itemprop=\"address\" content=\"4t ESO Av expressi\u00f3 oral castell\u00e0 i catal\u00e0\" \/><\/span><\/p>\n<div><\/div>\n<p> <a href=\"https:\/\/www.google.com\/calendar\/event?eid=MmdscDFtZ2xiNGlrYzJmbmhjYTAyNWZrOTMgY3J1c2Fmb250LmNhdF9oZnU1MDJraWVybmFnODg4Zjgzbmc3dm02c0Bn&#038;ctz=Europe\/Madrid\" target=\"_blank\" >M\u00e9s detalls<\/a><\/p><\/div>\n\t<\/li>\n<\/ul>\n\n\t\t<span class=\"simcal-events-dots\" style=\"display: none;\"><b style=\"color: #000;\"> &bull; <\/b><\/span>\n\t<\/div>\n<\/td>\n<td class=\"simcal-day-10 simcal-weekday-0 simcal-future simcal-day simcal-day-has-events simcal-day-has-1-events simcal-events-calendar-661\" data-events-count=\"1\">\n\t<div>\n\t\t<span class=\"simcal-day-label simcal-day-number\" style=\"background-color: #0988A9; color: #ffffff\">10<\/span>\n\t\t<ul class=\"simcal-events\">\t<li class=\"simcal-event simcal-events-calendar-661 simcal-tooltip\" itemscope itemtype=\"http:\/\/schema.org\/Event\">\n\t\t<span class=\"simcal-event-title\">4t ESO Av expressi\u00f3 oral castell\u00e0 i catal\u00e0<\/span>\n\t\t<div class=\"simcal-event-details simcal-tooltip-content\" style=\"display: none;\"><p><strong><span class=\"simcal-event-title\" itemprop=\"name\">4t ESO Av expressi\u00f3 oral castell\u00e0 i catal\u00e0<\/span><\/strong><\/p>\n<p><span class=\"simcal-event-start simcal-event-start-date\" data-event-start=\"1777932059\" data-event-format=\"d\/m\/Y\" itemprop=\"startDate\" content=\"2026-05-05T00:00:59+02:00\">05\/05\/2026<\/span> - <span class=\"simcal-event-start simcal-event-end-date\" data-event-start=\"1779314341\" data-event-format=\"d\/m\/Y\" itemprop=\"endDate\" content=\"2026-05-20T23:59:01+02:00\">20\/05\/2026<\/span>&nbsp;@&nbsp;<br \/>\n <span class=\"simcal-event-address simcal-event-start-location\" itemprop=\"location\" itemscope itemtype=\"http:\/\/schema.org\/Place\"><meta itemprop=\"name\" content=\"4t ESO Av expressi\u00f3 oral castell\u00e0 i catal\u00e0\" \/><meta itemprop=\"address\" content=\"4t ESO Av expressi\u00f3 oral castell\u00e0 i catal\u00e0\" \/><\/span><\/p>\n<div><\/div>\n<p> <a href=\"https:\/\/www.google.com\/calendar\/event?eid=MmdscDFtZ2xiNGlrYzJmbmhjYTAyNWZrOTMgY3J1c2Fmb250LmNhdF9oZnU1MDJraWVybmFnODg4Zjgzbmc3dm02c0Bn&#038;ctz=Europe\/Madrid\" target=\"_blank\" >M\u00e9s detalls<\/a><\/p><\/div>\n\t<\/li>\n<\/ul>\n\n\t\t<span class=\"simcal-events-dots\" style=\"display: none;\"><b style=\"color: #000;\"> &bull; <\/b><\/span>\n\t<\/div>\n<\/td>\n<\/tr><tr class=\"simcal-week simcal-week-19\">\n<td class=\"simcal-day-11 simcal-weekday-1 simcal-future simcal-day simcal-day-has-events simcal-day-has-2-events simcal-events-calendar-661\" data-events-count=\"2\">\n\t<div>\n\t\t<span class=\"simcal-day-label simcal-day-number\" style=\"background-color: #0988A9; color: #ffffff\">11<\/span>\n\t\t<ul class=\"simcal-events\">\t<li class=\"simcal-event simcal-events-calendar-661 simcal-tooltip\" itemscope itemtype=\"http:\/\/schema.org\/Event\">\n\t\t<span class=\"simcal-event-title\">4t ESO Av expressi\u00f3 oral castell\u00e0 i catal\u00e0<\/span>\n\t\t<div class=\"simcal-event-details simcal-tooltip-content\" style=\"display: none;\"><p><strong><span class=\"simcal-event-title\" itemprop=\"name\">4t ESO Av expressi\u00f3 oral castell\u00e0 i catal\u00e0<\/span><\/strong><\/p>\n<p><span class=\"simcal-event-start simcal-event-start-date\" data-event-start=\"1777932059\" data-event-format=\"d\/m\/Y\" itemprop=\"startDate\" content=\"2026-05-05T00:00:59+02:00\">05\/05\/2026<\/span> - <span class=\"simcal-event-start simcal-event-end-date\" data-event-start=\"1779314341\" data-event-format=\"d\/m\/Y\" itemprop=\"endDate\" content=\"2026-05-20T23:59:01+02:00\">20\/05\/2026<\/span>&nbsp;@&nbsp;<br \/>\n <span class=\"simcal-event-address simcal-event-start-location\" itemprop=\"location\" itemscope itemtype=\"http:\/\/schema.org\/Place\"><meta itemprop=\"name\" content=\"4t ESO Av expressi\u00f3 oral castell\u00e0 i catal\u00e0\" \/><meta itemprop=\"address\" content=\"4t ESO Av expressi\u00f3 oral castell\u00e0 i catal\u00e0\" \/><\/span><\/p>\n<div><\/div>\n<p> <a href=\"https:\/\/www.google.com\/calendar\/event?eid=MmdscDFtZ2xiNGlrYzJmbmhjYTAyNWZrOTMgY3J1c2Fmb250LmNhdF9oZnU1MDJraWVybmFnODg4Zjgzbmc3dm02c0Bn&#038;ctz=Europe\/Madrid\" target=\"_blank\" >M\u00e9s detalls<\/a><\/p><\/div>\n\t<\/li>\n\t<li class=\"simcal-event simcal-events-calendar-661 simcal-tooltip\" itemscope itemtype=\"http:\/\/schema.org\/Event\">\n\t\t<span class=\"simcal-event-title\">Festa Local<\/span>\n\t\t<div class=\"simcal-event-details simcal-tooltip-content\" style=\"display: none;\"><p><strong><span class=\"simcal-event-title\" itemprop=\"name\">Festa Local<\/span><\/strong><\/p>\n<p><span class=\"simcal-event-start simcal-event-start-date\" data-event-start=\"1778450459\" data-event-format=\"d\/m\/Y\" itemprop=\"startDate\" content=\"2026-05-11T00:00:59+02:00\">11\/05\/2026<\/span><br \/>\n <span class=\"simcal-event-address simcal-event-start-location\" itemprop=\"location\" itemscope itemtype=\"http:\/\/schema.org\/Place\"><meta itemprop=\"name\" content=\"Festa Local\" \/><meta itemprop=\"address\" content=\"Festa Local\" \/><\/span><\/p>\n<div><\/div>\n<p> <a href=\"https:\/\/www.google.com\/calendar\/event?eid=N3BiNGF2aDluczNuamJzNjVqM2JqNW80cmUgY3J1c2Fmb250LmNhdF9oZnU1MDJraWVybmFnODg4Zjgzbmc3dm02c0Bn&#038;ctz=Europe\/Madrid\" target=\"_blank\" >M\u00e9s detalls<\/a><\/p><\/div>\n\t<\/li>\n<\/ul>\n\n\t\t<span class=\"simcal-events-dots\" style=\"display: none;\"><b style=\"color: #000;\"> &bull; <\/b><b style=\"color: #000;\"> &bull; <\/b><\/span>\n\t<\/div>\n<\/td>\n<td class=\"simcal-day-12 simcal-weekday-2 simcal-future simcal-day simcal-day-has-events simcal-day-has-2-events simcal-events-calendar-661 simcal-events-calendar-723\" data-events-count=\"2\">\n\t<div>\n\t\t<span class=\"simcal-day-label simcal-day-number\" style=\"background-color: #0988A9; color: #ffffff\">12<\/span>\n\t\t<ul class=\"simcal-events\">\t<li class=\"simcal-event simcal-events-calendar-661 simcal-tooltip\" itemscope itemtype=\"http:\/\/schema.org\/Event\">\n\t\t<span class=\"simcal-event-title\">4t ESO Av expressi\u00f3 oral castell\u00e0 i catal\u00e0<\/span>\n\t\t<div class=\"simcal-event-details simcal-tooltip-content\" style=\"display: none;\"><p><strong><span class=\"simcal-event-title\" itemprop=\"name\">4t ESO Av expressi\u00f3 oral castell\u00e0 i catal\u00e0<\/span><\/strong><\/p>\n<p><span class=\"simcal-event-start simcal-event-start-date\" data-event-start=\"1777932059\" data-event-format=\"d\/m\/Y\" itemprop=\"startDate\" content=\"2026-05-05T00:00:59+02:00\">05\/05\/2026<\/span> - <span class=\"simcal-event-start simcal-event-end-date\" data-event-start=\"1779314341\" data-event-format=\"d\/m\/Y\" itemprop=\"endDate\" content=\"2026-05-20T23:59:01+02:00\">20\/05\/2026<\/span>&nbsp;@&nbsp;<br \/>\n <span class=\"simcal-event-address simcal-event-start-location\" itemprop=\"location\" itemscope itemtype=\"http:\/\/schema.org\/Place\"><meta itemprop=\"name\" content=\"4t ESO Av expressi\u00f3 oral castell\u00e0 i catal\u00e0\" \/><meta itemprop=\"address\" content=\"4t ESO Av expressi\u00f3 oral castell\u00e0 i catal\u00e0\" \/><\/span><\/p>\n<div><\/div>\n<p> <a href=\"https:\/\/www.google.com\/calendar\/event?eid=MmdscDFtZ2xiNGlrYzJmbmhjYTAyNWZrOTMgY3J1c2Fmb250LmNhdF9oZnU1MDJraWVybmFnODg4Zjgzbmc3dm02c0Bn&#038;ctz=Europe\/Madrid\" target=\"_blank\" >M\u00e9s detalls<\/a><\/p><\/div>\n\t<\/li>\n\t<li class=\"simcal-event simcal-event-recurring simcal-events-calendar-723 simcal-tooltip\" itemscope itemtype=\"http:\/\/schema.org\/Event\">\n\t\t<span class=\"simcal-event-title\">2n batx ex\u00e0mens 3av<\/span>\n\t\t<div class=\"simcal-event-details simcal-tooltip-content\" style=\"display: none;\"><p><strong><span class=\"simcal-event-title\" itemprop=\"name\">2n batx ex\u00e0mens 3av<\/span><\/strong><\/p>\n<p><span class=\"simcal-event-start simcal-event-start-date\" data-event-start=\"1778536859\" data-event-format=\"d\/m\/Y\" itemprop=\"startDate\" content=\"2026-05-12T00:00:59+02:00\">12\/05\/2026<\/span> - <span class=\"simcal-event-start simcal-event-end-date\" data-event-start=\"1778709541\" data-event-format=\"d\/m\/Y\" itemprop=\"endDate\" content=\"2026-05-13T23:59:01+02:00\">13\/05\/2026<\/span>&nbsp;@&nbsp;<br \/>\n <span class=\"simcal-event-address simcal-event-start-location\" itemprop=\"location\" itemscope itemtype=\"http:\/\/schema.org\/Place\"><meta itemprop=\"name\" content=\"2n batx ex\u00e0mens 3av\" \/><meta itemprop=\"address\" content=\"2n batx ex\u00e0mens 3av\" \/><\/span><\/p>\n<div><\/div>\n<p> <a href=\"https:\/\/www.google.com\/calendar\/event?eid=NWdsc3RiM2o1ODVxaGdscHU1OTR1MTQ4a3NfMjAyNjA1MTQgY3J1c2Fmb250LmNhdF80ZWtsbnVocmsxdHAzYTgwZTNyZmM1cHVuMEBn&#038;ctz=Europe\/Madrid\" target=\"_blank\" >M\u00e9s detalls<\/a><\/p><\/div>\n\t<\/li>\n<\/ul>\n\n\t\t<span class=\"simcal-events-dots\" style=\"display: none;\"><b style=\"color: #000;\"> &bull; <\/b><b style=\"color: #000;\"> &bull; <\/b><\/span>\n\t<\/div>\n<\/td>\n<td class=\"simcal-day-13 simcal-weekday-3 simcal-future simcal-day simcal-day-has-events simcal-day-has-3-events simcal-events-calendar-661 simcal-events-calendar-723 simcal-events-calendar-718\" data-events-count=\"3\">\n\t<div>\n\t\t<span class=\"simcal-day-label simcal-day-number\" style=\"background-color: #0988A9; color: #ffffff\">13<\/span>\n\t\t<ul class=\"simcal-events\">\t<li class=\"simcal-event simcal-events-calendar-661 simcal-tooltip\" itemscope itemtype=\"http:\/\/schema.org\/Event\">\n\t\t<span class=\"simcal-event-title\">4t ESO Av expressi\u00f3 oral castell\u00e0 i catal\u00e0<\/span>\n\t\t<div class=\"simcal-event-details simcal-tooltip-content\" style=\"display: none;\"><p><strong><span class=\"simcal-event-title\" itemprop=\"name\">4t ESO Av expressi\u00f3 oral castell\u00e0 i catal\u00e0<\/span><\/strong><\/p>\n<p><span class=\"simcal-event-start simcal-event-start-date\" data-event-start=\"1777932059\" data-event-format=\"d\/m\/Y\" itemprop=\"startDate\" content=\"2026-05-05T00:00:59+02:00\">05\/05\/2026<\/span> - <span class=\"simcal-event-start simcal-event-end-date\" data-event-start=\"1779314341\" data-event-format=\"d\/m\/Y\" itemprop=\"endDate\" content=\"2026-05-20T23:59:01+02:00\">20\/05\/2026<\/span>&nbsp;@&nbsp;<br \/>\n <span class=\"simcal-event-address simcal-event-start-location\" itemprop=\"location\" itemscope itemtype=\"http:\/\/schema.org\/Place\"><meta itemprop=\"name\" content=\"4t ESO Av expressi\u00f3 oral castell\u00e0 i catal\u00e0\" \/><meta itemprop=\"address\" content=\"4t ESO Av expressi\u00f3 oral castell\u00e0 i catal\u00e0\" \/><\/span><\/p>\n<div><\/div>\n<p> <a href=\"https:\/\/www.google.com\/calendar\/event?eid=MmdscDFtZ2xiNGlrYzJmbmhjYTAyNWZrOTMgY3J1c2Fmb250LmNhdF9oZnU1MDJraWVybmFnODg4Zjgzbmc3dm02c0Bn&#038;ctz=Europe\/Madrid\" target=\"_blank\" >M\u00e9s detalls<\/a><\/p><\/div>\n\t<\/li>\n\t<li class=\"simcal-event simcal-event-recurring simcal-events-calendar-723 simcal-tooltip\" itemscope itemtype=\"http:\/\/schema.org\/Event\">\n\t\t<span class=\"simcal-event-title\">2n batx ex\u00e0mens 3av<\/span>\n\t\t<div class=\"simcal-event-details simcal-tooltip-content\" style=\"display: none;\"><p><strong><span class=\"simcal-event-title\" itemprop=\"name\">2n batx ex\u00e0mens 3av<\/span><\/strong><\/p>\n<p><span class=\"simcal-event-start simcal-event-start-date\" data-event-start=\"1778536859\" data-event-format=\"d\/m\/Y\" itemprop=\"startDate\" content=\"2026-05-12T00:00:59+02:00\">12\/05\/2026<\/span> - <span class=\"simcal-event-start simcal-event-end-date\" data-event-start=\"1778709541\" data-event-format=\"d\/m\/Y\" itemprop=\"endDate\" content=\"2026-05-13T23:59:01+02:00\">13\/05\/2026<\/span>&nbsp;@&nbsp;<br \/>\n <span class=\"simcal-event-address simcal-event-start-location\" itemprop=\"location\" itemscope itemtype=\"http:\/\/schema.org\/Place\"><meta itemprop=\"name\" content=\"2n batx ex\u00e0mens 3av\" \/><meta itemprop=\"address\" content=\"2n batx ex\u00e0mens 3av\" \/><\/span><\/p>\n<div><\/div>\n<p> <a href=\"https:\/\/www.google.com\/calendar\/event?eid=NWdsc3RiM2o1ODVxaGdscHU1OTR1MTQ4a3NfMjAyNjA1MTQgY3J1c2Fmb250LmNhdF80ZWtsbnVocmsxdHAzYTgwZTNyZmM1cHVuMEBn&#038;ctz=Europe\/Madrid\" target=\"_blank\" >M\u00e9s detalls<\/a><\/p><\/div>\n\t<\/li>\n\t<li class=\"simcal-event simcal-events-calendar-718 simcal-tooltip\" itemscope itemtype=\"http:\/\/schema.org\/Event\">\n\t\t<span class=\"simcal-event-title\">1r batx sortida EF (activitat de 9 a 11h)<\/span>\n\t\t<div class=\"simcal-event-details simcal-tooltip-content\" style=\"display: none;\"><p><strong><span class=\"simcal-event-title\" itemprop=\"name\">1r batx sortida EF (activitat de 9 a 11h)<\/span><\/strong><\/p>\n<p><span class=\"simcal-event-start simcal-event-start-date\" data-event-start=\"1778653800\" data-event-format=\"d\/m\/Y\" itemprop=\"startDate\" content=\"2026-05-13T08:30:00+02:00\">13\/05\/2026<\/span>&nbsp;@&nbsp;<span class=\"simcal-event-start simcal-event-start-time\" data-event-start=\"1778653800\" data-event-format=\"G:i\" itemprop=\"startDate\" content=\"2026-05-13T08:30:00+02:00\">8:30<\/span> - <span class=\"simcal-event-end simcal-event-end-time\" data-event-end=\"1778666400\" data-event-format=\"G:i\" itemprop=\"endDate\" content=\"2026-05-13T12:00:00+02:00\">12:00<\/span><br \/>\n <span class=\"simcal-event-address simcal-event-start-location\" itemprop=\"location\" itemscope itemtype=\"http:\/\/schema.org\/Place\"><meta itemprop=\"name\" content=\"1r batx sortida EF (activitat de 9 a 11h)\" \/><meta itemprop=\"address\" content=\"1r batx sortida EF (activitat de 9 a 11h)\" \/><\/span><\/p>\n<div><\/div>\n<p> <a href=\"https:\/\/www.google.com\/calendar\/event?eid=NDl0NjdqczYzMGlsMXY1OGdkYjF2cWJ1OG8gY3J1c2Fmb250LmNhdF9qMmV0OTluY2tkaXY0amN0cDRjaTFkMnZvOEBn&#038;ctz=Europe\/Madrid\" target=\"_blank\" >M\u00e9s detalls<\/a><\/p><\/div>\n\t<\/li>\n<\/ul>\n\n\t\t<span class=\"simcal-events-dots\" style=\"display: none;\"><b style=\"color: #000;\"> &bull; <\/b><b style=\"color: #000;\"> &bull; <\/b><b style=\"color: #000;\"> &bull; <\/b><\/span>\n\t<\/div>\n<\/td>\n<td class=\"simcal-day-14 simcal-weekday-4 simcal-future simcal-day simcal-day-has-events simcal-day-has-2-events simcal-events-calendar-661 simcal-events-calendar-723\" data-events-count=\"2\">\n\t<div>\n\t\t<span class=\"simcal-day-label simcal-day-number\" style=\"background-color: #0988A9; color: #ffffff\">14<\/span>\n\t\t<ul class=\"simcal-events\">\t<li class=\"simcal-event simcal-events-calendar-661 simcal-tooltip\" itemscope itemtype=\"http:\/\/schema.org\/Event\">\n\t\t<span class=\"simcal-event-title\">4t ESO Av expressi\u00f3 oral castell\u00e0 i catal\u00e0<\/span>\n\t\t<div class=\"simcal-event-details simcal-tooltip-content\" style=\"display: none;\"><p><strong><span class=\"simcal-event-title\" itemprop=\"name\">4t ESO Av expressi\u00f3 oral castell\u00e0 i catal\u00e0<\/span><\/strong><\/p>\n<p><span class=\"simcal-event-start simcal-event-start-date\" data-event-start=\"1777932059\" data-event-format=\"d\/m\/Y\" itemprop=\"startDate\" content=\"2026-05-05T00:00:59+02:00\">05\/05\/2026<\/span> - <span class=\"simcal-event-start simcal-event-end-date\" data-event-start=\"1779314341\" data-event-format=\"d\/m\/Y\" itemprop=\"endDate\" content=\"2026-05-20T23:59:01+02:00\">20\/05\/2026<\/span>&nbsp;@&nbsp;<br \/>\n <span class=\"simcal-event-address simcal-event-start-location\" itemprop=\"location\" itemscope itemtype=\"http:\/\/schema.org\/Place\"><meta itemprop=\"name\" content=\"4t ESO Av expressi\u00f3 oral castell\u00e0 i catal\u00e0\" \/><meta itemprop=\"address\" content=\"4t ESO Av expressi\u00f3 oral castell\u00e0 i catal\u00e0\" \/><\/span><\/p>\n<div><\/div>\n<p> <a href=\"https:\/\/www.google.com\/calendar\/event?eid=MmdscDFtZ2xiNGlrYzJmbmhjYTAyNWZrOTMgY3J1c2Fmb250LmNhdF9oZnU1MDJraWVybmFnODg4Zjgzbmc3dm02c0Bn&#038;ctz=Europe\/Madrid\" target=\"_blank\" >M\u00e9s detalls<\/a><\/p><\/div>\n\t<\/li>\n\t<li class=\"simcal-event simcal-events-calendar-723 simcal-tooltip\" itemscope itemtype=\"http:\/\/schema.org\/Event\">\n\t\t<span class=\"simcal-event-title\">2n batx termini m\u00e0xim notificar notes 3av a l&#039;alumnat<\/span>\n\t\t<div class=\"simcal-event-details simcal-tooltip-content\" style=\"display: none;\"><p><strong><span class=\"simcal-event-title\" itemprop=\"name\">2n batx termini m\u00e0xim notificar notes 3av a l&#039;alumnat<\/span><\/strong><\/p>\n<p><span class=\"simcal-event-start simcal-event-start-date\" data-event-start=\"1778709659\" data-event-format=\"d\/m\/Y\" itemprop=\"startDate\" content=\"2026-05-14T00:00:59+02:00\">14\/05\/2026<\/span><br \/>\n <span class=\"simcal-event-address simcal-event-start-location\" itemprop=\"location\" itemscope itemtype=\"http:\/\/schema.org\/Place\"><meta itemprop=\"name\" content=\"2n batx termini m\u00e0xim notificar notes 3av a l&#039;alumnat\" \/><meta itemprop=\"address\" content=\"2n batx termini m\u00e0xim notificar notes 3av a l&#039;alumnat\" \/><\/span><\/p>\n<div><\/div>\n<p> <a href=\"https:\/\/www.google.com\/calendar\/event?eid=MmNycjBxbWFiNTJmZDUxYXJsbGZxczRkNDkgY3J1c2Fmb250LmNhdF80ZWtsbnVocmsxdHAzYTgwZTNyZmM1cHVuMEBn&#038;ctz=Europe\/Madrid\" target=\"_blank\" >M\u00e9s detalls<\/a><\/p><\/div>\n\t<\/li>\n<\/ul>\n\n\t\t<span class=\"simcal-events-dots\" style=\"display: none;\"><b style=\"color: #000;\"> &bull; <\/b><b style=\"color: #000;\"> &bull; <\/b><\/span>\n\t<\/div>\n<\/td>\n<td class=\"simcal-day-15 simcal-weekday-5 simcal-future simcal-day simcal-day-has-events simcal-day-has-2-events simcal-events-calendar-661 simcal-events-calendar-723\" data-events-count=\"2\">\n\t<div>\n\t\t<span class=\"simcal-day-label simcal-day-number\" style=\"background-color: #0988A9; color: #ffffff\">15<\/span>\n\t\t<ul class=\"simcal-events\">\t<li class=\"simcal-event simcal-events-calendar-661 simcal-tooltip\" itemscope itemtype=\"http:\/\/schema.org\/Event\">\n\t\t<span class=\"simcal-event-title\">4t ESO Av expressi\u00f3 oral castell\u00e0 i catal\u00e0<\/span>\n\t\t<div class=\"simcal-event-details simcal-tooltip-content\" style=\"display: none;\"><p><strong><span class=\"simcal-event-title\" itemprop=\"name\">4t ESO Av expressi\u00f3 oral castell\u00e0 i catal\u00e0<\/span><\/strong><\/p>\n<p><span class=\"simcal-event-start simcal-event-start-date\" data-event-start=\"1777932059\" data-event-format=\"d\/m\/Y\" itemprop=\"startDate\" content=\"2026-05-05T00:00:59+02:00\">05\/05\/2026<\/span> - <span class=\"simcal-event-start simcal-event-end-date\" data-event-start=\"1779314341\" data-event-format=\"d\/m\/Y\" itemprop=\"endDate\" content=\"2026-05-20T23:59:01+02:00\">20\/05\/2026<\/span>&nbsp;@&nbsp;<br \/>\n <span class=\"simcal-event-address simcal-event-start-location\" itemprop=\"location\" itemscope itemtype=\"http:\/\/schema.org\/Place\"><meta itemprop=\"name\" content=\"4t ESO Av expressi\u00f3 oral castell\u00e0 i catal\u00e0\" \/><meta itemprop=\"address\" content=\"4t ESO Av expressi\u00f3 oral castell\u00e0 i catal\u00e0\" \/><\/span><\/p>\n<div><\/div>\n<p> <a href=\"https:\/\/www.google.com\/calendar\/event?eid=MmdscDFtZ2xiNGlrYzJmbmhjYTAyNWZrOTMgY3J1c2Fmb250LmNhdF9oZnU1MDJraWVybmFnODg4Zjgzbmc3dm02c0Bn&#038;ctz=Europe\/Madrid\" target=\"_blank\" >M\u00e9s detalls<\/a><\/p><\/div>\n\t<\/li>\n\t<li class=\"simcal-event simcal-events-calendar-723 simcal-tooltip\" itemscope itemtype=\"http:\/\/schema.org\/Event\">\n\t\t<span class=\"simcal-event-title\">2n batx ex\u00e0mens recup 3av i mat\u00e8ries pendents 1r batx<\/span>\n\t\t<div class=\"simcal-event-details simcal-tooltip-content\" style=\"display: none;\"><p><strong><span class=\"simcal-event-title\" itemprop=\"name\">2n batx ex\u00e0mens recup 3av i mat\u00e8ries pendents 1r batx<\/span><\/strong><\/p>\n<p><span class=\"simcal-event-start simcal-event-start-date\" data-event-start=\"1778796059\" data-event-format=\"d\/m\/Y\" itemprop=\"startDate\" content=\"2026-05-15T00:00:59+02:00\">15\/05\/2026<\/span><br \/>\n <span class=\"simcal-event-address simcal-event-start-location\" itemprop=\"location\" itemscope itemtype=\"http:\/\/schema.org\/Place\"><meta itemprop=\"name\" content=\"2n batx ex\u00e0mens recup 3av i mat\u00e8ries pendents 1r batx\" \/><meta itemprop=\"address\" content=\"2n batx ex\u00e0mens recup 3av i mat\u00e8ries pendents 1r batx\" \/><\/span><\/p>\n<div><\/div>\n<p> <a href=\"https:\/\/www.google.com\/calendar\/event?eid=M2htZzd2dDJwdGQ2am40ZG0zMWFndGFmNXYgY3J1c2Fmb250LmNhdF80ZWtsbnVocmsxdHAzYTgwZTNyZmM1cHVuMEBn&#038;ctz=Europe\/Madrid\" target=\"_blank\" >M\u00e9s detalls<\/a><\/p><\/div>\n\t<\/li>\n<\/ul>\n\n\t\t<span class=\"simcal-events-dots\" style=\"display: none;\"><b style=\"color: #000;\"> &bull; <\/b><b style=\"color: #000;\"> &bull; <\/b><\/span>\n\t<\/div>\n<\/td>\n<td class=\"simcal-day-16 simcal-weekday-6 simcal-future simcal-day simcal-day-has-events simcal-day-has-1-events simcal-events-calendar-661\" data-events-count=\"1\">\n\t<div>\n\t\t<span class=\"simcal-day-label simcal-day-number\" style=\"background-color: #0988A9; color: #ffffff\">16<\/span>\n\t\t<ul class=\"simcal-events\">\t<li class=\"simcal-event simcal-events-calendar-661 simcal-tooltip\" itemscope itemtype=\"http:\/\/schema.org\/Event\">\n\t\t<span class=\"simcal-event-title\">4t ESO Av expressi\u00f3 oral castell\u00e0 i catal\u00e0<\/span>\n\t\t<div class=\"simcal-event-details simcal-tooltip-content\" style=\"display: none;\"><p><strong><span class=\"simcal-event-title\" itemprop=\"name\">4t ESO Av expressi\u00f3 oral castell\u00e0 i catal\u00e0<\/span><\/strong><\/p>\n<p><span class=\"simcal-event-start simcal-event-start-date\" data-event-start=\"1777932059\" data-event-format=\"d\/m\/Y\" itemprop=\"startDate\" content=\"2026-05-05T00:00:59+02:00\">05\/05\/2026<\/span> - <span class=\"simcal-event-start simcal-event-end-date\" data-event-start=\"1779314341\" data-event-format=\"d\/m\/Y\" itemprop=\"endDate\" content=\"2026-05-20T23:59:01+02:00\">20\/05\/2026<\/span>&nbsp;@&nbsp;<br \/>\n <span class=\"simcal-event-address simcal-event-start-location\" itemprop=\"location\" itemscope itemtype=\"http:\/\/schema.org\/Place\"><meta itemprop=\"name\" content=\"4t ESO Av expressi\u00f3 oral castell\u00e0 i catal\u00e0\" \/><meta itemprop=\"address\" content=\"4t ESO Av expressi\u00f3 oral castell\u00e0 i catal\u00e0\" \/><\/span><\/p>\n<div><\/div>\n<p> <a href=\"https:\/\/www.google.com\/calendar\/event?eid=MmdscDFtZ2xiNGlrYzJmbmhjYTAyNWZrOTMgY3J1c2Fmb250LmNhdF9oZnU1MDJraWVybmFnODg4Zjgzbmc3dm02c0Bn&#038;ctz=Europe\/Madrid\" target=\"_blank\" >M\u00e9s detalls<\/a><\/p><\/div>\n\t<\/li>\n<\/ul>\n\n\t\t<span class=\"simcal-events-dots\" style=\"display: none;\"><b style=\"color: #000;\"> &bull; <\/b><\/span>\n\t<\/div>\n<\/td>\n<td class=\"simcal-day-17 simcal-weekday-0 simcal-future simcal-day simcal-day-has-events simcal-day-has-1-events simcal-events-calendar-661\" data-events-count=\"1\">\n\t<div>\n\t\t<span class=\"simcal-day-label simcal-day-number\" style=\"background-color: #0988A9; color: #ffffff\">17<\/span>\n\t\t<ul class=\"simcal-events\">\t<li class=\"simcal-event simcal-events-calendar-661 simcal-tooltip\" itemscope itemtype=\"http:\/\/schema.org\/Event\">\n\t\t<span class=\"simcal-event-title\">4t ESO Av expressi\u00f3 oral castell\u00e0 i catal\u00e0<\/span>\n\t\t<div class=\"simcal-event-details simcal-tooltip-content\" style=\"display: none;\"><p><strong><span class=\"simcal-event-title\" itemprop=\"name\">4t ESO Av expressi\u00f3 oral castell\u00e0 i catal\u00e0<\/span><\/strong><\/p>\n<p><span class=\"simcal-event-start simcal-event-start-date\" data-event-start=\"1777932059\" data-event-format=\"d\/m\/Y\" itemprop=\"startDate\" content=\"2026-05-05T00:00:59+02:00\">05\/05\/2026<\/span> - <span class=\"simcal-event-start simcal-event-end-date\" data-event-start=\"1779314341\" data-event-format=\"d\/m\/Y\" itemprop=\"endDate\" content=\"2026-05-20T23:59:01+02:00\">20\/05\/2026<\/span>&nbsp;@&nbsp;<br \/>\n <span class=\"simcal-event-address simcal-event-start-location\" itemprop=\"location\" itemscope itemtype=\"http:\/\/schema.org\/Place\"><meta itemprop=\"name\" content=\"4t ESO Av expressi\u00f3 oral castell\u00e0 i catal\u00e0\" \/><meta itemprop=\"address\" content=\"4t ESO Av expressi\u00f3 oral castell\u00e0 i catal\u00e0\" \/><\/span><\/p>\n<div><\/div>\n<p> <a href=\"https:\/\/www.google.com\/calendar\/event?eid=MmdscDFtZ2xiNGlrYzJmbmhjYTAyNWZrOTMgY3J1c2Fmb250LmNhdF9oZnU1MDJraWVybmFnODg4Zjgzbmc3dm02c0Bn&#038;ctz=Europe\/Madrid\" target=\"_blank\" >M\u00e9s detalls<\/a><\/p><\/div>\n\t<\/li>\n<\/ul>\n\n\t\t<span class=\"simcal-events-dots\" style=\"display: none;\"><b style=\"color: #000;\"> &bull; <\/b><\/span>\n\t<\/div>\n<\/td>\n<\/tr><tr class=\"simcal-week simcal-week-20\">\n<td class=\"simcal-day-18 simcal-weekday-1 simcal-future simcal-day simcal-day-has-events simcal-day-has-3-events simcal-events-calendar-661 simcal-events-calendar-723\" data-events-count=\"3\">\n\t<div>\n\t\t<span class=\"simcal-day-label simcal-day-number\" style=\"background-color: #0988A9; color: #ffffff\">18<\/span>\n\t\t<ul class=\"simcal-events\">\t<li class=\"simcal-event simcal-events-calendar-661 simcal-tooltip\" itemscope itemtype=\"http:\/\/schema.org\/Event\">\n\t\t<span class=\"simcal-event-title\">4t ESO Av expressi\u00f3 oral castell\u00e0 i catal\u00e0<\/span>\n\t\t<div class=\"simcal-event-details simcal-tooltip-content\" style=\"display: none;\"><p><strong><span class=\"simcal-event-title\" itemprop=\"name\">4t ESO Av expressi\u00f3 oral castell\u00e0 i catal\u00e0<\/span><\/strong><\/p>\n<p><span class=\"simcal-event-start simcal-event-start-date\" data-event-start=\"1777932059\" data-event-format=\"d\/m\/Y\" itemprop=\"startDate\" content=\"2026-05-05T00:00:59+02:00\">05\/05\/2026<\/span> - <span class=\"simcal-event-start simcal-event-end-date\" data-event-start=\"1779314341\" data-event-format=\"d\/m\/Y\" itemprop=\"endDate\" content=\"2026-05-20T23:59:01+02:00\">20\/05\/2026<\/span>&nbsp;@&nbsp;<br \/>\n <span class=\"simcal-event-address simcal-event-start-location\" itemprop=\"location\" itemscope itemtype=\"http:\/\/schema.org\/Place\"><meta itemprop=\"name\" content=\"4t ESO Av expressi\u00f3 oral castell\u00e0 i catal\u00e0\" \/><meta itemprop=\"address\" content=\"4t ESO Av expressi\u00f3 oral castell\u00e0 i catal\u00e0\" \/><\/span><\/p>\n<div><\/div>\n<p> <a href=\"https:\/\/www.google.com\/calendar\/event?eid=MmdscDFtZ2xiNGlrYzJmbmhjYTAyNWZrOTMgY3J1c2Fmb250LmNhdF9oZnU1MDJraWVybmFnODg4Zjgzbmc3dm02c0Bn&#038;ctz=Europe\/Madrid\" target=\"_blank\" >M\u00e9s detalls<\/a><\/p><\/div>\n\t<\/li>\n\t<li class=\"simcal-event simcal-events-calendar-723 simcal-tooltip\" itemscope itemtype=\"http:\/\/schema.org\/Event\">\n\t\t<span class=\"simcal-event-title\">2n batx recup 3av i mat\u00e8ries pendents 1r batx<\/span>\n\t\t<div class=\"simcal-event-details simcal-tooltip-content\" style=\"display: none;\"><p><strong><span class=\"simcal-event-title\" itemprop=\"name\">2n batx recup 3av i mat\u00e8ries pendents 1r batx<\/span><\/strong><\/p>\n<p><span class=\"simcal-event-start simcal-event-start-date\" data-event-start=\"1779055259\" data-event-format=\"d\/m\/Y\" itemprop=\"startDate\" content=\"2026-05-18T00:00:59+02:00\">18\/05\/2026<\/span> - <span class=\"simcal-event-start simcal-event-end-date\" data-event-start=\"1779314341\" data-event-format=\"d\/m\/Y\" itemprop=\"endDate\" content=\"2026-05-20T23:59:01+02:00\">20\/05\/2026<\/span>&nbsp;@&nbsp;<br \/>\n <span class=\"simcal-event-address simcal-event-start-location\" itemprop=\"location\" itemscope itemtype=\"http:\/\/schema.org\/Place\"><meta itemprop=\"name\" content=\"2n batx recup 3av i mat\u00e8ries pendents 1r batx\" \/><meta itemprop=\"address\" content=\"2n batx recup 3av i mat\u00e8ries pendents 1r batx\" \/><\/span><\/p>\n<div><\/div>\n<p> <a href=\"https:\/\/www.google.com\/calendar\/event?eid=NHAxMWVsN2ZrMmxhZmpoNTg0dTBzM3YzdTYgY3J1c2Fmb250LmNhdF80ZWtsbnVocmsxdHAzYTgwZTNyZmM1cHVuMEBn&#038;ctz=Europe\/Madrid\" target=\"_blank\" >M\u00e9s detalls<\/a><\/p><\/div>\n\t<\/li>\n\t<li class=\"simcal-event simcal-events-calendar-661 simcal-tooltip\" itemscope itemtype=\"http:\/\/schema.org\/Event\">\n\t\t<span class=\"simcal-event-title\">Col\u00f2nies 1r i 2n ESO<\/span>\n\t\t<div class=\"simcal-event-details simcal-tooltip-content\" style=\"display: none;\"><p><strong><span class=\"simcal-event-title\" itemprop=\"name\">Col\u00f2nies 1r i 2n ESO<\/span><\/strong><\/p>\n<p><span class=\"simcal-event-start simcal-event-start-date\" data-event-start=\"1779055259\" data-event-format=\"d\/m\/Y\" itemprop=\"startDate\" content=\"2026-05-18T00:00:59+02:00\">18\/05\/2026<\/span> - <span class=\"simcal-event-start simcal-event-end-date\" data-event-start=\"1779314341\" data-event-format=\"d\/m\/Y\" itemprop=\"endDate\" content=\"2026-05-20T23:59:01+02:00\">20\/05\/2026<\/span>&nbsp;@&nbsp;<br \/>\n <span class=\"simcal-event-address simcal-event-start-location\" itemprop=\"location\" itemscope itemtype=\"http:\/\/schema.org\/Place\"><meta itemprop=\"name\" content=\"Col\u00f2nies 1r i 2n ESO\" \/><meta itemprop=\"address\" content=\"Col\u00f2nies 1r i 2n ESO\" \/><\/span><\/p>\n<div><\/div>\n<p> <a href=\"https:\/\/www.google.com\/calendar\/event?eid=MnIwazRycGtmc2hhbTM0aTZ1aWl1dDg0bmsgY3J1c2Fmb250LmNhdF9oZnU1MDJraWVybmFnODg4Zjgzbmc3dm02c0Bn&#038;ctz=Europe\/Madrid\" target=\"_blank\" >M\u00e9s detalls<\/a><\/p><\/div>\n\t<\/li>\n<\/ul>\n\n\t\t<span class=\"simcal-events-dots\" style=\"display: none;\"><b style=\"color: #000;\"> &bull; <\/b><b style=\"color: #000;\"> &bull; <\/b><b style=\"color: #000;\"> &bull; <\/b><\/span>\n\t<\/div>\n<\/td>\n<td class=\"simcal-day-19 simcal-weekday-2 simcal-future simcal-day simcal-day-has-events simcal-day-has-3-events simcal-events-calendar-661 simcal-events-calendar-723\" data-events-count=\"3\">\n\t<div>\n\t\t<span class=\"simcal-day-label simcal-day-number\" style=\"background-color: #0988A9; color: #ffffff\">19<\/span>\n\t\t<ul class=\"simcal-events\">\t<li class=\"simcal-event simcal-events-calendar-661 simcal-tooltip\" itemscope itemtype=\"http:\/\/schema.org\/Event\">\n\t\t<span class=\"simcal-event-title\">4t ESO Av expressi\u00f3 oral castell\u00e0 i catal\u00e0<\/span>\n\t\t<div class=\"simcal-event-details simcal-tooltip-content\" style=\"display: none;\"><p><strong><span class=\"simcal-event-title\" itemprop=\"name\">4t ESO Av expressi\u00f3 oral castell\u00e0 i catal\u00e0<\/span><\/strong><\/p>\n<p><span class=\"simcal-event-start simcal-event-start-date\" data-event-start=\"1777932059\" data-event-format=\"d\/m\/Y\" itemprop=\"startDate\" content=\"2026-05-05T00:00:59+02:00\">05\/05\/2026<\/span> - <span class=\"simcal-event-start simcal-event-end-date\" data-event-start=\"1779314341\" data-event-format=\"d\/m\/Y\" itemprop=\"endDate\" content=\"2026-05-20T23:59:01+02:00\">20\/05\/2026<\/span>&nbsp;@&nbsp;<br \/>\n <span class=\"simcal-event-address simcal-event-start-location\" itemprop=\"location\" itemscope itemtype=\"http:\/\/schema.org\/Place\"><meta itemprop=\"name\" content=\"4t ESO Av expressi\u00f3 oral castell\u00e0 i catal\u00e0\" \/><meta itemprop=\"address\" content=\"4t ESO Av expressi\u00f3 oral castell\u00e0 i catal\u00e0\" \/><\/span><\/p>\n<div><\/div>\n<p> <a href=\"https:\/\/www.google.com\/calendar\/event?eid=MmdscDFtZ2xiNGlrYzJmbmhjYTAyNWZrOTMgY3J1c2Fmb250LmNhdF9oZnU1MDJraWVybmFnODg4Zjgzbmc3dm02c0Bn&#038;ctz=Europe\/Madrid\" target=\"_blank\" >M\u00e9s detalls<\/a><\/p><\/div>\n\t<\/li>\n\t<li class=\"simcal-event simcal-events-calendar-723 simcal-tooltip\" itemscope itemtype=\"http:\/\/schema.org\/Event\">\n\t\t<span class=\"simcal-event-title\">2n batx recup 3av i mat\u00e8ries pendents 1r batx<\/span>\n\t\t<div class=\"simcal-event-details simcal-tooltip-content\" style=\"display: none;\"><p><strong><span class=\"simcal-event-title\" itemprop=\"name\">2n batx recup 3av i mat\u00e8ries pendents 1r batx<\/span><\/strong><\/p>\n<p><span class=\"simcal-event-start simcal-event-start-date\" data-event-start=\"1779055259\" data-event-format=\"d\/m\/Y\" itemprop=\"startDate\" content=\"2026-05-18T00:00:59+02:00\">18\/05\/2026<\/span> - <span class=\"simcal-event-start simcal-event-end-date\" data-event-start=\"1779314341\" data-event-format=\"d\/m\/Y\" itemprop=\"endDate\" content=\"2026-05-20T23:59:01+02:00\">20\/05\/2026<\/span>&nbsp;@&nbsp;<br \/>\n <span class=\"simcal-event-address simcal-event-start-location\" itemprop=\"location\" itemscope itemtype=\"http:\/\/schema.org\/Place\"><meta itemprop=\"name\" content=\"2n batx recup 3av i mat\u00e8ries pendents 1r batx\" \/><meta itemprop=\"address\" content=\"2n batx recup 3av i mat\u00e8ries pendents 1r batx\" \/><\/span><\/p>\n<div><\/div>\n<p> <a href=\"https:\/\/www.google.com\/calendar\/event?eid=NHAxMWVsN2ZrMmxhZmpoNTg0dTBzM3YzdTYgY3J1c2Fmb250LmNhdF80ZWtsbnVocmsxdHAzYTgwZTNyZmM1cHVuMEBn&#038;ctz=Europe\/Madrid\" target=\"_blank\" >M\u00e9s detalls<\/a><\/p><\/div>\n\t<\/li>\n\t<li class=\"simcal-event simcal-events-calendar-661 simcal-tooltip\" itemscope itemtype=\"http:\/\/schema.org\/Event\">\n\t\t<span class=\"simcal-event-title\">Col\u00f2nies 1r i 2n ESO<\/span>\n\t\t<div class=\"simcal-event-details simcal-tooltip-content\" style=\"display: none;\"><p><strong><span class=\"simcal-event-title\" itemprop=\"name\">Col\u00f2nies 1r i 2n ESO<\/span><\/strong><\/p>\n<p><span class=\"simcal-event-start simcal-event-start-date\" data-event-start=\"1779055259\" data-event-format=\"d\/m\/Y\" itemprop=\"startDate\" content=\"2026-05-18T00:00:59+02:00\">18\/05\/2026<\/span> - <span class=\"simcal-event-start simcal-event-end-date\" data-event-start=\"1779314341\" data-event-format=\"d\/m\/Y\" itemprop=\"endDate\" content=\"2026-05-20T23:59:01+02:00\">20\/05\/2026<\/span>&nbsp;@&nbsp;<br \/>\n <span class=\"simcal-event-address simcal-event-start-location\" itemprop=\"location\" itemscope itemtype=\"http:\/\/schema.org\/Place\"><meta itemprop=\"name\" content=\"Col\u00f2nies 1r i 2n ESO\" \/><meta itemprop=\"address\" content=\"Col\u00f2nies 1r i 2n ESO\" \/><\/span><\/p>\n<div><\/div>\n<p> <a href=\"https:\/\/www.google.com\/calendar\/event?eid=MnIwazRycGtmc2hhbTM0aTZ1aWl1dDg0bmsgY3J1c2Fmb250LmNhdF9oZnU1MDJraWVybmFnODg4Zjgzbmc3dm02c0Bn&#038;ctz=Europe\/Madrid\" target=\"_blank\" >M\u00e9s detalls<\/a><\/p><\/div>\n\t<\/li>\n<\/ul>\n\n\t\t<span class=\"simcal-events-dots\" style=\"display: none;\"><b style=\"color: #000;\"> &bull; <\/b><b style=\"color: #000;\"> &bull; <\/b><b style=\"color: #000;\"> &bull; <\/b><\/span>\n\t<\/div>\n<\/td>\n<td class=\"simcal-day-20 simcal-weekday-3 simcal-future simcal-day simcal-day-has-events simcal-day-has-3-events simcal-events-calendar-661 simcal-events-calendar-723\" data-events-count=\"3\">\n\t<div>\n\t\t<span class=\"simcal-day-label simcal-day-number\" style=\"background-color: #0988A9; color: #ffffff\">20<\/span>\n\t\t<ul class=\"simcal-events\">\t<li class=\"simcal-event simcal-events-calendar-661 simcal-tooltip\" itemscope itemtype=\"http:\/\/schema.org\/Event\">\n\t\t<span class=\"simcal-event-title\">4t ESO Av expressi\u00f3 oral castell\u00e0 i catal\u00e0<\/span>\n\t\t<div class=\"simcal-event-details simcal-tooltip-content\" style=\"display: none;\"><p><strong><span class=\"simcal-event-title\" itemprop=\"name\">4t ESO Av expressi\u00f3 oral castell\u00e0 i catal\u00e0<\/span><\/strong><\/p>\n<p><span class=\"simcal-event-start simcal-event-start-date\" data-event-start=\"1777932059\" data-event-format=\"d\/m\/Y\" itemprop=\"startDate\" content=\"2026-05-05T00:00:59+02:00\">05\/05\/2026<\/span> - <span class=\"simcal-event-start simcal-event-end-date\" data-event-start=\"1779314341\" data-event-format=\"d\/m\/Y\" itemprop=\"endDate\" content=\"2026-05-20T23:59:01+02:00\">20\/05\/2026<\/span>&nbsp;@&nbsp;<br \/>\n <span class=\"simcal-event-address simcal-event-start-location\" itemprop=\"location\" itemscope itemtype=\"http:\/\/schema.org\/Place\"><meta itemprop=\"name\" content=\"4t ESO Av expressi\u00f3 oral castell\u00e0 i catal\u00e0\" \/><meta itemprop=\"address\" content=\"4t ESO Av expressi\u00f3 oral castell\u00e0 i catal\u00e0\" \/><\/span><\/p>\n<div><\/div>\n<p> <a href=\"https:\/\/www.google.com\/calendar\/event?eid=MmdscDFtZ2xiNGlrYzJmbmhjYTAyNWZrOTMgY3J1c2Fmb250LmNhdF9oZnU1MDJraWVybmFnODg4Zjgzbmc3dm02c0Bn&#038;ctz=Europe\/Madrid\" target=\"_blank\" >M\u00e9s detalls<\/a><\/p><\/div>\n\t<\/li>\n\t<li class=\"simcal-event simcal-events-calendar-723 simcal-tooltip\" itemscope itemtype=\"http:\/\/schema.org\/Event\">\n\t\t<span class=\"simcal-event-title\">2n batx recup 3av i mat\u00e8ries pendents 1r batx<\/span>\n\t\t<div class=\"simcal-event-details simcal-tooltip-content\" style=\"display: none;\"><p><strong><span class=\"simcal-event-title\" itemprop=\"name\">2n batx recup 3av i mat\u00e8ries pendents 1r batx<\/span><\/strong><\/p>\n<p><span class=\"simcal-event-start simcal-event-start-date\" data-event-start=\"1779055259\" data-event-format=\"d\/m\/Y\" itemprop=\"startDate\" content=\"2026-05-18T00:00:59+02:00\">18\/05\/2026<\/span> - <span class=\"simcal-event-start simcal-event-end-date\" data-event-start=\"1779314341\" data-event-format=\"d\/m\/Y\" itemprop=\"endDate\" content=\"2026-05-20T23:59:01+02:00\">20\/05\/2026<\/span>&nbsp;@&nbsp;<br \/>\n <span class=\"simcal-event-address simcal-event-start-location\" itemprop=\"location\" itemscope itemtype=\"http:\/\/schema.org\/Place\"><meta itemprop=\"name\" content=\"2n batx recup 3av i mat\u00e8ries pendents 1r batx\" \/><meta itemprop=\"address\" content=\"2n batx recup 3av i mat\u00e8ries pendents 1r batx\" \/><\/span><\/p>\n<div><\/div>\n<p> <a href=\"https:\/\/www.google.com\/calendar\/event?eid=NHAxMWVsN2ZrMmxhZmpoNTg0dTBzM3YzdTYgY3J1c2Fmb250LmNhdF80ZWtsbnVocmsxdHAzYTgwZTNyZmM1cHVuMEBn&#038;ctz=Europe\/Madrid\" target=\"_blank\" >M\u00e9s detalls<\/a><\/p><\/div>\n\t<\/li>\n\t<li class=\"simcal-event simcal-events-calendar-661 simcal-tooltip\" itemscope itemtype=\"http:\/\/schema.org\/Event\">\n\t\t<span class=\"simcal-event-title\">Col\u00f2nies 1r i 2n ESO<\/span>\n\t\t<div class=\"simcal-event-details simcal-tooltip-content\" style=\"display: none;\"><p><strong><span class=\"simcal-event-title\" itemprop=\"name\">Col\u00f2nies 1r i 2n ESO<\/span><\/strong><\/p>\n<p><span class=\"simcal-event-start simcal-event-start-date\" data-event-start=\"1779055259\" data-event-format=\"d\/m\/Y\" itemprop=\"startDate\" content=\"2026-05-18T00:00:59+02:00\">18\/05\/2026<\/span> - <span class=\"simcal-event-start simcal-event-end-date\" data-event-start=\"1779314341\" data-event-format=\"d\/m\/Y\" itemprop=\"endDate\" content=\"2026-05-20T23:59:01+02:00\">20\/05\/2026<\/span>&nbsp;@&nbsp;<br \/>\n <span class=\"simcal-event-address simcal-event-start-location\" itemprop=\"location\" itemscope itemtype=\"http:\/\/schema.org\/Place\"><meta itemprop=\"name\" content=\"Col\u00f2nies 1r i 2n ESO\" \/><meta itemprop=\"address\" content=\"Col\u00f2nies 1r i 2n ESO\" \/><\/span><\/p>\n<div><\/div>\n<p> <a href=\"https:\/\/www.google.com\/calendar\/event?eid=MnIwazRycGtmc2hhbTM0aTZ1aWl1dDg0bmsgY3J1c2Fmb250LmNhdF9oZnU1MDJraWVybmFnODg4Zjgzbmc3dm02c0Bn&#038;ctz=Europe\/Madrid\" target=\"_blank\" >M\u00e9s detalls<\/a><\/p><\/div>\n\t<\/li>\n<\/ul>\n\n\t\t<span class=\"simcal-events-dots\" style=\"display: none;\"><b style=\"color: #000;\"> &bull; <\/b><b style=\"color: #000;\"> &bull; <\/b><b style=\"color: #000;\"> &bull; <\/b><\/span>\n\t<\/div>\n<\/td>\n<td class=\"simcal-day-21 simcal-weekday-4 simcal-future simcal-day\" data-events-count=\"0\">\n\t<div>\n\t\t<span class=\"simcal-day-label simcal-day-number\">21<\/span>\n\t\t<span class=\"simcal-no-events\"><\/span>\n\t\t<span class=\"simcal-events-dots\" style=\"display: none;\"><\/span>\n\t<\/div>\n<\/td>\n<td class=\"simcal-day-22 simcal-weekday-5 simcal-future simcal-day simcal-day-has-events simcal-day-has-2-events simcal-events-calendar-723\" data-events-count=\"2\">\n\t<div>\n\t\t<span class=\"simcal-day-label simcal-day-number\" style=\"background-color: #0988A9; color: #ffffff\">22<\/span>\n\t\t<ul class=\"simcal-events\">\t<li class=\"simcal-event simcal-events-calendar-723 simcal-tooltip\" itemscope itemtype=\"http:\/\/schema.org\/Event\">\n\t\t<span class=\"simcal-event-title\">2n batx lliurament butlletins finals (Joana)<\/span>\n\t\t<div class=\"simcal-event-details simcal-tooltip-content\" style=\"display: none;\"><p><strong><span class=\"simcal-event-title\" itemprop=\"name\">2n batx lliurament butlletins finals (Joana)<\/span><\/strong><\/p>\n<p><span class=\"simcal-event-start simcal-event-start-date\" data-event-start=\"1779431400\" data-event-format=\"d\/m\/Y\" itemprop=\"startDate\" content=\"2026-05-22T08:30:00+02:00\">22\/05\/2026<\/span>&nbsp;@&nbsp;<span class=\"simcal-event-start simcal-event-start-time\" data-event-start=\"1779431400\" data-event-format=\"G:i\" itemprop=\"startDate\" content=\"2026-05-22T08:30:00+02:00\">8:30<\/span> - <span class=\"simcal-event-end simcal-event-end-time\" data-event-end=\"1779433200\" data-event-format=\"G:i\" itemprop=\"endDate\" content=\"2026-05-22T09:00:00+02:00\">9:00<\/span><br \/>\n <span class=\"simcal-event-address simcal-event-start-location\" itemprop=\"location\" itemscope itemtype=\"http:\/\/schema.org\/Place\"><meta itemprop=\"name\" content=\"2n batx lliurament butlletins finals (Joana)\" \/><meta itemprop=\"address\" content=\"2n batx lliurament butlletins finals (Joana)\" \/><\/span><\/p>\n<div><\/div>\n<p> <a href=\"https:\/\/www.google.com\/calendar\/event?eid=N2N1bTVmdjB0Y3AzOXFzMjY4MzNuMnVta2ggY3J1c2Fmb250LmNhdF80ZWtsbnVocmsxdHAzYTgwZTNyZmM1cHVuMEBn&#038;ctz=Europe\/Madrid\" target=\"_blank\" >M\u00e9s detalls<\/a><\/p><\/div>\n\t<\/li>\n\t<li class=\"simcal-event simcal-events-calendar-723 simcal-tooltip\" itemscope itemtype=\"http:\/\/schema.org\/Event\">\n\t\t<span class=\"simcal-event-title\">2n batx inici classes preparaci\u00f3 PAU<\/span>\n\t\t<div class=\"simcal-event-details simcal-tooltip-content\" style=\"display: none;\"><p><strong><span class=\"simcal-event-title\" itemprop=\"name\">2n batx inici classes preparaci\u00f3 PAU<\/span><\/strong><\/p>\n<p><span class=\"simcal-event-start simcal-event-start-date\" data-event-start=\"1779433200\" data-event-format=\"d\/m\/Y\" itemprop=\"startDate\" content=\"2026-05-22T09:00:00+02:00\">22\/05\/2026<\/span>&nbsp;@&nbsp;<span class=\"simcal-event-start simcal-event-start-time\" data-event-start=\"1779433200\" data-event-format=\"G:i\" itemprop=\"startDate\" content=\"2026-05-22T09:00:00+02:00\">9:00<\/span> - <span class=\"simcal-event-end simcal-event-end-time\" data-event-end=\"1779435000\" data-event-format=\"G:i\" itemprop=\"endDate\" content=\"2026-05-22T09:30:00+02:00\">9:30<\/span><br \/>\n <span class=\"simcal-event-address simcal-event-start-location\" itemprop=\"location\" itemscope itemtype=\"http:\/\/schema.org\/Place\"><meta itemprop=\"name\" content=\"2n batx inici classes preparaci\u00f3 PAU\" \/><meta itemprop=\"address\" content=\"2n batx inici classes preparaci\u00f3 PAU\" \/><\/span><\/p>\n<div><\/div>\n<p> <a href=\"https:\/\/www.google.com\/calendar\/event?eid=Nmc1anVmNnJrbWoxaTE2ajBrcW9ndWZsNTUgY3J1c2Fmb250LmNhdF80ZWtsbnVocmsxdHAzYTgwZTNyZmM1cHVuMEBn&#038;ctz=Europe\/Madrid\" target=\"_blank\" >M\u00e9s detalls<\/a><\/p><\/div>\n\t<\/li>\n<\/ul>\n\n\t\t<span class=\"simcal-events-dots\" style=\"display: none;\"><b style=\"color: #000;\"> &bull; <\/b><b style=\"color: #000;\"> &bull; <\/b><\/span>\n\t<\/div>\n<\/td>\n<td class=\"simcal-day-23 simcal-weekday-6 simcal-future simcal-day\" data-events-count=\"0\">\n\t<div>\n\t\t<span class=\"simcal-day-label simcal-day-number\">23<\/span>\n\t\t<span class=\"simcal-no-events\"><\/span>\n\t\t<span class=\"simcal-events-dots\" style=\"display: none;\"><\/span>\n\t<\/div>\n<\/td>\n<td class=\"simcal-day-24 simcal-weekday-0 simcal-future simcal-day\" data-events-count=\"0\">\n\t<div>\n\t\t<span class=\"simcal-day-label simcal-day-number\">24<\/span>\n\t\t<span class=\"simcal-no-events\"><\/span>\n\t\t<span class=\"simcal-events-dots\" style=\"display: none;\"><\/span>\n\t<\/div>\n<\/td>\n<\/tr><tr class=\"simcal-week simcal-week-21\">\n<td class=\"simcal-day-25 simcal-weekday-1 simcal-future simcal-day simcal-day-has-events simcal-day-has-1-events simcal-events-calendar-661\" data-events-count=\"1\">\n\t<div>\n\t\t<span class=\"simcal-day-label simcal-day-number\" style=\"background-color: #0988A9; color: #ffffff\">25<\/span>\n\t\t<ul class=\"simcal-events\">\t<li class=\"simcal-event simcal-events-calendar-661 simcal-tooltip\" itemscope itemtype=\"http:\/\/schema.org\/Event\">\n\t\t<span class=\"simcal-event-title\">Festa dia de lliure elecci\u00f3<\/span>\n\t\t<div class=\"simcal-event-details simcal-tooltip-content\" style=\"display: none;\"><p><strong><span class=\"simcal-event-title\" itemprop=\"name\">Festa dia de lliure elecci\u00f3<\/span><\/strong><\/p>\n<p><span class=\"simcal-event-start simcal-event-start-date\" data-event-start=\"1779660059\" data-event-format=\"d\/m\/Y\" itemprop=\"startDate\" content=\"2026-05-25T00:00:59+02:00\">25\/05\/2026<\/span><br \/>\n <span class=\"simcal-event-address simcal-event-start-location\" itemprop=\"location\" itemscope itemtype=\"http:\/\/schema.org\/Place\"><meta itemprop=\"name\" content=\"Festa dia de lliure elecci\u00f3\" \/><meta itemprop=\"address\" content=\"Festa dia de lliure elecci\u00f3\" \/><\/span><\/p>\n<div><\/div>\n<p> <a href=\"https:\/\/www.google.com\/calendar\/event?eid=NHRycWc1a2EwcDJoaXJoYW9tYWhiYWNybmkgY3J1c2Fmb250LmNhdF9oZnU1MDJraWVybmFnODg4Zjgzbmc3dm02c0Bn&#038;ctz=Europe\/Madrid\" target=\"_blank\" >M\u00e9s detalls<\/a><\/p><\/div>\n\t<\/li>\n<\/ul>\n\n\t\t<span class=\"simcal-events-dots\" style=\"display: none;\"><b style=\"color: #000;\"> &bull; <\/b><\/span>\n\t<\/div>\n<\/td>\n<td class=\"simcal-day-26 simcal-weekday-2 simcal-future simcal-day simcal-day-has-events simcal-day-has-3-events simcal-events-calendar-661 simcal-events-calendar-718\" data-events-count=\"3\">\n\t<div>\n\t\t<span class=\"simcal-day-label simcal-day-number\" style=\"background-color: #0988A9; color: #ffffff\">26<\/span>\n\t\t<ul class=\"simcal-events\">\t<li class=\"simcal-event simcal-events-calendar-661 simcal-tooltip\" itemscope itemtype=\"http:\/\/schema.org\/Event\">\n\t\t<span class=\"simcal-event-title\">Preinscripci\u00f3 cicles grau mig<\/span>\n\t\t<div class=\"simcal-event-details simcal-tooltip-content\" style=\"display: none;\"><p><strong><span class=\"simcal-event-title\" itemprop=\"name\">Preinscripci\u00f3 cicles grau mig<\/span><\/strong><\/p>\n<p><span class=\"simcal-event-start simcal-event-start-date\" data-event-start=\"1779746459\" data-event-format=\"d\/m\/Y\" itemprop=\"startDate\" content=\"2026-05-26T00:00:59+02:00\">26\/05\/2026<\/span> - <span class=\"simcal-event-start simcal-event-end-date\" data-event-start=\"1780351141\" data-event-format=\"d\/m\/Y\" itemprop=\"endDate\" content=\"2026-06-01T23:59:01+02:00\">01\/06\/2026<\/span>&nbsp;@&nbsp;<br \/>\n <span class=\"simcal-event-address simcal-event-start-location\" itemprop=\"location\" itemscope itemtype=\"http:\/\/schema.org\/Place\"><meta itemprop=\"name\" content=\"Preinscripci\u00f3 cicles grau mig\" \/><meta itemprop=\"address\" content=\"Preinscripci\u00f3 cicles grau mig\" \/><\/span><\/p>\n<div><\/div>\n<p> <a href=\"https:\/\/www.google.com\/calendar\/event?eid=N2h2aWNoamVuaXZmNmU2OTIzZGpvbHVkczAgY3J1c2Fmb250LmNhdF9oZnU1MDJraWVybmFnODg4Zjgzbmc3dm02c0Bn&#038;ctz=Europe\/Madrid\" target=\"_blank\" >M\u00e9s detalls<\/a><\/p><\/div>\n\t<\/li>\n\t<li class=\"simcal-event simcal-events-calendar-718 simcal-tooltip\" itemscope itemtype=\"http:\/\/schema.org\/Event\">\n\t\t<span class=\"simcal-event-title\">1r ESO Sortida M\u00fasica<\/span>\n\t\t<div class=\"simcal-event-details simcal-tooltip-content\" style=\"display: none;\"><p><strong><span class=\"simcal-event-title\" itemprop=\"name\">1r ESO Sortida M\u00fasica<\/span><\/strong><\/p>\n<p><span class=\"simcal-event-start simcal-event-start-date\" data-event-start=\"1779778800\" data-event-format=\"d\/m\/Y\" itemprop=\"startDate\" content=\"2026-05-26T09:00:00+02:00\">26\/05\/2026<\/span>&nbsp;@&nbsp;<span class=\"simcal-event-start simcal-event-start-time\" data-event-start=\"1779778800\" data-event-format=\"G:i\" itemprop=\"startDate\" content=\"2026-05-26T09:00:00+02:00\">9:00<\/span> - <span class=\"simcal-event-end simcal-event-end-time\" data-event-end=\"1779798600\" data-event-format=\"G:i\" itemprop=\"endDate\" content=\"2026-05-26T14:30:00+02:00\">14:30<\/span><br \/>\n <span class=\"simcal-event-address simcal-event-start-location\" itemprop=\"location\" itemscope itemtype=\"http:\/\/schema.org\/Place\"><meta itemprop=\"name\" content=\"1r ESO Sortida M\u00fasica\" \/><meta itemprop=\"address\" content=\"1r ESO Sortida M\u00fasica\" \/><\/span><\/p>\n<div><\/div>\n<p> <a href=\"https:\/\/www.google.com\/calendar\/event?eid=Mmg5Y3U5ZG5mMzA2bm03Yzc0Nms0c2U4azYgY3J1c2Fmb250LmNhdF9qMmV0OTluY2tkaXY0amN0cDRjaTFkMnZvOEBn&#038;ctz=Europe\/Madrid\" target=\"_blank\" >M\u00e9s detalls<\/a><\/p><\/div>\n\t<\/li>\n\t<li class=\"simcal-event simcal-events-calendar-661 simcal-tooltip\" itemscope itemtype=\"http:\/\/schema.org\/Event\">\n\t\t<span class=\"simcal-event-title\">Oficina jove al pati: canvi clim\u00e0tic<\/span>\n\t\t<div class=\"simcal-event-details simcal-tooltip-content\" style=\"display: none;\"><p><strong><span class=\"simcal-event-title\" itemprop=\"name\">Oficina jove al pati: canvi clim\u00e0tic<\/span><\/strong><\/p>\n<p><span class=\"simcal-event-start simcal-event-start-date\" data-event-start=\"1779786000\" data-event-format=\"d\/m\/Y\" itemprop=\"startDate\" content=\"2026-05-26T11:00:00+02:00\">26\/05\/2026<\/span>&nbsp;@&nbsp;<span class=\"simcal-event-start simcal-event-start-time\" data-event-start=\"1779786000\" data-event-format=\"G:i\" itemprop=\"startDate\" content=\"2026-05-26T11:00:00+02:00\">11:00<\/span> - <span class=\"simcal-event-end simcal-event-end-time\" data-event-end=\"1779787800\" data-event-format=\"G:i\" itemprop=\"endDate\" content=\"2026-05-26T11:30:00+02:00\">11:30<\/span><br \/>\n <span class=\"simcal-event-address simcal-event-start-location\" itemprop=\"location\" itemscope itemtype=\"http:\/\/schema.org\/Place\"><meta itemprop=\"name\" content=\"Oficina jove al pati: canvi clim\u00e0tic\" \/><meta itemprop=\"address\" content=\"Oficina jove al pati: canvi clim\u00e0tic\" \/><\/span><\/p>\n<div><\/div>\n<p> <a href=\"https:\/\/www.google.com\/calendar\/event?eid=N201ZzNsM3JxNWRqcjZ2NmdwanVrdThjcGQgY3J1c2Fmb250LmNhdF9oZnU1MDJraWVybmFnODg4Zjgzbmc3dm02c0Bn&#038;ctz=Europe\/Madrid\" target=\"_blank\" >M\u00e9s detalls<\/a><\/p><\/div>\n\t<\/li>\n<\/ul>\n\n\t\t<span class=\"simcal-events-dots\" style=\"display: none;\"><b style=\"color: #000;\"> &bull; <\/b><b style=\"color: #000;\"> &bull; <\/b><b style=\"color: #000;\"> &bull; <\/b><\/span>\n\t<\/div>\n<\/td>\n<td class=\"simcal-day-27 simcal-weekday-3 simcal-future simcal-day simcal-day-has-events simcal-day-has-1-events simcal-events-calendar-661\" data-events-count=\"1\">\n\t<div>\n\t\t<span class=\"simcal-day-label simcal-day-number\" style=\"background-color: #0988A9; color: #ffffff\">27<\/span>\n\t\t<ul class=\"simcal-events\">\t<li class=\"simcal-event simcal-events-calendar-661 simcal-tooltip\" itemscope itemtype=\"http:\/\/schema.org\/Event\">\n\t\t<span class=\"simcal-event-title\">Preinscripci\u00f3 cicles grau mig<\/span>\n\t\t<div class=\"simcal-event-details simcal-tooltip-content\" style=\"display: none;\"><p><strong><span class=\"simcal-event-title\" itemprop=\"name\">Preinscripci\u00f3 cicles grau mig<\/span><\/strong><\/p>\n<p><span class=\"simcal-event-start simcal-event-start-date\" data-event-start=\"1779746459\" data-event-format=\"d\/m\/Y\" itemprop=\"startDate\" content=\"2026-05-26T00:00:59+02:00\">26\/05\/2026<\/span> - <span class=\"simcal-event-start simcal-event-end-date\" data-event-start=\"1780351141\" data-event-format=\"d\/m\/Y\" itemprop=\"endDate\" content=\"2026-06-01T23:59:01+02:00\">01\/06\/2026<\/span>&nbsp;@&nbsp;<br \/>\n <span class=\"simcal-event-address simcal-event-start-location\" itemprop=\"location\" itemscope itemtype=\"http:\/\/schema.org\/Place\"><meta itemprop=\"name\" content=\"Preinscripci\u00f3 cicles grau mig\" \/><meta itemprop=\"address\" content=\"Preinscripci\u00f3 cicles grau mig\" \/><\/span><\/p>\n<div><\/div>\n<p> <a href=\"https:\/\/www.google.com\/calendar\/event?eid=N2h2aWNoamVuaXZmNmU2OTIzZGpvbHVkczAgY3J1c2Fmb250LmNhdF9oZnU1MDJraWVybmFnODg4Zjgzbmc3dm02c0Bn&#038;ctz=Europe\/Madrid\" target=\"_blank\" >M\u00e9s detalls<\/a><\/p><\/div>\n\t<\/li>\n<\/ul>\n\n\t\t<span class=\"simcal-events-dots\" style=\"display: none;\"><b style=\"color: #000;\"> &bull; <\/b><\/span>\n\t<\/div>\n<\/td>\n<td class=\"simcal-day-28 simcal-weekday-4 simcal-future simcal-day simcal-day-has-events simcal-day-has-2-events simcal-events-calendar-661 simcal-events-calendar-718\" data-events-count=\"2\">\n\t<div>\n\t\t<span class=\"simcal-day-label simcal-day-number\" style=\"background-color: #0988A9; color: #ffffff\">28<\/span>\n\t\t<ul class=\"simcal-events\">\t<li class=\"simcal-event simcal-events-calendar-661 simcal-tooltip\" itemscope itemtype=\"http:\/\/schema.org\/Event\">\n\t\t<span class=\"simcal-event-title\">Preinscripci\u00f3 cicles grau mig<\/span>\n\t\t<div class=\"simcal-event-details simcal-tooltip-content\" style=\"display: none;\"><p><strong><span class=\"simcal-event-title\" itemprop=\"name\">Preinscripci\u00f3 cicles grau mig<\/span><\/strong><\/p>\n<p><span class=\"simcal-event-start simcal-event-start-date\" data-event-start=\"1779746459\" data-event-format=\"d\/m\/Y\" itemprop=\"startDate\" content=\"2026-05-26T00:00:59+02:00\">26\/05\/2026<\/span> - <span class=\"simcal-event-start simcal-event-end-date\" data-event-start=\"1780351141\" data-event-format=\"d\/m\/Y\" itemprop=\"endDate\" content=\"2026-06-01T23:59:01+02:00\">01\/06\/2026<\/span>&nbsp;@&nbsp;<br \/>\n <span class=\"simcal-event-address simcal-event-start-location\" itemprop=\"location\" itemscope itemtype=\"http:\/\/schema.org\/Place\"><meta itemprop=\"name\" content=\"Preinscripci\u00f3 cicles grau mig\" \/><meta itemprop=\"address\" content=\"Preinscripci\u00f3 cicles grau mig\" \/><\/span><\/p>\n<div><\/div>\n<p> <a href=\"https:\/\/www.google.com\/calendar\/event?eid=N2h2aWNoamVuaXZmNmU2OTIzZGpvbHVkczAgY3J1c2Fmb250LmNhdF9oZnU1MDJraWVybmFnODg4Zjgzbmc3dm02c0Bn&#038;ctz=Europe\/Madrid\" target=\"_blank\" >M\u00e9s detalls<\/a><\/p><\/div>\n\t<\/li>\n\t<li class=\"simcal-event simcal-events-calendar-718 simcal-tooltip\" itemscope itemtype=\"http:\/\/schema.org\/Event\">\n\t\t<span class=\"simcal-event-title\">1B i 1C visita biblioteca<\/span>\n\t\t<div class=\"simcal-event-details simcal-tooltip-content\" style=\"display: none;\"><p><strong><span class=\"simcal-event-title\" itemprop=\"name\">1B i 1C visita biblioteca<\/span><\/strong><\/p>\n<p><span class=\"simcal-event-start simcal-event-start-date\" data-event-start=\"1779961500\" data-event-format=\"d\/m\/Y\" itemprop=\"startDate\" content=\"2026-05-28T11:45:00+02:00\">28\/05\/2026<\/span>&nbsp;@&nbsp;<span class=\"simcal-event-start simcal-event-start-time\" data-event-start=\"1779961500\" data-event-format=\"G:i\" itemprop=\"startDate\" content=\"2026-05-28T11:45:00+02:00\">11:45<\/span> - <span class=\"simcal-event-end simcal-event-end-time\" data-event-end=\"1779966900\" data-event-format=\"G:i\" itemprop=\"endDate\" content=\"2026-05-28T13:15:00+02:00\">13:15<\/span><br \/>\n <span class=\"simcal-event-address simcal-event-start-location\" itemprop=\"location\" itemscope itemtype=\"http:\/\/schema.org\/Place\"><meta itemprop=\"name\" content=\"1B i 1C visita biblioteca\" \/><meta itemprop=\"address\" content=\"1B i 1C visita biblioteca\" \/><\/span><\/p>\n<div><\/div>\n<p> <a href=\"https:\/\/www.google.com\/calendar\/event?eid=Y2NwbWNvcGtjOWo2MmI5bmM4cm1hYjlrYzhwNmNiOXA2OHIzOGJiMTZjcDY0YzloYzRvM2djMzQ2byBjcnVzYWZvbnQuY2F0X2oyZXQ5OW5ja2RpdjRqY3RwNGNpMWQydm84QGc&#038;ctz=Europe\/Madrid\" target=\"_blank\" >M\u00e9s detalls<\/a><\/p><\/div>\n\t<\/li>\n<\/ul>\n\n\t\t<span class=\"simcal-events-dots\" style=\"display: none;\"><b style=\"color: #000;\"> &bull; <\/b><b style=\"color: #000;\"> &bull; <\/b><\/span>\n\t<\/div>\n<\/td>\n<td class=\"simcal-day-29 simcal-weekday-5 simcal-future simcal-day simcal-day-has-events simcal-day-has-3-events simcal-events-calendar-661 simcal-events-calendar-723 simcal-events-calendar-718\" data-events-count=\"3\">\n\t<div>\n\t\t<span class=\"simcal-day-label simcal-day-number\" style=\"background-color: #0988A9; color: #ffffff\">29<\/span>\n\t\t<ul class=\"simcal-events\">\t<li class=\"simcal-event simcal-events-calendar-661 simcal-tooltip\" itemscope itemtype=\"http:\/\/schema.org\/Event\">\n\t\t<span class=\"simcal-event-title\">Preinscripci\u00f3 cicles grau mig<\/span>\n\t\t<div class=\"simcal-event-details simcal-tooltip-content\" style=\"display: none;\"><p><strong><span class=\"simcal-event-title\" itemprop=\"name\">Preinscripci\u00f3 cicles grau mig<\/span><\/strong><\/p>\n<p><span class=\"simcal-event-start simcal-event-start-date\" data-event-start=\"1779746459\" data-event-format=\"d\/m\/Y\" itemprop=\"startDate\" content=\"2026-05-26T00:00:59+02:00\">26\/05\/2026<\/span> - <span class=\"simcal-event-start simcal-event-end-date\" data-event-start=\"1780351141\" data-event-format=\"d\/m\/Y\" itemprop=\"endDate\" content=\"2026-06-01T23:59:01+02:00\">01\/06\/2026<\/span>&nbsp;@&nbsp;<br \/>\n <span class=\"simcal-event-address simcal-event-start-location\" itemprop=\"location\" itemscope itemtype=\"http:\/\/schema.org\/Place\"><meta itemprop=\"name\" content=\"Preinscripci\u00f3 cicles grau mig\" \/><meta itemprop=\"address\" content=\"Preinscripci\u00f3 cicles grau mig\" \/><\/span><\/p>\n<div><\/div>\n<p> <a href=\"https:\/\/www.google.com\/calendar\/event?eid=N2h2aWNoamVuaXZmNmU2OTIzZGpvbHVkczAgY3J1c2Fmb250LmNhdF9oZnU1MDJraWVybmFnODg4Zjgzbmc3dm02c0Bn&#038;ctz=Europe\/Madrid\" target=\"_blank\" >M\u00e9s detalls<\/a><\/p><\/div>\n\t<\/li>\n\t<li class=\"simcal-event simcal-events-calendar-723 simcal-tooltip\" itemscope itemtype=\"http:\/\/schema.org\/Event\">\n\t\t<span class=\"simcal-event-title\">1r batx fi classes<\/span>\n\t\t<div class=\"simcal-event-details simcal-tooltip-content\" style=\"display: none;\"><p><strong><span class=\"simcal-event-title\" itemprop=\"name\">1r batx fi classes<\/span><\/strong><\/p>\n<p><span class=\"simcal-event-start simcal-event-start-date\" data-event-start=\"1780005659\" data-event-format=\"d\/m\/Y\" itemprop=\"startDate\" content=\"2026-05-29T00:00:59+02:00\">29\/05\/2026<\/span><br \/>\n <span class=\"simcal-event-address simcal-event-start-location\" itemprop=\"location\" itemscope itemtype=\"http:\/\/schema.org\/Place\"><meta itemprop=\"name\" content=\"1r batx fi classes\" \/><meta itemprop=\"address\" content=\"1r batx fi classes\" \/><\/span><\/p>\n<div><\/div>\n<p> <a href=\"https:\/\/www.google.com\/calendar\/event?eid=MTF0MmtpaWc0ZDc2b2RxMzh0cjc2bG4yN28gY3J1c2Fmb250LmNhdF80ZWtsbnVocmsxdHAzYTgwZTNyZmM1cHVuMEBn&#038;ctz=Europe\/Madrid\" target=\"_blank\" >M\u00e9s detalls<\/a><\/p><\/div>\n\t<\/li>\n\t<li class=\"simcal-event simcal-events-calendar-718 simcal-tooltip\" itemscope itemtype=\"http:\/\/schema.org\/Event\">\n\t\t<span class=\"simcal-event-title\">1r i 2n Sortida l\u00fadica tutoria<\/span>\n\t\t<div class=\"simcal-event-details simcal-tooltip-content\" style=\"display: none;\"><p><strong><span class=\"simcal-event-title\" itemprop=\"name\">1r i 2n Sortida l\u00fadica tutoria<\/span><\/strong><\/p>\n<p><span class=\"simcal-event-start simcal-event-start-date\" data-event-start=\"1780034400\" data-event-format=\"d\/m\/Y\" itemprop=\"startDate\" content=\"2026-05-29T08:00:00+02:00\">29\/05\/2026<\/span>&nbsp;@&nbsp;<span class=\"simcal-event-start simcal-event-start-time\" data-event-start=\"1780034400\" data-event-format=\"G:i\" itemprop=\"startDate\" content=\"2026-05-29T08:00:00+02:00\">8:00<\/span> - <span class=\"simcal-event-end simcal-event-end-time\" data-event-end=\"1780057800\" data-event-format=\"G:i\" itemprop=\"endDate\" content=\"2026-05-29T14:30:00+02:00\">14:30<\/span><br \/>\n <span class=\"simcal-event-address simcal-event-start-location\" itemprop=\"location\" itemscope itemtype=\"http:\/\/schema.org\/Place\"><meta itemprop=\"name\" content=\"1r i 2n Sortida l\u00fadica tutoria\" \/><meta itemprop=\"address\" content=\"1r i 2n Sortida l\u00fadica tutoria\" \/><\/span><\/p>\n<div><\/div>\n<p> <a href=\"https:\/\/www.google.com\/calendar\/event?eid=MmIzbzVnY2FhNmpoMHJucmdidGdqOWFhazggY3J1c2Fmb250LmNhdF9qMmV0OTluY2tkaXY0amN0cDRjaTFkMnZvOEBn&#038;ctz=Europe\/Madrid\" target=\"_blank\" >M\u00e9s detalls<\/a><\/p><\/div>\n\t<\/li>\n<\/ul>\n\n\t\t<span class=\"simcal-events-dots\" style=\"display: none;\"><b style=\"color: #000;\"> &bull; <\/b><b style=\"color: #000;\"> &bull; <\/b><b style=\"color: #000;\"> &bull; <\/b><\/span>\n\t<\/div>\n<\/td>\n<td class=\"simcal-day-30 simcal-weekday-6 simcal-future simcal-day simcal-day-has-events simcal-day-has-1-events simcal-events-calendar-661\" data-events-count=\"1\">\n\t<div>\n\t\t<span class=\"simcal-day-label simcal-day-number\" style=\"background-color: #0988A9; color: #ffffff\">30<\/span>\n\t\t<ul class=\"simcal-events\">\t<li class=\"simcal-event simcal-events-calendar-661 simcal-tooltip\" itemscope itemtype=\"http:\/\/schema.org\/Event\">\n\t\t<span class=\"simcal-event-title\">Preinscripci\u00f3 cicles grau mig<\/span>\n\t\t<div class=\"simcal-event-details simcal-tooltip-content\" style=\"display: none;\"><p><strong><span class=\"simcal-event-title\" itemprop=\"name\">Preinscripci\u00f3 cicles grau mig<\/span><\/strong><\/p>\n<p><span class=\"simcal-event-start simcal-event-start-date\" data-event-start=\"1779746459\" data-event-format=\"d\/m\/Y\" itemprop=\"startDate\" content=\"2026-05-26T00:00:59+02:00\">26\/05\/2026<\/span> - <span class=\"simcal-event-start simcal-event-end-date\" data-event-start=\"1780351141\" data-event-format=\"d\/m\/Y\" itemprop=\"endDate\" content=\"2026-06-01T23:59:01+02:00\">01\/06\/2026<\/span>&nbsp;@&nbsp;<br \/>\n <span class=\"simcal-event-address simcal-event-start-location\" itemprop=\"location\" itemscope itemtype=\"http:\/\/schema.org\/Place\"><meta itemprop=\"name\" content=\"Preinscripci\u00f3 cicles grau mig\" \/><meta itemprop=\"address\" content=\"Preinscripci\u00f3 cicles grau mig\" \/><\/span><\/p>\n<div><\/div>\n<p> <a href=\"https:\/\/www.google.com\/calendar\/event?eid=N2h2aWNoamVuaXZmNmU2OTIzZGpvbHVkczAgY3J1c2Fmb250LmNhdF9oZnU1MDJraWVybmFnODg4Zjgzbmc3dm02c0Bn&#038;ctz=Europe\/Madrid\" target=\"_blank\" >M\u00e9s detalls<\/a><\/p><\/div>\n\t<\/li>\n<\/ul>\n\n\t\t<span class=\"simcal-events-dots\" style=\"display: none;\"><b style=\"color: #000;\"> &bull; <\/b><\/span>\n\t<\/div>\n<\/td>\n<td class=\"simcal-day-31 simcal-weekday-0 simcal-future simcal-day simcal-day-has-events simcal-day-has-1-events simcal-events-calendar-661\" data-events-count=\"1\">\n\t<div>\n\t\t<span class=\"simcal-day-label simcal-day-number\" style=\"background-color: #0988A9; color: #ffffff\">31<\/span>\n\t\t<ul class=\"simcal-events\">\t<li class=\"simcal-event simcal-events-calendar-661 simcal-tooltip\" itemscope itemtype=\"http:\/\/schema.org\/Event\">\n\t\t<span class=\"simcal-event-title\">Preinscripci\u00f3 cicles grau mig<\/span>\n\t\t<div class=\"simcal-event-details simcal-tooltip-content\" style=\"display: none;\"><p><strong><span class=\"simcal-event-title\" itemprop=\"name\">Preinscripci\u00f3 cicles grau mig<\/span><\/strong><\/p>\n<p><span class=\"simcal-event-start simcal-event-start-date\" data-event-start=\"1779746459\" data-event-format=\"d\/m\/Y\" itemprop=\"startDate\" content=\"2026-05-26T00:00:59+02:00\">26\/05\/2026<\/span> - <span class=\"simcal-event-start simcal-event-end-date\" data-event-start=\"1780351141\" data-event-format=\"d\/m\/Y\" itemprop=\"endDate\" content=\"2026-06-01T23:59:01+02:00\">01\/06\/2026<\/span>&nbsp;@&nbsp;<br \/>\n <span class=\"simcal-event-address simcal-event-start-location\" itemprop=\"location\" itemscope itemtype=\"http:\/\/schema.org\/Place\"><meta itemprop=\"name\" content=\"Preinscripci\u00f3 cicles grau mig\" \/><meta itemprop=\"address\" content=\"Preinscripci\u00f3 cicles grau mig\" \/><\/span><\/p>\n<div><\/div>\n<p> <a href=\"https:\/\/www.google.com\/calendar\/event?eid=N2h2aWNoamVuaXZmNmU2OTIzZGpvbHVkczAgY3J1c2Fmb250LmNhdF9oZnU1MDJraWVybmFnODg4Zjgzbmc3dm02c0Bn&#038;ctz=Europe\/Madrid\" target=\"_blank\" >M\u00e9s detalls<\/a><\/p><\/div>\n\t<\/li>\n<\/ul>\n\n\t\t<span class=\"simcal-events-dots\" style=\"display: none;\"><b style=\"color: #000;\"> &bull; <\/b><\/span>\n\t<\/div>\n<\/td>\n<\/tr><td class=\"simcal-day simcal-day-void \"><\/td>\n<td class=\"simcal-day simcal-day-void \"><\/td>\n<td class=\"simcal-day simcal-day-void \"><\/td>\n<td class=\"simcal-day simcal-day-void \"><\/td>\n<td class=\"simcal-day simcal-day-void \"><\/td>\n<td class=\"simcal-day simcal-day-void \"><\/td>\n<td class=\"simcal-day simcal-day-void simcal-day-void-last\"><\/td>\n\t<\/tr>\n<\/tbody>\n<script type=\"text\/javascript\">\n\t\tjQuery(\n\t\t\/\/ Handle only events originated on '.simcal-event-dots' (cells with dots)\n\t\tjQuery('.simcal-calendar').on('mouseenter', '.simcal-events-dots', function(){\n\n\t\t\t\/\/ Save the cell that originated the mouse event (assigned to 'this' by jQuery)\n\t\t\t\/\/ for future reference\n\t\t\tvar that = this;\n\n\t\t\t\/\/ Set a timeout handler that will trigger a 'click' on the cell\n\t\t\tvar timeoutId = setTimeout(function(){\n\t\t\tjQuery(that).removeData('simcalTimeoutId');\n\t\t\tjQuery(that).trigger('click');\n\t\t\t}, 500);\n\n\t\t\t\/\/ Save 'timeoutId' for future reference\n\t\t\tjQuery(this).data('simcalTimeoutId', timeoutId);\n\n\t\t}).on('mouseleave', '.simcal-events-dots', function(){\n\t\t\t\/\/ Clear timeout and remove reference\n\t\t\tvar timeoutId = jQuery(this).data('simcalTimeoutId');\n\t\t\tif(timeoutId) {\n\t\t\tclearTimeout(timeoutId);\n\t\t\tjQuery(this).removeData('simcalTimeoutId');\n\t\t\t}\n\t\t})\n\t\t);<\/script>\t \t\t\t\n            <\/table>\n\n\t\t\t<\/div><\/div>\n<div style=\"width: 50%; float: left; padding: 2px;\"><div class=\"simcal-calendar simcal-default-calendar simcal-default-calendar-list simcal-default-calendar-light\" data-calendar-id=\"248\" data-timezone=\"Europe\/Madrid\" data-offset=\"7200\" data-week-start=\"1\" data-calendar-start=\"1777672800\" data-calendar-end=\"1788904741\" data-events-first=\"1774652459\" data-events-last=\"1788904741\"><div class=\"simcal-calendar-list \"><nav class=\"simcal-calendar-head\">\n\t<div class=\"simcal-nav\">\n\t\t<button class=\"simcal-nav-button simcal-prev\" title=\"Anterior\">\n\t\t\t<i class=\"simcal-icon-left\"><\/i>\n\t\t<\/button>\n\t<\/div>\n\t<div class=\"simcal-nav simcal-current \" data-calendar-current=\"1777672800\">\n\t\t<h3 class=\"simcal-current-label\"> <\/h3>\n\t<\/div>\n\t<div class=\"simcal-nav\">\t\t<button class=\"simcal-nav-button simcal-next\" title=\"Seg\u00fcent\">\t\t\t<i class=\"simcal-icon-right\"><\/i>\n\t\t<\/button>\n\t<\/div>\n<\/nav>\n<dl class=\"simcal-events-list-container\" data-prev=\"1777068000\" data-next=\"1778277600\" data-heading-small=\"2026, 05 maig\" data-heading-large=\"05\/05\/2026\">\t<dt class=\"simcal-day-label\" style=\"border-bottom: 1px solid #0988A9;\" ><span style=\"background-color: #0988A9; color: #ffffff;\"><span class=\"simcal-date-format\" data-date-format=\"d\/m\/Y\">05\/05\/2026<\/span> <\/span><\/dt>\n<dd class=\"simcal-weekday-2 simcal-past simcal-day simcal-day-has-events simcal-day-has-1-events simcal-events-calendar-718 simcal-day-has-events simcal-day-has-2-events simcal-events-calendar-718 simcal-events-calendar-661\" data-events-count=\"2\">\n\t<ul class=\"simcal-events\">\n\t<li class=\"simcal-event simcal-events-calendar-718\" style=\"\" itemscope itemtype=\"http:\/\/schema.org\/Event\" data-start=\"1777932059\">\n\t\t<div class=\"simcal-event-details\"><p><strong><span class=\"simcal-event-title\" itemprop=\"name\">1ESO Sortida Castell\u00e0 Museu Paleontologia Sabadell<\/span><\/strong><\/p>\n<p><span class=\"simcal-event-start simcal-event-start-date\" data-event-start=\"1777932059\" data-event-format=\"d\/m\/Y\" itemprop=\"startDate\" content=\"2026-05-05T00:00:59+02:00\">05\/05\/2026<\/span><br \/>\n <span class=\"simcal-event-address simcal-event-start-location\" itemprop=\"location\" itemscope itemtype=\"http:\/\/schema.org\/Place\"><meta itemprop=\"name\" content=\"1ESO Sortida Castell\u00e0 Museu Paleontologia Sabadell\" \/><meta itemprop=\"address\" content=\"1ESO Sortida Castell\u00e0 Museu Paleontologia Sabadell\" \/><\/span><\/p>\n<div><\/div>\n<p> <a href=\"https:\/\/www.google.com\/calendar\/event?eid=NTk3YXR0ZnByaXVqM2h1Z3FxczViZnYyMWQgY3J1c2Fmb250LmNhdF9qMmV0OTluY2tkaXY0amN0cDRjaTFkMnZvOEBn&#038;ctz=Europe\/Madrid\" target=\"_blank\" >M\u00e9s detalls<\/a><\/p><\/div>\n\t<\/li>\n\t<li class=\"simcal-event simcal-events-calendar-661\" style=\"\" itemscope itemtype=\"http:\/\/schema.org\/Event\" data-start=\"1777932059\">\n\t\t<div class=\"simcal-event-details\"><p><strong><span class=\"simcal-event-title\" itemprop=\"name\">4t ESO Av expressi\u00f3 oral castell\u00e0 i catal\u00e0<\/span><\/strong><\/p>\n<p><span class=\"simcal-event-start simcal-event-start-date\" data-event-start=\"1777932059\" data-event-format=\"d\/m\/Y\" itemprop=\"startDate\" content=\"2026-05-05T00:00:59+02:00\">05\/05\/2026<\/span> - <span class=\"simcal-event-start simcal-event-end-date\" data-event-start=\"1779314341\" data-event-format=\"d\/m\/Y\" itemprop=\"endDate\" content=\"2026-05-20T23:59:01+02:00\">20\/05\/2026<\/span>&nbsp;@&nbsp;<br \/>\n <span class=\"simcal-event-address simcal-event-start-location\" itemprop=\"location\" itemscope itemtype=\"http:\/\/schema.org\/Place\"><meta itemprop=\"name\" content=\"4t ESO Av expressi\u00f3 oral castell\u00e0 i catal\u00e0\" \/><meta itemprop=\"address\" content=\"4t ESO Av expressi\u00f3 oral castell\u00e0 i catal\u00e0\" \/><\/span><\/p>\n<div><\/div>\n<p> <a href=\"https:\/\/www.google.com\/calendar\/event?eid=MmdscDFtZ2xiNGlrYzJmbmhjYTAyNWZrOTMgY3J1c2Fmb250LmNhdF9oZnU1MDJraWVybmFnODg4Zjgzbmc3dm02c0Bn&#038;ctz=Europe\/Madrid\" target=\"_blank\" >M\u00e9s detalls<\/a><\/p><\/div>\n\t<\/li>\n<\/ul>\n\n<\/dd>\n\t<dt class=\"simcal-day-label\" style=\"border-bottom: 1px solid #0988A9;\" ><span style=\"background-color: #0988A9; color: #ffffff;\"><span class=\"simcal-date-format\" data-date-format=\"d\/m\/Y\">06\/05\/2026<\/span> <\/span><\/dt>\n<dd class=\"simcal-weekday-3 simcal-past simcal-day simcal-day-has-events simcal-day-has-1-events simcal-events-calendar-723 simcal-day-has-events simcal-day-has-2-events simcal-events-calendar-723 simcal-events-calendar-661\" data-events-count=\"2\">\n\t<ul class=\"simcal-events\">\n\t<li class=\"simcal-event simcal-events-calendar-723\" style=\"\" itemscope itemtype=\"http:\/\/schema.org\/Event\" data-start=\"1778018459\">\n\t\t<div class=\"simcal-event-details\"><p><strong><span class=\"simcal-event-title\" itemprop=\"name\">2n batx fi classes<\/span><\/strong><\/p>\n<p><span class=\"simcal-event-start simcal-event-start-date\" data-event-start=\"1778018459\" data-event-format=\"d\/m\/Y\" itemprop=\"startDate\" content=\"2026-05-06T00:00:59+02:00\">06\/05\/2026<\/span><br \/>\n <span class=\"simcal-event-address simcal-event-start-location\" itemprop=\"location\" itemscope itemtype=\"http:\/\/schema.org\/Place\"><meta itemprop=\"name\" content=\"2n batx fi classes\" \/><meta itemprop=\"address\" content=\"2n batx fi classes\" \/><\/span><\/p>\n<div><\/div>\n<p> <a href=\"https:\/\/www.google.com\/calendar\/event?eid=M3E0cXJwZDg4bHRzOWw3ZWoxOTJsZXI5dTEgY3J1c2Fmb250LmNhdF80ZWtsbnVocmsxdHAzYTgwZTNyZmM1cHVuMEBn&#038;ctz=Europe\/Madrid\" target=\"_blank\" >M\u00e9s detalls<\/a><\/p><\/div>\n\t<\/li>\n\t<li class=\"simcal-event simcal-events-calendar-661\" style=\"\" itemscope itemtype=\"http:\/\/schema.org\/Event\" data-start=\"1777932059\">\n\t\t<div class=\"simcal-event-details\"><p><strong><span class=\"simcal-event-title\" itemprop=\"name\">4t ESO Av expressi\u00f3 oral castell\u00e0 i catal\u00e0<\/span><\/strong><\/p>\n<p><span class=\"simcal-event-start simcal-event-start-date\" data-event-start=\"1777932059\" data-event-format=\"d\/m\/Y\" itemprop=\"startDate\" content=\"2026-05-05T00:00:59+02:00\">05\/05\/2026<\/span> - <span class=\"simcal-event-start simcal-event-end-date\" data-event-start=\"1779314341\" data-event-format=\"d\/m\/Y\" itemprop=\"endDate\" content=\"2026-05-20T23:59:01+02:00\">20\/05\/2026<\/span>&nbsp;@&nbsp;<br \/>\n <span class=\"simcal-event-address simcal-event-start-location\" itemprop=\"location\" itemscope itemtype=\"http:\/\/schema.org\/Place\"><meta itemprop=\"name\" content=\"4t ESO Av expressi\u00f3 oral castell\u00e0 i catal\u00e0\" \/><meta itemprop=\"address\" content=\"4t ESO Av expressi\u00f3 oral castell\u00e0 i catal\u00e0\" \/><\/span><\/p>\n<div><\/div>\n<p> <a href=\"https:\/\/www.google.com\/calendar\/event?eid=MmdscDFtZ2xiNGlrYzJmbmhjYTAyNWZrOTMgY3J1c2Fmb250LmNhdF9oZnU1MDJraWVybmFnODg4Zjgzbmc3dm02c0Bn&#038;ctz=Europe\/Madrid\" target=\"_blank\" >M\u00e9s detalls<\/a><\/p><\/div>\n\t<\/li>\n<\/ul>\n\n<\/dd>\n\t<dt class=\"simcal-day-label\" style=\"border-bottom: 1px solid #0988A9;\" ><span style=\"background-color: #0988A9; color: #ffffff;\"><span class=\"simcal-date-format\" data-date-format=\"d\/m\/Y\">07\/05\/2026<\/span> <\/span><\/dt>\n<dd class=\"simcal-weekday-4 simcal-past simcal-day simcal-day-has-events simcal-day-has-1-events simcal-events-calendar-723 simcal-day-has-events simcal-day-has-2-events simcal-events-calendar-723 simcal-events-calendar-661\" data-events-count=\"2\">\n\t<ul class=\"simcal-events\">\n\t<li class=\"simcal-event simcal-event-recurring simcal-events-calendar-723\" style=\"\" itemscope itemtype=\"http:\/\/schema.org\/Event\" data-start=\"1778104859\">\n\t\t<div class=\"simcal-event-details\"><p><strong><span class=\"simcal-event-title\" itemprop=\"name\">2n batx ex\u00e0mens 3av<\/span><\/strong><\/p>\n<p><span class=\"simcal-event-start simcal-event-start-date\" data-event-start=\"1778104859\" data-event-format=\"d\/m\/Y\" itemprop=\"startDate\" content=\"2026-05-07T00:00:59+02:00\">07\/05\/2026<\/span> - <span class=\"simcal-event-start simcal-event-end-date\" data-event-start=\"1778277541\" data-event-format=\"d\/m\/Y\" itemprop=\"endDate\" content=\"2026-05-08T23:59:01+02:00\">08\/05\/2026<\/span>&nbsp;@&nbsp;<br \/>\n <span class=\"simcal-event-address simcal-event-start-location\" itemprop=\"location\" itemscope itemtype=\"http:\/\/schema.org\/Place\"><meta itemprop=\"name\" content=\"2n batx ex\u00e0mens 3av\" \/><meta itemprop=\"address\" content=\"2n batx ex\u00e0mens 3av\" \/><\/span><\/p>\n<div><\/div>\n<p> <a href=\"https:\/\/www.google.com\/calendar\/event?eid=NWdsc3RiM2o1ODVxaGdscHU1OTR1MTQ4a3NfMjAyNjA1MDcgY3J1c2Fmb250LmNhdF80ZWtsbnVocmsxdHAzYTgwZTNyZmM1cHVuMEBn&#038;ctz=Europe\/Madrid\" target=\"_blank\" >M\u00e9s detalls<\/a><\/p><\/div>\n\t<\/li>\n\t<li class=\"simcal-event simcal-events-calendar-661\" style=\"\" itemscope itemtype=\"http:\/\/schema.org\/Event\" data-start=\"1777932059\">\n\t\t<div class=\"simcal-event-details\"><p><strong><span class=\"simcal-event-title\" itemprop=\"name\">4t ESO Av expressi\u00f3 oral castell\u00e0 i catal\u00e0<\/span><\/strong><\/p>\n<p><span class=\"simcal-event-start simcal-event-start-date\" data-event-start=\"1777932059\" data-event-format=\"d\/m\/Y\" itemprop=\"startDate\" content=\"2026-05-05T00:00:59+02:00\">05\/05\/2026<\/span> - <span class=\"simcal-event-start simcal-event-end-date\" data-event-start=\"1779314341\" data-event-format=\"d\/m\/Y\" itemprop=\"endDate\" content=\"2026-05-20T23:59:01+02:00\">20\/05\/2026<\/span>&nbsp;@&nbsp;<br \/>\n <span class=\"simcal-event-address simcal-event-start-location\" itemprop=\"location\" itemscope itemtype=\"http:\/\/schema.org\/Place\"><meta itemprop=\"name\" content=\"4t ESO Av expressi\u00f3 oral castell\u00e0 i catal\u00e0\" \/><meta itemprop=\"address\" content=\"4t ESO Av expressi\u00f3 oral castell\u00e0 i catal\u00e0\" \/><\/span><\/p>\n<div><\/div>\n<p> <a href=\"https:\/\/www.google.com\/calendar\/event?eid=MmdscDFtZ2xiNGlrYzJmbmhjYTAyNWZrOTMgY3J1c2Fmb250LmNhdF9oZnU1MDJraWVybmFnODg4Zjgzbmc3dm02c0Bn&#038;ctz=Europe\/Madrid\" target=\"_blank\" >M\u00e9s detalls<\/a><\/p><\/div>\n\t<\/li>\n<\/ul>\n\n<\/dd>\n\t<dt class=\"simcal-day-label\" style=\"border-bottom: 1px solid #0988A9;\" ><span style=\"background-color: #0988A9; color: #ffffff;\"><span class=\"simcal-date-format\" data-date-format=\"d\/m\/Y\">08\/05\/2026<\/span> <\/span><\/dt>\n<dd class=\"simcal-weekday-5 simcal-past simcal-day simcal-day-has-events simcal-day-has-1-events simcal-events-calendar-723 simcal-day-has-events simcal-day-has-2-events simcal-events-calendar-723 simcal-events-calendar-661\" data-events-count=\"2\">\n\t<ul class=\"simcal-events\">\n\t<li class=\"simcal-event simcal-event-recurring simcal-events-calendar-723\" style=\"\" itemscope itemtype=\"http:\/\/schema.org\/Event\" data-start=\"1778104859\">\n\t\t<div class=\"simcal-event-details\"><p><strong><span class=\"simcal-event-title\" itemprop=\"name\">2n batx ex\u00e0mens 3av<\/span><\/strong><\/p>\n<p><span class=\"simcal-event-start simcal-event-start-date\" data-event-start=\"1778104859\" data-event-format=\"d\/m\/Y\" itemprop=\"startDate\" content=\"2026-05-07T00:00:59+02:00\">07\/05\/2026<\/span> - <span class=\"simcal-event-start simcal-event-end-date\" data-event-start=\"1778277541\" data-event-format=\"d\/m\/Y\" itemprop=\"endDate\" content=\"2026-05-08T23:59:01+02:00\">08\/05\/2026<\/span>&nbsp;@&nbsp;<br \/>\n <span class=\"simcal-event-address simcal-event-start-location\" itemprop=\"location\" itemscope itemtype=\"http:\/\/schema.org\/Place\"><meta itemprop=\"name\" content=\"2n batx ex\u00e0mens 3av\" \/><meta itemprop=\"address\" content=\"2n batx ex\u00e0mens 3av\" \/><\/span><\/p>\n<div><\/div>\n<p> <a href=\"https:\/\/www.google.com\/calendar\/event?eid=NWdsc3RiM2o1ODVxaGdscHU1OTR1MTQ4a3NfMjAyNjA1MDcgY3J1c2Fmb250LmNhdF80ZWtsbnVocmsxdHAzYTgwZTNyZmM1cHVuMEBn&#038;ctz=Europe\/Madrid\" target=\"_blank\" >M\u00e9s detalls<\/a><\/p><\/div>\n\t<\/li>\n\t<li class=\"simcal-event simcal-events-calendar-661\" style=\"\" itemscope itemtype=\"http:\/\/schema.org\/Event\" data-start=\"1777932059\">\n\t\t<div class=\"simcal-event-details\"><p><strong><span class=\"simcal-event-title\" itemprop=\"name\">4t ESO Av expressi\u00f3 oral castell\u00e0 i catal\u00e0<\/span><\/strong><\/p>\n<p><span class=\"simcal-event-start simcal-event-start-date\" data-event-start=\"1777932059\" data-event-format=\"d\/m\/Y\" itemprop=\"startDate\" content=\"2026-05-05T00:00:59+02:00\">05\/05\/2026<\/span> - <span class=\"simcal-event-start simcal-event-end-date\" data-event-start=\"1779314341\" data-event-format=\"d\/m\/Y\" itemprop=\"endDate\" content=\"2026-05-20T23:59:01+02:00\">20\/05\/2026<\/span>&nbsp;@&nbsp;<br \/>\n <span class=\"simcal-event-address simcal-event-start-location\" itemprop=\"location\" itemscope itemtype=\"http:\/\/schema.org\/Place\"><meta itemprop=\"name\" content=\"4t ESO Av expressi\u00f3 oral castell\u00e0 i catal\u00e0\" \/><meta itemprop=\"address\" content=\"4t ESO Av expressi\u00f3 oral castell\u00e0 i catal\u00e0\" \/><\/span><\/p>\n<div><\/div>\n<p> <a href=\"https:\/\/www.google.com\/calendar\/event?eid=MmdscDFtZ2xiNGlrYzJmbmhjYTAyNWZrOTMgY3J1c2Fmb250LmNhdF9oZnU1MDJraWVybmFnODg4Zjgzbmc3dm02c0Bn&#038;ctz=Europe\/Madrid\" target=\"_blank\" >M\u00e9s detalls<\/a><\/p><\/div>\n\t<\/li>\n<\/ul>\n\n<\/dd>\n<\/dl><div class=\"simcal-ajax-loader simcal-spinner-top\" style=\"display: none;\"><i class=\"simcal-icon-spinner simcal-icon-spin\"><\/i><\/div><\/div><\/div><\/div>\n","protected":false},"excerpt":{"rendered":"<p>\t\t\t\t\t&hellip;  <a href=\"https:\/\/agora.xtec.cat\/iesmiquelcrusafont\/linstitut\/calendari-del-curs\/\" title=\"Read Calendari del curs\">Llegeix m\u00e9s\u00bb<\/a><\/p>\n","protected":false},"author":1,"featured_media":0,"parent":19,"menu_order":70,"comment_status":"closed","ping_status":"closed","template":"page-templates\/side-menu.php","meta":{"_bbp_topic_count":0,"_bbp_reply_count":0,"_bbp_total_topic_count":0,"_bbp_total_reply_count":0,"_bbp_voice_count":0,"_bbp_anonymous_reply_count":0,"_bbp_topic_count_hidden":0,"_bbp_reply_count_hidden":0,"_bbp_forum_subforum_count":0,"footnotes":""},"class_list":["post-52","page","type-page","status-publish","hentry"],"post_mailing_queue_ids":[],"_links":{"self":[{"href":"https:\/\/agora.xtec.cat\/iesmiquelcrusafont\/wp-json\/wp\/v2\/pages\/52","targetHints":{"allow":["GET"]}}],"collection":[{"href":"https:\/\/agora.xtec.cat\/iesmiquelcrusafont\/wp-json\/wp\/v2\/pages"}],"about":[{"href":"https:\/\/agora.xtec.cat\/iesmiquelcrusafont\/wp-json\/wp\/v2\/types\/page"}],"author":[{"embeddable":true,"href":"https:\/\/agora.xtec.cat\/iesmiquelcrusafont\/wp-json\/wp\/v2\/users\/1"}],"replies":[{"embeddable":true,"href":"https:\/\/agora.xtec.cat\/iesmiquelcrusafont\/wp-json\/wp\/v2\/comments?post=52"}],"version-history":[{"count":3,"href":"https:\/\/agora.xtec.cat\/iesmiquelcrusafont\/wp-json\/wp\/v2\/pages\/52\/revisions"}],"predecessor-version":[{"id":722,"href":"https:\/\/agora.xtec.cat\/iesmiquelcrusafont\/wp-json\/wp\/v2\/pages\/52\/revisions\/722"}],"up":[{"embeddable":true,"href":"https:\/\/agora.xtec.cat\/iesmiquelcrusafont\/wp-json\/wp\/v2\/pages\/19"}],"wp:attachment":[{"href":"https:\/\/agora.xtec.cat\/iesmiquelcrusafont\/wp-json\/wp\/v2\/media?parent=52"}],"curies":[{"name":"wp","href":"https:\/\/api.w.org\/{rel}","templated":true}]}}