{"id":3307,"date":"2024-03-07T14:24:41","date_gmt":"2024-03-07T13:24:41","guid":{"rendered":"https:\/\/agora.xtec.cat\/iesmiquelcrusafont\/?page_id=3307"},"modified":"2026-02-17T12:29:58","modified_gmt":"2026-02-17T11:29:58","slug":"informacio-preinscripcio-2023-2024","status":"publish","type":"page","link":"https:\/\/agora.xtec.cat\/iesmiquelcrusafont\/secretaria\/informacio-preinscripcio-2023-2024\/","title":{"rendered":"PREINSCRIPCI\u00d3 2026-2027"},"content":{"rendered":"<p><span style=\"color: #ff0000;\"><strong>Per\u00edode inscripci\u00f3 ESO:<\/strong><\/span> del 6 al 18 de mar\u00e7 de 2026<\/p>\n<p><span style=\"color: #ff0000;\"><strong>Per\u00edode inscripci\u00f3 Batxillerat<\/strong>: <span style=\"color: #000000;\">del 9 al 16 d&#8217;abril<\/span><\/span><\/p>\n<p><strong>Sol\u00b7licitud:<\/strong> <a href=\"https:\/\/preinscripcio.gencat.cat\/ca\/inici\/\">https:\/\/preinscripcio.gencat.cat\/ca\/inici\/<\/a><\/p>\n<p>Aquesta p\u00e0gina permet canviar l\u2019idioma (a dalt, on posa CA hi ha un desplegable per altres lleng\u00fces)<\/p>\n<ul>\n<li>Totes les sol\u00b7licituds s\u00f3n en format telem\u00e0tic, per tant, <u>no hi ha la possibilitat de full de preinscripci\u00f3 en paper<\/u>.<\/li>\n<li>No cal lliurar cap documentaci\u00f3 presencialment al centre educatiu que indiqueu en primera opci\u00f3.<\/li>\n<li>Hi ha dos tipus de sol\u00b7licitud:<\/li>\n<\/ul>\n<p>o <u>Electr\u00f2nica<\/u>: cal identificaci\u00f3 digital<\/p>\n<p>o <u>Suport inform\u00e0tic<\/u>: sense identificaci\u00f3 digital<\/p>\n<p><strong>Qu\u00e8 em cal per omplir la sol\u00b7licitud? <\/strong><\/p>\n<p>Hi ha dues opcions:<\/p>\n<ol>\n<li><u>SOL\u00b7LICITUD ELECTR\u00d2NICA<\/u>: Mitjan\u00e7ant certificat digital, com DNI electr\u00f2nic, Cl@ve, IdCat, etc. Si no es disposa de cap certificat, us en podeu generar un de forma f\u00e0cil, l\u2019<strong>idCat M\u00f2bil<\/strong>, us expliquem com:<\/li>\n<\/ol>\n<p>Cal complir els requisits seg\u00fcents:<\/p>\n<ul>\n<li>Ser major de 16 anys<\/li>\n<li>Disposar de DNI\/NIE\/Passaport\/Doc identificador d\u2019un pa\u00eds de la UE o targeta de resid\u00e8ncia comunit\u00e0ria<\/li>\n<li>Disposar d\u2019adre\u00e7a de correu electr\u00f2nic i un tel\u00e8fon m\u00f2bil a efectes d\u2019identificaci\u00f3 i contacte<\/li>\n<li>Targeta sanit\u00e0ria per la teva identificaci\u00f3<\/li>\n<\/ul>\n<p>Accediu a l\u2019adre\u00e7a https:\/\/idcatmobil.seu.cat\/ i trobareu les instruccions pas a pas de com fer-ho.<\/p>\n<p>Per utilitzar l<strong>\u2019idCAT M\u00f2bil<\/strong> nom\u00e9s cal introduir el n\u00famero de document d\u2019identitat i el n\u00famero de tel\u00e8fon m\u00f2bil en el web on calgui identificar-se electr\u00f2nicament per fer un tr\u00e0mit. Tot seguit es rep un missatge al tel\u00e8fon, que cont\u00e9 una clau d\u2019acc\u00e9s per introduir-la en el web. En aquest cas, al tr\u00e0mit de sol\u00b7licitud de preinscripci\u00f3.<\/p>\n<p>Una vegada identificats, caldr\u00e0 entrar el n\u00famero d\u2019identificaci\u00f3 de l\u2019alumne\/a (IDALU) que us proporcionar\u00e0 l\u2019escola on est\u00e0 matriculat per poder recuperar les seves dades personals i acad\u00e8miques, omplir les prefer\u00e8ncies i enviar la sol\u00b7licitud. En la majoria de casos no caldr\u00e0 fer res m\u00e9s ni adjuntar cap tipus de documentaci\u00f3, donat que s\u2019haur\u00e0 fet l\u2019intercanvi de validaci\u00f3 de les vostres dades amb totes les administracions implicades.<\/p>\n<p>&nbsp;<\/p>\n<ol start=\"2\">\n<li><u>SOL\u00b7LICITUD EN SUPORT INFORM\u00c0TIC<\/u>: Caldr\u00e0 identificar l\u2019alumne\/a amb el seu <em>n\u00fam. d\u2019Identificaci\u00f3 d\u2019alumne<\/em> i omplir el formulari, a l\u2019enviar-ho es far\u00e0 l\u2019intercanvi de dades amb les administracions implicades i adjuntar escanejada o fotografiada la documentaci\u00f3 d\u2019identificaci\u00f3 i filiaci\u00f3 (DNI, llibre de fam\u00edlia, etc), juntament amb la que al\u00b7legueu a efectes de barems i que no s\u2019hagi pogut validar.<\/li>\n<\/ol>\n<p><strong>Puc presentar dues sol\u00b7licituds a dos centres diferents per uns mateixos estudis?<\/strong> <u>No, en cap cas<\/u>. S\u2019ha de presentar una sola sol\u00b7licitud i indicar-hi per ordre de prefer\u00e8ncia els diferents centres als que us interessa inscriure la vostra filla o fill, siguin p\u00fablics o concertats.<\/p>\n<p><strong>Si tinc dubtes omplint la sol\u00b7licitud on em puc adre\u00e7ar?<\/strong> Podeu posar-vos en contacte telef\u00f2nic amb el centre que escolliu inscriure el vostre fill o filla en primera opci\u00f3, en horari d\u2019oficina (de 9 a 14h), i us ajudaran a complimentar el proc\u00e9s. Tamb\u00e9 podeu consultar els dubtes a la p\u00e0gina de la Gencat https:\/\/preinscripcio.gencat.cat\/ca\/estudis\/eso\/ajuda\/dubtes-temes\/<\/p>\n<p><strong>Com puc saber els criteris pels barems i la seva puntuaci\u00f3?<\/strong> Trobareu tota la informaci\u00f3 sobre criteris, calendari i la resta d\u2019informaci\u00f3 respecte el proc\u00e9s de preinscripci\u00f3 a la p\u00e0gina web <a href=\"https:\/\/preinscripcio.gencat.cat\/ca\/inici\">https:\/\/preinscripcio.gencat.cat\/ca\/inici<\/a><\/p>\n<p>&nbsp;<\/p>\n<p><span style=\"text-decoration: underline;\"><strong>CONSIDERACIONS:<\/strong><\/span><\/p>\n<ul>\n<li><u>Centre adscrit<\/u>: Ve d\u2019un centre adscrit tot aquell alumnat de les seg\u00fcents escoles:<\/li>\n<\/ul>\n<p>Escola Arraona<\/p>\n<p>Escola Cifuentes<\/p>\n<ul>\n<li><u>Domicili familiar o del lloc de treball: <\/u><\/li>\n<\/ul>\n<p>Domicili familiar dins la zona preferent<\/p>\n<p>Lloc de treball del pare, la mare o tutor legal dins la zona (si viu fora de la zona)<\/p>\n<p>Domicili familiar dins el municipi per\u00f2 fora de la zona preferent<\/p>\n<p>Domicili familiar fora del municipi<\/p>\n<ul>\n<li><u>Nova incorporaci\u00f3 al sistema educatiu<\/u>: nom\u00e9s afecta a alumnat provinent de fora de Catalunya o que hi porta menys de 2 anys.<\/li>\n<li><u>Germans al centre<\/u>: Si un alumne o una alumna sol\u00b7licitant t\u00e9 un germ\u00e0 o germana escolaritzat, \u00e9s a dir, matriculat i que assisteix al centre en el moment de la preinscripci\u00f3, en qualsevol dels ensenyaments que el centre imparteixi, se li ha de comptar 50 punts per\u00a0 tenir germans o germanes al centre.<\/li>\n<\/ul>\n<p>Els fills i filles no comuns de parelles estables que formen una fam\u00edlia reconstitu\u00efda i viuen en el nucli familiar es consideren germans o germanes a l&#8217;efecte d&#8217;aplicar el criteri general de barem de germans al centre.<\/p>\n<p>S&#8217;ent\u00e9n que una parella \u00e9s estable si est\u00e0 casada, est\u00e0 inscrita en el Registre de parelles de fet o conviu des de fa un m\u00ednim de 2 anys. S&#8217;acredita, respectivament, amb el llibre de fam\u00edlia, el certificat d&#8217;inscripci\u00f3 al registre de parelles de fet o el certificat de conviv\u00e8ncia hist\u00f2ric on es constati que la parella conviu des de fa un m\u00ednim de 2 anys.<\/p>\n<p>Els progenitors han de tenir la guarda i cust\u00f2dia dels fills i filles i aquests han de conviure amb la parella. La filiaci\u00f3 s&#8217;acredita amb el llibre de fam\u00edlia, la guarda i cust\u00f2dia amb el conveni regulador de la separaci\u00f3 o del divorci i la conviv\u00e8ncia amb la parella amb un certificat de conviv\u00e8ncia.<\/p>\n<p>En cas que no es tracti de cap dels sup\u00f2sits descrits, no es considera fam\u00edlia reconstitu\u00efda i no es pot aplicar la consideraci\u00f3 de germ\u00e0 o germana a efectes de barem.<\/p>\n<p><span style=\"text-decoration: underline;\"><strong>INFORMACIONS I\/O RECOMANACIONS:<\/strong><\/span><\/p>\n<ul>\n<li>Tenir fotografiada o escanejada la documentaci\u00f3 en el mateix dispositiu des d\u2019on es fa la sol\u00b7licitud.<\/li>\n<li>El codi de centre del nostre Institut \u00e9s <strong>08053200<\/strong>, el necessitareu per indicar a quin centre voleu preinscriure-us.<\/li>\n<li>Demaneu al vostre centre actual el <em>N\u00fam. d\u2019Identificaci\u00f3 de l\u2019alumne<\/em> (IDALU) per poder lligar la sol\u00b7licitud al seu expedient acad\u00e8mic i personal. El podeu trobar f\u00e0cilment en el butllet\u00ed de notes<\/li>\n<li>Cenyiu-vos al calendari establert, lliurar la sol\u00b7licitud o la documentaci\u00f3 fora de termini us fa perdre tots els drets d\u2019adscripci\u00f3 amb el risc que aix\u00f2 comporta de quedar-se sense pla\u00e7a al centre.<\/li>\n<\/ul>\n","protected":false},"excerpt":{"rendered":"<p>Per\u00edode inscripci\u00f3 ESO: del 6 al 18 de mar\u00e7 de 2026<br \/>\nPer\u00edode inscripci\u00f3 Batxillerat: del 9 al 16 d&#8217;abril<br \/>\nSol\u00b7licitud: <a href=\"https:\/\/preinscripcio.gencat.cat\/ca\/inici\/\">https:\/\/preinscripcio.gencat.cat\/ca\/inici\/<\/a><br \/>\nAquesta p\u00e0gina permet canviar l\u2019idioma (a dalt, on posa CA hi ha un desplegable per altres lleng\u00fces)<\/p>\n<ul>\n<li>Totes les sol\u00b7licituds s\u00f3n en format telem\u00e0tic, per tant, no&hellip;  <a href=\"https:\/\/agora.xtec.cat\/iesmiquelcrusafont\/secretaria\/informacio-preinscripcio-2023-2024\/\" title=\"Read PREINSCRIPCI\u00d3 2026-2027\">Llegeix m\u00e9s\u00bb<\/a><br \/>\n","protected":false},"author":1,"featured_media":0,"parent":81,"menu_order":10,"comment_status":"closed","ping_status":"closed","template":"page-templates\/side-menu.php","meta":{"_bbp_topic_count":0,"_bbp_reply_count":0,"_bbp_total_topic_count":0,"_bbp_total_reply_count":0,"_bbp_voice_count":0,"_bbp_anonymous_reply_count":0,"_bbp_topic_count_hidden":0,"_bbp_reply_count_hidden":0,"_bbp_forum_subforum_count":0,"footnotes":""},"class_list":["post-3307","page","type-page","status-publish","hentry"],"post_mailing_queue_ids":[],"_links":{"self":[{"href":"https:\/\/agora.xtec.cat\/iesmiquelcrusafont\/wp-json\/wp\/v2\/pages\/3307","targetHints":{"allow":["GET"]}}],"collection":[{"href":"https:\/\/agora.xtec.cat\/iesmiquelcrusafont\/wp-json\/wp\/v2\/pages"}],"about":[{"href":"https:\/\/agora.xtec.cat\/iesmiquelcrusafont\/wp-json\/wp\/v2\/types\/page"}],"author":[{"embeddable":true,"href":"https:\/\/agora.xtec.cat\/iesmiquelcrusafont\/wp-json\/wp\/v2\/users\/1"}],"replies":[{"embeddable":true,"href":"https:\/\/agora.xtec.cat\/iesmiquelcrusafont\/wp-json\/wp\/v2\/comments?post=3307"}],"version-history":[{"count":6,"href":"https:\/\/agora.xtec.cat\/iesmiquelcrusafont\/wp-json\/wp\/v2\/pages\/3307\/revisions"}],"predecessor-version":[{"id":4528,"href":"https:\/\/agora.xtec.cat\/iesmiquelcrusafont\/wp-json\/wp\/v2\/pages\/3307\/revisions\/4528"}],"up":[{"embeddable":true,"href":"https:\/\/agora.xtec.cat\/iesmiquelcrusafont\/wp-json\/wp\/v2\/pages\/81"}],"wp:attachment":[{"href":"https:\/\/agora.xtec.cat\/iesmiquelcrusafont\/wp-json\/wp\/v2\/media?parent=3307"}],"curies":[{"name":"wp","href":"https:\/\/api.w.org\/{rel}","templated":true}]}}