{"id":7336,"date":"2021-09-15T14:19:05","date_gmt":"2021-09-15T12:19:05","guid":{"rendered":"https:\/\/agora.xtec.cat\/iesmiquelbosch\/?page_id=7336"},"modified":"2026-04-07T09:52:58","modified_gmt":"2026-04-07T07:52:58","slug":"impresos-de-sollicitud-de-tramits","status":"publish","type":"page","link":"https:\/\/agora.xtec.cat\/iesmiquelbosch\/qui-som\/secretaria\/impresos-de-sollicitud-de-tramits\/","title":{"rendered":"Impresos de sol\u00b7licitud de tr\u00e0mits"},"content":{"rendered":"<header class=\"entry-header\">\n<pre class=\"entry-title\"><\/pre>\n<\/header>\n<div class=\"entry-content\">\n<table style=\"width: 92.357%; height: 969px;\">\n<tbody>\n<tr style=\"height: 96px;\">\n<td style=\"background-color: #087eb6; width: 203.212%; height: 18px;\" colspan=\"2\">\n<h3 class=\"entry-title\" style=\"text-align: center;\"><strong><span style=\"color: #ffffff;\">IMPRESOS DE SOL\u00b7LICITUD DE TR\u00c0MITS DIVERSOS<\/span><\/strong><\/h3>\n<\/td>\n<\/tr>\n<tr style=\"height: 25px;\">\n<td style=\"width: 203.212%; height: 25px; background-color: #0eb1ff;\" colspan=\"2\">\n<h4 class=\"entry-title\" style=\"text-align: center;\"><span style=\"color: #ffffff;\"><strong>SOL\u00b7LICITUD TRANSPORT ESCOLAR CURS 26-27<\/strong><\/span><\/h4>\n<\/td>\n<\/tr>\n<tr style=\"height: 81px;\">\n<td style=\"width: 8.84487%; height: 59px;\"><img loading=\"lazy\" decoding=\"async\" class=\"wp-image-7032 aligncenter\" style=\"font-size: 12.25px;\" src=\"https:\/\/agora.xtec.cat\/iesmiquelbosch\/wp-content\/uploads\/usu626\/2021\/05\/M%C3%A0-dreta.png\" sizes=\"auto, (max-width: 21px) 100vw, 21px\" srcset=\"https:\/\/agora.xtec.cat\/iesmiquelbosch\/wp-content\/uploads\/usu626\/2021\/05\/M\u00e0-dreta.png 512w, https:\/\/agora.xtec.cat\/iesmiquelbosch\/wp-content\/uploads\/usu626\/2021\/05\/M\u00e0-dreta-150x150.png 150w, https:\/\/agora.xtec.cat\/iesmiquelbosch\/wp-content\/uploads\/usu626\/2021\/05\/M\u00e0-dreta-300x300.png 300w\" alt=\"\" width=\"40\" height=\"40\" \/><\/td>\n<td style=\"width: 194.367%; height: 59px;\">S\u2019obre el per\u00edode de sol\u00b7licituds de transport escolar, per als alumnes d\u2019ESO i Batxillerat pel curs 26-27<\/td>\n<\/tr>\n<tr style=\"height: 122px;\">\n<td style=\"width: 8.84487%; height: 122px;\"><a href=\"https:\/\/agora.xtec.cat\/iesmiquelbosch\/wp-content\/uploads\/usu626\/2021\/05\/Calendari.png\"><img loading=\"lazy\" decoding=\"async\" class=\"wp-image-7036 aligncenter\" src=\"https:\/\/agora.xtec.cat\/iesmiquelbosch\/wp-content\/uploads\/usu626\/2021\/05\/Calendari-150x150.png\" alt=\"\" width=\"64\" height=\"64\" \/><\/a><\/td>\n<td style=\"width: 194.367%; height: 122px;\"><strong>Termini<\/strong><\/p>\n<p>Sol\u00b7licitud matr\u00edcula nova per ESO:\u00a0 fins al 28 de juny de 2023<br \/>\nSol\u00b7licitud de continu\u00eftat al centre ESO: fins al 11 de juny de 2023<br \/>\nSol\u00b7licituds places vacants ESO i Batxillerat: fins al 3 juliol de 2023<\/td>\n<\/tr>\n<tr style=\"height: 199px;\">\n<td style=\"width: 8.84487%; height: 199px;\"><a href=\"https:\/\/agora.xtec.cat\/iesmiquelbosch\/wp-content\/uploads\/usu626\/2021\/07\/Ordinador.png\"><img loading=\"lazy\" decoding=\"async\" class=\"wp-image-7062 aligncenter\" src=\"https:\/\/agora.xtec.cat\/iesmiquelbosch\/wp-content\/uploads\/usu626\/2021\/07\/Ordinador-150x150.png\" alt=\"\" width=\"92\" height=\"92\" \/><\/a><\/td>\n<td style=\"width: 194.367%; height: 199px;\"><strong>Com<\/strong><\/p>\n<p><strong>Sol\u00b7licitud telem\u00e0tica<\/strong><\/p>\n<p>Us recomanem que quan feu la sol\u00b7licitud telem\u00e0tica, amb registre electr\u00f2nic, ho feu mitjan\u00e7ant certificat digital o amb idCatm\u00f2bil. L\u2019institut no recollir\u00e0 cap sol\u00b7licitud de transport.<\/p>\n<p>Tutorial per demanar idCatm\u00f2bil:\u00a0<a href=\"https:\/\/agora.xtec.cat\/iesmiquelbosch\/wp-content\/uploads\/usu626\/2021\/05\/Instruccions-IDCAT-transport-escolar.pdf\">Instruccions IDCAT \u2013 transport escolar<\/a><\/td>\n<\/tr>\n<tr style=\"height: 119px;\">\n<td style=\"width: 8.84487%; height: 119px;\"><a href=\"https:\/\/agora.xtec.cat\/iesmiquelbosch\/wp-content\/uploads\/usu626\/2021\/05\/Enlla%C3%A7.png\"><img loading=\"lazy\" decoding=\"async\" class=\"wp-image-7037 aligncenter\" src=\"https:\/\/agora.xtec.cat\/iesmiquelbosch\/wp-content\/uploads\/usu626\/2021\/05\/Enlla%C3%A7-150x150.png\" sizes=\"auto, (max-width: 150px) 100vw, 150px\" srcset=\"https:\/\/agora.xtec.cat\/iesmiquelbosch\/wp-content\/uploads\/usu626\/2021\/05\/Enlla\u00e7-150x150.png 150w, https:\/\/agora.xtec.cat\/iesmiquelbosch\/wp-content\/uploads\/usu626\/2021\/05\/Enlla\u00e7.png 225w\" alt=\"\" width=\"62\" height=\"62\" \/><\/a><\/td>\n<td style=\"width: 194.367%; height: 119px;\"><strong>On<\/strong><\/p>\n<p>Per sol\u00b7licitar transport escolar, entreu aqu\u00ed:\u00a0<a href=\"https:\/\/www.ccbages.cat\/educacioicultura\/educacio\/transport\/\">https:\/\/www.ccbages.cat\/educacioicultura\/educacio\/transport\/<\/a><\/td>\n<\/tr>\n<tr style=\"height: 33px;\">\n<td style=\"width: 203.212%; height: 33px; background-color: #0eb1ff;\" colspan=\"2\">\n<h4 style=\"text-align: center;\"><span style=\"color: #ffffff;\"><strong>ALTRES TR\u00c0MITS<\/strong><\/span><\/h4>\n<\/td>\n<\/tr>\n<tr style=\"height: 76px;\">\n<td style=\"width: 8.84487%; height: 76px;\"><a href=\"https:\/\/agora.xtec.cat\/iesmiquelbosch\/wp-content\/uploads\/usu626\/2021\/09\/twocirclingarrows_120593.png\"><img loading=\"lazy\" decoding=\"async\" class=\"wp-image-7413 aligncenter\" src=\"https:\/\/agora.xtec.cat\/iesmiquelbosch\/wp-content\/uploads\/usu626\/2021\/09\/twocirclingarrows_120593-300x300.png\" alt=\"\" width=\"59\" height=\"59\" srcset=\"https:\/\/agora.xtec.cat\/iesmiquelbosch\/wp-content\/uploads\/usu626\/2021\/09\/twocirclingarrows_120593-300x300.png 300w, https:\/\/agora.xtec.cat\/iesmiquelbosch\/wp-content\/uploads\/usu626\/2021\/09\/twocirclingarrows_120593-150x150.png 150w, https:\/\/agora.xtec.cat\/iesmiquelbosch\/wp-content\/uploads\/usu626\/2021\/09\/twocirclingarrows_120593.png 512w\" sizes=\"auto, (max-width: 59px) 100vw, 59px\" \/><\/a><\/td>\n<td style=\"width: 194.367%; height: 76px;\"><a href=\"https:\/\/agora.xtec.cat\/iesmiquelbosch\/wp-content\/uploads\/usu626\/2021\/09\/Sollicitud-Instancia-modalitat-materia-optativa-1.pdf\" target=\"_blank\" rel=\"noopener\">Sol\u00b7licitud canvi de mat\u00e8ria optativa o de modalitat<\/a><\/p>\n<p>El termini per sol\u00b7licitar aquest canvi finalitza al cap d&#8217;un mes d&#8217;haver iniciat les classes<\/td>\n<\/tr>\n<tr style=\"height: 68px;\">\n<td style=\"width: 8.84487%; height: 68px;\"><a href=\"https:\/\/agora.xtec.cat\/iesmiquelbosch\/wp-content\/uploads\/usu626\/2021\/09\/figma_flatten_selection_icon_155411.png\"><img loading=\"lazy\" decoding=\"async\" class=\"wp-image-7412 aligncenter\" src=\"https:\/\/agora.xtec.cat\/iesmiquelbosch\/wp-content\/uploads\/usu626\/2021\/09\/figma_flatten_selection_icon_155411.png\" alt=\"\" width=\"51\" height=\"51\" \/><\/a><\/td>\n<td style=\"width: 194.367%; height: 68px;\"><a href=\"https:\/\/agora.xtec.cat\/iesmiquelbosch\/wp-content\/uploads\/usu626\/2021\/09\/Sollicitud-baixa-academica-1.pdf\" target=\"_blank\" rel=\"noopener\">Sol\u00b7licitud baixa del centre<\/a><\/td>\n<\/tr>\n<tr style=\"height: 87px;\">\n<td style=\"width: 8.84487%; height: 87px;\"><a href=\"https:\/\/agora.xtec.cat\/iesmiquelbosch\/wp-content\/uploads\/usu626\/2021\/09\/1490128088-recognition01_82111.png\"><img loading=\"lazy\" decoding=\"async\" class=\"wp-image-7414 aligncenter\" src=\"https:\/\/agora.xtec.cat\/iesmiquelbosch\/wp-content\/uploads\/usu626\/2021\/09\/1490128088-recognition01_82111-150x150.png\" alt=\"\" width=\"70\" height=\"70\" srcset=\"https:\/\/agora.xtec.cat\/iesmiquelbosch\/wp-content\/uploads\/usu626\/2021\/09\/1490128088-recognition01_82111-150x150.png 150w, https:\/\/agora.xtec.cat\/iesmiquelbosch\/wp-content\/uploads\/usu626\/2021\/09\/1490128088-recognition01_82111-300x300.png 300w, https:\/\/agora.xtec.cat\/iesmiquelbosch\/wp-content\/uploads\/usu626\/2021\/09\/1490128088-recognition01_82111.png 512w\" sizes=\"auto, (max-width: 70px) 100vw, 70px\" \/><\/a><\/td>\n<td style=\"width: 194.367%; height: 87px;\"><a href=\"https:\/\/agora.xtec.cat\/iesmiquelbosch\/wp-content\/uploads\/usu626\/2023\/06\/Sollicitud_de_reconeixement_B2_C1.pdf\">Sol\u00b7licitud reconeixement equival\u00e8ncia nivell B2 o C1 de llengua catalana per escolaritat reglada no universit\u00e0ria<\/a><\/p>\n<p><a href=\"https:\/\/agora.xtec.cat\/iesmiquelbosch\/wp-content\/uploads\/usu626\/2023\/06\/Informacio_i_requisits_sollicitar_B2_C1.pdf\">Informaci\u00f3_i_requisits_sol\u00b7licitar_B2_C1<\/a><\/td>\n<\/tr>\n<tr style=\"height: 82px;\">\n<td style=\"width: 8.84487%; height: 82px;\"><a href=\"https:\/\/agora.xtec.cat\/iesmiquelbosch\/wp-content\/uploads\/usu626\/2022\/09\/cerrar-sesion.png\"><img loading=\"lazy\" decoding=\"async\" class=\"wp-image-9411 aligncenter\" src=\"https:\/\/agora.xtec.cat\/iesmiquelbosch\/wp-content\/uploads\/usu626\/2022\/09\/cerrar-sesion-150x150.png\" alt=\"\" width=\"56\" height=\"56\" srcset=\"https:\/\/agora.xtec.cat\/iesmiquelbosch\/wp-content\/uploads\/usu626\/2022\/09\/cerrar-sesion-150x150.png 150w, https:\/\/agora.xtec.cat\/iesmiquelbosch\/wp-content\/uploads\/usu626\/2022\/09\/cerrar-sesion-300x300.png 300w, https:\/\/agora.xtec.cat\/iesmiquelbosch\/wp-content\/uploads\/usu626\/2022\/09\/cerrar-sesion.png 512w\" sizes=\"auto, (max-width: 56px) 100vw, 56px\" \/><\/a><\/td>\n<td style=\"width: 194.367%; height: 82px;\">Sol\u00b7licitud sortida del centre durant els patis:<\/p>\n<ul>\n<li><a href=\"https:\/\/agora.xtec.cat\/iesmiquelbosch\/wp-content\/uploads\/usu626\/2022\/09\/Autoritzacio-pati-3ESO-22_23.pdf\" target=\"_blank\" rel=\"noopener\">alumnat de 3r d&#8217;ESO<\/a><\/li>\n<li><a href=\"https:\/\/agora.xtec.cat\/iesmiquelbosch\/wp-content\/uploads\/usu626\/2022\/09\/Autoritzacio-pati-4tESO-22_23.pdf\" target=\"_blank\" rel=\"noopener\">alumnat de 4t d&#8217;ESO<\/a><\/li>\n<\/ul>\n<\/td>\n<\/tr>\n<tr style=\"height: 81px;\">\n<td style=\"width: 8.84487%; height: 81px;\"><a href=\"https:\/\/agora.xtec.cat\/iesmiquelbosch\/wp-content\/uploads\/usu626\/2021\/09\/figma_reset_instance_icon_155410-1.png\"><img loading=\"lazy\" decoding=\"async\" class=\"size-full wp-image-7411 aligncenter\" src=\"https:\/\/agora.xtec.cat\/iesmiquelbosch\/wp-content\/uploads\/usu626\/2021\/09\/figma_reset_instance_icon_155410-1.png\" alt=\"\" width=\"64\" height=\"64\" \/><\/a><\/td>\n<td style=\"width: 194.367%; height: 81px;\"><a href=\"https:\/\/agora.xtec.cat\/iesmiquelbosch\/wp-content\/uploads\/usu626\/2021\/09\/Instancia-1.pdf\" target=\"_blank\" rel=\"noopener\">Inst\u00e0ncia (per sol\u00b7licituds en general)<\/a><\/td>\n<\/tr>\n<\/tbody>\n<\/table>\n<\/div>\n","protected":false},"excerpt":{"rendered":"<p>IMPRESOS DE SOL\u00b7LICITUD DE TR\u00c0MITS DIVERSOS<\/p>\n<p>SOL\u00b7LICITUD TRANSPORT ESCOLAR CURS 26-27<\/p>\n<p>S\u2019obre el per\u00edode de sol\u00b7licituds de transport escolar, per als alumnes d\u2019ESO i Batxillerat pel curs 26-27<\/p>\n<p><a href=\"https:\/\/agora.xtec.cat\/iesmiquelbosch\/wp-content\/uploads\/usu626\/2021\/05\/Calendari.png\"><\/a><br \/>\nTermini<br \/>\nSol\u00b7licitud matr\u00edcula nova per ESO:\u00a0 fins al 28 de juny de 2023<br \/>\nSol\u00b7licitud de continu\u00eftat al centre ESO: fins al&hellip;  <a href=\"https:\/\/agora.xtec.cat\/iesmiquelbosch\/qui-som\/secretaria\/impresos-de-sollicitud-de-tramits\/\" title=\"Read Impresos de sol\u00b7licitud de tr\u00e0mits\">Llegeix m\u00e9s\u00bb<\/a><\/p>\n","protected":false},"author":1,"featured_media":0,"parent":7095,"menu_order":0,"comment_status":"closed","ping_status":"closed","template":"page-templates\/side-menu.php","meta":{"_bbp_topic_count":0,"_bbp_reply_count":0,"_bbp_total_topic_count":0,"_bbp_total_reply_count":0,"_bbp_voice_count":0,"_bbp_anonymous_reply_count":0,"_bbp_topic_count_hidden":0,"_bbp_reply_count_hidden":0,"_bbp_forum_subforum_count":0,"footnotes":""},"class_list":["post-7336","page","type-page","status-publish","hentry"],"post_mailing_queue_ids":[],"_links":{"self":[{"href":"https:\/\/agora.xtec.cat\/iesmiquelbosch\/wp-json\/wp\/v2\/pages\/7336","targetHints":{"allow":["GET"]}}],"collection":[{"href":"https:\/\/agora.xtec.cat\/iesmiquelbosch\/wp-json\/wp\/v2\/pages"}],"about":[{"href":"https:\/\/agora.xtec.cat\/iesmiquelbosch\/wp-json\/wp\/v2\/types\/page"}],"author":[{"embeddable":true,"href":"https:\/\/agora.xtec.cat\/iesmiquelbosch\/wp-json\/wp\/v2\/users\/1"}],"replies":[{"embeddable":true,"href":"https:\/\/agora.xtec.cat\/iesmiquelbosch\/wp-json\/wp\/v2\/comments?post=7336"}],"version-history":[{"count":4,"href":"https:\/\/agora.xtec.cat\/iesmiquelbosch\/wp-json\/wp\/v2\/pages\/7336\/revisions"}],"predecessor-version":[{"id":15132,"href":"https:\/\/agora.xtec.cat\/iesmiquelbosch\/wp-json\/wp\/v2\/pages\/7336\/revisions\/15132"}],"up":[{"embeddable":true,"href":"https:\/\/agora.xtec.cat\/iesmiquelbosch\/wp-json\/wp\/v2\/pages\/7095"}],"wp:attachment":[{"href":"https:\/\/agora.xtec.cat\/iesmiquelbosch\/wp-json\/wp\/v2\/media?parent=7336"}],"curies":[{"name":"wp","href":"https:\/\/api.w.org\/{rel}","templated":true}]}}