{"id":7073,"date":"2021-07-14T13:44:33","date_gmt":"2021-07-14T11:44:33","guid":{"rendered":"http:\/\/agora.xtec.cat\/iesmiquelbosch\/?page_id=7073"},"modified":"2026-07-22T18:59:08","modified_gmt":"2026-07-22T16:59:08","slug":"preinscripcio-i-matricula-eso","status":"publish","type":"page","link":"https:\/\/agora.xtec.cat\/iesmiquelbosch\/qui-som\/secretaria\/preinscripcio-i-matricula-eso\/","title":{"rendered":"Preinscripci\u00f3 i matr\u00edcula ESO 26-27"},"content":{"rendered":"\n<h2 class=\"wp-block-heading has-text-align-center has-white-color has-ast-global-color-1-background-color has-text-color has-background has-link-color wp-elements-14303cd44b500d1cc8a51e00fb783bde\">Preinscripci\u00f3 i matr\u00edcula ESO 26-27<\/h2>\n\n\n\n<p><strong>Informaci\u00f3 per fer la preinscripci\u00f3 i la matr\u00edcula d&#8217;ESO pel curs 26-27<\/strong><\/p>\n\n\n\n<h2 class=\"wp-block-heading has-text-align-center has-white-color has-ast-global-color-0-background-color has-text-color has-background has-link-color wp-elements-6e7d1154a0ef1f94a66223399bc722e2\">Preinscripci\u00f3 ESO 26-27<\/h2>\n\n\n\n<div class=\"wp-block-buttons is-content-justification-center is-layout-flex wp-container-core-buttons-is-layout-1 wp-block-buttons-is-layout-flex\">\n<div class=\"wp-block-button is-style-fill\"><a class=\"wp-block-button__link has-white-color has-ast-global-color-1-background-color has-text-color has-background has-link-color wp-element-button\"><strong>ALUMNES NOUS AL CENTRE<\/strong><\/a><\/div>\n<\/div>\n\n\n\n<p><span style=\"text-decoration: underline;\"><strong>Per\u00edode de preinscripci\u00f3<\/strong><\/span><br>Del 6 al 18 de mar\u00e7 de 2026<\/p>\n<hr>\n<p><span style=\"text-decoration: underline;\"><strong>Com fer la preinscripci\u00f3<br><\/strong><\/span>Les sol\u00b7licituds de preinscripci\u00f3 s\u00f3n en <strong>format telem\u00e0tic<\/strong>. No hi ha full de preinscripci\u00f3 en paper. Tampoc cal lliurar cap document presencialment a l\u2019institut. La persona sol\u00b7licitant <span style=\"color: #ff0000;\"><strong>SEMPRE<\/strong><\/span> \u00e9s l&#8217;alumne\/a, malgrat s&#8217;identifiquin amb un certificat digital d&#8217;algun dels progenitors o tutors.<\/p>\n<p>En aquest enlla\u00e7 trobareu m\u00e9s informaci\u00f3:&nbsp;<a href=\"https:\/\/preinscripcio.gencat.cat\/ca\/estudis\/eso\/inici\/\">https:\/\/preinscripcio.gencat.cat\/ca\/estudis\/eso\/inici\/<\/a><br><br>Heu de fer dos tr\u00e0mits:<br><span style=\"background-color: rgba(0, 0, 0, 0); font-size: 1rem; font-weight: inherit;\">1. Sol\u00b7licitar la preinscripci\u00f3:&nbsp;<\/span><a href=\"https:\/\/preinscripcio.gencat.cat\/ca\/estudis\/eso\/preinscriute\/sollicitud\/\">https:\/\/preinscripcio.gencat.cat\/ca\/estudis\/eso\/preinscriute\/sollicitud\/<\/a><\/p>\n<p>Si no teniu Certificat digital, feu-vos <strong style=\"font-family: inherit; font-size: 1em;\">&nbsp;L\u2019IDCAT M\u00d2BIL.&nbsp;&nbsp;<\/strong><i style=\"font-family: inherit; font-size: 1em;\">Podreu presentar la sol\u00b7licitud electr\u00f2nica, i moltes dades de l\u2019alumne\/a s\u2019ompliran autom\u00e0ticament <\/i><i style=\"font-family: inherit; font-size: 1em;\">i no caldr\u00e0 que adjunteu documentaci\u00f3.&nbsp;<\/i><b style=\"font-family: inherit; font-size: 1em;\"><i><a href=\"https:\/\/idcatmobil.seu.cat\/\">https<\/a><\/i><\/b><b style=\"font-family: inherit; font-size: 1em;\"><i><a href=\"https:\/\/idcatmobil.seu.cat\/\" target=\"_blank\" rel=\"noopener noreferrer\">:\/\/idcatmobil.seu.cat<\/a><\/i><\/b><b style=\"font-family: inherit; font-size: 1em;\"><i><a href=\"https:\/\/idcatmobil.seu.cat\/\" target=\"_blank\" rel=\"noopener noreferrer\">\/<\/a><\/i><\/b><\/p>\n<p>2. Donar-vos d&#8217;alta a la plataforma de gesti\u00f3 acad\u00e8mica <strong>Clickedu<\/strong>:<\/p>\n<ul>\n<li><a href=\"https:\/\/insmiquelboschijover.clickedu.eu\/preinscripcions\/preinscripcions_mw.php?curs=4&amp;pce=12\">1r ESO<\/a><\/li>\n<li><a href=\"https:\/\/insmiquelboschijover.clickedu.eu\/preinscripcions\/preinscripcions_mw.php?curs=5&amp;pce=12\">2n ESO<\/a><\/li>\n<li><a href=\"https:\/\/insmiquelboschijover.clickedu.eu\/preinscripcions\/preinscripcions_mw.php?curs=6&amp;pce=12\">3r ESO<\/a><\/li>\n<li><a href=\"https:\/\/insmiquelboschijover.clickedu.eu\/preinscripcions\/preinscripcions_mw.php?curs=7&amp;pce=12\">4t ESO<\/a><\/li>\n<\/ul>\n<p>Per a qualsevol dubte o aclariment podeu enviar-nos un mail a secretaria@insmiquelbosch.cat o trucar-nos al 93 820 21 93.<\/p>\n<hr>\n<p><span style=\"text-decoration: underline;\"><strong>Publicaci\u00f3 de l&#8217;oferta<\/strong><\/span><\/p>\n<p><a href=\"https:\/\/agora.xtec.cat\/iesmiquelbosch\/wp-content\/uploads\/usu626\/2026\/03\/26_27_INFORME_OFERTA_OME_INFORME_OFERTA.pdf\">26_27_INFORME_OFERTA_PLACES_ESO<\/a><\/p>\n<p><a href=\"https:\/\/agora.xtec.cat\/iesmiquelbosch\/wp-content\/uploads\/usu626\/2026\/06\/INFORME_OFERTA_OME_INFORME_OFERTA-2.pdf\">26_27_INFORME_OFERTA_DEFINITIVA<\/a><\/p>\n<hr>\n<p><span style=\"text-decoration: underline;\"><strong>Barems i llistes<\/strong><\/span><\/p>\n<p><a href=\"https:\/\/agora.xtec.cat\/iesmiquelbosch\/wp-content\/uploads\/usu626\/2026\/04\/INFORME_BAREM_PROVISIONAL_BAREM.pdf\">26_27_INFORME_BAREM_PROVISIONAL<\/a><\/p>\n<p><a href=\"https:\/\/agora.xtec.cat\/iesmiquelbosch\/wp-content\/uploads\/usu626\/2026\/04\/INFORME_BAREM_RESOLTES_BAREM.pdf\">26_27_INFORME BAREM_RESOLTES<\/a><\/p>\n<p><a href=\"https:\/\/agora.xtec.cat\/iesmiquelbosch\/wp-content\/uploads\/usu626\/2026\/04\/26_27_INFORME_BAREM_DEFINITIU.pdf\">26_27_INFORME_BAREM_DEFINITIU<\/a><\/p>\n<p><a href=\"https:\/\/agora.xtec.cat\/iesmiquelbosch\/wp-content\/uploads\/usu626\/2026\/06\/INFORME_ASSIGNADES_INFORME_ASSIGNADES.pdf\">26_27_INFORME_ASSIGNADES<\/a><\/p>\n<p><a href=\"https:\/\/agora.xtec.cat\/iesmiquelbosch\/wp-content\/uploads\/usu626\/2026\/06\/INFORME_LLISTA_ESPERA_OME_LLISTA_ESPERA.pdf\">26_27_INFORME_LLISTA_ESPERA<\/a><\/p>\n\n\n\n<h2 class=\"wp-block-heading has-text-align-center has-white-color has-ast-global-color-0-background-color has-text-color has-background has-link-color wp-elements-c31817bdfde32a146e29aab08091d9b8\">Matr\u00edcula ESO 26-27<\/h2>\n\n\n\n<div class=\"wp-block-buttons is-content-justification-center is-layout-flex wp-container-core-buttons-is-layout-2 wp-block-buttons-is-layout-flex\">\n<div class=\"wp-block-button\"><a class=\"wp-block-button__link has-white-color has-ast-global-color-1-background-color has-text-color has-background has-link-color wp-element-button\"><strong>ALUMNES NOUS (1r, 2n, 3r i 4t d&#8217;ESO)<\/strong><\/a><\/div>\n<\/div>\n\n\n\n<p><strong><span style=\"text-decoration: underline;\">Per\u00edode de matr\u00edcula<\/span><br \/><\/strong>Del 22 al 30 de juny de 2026<\/p>\n<p><span style=\"text-decoration: underline;\"><strong>Com fer la matr\u00edcula<br \/><\/strong><\/span>Cal emplenar els dos documents editables (fitxa matr\u00edcula i document d&#8217;acceptaci\u00f3 i autoritzaci\u00f3)\u00a0 i signar-los. <br \/>Cal presentar la documentaci\u00f3 a Secretaria o enviar-la al correu electr\u00f2nic (secretaria@insmiquelbosch.cat):<\/p>\n<ul style=\"list-style-type: disc;\">\n<li>Fitxa matr\u00edcula:\u00a0 \u00a0 \u00a0 <a href=\"https:\/\/agora.xtec.cat\/iesmiquelbosch\/wp-content\/uploads\/usu626\/2026\/03\/26_27_fitxa_matricula_ESO.pdf\">26_27_fitxa_matricula_ESO<\/a><\/li>\n<li>Document d\u2019acceptaci\u00f3 i autoritzaci\u00f3:\u00a0 \u00a0 \u00a0 \u00a0 <a href=\"https:\/\/agora.xtec.cat\/iesmiquelbosch\/wp-content\/uploads\/usu626\/2026\/03\/26-27_Autoritzacions_ESO.pdf\">26-27_Autoritzacions_ESO<\/a><\/li>\n<li>Fotoc\u00f2pia de la targeta sanit\u00e0ria (TIS)<\/li>\n<li>Fotoc\u00f2pia del carnet de vacunes (o certificat m\u00e8dic)<\/li>\n<li>Fotoc\u00f2pia de tot el llibre de fam\u00edlia<\/li>\n<li>Fotoc\u00f2pia del DNI de l\u2019alumne\/a<\/li>\n<li>Fotoc\u00f2pies DNI pare\/mare<\/li>\n<li>Fotoc\u00f2pia notes avaluaci\u00f3 final 25-26 (per 2n, 3r o 4t ESO)<\/li>\n<li>Resguard pagament: <a href=\"https:\/\/agora.xtec.cat\/iesmiquelbosch\/wp-content\/uploads\/usu626\/2026\/06\/AFA-26-27.pdf\" target=\"_blank\" rel=\"noopener\">CARTA AFA curs 2026-2027<\/a><\/li>\n<li><a href=\"https:\/\/agora.xtec.cat\/iesmiquelbosch\/wp-content\/uploads\/usu626\/2026\/04\/Carta-de-compromis-26-27.pdf\">Carta de comprom\u00eds educatiu 2026 -2027<\/a><\/li>\n<li><strong>Alumnes transportats.<\/strong> Cal fer la sol\u00b7licitud al Consell Comarcal del Bages: <a href=\"https:\/\/www.ccbages.cat\/educacioicultura\/educacio\/transport\/\">https:\/\/www.ccbages.cat\/educacioicultura\/educacio\/transport\/<\/a><br \/><br \/><hr \/><\/li>\n<\/ul>\n\n\n\n<div class=\"wp-block-buttons is-content-justification-center is-layout-flex wp-container-core-buttons-is-layout-3 wp-block-buttons-is-layout-flex\">\n<div class=\"wp-block-button\"><a class=\"wp-block-button__link has-white-color has-ast-global-color-1-background-color has-text-color has-background has-link-color wp-element-button\"><strong>ALUMNES AMB CONTINU\u00cfTAT AL CENTRE (1r, 2n i 3r ESO)<\/strong><\/a><\/div>\n<\/div>\n\n\n\n<p>Cal presentar la documentaci\u00f3 a Secretaria o enviar-la al correu electr\u00f2nic (secretaria@insmiquelbosch.cat), preferentment abans del 8 de maig de 2026.<\/p>\n<ul>\n<li>Fotoc\u00f2pia DNI vigent<\/li>\n<li>Resguard de pagament\u00a0 \u00a0 <a href=\"https:\/\/agora.xtec.cat\/iesmiquelbosch\/wp-content\/uploads\/usu626\/2026\/06\/AFA-26-27.pdf\" target=\"_blank\" rel=\"noopener\">CARTA AFA curs 2026-2027<\/a><\/li>\n<li>Full d&#8217;actualitzaci\u00f3 dades i confirmaci\u00f3 pla\u00e7a per al curs 26\/27 (aquest full el lliurarem als alumnes el 10 d&#8217;abril 2026)<\/li>\n<li><strong>Alumnes transportats. <\/strong>Cal fer la sol\u00b7licitud al Consell Comarcal del Bages: <a href=\"https:\/\/www.ccbages.cat\/educacioicultura\/educacio\/transport\/\">https:\/\/www.ccbages.cat\/educacioicultura\/educacio\/transport\/<\/a><br \/><br \/><hr \/><\/li>\n<\/ul>\n\n\n\n<div class=\"wp-block-buttons is-content-justification-center is-layout-flex wp-container-core-buttons-is-layout-4 wp-block-buttons-is-layout-flex\">\n<div class=\"wp-block-button\"><a class=\"wp-block-button__link has-white-color has-ast-global-color-1-background-color has-text-color has-background has-link-color wp-element-button\"><strong>ALUMNES REPETIDORS DE 4t D&#8217;ESO<\/strong><\/a><\/div>\n<\/div>\n\n\n\n<p>Cal presentar la documentaci\u00f3 a Secretaria o enviar-la al correu electr\u00f2nic (secretaria@insmiquelbosch.cat), abans del 26 de juny de 2026.<\/p>\n<ul>\n<li>Fotoc\u00f2pia DNI vigent<\/li>\n<li>Resguard de pagament\u00a0 \u00a0 <a href=\"https:\/\/agora.xtec.cat\/iesmiquelbosch\/wp-content\/uploads\/usu626\/2026\/06\/AFA-26-27.pdf\" target=\"_blank\" rel=\"noopener\">CARTA AFA curs 2026-2027<\/a><\/li>\n<li>Tria mat\u00e8ries 4t ESO (presencialment)<\/li>\n<li><strong>Alumnes transportats<\/strong>, cal fer la sol\u00b7licitud al Consell Comarcal del Bages: <a href=\"https:\/\/www.ccbages.cat\/educacioicultura\/educacio\/transport\/\">https:\/\/www.ccbages.cat\/educacioicultura\/educacio\/transport\/<\/a><\/li>\n<\/ul>\n","protected":false},"excerpt":{"rendered":"<p>Preinscripci\u00f3 i matr\u00edcula ESO 26-27 Informaci\u00f3 per fer la preinscripci\u00f3 i la matr\u00edcula d&#8217;ESO pel curs 26-27 Preinscripci\u00f3 ESO 26-27 Per\u00edode de preinscripci\u00f3Del 6 al 18 de mar\u00e7 de 2026 Com fer la preinscripci\u00f3Les sol\u00b7licituds de preinscripci\u00f3 s\u00f3n en format telem\u00e0tic. No hi ha full de preinscripci\u00f3 en paper. Tampoc cal lliurar cap document presencialment [&hellip;]<\/p>\n","protected":false},"author":1,"featured_media":0,"parent":7095,"menu_order":4,"comment_status":"closed","ping_status":"closed","template":"","meta":{"_bbp_topic_count":0,"_bbp_reply_count":0,"_bbp_total_topic_count":0,"_bbp_total_reply_count":0,"_bbp_voice_count":0,"_bbp_anonymous_reply_count":0,"_bbp_topic_count_hidden":0,"_bbp_reply_count_hidden":0,"_bbp_forum_subforum_count":0,"site-sidebar-layout":"default","site-content-layout":"","ast-site-content-layout":"default","site-content-style":"default","site-sidebar-style":"default","ast-global-header-display":"","ast-banner-title-visibility":"","ast-main-header-display":"","ast-hfb-above-header-display":"","ast-hfb-below-header-display":"","ast-hfb-mobile-header-display":"","site-post-title":"disabled","ast-breadcrumbs-content":"","ast-featured-img":"","footer-sml-layout":"","theme-transparent-header-meta":"","adv-header-id-meta":"","stick-header-meta":"","header-above-stick-meta":"","header-main-stick-meta":"","header-below-stick-meta":"","astra-migrate-meta-layouts":"set","ast-page-background-enabled":"default","ast-page-background-meta":{"desktop":{"background-color":"var(--ast-global-color-4)","background-image":"","background-repeat":"repeat","background-position":"center center","background-size":"auto","background-attachment":"scroll","background-type":"","background-media":"","overlay-type":"","overlay-color":"","overlay-opacity":"","overlay-gradient":""},"tablet":{"background-color":"","background-image":"","background-repeat":"repeat","background-position":"center center","background-size":"auto","background-attachment":"scroll","background-type":"","background-media":"","overlay-type":"","overlay-color":"","overlay-opacity":"","overlay-gradient":""},"mobile":{"background-color":"","background-image":"","background-repeat":"repeat","background-position":"center center","background-size":"auto","background-attachment":"scroll","background-type":"","background-media":"","overlay-type":"","overlay-color":"","overlay-opacity":"","overlay-gradient":""}},"ast-content-background-meta":{"desktop":{"background-color":"var(--ast-global-color-5)","background-image":"","background-repeat":"repeat","background-position":"center center","background-size":"auto","background-attachment":"scroll","background-type":"","background-media":"","overlay-type":"","overlay-color":"","overlay-opacity":"","overlay-gradient":""},"tablet":{"background-color":"var(--ast-global-color-5)","background-image":"","background-repeat":"repeat","background-position":"center center","background-size":"auto","background-attachment":"scroll","background-type":"","background-media":"","overlay-type":"","overlay-color":"","overlay-opacity":"","overlay-gradient":""},"mobile":{"background-color":"var(--ast-global-color-5)","background-image":"","background-repeat":"repeat","background-position":"center center","background-size":"auto","background-attachment":"scroll","background-type":"","background-media":"","overlay-type":"","overlay-color":"","overlay-opacity":"","overlay-gradient":""}},"footnotes":""},"class_list":["post-7073","page","type-page","status-publish","hentry"],"post_mailing_queue_ids":[],"_links":{"self":[{"href":"https:\/\/agora.xtec.cat\/iesmiquelbosch\/wp-json\/wp\/v2\/pages\/7073","targetHints":{"allow":["GET"]}}],"collection":[{"href":"https:\/\/agora.xtec.cat\/iesmiquelbosch\/wp-json\/wp\/v2\/pages"}],"about":[{"href":"https:\/\/agora.xtec.cat\/iesmiquelbosch\/wp-json\/wp\/v2\/types\/page"}],"author":[{"embeddable":true,"href":"https:\/\/agora.xtec.cat\/iesmiquelbosch\/wp-json\/wp\/v2\/users\/1"}],"replies":[{"embeddable":true,"href":"https:\/\/agora.xtec.cat\/iesmiquelbosch\/wp-json\/wp\/v2\/comments?post=7073"}],"version-history":[{"count":7,"href":"https:\/\/agora.xtec.cat\/iesmiquelbosch\/wp-json\/wp\/v2\/pages\/7073\/revisions"}],"predecessor-version":[{"id":16030,"href":"https:\/\/agora.xtec.cat\/iesmiquelbosch\/wp-json\/wp\/v2\/pages\/7073\/revisions\/16030"}],"up":[{"embeddable":true,"href":"https:\/\/agora.xtec.cat\/iesmiquelbosch\/wp-json\/wp\/v2\/pages\/7095"}],"wp:attachment":[{"href":"https:\/\/agora.xtec.cat\/iesmiquelbosch\/wp-json\/wp\/v2\/media?parent=7073"}],"curies":[{"name":"wp","href":"https:\/\/api.w.org\/{rel}","templated":true}]}}