{"id":7073,"date":"2021-07-14T13:44:33","date_gmt":"2021-07-14T11:44:33","guid":{"rendered":"http:\/\/agora.xtec.cat\/iesmiquelbosch\/?page_id=7073"},"modified":"2026-04-29T11:19:08","modified_gmt":"2026-04-29T09:19:08","slug":"preinscripcio-i-matricula-eso","status":"publish","type":"page","link":"https:\/\/agora.xtec.cat\/iesmiquelbosch\/qui-som\/secretaria\/preinscripcio-i-matricula-eso\/","title":{"rendered":"Preinscripci\u00f3 i matr\u00edcula ESO 26-27"},"content":{"rendered":"<p><a href=\"https:\/\/agora.xtec.cat\/iesmiquelbosch\/wp-content\/uploads\/usu626\/2026\/02\/imatge-impacte-2.jpg\"><img loading=\"lazy\" decoding=\"async\" class=\"alignleft size-medium wp-image-14902\" src=\"https:\/\/agora.xtec.cat\/iesmiquelbosch\/wp-content\/uploads\/usu626\/2026\/02\/imatge-impacte-2-300x59.jpg\" alt=\"\" width=\"300\" height=\"59\" srcset=\"https:\/\/agora.xtec.cat\/iesmiquelbosch\/wp-content\/uploads\/usu626\/2026\/02\/imatge-impacte-2-300x59.jpg 300w, https:\/\/agora.xtec.cat\/iesmiquelbosch\/wp-content\/uploads\/usu626\/2026\/02\/imatge-impacte-2-1024x200.jpg 1024w, https:\/\/agora.xtec.cat\/iesmiquelbosch\/wp-content\/uploads\/usu626\/2026\/02\/imatge-impacte-2-768x150.jpg 768w, https:\/\/agora.xtec.cat\/iesmiquelbosch\/wp-content\/uploads\/usu626\/2026\/02\/imatge-impacte-2-1536x301.jpg 1536w, https:\/\/agora.xtec.cat\/iesmiquelbosch\/wp-content\/uploads\/usu626\/2026\/02\/imatge-impacte-2.jpg 1900w\" sizes=\"auto, (max-width: 300px) 100vw, 300px\" \/><\/a> <a href=\"https:\/\/agora.xtec.cat\/iesmiquelbosch\/wp-content\/uploads\/usu626\/2026\/02\/Foto-preins-1.jpg\"><img loading=\"lazy\" decoding=\"async\" class=\"alignleft size-medium wp-image-14903\" src=\"https:\/\/agora.xtec.cat\/iesmiquelbosch\/wp-content\/uploads\/usu626\/2026\/02\/Foto-preins-1.jpg\" alt=\"\" width=\"219\" height=\"231\" \/><\/a> <a href=\"https:\/\/agora.xtec.cat\/iesmiquelbosch\/wp-content\/uploads\/usu626\/2026\/02\/imatge-impacte.jpg\"><img loading=\"lazy\" decoding=\"async\" class=\"alignleft size-medium wp-image-14904\" src=\"https:\/\/agora.xtec.cat\/iesmiquelbosch\/wp-content\/uploads\/usu626\/2026\/02\/imatge-impacte-300x59.jpg\" alt=\"\" width=\"300\" height=\"59\" srcset=\"https:\/\/agora.xtec.cat\/iesmiquelbosch\/wp-content\/uploads\/usu626\/2026\/02\/imatge-impacte-300x59.jpg 300w, https:\/\/agora.xtec.cat\/iesmiquelbosch\/wp-content\/uploads\/usu626\/2026\/02\/imatge-impacte-1024x200.jpg 1024w, https:\/\/agora.xtec.cat\/iesmiquelbosch\/wp-content\/uploads\/usu626\/2026\/02\/imatge-impacte-768x150.jpg 768w, https:\/\/agora.xtec.cat\/iesmiquelbosch\/wp-content\/uploads\/usu626\/2026\/02\/imatge-impacte-1536x301.jpg 1536w, https:\/\/agora.xtec.cat\/iesmiquelbosch\/wp-content\/uploads\/usu626\/2026\/02\/imatge-impacte.jpg 1900w\" sizes=\"auto, (max-width: 300px) 100vw, 300px\" \/><\/a><\/p>\n<table style=\"background-color: #ffffff;\">\n<tbody>\n<tr style=\"height: 54px;\">\n<td style=\"background-color: #11b1ff; text-align: center; height: 67px; width: 99.4444%;\" colspan=\"2\">\n<h3><span style=\"color: #ffffff;\">PREINSCRIPCI\u00d3 ESO 26-27<\/span><\/h3>\n<\/td>\n<\/tr>\n<tr>\n<td style=\"width: 10.6474%;\"><a href=\"https:\/\/agora.xtec.cat\/iesmiquelbosch\/wp-content\/uploads\/usu626\/2025\/05\/Calendari-150x150-1.png\"><img loading=\"lazy\" decoding=\"async\" class=\" wp-image-13976 aligncenter\" src=\"https:\/\/agora.xtec.cat\/iesmiquelbosch\/wp-content\/uploads\/usu626\/2025\/05\/Calendari-150x150-1.png\" alt=\"\" width=\"73\" height=\"73\" \/><\/a><\/td>\n<td style=\"width: 88.797%;\"><span style=\"text-decoration: underline;\"><strong>Per\u00edode de preinscripci\u00f3<\/strong><\/span><\/p>\n<p><strong>Del 6 al 18 de mar\u00e7 de 2026 (alumnes nous al centre)<\/strong><\/td>\n<\/tr>\n<tr style=\"height: 462px;\">\n<td style=\"height: 727px; width: 10.6474%; text-align: center;\"><a href=\"https:\/\/agora.xtec.cat\/iesmiquelbosch\/wp-content\/uploads\/usu626\/2025\/05\/Ordinador-150x150-1.png\"><img loading=\"lazy\" decoding=\"async\" class=\" wp-image-13975 alignnone\" src=\"https:\/\/agora.xtec.cat\/iesmiquelbosch\/wp-content\/uploads\/usu626\/2025\/05\/Ordinador-150x150-1.png\" alt=\"\" width=\"91\" height=\"91\" \/><\/a><\/td>\n<td><span style=\"text-decoration: underline;\"><strong>Com fer-la<\/strong><\/span><\/p>\n<p>Les sol\u00b7licituds de preinscripci\u00f3 s\u00f3n en <strong>format telem\u00e0tic<\/strong>. No hi ha full de preinscripci\u00f3 en paper. Tampoc cal lliurar cap document presencialment a l\u2019institut. La persona sol\u00b7licitant <span style=\"color: #ff0000;\"><strong>SEMPRE<\/strong><\/span> \u00e9s l&#8217;alumne\/a, malgrat s&#8217;identifiquin amb un certificat digital d&#8217;algun dels progenitors o tutors.<\/p>\n<p>En aquest enlla\u00e7 trobareu m\u00e9s informaci\u00f3:<\/p>\n<p><a href=\"https:\/\/preinscripcio.gencat.cat\/ca\/estudis\/eso\/inici\/\">https:\/\/preinscripcio.gencat.cat\/ca\/estudis\/eso\/inici\/<\/a><\/p>\n<p>Heu de fer dos tr\u00e0mits:<\/p>\n<p>\u2714\u00a0 1 &#8211; Sol\u00b7licitar la preinscripci\u00f3:<\/p>\n<p><a href=\"https:\/\/preinscripcio.gencat.cat\/ca\/estudis\/eso\/preinscriute\/sollicitud\/\">https:\/\/preinscripcio.gencat.cat\/ca\/estudis\/eso\/preinscriute\/sollicitud\/<\/a><\/p>\n<p>Si no teniu Certificat digital, feu-vos <strong style=\"font-family: inherit; font-size: 1em;\">\u00a0L\u2019IDCAT M\u00d2BIL.\u00a0\u00a0<\/strong><i style=\"font-family: inherit; font-size: 1em;\">Podreu presentar la sol\u00b7licitud electr\u00f2nica, i moltes dades de l\u2019alumne\/a s\u2019ompliran autom\u00e0ticament <\/i><i style=\"font-family: inherit; font-size: 1em;\">i no caldr\u00e0 que adjunteu documentaci\u00f3.\u00a0<\/i><b style=\"font-family: inherit; font-size: 1em;\"><i><a href=\"https:\/\/idcatmobil.seu.cat\/\">https<\/a><\/i><\/b><b style=\"font-family: inherit; font-size: 1em;\"><i><a href=\"https:\/\/idcatmobil.seu.cat\/\" target=\"_blank\" rel=\"noopener noreferrer\">:\/\/idcatmobil.seu.cat<\/a><\/i><\/b><b style=\"font-family: inherit; font-size: 1em;\"><i><a href=\"https:\/\/idcatmobil.seu.cat\/\" target=\"_blank\" rel=\"noopener noreferrer\">\/<\/a><\/i><\/b><\/p>\n<p>\u2714\u00a0 2 &#8211; Donar-vos d&#8217;alta a la plataforma de gesti\u00f3 acad\u00e8mica <strong>Clickedu<\/strong>:<\/p>\n<ul>\n<li><a href=\"https:\/\/insmiquelboschijover.clickedu.eu\/preinscripcions\/preinscripcions_mw.php?curs=4&amp;pce=12\">1r ESO<\/a><\/li>\n<li><a href=\"https:\/\/insmiquelboschijover.clickedu.eu\/preinscripcions\/preinscripcions_mw.php?curs=5&amp;pce=12\">2n ESO<\/a><\/li>\n<li><a href=\"https:\/\/insmiquelboschijover.clickedu.eu\/preinscripcions\/preinscripcions_mw.php?curs=6&amp;pce=12\">3r ESO<\/a><\/li>\n<li><a href=\"https:\/\/insmiquelboschijover.clickedu.eu\/preinscripcions\/preinscripcions_mw.php?curs=7&amp;pce=12\">4t ESO<\/a><\/li>\n<\/ul>\n<p>Per a qualsevol dubte o aclariment podeu enviar-nos un mail a secretaria@insmiquelbosch.cat o trucar-nos al 93 820 21 93.<\/p>\n<p>____________________________________________________________________________________________________________________________________<\/p>\n<p><span style=\"text-decoration: underline;\"><strong>Publicaci\u00f3 de l&#8217;oferta<\/strong><\/span><\/p>\n<p><a href=\"https:\/\/agora.xtec.cat\/iesmiquelbosch\/wp-content\/uploads\/usu626\/2026\/03\/26_27_INFORME_OFERTA_OME_INFORME_OFERTA.pdf\">26_27_INFORME_OFERTA_PLACES_ESO<\/a><\/td>\n<\/tr>\n<tr style=\"height: 140px;\">\n<td style=\"height: 177px; width: 10.6474%;\"><a href=\"https:\/\/agora.xtec.cat\/iesmiquelbosch\/wp-content\/uploads\/usu626\/2021\/07\/Llegir.png\"><img loading=\"lazy\" decoding=\"async\" class=\"wp-image-7070 aligncenter\" src=\"https:\/\/agora.xtec.cat\/iesmiquelbosch\/wp-content\/uploads\/usu626\/2021\/07\/Llegir.png\" alt=\"\" width=\"89\" height=\"89\" srcset=\"https:\/\/agora.xtec.cat\/iesmiquelbosch\/wp-content\/uploads\/usu626\/2021\/07\/Llegir.png 512w, https:\/\/agora.xtec.cat\/iesmiquelbosch\/wp-content\/uploads\/usu626\/2021\/07\/Llegir-150x150.png 150w, https:\/\/agora.xtec.cat\/iesmiquelbosch\/wp-content\/uploads\/usu626\/2021\/07\/Llegir-300x300.png 300w\" sizes=\"auto, (max-width: 89px) 100vw, 89px\" \/><\/a><\/td>\n<td style=\"width: 88.797%; height: 177px;\"><span style=\"text-decoration: underline;\"><strong>Barems i llistes<\/strong><\/span><\/p>\n<p><a href=\"https:\/\/agora.xtec.cat\/iesmiquelbosch\/wp-content\/uploads\/usu626\/2026\/04\/INFORME_BAREM_PROVISIONAL_BAREM.pdf\">26_27_INFORME_BAREM_PROVISIONAL<\/a><\/p>\n<p><a href=\"https:\/\/agora.xtec.cat\/iesmiquelbosch\/wp-content\/uploads\/usu626\/2026\/04\/INFORME_BAREM_RESOLTES_BAREM.pdf\">26_27_INFORME BAREM_RESOLTES<\/a><\/p>\n<p><a href=\"https:\/\/agora.xtec.cat\/iesmiquelbosch\/wp-content\/uploads\/usu626\/2026\/04\/26_27_INFORME_BAREM_DEFINITIU.pdf\">26_27_INFORME_BAREM_DEFINITIU<\/a><\/td>\n<\/tr>\n<tr style=\"height: 67px;\">\n<td style=\"width: 10.6474%; background-color: #0eb1ff; text-align: center; height: 67px;\">\n<h3><span style=\"color: #ffffff;\"><strong>\u00a0<\/strong><\/span><\/h3>\n<\/td>\n<td style=\"width: 88.797%; background-color: #0eb1ff; text-align: center; height: 67px;\">\n<h3><span style=\"color: #ffffff;\"><strong>MATR\u00cdCULA ESO 26-27<\/strong><\/span><\/h3>\n<\/td>\n<\/tr>\n<tr style=\"height: 97px;\">\n<td style=\"height: 97px; width: 10.6474%;\"><a href=\"https:\/\/agora.xtec.cat\/iesmiquelbosch\/wp-content\/uploads\/usu626\/2021\/05\/Calendari.png\"><img loading=\"lazy\" decoding=\"async\" class=\"wp-image-7036 aligncenter\" src=\"https:\/\/agora.xtec.cat\/iesmiquelbosch\/wp-content\/uploads\/usu626\/2021\/05\/Calendari.png\" alt=\"\" width=\"85\" height=\"93\" \/><\/a><\/td>\n<td style=\"width: 88.797%; height: 97px;\"><span style=\"text-decoration: underline;\"><strong>Per\u00edode de matr\u00edcula<\/strong><\/span><\/p>\n<ul>\n<li>\n<h5><strong>Del 22 al 30 de juny de 2026, per\u00edode de matr\u00edcula ordin\u00e0ria ESO (alumnat nou)\u00a0 \u00a0 \u00a0 \u00a0<\/strong><\/h5>\n<\/li>\n<\/ul>\n<\/td>\n<\/tr>\n<tr style=\"height: 751px;\">\n<td style=\"height: 772px; width: 10.6474%;\"><a href=\"https:\/\/agora.xtec.cat\/iesmiquelbosch\/wp-content\/uploads\/usu626\/2021\/07\/Documents.png\"><img loading=\"lazy\" decoding=\"async\" class=\"wp-image-7069 aligncenter\" src=\"https:\/\/agora.xtec.cat\/iesmiquelbosch\/wp-content\/uploads\/usu626\/2021\/07\/Documents.png\" alt=\"\" width=\"82\" height=\"82\" srcset=\"https:\/\/agora.xtec.cat\/iesmiquelbosch\/wp-content\/uploads\/usu626\/2021\/07\/Documents.png 512w, https:\/\/agora.xtec.cat\/iesmiquelbosch\/wp-content\/uploads\/usu626\/2021\/07\/Documents-150x150.png 150w, https:\/\/agora.xtec.cat\/iesmiquelbosch\/wp-content\/uploads\/usu626\/2021\/07\/Documents-300x300.png 300w\" sizes=\"auto, (max-width: 82px) 100vw, 82px\" \/><\/a><\/td>\n<td style=\"width: 88.797%; height: 772px;\"><strong><span style=\"text-decoration: underline;\">Com fer-la<\/span><\/strong><\/p>\n<p>Emplenar els dos documents editables, i signar-los. Cal portar tota la documentaci\u00f3 requerida a la Secretaria del centre, de 9 a 13 hores:<\/p>\n<p><span style=\"text-decoration: underline;\"><img loading=\"lazy\" decoding=\"async\" class=\"\" src=\"https:\/\/agora.xtec.cat\/iesmiquelbosch\/wp-content\/uploads\/usu626\/2021\/05\/M%C3%A0-dreta-150x150.png\" width=\"33\" height=\"33\" \/><\/span>\u00a0 \u00a0<strong>ALUMNAT NOU ESO (1r , 2n, 3r i 4t )<\/strong><\/p>\n<ul style=\"list-style-type: disc;\">\n<li>Fitxa matr\u00edcula:\u00a0 \u00a0 \u00a0 <a href=\"https:\/\/agora.xtec.cat\/iesmiquelbosch\/wp-content\/uploads\/usu626\/2026\/03\/26_27_fitxa_matricula_ESO.pdf\">26_27_fitxa_matricula_ESO<\/a><\/li>\n<li>Document d\u2019acceptaci\u00f3 i autoritzaci\u00f3:\u00a0 \u00a0 \u00a0 \u00a0 <a href=\"https:\/\/agora.xtec.cat\/iesmiquelbosch\/wp-content\/uploads\/usu626\/2026\/03\/26-27_Autoritzacions_ESO.pdf\">26-27_Autoritzacions_ESO<\/a><\/li>\n<li>Fotoc\u00f2pia de la targeta sanit\u00e0ria (TIS)<\/li>\n<li>Fotoc\u00f2pia del carnet de vacunes (o certificat m\u00e8dic)<\/li>\n<li>Fotoc\u00f2pia de tot el llibre de fam\u00edlia<\/li>\n<li>Fotoc\u00f2pia del DNI de l\u2019alumne\/a<\/li>\n<li>Fotoc\u00f2pies DNI pare\/mare<\/li>\n<li>Fotoc\u00f2pia notes avaluaci\u00f3 final 25-26 (per 2n, 3r o 4t ESO)<\/li>\n<li>Resguard pagament: <a href=\"https:\/\/agora.xtec.cat\/iesmiquelbosch\/wp-content\/uploads\/usu626\/2026\/03\/CARTA-AFA-curs-2026-2027.pdf\">CARTA AFA curs 2026-2027<\/a><\/li>\n<li><a href=\"https:\/\/agora.xtec.cat\/iesmiquelbosch\/wp-content\/uploads\/usu626\/2026\/04\/Carta-de-compromis-26-27.pdf\">Carta de comprom\u00eds educatiu 2026 -2027<\/a><\/li>\n<\/ul>\n<ul style=\"list-style-type: circle;\">\n<li><strong>Alumnes transportats<\/strong>, cal fer la sol\u00b7licitud al Consell Comarcal del Bages: <a href=\"https:\/\/www.ccbages.cat\/educacioicultura\/educacio\/transport\/\">https:\/\/www.ccbages.cat\/educacioicultura\/educacio\/transport\/<\/a><\/li>\n<\/ul>\n<p><u><img loading=\"lazy\" decoding=\"async\" class=\"\" src=\"https:\/\/agora.xtec.cat\/iesmiquelbosch\/wp-content\/uploads\/usu626\/2021\/05\/M%C3%A0-dreta-150x150.png\" width=\"29\" height=\"29\" \/><\/u>\u00a0 \u00a0<strong>ALUMNES AMB CONTINU\u00cfTAT AL CENTRE (de 1r, 2n o 3r d&#8217;ESO)\u00a0\u00a0<\/strong><\/p>\n<p>Cal presentar la documentaci\u00f3 a Secretaria o enviar-la al correu electr\u00f2nic (secretaria@insmiquelbosch.cat), preferentment abans del 8 de maig de 2026.<\/p>\n<ul>\n<li>Fotoc\u00f2pia DNI vigent<\/li>\n<li>Resguard de pagament\u00a0 \u00a0 <a href=\"https:\/\/agora.xtec.cat\/iesmiquelbosch\/wp-content\/uploads\/usu626\/2026\/03\/CARTA-AFA-curs-2026-2027.pdf\">CARTA AFA curs 2026-2027<\/a><\/li>\n<li>Full d&#8217;actualitzaci\u00f3 dades i confirmaci\u00f3 pla\u00e7a per al curs 26\/27 (aquest full el lliurarem als alumnes el 10 d&#8217;abril 2026)<\/li>\n<\/ul>\n<ul>\n<li><strong>Alumnes transportats<\/strong>, cal fer la sol\u00b7licitud al Consell Comarcal del Bages: <a href=\"https:\/\/www.ccbages.cat\/educacioicultura\/educacio\/transport\/\">https:\/\/www.ccbages.cat\/educacioicultura\/educacio\/transport\/<\/a><\/li>\n<\/ul>\n<p><img loading=\"lazy\" decoding=\"async\" src=\"https:\/\/agora.xtec.cat\/iesmiquelbosch\/wp-content\/uploads\/usu626\/2021\/05\/M%C3%A0-dreta-150x150.png\" width=\"29\" height=\"29\" \/>\u00a0 \u00a0<strong>REPETIDORS de 4t d&#8217;ESO\u00a0<\/strong><\/p>\n<p>Cal presentar la documentaci\u00f3 a la Secretaria del centre, abans del 26 de juny de 2026.<\/p>\n<ul>\n<li>Fotoc\u00f2pia DNI vigent<\/li>\n<li>Resguard de pagament\u00a0 \u00a0 <a href=\"https:\/\/agora.xtec.cat\/iesmiquelbosch\/wp-content\/uploads\/usu626\/2026\/03\/CARTA-AFA-curs-2026-2027.pdf\">CARTA AFA curs 2026-2027<\/a><\/li>\n<li>Tria mat\u00e8ries 4t ESO (presencialment)<\/li>\n<\/ul>\n<ul style=\"list-style-type: square;\">\n<li><strong>Alumnes transportats<\/strong>, cal fer la sol\u00b7licitud al Consell Comarcal del Bages: <a href=\"https:\/\/www.ccbages.cat\/educacioicultura\/educacio\/transport\/\">https:\/\/www.ccbages.cat\/educacioicultura\/educacio\/transport\/<\/a><\/li>\n<\/ul>\n<\/td>\n<\/tr>\n<tr>\n<td style=\"width: 10.6474%;\"><\/td>\n<td style=\"width: 88.797%;\"><strong><span style=\"text-decoration: underline;\">\u00a0<\/span><\/strong><\/td>\n<\/tr>\n<\/tbody>\n<\/table>\n","protected":false},"excerpt":{"rendered":"<p><a href=\"https:\/\/agora.xtec.cat\/iesmiquelbosch\/wp-content\/uploads\/usu626\/2026\/02\/imatge-impacte-2.jpg\"><\/a> <a href=\"https:\/\/agora.xtec.cat\/iesmiquelbosch\/wp-content\/uploads\/usu626\/2026\/02\/Foto-preins-1.jpg\"><\/a> <a href=\"https:\/\/agora.xtec.cat\/iesmiquelbosch\/wp-content\/uploads\/usu626\/2026\/02\/imatge-impacte.jpg\"><\/a><\/p>\n<p>PREINSCRIPCI\u00d3 ESO 26-27<\/p>\n<p><a href=\"https:\/\/agora.xtec.cat\/iesmiquelbosch\/wp-content\/uploads\/usu626\/2025\/05\/Calendari-150x150-1.png\"><\/a><br \/>\nPer\u00edode de preinscripci\u00f3<br \/>\nDel 6 al 18 de mar\u00e7 de 2026 (alumnes nous al centre)<\/p>\n<p><a href=\"https:\/\/agora.xtec.cat\/iesmiquelbosch\/wp-content\/uploads\/usu626\/2025\/05\/Ordinador-150x150-1.png\"><\/a><br \/>\nCom fer-la<br \/>\nLes sol\u00b7licituds de preinscripci\u00f3 s\u00f3n en format telem\u00e0tic. No hi ha full de preinscripci\u00f3 en paper. Tampoc cal lliurar cap document presencialment&hellip;  <a href=\"https:\/\/agora.xtec.cat\/iesmiquelbosch\/qui-som\/secretaria\/preinscripcio-i-matricula-eso\/\" title=\"Read Preinscripci\u00f3 i matr\u00edcula ESO 26-27\">Llegeix m\u00e9s\u00bb<\/a><\/p>\n","protected":false},"author":1,"featured_media":0,"parent":7095,"menu_order":0,"comment_status":"closed","ping_status":"closed","template":"page-templates\/side-menu.php","meta":{"_bbp_topic_count":0,"_bbp_reply_count":0,"_bbp_total_topic_count":0,"_bbp_total_reply_count":0,"_bbp_voice_count":0,"_bbp_anonymous_reply_count":0,"_bbp_topic_count_hidden":0,"_bbp_reply_count_hidden":0,"_bbp_forum_subforum_count":0,"footnotes":""},"class_list":["post-7073","page","type-page","status-publish","hentry"],"post_mailing_queue_ids":[],"_links":{"self":[{"href":"https:\/\/agora.xtec.cat\/iesmiquelbosch\/wp-json\/wp\/v2\/pages\/7073","targetHints":{"allow":["GET"]}}],"collection":[{"href":"https:\/\/agora.xtec.cat\/iesmiquelbosch\/wp-json\/wp\/v2\/pages"}],"about":[{"href":"https:\/\/agora.xtec.cat\/iesmiquelbosch\/wp-json\/wp\/v2\/types\/page"}],"author":[{"embeddable":true,"href":"https:\/\/agora.xtec.cat\/iesmiquelbosch\/wp-json\/wp\/v2\/users\/1"}],"replies":[{"embeddable":true,"href":"https:\/\/agora.xtec.cat\/iesmiquelbosch\/wp-json\/wp\/v2\/comments?post=7073"}],"version-history":[{"count":8,"href":"https:\/\/agora.xtec.cat\/iesmiquelbosch\/wp-json\/wp\/v2\/pages\/7073\/revisions"}],"predecessor-version":[{"id":15346,"href":"https:\/\/agora.xtec.cat\/iesmiquelbosch\/wp-json\/wp\/v2\/pages\/7073\/revisions\/15346"}],"up":[{"embeddable":true,"href":"https:\/\/agora.xtec.cat\/iesmiquelbosch\/wp-json\/wp\/v2\/pages\/7095"}],"wp:attachment":[{"href":"https:\/\/agora.xtec.cat\/iesmiquelbosch\/wp-json\/wp\/v2\/media?parent=7073"}],"curies":[{"name":"wp","href":"https:\/\/api.w.org\/{rel}","templated":true}]}}