{"id":7061,"date":"2021-07-14T12:56:29","date_gmt":"2021-07-14T10:56:29","guid":{"rendered":"http:\/\/agora.xtec.cat\/iesmiquelbosch\/?page_id=7061"},"modified":"2026-04-10T12:47:38","modified_gmt":"2026-04-10T10:47:38","slug":"preinscripcio-i-matricula-btx-2","status":"publish","type":"page","link":"https:\/\/agora.xtec.cat\/iesmiquelbosch\/qui-som\/secretaria\/preinscripcio-i-matricula-btx-2\/","title":{"rendered":"Preinscripci\u00f3 i matr\u00edcula BTX 26-27"},"content":{"rendered":"<p>&nbsp;<\/p>\n<table style=\"background-color: #ffffff; width: 99.2043%; height: 1376px;\">\n<tbody>\n<tr style=\"height: 54px;\">\n<td style=\"width: 185.144%; border-color: #ffffff; background-color: #0eb1ff; height: 54px;\" colspan=\"2\">\n<h3 style=\"text-align: center;\"><strong><span style=\"color: #ffffff;\">PREINSCRIPCI\u00d3 BATXILLERAT 26-27\u00a0<\/span><\/strong><\/h3>\n<h4><\/h4>\n<\/td>\n<\/tr>\n<tr style=\"height: 96px;\">\n<td style=\"width: 5.70111%; height: 96px;\"><a href=\"https:\/\/agora.xtec.cat\/iesmiquelbosch\/wp-content\/uploads\/usu626\/2021\/05\/Calendari.png\"><img loading=\"lazy\" decoding=\"async\" class=\"alignnone size-thumbnail wp-image-7036\" src=\"https:\/\/agora.xtec.cat\/iesmiquelbosch\/wp-content\/uploads\/usu626\/2021\/05\/Calendari-150x150.png\" alt=\"\" width=\"150\" height=\"150\" \/><\/a><\/td>\n<td style=\"width: 179.443%; height: 96px;\"><span style=\"text-decoration: underline;\"><strong>Per\u00edode de preinscripci\u00f3<\/strong><\/span><\/p>\n<p><strong>Del 9 al 16 d&#8217;abril de 2026 (NOM\u00c9S <\/strong>per a <span style=\"text-decoration: underline;\">alumnes nous al centre<\/span>, els alumnes que cursen 4t d&#8217;ESO a l&#8217;institut ja tenen la pla\u00e7a reservada<strong>).<\/strong><\/td>\n<\/tr>\n<tr style=\"height: 347px;\">\n<td style=\"width: 5.70111%; height: 347px;\"><a href=\"https:\/\/agora.xtec.cat\/iesmiquelbosch\/wp-content\/uploads\/usu626\/2021\/07\/Ordinador.png\"><img loading=\"lazy\" decoding=\"async\" class=\"alignnone size-thumbnail wp-image-7062\" src=\"https:\/\/agora.xtec.cat\/iesmiquelbosch\/wp-content\/uploads\/usu626\/2021\/07\/Ordinador-150x150.png\" alt=\"\" width=\"150\" height=\"150\" \/><\/a><\/td>\n<td style=\"width: 179.443%; height: 347px;\">(Nom\u00e9s per alumnes nous al centre)<\/p>\n<p><span style=\"text-decoration: underline;\"><strong>Com fer-la<\/strong><\/span><\/p>\n<p>Hi ha 2 tipus de sol\u00b7licitud:\u00a0 ELECTR\u00d2NICA (amb idCat m\u00f2bil o signatura digital) o en SUPORT INFORM\u00c0TIC. La sol\u00b7licitud electr\u00f2nica \u00e9s preferible per la seva seguretat, a m\u00e9s, les<\/p>\n<p>dades s&#8217;ompliran autom\u00e0ticament i tampoc caldr\u00e0 adjuntar documentaci\u00f3.<\/p>\n<p>Cal saber el n\u00fam. d&#8217;identificaci\u00f3 de l&#8217;alumne (si no el teniu, l&#8217;institut us el facilitar\u00e0).<\/p>\n<p>En aquest enlla\u00e7 trobareu m\u00e9s informaci\u00f3 i l&#8217;acc\u00e9s a la sol\u00b7licitud: <a class=\"customize-unpreviewable\" href=\"https:\/\/preinscripcio.gencat.cat\/ca\/estudis\/batxillerat\/preinscriute\/sollicitud\/\" target=\"_blank\" rel=\"noopener noreferrer\">https:\/\/preinscripcio.gencat.cat\/ca\/estudis\/batxillerat\/preinscriute\/sollicitud\/<\/a><\/p>\n<p>Si no teniu Certificat digital, feu-vos\u00a0<strong> l\u2019IDCAT M\u00d2BIL.\u00a0 <\/strong><i>\u00a0<\/i><b><i><a class=\"customize-unpreviewable\" href=\"https:\/\/idcatmobil.seu.cat\/\" target=\"_blank\" rel=\"noopener noreferrer\">https<\/a><\/i><\/b><b><i><a class=\"customize-unpreviewable\" href=\"https:\/\/idcatmobil.seu.cat\/\">:\/\/idcatmobil.seu.cat<\/a><\/i><\/b><b><i><a class=\"customize-unpreviewable\" href=\"https:\/\/idcatmobil.seu.cat\/\">\/<\/a><\/i><\/b><\/p>\n<p>_______________________________________________________________________________________________________________________________________________________________<\/p>\n<p><span style=\"text-decoration: underline;\"><strong>Publicaci\u00f3 oferta<\/strong><\/span><\/p>\n<p><a href=\"https:\/\/agora.xtec.cat\/iesmiquelbosch\/wp-content\/uploads\/usu626\/2026\/04\/INFORME_OFERTA_OME_INFORME_OFERTA-1.pdf\">OFERTA BATXILLERAT 2026 &#8211; 2027<\/a><\/td>\n<\/tr>\n<tr style=\"height: 175px;\">\n<td style=\"width: 5.70111%; height: 175px;\"><a href=\"https:\/\/agora.xtec.cat\/iesmiquelbosch\/wp-content\/uploads\/usu626\/2021\/07\/LLista.png\"><img loading=\"lazy\" decoding=\"async\" class=\"alignnone size-thumbnail wp-image-7065\" src=\"https:\/\/agora.xtec.cat\/iesmiquelbosch\/wp-content\/uploads\/usu626\/2021\/07\/LLista-150x150.png\" alt=\"\" width=\"150\" height=\"150\" srcset=\"https:\/\/agora.xtec.cat\/iesmiquelbosch\/wp-content\/uploads\/usu626\/2021\/07\/LLista-150x150.png 150w, https:\/\/agora.xtec.cat\/iesmiquelbosch\/wp-content\/uploads\/usu626\/2021\/07\/LLista-300x300.png 300w, https:\/\/agora.xtec.cat\/iesmiquelbosch\/wp-content\/uploads\/usu626\/2021\/07\/LLista.png 512w\" sizes=\"auto, (max-width: 150px) 100vw, 150px\" \/><\/a><\/td>\n<td style=\"width: 179.443%; height: 175px;\"><span style=\"text-decoration: underline;\"><strong>Llistes<\/strong><\/span><\/p>\n<p>Les anirem penjant quan surtin:<\/p>\n<p>&nbsp;<\/td>\n<\/tr>\n<tr style=\"height: 54px;\">\n<td style=\"width: 185.144%; background-color: #0eb1ff; height: 54px;\" colspan=\"2\">\n<h3 style=\"text-align: center;\"><strong><span style=\"color: #ffffff;\">MATR\u00cdCULA BATXILLERAT 26-27<\/span><\/strong><\/h3>\n<h5><strong>\u00a0<\/strong><\/h5>\n<h4><strong>\u00a0<\/strong><\/h4>\n<\/td>\n<\/tr>\n<tr style=\"height: 57px;\">\n<td style=\"width: 5.70111%; height: 57px;\"><a href=\"https:\/\/agora.xtec.cat\/iesmiquelbosch\/wp-content\/uploads\/usu626\/2021\/05\/Calendari.png\"><img loading=\"lazy\" decoding=\"async\" class=\"alignnone size-thumbnail wp-image-7036\" src=\"https:\/\/agora.xtec.cat\/iesmiquelbosch\/wp-content\/uploads\/usu626\/2021\/05\/Calendari-150x150.png\" alt=\"\" width=\"150\" height=\"150\" \/><\/a><\/td>\n<td style=\"width: 179.443%; height: 57px;\"><span style=\"text-decoration: underline;\"><strong>\u00a0Per\u00edode de matr\u00edcula<\/strong><\/span><\/p>\n<ul>\n<li><strong>Del 18 al 30 de juny de 2026. <\/strong>Matr\u00edcula ordin\u00e0ria Batxillerat (De 1r i 2n BTX alumnes nous al centre)<\/li>\n<li><strong>Del 15 al 30 de juny de 2026.<\/strong> Matr\u00edcula de continu\u00eftat Batxillerat (De 4t ESO cap a 1r BTX i els de 1r BTX cap a 2n BTX , dels alumnes que el 25-26 ja estan al centre)<\/li>\n<\/ul>\n<\/td>\n<\/tr>\n<tr style=\"height: 593px;\">\n<td style=\"width: 5.70111%; height: 593px;\"><a href=\"https:\/\/agora.xtec.cat\/iesmiquelbosch\/wp-content\/uploads\/usu626\/2021\/07\/Documents.png\"><img loading=\"lazy\" decoding=\"async\" class=\"alignnone size-thumbnail wp-image-7069\" src=\"https:\/\/agora.xtec.cat\/iesmiquelbosch\/wp-content\/uploads\/usu626\/2021\/07\/Documents-150x150.png\" alt=\"\" width=\"150\" height=\"150\" srcset=\"https:\/\/agora.xtec.cat\/iesmiquelbosch\/wp-content\/uploads\/usu626\/2021\/07\/Documents-150x150.png 150w, https:\/\/agora.xtec.cat\/iesmiquelbosch\/wp-content\/uploads\/usu626\/2021\/07\/Documents-300x300.png 300w, https:\/\/agora.xtec.cat\/iesmiquelbosch\/wp-content\/uploads\/usu626\/2021\/07\/Documents.png 512w\" sizes=\"auto, (max-width: 150px) 100vw, 150px\" \/><\/a><\/td>\n<td style=\"width: 179.443%; height: 593px;\"><strong><span style=\"text-decoration: underline;\">Com fer-la<\/span><\/strong><\/p>\n<p>Documents, emplenats i signats, que cal dur a la Secretaria del centre, de 9 a 13 hores o els podeu enviar a: secretaria@insmiquelbosch.cat<\/p>\n<p><strong><img loading=\"lazy\" decoding=\"async\" class=\"\" src=\"https:\/\/agora.xtec.cat\/iesmiquelbosch\/wp-content\/uploads\/usu626\/2021\/05\/M%C3%A0-dreta-150x150.png\" width=\"24\" height=\"24\" \/>\u00a0 <span style=\"color: #0000ff;\">ALUMNES NOUS<\/span><\/strong><\/p>\n<ul>\n<li>Fitxa de matr\u00edcula:<a href=\"https:\/\/agora.xtec.cat\/iesmiquelbosch\/wp-content\/uploads\/usu626\/2026\/04\/26_27_fitxa_matricula_BATX.pdf\"><em> FITXA matricula alumne BTX 26_27<\/em><\/a><\/li>\n<li>Document d\u2019acceptaci\u00f3 i autoritzaci\u00f3: <a href=\"https:\/\/agora.xtec.cat\/iesmiquelbosch\/wp-content\/uploads\/usu626\/2026\/04\/26-27_Autoritzacions_BTX.pdf\">Acceptaci\u00f3_autoritzaci\u00f3_BTX_26_27<\/a><\/li>\n<li>Fotoc\u00f2pia de la targeta sanit\u00e0ria (TIS)<\/li>\n<li>Fotoc\u00f2pia del carnet de vacunes (o certificat m\u00e8dic)<\/li>\n<li>Fotoc\u00f2pia de tot el llibre de fam\u00edlia<\/li>\n<li>Fotoc\u00f2pies del DNI de l\u2019alumne\/a<\/li>\n<li>Fotoc\u00f2pies DNI del pare\/mare\/tutor<\/li>\n<li>Fotoc\u00f2pia notes avaluaci\u00f3 final 24-25 (alumnes nous)<\/li>\n<li>Resguard pagament\u00a0 <a href=\"https:\/\/agora.xtec.cat\/iesmiquelbosch\/wp-content\/uploads\/usu626\/2026\/04\/CARTA-AFA-curs-2026-2027.pdf\">20250516_CARTA_AFA_curs_2026_27<\/a><\/li>\n<li><a href=\"https:\/\/agora.xtec.cat\/iesmiquelbosch\/wp-content\/uploads\/usu626\/2026\/04\/Carta-de-compromis-26-27.pdf\">Carta de comprom\u00eds educatiu 2026 &#8211; 2027<\/a><\/li>\n<\/ul>\n<ul>\n<li><strong>Alumnes transportats<\/strong>, cal fer la sol\u00b7licitud al Consell Comarcal del Bages: <a href=\"https:\/\/www.ccbages.cat\/educacioicultura\/educacio\/transport\/\">https:\/\/www.ccbages.cat\/educacioicultura\/educacio\/transport\/<\/a><\/li>\n<\/ul>\n<p>&nbsp;<\/p>\n<p><img loading=\"lazy\" decoding=\"async\" class=\"\" src=\"https:\/\/agora.xtec.cat\/iesmiquelbosch\/wp-content\/uploads\/usu626\/2021\/05\/M%C3%A0-dreta-150x150.png\" width=\"23\" height=\"23\" \/>\u00a0<span style=\"color: #0000ff;\"><strong> ALUMNES AMB CONTINU\u00cfTAT AL CENTRE<\/strong><\/span><\/p>\n<ul>\n<li>Alumnes que cursaran <strong>2n de Batxillerat el curs 26-27<\/strong>, cal portar:\u00a0 Fotoc\u00f2pia DNI i el resguard de pagament\u00a0<a href=\"https:\/\/agora.xtec.cat\/iesmiquelbosch\/wp-content\/uploads\/usu626\/2026\/04\/CARTA-AFA-curs-2026-2027.pdf\"> CARTA AFA 2026-2027<\/a><\/li>\n<\/ul>\n<p>&nbsp;<\/p>\n<ul>\n<li>Alumnes de 4t d&#8217;ESO que cursaran <strong>1r de Batxillerat el curs 26-27<\/strong>, cal portar 4 documents:\n<ul>\n<li>1 &#8211; Fotoc\u00f2pia DNI<\/li>\n<li>2 &#8211; Fitxa de matr\u00edcula<a href=\"https:\/\/agora.xtec.cat\/iesmiquelbosch\/wp-content\/uploads\/usu626\/2026\/04\/26_27_fitxa_matricula_BATX.pdf\"><em> FITXA matricula alumne BTX 26_27<\/em><\/a><\/li>\n<li>3 &#8211; Document d&#8217;acceptaci\u00f3 i autoritzaci\u00f3 <a href=\"https:\/\/agora.xtec.cat\/iesmiquelbosch\/wp-content\/uploads\/usu626\/2026\/04\/26-27_Autoritzacions_BTX.pdf\">Acceptaci\u00f3_autoritzaci\u00f3_BTX_26_27<\/a><\/li>\n<li>4 &#8211; Resguard pagament <a href=\"https:\/\/agora.xtec.cat\/iesmiquelbosch\/wp-content\/uploads\/usu626\/2026\/04\/CARTA-AFA-curs-2026-2027.pdf\">CARTA AFA 2026-2027<\/a><\/li>\n<\/ul>\n<\/li>\n<\/ul>\n<p>&nbsp;<\/p>\n<ul>\n<li><strong>Repetidors de 1r o 2n Batxillerat 26-27<\/strong>, cal portar: Fotoc\u00f2pia DNI i el resguard de pagament de l&#8217;<a href=\"https:\/\/agora.xtec.cat\/iesmiquelbosch\/wp-content\/uploads\/usu626\/2026\/04\/CARTA-AFA-curs-2026-2027.pdf\">AFA<\/a><\/li>\n<\/ul>\n<p>&nbsp;<\/p>\n<ul>\n<li><strong>Alumnes transportats<\/strong>, cal fer la sol\u00b7licitud al Consell Comarcal del Bages: <a href=\"https:\/\/www.ccbages.cat\/educacioicultura\/educacio\/transport\/\">https:\/\/www.ccbages.cat\/educacioicultura\/educacio\/transport\/<\/a><\/li>\n<\/ul>\n<\/td>\n<\/tr>\n<\/tbody>\n<\/table>\n","protected":false},"excerpt":{"rendered":"<p>&nbsp;<\/p>\n<p>PREINSCRIPCI\u00d3 BATXILLERAT 26-27\u00a0<\/p>\n<p><a href=\"https:\/\/agora.xtec.cat\/iesmiquelbosch\/wp-content\/uploads\/usu626\/2021\/05\/Calendari.png\"><\/a><br \/>\nPer\u00edode de preinscripci\u00f3<br \/>\nDel 9 al 16 d&#8217;abril de 2026 (NOM\u00c9S per a alumnes nous al centre, els alumnes que cursen 4t d&#8217;ESO a l&#8217;institut ja tenen la pla\u00e7a reservada).<\/p>\n<p><a href=\"https:\/\/agora.xtec.cat\/iesmiquelbosch\/wp-content\/uploads\/usu626\/2021\/07\/Ordinador.png\"><\/a><br \/>\n(Nom\u00e9s per alumnes nous al centre)<br \/>\nCom fer-la<br \/>\nHi ha 2 tipus de sol\u00b7licitud:\u00a0 ELECTR\u00d2NICA&hellip;  <a href=\"https:\/\/agora.xtec.cat\/iesmiquelbosch\/qui-som\/secretaria\/preinscripcio-i-matricula-btx-2\/\" title=\"Read Preinscripci\u00f3 i matr\u00edcula BTX 26-27\">Llegeix m\u00e9s\u00bb<\/a><\/p>\n","protected":false},"author":1,"featured_media":0,"parent":7095,"menu_order":0,"comment_status":"closed","ping_status":"closed","template":"page-templates\/side-menu.php","meta":{"_bbp_topic_count":0,"_bbp_reply_count":0,"_bbp_total_topic_count":0,"_bbp_total_reply_count":0,"_bbp_voice_count":0,"_bbp_anonymous_reply_count":0,"_bbp_topic_count_hidden":0,"_bbp_reply_count_hidden":0,"_bbp_forum_subforum_count":0,"footnotes":""},"class_list":["post-7061","page","type-page","status-publish","hentry"],"post_mailing_queue_ids":[],"_links":{"self":[{"href":"https:\/\/agora.xtec.cat\/iesmiquelbosch\/wp-json\/wp\/v2\/pages\/7061","targetHints":{"allow":["GET"]}}],"collection":[{"href":"https:\/\/agora.xtec.cat\/iesmiquelbosch\/wp-json\/wp\/v2\/pages"}],"about":[{"href":"https:\/\/agora.xtec.cat\/iesmiquelbosch\/wp-json\/wp\/v2\/types\/page"}],"author":[{"embeddable":true,"href":"https:\/\/agora.xtec.cat\/iesmiquelbosch\/wp-json\/wp\/v2\/users\/1"}],"replies":[{"embeddable":true,"href":"https:\/\/agora.xtec.cat\/iesmiquelbosch\/wp-json\/wp\/v2\/comments?post=7061"}],"version-history":[{"count":9,"href":"https:\/\/agora.xtec.cat\/iesmiquelbosch\/wp-json\/wp\/v2\/pages\/7061\/revisions"}],"predecessor-version":[{"id":15176,"href":"https:\/\/agora.xtec.cat\/iesmiquelbosch\/wp-json\/wp\/v2\/pages\/7061\/revisions\/15176"}],"up":[{"embeddable":true,"href":"https:\/\/agora.xtec.cat\/iesmiquelbosch\/wp-json\/wp\/v2\/pages\/7095"}],"wp:attachment":[{"href":"https:\/\/agora.xtec.cat\/iesmiquelbosch\/wp-json\/wp\/v2\/media?parent=7061"}],"curies":[{"name":"wp","href":"https:\/\/api.w.org\/{rel}","templated":true}]}}