{"id":7040,"date":"2021-07-13T22:28:22","date_gmt":"2021-07-13T20:28:22","guid":{"rendered":"http:\/\/agora.xtec.cat\/iesmiquelbosch\/?page_id=7040"},"modified":"2026-04-07T09:52:00","modified_gmt":"2026-04-07T07:52:00","slug":"sollicitud-transport-escolar","status":"publish","type":"page","link":"https:\/\/agora.xtec.cat\/iesmiquelbosch\/qui-som\/secretaria\/sollicitud-transport-escolar\/","title":{"rendered":"Sol\u00b7licitud transport escolar"},"content":{"rendered":"<table style=\"width: 100%; border-collapse: collapse; border-color: #000000;\">\n<tbody>\n<tr>\n<td style=\"width: 5.77933%; background-color: #0eb1ff;\" colspan=\"2\">\n<h2 class=\"entry-title\" style=\"text-align: center;\"><span style=\"color: #ffffff;\"><strong>SOL\u00b7LICITUD TRANSPORT ESCOLAR CURS 26-27<\/strong><\/span><\/h2>\n<p><em><strong>(En proc\u00e9s d&#8217;actualitzaci\u00f3)<\/strong><\/em><\/td>\n<\/tr>\n<tr>\n<td style=\"width: 5.77933%;\"><img loading=\"lazy\" decoding=\"async\" class=\"wp-image-7032 aligncenter\" src=\"https:\/\/agora.xtec.cat\/iesmiquelbosch\/wp-content\/uploads\/usu626\/2021\/05\/M\u00e0-dreta.png\" alt=\"\" width=\"21\" height=\"21\" srcset=\"https:\/\/agora.xtec.cat\/iesmiquelbosch\/wp-content\/uploads\/usu626\/2021\/05\/M\u00e0-dreta.png 512w, https:\/\/agora.xtec.cat\/iesmiquelbosch\/wp-content\/uploads\/usu626\/2021\/05\/M\u00e0-dreta-150x150.png 150w, https:\/\/agora.xtec.cat\/iesmiquelbosch\/wp-content\/uploads\/usu626\/2021\/05\/M\u00e0-dreta-300x300.png 300w\" sizes=\"auto, (max-width: 21px) 100vw, 21px\" \/><\/td>\n<td style=\"width: 94.2207%;\">Sol\u00b7licituds de transport escolar, per als alumnes d&#8217;ESO i Batxillerat pel curs 26-27<\/td>\n<\/tr>\n<tr>\n<td style=\"width: 5.77933%;\"><a href=\"https:\/\/agora.xtec.cat\/iesmiquelbosch\/wp-content\/uploads\/usu626\/2021\/05\/Calendari.png\"><img loading=\"lazy\" decoding=\"async\" class=\"size-thumbnail wp-image-7036 aligncenter\" src=\"https:\/\/agora.xtec.cat\/iesmiquelbosch\/wp-content\/uploads\/usu626\/2021\/05\/Calendari-150x150.png\" alt=\"\" width=\"150\" height=\"150\" \/><\/a><\/td>\n<td style=\"width: 94.2207%;\"><strong><span style=\"text-decoration: underline;\">Termini<\/span><\/strong><\/p>\n<p>Sol\u00b7licitud de <span style=\"text-decoration: underline;\">continu\u00eftat al centre ESO<\/span>: <strong>del 27 de maig fins al 21 de juny de 2024.<\/strong><\/p>\n<p>Sol\u00b7licitud <span style=\"text-decoration: underline;\">nova matr\u00edcula per ESO<\/span>: <strong>del 27 de maig fins al 26 de juny de 2024.<\/strong><\/p>\n<p>Sol\u00b7licituds <span style=\"text-decoration: underline;\">places vacants de secund\u00e0ria i Batxillerat<\/span>: <strong>del 27 de maig fins al 3 de juliol de 2024.<\/strong><\/p>\n<p><em>Les fam\u00edlies que no presentin la sol\u00b7licitud en les dates establertes les podran continuar presentant. En aquest cas no es garantir\u00e0 la tramitaci\u00f3 del servei per a l\u2019inici del nou curs i hauran de restar a l\u2019espera fins que la sol\u00b7licitud quedi resolta.<\/em><\/td>\n<\/tr>\n<tr>\n<td style=\"width: 5.77933%;\">\u00a0 \u00a0\u2714<\/td>\n<td style=\"width: 94.2207%;\"><strong><span style=\"text-decoration: underline;\">Com<\/span><\/strong><\/p>\n<p><strong>Sol\u00b7licitud telem\u00e0tica<\/strong><\/p>\n<p>Us recomanem que quan feu la sol\u00b7licitud telem\u00e0tica, amb registre electr\u00f2nic, ho feu mitjan\u00e7ant certificat digital o amb idCatm\u00f2bil. L&#8217;institut no recollir\u00e0 cap sol\u00b7licitud de transport.<\/p>\n<p>Tutorial per demanar idCatm\u00f2bil: <a href=\"https:\/\/agora.xtec.cat\/iesmiquelbosch\/wp-content\/uploads\/usu626\/2021\/05\/Instruccions-IDCAT-transport-escolar.pdf\">Instruccions IDCAT &#8211; transport escolar<\/a><\/td>\n<\/tr>\n<tr>\n<td style=\"width: 5.77933%;\"><a href=\"https:\/\/agora.xtec.cat\/iesmiquelbosch\/wp-content\/uploads\/usu626\/2021\/05\/Enlla\u00e7.png\"><img loading=\"lazy\" decoding=\"async\" class=\"wp-image-7037 aligncenter\" src=\"https:\/\/agora.xtec.cat\/iesmiquelbosch\/wp-content\/uploads\/usu626\/2021\/05\/Enlla\u00e7-150x150.png\" alt=\"\" width=\"26\" height=\"26\" srcset=\"https:\/\/agora.xtec.cat\/iesmiquelbosch\/wp-content\/uploads\/usu626\/2021\/05\/Enlla\u00e7-150x150.png 150w, https:\/\/agora.xtec.cat\/iesmiquelbosch\/wp-content\/uploads\/usu626\/2021\/05\/Enlla\u00e7.png 225w\" sizes=\"auto, (max-width: 26px) 100vw, 26px\" \/><\/a><\/td>\n<td style=\"width: 94.2207%;\"><span style=\"text-decoration: underline;\"><strong>On<\/strong><\/span><\/p>\n<p>Per sol\u00b7licitar transport escolar, entreu aqu\u00ed: <a href=\"https:\/\/www.ccbages.cat\/educacioicultura\/educacio\/transport\/\">https:\/\/www.ccbages.cat\/educacioicultura\/educacio\/transport\/<\/a><\/td>\n<\/tr>\n<\/tbody>\n<\/table>\n<h4><\/h4>\n","protected":false},"excerpt":{"rendered":"<p>SOL\u00b7LICITUD TRANSPORT ESCOLAR CURS 26-27<br \/>\n(En proc\u00e9s d&#8217;actualitzaci\u00f3)<\/p>\n<p>Sol\u00b7licituds de transport escolar, per als alumnes d&#8217;ESO i Batxillerat pel curs 26-27<\/p>\n<p><a href=\"https:\/\/agora.xtec.cat\/iesmiquelbosch\/wp-content\/uploads\/usu626\/2021\/05\/Calendari.png\"><\/a><br \/>\nTermini<br \/>\nSol\u00b7licitud de continu\u00eftat al centre ESO: del 27 de maig fins al 21 de juny de 2024.<br \/>\nSol\u00b7licitud nova matr\u00edcula per ESO: del 27 de maig fins&hellip;  <a href=\"https:\/\/agora.xtec.cat\/iesmiquelbosch\/qui-som\/secretaria\/sollicitud-transport-escolar\/\" title=\"Read Sol\u00b7licitud transport escolar\">Llegeix m\u00e9s\u00bb<\/a><\/p>\n","protected":false},"author":1,"featured_media":0,"parent":7095,"menu_order":0,"comment_status":"closed","ping_status":"closed","template":"page-templates\/side-menu.php","meta":{"_bbp_topic_count":0,"_bbp_reply_count":0,"_bbp_total_topic_count":0,"_bbp_total_reply_count":0,"_bbp_voice_count":0,"_bbp_anonymous_reply_count":0,"_bbp_topic_count_hidden":0,"_bbp_reply_count_hidden":0,"_bbp_forum_subforum_count":0,"footnotes":""},"class_list":["post-7040","page","type-page","status-publish","hentry"],"post_mailing_queue_ids":[],"_links":{"self":[{"href":"https:\/\/agora.xtec.cat\/iesmiquelbosch\/wp-json\/wp\/v2\/pages\/7040","targetHints":{"allow":["GET"]}}],"collection":[{"href":"https:\/\/agora.xtec.cat\/iesmiquelbosch\/wp-json\/wp\/v2\/pages"}],"about":[{"href":"https:\/\/agora.xtec.cat\/iesmiquelbosch\/wp-json\/wp\/v2\/types\/page"}],"author":[{"embeddable":true,"href":"https:\/\/agora.xtec.cat\/iesmiquelbosch\/wp-json\/wp\/v2\/users\/1"}],"replies":[{"embeddable":true,"href":"https:\/\/agora.xtec.cat\/iesmiquelbosch\/wp-json\/wp\/v2\/comments?post=7040"}],"version-history":[{"count":8,"href":"https:\/\/agora.xtec.cat\/iesmiquelbosch\/wp-json\/wp\/v2\/pages\/7040\/revisions"}],"predecessor-version":[{"id":15131,"href":"https:\/\/agora.xtec.cat\/iesmiquelbosch\/wp-json\/wp\/v2\/pages\/7040\/revisions\/15131"}],"up":[{"embeddable":true,"href":"https:\/\/agora.xtec.cat\/iesmiquelbosch\/wp-json\/wp\/v2\/pages\/7095"}],"wp:attachment":[{"href":"https:\/\/agora.xtec.cat\/iesmiquelbosch\/wp-json\/wp\/v2\/media?parent=7040"}],"curies":[{"name":"wp","href":"https:\/\/api.w.org\/{rel}","templated":true}]}}