{"id":2502,"date":"2019-04-30T11:13:44","date_gmt":"2019-04-30T09:13:44","guid":{"rendered":"http:\/\/agora.xtec.cat\/iesmila\/?page_id=2502"},"modified":"2025-05-08T09:51:52","modified_gmt":"2025-05-08T07:51:52","slug":"itinerari-formatiu-especific-ife","status":"publish","type":"page","link":"https:\/\/agora.xtec.cat\/iesmila\/oferta-educativa\/itinerari-formatiu-especific-ife\/","title":{"rendered":"Itinerari formatiu espec\u00edfic IFE"},"content":{"rendered":"<p style=\"text-align: justify;\">L&#8217;institut Mil\u00e0 i Fontanals d&#8217;Igualada ofereix l&#8217;itinerari formatiu espec\u00edfic d&#8217;<strong>Auxiliar de vendes i atenci\u00f3 al p\u00fablic.<\/strong><\/p>\n<p style=\"text-align: justify;\">Els itineraris formatius espec\u00edfics (IFE) s\u2019adrecen a alumnes amb necessitats educatives especials associades a una discapacitat intel\u00b7lectual lleu o moderada, amb l\u2019objectiu d\u2019oferir atenci\u00f3 educativa, a l\u2019etapa postobligat\u00f2ria, segons les necessitats individuals i les capacitats i habilitats pr\u00f2pies; i garantir una veritable inclusi\u00f3 social i uns aprenentatges valuosos, aix\u00ed com la coher\u00e8ncia en l\u2019acci\u00f3 educativa entre les diferents etapes.<\/p>\n<p style=\"text-align: justify;\">En aquests itineraris es prioritzen les unitats de compet\u00e8ncia que m\u00e9s afavoreixen l\u2019autonomia personal, la relaci\u00f3 social i la inserci\u00f3 laboral i constitueixen la concreci\u00f3 de l\u2019atenci\u00f3 educativa, personalitzada en funci\u00f3 de la intensitat de suport que requereix l\u2019alumne.<\/p>\n<p>Sortides curriculars: 55\u202f\u20ac per curs.<\/p>\n<p>Per a m\u00e9s informaci\u00f3 cliqueu aqu\u00ed:<\/p>\n<p>Presentaci\u00f3, cliqueu aqu\u00ed \u00a0<a href=\"https:\/\/agora.xtec.cat\/iesmila\/wp-content\/uploads\/usu844\/2025\/04\/IFE-1.pdf\" target=\"_blank\" rel=\"noopener noreferrer\"><img loading=\"lazy\" decoding=\"async\" class=\"alignnone wp-image-7762 \" src=\"https:\/\/agora.xtec.cat\/iesmila\/wp-content\/uploads\/usu844\/2025\/04\/IFE-1-pdf-1024x725.jpg\" alt=\"\" width=\"377\" height=\"267\" \/><\/a><\/p>\n<p><iframe loading=\"lazy\" src=\"https:\/\/www.youtube.com\/embed\/S_dDaot8dh4\" width=\"1280\" height=\"720\" frameborder=\"0\"><\/iframe><\/p>\n<p style=\"text-align: justify;\">Els m\u00f2duls professionals comprenen:<\/p>\n<p style=\"text-align: justify;\">a) M\u00f2duls professionals de transici\u00f3 a la vida adulta per a l\u2019adquisici\u00f3 de les compet\u00e8ncies personals i socials que han de facilitar el desenvolupament dels joves com a ciutadans de ple dret.<\/p>\n<p style=\"text-align: justify;\">b) M\u00f2duls professionals per a l\u2019assoliment de les compet\u00e8ncies professionals que inclouran un m\u00f2dul professional de formaci\u00f3 en centres de treball. Aquests m\u00f2duls professionals podran estar associats a unitats de compet\u00e8ncia de nivell 1 del Cat\u00e0leg de qualificacions vigent a Catalunya i estan inclosos en el curr\u00edculum b\u00e0sic dels cicles regulats pel Reial decret 127\/2014, de 28 de febrer, que regula aspectes espec\u00edfics de la formaci\u00f3 professional b\u00e0sica.<\/p>\n<p style=\"text-align: justify;\">c) M\u00f2duls professionals de car\u00e0cter general per apropar-se a l\u2019activitat.<\/p>\n<p><strong>Acc\u00e9s<\/strong><\/p>\n<p style=\"text-align: justify;\">Poden accedir als itineraris els joves amb necessitats educatives especials associades a discapacitat intel\u00b7lectual lleu o moderada que tenen com a m\u00ednim 16 anys i com a m\u00e0xim 20 (informe EAP), l\u2019any natural d\u2019inici de l\u2019itinerari i preferentment que no hagin obtingut el t\u00edtol de graduat en educaci\u00f3 secund\u00e0ria obligat\u00f2ria.<\/p>\n<p style=\"text-align: justify;\">Excepcionalment, tamb\u00e9 s\u2019hi poden acollir joves que tenen l\u2019edat i les necessitats abans indicades i que hagin obtingut el t\u00edtol de graduat en educaci\u00f3 secund\u00e0ria obligat\u00f2ria, per\u00f2 no puguin accedir als ensenyaments de formaci\u00f3 professional ordinaris.<\/p>\n<p><strong>Tr\u00e0mits<\/strong><\/p>\n<p>Per cursar els itineraris formatius espec\u00edfics (IFE) cal formalitzar la sol\u00b7licitud de preinscripci\u00f3 corresponent encara que s&#8217;estiguin cursant altres ensenyaments al mateix centre. Aquesta sol\u00b7licitud s&#8217;ha de presentar al centre, durant el per\u00edode de preinscripci\u00f3.<\/p>\n<p><strong>Continu\u00eftat<\/strong><\/p>\n<p>La superaci\u00f3 de l\u2019itinerari comporta l\u2019obtenci\u00f3 de:<\/p>\n<ul>\n<li>El certificat acad\u00e8mic i professional amb la qualificaci\u00f3 final obtinguda i l\u2019acreditaci\u00f3 de les compet\u00e8ncies professionals assolides i<\/li>\n<\/ul>\n<ul>\n<li>El certificat de professionalitat COMT0211 d\u2019Activitats auxiliars de comer\u00e7 que emet l\u2019administraci\u00f3 laboral.<\/li>\n<\/ul>\n<p><strong>Distribuci\u00f3 m\u00f2duls per curs <\/strong>(provisional)<\/p>\n<table>\n<tbody>\n<tr>\n<td style=\"text-align: center;\" colspan=\"3\" width=\"363\"><strong>Curs 1r<\/strong><\/td>\n<\/tr>\n<tr>\n<td width=\"276\"><strong>M\u00f2duls professionals<\/strong><\/td>\n<td width=\"49\"><strong><em>Hores<\/em><\/strong><\/td>\n<td width=\"38\"><strong><em>H\/set<\/em><\/strong><\/td>\n<\/tr>\n<tr>\n<td width=\"276\">MP08 Iniciaci\u00f3 a l\u2019activitat laboral<\/td>\n<td width=\"49\">385<\/td>\n<td width=\"38\">11<\/td>\n<\/tr>\n<tr>\n<td width=\"276\">MP01 Vida saludable i cura d\u2019un mateix<\/td>\n<td width=\"49\">210<\/td>\n<td width=\"38\">6<\/td>\n<\/tr>\n<tr>\n<td width=\"276\">MP02 Comunicaci\u00f3 i relacions interpersonals<\/td>\n<td width=\"49\">210<\/td>\n<td width=\"38\">6<\/td>\n<\/tr>\n<tr>\n<td width=\"276\">MP12 Tutoria I<\/td>\n<td width=\"49\">70<\/td>\n<td width=\"38\">2<\/td>\n<\/tr>\n<tr>\n<td style=\"text-align: right;\" width=\"276\">Hores Lectives<\/td>\n<td width=\"49\">875<\/td>\n<td width=\"38\">25<\/td>\n<\/tr>\n<\/tbody>\n<\/table>\n<p><strong>\u00a0<\/strong><\/p>\n<table>\n<tbody>\n<tr>\n<td style=\"text-align: center;\" colspan=\"3\" width=\"363\"><strong>Curs 2n<\/strong><\/td>\n<\/tr>\n<tr>\n<td width=\"276\"><strong>M\u00f2duls professionals<\/strong><\/td>\n<td width=\"49\"><strong><em>Hores <\/em><\/strong><\/td>\n<td width=\"38\"><strong><em>H\/set<\/em><\/strong><\/td>\n<\/tr>\n<tr>\n<td width=\"276\">MP16 T\u00e8cniques b\u00e0siques de marxandatge<\/td>\n<td width=\"49\">245<\/td>\n<td width=\"38\">4<\/td>\n<\/tr>\n<tr>\n<td width=\"276\">MP17 Atenci\u00f3 al client<\/td>\n<td width=\"49\">140<\/td>\n<td width=\"38\">7<\/td>\n<\/tr>\n<tr>\n<td width=\"276\">MP03 Viure en entorns propers<\/td>\n<td width=\"49\">175<\/td>\n<td width=\"38\">5<\/td>\n<\/tr>\n<tr>\n<td width=\"276\">MP04 \u00das d\u2019establiments i serveis<\/td>\n<td width=\"49\">140<\/td>\n<td width=\"38\">4<\/td>\n<\/tr>\n<tr>\n<td width=\"276\">MP09 Organitzaci\u00f3 de les empreses<\/td>\n<td width=\"49\">105<\/td>\n<td width=\"38\">3<\/td>\n<\/tr>\n<tr>\n<td width=\"276\">MP13 Tutoria II<\/td>\n<td width=\"49\">70<\/td>\n<td width=\"38\">2<\/td>\n<\/tr>\n<tr>\n<td style=\"text-align: right;\" width=\"276\">Hores Lectives<\/td>\n<td width=\"49\">875<\/td>\n<td width=\"38\">25<\/td>\n<\/tr>\n<\/tbody>\n<\/table>\n<p>&nbsp;<\/p>\n<table>\n<tbody>\n<tr>\n<td style=\"text-align: center;\" colspan=\"3\" width=\"363\"><strong>Curs 3r<\/strong><\/td>\n<\/tr>\n<tr>\n<td width=\"276\"><strong>M\u00f2duls professionals<\/strong><\/td>\n<td width=\"49\"><strong><em>Hores <\/em><\/strong><\/td>\n<td width=\"38\"><strong><em>H\/set<\/em><\/strong><\/td>\n<\/tr>\n<tr>\n<td width=\"276\">MP18 Preparaci\u00f3 de comandes i venda de productes<\/td>\n<td width=\"49\">140<\/td>\n<td width=\"38\">4<\/td>\n<\/tr>\n<tr>\n<td width=\"276\">MP19 Treballs de reprografia<\/td>\n<td width=\"49\">245<\/td>\n<td width=\"38\">7<\/td>\n<\/tr>\n<tr>\n<td width=\"276\">MP05 Organitzaci\u00f3 personal<\/td>\n<td width=\"49\">175<\/td>\n<td width=\"38\">5<\/td>\n<\/tr>\n<tr>\n<td width=\"276\">MP06 Activitats comunit\u00e0ries<\/td>\n<td width=\"49\">140<\/td>\n<td width=\"38\">4<\/td>\n<\/tr>\n<tr>\n<td width=\"276\">MP10 M\u00f3n laboral<\/td>\n<td width=\"49\">105<\/td>\n<td width=\"38\">3<\/td>\n<\/tr>\n<tr>\n<td width=\"276\">MP14 Tutoria III<\/td>\n<td width=\"49\">70<\/td>\n<td width=\"38\">2<\/td>\n<\/tr>\n<tr>\n<td style=\"text-align: right;\" width=\"276\">Hores Lectives<\/td>\n<td width=\"49\">875<\/td>\n<td width=\"38\">25<\/td>\n<\/tr>\n<\/tbody>\n<\/table>\n<p>&nbsp;<\/p>\n<table>\n<tbody>\n<tr>\n<td style=\"text-align: center;\" colspan=\"3\" width=\"363\"><strong>Curs 4t<\/strong><\/td>\n<\/tr>\n<tr>\n<td width=\"276\"><strong>M\u00f2duls professionals<\/strong><\/td>\n<td width=\"49\"><strong><em>Hores <\/em><\/strong><\/td>\n<td width=\"38\"><strong><em>H\/set<\/em><\/strong><\/td>\n<\/tr>\n<tr>\n<td width=\"276\">MP07 Participaci\u00f3 ciutadana<\/td>\n<td width=\"49\">140<\/td>\n<td width=\"38\">4<\/td>\n<\/tr>\n<tr>\n<td width=\"276\">MP11 Desenvolupament en el lloc de treball<\/td>\n<td width=\"49\">140<\/td>\n<td width=\"38\">4<\/td>\n<\/tr>\n<tr>\n<td width=\"276\">MP15 Tutoria IV<\/td>\n<td width=\"49\">70<\/td>\n<td width=\"38\">2<\/td>\n<\/tr>\n<tr>\n<td width=\"276\">MP20 FCT<\/td>\n<td width=\"49\">385<\/td>\n<td width=\"38\">12<\/td>\n<\/tr>\n<tr>\n<td style=\"text-align: right;\" width=\"276\">Hores Lectives<\/td>\n<td width=\"49\">735<\/td>\n<td width=\"38\">22*<\/td>\n<\/tr>\n<\/tbody>\n<\/table>\n<p>* 4 hores di\u00e0ries per 3 dies a la setmana.<\/p>\n<p>&nbsp;<\/p>\n<p><strong>Requisits de material a c\u00e0rrec de l&#8217;alumnat:<\/strong><\/p>\n<div>\u2014 Carpeta de fulls extra\u00efbles, DINA-4 amb diferents franges de colors.<\/div>\n<div>\u2014 Agenda di\u00e0ria personal<\/div>\n<div>\u2014 Calculadora simple<\/div>\n<div>\u2014 Estoig amb llapis, goma, maquineta, bol\u00edgrafs blau, negre i vermell.<\/div>\n<div>\u2014 Pack de RETOLADORS (10 colors) per deixar a l&#8217;aula<\/div>\n<div>\u2014 Pack de CERES (10 colors) per deixar a l&#8217;aula.<\/div>\n<div>\u2014 Davantal i drap de cuina, amb veta i marcat amb el nom (ambd\u00f3s).<\/div>\n<div>\u2014 Bossa d&#8217;esport (petita, d&#8217;esquena) amb samarreta de recanvi, tovallola petita\/individual, desodorant i ampolla d&#8217;aigua reutilitzable. (Un dia setmanal, a decidir, d&#8217;anada i tornada a casa el mateix dia)<\/div>\n","protected":false},"excerpt":{"rendered":"<p>L&#8217;institut Mil\u00e0 i Fontanals d&#8217;Igualada ofereix l&#8217;itinerari formatiu espec\u00edfic d&#8217;Auxiliar de vendes i atenci\u00f3 al p\u00fablic.<br \/>\nEls itineraris formatius espec\u00edfics (IFE) s\u2019adrecen a alumnes amb necessitats educatives especials associades a una discapacitat intel\u00b7lectual lleu o moderada, amb l\u2019objectiu d\u2019oferir atenci\u00f3 educativa, a l\u2019etapa postobligat\u00f2ria, segons les&hellip;  <a href=\"https:\/\/agora.xtec.cat\/iesmila\/oferta-educativa\/itinerari-formatiu-especific-ife\/\" title=\"Read Itinerari formatiu espec\u00edfic IFE\">Llegeix m\u00e9s\u00bb<\/a><\/p>\n","protected":false},"author":1,"featured_media":0,"parent":348,"menu_order":3,"comment_status":"closed","ping_status":"closed","template":"page-templates\/side-menu.php","meta":{"_bbp_topic_count":0,"_bbp_reply_count":0,"_bbp_total_topic_count":0,"_bbp_total_reply_count":0,"_bbp_voice_count":0,"_bbp_anonymous_reply_count":0,"_bbp_topic_count_hidden":0,"_bbp_reply_count_hidden":0,"_bbp_forum_subforum_count":0,"footnotes":""},"class_list":["post-2502","page","type-page","status-publish","hentry"],"post_mailing_queue_ids":[],"_links":{"self":[{"href":"https:\/\/agora.xtec.cat\/iesmila\/wp-json\/wp\/v2\/pages\/2502","targetHints":{"allow":["GET"]}}],"collection":[{"href":"https:\/\/agora.xtec.cat\/iesmila\/wp-json\/wp\/v2\/pages"}],"about":[{"href":"https:\/\/agora.xtec.cat\/iesmila\/wp-json\/wp\/v2\/types\/page"}],"author":[{"embeddable":true,"href":"https:\/\/agora.xtec.cat\/iesmila\/wp-json\/wp\/v2\/users\/1"}],"replies":[{"embeddable":true,"href":"https:\/\/agora.xtec.cat\/iesmila\/wp-json\/wp\/v2\/comments?post=2502"}],"version-history":[{"count":7,"href":"https:\/\/agora.xtec.cat\/iesmila\/wp-json\/wp\/v2\/pages\/2502\/revisions"}],"predecessor-version":[{"id":7809,"href":"https:\/\/agora.xtec.cat\/iesmila\/wp-json\/wp\/v2\/pages\/2502\/revisions\/7809"}],"up":[{"embeddable":true,"href":"https:\/\/agora.xtec.cat\/iesmila\/wp-json\/wp\/v2\/pages\/348"}],"wp:attachment":[{"href":"https:\/\/agora.xtec.cat\/iesmila\/wp-json\/wp\/v2\/media?parent=2502"}],"curies":[{"name":"wp","href":"https:\/\/api.w.org\/{rel}","templated":true}]}}