{"id":1313,"date":"2023-02-27T10:14:53","date_gmt":"2023-02-27T09:14:53","guid":{"rendered":"https:\/\/agora.xtec.cat\/iesmartipol\/?page_id=1313"},"modified":"2024-07-01T12:38:08","modified_gmt":"2024-07-01T10:38:08","slug":"convalidacions-de-musica-i-dansa","status":"publish","type":"page","link":"https:\/\/agora.xtec.cat\/iesmartipol\/secretaria\/tramits\/convalidacions-de-musica-i-dansa\/","title":{"rendered":"Convalidacions de m\u00fasica i dansa"},"content":{"rendered":"<p><span style=\"font-weight: 400;\">Normativa de les convalidacions de <\/span><a href=\"https:\/\/agora.xtec.cat\/insviladomat\/wp-content\/uploads\/usu299\/2019\/10\/DANSA-ESO_BTX.pdf\"><span style=\"font-weight: 400;\">Dansa i<\/span><\/a> <a href=\"https:\/\/agora.xtec.cat\/insviladomat\/wp-content\/uploads\/usu299\/2019\/10\/MUSICA-ESO_BTX.pdf\"><span style=\"font-weight: 400;\">M\u00fasica<\/span><\/a><span style=\"font-weight: 400;\">.\u00a0<\/span><\/p>\n<p><span style=\"font-weight: 400;\">El <strong>31 d\u2019octubre<\/strong> finalitza el termini de presentaci\u00f3 a secretaria de les sol\u00b7licituds per a la convalidaci\u00f3 d\u2019optatives \/ m\u00fasica \/ educaci\u00f3 f\u00edsica per simultane\u00eftat d\u2019ESO o Batxillerat amb estudis de m\u00fasica o dansa.<\/span><\/p>\n<p><span style=\"font-weight: 400;\">L\u2019alumnat que cursa ESO i, simult\u00e0niament, estudis de dansa o m\u00fasica en conservatoris, centres professionals o escoles de dansa autoritzades, pot sol\u00b7licitar la convalidaci\u00f3 o el reconeixement de mat\u00e8ries.\u00a0<\/span><\/p>\n<p><span style=\"font-weight: 400;\">Mat\u00e8ries que es poden convalidar:<\/span><\/p>\n<ul>\n<li style=\"font-weight: 400;\" aria-level=\"1\"><span style=\"font-weight: 400;\">Educaci\u00f3 F\u00edsica<\/span><\/li>\n<li style=\"font-weight: 400;\" aria-level=\"1\"><span style=\"font-weight: 400;\">M\u00fasica (la mat\u00e8ria comuna de primer a tercer curs d\u2019ESO)<\/span><\/li>\n<li style=\"font-weight: 400;\" aria-level=\"1\"><span style=\"font-weight: 400;\">Les mat\u00e8ries optatives de primer a tercer curs d\u2019ESO (2 hores per curs)<\/span><\/li>\n<li style=\"font-weight: 400;\" aria-level=\"1\"><span style=\"font-weight: 400;\">Una mat\u00e8ria optativa de quart curs d\u2019ESO ( de 2 a 4 hores)<\/span><\/li>\n<li style=\"font-weight: 400;\" aria-level=\"1\"><span style=\"font-weight: 400;\">Mat\u00e8ries de la franja d\u2019espec\u00edfiques (fins a un m\u00e0xim de\u00a0 6 hores a 1r batx i 4 hores a 2n batx) per a alumnes de batxillerat<\/span><\/li>\n<\/ul>\n<table style=\"height: 126px; width: 80.8951%; border-collapse: collapse; background-color: #e0e0e0;\">\n<tbody>\n<tr style=\"height: 32px;\">\n<td style=\"width: 80.4264%; background-color: #c0c1f0; height: 32px; text-align: center; border-color: #000000;\" colspan=\"3\"><strong>ESO \/ M\u00daSICA<\/strong><br \/>\n(convalidacions m\u00e0ximes)<\/td>\n<\/tr>\n<tr style=\"height: 32px;\">\n<td style=\"width: 33.3333%; height: 42px; border-color: #000000; background-color: #e0e0e0; text-align: center;\" rowspan=\"2\"><strong>Conservatori o centre professional<\/strong><\/td>\n<td style=\"height: 32px; border-color: #000000; background-color: #e0e0e0; text-align: center;\" colspan=\"2\"><strong>Escola autoritzada<\/strong><\/td>\n<\/tr>\n<tr style=\"height: 10px;\">\n<td style=\"width: 21.4383%; height: 10px; border-color: #000000; background-color: #e0e0e0; text-align: center;\"><strong>Situaci\u00f3 1<\/strong><br \/>\nSi es cursen entre 3 i 4 hores setmanals<\/td>\n<td style=\"width: 25.6548%; height: 10px; border-color: #000000; background-color: #e0e0e0; text-align: center;\"><strong>Situaci\u00f3 2<\/strong><br \/>\nSi es cursen 4 hores setmanals o m\u00e9s<\/td>\n<\/tr>\n<tr>\n<td style=\"width: 33.3333%; border-color: #000000; background-color: #e0e0e0; text-align: center;\"><strong>Convalidaci\u00f3 m\u00e0xima:<\/strong><\/td>\n<td style=\"width: 47.0931%; border-color: #000000; background-color: #e0e0e0; text-align: center;\" colspan=\"2\"><strong>Reconeixement m\u00e0xim:<\/strong><\/td>\n<\/tr>\n<tr style=\"height: 32px;\">\n<td style=\"width: 33.3333%; background-color: #ffffff; height: 10px; border-color: #000000; text-align: center;\">\n<ul>\n<li style=\"font-weight: 400; text-align: left;\" aria-level=\"1\"><span style=\"font-weight: 400;\">M\u00fasica (la mat\u00e8ria comuna de 1r a 3r curs d\u2019ESO)<\/span><\/li>\n<li style=\"font-weight: 400; text-align: left;\" aria-level=\"1\"><span style=\"font-weight: 400;\">Les mat\u00e8ries optatives de 1r a 3r curs d\u2019ESO (2 hores per curs)<\/span><\/li>\n<li style=\"font-weight: 400; text-align: left;\" aria-level=\"1\"><span style=\"font-weight: 400;\">Una mat\u00e8ria optativa de 4t curs d\u2019ESO (fins a un m\u00e0xim de 3 hores)<\/span><\/li>\n<\/ul>\n<\/td>\n<td style=\"width: 21.4383%; background-color: #ffffff; height: 10px; border-color: #000000;\">\n<ul>\n<li style=\"font-weight: 400; text-align: left;\" aria-level=\"1\"><span style=\"font-weight: 400;\">Les mat\u00e8ries optatives de 1r a 3r curs d\u2019ESO (2 hores per curs)<\/span><\/li>\n<li style=\"font-weight: 400; text-align: left;\" aria-level=\"1\"><span style=\"font-weight: 400;\">Una mat\u00e8ria optativa de 4t curs d\u2019ESO (fins a un m\u00e0xim de 3 hores<\/span><\/li>\n<\/ul>\n<\/td>\n<td style=\"width: 25.6548%; background-color: #ffffff; height: 10px; border-color: #000000;\">\n<ul>\n<li style=\"font-weight: 400; text-align: left;\" aria-level=\"1\"><span style=\"font-weight: 400;\">M\u00fasica (la mat\u00e8ria comuna de 1r a 3r curs d\u2019ESO)<\/span><\/li>\n<li style=\"font-weight: 400; text-align: left;\" aria-level=\"1\"><span style=\"font-weight: 400;\">Les mat\u00e8ries optatives de 1r a 3r curs d\u2019ESO (2 hores per curs)<\/span><\/li>\n<li style=\"font-weight: 400; text-align: left;\" aria-level=\"1\"><span style=\"font-weight: 400;\">Una mat\u00e8ria optativa de 4t curs d\u2019ESO (fins a un m\u00e0xim de 3 hores)<\/span><\/li>\n<\/ul>\n<\/td>\n<\/tr>\n<tr style=\"height: 32px;\">\n<td style=\"width: 80.4264%; background-color: #e0e0e0; height: 32px; border-color: #000000; text-align: center;\" colspan=\"3\"><strong>Documentaci\u00f3 que cal presentar:<\/strong><\/td>\n<\/tr>\n<tr style=\"height: 32px;\">\n<td style=\"width: 33.3333%; background-color: #ffffff; height: 10px; border-color: #000000;\">\n<ul>\n<li>EMU1: <a href=\"https:\/\/agora.xtec.cat\/iesmartipol\/wp-content\/uploads\/usu2298\/2023\/06\/EMU1_ESO_Musica.pdf\">Sol\u00b7licitud alumnes<\/a><\/li>\n<li>CMU1: Certificat conservatori o centre professional<\/li>\n<\/ul>\n<\/td>\n<td style=\"width: 47.0931%; background-color: #ffffff; height: 10px; border-color: #000000;\" colspan=\"2\">\n<ul>\n<li>EMU1: <a href=\"https:\/\/agora.xtec.cat\/iesmartipol\/wp-content\/uploads\/usu2298\/2023\/06\/EMU1_ESO_Musica.pdf\">Sol\u00b7licitud alumnes<\/a><\/li>\n<li>CMU2: Certificat escola de m\u00fasica autoritzada<\/li>\n<\/ul>\n<\/td>\n<\/tr>\n<\/tbody>\n<\/table>\n<table style=\"border-collapse: collapse; width: 81.0042%; height: 426px;\">\n<tbody>\n<tr style=\"height: 32px;\">\n<td style=\"width: 80.6053%; background-color: #c0c1f0; height: 32px; text-align: center; border-color: #000000;\" colspan=\"2\"><strong>BATXILLERAT \/ M\u00daSICA<\/strong><br \/>\n(convalidacions m\u00e0ximes)<\/td>\n<\/tr>\n<tr style=\"height: 32px;\">\n<td style=\"width: 41.0611%; height: 42px; text-align: center; border-color: #000000; background-color: #e0e0e0;\"><strong>Conservatori o centre professional<\/strong><\/td>\n<td style=\"width: 39.5442%; height: 42px; text-align: center; border-color: #000000; background-color: #e0e0e0;\"><strong>Escola autoritzada<\/strong><br \/>\nSi es cursen 4 hores setmanals o m\u00e9s de m\u00fasica<\/td>\n<\/tr>\n<tr style=\"height: 32px;\">\n<td style=\"width: 80.6053%; background-color: #ffffff; height: 10px; border-color: #000000; text-align: center;\" colspan=\"2\">\n<ul>\n<li><span style=\"font-weight: 400;\">6 hores setmanals (de la franja d&#8217;optatives a 1r) i 4 hores setmanals (de la franja d&#8217;espec\u00edfiques de 2n)<\/span><\/li>\n<\/ul>\n<\/td>\n<\/tr>\n<tr style=\"height: 230px;\">\n<td style=\"width: 41.0611%; background-color: #ffffff; border-color: #000000; text-align: center; height: 230px;\"><span style=\"font-weight: 400;\">\u00a0<\/span><\/td>\n<td style=\"width: 39.5442%; background-color: #ffffff; border-color: #000000; height: 230px;\"><span style=\"font-weight: 400;\"><strong>Requisits:\u00a0<\/strong><\/span><\/p>\n<ul>\n<li>Cursar estudis en una escola de m\u00fasica autoritzada.<\/li>\n<li>Haver superat la prova d&#8217;acc\u00e9s als ensenyaments de grau professional de m\u00fasica.<\/li>\n<li>Cursar estudis que incloguin, com a m\u00ednim, Llenguatge musical o Harmonia, Instrument i Pr\u00e0ctica Instrumental en grup.<\/li>\n<\/ul>\n<\/td>\n<\/tr>\n<tr style=\"height: 32px;\">\n<td style=\"background-color: #e0e0e0; border-color: #000000; height: 32px; text-align: center; width: 80.6053%;\" colspan=\"2\"><strong>Documentaci\u00f3 que cal presentar:<\/strong><\/td>\n<\/tr>\n<tr style=\"height: 80px;\">\n<td style=\"background-color: #ffffff; border-color: #000000; text-align: center; width: 41.0611%; height: 80px;\">\n<ul>\n<li style=\"text-align: left;\">BMU1: <a href=\"https:\/\/agora.xtec.cat\/iesmartipol\/wp-content\/uploads\/usu2298\/2023\/06\/BMU1_BATX_Musica.pdf\">Sol\u00b7licitud alumnes<\/a><\/li>\n<li style=\"text-align: left;\">CMU1: Certificat conservatori o centre professional<\/li>\n<\/ul>\n<\/td>\n<td style=\"background-color: #ffffff; border-color: #000000; text-align: center; width: 39.5442%; height: 80px;\">\n<ul>\n<li style=\"text-align: left;\">BMU3: <a href=\"https:\/\/agora.xtec.cat\/iesmartipol\/wp-content\/uploads\/usu2298\/2024\/07\/BMU3.pdf\">Sol\u00b7licitud alumne<\/a><\/li>\n<li style=\"text-align: left;\">CMU2: Certificat escola de m\u00fasica autoritzada<\/li>\n<\/ul>\n<\/td>\n<\/tr>\n<\/tbody>\n<\/table>\n<table style=\"height: 129px; width: 80.8951%; border-collapse: collapse; background-color: #e0e0e0;\">\n<tbody>\n<tr style=\"height: 32px;\">\n<td style=\"width: 80.4264%; background-color: #c0c1f0; height: 32px; text-align: center; border-color: #000000;\" colspan=\"3\"><strong>ESO \/ DANSA <\/strong><br \/>\n(convalidacions m\u00e0ximes)<\/td>\n<\/tr>\n<tr style=\"height: 32px;\">\n<td style=\"width: 33.3333%; height: 42px; border-color: #000000; background-color: #e0e0e0;\" rowspan=\"2\"><strong>Conservatori o centre professional<\/strong><\/td>\n<td style=\"width: 47.0931%; height: 32px; border-color: #000000; background-color: #e0e0e0;\" colspan=\"2\"><strong>Escola autoritzada<\/strong><\/td>\n<\/tr>\n<tr style=\"height: 10px;\">\n<td style=\"width: 21.4383%; height: 10px; border-color: #000000; background-color: #e0e0e0;\"><strong>Situaci\u00f3 1<\/strong><br \/>\nSi es cursen entre 5 i 7 hores setmanals<\/td>\n<td style=\"width: 25.6548%; height: 10px; border-color: #000000; background-color: #e0e0e0;\"><strong>Situaci\u00f3 2<\/strong><br \/>\nSi es cursen 7 hores setmanals o m\u00e9s<\/td>\n<\/tr>\n<tr style=\"height: 32px;\">\n<td style=\"width: 33.3333%; background-color: #ffffff; height: 10px; border-color: #000000; text-align: center;\">\n<ul>\n<li style=\"list-style-type: none;\">\n<ul>\n<li style=\"font-weight: 400; text-align: left;\" aria-level=\"1\"><span style=\"font-weight: 400;\">Educaci\u00f3 F\u00edsica<\/span><\/li>\n<li style=\"font-weight: 400; text-align: left;\" aria-level=\"1\"><span style=\"font-weight: 400;\">M\u00fasica (la mat\u00e8ria comuna de primer a tercer curs d\u2019ESO)<\/span><\/li>\n<li style=\"font-weight: 400; text-align: left;\" aria-level=\"1\"><span style=\"font-weight: 400;\">Les mat\u00e8ries optatives de primer a tercer curs d\u2019ESO (2 hores per curs)<\/span><\/li>\n<li style=\"font-weight: 400; text-align: left;\" aria-level=\"1\"><span style=\"font-weight: 400;\">Una mat\u00e8ria optativa de quart curs d\u2019ESO (fins a un m\u00e0xim de 3 hores)<\/span><\/li>\n<\/ul>\n<\/li>\n<\/ul>\n<\/td>\n<td style=\"width: 21.4383%; background-color: #ffffff; height: 10px; border-color: #000000;\">\n<ul>\n<li><span style=\"font-weight: 400;\">Educaci\u00f3 F\u00edsica<\/span><\/li>\n<\/ul>\n<\/td>\n<td style=\"width: 25.6548%; background-color: #ffffff; height: 10px; border-color: #000000;\">\n<ul>\n<li style=\"font-weight: 400; text-align: left;\" aria-level=\"1\"><span style=\"font-weight: 400;\">Educaci\u00f3 F\u00edsica<\/span><\/li>\n<li style=\"font-weight: 400; text-align: left;\" aria-level=\"1\"><span style=\"font-weight: 400;\">Les mat\u00e8ries optatives de primer a tercer curs d\u2019ESO (2 hores per curs)<\/span><\/li>\n<li style=\"font-weight: 400; text-align: left;\" aria-level=\"1\"><span style=\"font-weight: 400;\">Una mat\u00e8ria optativa de quart curs d\u2019ESO (fins a un m\u00e0xim de 3 hores)<\/span><\/li>\n<\/ul>\n<\/td>\n<\/tr>\n<tr style=\"height: 32px;\">\n<td style=\"width: 80.4264%; background-color: #e0e0e0; height: 32px; border-color: #000000; text-align: center;\" colspan=\"3\"><strong>Documentaci\u00f3 que cal presentar:<\/strong><\/td>\n<\/tr>\n<tr style=\"height: 32px;\">\n<td style=\"width: 33.3333%; background-color: #ffffff; height: 13px; border-color: #000000;\">\n<ul>\n<li>EDA1: <a href=\"https:\/\/agora.xtec.cat\/iesmartipol\/wp-content\/uploads\/usu2298\/2023\/06\/EDA1_Sol.licitud-convalidacio\u0301-EF-dansa.pdf\">Sol\u00b7licitud alumnes<\/a><\/li>\n<li>CDA1: Certificat conservatori o centre professional<\/li>\n<\/ul>\n<\/td>\n<td style=\"width: 47.0931%; background-color: #ffffff; height: 13px; border-color: #000000;\" colspan=\"2\">\n<ul>\n<li>EDA1: <a href=\"https:\/\/agora.xtec.cat\/iesmartipol\/wp-content\/uploads\/usu2298\/2023\/06\/EDA1_Sol.licitud-convalidacio\u0301-EF-dansa.pdf\">Sol\u00b7licitud alumnes<\/a><\/li>\n<li>CDA1: Certificat escola de dansa autoritzada<\/li>\n<\/ul>\n<\/td>\n<\/tr>\n<\/tbody>\n<\/table>\n<table style=\"border-collapse: collapse; width: 81.0042%; height: 359px;\">\n<tbody>\n<tr style=\"height: 32px;\">\n<td style=\"width: 80.6053%; background-color: #c0c1f0; height: 32px; text-align: center; border-color: #000000;\" colspan=\"3\"><strong>BATXILLERAT \/ DANSA <\/strong><br \/>\n(convalidacions m\u00e0ximes)<\/td>\n<\/tr>\n<tr style=\"height: 32px;\">\n<td style=\"width: 25.0234%; height: 42px; text-align: center; border-color: #000000; background-color: #e0e0e0;\" rowspan=\"2\"><strong>Conservatori o centre professional<\/strong><\/td>\n<td style=\"width: 55.5819%; height: 32px; text-align: center; border-color: #000000; background-color: #e0e0e0;\" colspan=\"2\"><strong>Escola autoritzada<\/strong><\/td>\n<\/tr>\n<tr style=\"height: 10px;\">\n<td style=\"width: 32.5652%; height: 10px; border-color: #000000; text-align: center; background-color: #e0e0e0;\"><strong>Situaci\u00f3 1<\/strong><br \/>\nSi es cursen entre 11 hores setmanals o m\u00e9s de dansa<\/td>\n<td style=\"width: 23.0167%; height: 10px; border-color: #000000; text-align: center; background-color: #e0e0e0;\"><strong>Situaci\u00f3 2<\/strong><br \/>\nSi es cursen entre 7 i 10 hores setmanals de dansa<\/td>\n<\/tr>\n<tr style=\"height: 32px;\">\n<td style=\"width: 25.0234%; background-color: #ffffff; height: 10px; border-color: #000000; text-align: center;\">\n<ul>\n<li style=\"list-style-type: none;\">\n<ul>\n<li style=\"font-weight: 400; text-align: left;\" aria-level=\"1\"><span style=\"font-weight: 400;\">Educaci\u00f3 F\u00edsica<\/span><\/li>\n<li style=\"font-weight: 400; text-align: left;\" aria-level=\"1\"><span style=\"font-weight: 400;\">6 hores setmanals (de la franja d&#8217;optatives a 1r) i 4 hores setmanals (de la franja d&#8217;espec\u00edfiques de 2n)<\/span><\/li>\n<\/ul>\n<\/li>\n<\/ul>\n<\/td>\n<td style=\"width: 32.5652%; background-color: #ffffff; height: 10px; border-color: #000000;\">\n<ul>\n<li style=\"font-weight: 400; text-align: left;\" aria-level=\"1\"><span style=\"font-weight: 400;\">Educaci\u00f3 F\u00edsica<\/span><\/li>\n<li style=\"font-weight: 400; text-align: left;\" aria-level=\"1\"><span style=\"font-weight: 400;\">6 hores setmanals (de la franja d&#8217;optatives a 1r) i 4 hores setmanals (de la franja d&#8217;espec\u00edfiques de 2n)<\/span><\/li>\n<\/ul>\n<\/td>\n<td style=\"width: 23.0167%; background-color: #ffffff; height: 10px; border-color: #000000;\">\n<ul>\n<li style=\"font-weight: 400; text-align: left;\" aria-level=\"1\">Educaci\u00f3 f\u00edsica<\/li>\n<\/ul>\n<\/td>\n<\/tr>\n<tr style=\"height: 230px;\">\n<td style=\"width: 25.0234%; background-color: #ffffff; border-color: #000000; text-align: center; height: 230px;\"><span style=\"font-weight: 400;\">\u00a0<\/span><\/td>\n<td style=\"width: 32.5652%; background-color: #ffffff; border-color: #000000; height: 230px;\"><span style=\"font-weight: 400;\"><strong>Requisits:\u00a0<\/strong><\/span><\/p>\n<ul>\n<li>Cursar estudis en una escola de dansa autoritzada.<\/li>\n<li>Haver superat la prova d&#8217;acc\u00e9s als ensenyaments de grau professional.<\/li>\n<li>Cursar, com a m\u00ednim, Dansa cl\u00e0ssica, T\u00e8cniques de dansa contempor\u00e0nia o dansa espanyola i continguts de m\u00fasica.<\/li>\n<\/ul>\n<\/td>\n<td style=\"width: 23.0167%; background-color: #ffffff; border-color: #000000; height: 230px;\"><span style=\"font-weight: 400;\"><strong>Requisits:\u00a0<\/strong><\/span><\/p>\n<ul>\n<li>Cursar estudis en una escola de dansa autoritzada.<\/li>\n<\/ul>\n<\/td>\n<\/tr>\n<tr style=\"height: 32px;\">\n<td style=\"width: 80.6053%; background-color: #e0e0e0; height: 32px; border-color: #000000; text-align: center;\" colspan=\"3\"><strong>Documentaci\u00f3 que cal presentar:<\/strong><\/td>\n<\/tr>\n<tr style=\"height: 32px;\">\n<td style=\"width: 25.0234%; background-color: #ffffff; height: 13px; border-color: #000000;\">\n<ul>\n<li>BDA1: <a href=\"https:\/\/agora.xtec.cat\/iesmartipol\/wp-content\/uploads\/usu2298\/2023\/06\/BDA1.pdf\">Sol\u00b7licitud alumnes<\/a><\/li>\n<li>CDA1: Certificat conservatori o centre professional<\/li>\n<\/ul>\n<\/td>\n<td style=\"background-color: #ffffff; height: 13px; border-color: #000000; width: 32.5652%;\">\n<ul>\n<li>BDA3: <a href=\"https:\/\/agora.xtec.cat\/iesmartipol\/wp-content\/uploads\/usu2298\/2023\/06\/BDA3.pdf\">Sol\u00b7licitud alumnes<\/a><\/li>\n<li>CDA3: Certificat d&#8217;escola de dansa autoritzada<\/li>\n<\/ul>\n<\/td>\n<td style=\"background-color: #ffffff; border-color: #000000; width: 23.0167%; height: 13px;\">\n<ul>\n<li>BDA3: <a href=\"https:\/\/agora.xtec.cat\/iesmartipol\/wp-content\/uploads\/usu2298\/2023\/06\/BDA3.pdf\">Sol\u00b7licitud alumnes<\/a><\/li>\n<li>CDA2: Certificat d&#8217;escola de dansa autoritzada<\/li>\n<\/ul>\n<\/td>\n<\/tr>\n<\/tbody>\n<\/table>\n<p><span style=\"font-weight: 400;\">At\u00e8s que totes aquestes possibilitats es fonamenten en el fet de simultaniejar estudis ordinaris amb els estudis de dansa, la sol\u00b7licitud s\u2019ha de renovar cada curs. L\u2019alumnat que ho vulgui pot sol\u00b7licitar la convalidaci\u00f3 o el reconeixement d\u2019un nombre d\u2019hores inferior a aquell a qu\u00e8 tenen dret.<\/span><\/p>\n<table style=\"border-collapse: collapse; width: 100%; height: 32px;\">\n<tbody>\n<tr style=\"height: 32px;\">\n<td style=\"width: 100%; height: 32px; background-color: #595cd3;\"><span style=\"color: #ffffff;\"><b>DOCUMENTS QUE CAL PRESENTAR A LA SECRETARIA DE L&#8217;INSTITUT:<\/b><\/span><\/td>\n<\/tr>\n<\/tbody>\n<\/table>\n<ol>\n<li style=\"font-weight: 400;\" aria-level=\"1\"><span style=\"font-weight: 400;\">Impr\u00e8s de <\/span><b>sol\u00b7licitud <\/b><span style=\"font-weight: 400;\">de reducci\u00f3 de mat\u00e8ries de l\u2019educaci\u00f3 secund\u00e0ria obligat\u00f2ria (es pot descarregar en les taules anteriors).<\/span><\/li>\n<li style=\"font-weight: 400;\" aria-level=\"1\"><b>Certificaci\u00f3 <\/b><span style=\"font-weight: 400;\">expedida per l\u2019escola de m\u00fasica on s\u2019acrediti el nombre d\u2019hores de dedicaci\u00f3 setmanal. (Es pot baixar d\u2019internet o demanar-lo a l\u2019escola corresponent)<\/span><\/li>\n<li style=\"font-weight: 400;\" aria-level=\"1\"><a href=\"https:\/\/agora.xtec.cat\/iesmartipol\/wp-content\/uploads\/usu2298\/2023\/06\/AUTORITZACIO\u0301-SORTIDA-DE-CENTRE.pdf\"><b>Autoritzaci\u00f3 <\/b><\/a><span style=\"font-weight: 400;\">de la fam\u00edlia per entrar m\u00e9s tard o marxar abans a casa, en cas de tenir la reducci\u00f3 hor\u00e0ria a primeres o \u00faltimes hores del mat\u00ed.<\/span><\/li>\n<li style=\"font-weight: 400;\" aria-level=\"1\"><a href=\"https:\/\/agora.xtec.cat\/iesmartipol\/wp-content\/uploads\/usu2298\/2023\/06\/Declaracio\u0301_responsable.pdf\"><b>Declaraci\u00f3 responsable<\/b><\/a><span style=\"font-weight: 400;\"> d\u2019av\u00eds en cas de modificar l\u2019horari o aband\u00f3 de l&#8217;activitat per la qual es convalida.<\/span><\/li>\n<li style=\"font-weight: 400;\" aria-level=\"1\"><span style=\"font-weight: 400;\">L\u2019alumne\/a haur\u00e0 de continuar assistint a classe fins que se li faci arribar la <\/span><b>resoluci\u00f3 <\/b><span style=\"font-weight: 400;\">per part de la direcci\u00f3 del centre.<\/span><\/li>\n<\/ol>\n<p><span style=\"font-weight: 400;\">EL TERMINI DE PRESENTACI\u00d3 DE SOL\u00b7LICITUDS S\u2019ACABA EL <\/span><b>31 D\u2019OCTUBRE.<\/b><\/p>\n<p><a href=\"https:\/\/agora.xtec.cat\/iesmartipol\/wp-content\/uploads\/usu2298\/2023\/08\/INSTRUCCIONS-Convalidacions-23-24.pdf\">Descarregar INSTRUCCIONS Convalidacions 23-24<\/a><\/p>\n","protected":false},"excerpt":{"rendered":"<p>Normativa de les convalidacions de <a href=\"https:\/\/agora.xtec.cat\/insviladomat\/wp-content\/uploads\/usu299\/2019\/10\/DANSA-ESO_BTX.pdf\">Dansa i<\/a> <a href=\"https:\/\/agora.xtec.cat\/insviladomat\/wp-content\/uploads\/usu299\/2019\/10\/MUSICA-ESO_BTX.pdf\">M\u00fasica<\/a>.\u00a0<br \/>\nEl 31 d\u2019octubre finalitza el termini de presentaci\u00f3 a secretaria de les sol\u00b7licituds per a la convalidaci\u00f3 d\u2019optatives \/ m\u00fasica \/ educaci\u00f3 f\u00edsica per simultane\u00eftat d\u2019ESO o Batxillerat amb estudis de m\u00fasica o dansa.<br \/>\nL\u2019alumnat que cursa&hellip;  <a href=\"https:\/\/agora.xtec.cat\/iesmartipol\/secretaria\/tramits\/convalidacions-de-musica-i-dansa\/\" title=\"Read Convalidacions de m\u00fasica i dansa\">Llegeix m\u00e9s\u00bb<\/a><\/p>\n","protected":false},"author":1,"featured_media":0,"parent":591,"menu_order":0,"comment_status":"closed","ping_status":"closed","template":"page-templates\/side-menu.php","meta":{"_bbp_topic_count":0,"_bbp_reply_count":0,"_bbp_total_topic_count":0,"_bbp_total_reply_count":0,"_bbp_voice_count":0,"_bbp_anonymous_reply_count":0,"_bbp_topic_count_hidden":0,"_bbp_reply_count_hidden":0,"_bbp_forum_subforum_count":0,"footnotes":""},"class_list":["post-1313","page","type-page","status-publish","hentry"],"post_mailing_queue_ids":[],"_links":{"self":[{"href":"https:\/\/agora.xtec.cat\/iesmartipol\/wp-json\/wp\/v2\/pages\/1313","targetHints":{"allow":["GET"]}}],"collection":[{"href":"https:\/\/agora.xtec.cat\/iesmartipol\/wp-json\/wp\/v2\/pages"}],"about":[{"href":"https:\/\/agora.xtec.cat\/iesmartipol\/wp-json\/wp\/v2\/types\/page"}],"author":[{"embeddable":true,"href":"https:\/\/agora.xtec.cat\/iesmartipol\/wp-json\/wp\/v2\/users\/1"}],"replies":[{"embeddable":true,"href":"https:\/\/agora.xtec.cat\/iesmartipol\/wp-json\/wp\/v2\/comments?post=1313"}],"version-history":[{"count":4,"href":"https:\/\/agora.xtec.cat\/iesmartipol\/wp-json\/wp\/v2\/pages\/1313\/revisions"}],"predecessor-version":[{"id":1719,"href":"https:\/\/agora.xtec.cat\/iesmartipol\/wp-json\/wp\/v2\/pages\/1313\/revisions\/1719"}],"up":[{"embeddable":true,"href":"https:\/\/agora.xtec.cat\/iesmartipol\/wp-json\/wp\/v2\/pages\/591"}],"wp:attachment":[{"href":"https:\/\/agora.xtec.cat\/iesmartipol\/wp-json\/wp\/v2\/media?parent=1313"}],"curies":[{"name":"wp","href":"https:\/\/api.w.org\/{rel}","templated":true}]}}