{"id":46,"date":"2014-09-17T16:53:45","date_gmt":"2014-09-17T14:53:45","guid":{"rendered":"http:\/\/agora.xtec.cat\/iesmarina\/?page_id=46"},"modified":"2018-04-25T13:54:17","modified_gmt":"2018-04-25T11:54:17","slug":"organigrama","status":"publish","type":"page","link":"https:\/\/agora.xtec.cat\/iesmarina\/linstitut\/organigrama\/","title":{"rendered":"Organigrama"},"content":{"rendered":"<p>&nbsp;<\/p>\n<table style=\"width: 591px;\">\n<tbody>\n<tr style=\"height: 44px;\">\n<td style=\"width: 411px; height: 44px;\" colspan=\"3\">\n<h6 style=\"text-align: center;\">\u00a0<span style=\"color: #0000ff;\"><b>EQUIP DIRECTIU I COORDINACIONS<\/b><\/span><\/h6>\n<\/td>\n<\/tr>\n<tr style=\"height: 8px;\">\n<td style=\"width: 242px; height: 8px;\" colspan=\"2\"><\/td>\n<td style=\"width: 169px; height: 8px;\"><strong>Horari d&#8217;atenci\u00f3 a pares i mares<\/strong><\/td>\n<\/tr>\n<tr style=\"height: 93px;\">\n<td style=\"width: 113px; height: 93px;\">Directora<\/td>\n<td style=\"width: 129px; height: 93px;\">Anabel Gim\u00e9nez<\/td>\n<td style=\"width: 169px; height: 93px;\">dilluns, 10-11h<\/p>\n<p>divendres,11.30-12.30h<\/td>\n<\/tr>\n<tr style=\"height: 30px;\">\n<td style=\"width: 113px; height: 30px;\">Cap d\u2019estudis<\/td>\n<td style=\"width: 129px; height: 30px;\">Josep M.Pin\u00f3s<\/td>\n<td style=\"width: 169px; height: 30px;\">\u00a0dimecres,11.30-12.30h<\/td>\n<\/tr>\n<tr style=\"height: 30px;\">\n<td style=\"width: 113px; height: 30px;\">Cap d\u2019estudis<\/td>\n<td style=\"width: 129px; height: 30px;\">Silvia Orozco<\/td>\n<td style=\"width: 169px; height: 30px;\">dimarts,10-11h<\/td>\n<\/tr>\n<tr style=\"height: 45px;\">\n<td style=\"width: 113px; height: 45px;\">Coordinadora Pedag\u00f2gica<\/td>\n<td style=\"width: 129px; height: 45px;\">Carme Garcia<\/td>\n<td style=\"width: 169px; height: 45px;\">\u00a0dilluns,11.30-12.30h<\/td>\n<\/tr>\n<tr style=\"height: 30px;\">\n<td style=\"width: 113px; height: 30px;\">Secretari<\/td>\n<td style=\"width: 129px; height: 30px;\">Ramon Benabarre<\/td>\n<td style=\"width: 169px; height: 30px;\">\u00a0divendres,18.30-19.30h<\/td>\n<\/tr>\n<\/tbody>\n<\/table>\n<p>&nbsp;<\/p>\n<table style=\"height: 263px; width: 594px;\">\n<tbody>\n<tr style=\"height: 31px;\">\n<td style=\"height: 31px; width: 590.943px;\" colspan=\"2\">\n<h6 style=\"text-align: center;\"><span style=\"color: #0000ff;\"><strong>Equip Coordinadors i Responsables<\/strong><\/span><\/h6>\n<\/td>\n<\/tr>\n<tr style=\"height: 31px;\">\n<td style=\"height: 31px; width: 292.075px;\">LIC<\/td>\n<td style=\"height: 31px; width: 297.736px;\">\u00a0Gemma Tona<\/td>\n<\/tr>\n<tr style=\"height: 95px;\">\n<td style=\"height: 95px; width: 292.075px;\">TIC<\/td>\n<td style=\"height: 95px; width: 297.736px;\">Jordi Jim\u00e9nez<\/p>\n<p>Isabel Nafr\u00eda<\/td>\n<\/tr>\n<tr style=\"height: 47px;\">\n<td style=\"height: 47px; width: 292.075px;\">Prev. Riscos Laborals<\/td>\n<td style=\"height: 47px; width: 297.736px;\">Jordi Sandoval<\/td>\n<\/tr>\n<tr style=\"height: 31px;\">\n<td style=\"height: 31px; width: 292.075px;\">Activitats Extraescolars<\/td>\n<td style=\"height: 31px; width: 297.736px;\">\u00a0Al\u00edcia Sirvent<\/td>\n<\/tr>\n<tr style=\"height: 31px;\">\n<td style=\"height: 31px; width: 292.075px;\">Pr\u00e0cticum<\/td>\n<td style=\"height: 31px; width: 297.736px;\">Carme Garcia<\/td>\n<\/tr>\n<\/tbody>\n<\/table>\n<p>&nbsp;<\/p>\n<p>&nbsp;<\/p>\n<table style=\"width: 595px;\">\n<tbody>\n<tr style=\"height: 31px;\">\n<td style=\"width: 717px; height: 31px;\" colspan=\"4\">\n<h6><strong><span style=\"color: #0000ff;\">TUTORS I TUTORES D&#8217;ESO<\/span><\/strong><\/h6>\n<\/td>\n<\/tr>\n<tr style=\"height: 31px;\">\n<td style=\"width: 166px; height: 31px;\" colspan=\"2\"><strong>Curs<\/strong><\/td>\n<td style=\"width: 205px; height: 31px;\"><strong>Tutories pedag\u00f2giques<\/strong><\/td>\n<td style=\"width: 346px; height: 31px;\"><strong>Horari d&#8217;atenci\u00f3 a pares i mares<\/strong><\/td>\n<\/tr>\n<tr style=\"height: 31px;\">\n<td style=\"width: 96px; height: 155px;\" rowspan=\"5\">1r ESO<\/td>\n<td style=\"width: 70px; height: 31px;\">A<\/td>\n<td style=\"width: 205px; height: 31px;\">M.Josep Ra\u00efch<\/td>\n<td style=\"width: 346px; height: 31px;\">\u00a0dimecres,10-11h<\/td>\n<\/tr>\n<tr style=\"height: 31px;\">\n<td style=\"width: 70px; height: 31px;\">B<\/td>\n<td style=\"width: 205px; height: 31px;\">Carmina Viala<\/td>\n<td style=\"width: 346px; height: 31px;\">\u00a0dimecres,10-11h<\/td>\n<\/tr>\n<tr style=\"height: 31px;\">\n<td style=\"width: 70px; height: 31px;\">C<\/td>\n<td style=\"width: 205px; height: 31px;\">Jos\u00e9 Lu\u00eds P\u00e9rez<\/td>\n<td style=\"width: 346px; height: 31px;\">\u00a0dilluns,13.30-14.30h<\/td>\n<\/tr>\n<tr style=\"height: 31px;\">\n<td style=\"width: 70px; height: 31px;\">D<\/td>\n<td style=\"width: 205px; height: 31px;\">Cristian Clausen<\/td>\n<td style=\"width: 346px; height: 31px;\">\u00a0dilluns,10-11h<\/td>\n<\/tr>\n<tr style=\"height: 31px;\">\n<td style=\"width: 70px; height: 31px;\">E<\/td>\n<td style=\"width: 205px; height: 31px;\">V\u00edctor Mart\u00ednez<\/td>\n<td style=\"width: 346px; height: 31px;\">\u00a0dimarts,9-10h<\/td>\n<\/tr>\n<tr style=\"height: 31px;\">\n<td style=\"width: 371px; height: 31px;\" colspan=\"3\"><strong>COORDINADORA: ESTHER MAS\u00a0\u00a0<\/strong><\/td>\n<td style=\"width: 346px; height: 31px;\">dilluns,12.30-13.30h<\/td>\n<\/tr>\n<tr style=\"height: 31px;\">\n<td style=\"width: 96px; height: 155px;\" rowspan=\"5\">2n ESO<\/td>\n<td style=\"width: 70px; height: 31px;\">A<\/td>\n<td style=\"width: 205px; height: 31px;\">Llu\u00eds Pe\u00f1a<\/td>\n<td style=\"width: 346px; height: 31px;\">\u00a0dijous,10-11h<\/td>\n<\/tr>\n<tr style=\"height: 31px;\">\n<td style=\"width: 70px; height: 31px;\">B<\/td>\n<td style=\"width: 205px; height: 31px;\">Josep Llad\u00f3<\/td>\n<td style=\"width: 346px; height: 31px;\">\u00a0dilluns,8-9h<\/td>\n<\/tr>\n<tr style=\"height: 31px;\">\n<td style=\"width: 70px; height: 31px;\">C<\/td>\n<td style=\"width: 205px; height: 31px;\">Maria Catal\u00e0<\/td>\n<td style=\"width: 346px; height: 31px;\">\u00a0dijous,10-11h<\/td>\n<\/tr>\n<tr style=\"height: 31px;\">\n<td style=\"width: 70px; height: 31px;\">D<\/td>\n<td style=\"width: 205px; height: 31px;\">Marta Manresa<\/td>\n<td style=\"width: 346px; height: 31px;\">\u00a0dilluns,18.30-19.30h<\/td>\n<\/tr>\n<tr style=\"height: 31px;\">\n<td style=\"width: 70px; height: 31px;\">E<\/td>\n<td style=\"width: 205px; height: 31px;\">Mercedes Alonso<\/td>\n<td style=\"width: 346px; height: 31px;\">\u00a0dilluns,9-10h<\/td>\n<\/tr>\n<tr style=\"height: 31px;\">\n<td style=\"width: 371px; height: 31px;\" colspan=\"3\"><strong>COORDINADORA: CARME GARCIA<\/strong><\/td>\n<td style=\"width: 346px; height: 31px;\">dilluns,11.30-12.30h<\/td>\n<\/tr>\n<tr style=\"height: 31px;\">\n<td style=\"width: 96px; height: 155px;\" rowspan=\"5\">3r ESO<\/td>\n<td style=\"width: 70px; height: 31px;\">A<\/td>\n<td style=\"width: 205px; height: 31px;\">\u00a0David Ruiz<\/td>\n<td style=\"width: 346px; height: 31px;\">divendres,9-10h<\/td>\n<\/tr>\n<tr style=\"height: 31px;\">\n<td style=\"width: 70px; height: 31px;\">B<\/td>\n<td style=\"width: 205px; height: 31px;\">\u00a0Daniel Inguanzo<\/td>\n<td style=\"width: 346px; height: 31px;\">divendres,9-10h<\/td>\n<\/tr>\n<tr style=\"height: 31px;\">\n<td style=\"width: 70px; height: 31px;\">C<\/td>\n<td style=\"width: 205px; height: 31px;\">\u00a0Araceli Val<\/td>\n<td style=\"width: 346px; height: 31px;\">divendres,9-10h<\/td>\n<\/tr>\n<tr style=\"height: 31px;\">\n<td style=\"width: 70px; height: 31px;\">D<\/td>\n<td style=\"width: 205px; height: 31px;\">Estefania Abilla<\/td>\n<td style=\"width: 346px; height: 31px;\">divendres,11.30-12.30h<\/td>\n<\/tr>\n<tr style=\"height: 31px;\">\n<td style=\"width: 70px; height: 31px;\">E (3&#215;4)<\/td>\n<td style=\"width: 205px; height: 31px;\">Albert Villalta<\/td>\n<td style=\"width: 346px; height: 31px;\">divendres,11.30-12.30h<\/td>\n<\/tr>\n<tr style=\"height: 31px;\">\n<td style=\"width: 371px; height: 31px;\" colspan=\"3\"><strong>COORDINADORA: CARME MATEO<\/strong><\/td>\n<td style=\"width: 346px; height: 31px;\">dimarts,10-11h<\/td>\n<\/tr>\n<tr style=\"height: 31px;\">\n<td style=\"width: 96px; height: 155px;\" rowspan=\"5\">\u00a04t ESO<\/td>\n<td style=\"width: 70px; height: 31px;\">A<\/td>\n<td style=\"width: 205px; height: 31px;\">Pedro L\u00f3pez<\/td>\n<td style=\"width: 346px; height: 31px;\">\u00a0dilluns,13.30-14.30h<\/td>\n<\/tr>\n<tr style=\"height: 31px;\">\n<td style=\"width: 70px; height: 31px;\">B<\/td>\n<td style=\"width: 205px; height: 31px;\">M\u00edriam Silvestre<\/td>\n<td style=\"width: 346px; height: 31px;\">\u00a0dimecres,12.30-13.30h<\/td>\n<\/tr>\n<tr style=\"height: 31px;\">\n<td style=\"width: 70px; height: 31px;\">C<\/td>\n<td style=\"width: 205px; height: 31px;\">Nadina Torres<\/td>\n<td style=\"width: 346px; height: 31px;\">\u00a0divendres,9-10h<\/td>\n<\/tr>\n<tr style=\"height: 31px;\">\n<td style=\"width: 70px; height: 31px;\">D<\/td>\n<td style=\"width: 205px; height: 31px;\">Al\u00edcia Muniente<\/td>\n<td style=\"width: 346px; height: 31px;\">\u00a0dimecres,13.30-14.30h<\/td>\n<\/tr>\n<tr style=\"height: 31px;\">\n<td style=\"width: 70px; height: 31px;\">UMA<\/td>\n<td style=\"width: 205px; height: 31px;\">Agust\u00ed Ortiz<\/td>\n<td style=\"width: 346px; height: 31px;\">divendres,11.30-12.30h<\/td>\n<\/tr>\n<tr style=\"height: 31px;\">\n<td style=\"width: 371px; height: 31px;\" colspan=\"3\"><strong>COORDINADOR: F\u00c8LIX MARCO<\/strong><\/td>\n<td style=\"width: 346px; height: 31px;\">dijous,9 a10h<\/td>\n<\/tr>\n<tr style=\"height: 31px;\">\n<td style=\"width: 371px; height: 31px;\" colspan=\"3\"><strong>COORDINADOR ESO: F\u00c9LIX MARCO<\/strong><\/td>\n<td style=\"width: 346px; height: 31px;\">\u00a0dijous,,9 a10h<\/td>\n<\/tr>\n<\/tbody>\n<\/table>\n<p>&nbsp;<\/p>\n<table style=\"width: 596px;\">\n<tbody>\n<tr style=\"height: 30px;\">\n<td style=\"width: 624px; text-align: center; height: 30px;\" colspan=\"4\"><strong><span style=\"color: #0000ff;\">TUTORS I TUTORES DEFORMACI\u00d3 PROFESSIONAL GRAU MITJ\u00c0<\/span><\/strong><\/td>\n<\/tr>\n<tr style=\"height: 45px;\">\n<td style=\"width: 234px; height: 45px;\" colspan=\"2\"><strong>Curs<\/strong><\/td>\n<td style=\"width: 165px; height: 45px;\"><strong>Tutories pedag\u00f2giques<\/strong><\/td>\n<td style=\"width: 225px; height: 45px;\"><strong>Horari d&#8217;atenci\u00f3 a pares i mares<\/strong><\/td>\n<\/tr>\n<tr style=\"height: 30px;\">\n<td style=\"width: 190px; height: 60px;\" rowspan=\"2\">GESTI\u00d3 ADMIN.<\/td>\n<td style=\"width: 44px; height: 30px;\">1r<\/td>\n<td style=\"width: 165px; height: 30px;\">Enrique Fern\u00e1ndez<\/td>\n<td style=\"width: 225px; height: 30px;\">dilluns,10-11h<\/td>\n<\/tr>\n<tr style=\"height: 30px;\">\n<td style=\"width: 44px; height: 30px;\">2n<\/td>\n<td style=\"width: 165px; height: 30px;\">Marta Civera<\/td>\n<td style=\"width: 225px; height: 30px;\">dimarts,10-11h<\/td>\n<\/tr>\n<tr style=\"height: 45px;\">\n<td style=\"width: 190px; height: 75px;\" rowspan=\"2\">INSTAL\u00b7LACI\u00d3\u00a0TELECOM<\/td>\n<td style=\"width: 44px; height: 45px;\">1r<\/td>\n<td style=\"width: 165px; height: 45px;\">Juan Manuel Rodr\u00edguez<\/td>\n<td style=\"width: 225px; height: 45px;\">dimarts,\u00a08-9h<\/td>\n<\/tr>\n<tr style=\"height: 30px;\">\n<td style=\"width: 44px; height: 30px;\">2n<\/td>\n<td style=\"width: 165px; height: 30px;\">Carlos Ontiveros<\/td>\n<td style=\"width: 225px; height: 30px;\">dimecres,9-10h<\/td>\n<\/tr>\n<tr style=\"height: 30px;\">\n<td style=\"width: 624px; text-align: center; height: 30px;\" colspan=\"4\">\u00a0\u00a0\u00a0<span style=\"color: #0000ff;\"><strong>\u00a0TUTORS I TUTORES DE FORMACI\u00d3 PROFESSIONAL GRAU\u00a0SUPERIOR<\/strong><\/span><\/td>\n<\/tr>\n<tr style=\"height: 30px;\">\n<td style=\"width: 190px; height: 60px;\" rowspan=\"2\">ADMINISTRACI\u00d3 I FINANCES<\/td>\n<td style=\"width: 44px; height: 30px;\">1r<\/td>\n<td style=\"width: 165px; height: 30px;\">Olga Vitolo<\/td>\n<td style=\"width: 225px; height: 30px;\"><\/td>\n<\/tr>\n<tr style=\"height: 30px;\">\n<td style=\"width: 44px; height: 30px;\">2n<\/td>\n<td style=\"width: 165px; height: 30px;\">Ginesa Casta\u00f1o<\/td>\n<td style=\"width: 225px; height: 30px;\"><\/td>\n<\/tr>\n<tr style=\"height: 31px;\">\n<td style=\"width: 190px; height: 61px;\" rowspan=\"2\">ELECTROMEDICINA CL\u00cdNICA<\/td>\n<td style=\"width: 44px; height: 31px;\">1r<\/td>\n<td style=\"width: 165px; height: 31px;\">Jordi Sandoval<\/td>\n<td style=\"width: 225px; height: 31px;\"><\/td>\n<\/tr>\n<tr style=\"height: 30px;\">\n<td style=\"width: 44px; height: 30px;\">2n<\/td>\n<td style=\"width: 165px; height: 30px;\">Jos\u00e9 Luis Peral<\/td>\n<td style=\"width: 225px; height: 30px;\"><\/td>\n<\/tr>\n<tr style=\"height: 30px;\">\n<td style=\"width: 399px; height: 30px;\" colspan=\"3\"><strong>COORDINADORA\u00a0\u00a0FORM. PROF. Pilar Aguad\u00e9<\/strong><\/td>\n<td style=\"width: 225px; height: 60px;\" rowspan=\"2\">dimecres,19.30-20.30h<\/p>\n<p>dilluns,\u00a019.30-20.30h<\/td>\n<\/tr>\n<tr style=\"height: 30px;\">\n<td style=\"width: 190px; height: 30px;\">PFI<\/td>\n<td style=\"width: 44px; height: 30px;\"><\/td>\n<td style=\"width: 165px; height: 30px;\">Pilar Aguad\u00e9<\/td>\n<\/tr>\n<\/tbody>\n<\/table>\n<p>&nbsp;<\/p>\n<p>&nbsp;<\/p>\n","protected":false},"excerpt":{"rendered":"<p>&nbsp;<\/p>\n<p>\u00a0EQUIP DIRECTIU I COORDINACIONS<\/p>\n<p>Horari d&#8217;atenci\u00f3 a pares i mares<\/p>\n<p>Directora<br \/>\nAnabel Gim\u00e9nez<br \/>\ndilluns, 10-11h<br \/>\ndivendres,11.30-12.30h<\/p>\n<p>Cap d\u2019estudis<br \/>\nJosep M.Pin\u00f3s<br \/>\n\u00a0dimecres,11.30-12.30h<\/p>\n<p>Cap d\u2019estudis<br \/>\nSilvia Orozco<br \/>\ndimarts,10-11h<\/p>\n<p>Coordinadora Pedag\u00f2gica<br \/>\nCarme Garcia<br \/>\n\u00a0dilluns,11.30-12.30h<\/p>\n<p>Secretari<br \/>\nRamon Benabarre<br \/>\n\u00a0divendres,18.30-19.30h<\/p>\n<p>&nbsp;<\/p>\n<p>Equip Coordinadors i Responsables<\/p>\n<p>LIC<br \/>\n\u00a0Gemma Tona<\/p>\n<p>TIC<br \/>\nJordi Jim\u00e9nez<br \/>\nIsabel Nafr\u00eda<\/p>\n<p>Prev. Riscos Laborals<br \/>\nJordi Sandoval<\/p>\n<p>Activitats Extraescolars<br \/>\n\u00a0Al\u00edcia Sirvent<\/p>\n<p>Pr\u00e0cticum<br \/>\nCarme Garcia<\/p>\n<p>&nbsp;<br \/>\n&nbsp;<\/p>\n<p>TUTORS I TUTORES D&#8217;ESO<\/p>\n<p>Curs<br \/>\nTutories pedag\u00f2giques<br \/>\nHorari d&#8217;atenci\u00f3 a pares i mares<\/p>\n<p>1r ESO<br \/>\nA<br \/>\nM.Josep Ra\u00efch<br \/>\n\u00a0dimecres,10-11h<\/p>\n<p>B<br \/>\nCarmina Viala<br \/>\n\u00a0dimecres,10-11h<\/p>\n<p>C<br \/>\nJos\u00e9 Lu\u00eds P\u00e9rez<br \/>\n\u00a0dilluns,13.30-14.30h<\/p>\n<p>D<br \/>\nCristian Clausen<br \/>\n\u00a0dilluns,10-11h<\/p>\n<p>E<br \/>\nV\u00edctor&hellip;  <a href=\"https:\/\/agora.xtec.cat\/iesmarina\/linstitut\/organigrama\/\" title=\"Read Organigrama\">Llegeix m\u00e9s\u00bb<\/a><\/p>\n","protected":false},"author":2,"featured_media":0,"parent":19,"menu_order":25,"comment_status":"closed","ping_status":"closed","template":"page-templates\/side-menu.php","meta":{"_bbp_topic_count":0,"_bbp_reply_count":0,"_bbp_total_topic_count":0,"_bbp_total_reply_count":0,"_bbp_voice_count":0,"_bbp_anonymous_reply_count":0,"_bbp_topic_count_hidden":0,"_bbp_reply_count_hidden":0,"_bbp_forum_subforum_count":0,"footnotes":""},"class_list":["post-46","page","type-page","status-publish","hentry"],"post_mailing_queue_ids":[],"_links":{"self":[{"href":"https:\/\/agora.xtec.cat\/iesmarina\/wp-json\/wp\/v2\/pages\/46","targetHints":{"allow":["GET"]}}],"collection":[{"href":"https:\/\/agora.xtec.cat\/iesmarina\/wp-json\/wp\/v2\/pages"}],"about":[{"href":"https:\/\/agora.xtec.cat\/iesmarina\/wp-json\/wp\/v2\/types\/page"}],"author":[{"embeddable":true,"href":"https:\/\/agora.xtec.cat\/iesmarina\/wp-json\/wp\/v2\/users\/2"}],"replies":[{"embeddable":true,"href":"https:\/\/agora.xtec.cat\/iesmarina\/wp-json\/wp\/v2\/comments?post=46"}],"version-history":[{"count":5,"href":"https:\/\/agora.xtec.cat\/iesmarina\/wp-json\/wp\/v2\/pages\/46\/revisions"}],"predecessor-version":[{"id":1117,"href":"https:\/\/agora.xtec.cat\/iesmarina\/wp-json\/wp\/v2\/pages\/46\/revisions\/1117"}],"up":[{"embeddable":true,"href":"https:\/\/agora.xtec.cat\/iesmarina\/wp-json\/wp\/v2\/pages\/19"}],"wp:attachment":[{"href":"https:\/\/agora.xtec.cat\/iesmarina\/wp-json\/wp\/v2\/media?parent=46"}],"curies":[{"name":"wp","href":"https:\/\/api.w.org\/{rel}","templated":true}]}}