{"id":1461,"date":"2018-02-19T12:30:05","date_gmt":"2018-02-19T11:30:05","guid":{"rendered":"http:\/\/agora.xtec.cat\/iesmarina\/?page_id=1461"},"modified":"2018-03-03T22:54:06","modified_gmt":"2018-03-03T21:54:06","slug":"sortides-escolars","status":"publish","type":"page","link":"https:\/\/agora.xtec.cat\/iesmarina\/curs-2017-2018\/sortides-escolars\/","title":{"rendered":"Sortides escolars"},"content":{"rendered":"<p>&nbsp;<\/p>\n<table style=\"width: 651px;\">\n<tbody>\n<tr>\n<td style=\"width: 646px; text-align: center;\" colspan=\"3\"><strong>1r ESO<\/strong><\/td>\n<\/tr>\n<tr>\n<td style=\"width: 84px; text-align: center;\"><strong>Trimestre<\/strong><\/td>\n<td style=\"width: 327px; text-align: center;\"><strong>Descripci\u00f3 de l\u2019activitat\u00a0<\/strong><\/td>\n<td style=\"width: 235px; text-align: center;\"><strong>Departament<\/strong><\/td>\n<\/tr>\n<tr>\n<td style=\"width: 84px;\">1r<\/td>\n<td style=\"width: 327px;\">Visita biblioteca de La Llagosta<\/td>\n<td style=\"width: 235px;\">Llengua Catalana i Literatura<\/td>\n<\/tr>\n<tr>\n<td style=\"width: 84px;\">1r<\/td>\n<td style=\"width: 327px;\">Collbat\u00f3.<\/td>\n<td style=\"width: 235px;\">Educaci\u00f3 F\u00edsica<\/td>\n<\/tr>\n<tr>\n<td style=\"width: 84px;\">1r<\/td>\n<td style=\"width: 327px;\">MNAC (Museu Nacional d\u2019Art de Catalunya)<\/td>\n<td style=\"width: 235px;\">1r, 2n i 3r Optativa de Religions del m\u00f3n<\/td>\n<\/tr>\n<tr>\n<td style=\"width: 84px;\">1r<\/td>\n<td style=\"width: 327px;\">Taller de r\u00e8ptils (per confirmar)<\/td>\n<td style=\"width: 235px;\">CCNN (Biologia)<\/td>\n<\/tr>\n<tr>\n<td style=\"width: 84px;\">2n<\/td>\n<td style=\"width: 327px;\">Visita al MNAC del Rom\u00e0nic<\/td>\n<td style=\"width: 235px;\">Socials (Religi\u00f3)<\/td>\n<\/tr>\n<tr>\n<td style=\"width: 84px;\">2n<\/td>\n<td style=\"width: 327px;\">MNAC (Museu Nacional d\u2019Art de Catalunya)<\/td>\n<td style=\"width: 235px;\">1r, 2n i 3r Optativa de Religions del m\u00f3n<\/td>\n<\/tr>\n<tr>\n<td style=\"width: 84px;\">2n<\/td>\n<td style=\"width: 327px;\">Teatre en angl\u00e8s al Centre Cultural: &#8220;The Horror Show&#8221;.\u00a0Celebrem el dia de la dona i els 200 anys del Frankenstein de Mary Shelley<\/td>\n<td style=\"width: 235px;\">Angl\u00e8s<\/td>\n<\/tr>\n<\/tbody>\n<\/table>\n<p>&nbsp;<\/p>\n<table style=\"width: 651px;\">\n<tbody>\n<tr>\n<td style=\"width: 646px; text-align: center;\" colspan=\"3\"><strong>2n ESO<\/strong><\/td>\n<\/tr>\n<tr>\n<td style=\"width: 84px;\"><strong>Trimestre<\/strong><\/td>\n<td style=\"width: 326px; text-align: center;\"><strong>Descripci\u00f3 de l\u2019activitat <\/strong><\/td>\n<td style=\"width: 236px; text-align: center;\"><strong>Departament <\/strong><\/td>\n<\/tr>\n<tr>\n<td style=\"width: 84px;\">1r<\/td>\n<td style=\"width: 326px;\">Visita al MNAC del Rom\u00e0nic<\/td>\n<td style=\"width: 236px;\">Socials (Religi\u00f3)<\/td>\n<\/tr>\n<tr>\n<td style=\"width: 84px;\">2n<\/td>\n<td style=\"width: 326px;\">Taller d\u00b4experimentaci\u00f3 i visita al Museu de la Ci\u00e8ncia i de la T\u00e8cnica de Terrassa.<\/td>\n<td style=\"width: 236px;\">CCNN<\/td>\n<\/tr>\n<tr>\n<td style=\"width: 84px;\">2n<\/td>\n<td style=\"width: 326px;\">Visita al MNAC del Rom\u00e0nic<\/td>\n<td style=\"width: 236px;\">Socials (Religi\u00f3)<\/td>\n<\/tr>\n<tr>\n<td style=\"width: 84px;\">3r<\/td>\n<td style=\"width: 326px;\">El musical participatiu Sala Barts Barcelona ()<\/td>\n<td style=\"width: 236px;\">M\u00fasica<\/td>\n<\/tr>\n<tr>\n<td style=\"width: 84px;\">2n<\/td>\n<td style=\"width: 326px;\">Visita escriptor Arturo Padilla al centre<\/td>\n<td style=\"width: 236px;\">Castell\u00e0<\/td>\n<\/tr>\n<tr>\n<td style=\"width: 84px;\">\u00a0\u00a0\u00a0\u00a0\u00a0 2n<\/td>\n<td style=\"width: 326px;\">Cinetren Sitges \u2018Sing Street\u2019<\/td>\n<td style=\"width: 236px;\"><\/td>\n<\/tr>\n<\/tbody>\n<\/table>\n<p><strong>\u00a0<\/strong><\/p>\n<table style=\"width: 649px;\">\n<tbody>\n<tr>\n<td style=\"width: 648px; text-align: center;\" colspan=\"3\"><strong>3r ESO<\/strong><\/td>\n<\/tr>\n<tr>\n<td style=\"width: 88px; text-align: center;\"><strong>Trimestre<\/strong><\/td>\n<td style=\"width: 324px; text-align: center;\"><strong>Descripci\u00f3 de l\u2019activitat <\/strong><\/td>\n<td style=\"width: 236px; text-align: center;\"><strong>Departament <\/strong><\/td>\n<\/tr>\n<tr>\n<td style=\"width: 88px;\">1r<\/td>\n<td style=\"width: 324px;\">Visita a Cosmocaixa i taller \u201cFem reaccions Qu\u00edmiques\u201d<\/td>\n<td style=\"width: 236px;\">CCNN<\/td>\n<\/tr>\n<tr>\n<td style=\"width: 88px;\">1r<\/td>\n<td style=\"width: 324px;\">Visita al MNAC del Rom\u00e0nic<\/td>\n<td style=\"width: 236px;\">Socials (Religi\u00f3)<\/td>\n<\/tr>\n<tr>\n<td style=\"width: 88px;\">2n<\/td>\n<td style=\"width: 324px;\">Visita al MNAC del Rom\u00e0nic<\/td>\n<td style=\"width: 236px;\">Socials (Religi\u00f3)<\/td>\n<\/tr>\n<\/tbody>\n<\/table>\n<p>&nbsp;<\/p>\n<table style=\"width: 649px;\">\n<tbody>\n<tr>\n<td style=\"width: 644px; text-align: center;\" colspan=\"3\"><strong>4t ESO<\/strong><\/td>\n<\/tr>\n<tr>\n<td style=\"width: 84px; text-align: center;\"><strong>Trimestre<\/strong><\/td>\n<td style=\"width: 327px; text-align: center;\"><strong>Descripci\u00f3 de l\u2019activitat<\/strong><\/td>\n<td style=\"width: 233px; text-align: center;\"><strong>Departament<\/strong><\/td>\n<\/tr>\n<tr>\n<td style=\"width: 84px;\">1r<\/td>\n<td style=\"width: 327px;\">RUTA MODERNISTA SITGES (Proposta)<\/td>\n<td style=\"width: 233px;\">Llengua Catalana i Literatura<\/td>\n<\/tr>\n<tr>\n<td style=\"width: 84px;\">1r<\/td>\n<td style=\"width: 327px;\">WARHOL. L\u2019art mec\u00e0nic. + Visita a l\u2019edifici (modernisme- modernitat) CAIXAFORUM<\/td>\n<td style=\"width: 233px;\">Educaci\u00f3 Visual i Pl\u00e0stica.<\/td>\n<\/tr>\n<tr>\n<td style=\"width: 84px;\">2n<\/td>\n<td style=\"width: 327px;\">Visita a l\u2019espai Arts Santa M\u00f2nica<\/td>\n<td style=\"width: 233px;\">Socials (Religi\u00f3)<\/td>\n<\/tr>\n<tr>\n<td style=\"width: 84px;\">2n<\/td>\n<td style=\"width: 327px;\">YOMO BARCELONA 2018<\/td>\n<td style=\"width: 233px;\">Tecnologia<\/td>\n<\/tr>\n<tr>\n<td style=\"width: 84px;\">2n\/3r<\/td>\n<td style=\"width: 327px;\">VISITA CATALUNYA R\u00c0DIO<\/td>\n<td style=\"width: 233px;\">Llengua Catalana i Literatura<\/td>\n<\/tr>\n<tr>\n<td style=\"width: 84px;\">2n<\/td>\n<td style=\"width: 327px;\">Taller al Cosmocaixa \u201cSapiens, el llarg cam\u00ed de l\u2019hominitzaci\u00f3\u201d<\/td>\n<td style=\"width: 233px;\">CCNN ( Biologia)<\/td>\n<\/tr>\n<\/tbody>\n<\/table>\n<p><strong>\u00a0<\/strong><\/p>\n","protected":false},"excerpt":{"rendered":"<p>&nbsp;<\/p>\n<p>1r ESO<\/p>\n<p>Trimestre<br \/>\nDescripci\u00f3 de l\u2019activitat\u00a0<br \/>\nDepartament<\/p>\n<p>1r<br \/>\nVisita biblioteca de La Llagosta<br \/>\nLlengua Catalana i Literatura<\/p>\n<p>1r<br \/>\nCollbat\u00f3.<br \/>\nEducaci\u00f3 F\u00edsica<\/p>\n<p>1r<br \/>\nMNAC (Museu Nacional d\u2019Art de Catalunya)<br \/>\n1r, 2n i 3r Optativa de Religions del m\u00f3n<\/p>\n<p>1r<br \/>\nTaller de r\u00e8ptils (per confirmar)<br \/>\nCCNN (Biologia)<\/p>\n<p>2n<br \/>\nVisita al MNAC del Rom\u00e0nic<br \/>\nSocials (Religi\u00f3)<\/p>\n<p>2n<br \/>\nMNAC (Museu Nacional d\u2019Art de Catalunya)<br \/>\n1r, 2n i 3r Optativa de&hellip;  <a href=\"https:\/\/agora.xtec.cat\/iesmarina\/curs-2017-2018\/sortides-escolars\/\" title=\"Read Sortides escolars\">Llegeix m\u00e9s\u00bb<\/a><\/p>\n","protected":false},"author":2,"featured_media":0,"parent":1398,"menu_order":30,"comment_status":"closed","ping_status":"closed","template":"page-templates\/side-menu.php","meta":{"_bbp_topic_count":0,"_bbp_reply_count":0,"_bbp_total_topic_count":0,"_bbp_total_reply_count":0,"_bbp_voice_count":0,"_bbp_anonymous_reply_count":0,"_bbp_topic_count_hidden":0,"_bbp_reply_count_hidden":0,"_bbp_forum_subforum_count":0,"footnotes":""},"class_list":["post-1461","page","type-page","status-publish","hentry"],"post_mailing_queue_ids":[],"_links":{"self":[{"href":"https:\/\/agora.xtec.cat\/iesmarina\/wp-json\/wp\/v2\/pages\/1461","targetHints":{"allow":["GET"]}}],"collection":[{"href":"https:\/\/agora.xtec.cat\/iesmarina\/wp-json\/wp\/v2\/pages"}],"about":[{"href":"https:\/\/agora.xtec.cat\/iesmarina\/wp-json\/wp\/v2\/types\/page"}],"author":[{"embeddable":true,"href":"https:\/\/agora.xtec.cat\/iesmarina\/wp-json\/wp\/v2\/users\/2"}],"replies":[{"embeddable":true,"href":"https:\/\/agora.xtec.cat\/iesmarina\/wp-json\/wp\/v2\/comments?post=1461"}],"version-history":[{"count":4,"href":"https:\/\/agora.xtec.cat\/iesmarina\/wp-json\/wp\/v2\/pages\/1461\/revisions"}],"predecessor-version":[{"id":1496,"href":"https:\/\/agora.xtec.cat\/iesmarina\/wp-json\/wp\/v2\/pages\/1461\/revisions\/1496"}],"up":[{"embeddable":true,"href":"https:\/\/agora.xtec.cat\/iesmarina\/wp-json\/wp\/v2\/pages\/1398"}],"wp:attachment":[{"href":"https:\/\/agora.xtec.cat\/iesmarina\/wp-json\/wp\/v2\/media?parent=1461"}],"curies":[{"name":"wp","href":"https:\/\/api.w.org\/{rel}","templated":true}]}}