{"id":1386,"date":"2018-02-19T11:15:58","date_gmt":"2018-02-19T10:15:58","guid":{"rendered":"http:\/\/agora.xtec.cat\/iesmarina\/?page_id=1386"},"modified":"2018-02-19T12:46:59","modified_gmt":"2018-02-19T11:46:59","slug":"erasmus","status":"publish","type":"page","link":"https:\/\/agora.xtec.cat\/iesmarina\/projectes\/erasmus\/","title":{"rendered":"ERASMUS"},"content":{"rendered":"<h2 class=\"title\"><a href=\"http:\/\/www.institutmarina.cat\/activitats\/projectes-erasmus\">Projectes\u00a0Erasmus+<\/a><\/h2>\n<p>&nbsp;<\/p>\n<p><img loading=\"lazy\" decoding=\"async\" src=\"http:\/\/www.institutmarina.cat\/images\/imatges\/idiomes\/LOGO%20ERASMUS%20PLUSalargado.png\" alt=\"LOGO ERASMUS PLUSalargado\" width=\"503\" height=\"134\" \/><\/p>\n<p>&nbsp;<\/p>\n<p>El nostre institut ha estat atorgat enguany amb dos projectes Erasmus Plus (anteriorment Comenius), la qual cosa implicar\u00e0 mobilitats a l\u2019estranger d\u2019alumnes i professors durant dos anys, subvencionades amb fons europeus.<\/p>\n<p>Aquests projectes van dirigits a alumnes de 4 ESO i batxillerat principalment i tenen com a objectiu principal el treball col\u00b7laboratiu i de recerca d\u2019alumnes i professors sobre uns temes determinats, que en aquest cas tracten sobre les assignatures de l\u2019\u00e0mbit cient\u00edfic i tecnol\u00f2gic i la llengua estrangera , aix\u00ed com de l\u2019ansietat i motivaci\u00f3 escolar en aquestes assignatures.<\/p>\n<p>Els alumnes seleccionats per a participar en aquests projectes esdevindran investigadors i les seves troballes seran utilitzades per a intentar millorar el nivell de satisfacci\u00f3 i aprenentatge a les classes.<\/p>\n<p>Els projectes s\u00f3n els seg\u00fcents:<\/p>\n<p><a href=\"http:\/\/www.institutmarina.cat\/activitats\/projectes-erasmus\/stress-free-and-inspirational-learning\" target=\"_self\">Stress-free and inspirational learning for a more effective European classroom \u2013 Coordinadora: Nati Castillo<\/a><\/p>\n<p lang=\"en-GB\">\u00a0<a href=\"http:\/\/www.institutmarina.cat\/activitats\/projectes-erasmus\/let-the-science-discover-us\" target=\"_self\">Let the Science Discover Us \u2013 Coordinadores: Marta Vellisca I Raquel Abad<\/a><\/p>\n<p><a href=\"http:\/\/www.institutmarina.cat\/activitats\/projectes-erasmus\/go-for-literacy-to-enlighten-your-future\">Go for Literacy to Enlighten Your Future &#8211; Coordinadora Raquel Abad<br \/>\n<\/a><\/p>\n<p lang=\"en-GB\">\n","protected":false},"excerpt":{"rendered":"<p><a href=\"http:\/\/www.institutmarina.cat\/activitats\/projectes-erasmus\">Projectes\u00a0Erasmus+<\/a><br \/>\n&nbsp;<\/p>\n<p>&nbsp;<br \/>\nEl nostre institut ha estat atorgat enguany amb dos projectes Erasmus Plus (anteriorment Comenius), la qual cosa implicar\u00e0 mobilitats a l\u2019estranger d\u2019alumnes i professors durant dos anys, subvencionades amb fons europeus.<br \/>\nAquests projectes van dirigits a alumnes de 4 ESO i batxillerat principalment i tenen&hellip;  <a href=\"https:\/\/agora.xtec.cat\/iesmarina\/projectes\/erasmus\/\" title=\"Read ERASMUS\">Llegeix m\u00e9s\u00bb<\/a><\/p>\n","protected":false},"author":1,"featured_media":0,"parent":802,"menu_order":20,"comment_status":"closed","ping_status":"closed","template":"page-templates\/side-menu.php","meta":{"_bbp_topic_count":0,"_bbp_reply_count":0,"_bbp_total_topic_count":0,"_bbp_total_reply_count":0,"_bbp_voice_count":0,"_bbp_anonymous_reply_count":0,"_bbp_topic_count_hidden":0,"_bbp_reply_count_hidden":0,"_bbp_forum_subforum_count":0,"footnotes":""},"class_list":["post-1386","page","type-page","status-publish","hentry"],"post_mailing_queue_ids":[],"_links":{"self":[{"href":"https:\/\/agora.xtec.cat\/iesmarina\/wp-json\/wp\/v2\/pages\/1386","targetHints":{"allow":["GET"]}}],"collection":[{"href":"https:\/\/agora.xtec.cat\/iesmarina\/wp-json\/wp\/v2\/pages"}],"about":[{"href":"https:\/\/agora.xtec.cat\/iesmarina\/wp-json\/wp\/v2\/types\/page"}],"author":[{"embeddable":true,"href":"https:\/\/agora.xtec.cat\/iesmarina\/wp-json\/wp\/v2\/users\/1"}],"replies":[{"embeddable":true,"href":"https:\/\/agora.xtec.cat\/iesmarina\/wp-json\/wp\/v2\/comments?post=1386"}],"version-history":[{"count":2,"href":"https:\/\/agora.xtec.cat\/iesmarina\/wp-json\/wp\/v2\/pages\/1386\/revisions"}],"predecessor-version":[{"id":1477,"href":"https:\/\/agora.xtec.cat\/iesmarina\/wp-json\/wp\/v2\/pages\/1386\/revisions\/1477"}],"up":[{"embeddable":true,"href":"https:\/\/agora.xtec.cat\/iesmarina\/wp-json\/wp\/v2\/pages\/802"}],"wp:attachment":[{"href":"https:\/\/agora.xtec.cat\/iesmarina\/wp-json\/wp\/v2\/media?parent=1386"}],"curies":[{"name":"wp","href":"https:\/\/api.w.org\/{rel}","templated":true}]}}