{"id":57,"date":"2014-09-17T17:01:07","date_gmt":"2014-09-17T17:01:07","guid":{"rendered":"http:\/\/agora.xtec.cat\/iesmallafre\/?page_id=57"},"modified":"2024-10-15T12:53:59","modified_gmt":"2024-10-15T10:53:59","slug":"projecte-educatiu","status":"publish","type":"page","link":"https:\/\/agora.xtec.cat\/iesmallafre\/projecte-educatiu\/","title":{"rendered":"Projecte educatiu"},"content":{"rendered":"<p>El\u00a0<b>Projecte Educatiu de Centre<\/b>\u00a0(PEC), \u00e9s el document que\u00a0recull l&#8217;ideari, el\u00a0curr\u00edculum escolar,\u00a0\u00a0l&#8217;an\u00e0lisi de context i les normes de funcionament del centre. Inclou pautes sobre la metodologia b\u00e0sica que empraran els mestres i professors i ha d&#8217;estar a disposici\u00f3 de docents i fam\u00edlies despr\u00e9s de l&#8217;aprovaci\u00f3 per part del consell escolar.<\/p>\n<p>Aquest document actua com a marc d&#8217;altres com el projecte curricular o el projecte ling\u00fc\u00edstic i funciona com un text de refer\u00e8ncia per a qualsevol actuaci\u00f3 educativa, ja que concreta els objectius, identitat i mitjans del centre escolar.<\/p>\n<p>El PEC t\u00e9 aquesta estructura:<\/p>\n<ol>\n<li>Principis Inspiradors.<\/li>\n<li>An\u00e0lisi de l&#8217;entorn.<\/li>\n<li>NOFC (Normes d&#8217;organitzaci\u00f3 i funcionament del centre).<\/li>\n<li>PPC (Proposta pedag\u00f2gica de centre o Projecte Curricular de Centre).<\/li>\n<li>Projectes, plans i acords.<\/li>\n<li>Col\u00b7laboraci\u00f3 amb les fam\u00edlies.<\/li>\n<li>Indicadors de progr\u00e9s.<\/li>\n<li>Programaci\u00f3 general.<\/li>\n<\/ol>\n<p>Els Projectes de Centre s&#8217;inclouen el\u00a0<b>Projecte Educatiu de Centre<\/b>\u00a0(PEC), el document que\u00a0recull l&#8217;ideari, el\u00a0curr\u00edculum escolar,\u00a0\u00a0l&#8217;an\u00e0lisi de context i les normes de funcionament del centre.<\/p>\n<p>Els projectes de Centre s\u00f3n l&#8217;eina de treball que utilitzem per ampliar i identificar amb el territori els aprenentatges\u00a0 curriculars.<\/p>\n<p>\u00a4Comprom\u00eds amb la <u><b>la\u00efcitat <\/b><\/u><\/p>\n<p>\u00a4Comprom\u00eds amb la <u><b>renovaci\u00f3 tecnol\u00f2gica i pedag\u00f2gic<\/b><\/u><b>a<\/b><\/p>\n<p>\u00a4Impuls dels <u><b>ensenyaments art\u00edstics<\/b><\/u>.<\/p>\n<p>\u00a4L\u2019aprenentatge de <u><b>valors democr\u00e0tics i c\u00edvics <\/b><\/u><u>i <\/u><u><b>foment de la participaci\u00f3<\/b><\/u> activa de l\u2019alumnat i les seves fam\u00edlies.<\/p>\n<p>\u00a4<u><b>Atendre la diversitat de l\u2019alumnat <\/b><\/u>des de la perspectiva que aquesta no \u00e9s un problema sin\u00f3 una font de riquesa per als nostres alumnes.<\/p>\n<p>\u00a4<u><b>Foment de la pluralitat <\/b><\/u><u><b>ling\u00fc\u00edstica (angl\u00e8s i franc\u00e8s) <\/b><\/u>participant en projectes europeus d\u2019intercanvi ling\u00fc\u00edstic.<\/p>\n<p>\u00a4<u><b>La llengua catalana com a llengua vehicular <\/b><\/u>i d&#8217;aprenentatge a l&#8217;Institut.<\/p>\n<p>&nbsp;<\/p>\n<h1 dir=\"auto\"><strong><b>PROGRAMES D\u2019ORIENTACI\u00d3 ESCOLAR<\/b><\/strong><\/h1>\n<p>-LED (3r d\u2019ESO)<br \/>\n-FAR (4t d\u2019ESO)<br \/>\n-Programa d\u2019Orientaci\u00f3 a 4t d\u2019ESO<br \/>\n-Projecte Busquem feines (3r d\u2019ESO) Treball interdisciplinari<br \/>\n-Projecte Femme-les visibles (4t d\u2019ESO) Treball interdisciplinari<\/p>\n<p>&nbsp;<\/p>\n<h1 dir=\"auto\"><strong>VIATGES I ESTADES<\/strong><\/h1>\n<p>-Col\u00f2nies en angl\u00e8s (1r d\u2019ESO)<br \/>\n-Estada de Natura\/Aventura (2n d\u2019ESO)<br \/>\n-Viatge a Irlanda (3r d\u2019ESO)<br \/>\n-Viatges final d\u2019etapa (4t i 2n bat)<br \/>\n-Intercanvi amb Portvendres i programa MOBISUD (3r i 4t d\u2019ESO)<br \/>\n-Intercanvi amb Perpiny\u00e0 (4t d\u2019ESO i 1r batxillerat)<\/p>\n<p><strong>\u00a0<\/strong><\/p>\n<h1 dir=\"auto\"><strong>EDUCACI\u00d3 EN VALORS<\/strong><\/h1>\n<p>-Educaci\u00f3 emocional (1r d\u2019ESO)<br \/>\n-Agenda 21 (ESO)<br \/>\n-La Marat\u00f3 de TV3 (tot el centre)<br \/>\n-Activitats de Servei comunitari (3r i 4t d\u2019ESO)<\/p>\n<h1 dir=\"auto\"><strong>LLENG\u00dcES ESTRANGERES<\/strong><\/h1>\n<p>-Proves Delf (ESO i Batxillerat<br \/>\n-Preparaci\u00f3 per a la Certificaci\u00f3 a les EOI ( batxillerat)<br \/>\n-Clil (mat\u00e8ria de socials en llengua anglesa) (batxillerat)<\/p>\n<p>&nbsp;<\/p>\n<p>L\u2019INS Dolors Mallafr\u00e8 i Ros compta entre el seu alumnat amb alumnes amb necessitats educatives especials greus i permanents i \u00e9s centre de reagrupament d\u2019alumnat amb d\u00e8ficits auditius.<\/p>\n<p>Per aquest curs l&#8217;institut atendr\u00e0 els seg\u00fcents grups d&#8217;ESO:<br \/>\n\u25cf 3 grups de 1r d&#8217;ESO<br \/>\n\u25cf 3 grups de 2n d&#8217;ESO<br \/>\n\u25cf 3 grups de 3r d&#8217;ESO<br \/>\n\u25cf 3 grups de 4t d&#8217;ESO<\/p>\n<p>Tamb\u00e9 tindr\u00e0 els seg\u00fcents grups de batxillerat en les tres modalitats: arts,<br \/>\nci\u00e8ncies i tecnologia, i humanitats i ci\u00e8ncies socials<br \/>\n&#8211; 4 grups de 1r de batxillerat<br \/>\n&#8211; 4 grups de 2n de batxillerat<\/p>\n<p>&nbsp;<\/p>\n","protected":false},"excerpt":{"rendered":"<p>El\u00a0Projecte Educatiu de Centre\u00a0(PEC), \u00e9s el document que\u00a0recull l&#8217;ideari, el\u00a0curr\u00edculum escolar,\u00a0\u00a0l&#8217;an\u00e0lisi de context i les normes de funcionament del centre. Inclou pautes sobre la metodologia b\u00e0sica que empraran els mestres i professors i ha d&#8217;estar a disposici\u00f3 de docents i fam\u00edlies despr\u00e9s de l&#8217;aprovaci\u00f3 per&hellip;  <a href=\"https:\/\/agora.xtec.cat\/iesmallafre\/projecte-educatiu\/\" title=\"Read Projecte educatiu\">Llegeix m\u00e9s\u00bb<\/a><\/p>\n","protected":false},"author":1,"featured_media":0,"parent":0,"menu_order":0,"comment_status":"closed","ping_status":"closed","template":"page-templates\/side-menu.php","meta":{"_bbp_topic_count":0,"_bbp_reply_count":0,"_bbp_total_topic_count":0,"_bbp_total_reply_count":0,"_bbp_voice_count":0,"_bbp_anonymous_reply_count":0,"_bbp_topic_count_hidden":0,"_bbp_reply_count_hidden":0,"_bbp_forum_subforum_count":0,"footnotes":""},"class_list":["post-57","page","type-page","status-publish","hentry"],"post_mailing_queue_ids":[],"_links":{"self":[{"href":"https:\/\/agora.xtec.cat\/iesmallafre\/wp-json\/wp\/v2\/pages\/57","targetHints":{"allow":["GET"]}}],"collection":[{"href":"https:\/\/agora.xtec.cat\/iesmallafre\/wp-json\/wp\/v2\/pages"}],"about":[{"href":"https:\/\/agora.xtec.cat\/iesmallafre\/wp-json\/wp\/v2\/types\/page"}],"author":[{"embeddable":true,"href":"https:\/\/agora.xtec.cat\/iesmallafre\/wp-json\/wp\/v2\/users\/1"}],"replies":[{"embeddable":true,"href":"https:\/\/agora.xtec.cat\/iesmallafre\/wp-json\/wp\/v2\/comments?post=57"}],"version-history":[{"count":4,"href":"https:\/\/agora.xtec.cat\/iesmallafre\/wp-json\/wp\/v2\/pages\/57\/revisions"}],"predecessor-version":[{"id":24337,"href":"https:\/\/agora.xtec.cat\/iesmallafre\/wp-json\/wp\/v2\/pages\/57\/revisions\/24337"}],"wp:attachment":[{"href":"https:\/\/agora.xtec.cat\/iesmallafre\/wp-json\/wp\/v2\/media?parent=57"}],"curies":[{"name":"wp","href":"https:\/\/api.w.org\/{rel}","templated":true}]}}