{"id":22405,"date":"2023-03-22T11:10:24","date_gmt":"2023-03-22T10:10:24","guid":{"rendered":"https:\/\/agora.xtec.cat\/iesmallafre\/?page_id=22405"},"modified":"2025-03-11T12:49:09","modified_gmt":"2025-03-11T11:49:09","slug":"eso","status":"publish","type":"page","link":"https:\/\/agora.xtec.cat\/iesmallafre\/eso\/","title":{"rendered":"ESO"},"content":{"rendered":"<p><strong><span id=\"page98R_mcid9\" class=\"markedContent\"><span dir=\"ltr\" role=\"presentation\">1r d\u2019ESO<\/span><\/span><\/strong><\/p>\n<p><span id=\"page98R_mcid11\" class=\"markedContent\"><\/span>L\u2019horari marc de 1r d\u2019ESO: 26 hores a l\u2019aula de refer\u00e8ncia, 2 al gimn\u00e0s\/pistes (EF) i 2 a les mat\u00e8ries optatives.<br \/>\nExcepcions:<br \/>\n\u25cf Setmanalment hi ha desdoblaments de tecnologia (1h taller), angl\u00e8s (1h) i ci\u00e8ncies (1h Laboratori) i a visual i pl\u00e0stica (1h. aula 109) i a socials (1h).<br \/>\n\u25cf La mat\u00e8ria optativa es fa quadrimestralment i correspon a 2h setmanals:<span id=\"page98R_mcid11\" class=\"markedContent\"><\/span><\/p>\n<p><a href=\"https:\/\/agora.xtec.cat\/iesmallafre\/wp-content\/uploads\/usu105\/2023\/01\/Optatives1er.png\"><img loading=\"lazy\" decoding=\"async\" class=\"wp-image-22121 aligncenter\" src=\"https:\/\/agora.xtec.cat\/iesmallafre\/wp-content\/uploads\/usu105\/2023\/01\/Optatives1er-1024x177.png\" alt=\"\" width=\"750\" height=\"130\" srcset=\"https:\/\/agora.xtec.cat\/iesmallafre\/wp-content\/uploads\/usu105\/2023\/01\/Optatives1er-1024x177.png 1024w, https:\/\/agora.xtec.cat\/iesmallafre\/wp-content\/uploads\/usu105\/2023\/01\/Optatives1er-300x52.png 300w, https:\/\/agora.xtec.cat\/iesmallafre\/wp-content\/uploads\/usu105\/2023\/01\/Optatives1er-768x133.png 768w, https:\/\/agora.xtec.cat\/iesmallafre\/wp-content\/uploads\/usu105\/2023\/01\/Optatives1er.png 1088w\" sizes=\"auto, (max-width: 750px) 100vw, 750px\" \/><\/a><span id=\"page98R_mcid28\" class=\"markedContent\"><br role=\"presentation\" \/><span dir=\"ltr\" role=\"presentation\">\u25cf<\/span> <span dir=\"ltr\" role=\"presentation\">L\u2019alumnat de franc\u00e8s fa 3h setmanals a l\u2019hora d\u2019optativa i cultura i valors<\/span><\/span><span id=\"page98R_mcid29\" class=\"markedContent\"><br role=\"presentation\" \/><span dir=\"ltr\" role=\"presentation\">\u25cf<\/span> <span dir=\"ltr\" role=\"presentation\">Les 9h hores de refor\u00e7 es fan amb 15 alumnes d\u2019ABC.<\/span><\/span><span id=\"page98R_mcid30\" class=\"markedContent\"><br role=\"presentation\" \/><span dir=\"ltr\" role=\"presentation\">\u25cf<\/span> <span dir=\"ltr\" role=\"presentation\">L\u2019alumnat de la SIEI fa una part de l\u2019horari a les aules SIEI<\/span><\/span><\/p>\n<p><strong><span id=\"page98R_mcid32\" class=\"markedContent\"><span dir=\"ltr\" role=\"presentation\">2n d\u2019ESO<\/span><\/span><span id=\"page98R_mcid33\" class=\"markedContent\"><\/span><\/strong><span id=\"page98R_mcid34\" class=\"markedContent\"><\/span><\/p>\n<p><span id=\"page98R_mcid34\" class=\"markedContent\"><span dir=\"ltr\" role=\"presentation\">L\u2019horari marc de 2n d\u2019ESO \u00e9s de 28 hores a l\u2019aula de refer\u00e8ncia i 2 al gimn\u00e0s\/pistes (EF).<\/span><\/span><span id=\"page98R_mcid35\" class=\"markedContent\"><\/span><span id=\"page98R_mcid36\" class=\"markedContent\"><br role=\"presentation\" \/><span dir=\"ltr\" role=\"presentation\">Excepcions:<\/span><\/span><span id=\"page98R_mcid37\" class=\"markedContent\"><br role=\"presentation\" \/><span dir=\"ltr\" role=\"presentation\">\u25cf<\/span> <span dir=\"ltr\" role=\"presentation\">Setmanalment hi ha els desdoblaments de tecnologia<\/span> <span dir=\"ltr\" role=\"presentation\">(1h taller), angl\u00e8s (1h) i ci\u00e8ncies <\/span><span dir=\"ltr\" role=\"presentation\">(1h laboratori).<\/span><\/span><span id=\"page98R_mcid38\" class=\"markedContent\"><br role=\"presentation\" \/><span dir=\"ltr\" role=\"presentation\">\u25cf<\/span> <span dir=\"ltr\" role=\"presentation\">La<\/span> <span dir=\"ltr\" role=\"presentation\">mat\u00e8ria optativa<\/span> <span dir=\"ltr\" role=\"presentation\">es fa trimestralment a tots els grups i correspon a 2h setmanals<\/span><span dir=\"ltr\" role=\"presentation\">.<\/span><\/span><\/p>\n<p><span id=\"page98R_mcid39\" class=\"markedContent\"><span dir=\"ltr\" role=\"presentation\">\u25cb<\/span> <span dir=\"ltr\" role=\"presentation\">Trimestre A<\/span><span dir=\"ltr\" role=\"presentation\">: Esports col\u00b7lectius<\/span><\/span><span id=\"page98R_mcid40\" class=\"markedContent\"><br role=\"presentation\" \/><span dir=\"ltr\" role=\"presentation\">\u25cb<\/span> <span dir=\"ltr\" role=\"presentation\">Trimestre B:<\/span> <span dir=\"ltr\" role=\"presentation\">Arts esc\u00e8niques<\/span><\/span><span id=\"page98R_mcid41\" class=\"markedContent\"><br role=\"presentation\" \/><span dir=\"ltr\" role=\"presentation\">\u25cb<\/span> <span dir=\"ltr\" role=\"presentation\">Trimestre C<\/span><span dir=\"ltr\" role=\"presentation\">: Mat\u00e8ria de l\u2019\u00e0mbit de Visual i pl\u00e0stica<\/span><\/span><span id=\"page98R_mcid42\" class=\"markedContent\"><\/span><\/p>\n<p><span id=\"page98R_mcid42\" class=\"markedContent\"><span dir=\"ltr\" role=\"presentation\">\u25cf<\/span> <span dir=\"ltr\" role=\"presentation\">L\u2019alumnat de franc\u00e8s fa 3h setmanals a l\u2019hora d\u2019optativa i cultura i valors<\/span><\/span><span id=\"page98R_mcid43\" class=\"markedContent\"><br role=\"presentation\" \/><span dir=\"ltr\" role=\"presentation\">\u25cf<\/span> <span dir=\"ltr\" role=\"presentation\">Les 9h hores de refor\u00e7 es fan amb 14 alumnes d\u2019ABC. <\/span><\/span><span id=\"page98R_mcid44\" class=\"markedContent\"><br role=\"presentation\" \/><span dir=\"ltr\" role=\"presentation\">\u25cf<\/span> <span dir=\"ltr\" role=\"presentation\">L\u2019alumnat de la SIEI fa una part de l\u2019horari a les aules SIEI.<\/span><\/span><span id=\"page98R_mcid45\" class=\"markedContent\"><\/span><span id=\"page98R_mcid46\" class=\"markedContent\"><\/span><\/p>\n<p><span id=\"page98R_mcid46\" class=\"markedContent\"><br role=\"presentation\" \/><strong><span dir=\"ltr\" role=\"presentation\">3r d\u2019ESO<\/span><\/strong><\/span><span id=\"page98R_mcid47\" class=\"markedContent\"><\/span><span id=\"page98R_mcid48\" class=\"markedContent\"><\/span><\/p>\n<p><span id=\"page98R_mcid48\" class=\"markedContent\"><span dir=\"ltr\" role=\"presentation\">L\u2019horari marc de 3r d\u2019ESO es fa 28 hores a l\u2019aula de refer\u00e8ncia i 2 al gimn\u00e0s\/pistes (EF).<\/span><\/span><span id=\"page98R_mcid49\" class=\"markedContent\"><\/span><span id=\"page98R_mcid50\" class=\"markedContent\"><br role=\"presentation\" \/><span dir=\"ltr\" role=\"presentation\">Excepcions:<\/span><\/span><span id=\"page98R_mcid51\" class=\"markedContent\"><br role=\"presentation\" \/><span dir=\"ltr\" role=\"presentation\">\u25cf<\/span> <span dir=\"ltr\" role=\"presentation\">Setmanalment hi ha desdoblaments de tecnologia (1h), angl\u00e8s (1h) i ci\u00e8ncies (1h).<\/span><\/span><span id=\"page98R_mcid52\" class=\"markedContent\"><br role=\"presentation\" \/><span dir=\"ltr\" role=\"presentation\">\u25cf<\/span> <span dir=\"ltr\" role=\"presentation\">La<\/span> <span dir=\"ltr\" role=\"presentation\">mat\u00e8ria optativa<\/span> <span dir=\"ltr\" role=\"presentation\">es fa trimestralment a tots els grups i correspon a 2h setmanals:<\/span><\/span><span id=\"page98R_mcid53\" class=\"markedContent\"><\/span><\/p>\n<p><span id=\"page98R_mcid53\" class=\"markedContent\"><span dir=\"ltr\" role=\"presentation\">\u25cb<\/span> <span dir=\"ltr\" role=\"presentation\">Trimestre A<\/span><span dir=\"ltr\" role=\"presentation\">: Mem\u00f2ria hist\u00f2rica,<\/span><\/span><span id=\"page98R_mcid54\" class=\"markedContent\"><br role=\"presentation\" \/><span dir=\"ltr\" role=\"presentation\">\u25cb<\/span> <span dir=\"ltr\" role=\"presentation\">Trimestre B<\/span><span dir=\"ltr\" role=\"presentation\">: Esports col\u00b7lectius<\/span><\/span><span id=\"page98R_mcid55\" class=\"markedContent\"><br role=\"presentation\" \/><span dir=\"ltr\" role=\"presentation\">\u25cb<\/span> <span dir=\"ltr\" role=\"presentation\">Trimestre C<\/span><span dir=\"ltr\" role=\"presentation\">: Rob\u00f2tica + Cultura cl\u00e0ssica<\/span><\/span><\/p>\n<p><span id=\"page98R_mcid56\" class=\"markedContent\"><\/span><span id=\"page98R_mcid56\" class=\"markedContent\"><span dir=\"ltr\" role=\"presentation\">\u25cf<\/span> <span dir=\"ltr\" role=\"presentation\">L\u2019alumnat de franc\u00e8s fa 3h setmanals a l\u2019hora d\u2019optativa i cultura i valors<\/span><\/span><span id=\"page98R_mcid56\" class=\"markedContent\"><span id=\"page100R_mcid0\" class=\"markedContent\"><span id=\"page100R_mcid2\" class=\"markedContent\"><\/span><\/span><\/span><\/p>\n<p><span id=\"page100R_mcid0\" class=\"markedContent\"><span dir=\"ltr\" role=\"presentation\">\u25cf<\/span> <span dir=\"ltr\" role=\"presentation\">Les 9h hores de refor\u00e7 es fan amb 15 alumnes d\u2019ABC.<\/span><\/span><span id=\"page100R_mcid1\" class=\"markedContent\"><span id=\"page98R_mcid56\" class=\"markedContent\"><span id=\"page100R_mcid0\" class=\"markedContent\"><span id=\"page100R_mcid2\" class=\"markedContent\"><\/span><\/span><\/span><\/span><\/p>\n<p><span id=\"page100R_mcid1\" class=\"markedContent\"><span dir=\"ltr\" role=\"presentation\">\u25cf<\/span> <span dir=\"ltr\" role=\"presentation\">L\u2019alumnat de la SIEI fa una part de l\u2019horari a les aules SIEI.<\/span><\/span><span id=\"page100R_mcid2\" class=\"markedContent\"><br role=\"presentation\" \/><span dir=\"ltr\" role=\"presentation\">\u25cf<\/span> <span dir=\"ltr\" role=\"presentation\">Hi ha una hora de desdoblament a visual i pl\u00e0stica i a socials.<\/span><\/span><\/p>\n<p><strong><span id=\"page100R_mcid4\" class=\"markedContent\"><span dir=\"ltr\" role=\"presentation\">4t d\u2019ESO<\/span><\/span><span id=\"page100R_mcid5\" class=\"markedContent\"><\/span><\/strong><span id=\"page100R_mcid6\" class=\"markedContent\"><\/span><\/p>\n<p><span id=\"page100R_mcid6\" class=\"markedContent\"><span dir=\"ltr\" role=\"presentation\">L\u2019horari marc de 4t d\u2019ESO \u00e9s de 19 hores a l\u2019aula de refer\u00e8ncia i 2 al gimn\u00e0s\/pistes <\/span><span dir=\"ltr\" role=\"presentation\">(EF). La resta d\u2019hores corresponen a 9h d\u2019optatives.<\/span><\/span><span id=\"page100R_mcid7\" class=\"markedContent\"><\/span><span id=\"page100R_mcid8\" class=\"markedContent\"><br role=\"presentation\" \/><span dir=\"ltr\" role=\"presentation\">Excepcions:<\/span><\/span><span id=\"page100R_mcid9\" class=\"markedContent\"><br role=\"presentation\" \/><span dir=\"ltr\" role=\"presentation\"><span id=\"page100R_mcid1\" class=\"markedContent\">\u25cf<\/span> <\/span><span dir=\"ltr\" role=\"presentation\">Setmanalment hi ha els desdoblaments d\u2019angl\u00e8s (1h)<\/span><\/span><span id=\"page100R_mcid10\" class=\"markedContent\"><br role=\"presentation\" \/><span dir=\"ltr\" role=\"presentation\"> <span id=\"page100R_mcid1\" class=\"markedContent\">\u25cf <\/span>Les mat\u00e8ries optatives s\u00f3n 3 i corresponen a 3h setmanals (5 mat\u00e8ries per franja).<\/span><\/span><span id=\"page100R_mcid11\" class=\"markedContent\"><br role=\"presentation\" \/><span dir=\"ltr\" role=\"presentation\"><span id=\"page100R_mcid1\" class=\"markedContent\">\u25cf<\/span> <\/span><span dir=\"ltr\" role=\"presentation\">Les 9h hores de refor\u00e7 es fan amb 14 alumnes d\u2019ABC<\/span><span dir=\"ltr\" role=\"presentation\">.<\/span><\/span><span id=\"page100R_mcid12\" class=\"markedContent\"><br role=\"presentation\" \/><span dir=\"ltr\" role=\"presentation\"><span id=\"page100R_mcid1\" class=\"markedContent\">\u25cf<\/span> <\/span><span dir=\"ltr\" role=\"presentation\">L\u2019alumnat de la SIEI fa una part de l\u2019horari a les aules SIEI.<\/span><\/span><\/p>\n<p><a href=\"https:\/\/agora.xtec.cat\/iesmallafre\/wp-content\/uploads\/usu105\/2023\/01\/Optatives4t.png\"><img loading=\"lazy\" decoding=\"async\" class=\"wp-image-22131 aligncenter\" src=\"https:\/\/agora.xtec.cat\/iesmallafre\/wp-content\/uploads\/usu105\/2023\/01\/Optatives4t.png\" alt=\"\" width=\"369\" height=\"493\" srcset=\"https:\/\/agora.xtec.cat\/iesmallafre\/wp-content\/uploads\/usu105\/2023\/01\/Optatives4t.png 550w, https:\/\/agora.xtec.cat\/iesmallafre\/wp-content\/uploads\/usu105\/2023\/01\/Optatives4t-224x300.png 224w\" sizes=\"auto, (max-width: 369px) 100vw, 369px\" \/><\/a><\/p>\n","protected":false},"excerpt":{"rendered":"<p>1r d\u2019ESO<br \/>\nL\u2019horari marc de 1r d\u2019ESO: 26 hores a l\u2019aula de refer\u00e8ncia, 2 al gimn\u00e0s\/pistes (EF) i 2 a les mat\u00e8ries optatives.<br \/>\nExcepcions:<br \/>\n\u25cf Setmanalment hi ha desdoblaments de tecnologia (1h taller), angl\u00e8s (1h) i ci\u00e8ncies (1h Laboratori) i a visual i pl\u00e0stica (1h. aula 109) i&hellip;  <a href=\"https:\/\/agora.xtec.cat\/iesmallafre\/eso\/\" title=\"Read ESO\">Llegeix m\u00e9s\u00bb<\/a><\/p>\n","protected":false},"author":16,"featured_media":0,"parent":0,"menu_order":0,"comment_status":"closed","ping_status":"closed","template":"page-templates\/side-menu.php","meta":{"_bbp_topic_count":0,"_bbp_reply_count":0,"_bbp_total_topic_count":0,"_bbp_total_reply_count":0,"_bbp_voice_count":0,"_bbp_anonymous_reply_count":0,"_bbp_topic_count_hidden":0,"_bbp_reply_count_hidden":0,"_bbp_forum_subforum_count":0,"footnotes":""},"class_list":["post-22405","page","type-page","status-publish","hentry"],"post_mailing_queue_ids":[],"_links":{"self":[{"href":"https:\/\/agora.xtec.cat\/iesmallafre\/wp-json\/wp\/v2\/pages\/22405","targetHints":{"allow":["GET"]}}],"collection":[{"href":"https:\/\/agora.xtec.cat\/iesmallafre\/wp-json\/wp\/v2\/pages"}],"about":[{"href":"https:\/\/agora.xtec.cat\/iesmallafre\/wp-json\/wp\/v2\/types\/page"}],"author":[{"embeddable":true,"href":"https:\/\/agora.xtec.cat\/iesmallafre\/wp-json\/wp\/v2\/users\/16"}],"replies":[{"embeddable":true,"href":"https:\/\/agora.xtec.cat\/iesmallafre\/wp-json\/wp\/v2\/comments?post=22405"}],"version-history":[{"count":3,"href":"https:\/\/agora.xtec.cat\/iesmallafre\/wp-json\/wp\/v2\/pages\/22405\/revisions"}],"predecessor-version":[{"id":24953,"href":"https:\/\/agora.xtec.cat\/iesmallafre\/wp-json\/wp\/v2\/pages\/22405\/revisions\/24953"}],"wp:attachment":[{"href":"https:\/\/agora.xtec.cat\/iesmallafre\/wp-json\/wp\/v2\/media?parent=22405"}],"curies":[{"name":"wp","href":"https:\/\/api.w.org\/{rel}","templated":true}]}}