{"id":21992,"date":"2022-11-23T08:56:59","date_gmt":"2022-11-23T07:56:59","guid":{"rendered":"https:\/\/agora.xtec.cat\/iesmallafre\/?page_id=21992"},"modified":"2024-10-15T13:04:43","modified_gmt":"2024-10-15T11:04:43","slug":"concerts-escenics","status":"publish","type":"page","link":"https:\/\/agora.xtec.cat\/iesmallafre\/projecte-educatiu\/ambit-artistic-creatiu\/concerts-escenics\/","title":{"rendered":"Activitats Esc\u00e8niques"},"content":{"rendered":"<p>Teatre, dansa, m\u00fasica, audiovisuals o tallers de creaci\u00f3 esc\u00e8nica s\u00f3n les activitats esc\u00e8niques que treballem al centre i que fomenten el pensament creatiu.<\/p>\n<p>Fusionem el millor del teatre, el cant i la dansa per a posar en escena petits musicals. La dansa ens ajudar\u00e0 amb l\u2019elasticitat, la coordinaci\u00f3 i la musculatura. Aprendrem t\u00e8cniques de respiraci\u00f3 i projecci\u00f3 de veu treballant les can\u00e7ons i la interpretaci\u00f3 ens ajudar\u00e0 a dominar les emocions. Tamb\u00e9 millorarem la capacitat de relacionar-nos entre nosaltres, l\u2019autoestima i la import\u00e0ncia del treball en equip.<br \/>\nTamb\u00e9 potenciarem valors personals com el comprom\u00eds, la companyonia i el respecte fomentant la confian\u00e7a en l\u2019altre, la comunicaci\u00f3 i la solidaritat. Desenvoluparem la capacitat expressiva del cos tant a nivell f\u00edsic com verbal i treballarem estimulant la concentraci\u00f3 i la desinhibici\u00f3.<\/p>\n<p>Partint de les propostes m\u00e9s innovadores dels diferents estils buscarem crear les millors coreografies a ritme dels temes m\u00e9s actuals.<\/p>\n<p>Millorem l\u2019afinaci\u00f3, la o\u00efda i el ritme aprenent a fusionar el nostre so amb de la resta, creant i assumint harmonies. Amb la possibilitat d\u2019oferir un concert, anirem creant un repertori amb temes cl\u00e0ssics i actuals basat en els interessos musicals del conjunt.<\/p>\n<p><a href=\"https:\/\/agora.xtec.cat\/iesmallafre\/wp-content\/uploads\/usu105\/2023\/10\/unnamed.png\"><img loading=\"lazy\" decoding=\"async\" class=\"wp-image-22988 aligncenter\" src=\"https:\/\/agora.xtec.cat\/iesmallafre\/wp-content\/uploads\/usu105\/2023\/10\/unnamed-300x226.png\" alt=\"\" width=\"807\" height=\"608\" srcset=\"https:\/\/agora.xtec.cat\/iesmallafre\/wp-content\/uploads\/usu105\/2023\/10\/unnamed-300x226.png 300w, https:\/\/agora.xtec.cat\/iesmallafre\/wp-content\/uploads\/usu105\/2023\/10\/unnamed-200x150.png 200w, https:\/\/agora.xtec.cat\/iesmallafre\/wp-content\/uploads\/usu105\/2023\/10\/unnamed.png 565w\" sizes=\"auto, (max-width: 807px) 100vw, 807px\" \/><\/a><\/p>\n","protected":false},"excerpt":{"rendered":"<p>Teatre, dansa, m\u00fasica, audiovisuals o tallers de creaci\u00f3 esc\u00e8nica s\u00f3n les activitats esc\u00e8niques que treballem al centre i que fomenten el pensament creatiu.<br \/>\nFusionem el millor del teatre, el cant i la dansa per a posar en escena petits musicals. La dansa ens ajudar\u00e0 amb l\u2019elasticitat,&hellip;  <a href=\"https:\/\/agora.xtec.cat\/iesmallafre\/projecte-educatiu\/ambit-artistic-creatiu\/concerts-escenics\/\" title=\"Read Activitats Esc\u00e8niques\">Llegeix m\u00e9s\u00bb<\/a><\/p>\n","protected":false},"author":16,"featured_media":0,"parent":24315,"menu_order":0,"comment_status":"closed","ping_status":"closed","template":"page-templates\/side-menu.php","meta":{"_bbp_topic_count":0,"_bbp_reply_count":0,"_bbp_total_topic_count":0,"_bbp_total_reply_count":0,"_bbp_voice_count":0,"_bbp_anonymous_reply_count":0,"_bbp_topic_count_hidden":0,"_bbp_reply_count_hidden":0,"_bbp_forum_subforum_count":0,"footnotes":""},"class_list":["post-21992","page","type-page","status-publish","hentry"],"post_mailing_queue_ids":[],"_links":{"self":[{"href":"https:\/\/agora.xtec.cat\/iesmallafre\/wp-json\/wp\/v2\/pages\/21992","targetHints":{"allow":["GET"]}}],"collection":[{"href":"https:\/\/agora.xtec.cat\/iesmallafre\/wp-json\/wp\/v2\/pages"}],"about":[{"href":"https:\/\/agora.xtec.cat\/iesmallafre\/wp-json\/wp\/v2\/types\/page"}],"author":[{"embeddable":true,"href":"https:\/\/agora.xtec.cat\/iesmallafre\/wp-json\/wp\/v2\/users\/16"}],"replies":[{"embeddable":true,"href":"https:\/\/agora.xtec.cat\/iesmallafre\/wp-json\/wp\/v2\/comments?post=21992"}],"version-history":[{"count":5,"href":"https:\/\/agora.xtec.cat\/iesmallafre\/wp-json\/wp\/v2\/pages\/21992\/revisions"}],"predecessor-version":[{"id":22992,"href":"https:\/\/agora.xtec.cat\/iesmallafre\/wp-json\/wp\/v2\/pages\/21992\/revisions\/22992"}],"up":[{"embeddable":true,"href":"https:\/\/agora.xtec.cat\/iesmallafre\/wp-json\/wp\/v2\/pages\/24315"}],"wp:attachment":[{"href":"https:\/\/agora.xtec.cat\/iesmallafre\/wp-json\/wp\/v2\/media?parent=21992"}],"curies":[{"name":"wp","href":"https:\/\/api.w.org\/{rel}","templated":true}]}}