{"id":1778,"date":"2019-03-26T16:08:13","date_gmt":"2019-03-26T15:08:13","guid":{"rendered":"http:\/\/agora.xtec.cat\/iesmallafre\/?page_id=1778"},"modified":"2026-03-06T13:14:14","modified_gmt":"2026-03-06T12:14:14","slug":"portes-obertes-eso","status":"publish","type":"page","link":"https:\/\/agora.xtec.cat\/iesmallafre\/portes-obertes\/portes-obertes-eso\/","title":{"rendered":"Portes Obertes d&#8217;ESO"},"content":{"rendered":"<p><strong>CURS 2026-27<a href=\"https:\/\/agora.xtec.cat\/iesmallafre\/wp-content\/uploads\/usu105\/2026\/03\/2026-PORTES-OBERTES-ESO-scaled.jpg\"><img loading=\"lazy\" decoding=\"async\" class=\"wp-image-25957 alignright\" src=\"https:\/\/agora.xtec.cat\/iesmallafre\/wp-content\/uploads\/usu105\/2026\/03\/2026-PORTES-OBERTES-ESO-scaled.jpg\" alt=\"\" width=\"338\" height=\"478\" srcset=\"https:\/\/agora.xtec.cat\/iesmallafre\/wp-content\/uploads\/usu105\/2026\/03\/2026-PORTES-OBERTES-ESO-scaled.jpg 1810w, https:\/\/agora.xtec.cat\/iesmallafre\/wp-content\/uploads\/usu105\/2026\/03\/2026-PORTES-OBERTES-ESO-212x300.jpg 212w, https:\/\/agora.xtec.cat\/iesmallafre\/wp-content\/uploads\/usu105\/2026\/03\/2026-PORTES-OBERTES-ESO-724x1024.jpg 724w, https:\/\/agora.xtec.cat\/iesmallafre\/wp-content\/uploads\/usu105\/2026\/03\/2026-PORTES-OBERTES-ESO-768x1086.jpg 768w, https:\/\/agora.xtec.cat\/iesmallafre\/wp-content\/uploads\/usu105\/2026\/03\/2026-PORTES-OBERTES-ESO-1086x1536.jpg 1086w, https:\/\/agora.xtec.cat\/iesmallafre\/wp-content\/uploads\/usu105\/2026\/03\/2026-PORTES-OBERTES-ESO-1448x2048.jpg 1448w\" sizes=\"auto, (max-width: 338px) 100vw, 338px\" \/><\/a><\/strong><\/p>\n<p>El passat dijous 5 de mar\u00e7, de 17 h a 19 h, va tenir lloc la jornada de portes obertes d\u2019ESO.<\/p>\n<p>A continuaci\u00f3, us compartim del document de la presentaci\u00f3 que es va fer a les fam\u00edlies assistents.<\/p>\n<p><a href=\"https:\/\/drive.google.com\/file\/d\/1GuyEpDc2i6QJKRxE2a8BuIqFf-ro4x8y\/view?usp=drive_link\" target=\"_blank\" rel=\"noopener\">Xerrada informativa &#8211; Portes obertes ESO 2026-27<\/a><\/p>\n<p><strong><a href=\"https:\/\/agora.xtec.cat\/iesmallafre\/wp-content\/uploads\/usu105\/2026\/03\/2026-PORTES-OBERTES-ESO-scaled.jpg\">\u00a0<\/a><\/strong><\/p>\n<p>&nbsp;<\/p>\n<p>&nbsp;<\/p>\n<p>&nbsp;<\/p>\n<p>&nbsp;<\/p>\n<p>&nbsp;<\/p>\n<p>&nbsp;<\/p>\n<p>&nbsp;<\/p>\n<p>&nbsp;<\/p>\n<h1 style=\"text-align: center;\"><span style=\"color: #5833ff;\"><strong>\u00a0VIU EL MALLAFR\u00c8!\u00a0<\/strong><\/span><\/h1>\n<h1 style=\"text-align: center;\"><iframe loading=\"lazy\" src=\"\/\/www.youtube.com\/embed\/E0HSBhVV8Ds\" width=\"640\" height=\"360\" frameborder=\"0\"><\/iframe><\/h1>\n<h1 style=\"text-align: center;\"><span style=\"color: #e084ae;\"><strong>FEU UN PASSEJADA PER L&#8217;INSTITUT<\/strong><\/span><\/h1>\n<h4 style=\"text-align: center;\"><span style=\"color: #000000;\"><strong> Un grup d&#8217;alumnes de 4t d&#8217;ESO i 1r de Batxillerat de la mat\u00e8ria d&#8217;arts esc\u00e8niques us guiaran.<\/strong><\/span><\/h4>\n<p style=\"text-align: center;\"><iframe loading=\"lazy\" src=\"\/\/www.youtube.com\/embed\/ptN7ujOPkA0\" width=\"560\" height=\"315\" frameborder=\"0\"><\/iframe><\/p>\n<p>&nbsp;<\/p>\n<h1 style=\"text-align: center;\"><span style=\"color: #000000;\">Mostra de projectes:<\/span><\/h1>\n<h1 style=\"text-align: center;\"><span style=\"color: #4998b8;\"><strong>TEATRE EN ANGL\u00c8S I VIATGE A IRLANDA<\/strong><\/span><\/h1>\n<p style=\"text-align: center;\"><iframe loading=\"lazy\" src=\"\/\/www.youtube.com\/embed\/HuRIvMg9RiE\" width=\"1198\" height=\"674\" frameborder=\"0\"><\/iframe><\/p>\n<h1 style=\"text-align: center;\"><span style=\"color: #9708bf;\"><strong>MAPADEBALL<\/strong><\/span><\/h1>\n<h4><span style=\"color: #000000;\">Aqu\u00ed teniu una mostra del projecte de Dansa que fem a 1r de batxillerat Esc\u00e8nic: es diu Mapadeball. Ens convida a expressar-nos corporalment i d&#8217;una forma grupal que fa que ens ho passem molt b\u00e9!<\/span><\/h4>\n<p style=\"text-align: center;\"><iframe loading=\"lazy\" src=\"\/\/www.youtube.com\/embed\/DyZAi09_xVM\" width=\"876\" height=\"584\" frameborder=\"0\"><\/iframe><\/p>\n<h1 style=\"text-align: center;\"><span style=\"color: #993366;\"><strong>MENJALLIBRES<\/strong><\/span><\/h1>\n<p>&nbsp;<\/p>\n<p style=\"text-align: center;\"><iframe loading=\"lazy\" src=\"\/\/www.youtube.com\/embed\/Zu5w5bkTJrE\" width=\"1280\" height=\"731\" frameborder=\"0\"><\/iframe><\/p>\n<p>&nbsp;<\/p>\n<h1 style=\"text-align: center;\"><span style=\"color: #808080;\"><strong>PROJECTE REACCIONA<\/strong><\/span><\/h1>\n<h4><span style=\"color: #000000;\">L&#8217;alumnat de quart d&#8217;ESO porta a terme el\u00a0 projecte Reacciona, en aquest v\u00eddeo ens l&#8217;expliquen:<\/span><\/h4>\n<p>&nbsp;<\/p>\n<p style=\"text-align: center;\"><iframe loading=\"lazy\" src=\"\/\/www.youtube.com\/embed\/EAZb5Dvr_4g\" width=\"1131\" height=\"636\" frameborder=\"0\" data-mce-fragment=\"1\"><\/iframe><\/p>\n<h1><\/h1>\n<h1 style=\"text-align: center;\"><span style=\"color: #33cccc;\"><strong>CLASSE DE M\u00daSICA<\/strong><\/span><\/h1>\n<h1 style=\"text-align: center;\"><iframe loading=\"lazy\" src=\"\/\/www.youtube.com\/embed\/hweoB6jDFtg\" width=\"1038\" height=\"584\" frameborder=\"0\"><\/iframe><\/h1>\n<h1 style=\"text-align: center;\"><span style=\"color: #613299;\"><strong>GEOMETRIA QUOTIDIANA<\/strong><\/span><\/h1>\n<h4><span style=\"color: #000000;\">Durant el 2n trimestre, els alumnes de 1r d&#8217;ESO hem treballat la geometria plana. Com a projecte d&#8217;aquest trimestre, hem hagut de treballar per grups i realitzar un v\u00eddeo amb imatges de la geometria quotidiana que ens envolta, buscant els conceptes matem\u00e0tics que hem anat treballant.<span class=\"gmail_default\"> Aqu\u00ed una mostra <\/span>\u00a0dels 18 v\u00eddeos que hem creat entre les 3 classes de primer.<\/span><\/h4>\n<p>&nbsp;<\/p>\n<p style=\"text-align: center;\"><iframe loading=\"lazy\" src=\"\/\/www.youtube.com\/embed\/YNqOHwfpv8I\" width=\"975\" height=\"731\" frameborder=\"0\"><\/iframe><\/p>\n","protected":false},"excerpt":{"rendered":"<p>CURS 2026-27<a href=\"https:\/\/agora.xtec.cat\/iesmallafre\/wp-content\/uploads\/usu105\/2026\/03\/2026-PORTES-OBERTES-ESO-scaled.jpg\"><\/a><br \/>\nEl passat dijous 5 de mar\u00e7, de 17 h a 19 h, va tenir lloc la jornada de portes obertes d\u2019ESO.<br \/>\nA continuaci\u00f3, us compartim del document de la presentaci\u00f3 que es va fer a les fam\u00edlies assistents.<br \/>\n<a href=\"https:\/\/drive.google.com\/file\/d\/1GuyEpDc2i6QJKRxE2a8BuIqFf-ro4x8y\/view?usp=drive_link\" target=\"_blank\" rel=\"noopener\">Xerrada informativa &#8211; Portes&hellip;  <a href=\"https:\/\/agora.xtec.cat\/iesmallafre\/portes-obertes\/portes-obertes-eso\/\" title=\"Read Portes Obertes d&#8217;ESO\">Llegeix m\u00e9s\u00bb<\/a><\/p>\n","protected":false},"author":6,"featured_media":0,"parent":22104,"menu_order":0,"comment_status":"closed","ping_status":"closed","template":"page-templates\/side-menu.php","meta":{"_bbp_topic_count":0,"_bbp_reply_count":0,"_bbp_total_topic_count":0,"_bbp_total_reply_count":0,"_bbp_voice_count":0,"_bbp_anonymous_reply_count":0,"_bbp_topic_count_hidden":0,"_bbp_reply_count_hidden":0,"_bbp_forum_subforum_count":0,"footnotes":""},"class_list":["post-1778","page","type-page","status-publish","hentry"],"post_mailing_queue_ids":[],"_links":{"self":[{"href":"https:\/\/agora.xtec.cat\/iesmallafre\/wp-json\/wp\/v2\/pages\/1778","targetHints":{"allow":["GET"]}}],"collection":[{"href":"https:\/\/agora.xtec.cat\/iesmallafre\/wp-json\/wp\/v2\/pages"}],"about":[{"href":"https:\/\/agora.xtec.cat\/iesmallafre\/wp-json\/wp\/v2\/types\/page"}],"author":[{"embeddable":true,"href":"https:\/\/agora.xtec.cat\/iesmallafre\/wp-json\/wp\/v2\/users\/6"}],"replies":[{"embeddable":true,"href":"https:\/\/agora.xtec.cat\/iesmallafre\/wp-json\/wp\/v2\/comments?post=1778"}],"version-history":[{"count":7,"href":"https:\/\/agora.xtec.cat\/iesmallafre\/wp-json\/wp\/v2\/pages\/1778\/revisions"}],"predecessor-version":[{"id":25969,"href":"https:\/\/agora.xtec.cat\/iesmallafre\/wp-json\/wp\/v2\/pages\/1778\/revisions\/25969"}],"up":[{"embeddable":true,"href":"https:\/\/agora.xtec.cat\/iesmallafre\/wp-json\/wp\/v2\/pages\/22104"}],"wp:attachment":[{"href":"https:\/\/agora.xtec.cat\/iesmallafre\/wp-json\/wp\/v2\/media?parent=1778"}],"curies":[{"name":"wp","href":"https:\/\/api.w.org\/{rel}","templated":true}]}}