{"id":16010,"date":"2019-05-15T10:18:50","date_gmt":"2019-05-15T08:18:50","guid":{"rendered":"http:\/\/agora.xtec.cat\/iesmallafre\/?page_id=16010"},"modified":"2026-04-27T12:48:40","modified_gmt":"2026-04-27T10:48:40","slug":"portes-obertes-batxillerat","status":"publish","type":"page","link":"https:\/\/agora.xtec.cat\/iesmallafre\/portes-obertes\/portes-obertes-batxillerat\/","title":{"rendered":"Portes Obertes Batxillerat i Cicle Formatiu de Grau Superior"},"content":{"rendered":"<div class=\"gmail_default\">\n<div>\n<h2>Jornada de Portes Obertes Batxillerat- curs 2026-2027<\/h2>\n<p>El passat dijous 9 d\u2019abril va tenir lloc la jornada de portes obertes de Batxillerat pl\u00e0stic i esc\u00e8nic.<\/p>\n<p>A continuaci\u00f3, us compartim del document de la presentaci\u00f3 que es va fer a les fam\u00edlies assistents.<\/p>\n<p><a href=\"https:\/\/agora.xtec.cat\/iesmallafre\/wp-content\/uploads\/usu105\/2026\/04\/Presentacio-portes-obertes-batxillerat-2026-Bona.pdf\" target=\"_blank\" rel=\"noopener\">Presentaci\u00f3 portes obertes batxillerat 2026 <\/a><\/p>\n<p><a href=\"https:\/\/agora.xtec.cat\/iesmallafre\/wp-content\/uploads\/usu105\/2026\/03\/2026-PORTES-OBERT-BAT-scaled.jpg\"><img loading=\"lazy\" decoding=\"async\" class=\"wp-image-26040 aligncenter\" src=\"https:\/\/agora.xtec.cat\/iesmallafre\/wp-content\/uploads\/usu105\/2026\/03\/2026-PORTES-OBERT-BAT-scaled.jpg\" alt=\"\" width=\"421\" height=\"596\" srcset=\"https:\/\/agora.xtec.cat\/iesmallafre\/wp-content\/uploads\/usu105\/2026\/03\/2026-PORTES-OBERT-BAT-scaled.jpg 1810w, https:\/\/agora.xtec.cat\/iesmallafre\/wp-content\/uploads\/usu105\/2026\/03\/2026-PORTES-OBERT-BAT-212x300.jpg 212w, https:\/\/agora.xtec.cat\/iesmallafre\/wp-content\/uploads\/usu105\/2026\/03\/2026-PORTES-OBERT-BAT-724x1024.jpg 724w, https:\/\/agora.xtec.cat\/iesmallafre\/wp-content\/uploads\/usu105\/2026\/03\/2026-PORTES-OBERT-BAT-768x1086.jpg 768w, https:\/\/agora.xtec.cat\/iesmallafre\/wp-content\/uploads\/usu105\/2026\/03\/2026-PORTES-OBERT-BAT-1086x1536.jpg 1086w, https:\/\/agora.xtec.cat\/iesmallafre\/wp-content\/uploads\/usu105\/2026\/03\/2026-PORTES-OBERT-BAT-1448x2048.jpg 1448w\" sizes=\"auto, (max-width: 421px) 100vw, 421px\" \/><\/a><\/p>\n<h2>Jornada de Portes Obertes CFGS T\u00e8cniques d&#8217;Actuaci\u00f3 Teatral- curs 2026-2027<\/h2>\n<p>El passat dimecres 15 d&#8217;abril va tenir lloc la jornada de portes obertes del CFGS T\u00e8cniques d&#8217;Actuaci\u00f3 Teatral.<\/p>\n<p>A continuaci\u00f3, us compartim del document de la presentaci\u00f3 que es va fer a les fam\u00edlies assistents.<\/p>\n<p><a href=\"https:\/\/agora.xtec.cat\/iesmallafre\/wp-content\/uploads\/usu105\/2026\/04\/Presentacio-portes-obertes-CFGS-TAT-2026.pdf\" target=\"_blank\" rel=\"noopener\">Presentaci\u00f3 portes obertes CFGS TAT 2026<\/a><\/p>\n<p><a href=\"https:\/\/sites.google.com\/insmallafre.cat\/tat-dolors-mallafr-i-ros\/inici?authuser=3\" target=\"_blank\" rel=\"noopener\">Web CFGS T\u00e8cniques d&#8217;Actuaci\u00f3 Teatral<\/a><\/p>\n<h3><a href=\"https:\/\/agora.xtec.cat\/iesmallafre\/wp-content\/uploads\/usu105\/2026\/03\/2026-PORTES-OBERTE-CFGS-scaled.jpg\"><img loading=\"lazy\" decoding=\"async\" class=\"wp-image-26041 aligncenter\" src=\"https:\/\/agora.xtec.cat\/iesmallafre\/wp-content\/uploads\/usu105\/2026\/03\/2026-PORTES-OBERTE-CFGS-scaled.jpg\" alt=\"\" width=\"472\" height=\"668\" srcset=\"https:\/\/agora.xtec.cat\/iesmallafre\/wp-content\/uploads\/usu105\/2026\/03\/2026-PORTES-OBERTE-CFGS-scaled.jpg 1810w, https:\/\/agora.xtec.cat\/iesmallafre\/wp-content\/uploads\/usu105\/2026\/03\/2026-PORTES-OBERTE-CFGS-212x300.jpg 212w, https:\/\/agora.xtec.cat\/iesmallafre\/wp-content\/uploads\/usu105\/2026\/03\/2026-PORTES-OBERTE-CFGS-724x1024.jpg 724w, https:\/\/agora.xtec.cat\/iesmallafre\/wp-content\/uploads\/usu105\/2026\/03\/2026-PORTES-OBERTE-CFGS-768x1086.jpg 768w, https:\/\/agora.xtec.cat\/iesmallafre\/wp-content\/uploads\/usu105\/2026\/03\/2026-PORTES-OBERTE-CFGS-1086x1536.jpg 1086w, https:\/\/agora.xtec.cat\/iesmallafre\/wp-content\/uploads\/usu105\/2026\/03\/2026-PORTES-OBERTE-CFGS-1448x2048.jpg 1448w\" sizes=\"auto, (max-width: 472px) 100vw, 472px\" \/><\/a><\/h3>\n<p><b><b>ZONA E<\/b><\/b> <strong>(Educaci\u00f3) Organitzador IMET<\/strong><\/p>\n<p><strong>Zona E (Educaci\u00f3)<\/strong> \u00e9s la fira d&#8217;orientaci\u00f3 educativa on es pot trobar informaci\u00f3 sobre les diferents opcions formatives d\u2019ensenyaments postobligatoris a la comarca del Garraf.<\/p>\n<p>Aquesta mostra est\u00e0 pensada per ajudar l\u2019alumnat a con\u00e8ixer les alternatives disponibles despr\u00e9s de l\u2019ESO, incloent Batxillerat, Cicles Formatius i altres itineraris acad\u00e8mics i professionals. Durant l\u2019esdeveniment, es poden consultar propostes formatives, resoldre dubtes i rebre orientaci\u00f3 per prendre decisions sobre el futur educatiu.<\/p>\n<p><strong>Ubicaci\u00f3:\u00a0<\/strong>Pla\u00e7a Soler i Carbonell<\/p>\n<p><strong>Horaris:<\/strong><\/p>\n<p>&#8211; <strong>Dimarts 24 de mar\u00e7 de 2026<\/strong>: de 9 a 14h i de 16.30 a 19h<br \/>\n&#8211; <strong>Dimecres 25 de mar\u00e7 de 2026<\/strong>: de 9 a 14h<\/p>\n<\/div>\n<\/div>\n<div>M\u00e9s informaci\u00f3 <a href=\"https:\/\/www.imet.cat\/fira_zona_educacio\" target=\"_blank\" rel=\"noopener\">AQU\u00cd<\/a><\/div>\n<h2><b>\u00a0<\/b><\/h2>\n<p>&nbsp;<\/p>\n<h3><\/h3>\n<p>&nbsp;<\/p>\n<h2 class=\"entry-title\" style=\"text-align: center;\"><span style=\"color: #1666ba;\"><strong>PORTES OBERTES :\u00a0<\/strong><\/span><\/h2>\n<p style=\"text-align: center;\"><iframe loading=\"lazy\" title=\"YouTube video player\" src=\"\/\/www.youtube.com\/embed\/6t2sEZ9kg2c\" width=\"1131\" height=\"636\" frameborder=\"0\" allowfullscreen=\"allowfullscreen\"><\/iframe><\/p>\n<p>&nbsp;<\/p>\n<h2 style=\"text-align: center;\"><span style=\"color: #c244c2;\"><strong>MIREU QU\u00c8 FAN A QU\u00cdMICA !<\/strong><\/span><\/h2>\n<h4 class=\"gmail_default\"><\/h4>\n<h4 class=\"gmail_default\"><span style=\"color: #000000;\">Si us agrada la ci\u00e8ncia i la tecnologia recordeu que a l&#8217;INS Dolors Mallafr\u00e8 fem tamb\u00e9 el batxillerat cient\u00edfic-tecnol\u00f2gic. Mireu qu\u00e8 fan a qu\u00edmica!<\/span><\/h4>\n<p><iframe loading=\"lazy\" src=\"\/\/www.youtube.com\/embed\/KZrykgnoDgU\" width=\"1198\" height=\"674\" frameborder=\"0\" data-mce-fragment=\"1\"><\/iframe><\/p>\n<h2 style=\"text-align: center;\"><\/h2>\n<p>&nbsp;<\/p>\n<p>&nbsp;<\/p>\n","protected":false},"excerpt":{"rendered":"<p>Jornada de Portes Obertes Batxillerat- curs 2026-2027<br \/>\nEl passat dijous 9 d\u2019abril va tenir lloc la jornada de portes obertes de Batxillerat pl\u00e0stic i esc\u00e8nic.<br \/>\nA continuaci\u00f3, us compartim del document de la presentaci\u00f3 que es va fer a les fam\u00edlies assistents.<br \/>\n<a href=\"https:\/\/agora.xtec.cat\/iesmallafre\/wp-content\/uploads\/usu105\/2026\/04\/Presentacio-portes-obertes-batxillerat-2026-Bona.pdf\" target=\"_blank\" rel=\"noopener\">Presentaci\u00f3 portes obertes&hellip;  <a href=\"https:\/\/agora.xtec.cat\/iesmallafre\/portes-obertes\/portes-obertes-batxillerat\/\" title=\"Read Portes Obertes Batxillerat i Cicle Formatiu de Grau Superior\">Llegeix m\u00e9s\u00bb<\/a><\/p>\n","protected":false},"author":6,"featured_media":0,"parent":22104,"menu_order":0,"comment_status":"closed","ping_status":"closed","template":"page-templates\/side-menu.php","meta":{"_bbp_topic_count":0,"_bbp_reply_count":0,"_bbp_total_topic_count":0,"_bbp_total_reply_count":0,"_bbp_voice_count":0,"_bbp_anonymous_reply_count":0,"_bbp_topic_count_hidden":0,"_bbp_reply_count_hidden":0,"_bbp_forum_subforum_count":0,"footnotes":""},"class_list":["post-16010","page","type-page","status-publish","hentry"],"post_mailing_queue_ids":[],"_links":{"self":[{"href":"https:\/\/agora.xtec.cat\/iesmallafre\/wp-json\/wp\/v2\/pages\/16010","targetHints":{"allow":["GET"]}}],"collection":[{"href":"https:\/\/agora.xtec.cat\/iesmallafre\/wp-json\/wp\/v2\/pages"}],"about":[{"href":"https:\/\/agora.xtec.cat\/iesmallafre\/wp-json\/wp\/v2\/types\/page"}],"author":[{"embeddable":true,"href":"https:\/\/agora.xtec.cat\/iesmallafre\/wp-json\/wp\/v2\/users\/6"}],"replies":[{"embeddable":true,"href":"https:\/\/agora.xtec.cat\/iesmallafre\/wp-json\/wp\/v2\/comments?post=16010"}],"version-history":[{"count":7,"href":"https:\/\/agora.xtec.cat\/iesmallafre\/wp-json\/wp\/v2\/pages\/16010\/revisions"}],"predecessor-version":[{"id":26212,"href":"https:\/\/agora.xtec.cat\/iesmallafre\/wp-json\/wp\/v2\/pages\/16010\/revisions\/26212"}],"up":[{"embeddable":true,"href":"https:\/\/agora.xtec.cat\/iesmallafre\/wp-json\/wp\/v2\/pages\/22104"}],"wp:attachment":[{"href":"https:\/\/agora.xtec.cat\/iesmallafre\/wp-json\/wp\/v2\/media?parent=16010"}],"curies":[{"name":"wp","href":"https:\/\/api.w.org\/{rel}","templated":true}]}}