{"id":6040,"date":"2024-11-05T07:51:02","date_gmt":"2024-11-05T06:51:02","guid":{"rendered":"https:\/\/agora.xtec.cat\/iesmalgrat\/?page_id=6040"},"modified":"2024-11-11T17:08:56","modified_gmt":"2024-11-11T16:08:56","slug":"cicle-formatiu-de-grau-mitja-destetica-i-bellesa","status":"publish","type":"page","link":"https:\/\/agora.xtec.cat\/iesmalgrat\/estudis\/cicle-formatiu-de-grau-mitja-destetica-i-bellesa\/","title":{"rendered":"Cicle Formatiu de Grau Mitj\u00e0 d\u2019Est\u00e8tica i Bellesa"},"content":{"rendered":"\n<p class=\"has-text-align-left has-black-color has-text-color has-link-color wp-elements-853cb8d06d80ecc7ee22d77fcd4ad090\">Forma\u2019t com a professional d&#8217;est\u00e8tica i bellesa a Malgrat de Mar.<\/p>\n\n\n\n<div style=\"color: #9575cd; border-bottom: 2px solid #9575CD; padding-bottom: 10px; font-size: 1.5em;\"><strong>Qu\u00e8 aprendr\u00e0s?<\/strong><\/div>\n<p class=\"md-end-block md-p md-focus\" style=\"text-align: justify;\"><span class=\"md-plain md-expand\"> Aquests estudis capaciten per aplicar t\u00e8cniques d&#8217;embelliment personal i comercialitzar serveis d&#8217;est\u00e8tica, cosm\u00e8tics i perfums, tot complint els procediments de qualitat i els requisits de prevenci\u00f3 de riscos laborals i protecci\u00f3 ambiental establerts en la normativa vigent.<\/span><\/p>\n<div style=\"color: #9575cd; border-bottom: 2px solid #9575CD; padding-bottom: 10px; font-size: 1.5em;\"><strong> Informaci\u00f3 del cicle <\/strong><\/div>\n<p><span class=\"md-plain\">Durada: 2.000 hores<\/span><br \/><span class=\"md-plain\">Horari: 8:00 a 14:30 (matins)<\/span><br \/><span class=\"md-plain\">Distribuci\u00f3: 1.485 hores lectives + 515 hores de pr\u00e0ctiques en empreses<\/span><\/p>\n<div style=\"display: flex; justify-content: center; padding: 45px;\">\n<p><iframe loading=\"lazy\" title=\"Estetica IES RT FINAL V\u00eddeo promocional dual\" width=\"500\" height=\"281\" src=\"https:\/\/www.youtube.com\/embed\/bQx8xIQ0vx8?feature=oembed\" frameborder=\"0\" allow=\"accelerometer; autoplay; clipboard-write; encrypted-media; gyroscope; picture-in-picture; web-share\" referrerpolicy=\"strict-origin-when-cross-origin\" allowfullscreen><\/iframe><\/p>\n<\/div>\n<div style=\"color: #9575cd; border-bottom: 2px solid #9575CD; padding-bottom: 10px; font-size: 1.5em;\"><strong> Com pots accedir-hi? <\/strong><\/div>\n<p>Pots accedir directament si tens algun d\u2019aquests requisits:<\/p>\n<ul>\n<li>Graduat en ESO<\/li>\n<li>T\u00edtol de t\u00e8cnic o t\u00e8cnic auxiliar<\/li>\n<li>Altres estudis equivalents<\/li>\n<\/ul>\n<p>Si no tens cap d\u2019aquests requisits, pots accedir mitjan\u00e7ant una prova d\u2019acc\u00e9s (m\u00ednim 17 anys).\u00a0<\/p>\n<div style=\"color: #9575cd; border-bottom: 2px solid #9575CD; padding-bottom: 10px; font-size: 1.5em;\"><strong> Qu\u00e8 podr\u00e0s fer despr\u00e9s? <\/strong><\/div>\n<div style=\"color: #9575cd; padding-bottom: 10px; font-size: 1.25em;\">\u00a0<\/div>\n<div style=\"color: #9575cd; padding-bottom: 10px; font-size: 1.25em;\"><strong>Sortides Acad\u00e8miques: <\/strong><\/div>\n<ul>\n<li class=\"md-end-block md-p\"><span class=\"md-plain\">\u00a0Batxillerat<\/span><\/li>\n<li class=\"md-end-block md-p\">C<span class=\"md-plain\">icle de grau superior de formaci\u00f3 professional<\/span><\/li>\n<\/ul>\n<div style=\"color: #9575cd; padding-bottom: 10px; font-size: 1.25em;\"><strong> Sortides Professionals: <\/strong><\/div>\n<ul>\n<li>T\u00e8cnic o t\u00e8cnica esteticista en centres de bellesa i gabinets d&#8217;est\u00e8tica;<\/li>\n<li>Maquillador o maquilladora<\/li>\n<li>T\u00e8cnic o t\u00e8cnica d&#8217;ungles artificials<\/li>\n<li>T\u00e8cnic o t\u00e8cnica en depilaci\u00f3<\/li>\n<li>T\u00e8cnic o t\u00e8cnica en manicura i pedicura<\/li>\n<li>Recepcionista en empreses est\u00e8tiques<\/li>\n<li>Demostrador o demostradora d&#8217;equips, cosm\u00e8tics i t\u00e8cniques est\u00e8tiques;<\/li>\n<li>Agent comercial en empreses del sector<\/li>\n<li>Assessor i venedor o assessora i venedora en perfumeries i drogueries.<\/li>\n<\/ul>\n\n\n\n<p class=\"has-text-align-center has-medium-font-size\"><a href=\"https:\/\/agora.xtec.cat\/iesmalgrat\/prova-taula\/curriculum-estetica\/\" data-type=\"page\" data-id=\"5901\" target=\"_blank\" rel=\"noreferrer noopener\">Mira el nostre curr\u00edculum.<\/a><\/p>\n\n\n\n<p><\/p>\n","protected":false},"excerpt":{"rendered":"<p>Forma\u2019t com a professional d&#8217;est\u00e8tica i bellesa a Malgrat de Mar.<\/p>\n<p>Qu\u00e8 aprendr\u00e0s?<br \/>\n Aquests estudis capaciten per aplicar t\u00e8cniques d&#8217;embelliment personal i comercialitzar serveis d&#8217;est\u00e8tica, cosm\u00e8tics i perfums, tot complint els procediments de qualitat i els requisits de prevenci\u00f3 de riscos laborals i protecci\u00f3 ambiental establerts&hellip;  <a href=\"https:\/\/agora.xtec.cat\/iesmalgrat\/estudis\/cicle-formatiu-de-grau-mitja-destetica-i-bellesa\/\" title=\"Read Cicle Formatiu de Grau Mitj\u00e0 d\u2019Est\u00e8tica i Bellesa\">Llegeix m\u00e9s\u00bb<\/a><\/p>\n","protected":false},"author":6,"featured_media":0,"parent":5868,"menu_order":8,"comment_status":"closed","ping_status":"close","template":"page-templates\/side-menu.php","meta":{"_bbp_topic_count":0,"_bbp_reply_count":0,"_bbp_total_topic_count":0,"_bbp_total_reply_count":0,"_bbp_voice_count":0,"_bbp_anonymous_reply_count":0,"_bbp_topic_count_hidden":0,"_bbp_reply_count_hidden":0,"_bbp_forum_subforum_count":0,"footnotes":""},"class_list":["post-6040","page","type-page","status-publish","hentry"],"post_mailing_queue_ids":[],"_links":{"self":[{"href":"https:\/\/agora.xtec.cat\/iesmalgrat\/wp-json\/wp\/v2\/pages\/6040","targetHints":{"allow":["GET"]}}],"collection":[{"href":"https:\/\/agora.xtec.cat\/iesmalgrat\/wp-json\/wp\/v2\/pages"}],"about":[{"href":"https:\/\/agora.xtec.cat\/iesmalgrat\/wp-json\/wp\/v2\/types\/page"}],"author":[{"embeddable":true,"href":"https:\/\/agora.xtec.cat\/iesmalgrat\/wp-json\/wp\/v2\/users\/6"}],"replies":[{"embeddable":true,"href":"https:\/\/agora.xtec.cat\/iesmalgrat\/wp-json\/wp\/v2\/comments?post=6040"}],"version-history":[{"count":6,"href":"https:\/\/agora.xtec.cat\/iesmalgrat\/wp-json\/wp\/v2\/pages\/6040\/revisions"}],"predecessor-version":[{"id":6195,"href":"https:\/\/agora.xtec.cat\/iesmalgrat\/wp-json\/wp\/v2\/pages\/6040\/revisions\/6195"}],"up":[{"embeddable":true,"href":"https:\/\/agora.xtec.cat\/iesmalgrat\/wp-json\/wp\/v2\/pages\/5868"}],"wp:attachment":[{"href":"https:\/\/agora.xtec.cat\/iesmalgrat\/wp-json\/wp\/v2\/media?parent=6040"}],"curies":[{"name":"wp","href":"https:\/\/api.w.org\/{rel}","templated":true}]}}