{"id":5912,"date":"2024-10-26T09:14:59","date_gmt":"2024-10-26T07:14:59","guid":{"rendered":"https:\/\/agora.xtec.cat\/iesmalgrat\/?page_id=5912"},"modified":"2024-11-11T16:59:47","modified_gmt":"2024-11-11T15:59:47","slug":"cicle-formatiu-de-grau-mitja-en-produccio-agroecologica","status":"publish","type":"page","link":"https:\/\/agora.xtec.cat\/iesmalgrat\/estudis\/cicle-formatiu-de-grau-mitja-en-produccio-agroecologica\/","title":{"rendered":"Cicle Formatiu de Grau Mitj\u00e0 en Producci\u00f3 Agroecol\u00f2gica."},"content":{"rendered":"\n<p class=\"has-text-align-center\">Forma&#8217;t com a professional de l&#8217;agricultura i ramaderia ecol\u00f2gica a Malgrat de Mar.<\/p>\n\n\n\n<div class=\"wp-block-columns is-layout-flex wp-container-core-columns-is-layout-1 wp-block-columns-is-layout-flex\">\n<div class=\"wp-block-column is-layout-flow wp-block-column-is-layout-flow\" style=\"flex-basis:66.66%\">\n<h2><span style=\"color: #339966;\"><strong>Qu\u00e8 aprendr\u00e0s?<\/strong><\/span><\/h2>\n<hr>\n<p>Et formarem per convertir-te en un t\u00e8cnic especialitzat en:<\/p>\n<ul>\n<li>Producci\u00f3 ecol\u00f2gica de cultius agr\u00edcoles i productes ramaders<\/li>\n<li>Gesti\u00f3 d&#8217;explotacions agr\u00e0ries sostenibles<\/li>\n<li>Maneig d&#8217;instal\u00b7lacions i maquin\u00e0ria agr\u00edcola<\/li>\n<\/ul>\n<\/div>\n<\/div>\n\n\n\n<h2><strong><span style=\"color: #339966;\">Informaci\u00f3 del Cicle<\/span><\/strong><\/h2>\n<hr>\n<p><strong>Durada:<\/strong> 2.000 hores <br><strong>Horari:<\/strong> 8:00 a 14:30 (matins) <br><strong>Distribuci\u00f3:<\/strong> 1.485 hores lectives + 515 hores de pr\u00e0ctiques en empreses<\/p>\n\n\n\n<div style=\"display: flex; justify-content: center;padding: 45px;\"> \n\n<iframe loading=\"lazy\" width=\"560\" height=\"315\" src=\"https:\/\/www.youtube.com\/embed\/AOIBLJpXuG8?si=ShicLq_WUF4nH4fL\" title=\"YouTube video player\" frameborder=\"0\" allow=\"accelerometer; autoplay; clipboard-write; encrypted-media; gyroscope; picture-in-picture; web-share\" referrerpolicy=\"strict-origin-when-cross-origin\" allowfullscreen><\/iframe>\n\n\n<\/div>\n\n\n\n<h2><strong><span style=\"color: #339966;\">Com pots accedir-hi?<\/span><\/strong><\/h2>\n<hr \/>\n<div class=\"section\">\n<p>Pots accedir-hi\u00a0 directament si tens algun d&#8217;aquests requisits:<\/p>\n<ul>\n<li>Graduat en ESO<\/li>\n<li>T\u00edtol de t\u00e8cnic o t\u00e8cnic auxiliar<\/li>\n<li>Altres estudis equivalents<\/li>\n<\/ul>\n<p>Si no tens cap d&#8217;aquests requisits, pots accedir mitjan\u00e7ant una prova d&#8217;acc\u00e9s (m\u00ednim 17 anys).<\/p>\n<\/div>\n\n\n\n<div class=\"wp-block-columns is-layout-flex wp-container-core-columns-is-layout-2 wp-block-columns-is-layout-flex\">\n<div class=\"wp-block-column is-layout-flow wp-block-column-is-layout-flow\">\n<h2><strong><span style=\"color: #339966;\">Qu\u00e8 podr\u00e0s fer despr\u00e9s?<\/span><\/strong><\/h2>\n<hr \/>\n<h3><strong><span style=\"color: #339966;\">Sortides acad\u00e8miques:<\/span><\/strong><\/h3>\n<ul>\n<li>Accedir al batxillerat<\/li>\n<li>Cursar un cicle de grau superior<\/li>\n<\/ul>\n<h3><strong><span style=\"color: #339966;\">Sortides professionals:<\/span><\/strong><\/h3>\n<ul>\n<li>Agricultor\/a ecol\u00f2gic\/a<\/li>\n<li>Ramader\/a de bestiar ecol\u00f2gic<\/li>\n<li>Avicultor\/a ecol\u00f2gic\/a<\/li>\n<li>Apicultor\/a ecol\u00f2gic\/a<\/li>\n<li>Productor\/a de llet i ous ecol\u00f2gics<\/li>\n<li>Operador\/a de maquin\u00e0ria agr\u00edcola<\/li>\n<\/ul>\n<\/div>\n\n\n\n<div class=\"wp-block-column is-layout-flow wp-block-column-is-layout-flow\"><div class=\"wp-block-image\">\n<figure class=\"alignright size-full\"><a href=\"https:\/\/agora.xtec.cat\/iesmalgrat\/wp-content\/uploads\/usu615\/2024\/10\/CFP.jpg\"><img loading=\"lazy\" decoding=\"async\" width=\"326\" height=\"244\" src=\"https:\/\/agora.xtec.cat\/iesmalgrat\/wp-content\/uploads\/usu615\/2024\/10\/CFP.jpg\" alt=\"\" class=\"wp-image-5922\" srcset=\"https:\/\/agora.xtec.cat\/iesmalgrat\/wp-content\/uploads\/usu615\/2024\/10\/CFP.jpg 326w, https:\/\/agora.xtec.cat\/iesmalgrat\/wp-content\/uploads\/usu615\/2024\/10\/CFP-300x225.jpg 300w, https:\/\/agora.xtec.cat\/iesmalgrat\/wp-content\/uploads\/usu615\/2024\/10\/CFP-200x150.jpg 200w\" sizes=\"auto, (max-width: 326px) 100vw, 326px\" \/><\/a><\/figure><\/div><\/div>\n<\/div>\n\n\n\n<h2 style=\"text-align: center;\"><a href=\"https:\/\/agora.xtec.cat\/iesmalgrat\/prova-taula\/cicle-formatiu-de-grau-mitja-en-produccio-agroecologica\/curriculum-del-cf-pa\/\">Mira el nostre curr\u00edculum.<\/a><\/h2>\n","protected":false},"excerpt":{"rendered":"<p>Forma&#8217;t com a professional de l&#8217;agricultura i ramaderia ecol\u00f2gica a Malgrat de Mar.<\/p>\n<p>Qu\u00e8 aprendr\u00e0s?<\/p>\n<p>Et formarem per convertir-te en un t\u00e8cnic especialitzat en:<\/p>\n<ul>\n<li>Producci\u00f3 ecol\u00f2gica de cultius agr\u00edcoles i productes ramaders<\/li>\n<li>Gesti\u00f3 d&#8217;explotacions agr\u00e0ries sostenibles<\/li>\n<li>Maneig d&#8217;instal\u00b7lacions i maquin\u00e0ria agr\u00edcola<\/li>\n<\/ul>\n<p>Informaci\u00f3 del Cicle<\/p>\n<p>Durada: 2.000 hores Horari: 8:00 a 14:30 (matins)&hellip;  <a href=\"https:\/\/agora.xtec.cat\/iesmalgrat\/estudis\/cicle-formatiu-de-grau-mitja-en-produccio-agroecologica\/\" title=\"Read Cicle Formatiu de Grau Mitj\u00e0 en Producci\u00f3 Agroecol\u00f2gica.\">Llegeix m\u00e9s\u00bb<\/a><\/p>\n","protected":false},"author":6,"featured_media":0,"parent":5868,"menu_order":10,"comment_status":"closed","ping_status":"close","template":"page-templates\/side-menu.php","meta":{"_bbp_topic_count":0,"_bbp_reply_count":0,"_bbp_total_topic_count":0,"_bbp_total_reply_count":0,"_bbp_voice_count":0,"_bbp_anonymous_reply_count":0,"_bbp_topic_count_hidden":0,"_bbp_reply_count_hidden":0,"_bbp_forum_subforum_count":0,"footnotes":""},"class_list":["post-5912","page","type-page","status-publish","hentry"],"post_mailing_queue_ids":[],"_links":{"self":[{"href":"https:\/\/agora.xtec.cat\/iesmalgrat\/wp-json\/wp\/v2\/pages\/5912","targetHints":{"allow":["GET"]}}],"collection":[{"href":"https:\/\/agora.xtec.cat\/iesmalgrat\/wp-json\/wp\/v2\/pages"}],"about":[{"href":"https:\/\/agora.xtec.cat\/iesmalgrat\/wp-json\/wp\/v2\/types\/page"}],"author":[{"embeddable":true,"href":"https:\/\/agora.xtec.cat\/iesmalgrat\/wp-json\/wp\/v2\/users\/6"}],"replies":[{"embeddable":true,"href":"https:\/\/agora.xtec.cat\/iesmalgrat\/wp-json\/wp\/v2\/comments?post=5912"}],"version-history":[{"count":6,"href":"https:\/\/agora.xtec.cat\/iesmalgrat\/wp-json\/wp\/v2\/pages\/5912\/revisions"}],"predecessor-version":[{"id":6193,"href":"https:\/\/agora.xtec.cat\/iesmalgrat\/wp-json\/wp\/v2\/pages\/5912\/revisions\/6193"}],"up":[{"embeddable":true,"href":"https:\/\/agora.xtec.cat\/iesmalgrat\/wp-json\/wp\/v2\/pages\/5868"}],"wp:attachment":[{"href":"https:\/\/agora.xtec.cat\/iesmalgrat\/wp-json\/wp\/v2\/media?parent=5912"}],"curies":[{"name":"wp","href":"https:\/\/api.w.org\/{rel}","templated":true}]}}