{"id":2194,"date":"2022-03-30T14:07:39","date_gmt":"2022-03-30T12:07:39","guid":{"rendered":"https:\/\/agora.xtec.cat\/ieslluchirafecas\/?page_id=2194"},"modified":"2024-09-13T10:40:51","modified_gmt":"2024-09-13T08:40:51","slug":"pfi-auxiliars-en-centres-sanitaris","status":"publish","type":"page","link":"https:\/\/agora.xtec.cat\/ieslluchirafecas\/estudis\/altres-estudis\/pfi-auxiliars-en-centres-sanitaris\/","title":{"rendered":"PFI-PIP Auxiliars en centres sanitaris"},"content":{"rendered":"<h4><b><a href=\"https:\/\/agora.xtec.cat\/ieslluchirafecas\/wp-content\/uploads\/usu330\/2023\/04\/pfi.png\"><img loading=\"lazy\" decoding=\"async\" class=\"alignnone  wp-image-3016\" src=\"https:\/\/agora.xtec.cat\/ieslluchirafecas\/wp-content\/uploads\/usu330\/2023\/04\/pfi.png\" alt=\"\" width=\"162\" height=\"161\" srcset=\"https:\/\/agora.xtec.cat\/ieslluchirafecas\/wp-content\/uploads\/usu330\/2023\/04\/pfi.png 223w, https:\/\/agora.xtec.cat\/ieslluchirafecas\/wp-content\/uploads\/usu330\/2023\/04\/pfi-150x150.png 150w\" sizes=\"auto, (max-width: 162px) 100vw, 162px\" \/><\/a><\/b><\/h4>\n<h4><strong>Guia alumnat nouvingut<br \/>\n<\/strong><\/h4>\n<p style=\"text-align: center;\"><a href=\"https:\/\/agora.xtec.cat\/ieslluchirafecas\/wp-content\/uploads\/usu330\/2024\/09\/Guia-de-lalumne-nouvingut_SA01.pdf\">Desc\u00e0rrega guia alumnat<\/a><\/p>\n<p style=\"text-align: center;\">\n<object style=\"width: 800px; height: 600px;\" data=\"https:\/\/agora.xtec.cat\/ieslluchirafecas\/wp-content\/uploads\/usu330\/2024\/09\/Guia-de-lalumne-nouvingut_SA01.pdf\" width=\"300\" height=\"150\"><span style=\"display: inline-block; width: 0px; overflow: hidden; line-height: 0;\" data-mce-type=\"bookmark\" class=\"mce_SELRES_start\">\ufeff<\/span><span style=\"display: inline-block; width: 0px; overflow: hidden; line-height: 0;\" data-mce-type=\"bookmark\" class=\"mce_SELRES_start\">\ufeff<\/span><\/object><\/p>\n<h4><b>A qui s\u2019adre\u00e7a?<\/b><\/h4>\n<p>Aquest programa s\u2019adre\u00e7a a joves, d\u2019entre 16 i 21 anys, que no tenen el Graduat en Educaci\u00f3 Secund\u00e0ria Obligat\u00f2ria i volen formar-se en la fam\u00edlia professional de la sanitat.<\/p>\n<h4><b>Titulaci\u00f3<\/b><\/h4>\n<p>En acabar el curs obtens:<\/p>\n<ul>\n<li aria-level=\"1\">Certificat acad\u00e8mic que acredita les compet\u00e8ncies professionals assolides com a auxiliar en centres sanitaris.<\/li>\n<li aria-level=\"1\">Certificat del Curs d\u2019acc\u00e9s als cicles formatius de grau mitj\u00e0 (CAM). que permet l\u2019acc\u00e9s als cicles formatius de grau mitj\u00e0, d\u2019acord amb la Resoluci\u00f3 EDU\/2638\/2020, de 26 d\u2019octubre.<\/li>\n<li aria-level=\"1\">Reconeixement dels m\u00f2duls professionals superats en el PFI per a l\u2019obtenci\u00f3 del t\u00edtol professional b\u00e0sic associat al perfil. Qualificaci\u00f3 professional incompleta: SAN668_1 Trasllat i mobilitzaci\u00f3 d\u2019usuaris, usu\u00e0ries o pacients, documentaci\u00f3 i materials en centres sanitaris.<\/li>\n<\/ul>\n<p>A m\u00e9s, permeten l\u2019acc\u00e9s als centres de formaci\u00f3 d\u2019adults per obtenir el graduat en educaci\u00f3 secund\u00e0ria obligat\u00f2ria (GESO), sense complir el requisit de tenir 18 anys.<\/p>\n<h4><b>Compet\u00e8ncies professionals<\/b><\/h4>\n<p>L\u2019objectiu del curs \u00e9s dotar a l\u2019alumne\/a de les seg\u00fcents capacitats i compet\u00e8ncies:<\/p>\n<ul>\n<li aria-level=\"1\">Col\u00b7laborar en la mobilitzaci\u00f3 i\u00a0 realitzar el trasllat i atenci\u00f3 dels\u00a0 usuaris\/\u00e0ries i\/o pacients d&#8217;un\u00a0 centre sanitari.<\/li>\n<li aria-level=\"1\">Col\u00b7laborar en l&#8217;ordenaci\u00f3 i trasllat\u00a0 de documents i materials,\u00a0 utilitzant les t\u00e8cniques adequades i\u00a0 complint amb els protocols i\/o\u00a0 normativa aplicable en els centres\u00a0 sanitaris.<\/li>\n<\/ul>\n<h4><b>Principals ocupacions i llocs de treball<\/b><\/h4>\n<p>Podr\u00e0s treballar com:<\/p>\n<ul>\n<li aria-level=\"1\">Zelador o zeladora d\u2019institucions sanit\u00e0ries<\/li>\n<li aria-level=\"1\">Zelador o zeladora d\u2019unitats d\u2019hospitalitzaci\u00f3 de centres sanitaris<\/li>\n<li aria-level=\"1\">Zelador o zeladora de magatzem<\/li>\n<li aria-level=\"1\">Zelador o zeladora de centres d\u2019atenci\u00f3 prim\u00e0ria<\/li>\n<li aria-level=\"1\">Zelador o zeladora d\u2019anatomia patol\u00f2gica<\/li>\n<\/ul>\n<h4><b>Durada<\/b><\/h4>\n<p>La durada d\u2019aquest programa \u00e9s de 1.000 hores (un curs acad\u00e8mic) dividit de la seg\u00fcent manera:<\/p>\n<ul>\n<li aria-level=\"1\">M\u00f2duls de formaci\u00f3 Professional<\/li>\n<li aria-level=\"1\">M\u00f2duls de formaci\u00f3 General<\/li>\n<li aria-level=\"1\">Formaci\u00f3 en centres de treball<\/li>\n<li aria-level=\"1\">Tutoria<\/li>\n<\/ul>\n<h4><b>Qu\u00e8 estudiar\u00e0s?<\/b><\/h4>\n<p><b>M\u00f2duls de formaci\u00f3 professional (entre 615 i 665 hores)<\/b><\/p>\n<ul>\n<li aria-level=\"1\">Organitzaci\u00f3, Comunicaci\u00f3 i Trasllat de Documentaci\u00f3, Materials i Equips d\u2019un Centre Sanitari<\/li>\n<li aria-level=\"1\">Mobilitzaci\u00f3 i Trasllat de Pacients en Centres Sanitaris<\/li>\n<li aria-level=\"1\">Trasllat de Pacients en Serveis Especials d\u2019un Centre Sanitari<\/li>\n<li aria-level=\"1\">Habilitats comunicatives en Centres Sanitaris<\/li>\n<li aria-level=\"1\">Projecte Integrat<\/li>\n<li aria-level=\"1\">Formaci\u00f3 B\u00e0sica en Prevenci\u00f3 de Riscos Laborals<\/li>\n<li aria-level=\"1\">Formaci\u00f3 Pr\u00e0ctica en Empreses (m\u00ednim 180 hores)<\/li>\n<\/ul>\n<p><b>M\u00f2duls de formaci\u00f3 general (entre 295 i 345 hores)<\/b><\/p>\n<ul>\n<li aria-level=\"1\">Estrat\u00e8gies i Eines de Comunicaci\u00f3<\/li>\n<li aria-level=\"1\">Entorn Social i Territorial<\/li>\n<li aria-level=\"1\">Estrat\u00e8gies i Eines Matem\u00e0tiques<\/li>\n<li aria-level=\"1\">Incorporaci\u00f3 al M\u00f3n Professional<\/li>\n<\/ul>\n<p><b>Tutoria, seguiment i orientaci\u00f3 personalitzada (40h)<\/b><\/p>\n<h4><b>Horari<\/b><\/h4>\n<p>Horari intensiu de mat\u00ed, de 8h a 14.30h.<\/p>\n<p><b>Preinscripci\u00f3 i matriculaci\u00f3<\/b><\/p>\n<p>Preinscripci\u00f3 presencial del 2 al 12 de maig. Per a m\u00e9s informaci\u00f3 consulteu els apartats de <a href=\"https:\/\/agora.xtec.cat\/ieslluchirafecas\/secretaria-2\/preinscripcio\/\"><b>preinscripci\u00f3<\/b><\/a> i <a href=\"https:\/\/agora.xtec.cat\/ieslluchirafecas\/secretaria-2\/matricula\/\">matr\u00edcula<\/a> corresponents. All\u00e0 tindreu tota la informaci\u00f3 a mesura que la tinguem disponible.<\/p>\n<p style=\"text-align: center;\"><a href=\"https:\/\/agora.xtec.cat\/ieslluchirafecas\/wp-content\/uploads\/usu330\/2023\/04\/PFISA01-Web-Ins.-rafecas.pdf\">Descarrega la informaci\u00f3 d&#8217;aquest PFI<\/a><\/p>\n<p><object style=\"width: 800px; height: 600px;\" data=\"https:\/\/agora.xtec.cat\/ieslluchirafecas\/wp-content\/uploads\/usu330\/2023\/04\/PFISA01-Web-Ins.-rafecas.pdf\" width=\"300\" height=\"150\"><span style=\"display: inline-block; width: 0px; overflow: hidden; line-height: 0;\" data-mce-type=\"bookmark\" class=\"mce_SELRES_start\">\ufeff<\/span><span style=\"display: inline-block; width: 0px; overflow: hidden; line-height: 0;\" data-mce-type=\"bookmark\" class=\"mce_SELRES_start\">\ufeff<\/span><\/object><\/p>\n","protected":false},"excerpt":{"rendered":"<p><a href=\"https:\/\/agora.xtec.cat\/ieslluchirafecas\/wp-content\/uploads\/usu330\/2023\/04\/pfi.png\"><\/a><br \/>\nGuia alumnat nouvingut<\/p>\n<p><a href=\"https:\/\/agora.xtec.cat\/ieslluchirafecas\/wp-content\/uploads\/usu330\/2024\/09\/Guia-de-lalumne-nouvingut_SA01.pdf\">Desc\u00e0rrega guia alumnat<\/a><\/p>\n<p>\ufeff\ufeff<br \/>\nA qui s\u2019adre\u00e7a?<br \/>\nAquest programa s\u2019adre\u00e7a a joves, d\u2019entre 16 i 21 anys, que no tenen el Graduat en Educaci\u00f3 Secund\u00e0ria Obligat\u00f2ria i volen formar-se en la fam\u00edlia professional de la sanitat.<br \/>\nTitulaci\u00f3<br \/>\nEn acabar el curs obtens:<\/p>\n<ul>\n<li aria-level=\"1\">Certificat acad\u00e8mic que acredita&hellip;  <a href=\"https:\/\/agora.xtec.cat\/ieslluchirafecas\/estudis\/altres-estudis\/pfi-auxiliars-en-centres-sanitaris\/\" title=\"Read PFI-PIP Auxiliars en centres sanitaris\">Llegeix m\u00e9s\u00bb<\/a><br \/>\n","protected":false},"author":1,"featured_media":0,"parent":2050,"menu_order":0,"comment_status":"closed","ping_status":"closed","template":"page-templates\/side-menu.php","meta":{"_bbp_topic_count":0,"_bbp_reply_count":0,"_bbp_total_topic_count":0,"_bbp_total_reply_count":0,"_bbp_voice_count":0,"_bbp_anonymous_reply_count":0,"_bbp_topic_count_hidden":0,"_bbp_reply_count_hidden":0,"_bbp_forum_subforum_count":0,"footnotes":""},"class_list":["post-2194","page","type-page","status-publish","hentry"],"post_mailing_queue_ids":[],"_links":{"self":[{"href":"https:\/\/agora.xtec.cat\/ieslluchirafecas\/wp-json\/wp\/v2\/pages\/2194","targetHints":{"allow":["GET"]}}],"collection":[{"href":"https:\/\/agora.xtec.cat\/ieslluchirafecas\/wp-json\/wp\/v2\/pages"}],"about":[{"href":"https:\/\/agora.xtec.cat\/ieslluchirafecas\/wp-json\/wp\/v2\/types\/page"}],"author":[{"embeddable":true,"href":"https:\/\/agora.xtec.cat\/ieslluchirafecas\/wp-json\/wp\/v2\/users\/1"}],"replies":[{"embeddable":true,"href":"https:\/\/agora.xtec.cat\/ieslluchirafecas\/wp-json\/wp\/v2\/comments?post=2194"}],"version-history":[{"count":5,"href":"https:\/\/agora.xtec.cat\/ieslluchirafecas\/wp-json\/wp\/v2\/pages\/2194\/revisions"}],"predecessor-version":[{"id":12820,"href":"https:\/\/agora.xtec.cat\/ieslluchirafecas\/wp-json\/wp\/v2\/pages\/2194\/revisions\/12820"}],"up":[{"embeddable":true,"href":"https:\/\/agora.xtec.cat\/ieslluchirafecas\/wp-json\/wp\/v2\/pages\/2050"}],"wp:attachment":[{"href":"https:\/\/agora.xtec.cat\/ieslluchirafecas\/wp-json\/wp\/v2\/media?parent=2194"}],"curies":[{"name":"wp","href":"https:\/\/api.w.org\/{rel}","templated":true}]}}