{"id":20620,"date":"2024-04-10T11:59:54","date_gmt":"2024-04-10T09:59:54","guid":{"rendered":"https:\/\/agora.xtec.cat\/iesllica\/?page_id=20620"},"modified":"2025-06-13T14:18:56","modified_gmt":"2025-06-13T12:18:56","slug":"familia-professional-delectricitat-i-electronica","status":"publish","type":"page","link":"https:\/\/agora.xtec.cat\/iesllica\/estudis\/familia-professional-delectricitat-i-electronica\/","title":{"rendered":"Fam\u00edlia professional d&#8217;electricitat i electr\u00f2nica"},"content":{"rendered":"<div class=\"col-xs-12 col-sm-8 noticia-text\">\n<div class=\"wrapper_padding-15\">\n<p><a href=\"https:\/\/agora.xtec.cat\/iesllica\/wp-content\/uploads\/usu414\/2024\/04\/banner_pfie.jpg\"><img loading=\"lazy\" decoding=\"async\" class=\"alignnone size-large wp-image-20623\" src=\"https:\/\/agora.xtec.cat\/iesllica\/wp-content\/uploads\/usu414\/2024\/04\/banner_pfie-1024x251.jpg\" alt=\"\" width=\"1024\" height=\"251\" srcset=\"https:\/\/agora.xtec.cat\/iesllica\/wp-content\/uploads\/usu414\/2024\/04\/banner_pfie-1024x251.jpg 1024w, https:\/\/agora.xtec.cat\/iesllica\/wp-content\/uploads\/usu414\/2024\/04\/banner_pfie-300x74.jpg 300w, https:\/\/agora.xtec.cat\/iesllica\/wp-content\/uploads\/usu414\/2024\/04\/banner_pfie-768x188.jpg 768w, https:\/\/agora.xtec.cat\/iesllica\/wp-content\/uploads\/usu414\/2024\/04\/banner_pfie.jpg 1355w\" sizes=\"auto, (max-width: 1024px) 100vw, 1024px\" \/><\/a><\/p>\n<p style=\"text-align: justify;\">Els programes de formaci\u00f3 i inserci\u00f3 (PFI) s\u00f3n el primer nivell de qualificaci\u00f3 dins dels estudis de formaci\u00f3 professional i s&#8217;adscriuen a diferents fam\u00edlies professionals.<\/p>\n<p style=\"text-align: justify;\">Els PFI s&#8217;adrecen a joves d&#8217;entre 16 i 21 anys que no han finalitzat l&#8217;educaci\u00f3 secund\u00e0ria obligat\u00f2ria. S\u00f3n estudis voluntaris i la seva durada \u00e9s d&#8217;un curs acad\u00e8mic (1.000 hores).<\/p>\n<p style=\"text-align: justify;\">Els i les alumnes de PFI reben un acompanyament i una tutoritzaci\u00f3 essencial per a l&#8217;assoliment dels objectius del programa. Els aprenentatges s\u00f3n vivencials i vinculats amb l&#8217;entorn proper, i inclouen pr\u00e0ctiques en empresa; s&#8217;apr\u00e8n fent, utilitzant metodologies actives i globals.<\/p>\n<p style=\"text-align: justify;\">Amb els PFI, d&#8217;una banda, es facilita la continu\u00eftat formativa dins de la formaci\u00f3 professional i, de l&#8217;altra, l&#8217;aprenentatge de les compet\u00e8ncies transversals i professionals necess\u00e0ries per al m\u00f3n del treball.<\/p>\n<p>A l&#8217;institut de Lli\u00e7\u00e0 s&#8217;ofereixen els seg\u00fcents PFIs dins de la fam\u00edlia professional d&#8217;electricitat i electr\u00f2nica:<\/p>\n<ul style=\"list-style-type: square;\">\n<li><a href=\"https:\/\/agora.xtec.cat\/iesllica\/estudis\/pfi-ptt\/pfi-manteniment-electric\/\" rel=\"noopener\">Auxiliar de muntatges d&#8217;instal\u00b7lacions electrot\u00e8cniques en edificis<\/a> &#8211; <a href=\"https:\/\/agora.xtec.cat\/iesllica\/wp-content\/uploads\/usu414\/2025\/02\/PFI-Electricitat.pdf\" target=\"_blank\" rel=\"noopener\"><em>Descarrega tr\u00edptic (pdf)<\/em><\/a><\/li>\n<\/ul>\n<\/div>\n<\/div>\n","protected":false},"excerpt":{"rendered":"<p><a href=\"https:\/\/agora.xtec.cat\/iesllica\/wp-content\/uploads\/usu414\/2024\/04\/banner_pfie.jpg\"><\/a><br \/>\nEls programes de formaci\u00f3 i inserci\u00f3 (PFI) s\u00f3n el primer nivell de qualificaci\u00f3 dins dels estudis de formaci\u00f3 professional i s&#8217;adscriuen a diferents fam\u00edlies professionals.<br \/>\nEls PFI s&#8217;adrecen a joves d&#8217;entre 16 i 21 anys que no han finalitzat l&#8217;educaci\u00f3 secund\u00e0ria obligat\u00f2ria. S\u00f3n estudis voluntaris&hellip;  <a href=\"https:\/\/agora.xtec.cat\/iesllica\/estudis\/familia-professional-delectricitat-i-electronica\/\" title=\"Read Fam\u00edlia professional d&#8217;electricitat i electr\u00f2nica\">Llegeix m\u00e9s\u00bb<\/a><\/p>\n","protected":false},"author":12,"featured_media":0,"parent":195,"menu_order":5,"comment_status":"closed","ping_status":"closed","template":"page-templates\/side-menu.php","meta":{"_bbp_topic_count":0,"_bbp_reply_count":0,"_bbp_total_topic_count":0,"_bbp_total_reply_count":0,"_bbp_voice_count":0,"_bbp_anonymous_reply_count":0,"_bbp_topic_count_hidden":0,"_bbp_reply_count_hidden":0,"_bbp_forum_subforum_count":0,"footnotes":""},"class_list":["post-20620","page","type-page","status-publish","hentry"],"post_mailing_queue_ids":[],"_links":{"self":[{"href":"https:\/\/agora.xtec.cat\/iesllica\/wp-json\/wp\/v2\/pages\/20620","targetHints":{"allow":["GET"]}}],"collection":[{"href":"https:\/\/agora.xtec.cat\/iesllica\/wp-json\/wp\/v2\/pages"}],"about":[{"href":"https:\/\/agora.xtec.cat\/iesllica\/wp-json\/wp\/v2\/types\/page"}],"author":[{"embeddable":true,"href":"https:\/\/agora.xtec.cat\/iesllica\/wp-json\/wp\/v2\/users\/12"}],"replies":[{"embeddable":true,"href":"https:\/\/agora.xtec.cat\/iesllica\/wp-json\/wp\/v2\/comments?post=20620"}],"version-history":[{"count":6,"href":"https:\/\/agora.xtec.cat\/iesllica\/wp-json\/wp\/v2\/pages\/20620\/revisions"}],"predecessor-version":[{"id":22525,"href":"https:\/\/agora.xtec.cat\/iesllica\/wp-json\/wp\/v2\/pages\/20620\/revisions\/22525"}],"up":[{"embeddable":true,"href":"https:\/\/agora.xtec.cat\/iesllica\/wp-json\/wp\/v2\/pages\/195"}],"wp:attachment":[{"href":"https:\/\/agora.xtec.cat\/iesllica\/wp-json\/wp\/v2\/media?parent=20620"}],"curies":[{"name":"wp","href":"https:\/\/api.w.org\/{rel}","templated":true}]}}