{"id":1464,"date":"2022-04-08T12:36:14","date_gmt":"2022-04-08T10:36:14","guid":{"rendered":"https:\/\/agora.xtec.cat\/iesllavaneres\/?page_id=1464"},"modified":"2026-04-08T09:20:20","modified_gmt":"2026-04-08T07:20:20","slug":"preinscripcio-2022-2023-bat","status":"publish","type":"page","link":"https:\/\/agora.xtec.cat\/iesllavaneres\/secretaria\/preinscripcio-2022-2023-bat\/","title":{"rendered":"Preinscripci\u00f3 i matr\u00edcula curs 2026-2027 (BAT)"},"content":{"rendered":"<p><strong>INFORMACI\u00d3 PREINSCRIPCI\u00d3 2026\/2027<\/strong><\/p>\n<p>Per\u00edode presentaci\u00f3 sol\u00b7licitud (<b>Nom\u00e9s per alumnat nou. L&#8217;alumnat propi del centre no ha de fer preinscripci\u00f3<\/b>):<\/p>\n<p>Dates: Del 9 al 16 d&#8217;abril de 2026<\/p>\n<p>Sol\u00b7licitud: <a href=\"https:\/\/preinscripcio.gencat.cat\/ca\/estudis\/batxillerat\/preinscriute\/sollicitud\/\">Fes la sol\u00b7licitud de preinscripci\u00f3. Preinscripci\u00f3. Curs 2026-2027<\/a> (Obrir en una pestanya nova)<\/p>\n<p>M\u00e9s informaci\u00f3: <a href=\"https:\/\/preinscripcio.gencat.cat\/ca\/estudis\/batxillerat\/inici\/\">Inici. Preinscripci\u00f3. Curs 2026-2027<\/a> (Obrir en una pestanya nova)<\/p>\n<p>Oferta inicial de places: <a href=\"https:\/\/agora.xtec.cat\/iesllavaneres\/wp-content\/uploads\/usu2229\/2026\/04\/INFORME_OFERTA_OME_INFORME_OFERTA-1-1.pdf\">Enlla\u00e7<\/a>\u00a0 (Obrir en una pestanya nova)<\/p>\n<p>Llista de sol\u00b7licituds amb la puntuaci\u00f3 provisional: 14 de maig de 2026<\/p>\n<p>Termini per presentar una reclamaci\u00f3: Del 14 al 20 de maig de 2026<\/p>\n<p>Llista de sol\u00b7licituds amb la puntuaci\u00f3 un cop resoltes les reclamacions: 26 de maig de 2026<\/p>\n<p>Sorteig n\u00famero de desempat: 26 de maig de 2026<\/p>\n<p>Publicaci\u00f3 de la llista ordenada: 29 de maig de 2026<\/p>\n<p>Oferta final de places escolars:\u00a017 de juny de 2026<\/p>\n<p>Llista d\u2019alumnes amb pla\u00e7a assignada i llista d&#8217;espera:\u00a017 de juny de 2026<\/p>\n<p>Per\u00edode de matriculaci\u00f3:\u00a0Del 18 al 30 de juny de 2026<\/p>\n<p>Hi ha dos tipus de sol\u00b7licitud:<br \/>\no\u00a0<strong>Electr\u00f2nica<\/strong>: cal identificaci\u00f3 digital<br \/>\no\u00a0<strong>Suport inform\u00e0tic<\/strong>: sense identificaci\u00f3 digital<\/p>\n<p>Qu\u00e8 em cal per omplir la sol\u00b7licitud?<\/p>\n<p>Hi ha dues opcions:<\/p>\n<p><strong>1. SOL\u00b7LICITUD ELECTR\u00d2NICA<\/strong>: Mitjan\u00e7ant certificat digital, com DNI electr\u00f2nic, Cl@ve,<br \/>\nIdCat, etc. Si no es disposa de cap certificat, us en podeu generar un de forma f\u00e0cil,<br \/>\nl\u2019idCat M\u00f2bil, us expliquem com:<br \/>\nCal complir els requisits seg\u00fcents:<br \/>\n\u2219 Ser major de 16 anys<br \/>\n\u2219 Disposar de DNI\/NIE\/Passaport\/Doc identificador d\u2019un pa\u00eds de la UE o targeta<br \/>\nde resid\u00e8ncia comunit\u00e0ria<br \/>\n\u2219 Disposar d\u2019adre\u00e7a de correu electr\u00f2nic i un tel\u00e8fon m\u00f2bil a efectes<br \/>\nd\u2019identificaci\u00f3 i contacte<br \/>\n\u2219 Targeta sanit\u00e0ria per la teva identificaci\u00f3<br \/>\nAccediu a l\u2019adre\u00e7a https:\/\/idcatmobil.seu.cat\/ i trobareu les instruccions pas a pas de<br \/>\ncom fer-ho.<\/p>\n<p>Per utilitzar l\u2019idCAT M\u00f2bil nom\u00e9s cal introduir el n\u00famero de document d\u2019identitat i el<br \/>\nn\u00famero de tel\u00e8fon m\u00f2bil en el web on calgui identificar-se electr\u00f2nicament per fer un<br \/>\ntr\u00e0mit. Tot seguit es rep un missatge al tel\u00e8fon, que cont\u00e9 una clau d\u2019acc\u00e9s per<br \/>\nintroduir-la en el web. En aquest cas, al tr\u00e0mit de sol\u00b7licitud de preinscripci\u00f3.<br \/>\nUna vegada identificats, caldr\u00e0 entrar el n\u00famero d\u2019identificaci\u00f3 de l\u2019alumne\/a (IDALU)<br \/>\nque us proporcionar\u00e0 l\u2019escola on est\u00e0 matriculat per poder recuperar les seves dades<br \/>\npersonals i acad\u00e8miques, omplir les prefer\u00e8ncies i enviar la sol\u00b7licitud. En la majoria de<br \/>\ncasos no caldr\u00e0 fer res m\u00e9s ni adjuntar cap tipus de documentaci\u00f3, donat que s\u2019haur\u00e0<br \/>\nfet l\u2019intercanvi de validaci\u00f3 de les vostres dades amb totes les administracions<br \/>\nimplicades.<\/p>\n<p><strong>2. SOL\u00b7LICITUD EN SUPORT INFORM\u00c0TIC<\/strong>: Caldr\u00e0 identificar l\u2019alumne\/a amb el seu n\u00fam.<br \/>\nd\u2019Identificaci\u00f3 d\u2019alumne i omplir el formulari, a l\u2019enviar-ho es far\u00e0 l\u2019intercanvi de dades<br \/>\namb les administracions implicades i adjuntar escanejada o fotografiada la<br \/>\ndocumentaci\u00f3 d\u2019identificaci\u00f3 i filiaci\u00f3 (DNI, llibre de fam\u00edlia, etc), juntament amb la<br \/>\nque al\u00b7legueu a efectes de barems i que no s\u2019hagi pogut validar.<\/p>\n<p>Puc presentar dues sol\u00b7licituds a dos centres diferents per uns mateixos estudis? No, en cap<br \/>\ncas. S\u2019ha de presentar una sola sol\u00b7licitud i indicar-hi per ordre de prefer\u00e8ncia els diferents<br \/>\ncentres als que us interessa inscriure la vostra filla o fill.<\/p>\n<p>Si tinc dubtes omplint la sol\u00b7licitud on em puc adre\u00e7ar? Podeu posar-vos en contacte telef\u00f2nic<br \/>\namb el centre que escolliu inscriure el vostre fill o filla en primera opci\u00f3, en horari d\u2019oficina, i<br \/>\nus ajudaran a complimentar el proc\u00e9s.<\/p>\n<p>Com puc saber els criteris pels barems i la seva puntuaci\u00f3? Trobareu tota la informaci\u00f3 sobre<br \/>\ncriteris, calendari i la resta d\u2019informaci\u00f3 respecte el proc\u00e9s de preinscripci\u00f3 a la\u00a0<a href=\"https:\/\/preinscripcio.gencat.cat\/ca\/estudis\/batxillerat\/informat\/criteris-assignacio\/\">p\u00e0gina web<\/a>.<\/p>\n<p><strong>DOCUMENTACI\u00d3:<\/strong><\/p>\n<p>Per fer la sol\u00b7licitud de preinscripci\u00f3 cal presentar tota la documentaci\u00f3 necess\u00e0ria per acreditar la identitat de les fam\u00edlies sol\u00b7licitants i l\u2019acompliment dels criteris d\u2019assignaci\u00f3 de places. Com que els tr\u00e0mits es fan de manera telem\u00e0tica, cal escanejar o fotografiar tots els documents demanats per ambdues cares i tenir-los disponibles en el dispositiu que utilitzareu per emplenar el formulari de preinscripci\u00f3, ja sigui un ordinador, una tauleta o un tel\u00e8fon intel\u00b7ligent, per tal de poder-los adjuntar.<\/p>\n<p>Els documents necessaris per acreditar la identitat de les fam\u00edlies en la sol\u00b7licitud de preinscripci\u00f3 s\u00f3n:<\/p>\n<p>Certificaci\u00f3 electr\u00f2nica de la inscripci\u00f3 de naixement,\u00a0<strong>llibre de fam\u00edlia o altres documents relatius a la filiaci\u00f3<\/strong>.<br \/>\nQuan l\u2019alumne estigui en situaci\u00f3 d\u2019acolliment, el document que cal aportar \u00e9s la resoluci\u00f3 d\u2019acolliment del Departament de Drets Socials.<br \/>\n<strong>DNI o NIE<\/strong>\u00a0del pare, la mare o el tutor o la tutora de l\u2019alumne si s\u2019utilitza la sol\u00b7licitud en suport inform\u00e0tic. Sempre s\u2019haur\u00e0 d\u2019adjuntar el\u00a0<strong>passaport<\/strong>\u00a0o si \u00e9s estranger d\u2019un pa\u00eds membre de la Uni\u00f3 Europea el document d\u2019identitat del pa\u00eds d\u2019origen.<br \/>\nDe manera excepcional, es poden acreditar les dades d\u2019identificaci\u00f3 o de filiaci\u00f3 de l\u2019alumnat estranger amb el document d\u2019identitat, el llibre de fam\u00edlia del pa\u00eds d\u2019origen o la documentaci\u00f3 alternativa que la persona pugui aportar. El director o la directora del centre educatiu corresponent valorar\u00e0 i examinar\u00e0 la documentaci\u00f3 presentada.<\/p>\n<p><strong>INFORMACIONS I\/O RECOMANACIONS:<\/strong><\/p>\n<p>\u2219 Tenir fotografiada o escanejada la documentaci\u00f3 en el mateix dispositiu des d\u2019on es fa<br \/>\nla sol\u00b7licitud.<br \/>\n\u2219 El\u00a0<strong>codi de centre del nostre Institut \u00e9s 08046852<\/strong>\u00a0, el necessitareu per indicar a quin<br \/>\ncentre voleu preinscriure-us.<br \/>\n\u2219 Demaneu al vostre centre actual el N\u00fam. d\u2019Identificaci\u00f3 de l\u2019alumne (IDALU) per poder<br \/>\nlligar la sol\u00b7licitud al seu expedient acad\u00e8mic i personal.<br \/>\n\u2219 Cenyiu-vos al calendari establert, lliurar la sol\u00b7licitud o la documentaci\u00f3 fora de<br \/>\ntermini us fa perdre tots els drets d\u2019adscripci\u00f3 amb el risc que aix\u00f2 comporta de<br \/>\nquedar-se sense pla\u00e7a al centre.<\/p>\n<p><a href=\"https:\/\/preinscripcio.gencat.cat\/ca\/estudis\/batxillerat\/inici\/\">M\u00e9s informaci\u00f3.<\/a><\/p>\n","protected":false},"excerpt":{"rendered":"<p>INFORMACI\u00d3 PREINSCRIPCI\u00d3 2026\/2027 Per\u00edode presentaci\u00f3 sol\u00b7licitud (Nom\u00e9s per alumnat nou. L&#8217;alumnat propi del centre no ha de fer preinscripci\u00f3): Dates: Del 9 al 16 d&#8217;abril de 2026 Sol\u00b7licitud: Fes la sol\u00b7licitud de preinscripci\u00f3. Preinscripci\u00f3. Curs 2026-2027 (Obrir en una pestanya nova) M\u00e9s informaci\u00f3: Inici. Preinscripci\u00f3. Curs 2026-2027 (Obrir en una pestanya nova) Oferta inicial de [&hellip;]<\/p>\n","protected":false},"author":6,"featured_media":0,"parent":81,"menu_order":50,"comment_status":"closed","ping_status":"closed","template":"","meta":{"_bbp_topic_count":0,"_bbp_reply_count":0,"_bbp_total_topic_count":0,"_bbp_total_reply_count":0,"_bbp_voice_count":0,"_bbp_anonymous_reply_count":0,"_bbp_topic_count_hidden":0,"_bbp_reply_count_hidden":0,"_bbp_forum_subforum_count":0,"site-sidebar-layout":"default","site-content-layout":"","ast-site-content-layout":"default","site-content-style":"default","site-sidebar-style":"default","ast-global-header-display":"","ast-banner-title-visibility":"","ast-main-header-display":"","ast-hfb-above-header-display":"","ast-hfb-below-header-display":"","ast-hfb-mobile-header-display":"","site-post-title":"","ast-breadcrumbs-content":"","ast-featured-img":"","footer-sml-layout":"","theme-transparent-header-meta":"","adv-header-id-meta":"","stick-header-meta":"","header-above-stick-meta":"","header-main-stick-meta":"","header-below-stick-meta":"","astra-migrate-meta-layouts":"set","ast-page-background-enabled":"default","ast-page-background-meta":{"desktop":{"background-color":"var(--ast-global-color-4)","background-image":"","background-repeat":"repeat","background-position":"center center","background-size":"auto","background-attachment":"scroll","background-type":"","background-media":"","overlay-type":"","overlay-color":"","overlay-opacity":"","overlay-gradient":""},"tablet":{"background-color":"","background-image":"","background-repeat":"repeat","background-position":"center center","background-size":"auto","background-attachment":"scroll","background-type":"","background-media":"","overlay-type":"","overlay-color":"","overlay-opacity":"","overlay-gradient":""},"mobile":{"background-color":"","background-image":"","background-repeat":"repeat","background-position":"center center","background-size":"auto","background-attachment":"scroll","background-type":"","background-media":"","overlay-type":"","overlay-color":"","overlay-opacity":"","overlay-gradient":""}},"ast-content-background-meta":{"desktop":{"background-color":"var(--ast-global-color-5)","background-image":"","background-repeat":"repeat","background-position":"center center","background-size":"auto","background-attachment":"scroll","background-type":"","background-media":"","overlay-type":"","overlay-color":"","overlay-opacity":"","overlay-gradient":""},"tablet":{"background-color":"var(--ast-global-color-5)","background-image":"","background-repeat":"repeat","background-position":"center center","background-size":"auto","background-attachment":"scroll","background-type":"","background-media":"","overlay-type":"","overlay-color":"","overlay-opacity":"","overlay-gradient":""},"mobile":{"background-color":"var(--ast-global-color-5)","background-image":"","background-repeat":"repeat","background-position":"center center","background-size":"auto","background-attachment":"scroll","background-type":"","background-media":"","overlay-type":"","overlay-color":"","overlay-opacity":"","overlay-gradient":""}},"footnotes":""},"class_list":["post-1464","page","type-page","status-publish","hentry"],"post_mailing_queue_ids":[],"_links":{"self":[{"href":"https:\/\/agora.xtec.cat\/iesllavaneres\/wp-json\/wp\/v2\/pages\/1464","targetHints":{"allow":["GET"]}}],"collection":[{"href":"https:\/\/agora.xtec.cat\/iesllavaneres\/wp-json\/wp\/v2\/pages"}],"about":[{"href":"https:\/\/agora.xtec.cat\/iesllavaneres\/wp-json\/wp\/v2\/types\/page"}],"author":[{"embeddable":true,"href":"https:\/\/agora.xtec.cat\/iesllavaneres\/wp-json\/wp\/v2\/users\/6"}],"replies":[{"embeddable":true,"href":"https:\/\/agora.xtec.cat\/iesllavaneres\/wp-json\/wp\/v2\/comments?post=1464"}],"version-history":[{"count":6,"href":"https:\/\/agora.xtec.cat\/iesllavaneres\/wp-json\/wp\/v2\/pages\/1464\/revisions"}],"predecessor-version":[{"id":5643,"href":"https:\/\/agora.xtec.cat\/iesllavaneres\/wp-json\/wp\/v2\/pages\/1464\/revisions\/5643"}],"up":[{"embeddable":true,"href":"https:\/\/agora.xtec.cat\/iesllavaneres\/wp-json\/wp\/v2\/pages\/81"}],"wp:attachment":[{"href":"https:\/\/agora.xtec.cat\/iesllavaneres\/wp-json\/wp\/v2\/media?parent=1464"}],"curies":[{"name":"wp","href":"https:\/\/api.w.org\/{rel}","templated":true}]}}