{"id":1820,"date":"2020-09-23T19:20:36","date_gmt":"2020-09-23T17:20:36","guid":{"rendered":"https:\/\/agora.xtec.cat\/iesllagostera\/?page_id=1820"},"modified":"2026-03-13T15:37:14","modified_gmt":"2026-03-13T14:37:14","slug":"pfi-ptt-llagostera-auxiliar-de-vivers-i-jardins","status":"publish","type":"page","link":"https:\/\/agora.xtec.cat\/iesllagostera\/estudis\/pfi-ptt-llagostera-auxiliar-de-vivers-i-jardins\/","title":{"rendered":"PFI-PTT"},"content":{"rendered":"<p>&nbsp;<\/p>\n<p>&nbsp;<\/p>\n<table style=\"border-collapse: collapse; width: 100%;\">\n<tbody>\n<tr>\n<td style=\"width: 87.0435%; background-color: #3ba0a3;\">\n<h1 class=\"Standard\" align=\"center\"><span style=\"color: #000000;\"><b>PROGRAMA DE FORMACI\u00d3 I INSERCI\u00d3<\/b><\/span><\/h1>\n<h1 class=\"Standard\" align=\"center\"><span style=\"color: #000000;\"><b>PLA DE TRANSICI\u00d3 AL TREBALL DE LLAGOSTERA<\/b><\/span><\/h1>\n<h1 class=\"Standard\" align=\"center\"><span style=\"color: #000000;\"><b>Perfil professional: Auxiliar de vivers i jardins<\/b><\/span><\/h1>\n<\/td>\n<td style=\"width: 12.9566%; background-color: #f5f5f5;\"><a href=\"https:\/\/agora.xtec.cat\/iesllagostera\/wp-content\/uploads\/usu1990\/2026\/03\/LOGO1.png\"><img loading=\"lazy\" decoding=\"async\" class=\"alignnone size-full wp-image-9340\" src=\"https:\/\/agora.xtec.cat\/iesllagostera\/wp-content\/uploads\/usu1990\/2026\/03\/LOGO1.png\" alt=\"\" width=\"380\" height=\"285\" srcset=\"https:\/\/agora.xtec.cat\/iesllagostera\/wp-content\/uploads\/usu1990\/2026\/03\/LOGO1.png 380w, https:\/\/agora.xtec.cat\/iesllagostera\/wp-content\/uploads\/usu1990\/2026\/03\/LOGO1-300x225.png 300w, https:\/\/agora.xtec.cat\/iesllagostera\/wp-content\/uploads\/usu1990\/2026\/03\/LOGO1-200x150.png 200w\" sizes=\"auto, (max-width: 380px) 100vw, 380px\" \/><\/a><\/td>\n<\/tr>\n<\/tbody>\n<\/table>\n<p>&nbsp;<\/p>\n<p>&nbsp;<\/p>\n<table style=\"border-collapse: collapse; width: 100%; height: 3197px;\">\n<tbody>\n<tr style=\"height: 84px;\">\n<td style=\"width: 100%; background-color: #97e2f7; height: 84px;\">\n<h2><span style=\"color: #000000;\"><strong>Qu\u00e8 \u00e9s el PFI-PTT?<\/strong><\/span><\/h2>\n<\/td>\n<\/tr>\n<tr style=\"height: 460px;\">\n<td style=\"width: 100%; background-color: #97e2f7; height: 460px;\">\n<h4><\/h4>\n<h4 class=\"Textbody\" style=\"text-align: justify;\"><span style=\"color: #000000;\">Els <span class=\"StrongEmphasis\">programes de formaci\u00f3 i inserci\u00f3 s<\/span>\u00f3n voluntaris i estan adre\u00e7ats als joves de 16 a 21 anys, que hagin deixat l&#8217;educaci\u00f3 secund\u00e0ria obligat\u00f2ria (ESO) sense obtenir-ne el t\u00edtol i que, en el moment d&#8217;iniciar els programes, no segueixin estudis en el sistema educatiu ni participin en altres accions de formaci\u00f3.<\/span><\/h4>\n<h4 class=\"Textbody\" style=\"text-align: justify;\"><span style=\"color: #000000;\">Tenen una durada total de 1.000 hores, un curs acad\u00e8mic, de setembre a juny. Seguim el calendari escolar de l&#8217;Institut de Llagostera, en horari de mat\u00ed.<\/span><\/h4>\n<h4 class=\"Textbody\" style=\"text-align: justify;\"><span style=\"color: #000000;\">El nostre PFI-PTT \u00e9s del sector agrari, d&#8217;<strong>auxiliar de vivers i jardins. <\/strong>Aquests estudis capaciten per dur a terme tasques auxiliars en cultius, en producci\u00f3 de planta en hivernacles o en centres de jardineria, col\u00b7laborant en la preparaci\u00f3 del terreny i en la implantaci\u00f3 i manteniment de jardins, parcs i zones verdes.<\/span><\/h4>\n<h4 class=\"Textbody\" style=\"text-align: justify;\"><span style=\"color: #000000;\">La formaci\u00f3 es realitza entre la Casa de les V\u00eddues de Llagostera i el CREC i horts urbans de Cass\u00e0 de la Selva. En el nostre cas, \u00e9s una modalitat de PFI-PTT que es fa gr\u00e0cies a la col\u00b7laboraci\u00f3 dels Ajuntaments de Llagostera i Cass\u00e0 de la Selva.<\/span><\/h4>\n<p>&nbsp;<\/p>\n<h4><a href=\"https:\/\/drive.google.com\/file\/d\/1Bb8mEV7KKCZFt6bgpmdLl0A2QaagmJ0E\/view?usp=sharing\" target=\"_blank\" rel=\"noopener\"><strong>TR\u00cdPTIC INFORMATIU<\/strong><\/a><\/h4>\n<p style=\"text-align: justify;\">\n<\/td>\n<\/tr>\n<tr style=\"height: 84px;\">\n<td style=\"width: 100%; background-color: #97e2f7; height: 84px;\">\n<h2><span style=\"color: #000000;\"><strong>Quins objectius t\u00e9 el PFI-PTT?<\/strong><\/span><\/h2>\n<\/td>\n<\/tr>\n<tr>\n<td style=\"width: 100%; background-color: #97e2f7;\">\n<h4><\/h4>\n<h4 style=\"text-align: justify;\"><span style=\"color: #000000;\">La finalitat del PTT \u00e9s proporcionar a aquests joves la possibilitat de reincorporar-se al sistema educatiu per continuar estudis de formaci\u00f3 professional, i adquirir les compet\u00e8ncies per iniciar-se al mercat de treball en el sector agrari. Tamb\u00e9:<\/span><\/h4>\n<ul>\n<li style=\"text-align: justify;\">\n<h4 style=\"text-align: justify;\"><span style=\"color: #000000;\">Desenvolupar i consolidar la maduresa personal i vocacional de l&#8217;alumnat, mitjan\u00e7ant l&#8217;acompanyament en el desenvolupament d&#8217;actituds, habilitats i capacitats que els permetin participar com a ciutadans i ciutadanes responsables. <\/span><\/h4>\n<\/li>\n<li style=\"text-align: justify;\">\n<h4 style=\"text-align: justify;\"><span style=\"color: #000000;\">Proporcionar l&#8217;orientaci\u00f3 professional i acad\u00e8mica que correspongui per tal que cadascun del joves pugui desenvolupar itineraris coherents de formaci\u00f3 i capacitaci\u00f3 professional que facilitin la seva inserci\u00f3 i promoci\u00f3 professional.<\/span><\/h4>\n<\/li>\n<\/ul>\n<\/td>\n<\/tr>\n<tr>\n<td style=\"width: 100%; background-color: #97e2f7;\">\n<h2><span style=\"color: #000000;\"><strong>Com s&#8217;apr\u00e8n al PFI-PTT?<\/strong><\/span><\/h2>\n<\/td>\n<\/tr>\n<tr>\n<td style=\"width: 100%; background-color: #97e2f7;\">\n<h4><\/h4>\n<h4 style=\"text-align: justify;\"><span style=\"color: #000000;\">Al PFI es treballa per projectes i eixos tem\u00e0tics vivencials i utilitzant l&#8217;entorn proper. Utilitzem els parcs i jardins del territori per la formaci\u00f3 en jardineria, els centres educatius i espais municipals per la instal\u00b7laci\u00f3 de jardins i per la realitzaci\u00f3 d&#8217;activitats amb l&#8217;entorn; tamb\u00e9 es participa en jornades, diades i festes; i es realitzen un munt d&#8217;activitats i tallers, des del voluntariat ambiental fins a l&#8217;atenci\u00f3 a persones grans o projectes amb infants. <\/span><\/h4>\n<h4 style=\"text-align: justify;\"><span style=\"color: #000000;\">La realitzaci\u00f3 dels m\u00f2duls de forma transversal, permet un aprenentatge significatiu i integrat, i al PFI s&#8217;apr\u00e8n FENT, utilitzant metodologies actives i globals.<\/span><\/h4>\n<p>&nbsp;<\/td>\n<\/tr>\n<tr>\n<td style=\"width: 100%; background-color: #97e2f7;\">\n<h2><span style=\"color: #000000;\"><strong>Com s&#8217;estructura el curs?<\/strong><\/span><\/h2>\n<\/td>\n<\/tr>\n<tr>\n<td style=\"width: 100%; background-color: #97e2f7;\">\n<h4><\/h4>\n<h4 style=\"text-align: justify;\"><span style=\"color: #000000;\">La tutora i el professorat expert imparteixen m\u00f2duls generals i professionals:<\/span><\/h4>\n<h4 style=\"text-align: justify;\"><\/h4>\n<ul style=\"text-align: justify;\">\n<li>\n<h4><span style=\"color: #000000;\"><u>M\u00f2duls de formaci\u00f3 general:<\/u> estrat\u00e8gies i eines de comunicaci\u00f3, entorn social i territorial, estrat\u00e8gies i eines matem\u00e0tiques i incorporaci\u00f3 al m\u00f3n professional.<\/span><\/h4>\n<\/li>\n<li>\n<h4><span style=\"color: #000000;\"><u>M\u00f2duls de formaci\u00f3 professional:<\/u> operacions b\u00e0siques de producci\u00f3 i manteniment de plantes en vivers i centres de jardineria; operacions b\u00e0siques en instal\u00b7lacions de jardins, parcs i zones verdes; operacions b\u00e0siques pel manteniment de jardins, parcs i zones verdes. Tamb\u00e9 es realitza un m\u00f2dul de prevenci\u00f3 en riscos laborals, i un m\u00f2dul de projecte.<\/span><\/h4>\n<\/li>\n<\/ul>\n<p>&nbsp;<\/p>\n<h4 style=\"text-align: justify;\"><span style=\"color: #000000;\">Per poder obtenir el certificat cal cursar 200h d&#8217;Estades a l&#8217;Empresa (pr\u00e0ctiques) que es realitzen amb la col\u00b7laboraci\u00f3 de les empreses del sector agrari del nostre territori.<\/span><\/h4>\n<p>&nbsp;<\/p>\n<h4 style=\"text-align: justify;\"><span style=\"color: #000000;\">L&#8217;alumnat t\u00e9 seguiment i acompanyament individualitzat per part de l&#8217;equip docent, tutories grupals i tutories individuals; igual que seguiment des d&#8217;altres serveis del consistori, i de les fam\u00edlies.<\/span><\/h4>\n<h2><span style=\"color: #000000;\"><strong>\u00a0<\/strong><\/span><\/h2>\n<\/td>\n<\/tr>\n<tr style=\"height: 84px;\">\n<td style=\"width: 100%; background-color: #97e2f7; height: 84px;\">\n<h2><span style=\"color: #000000;\"><strong>I despr\u00e9s del PTT qu\u00e8?<\/strong><\/span><\/h2>\n<\/td>\n<\/tr>\n<tr style=\"height: 420px;\">\n<td style=\"width: 100%; background-color: #97e2f7; height: 420px;\">\n<h4><\/h4>\n<h4 style=\"text-align: justify;\"><span style=\"color: #000000;\">Al finalitzar el curs i haver realitzat les 200h d&#8217;estada a l&#8217;empresa:<\/span><\/h4>\n<p>&nbsp;<\/p>\n<ul>\n<li>\n<h4 style=\"text-align: justify;\"><span style=\"color: #000000;\">S&#8217;obt\u00e9 el certificat acad\u00e8mic del curs i el certificat de realitzaci\u00f3 de formaci\u00f3 en centres de treball (pr\u00e0ctiques a l&#8217;empresa).<\/span><\/h4>\n<\/li>\n<li style=\"text-align: justify;\">\n<h4><span style=\"color: #000000;\">En el cas d&#8217;aprovar les \u00e0rees de formaci\u00f3 general s&#8217;obt\u00e9 el Curs d&#8217;Acc\u00e9s a Cicles Formatius (CAM) amb la nota d&#8217;acc\u00e9s a cicles formatius de grau mitj\u00e0. Es pot realitzar inscripci\u00f3 a tots els cicles formatius de grau mitj\u00e0 de qualsevol fam\u00edlia professional.<\/span><\/h4>\n<\/li>\n<li style=\"text-align: justify;\">\n<h4><span style=\"color: #000000;\">Es pot accedir a l\u2019Escola d\u2019Adults a cursar el GESO amb 17 anys.<\/span><\/h4>\n<\/li>\n<li style=\"text-align: justify;\">\n<h4><span style=\"color: #000000;\">Es pot sol\u00b7licitar la convalidaci\u00f3 de certificat de professionalitat que emet l\u2019Administraci\u00f3.<\/span><\/h4>\n<\/li>\n<li style=\"text-align: justify;\">\n<h4><span style=\"color: #000000;\">Hi ha millors possibilitats d\u2019incorporaci\u00f3 al m\u00f3n laboral, del sector agrari, gr\u00e0cies a les pr\u00e0ctiques a l&#8217;empresa, la certificaci\u00f3 i els coneixements obtinguts durant el curs.<\/span><\/h4>\n<\/li>\n<\/ul>\n<h4><\/h4>\n<h4 style=\"text-align: justify;\"><span style=\"color: #000000;\"><em>En cap cas s&#8217;obt\u00e9 directament el t\u00edtol de l&#8217;Educaci\u00f3 Secund\u00e0ria Obligat\u00f2ria al finalitzar el PTT.<\/em><\/span><\/h4>\n<p>&nbsp;<\/td>\n<\/tr>\n<tr style=\"height: 84px;\">\n<td style=\"width: 100%; background-color: #97e2f7; height: 84px;\">\n<h2><span style=\"color: #000000;\"><strong>Quan s\u00f3n les preinscripcions i les matr\u00edcules?<\/strong><\/span><\/h2>\n<\/td>\n<\/tr>\n<tr style=\"height: 126px;\">\n<td style=\"width: 100%; background-color: #97e2f7; height: 126px;\">\n<h4><\/h4>\n<h4 class=\"Textbody\" style=\"text-align: justify;\"><span style=\"color: #000000;\">Es realitzen preinscripcions al programa el mes de maig. La matr\u00edcula es formalitza la primera quinzena d&#8217;agost, tot i que hi ha matr\u00edcula oberta fins el 30 de novembre.<\/span><\/h4>\n<p>&nbsp;<\/td>\n<\/tr>\n<tr style=\"height: 84px;\">\n<td style=\"width: 100%; background-color: #97e2f7; height: 84px;\">\n<h2><span style=\"color: #000000;\"><strong>M\u00e9s informaci\u00f3!<\/strong><\/span><\/h2>\n<\/td>\n<\/tr>\n<tr style=\"height: 250px;\">\n<td style=\"width: 100%; background-color: #97e2f7; height: 250px;\">\n<h4><\/h4>\n<h4 class=\"Textbody\"><span style=\"color: #000000;\"><i>Per m\u00e9s informaci\u00f3 dels PFI : <a href=\"https:\/\/triaeducativa.gencat.cat\/ca\/fp\/pfi\/\" target=\"_blank\" rel=\"noopener\">https:\/\/triaeducativa.gencat.cat\/ca\/fp\/pfi\/<\/a><\/i><\/span><\/h4>\n<h4><\/h4>\n<h4 class=\"Textbody\"><span style=\"color: #000000;\"><i>En el cas que necessitis m\u00e9s informaci\u00f3, pots contactar amb el PTT directament a:<\/i><\/span><\/h4>\n<h4><\/h4>\n<h4 class=\"Textbody\"><span style=\"color: #000000;\"><i>Casa de les V\u00eddues de Llagostera<\/i><\/span><\/h4>\n<h4 class=\"Textbody\"><span style=\"color: #000000;\"><i>Pla\u00e7a de la Llibertat, 1<\/i><\/span><\/h4>\n<h4 class=\"Standard\"><span style=\"color: #000000;\"><i>Tel. 972 831995 \/ 652315765 (whatsapp) <\/i><\/span><\/h4>\n<h4 class=\"Standard\"><span style=\"color: #000000;\"><i>pttllagostera<span class=\"\">@insllagostera.cat<\/span><\/i><\/span><\/h4>\n<h4><\/h4>\n<h4 class=\"Textbody\"><span style=\"color: #000000;\"><i>Tamb\u00e9 podeu seguir l\u2019Instagram: @ptt_llagostera_cassa<\/i><\/span><\/h4>\n<p>&nbsp;<\/td>\n<\/tr>\n<\/tbody>\n<\/table>\n<h4><\/h4>\n<p>&nbsp;<\/p>\n<table style=\"border-collapse: collapse; width: 100%;\">\n<tbody>\n<tr>\n<td style=\"width: 100%; background-color: #798535;\">\n<h2><span style=\"color: #000000;\"><strong>Preinscripci\u00f3 i matr\u00edcula<\/strong><\/span><\/h2>\n<\/td>\n<\/tr>\n<tr>\n<td style=\"width: 100%; background-color: #798535;\">\n<h4 class=\"Standard\" style=\"text-align: justify;\"><a href=\"https:\/\/agora.xtec.cat\/iesllagostera\/secretaria\/preinscripcions-i-matricula\/\" target=\"_blank\" rel=\"noopener\"><span style=\"color: #000000;\">Informaci\u00f3<\/span><\/a><\/h4>\n<\/td>\n<\/tr>\n<\/tbody>\n<\/table>\n<p>&nbsp;<\/p>\n<p>&nbsp;<\/p>\n<table style=\"border-collapse: collapse; width: 100%;\">\n<tbody>\n<tr>\n<td style=\"width: 100%; background-color: #10cc65;\">\n<h2><strong><span style=\"color: #000000;\">FOTOGRAFIES<\/span><\/strong><\/h2>\n<\/td>\n<\/tr>\n<tr>\n<td style=\"width: 100%; background-color: #10cc65;\">\n<h4><span style=\"color: #000000;\">Clica <a style=\"color: #000000;\" href=\"https:\/\/photos.app.goo.gl\/KDKtPBA3S86phbdR8\" target=\"_blank\" rel=\"noopener\"><span style=\"color: #000000;\">AQU\u00cd<\/span><\/a> per veure-les!<\/span><\/h4>\n<\/td>\n<\/tr>\n<\/tbody>\n<\/table>\n<h4><\/h4>\n<p>&nbsp;<\/p>\n","protected":false},"excerpt":{"rendered":"<p>&nbsp;<br \/>\n&nbsp;<\/p>\n<p>PROGRAMA DE FORMACI\u00d3 I INSERCI\u00d3<br \/>\nPLA DE TRANSICI\u00d3 AL TREBALL DE LLAGOSTERA<br \/>\nPerfil professional: Auxiliar de vivers i jardins<\/p>\n<p><a href=\"https:\/\/agora.xtec.cat\/iesllagostera\/wp-content\/uploads\/usu1990\/2026\/03\/LOGO1.png\"><\/a><\/p>\n<p>&nbsp;<br \/>\n&nbsp;<\/p>\n<p>Qu\u00e8 \u00e9s el PFI-PTT?<\/p>\n<p>Els programes de formaci\u00f3 i inserci\u00f3 s\u00f3n voluntaris i estan adre\u00e7ats als joves de 16 a 21 anys, que hagin deixat l&#8217;educaci\u00f3 secund\u00e0ria obligat\u00f2ria (ESO)&hellip;  <a href=\"https:\/\/agora.xtec.cat\/iesllagostera\/estudis\/pfi-ptt-llagostera-auxiliar-de-vivers-i-jardins\/\" title=\"Read PFI-PTT\">Llegeix m\u00e9s\u00bb<\/a><\/p>\n","protected":false},"author":1,"featured_media":0,"parent":195,"menu_order":0,"comment_status":"closed","ping_status":"closed","template":"page-templates\/side-menu.php","meta":{"_bbp_topic_count":0,"_bbp_reply_count":0,"_bbp_total_topic_count":0,"_bbp_total_reply_count":0,"_bbp_voice_count":0,"_bbp_anonymous_reply_count":0,"_bbp_topic_count_hidden":0,"_bbp_reply_count_hidden":0,"_bbp_forum_subforum_count":0,"footnotes":""},"class_list":["post-1820","page","type-page","status-publish","hentry"],"post_mailing_queue_ids":[],"_links":{"self":[{"href":"https:\/\/agora.xtec.cat\/iesllagostera\/wp-json\/wp\/v2\/pages\/1820","targetHints":{"allow":["GET"]}}],"collection":[{"href":"https:\/\/agora.xtec.cat\/iesllagostera\/wp-json\/wp\/v2\/pages"}],"about":[{"href":"https:\/\/agora.xtec.cat\/iesllagostera\/wp-json\/wp\/v2\/types\/page"}],"author":[{"embeddable":true,"href":"https:\/\/agora.xtec.cat\/iesllagostera\/wp-json\/wp\/v2\/users\/1"}],"replies":[{"embeddable":true,"href":"https:\/\/agora.xtec.cat\/iesllagostera\/wp-json\/wp\/v2\/comments?post=1820"}],"version-history":[{"count":6,"href":"https:\/\/agora.xtec.cat\/iesllagostera\/wp-json\/wp\/v2\/pages\/1820\/revisions"}],"predecessor-version":[{"id":9341,"href":"https:\/\/agora.xtec.cat\/iesllagostera\/wp-json\/wp\/v2\/pages\/1820\/revisions\/9341"}],"up":[{"embeddable":true,"href":"https:\/\/agora.xtec.cat\/iesllagostera\/wp-json\/wp\/v2\/pages\/195"}],"wp:attachment":[{"href":"https:\/\/agora.xtec.cat\/iesllagostera\/wp-json\/wp\/v2\/media?parent=1820"}],"curies":[{"name":"wp","href":"https:\/\/api.w.org\/{rel}","templated":true}]}}