{"id":5244,"date":"2025-04-07T18:54:51","date_gmt":"2025-04-07T16:54:51","guid":{"rendered":"https:\/\/agora.xtec.cat\/ieslesmarines\/?page_id=5244"},"modified":"2025-04-07T18:55:05","modified_gmt":"2025-04-07T16:55:05","slug":"2n-deso-a-finalitza-el-projecte-de-la-radio","status":"publish","type":"page","link":"https:\/\/agora.xtec.cat\/ieslesmarines\/2n-deso-a-finalitza-el-projecte-de-la-radio\/","title":{"rendered":"2n d&#8217;ESO A finalitza el projecte de la r\u00e0dio"},"content":{"rendered":"<p><span style=\"font-weight: 400;\">El 7 de mar\u00e7 l\u2019alumnat de 2n d\u2019ESO A va finalitzar el projecte de la r\u00e0dio.<\/span><\/p>\n<p><span style=\"font-weight: 400;\">R\u00e0dio Marines<\/span> <span style=\"font-weight: 400;\">s\u2019inici\u00e0 amb una visita a Catalunya R\u00e0dio. L\u2019alumnat durant les sessions del projecte ha descobert qui invent\u00e0 la r\u00e0dio, com foren les primeres retransmissions radiof\u00f2niques, quins s\u00f3n els elements b\u00e0sics del llenguatge radiof\u00f2nic (la veu, la m\u00fasica, els efectes sonors i el silenci)&#8230;, ha apr\u00e8s a crear el contingut d\u2019un gui\u00f3 radiof\u00f2nic, ha dissenyat la cortina musical amb l\u2019esl\u00f2gan del seu propi programa, ha inventat falques publicit\u00e0ries, ha escrit un relat sonor, ha preparat una entrevista, ha redactat un butllet\u00ed informatiu amb not\u00edcies reals i fict\u00edcies, i ha creat la resta de seccions del seu propi programa (acudits, espais musicals, literaris i esportius, intervencions en directe dels oients, tert\u00falies cin\u00e8files\u2026)<\/span><\/p>\n<p><img loading=\"lazy\" decoding=\"async\" class=\"wp-image-5245 aligncenter\" src=\"https:\/\/agora.xtec.cat\/ieslesmarines\/wp-content\/uploads\/usu619\/2025\/04\/1-foto-1-1024x768.jpg\" alt=\"\" width=\"600\" height=\"450\" srcset=\"https:\/\/agora.xtec.cat\/ieslesmarines\/wp-content\/uploads\/usu619\/2025\/04\/1-foto-1-1024x768.jpg 1024w, https:\/\/agora.xtec.cat\/ieslesmarines\/wp-content\/uploads\/usu619\/2025\/04\/1-foto-1-300x225.jpg 300w, https:\/\/agora.xtec.cat\/ieslesmarines\/wp-content\/uploads\/usu619\/2025\/04\/1-foto-1-768x576.jpg 768w, https:\/\/agora.xtec.cat\/ieslesmarines\/wp-content\/uploads\/usu619\/2025\/04\/1-foto-1-1536x1152.jpg 1536w, https:\/\/agora.xtec.cat\/ieslesmarines\/wp-content\/uploads\/usu619\/2025\/04\/1-foto-1-2048x1536.jpg 2048w, https:\/\/agora.xtec.cat\/ieslesmarines\/wp-content\/uploads\/usu619\/2025\/04\/1-foto-1-200x150.jpg 200w\" sizes=\"auto, (max-width: 600px) 100vw, 600px\" \/><\/p>\n<p><span style=\"font-weight: 400;\">El producte final va consistir en la gravaci\u00f3 en directe davant la resta de la classe del seu programa de r\u00e0dio. Per gravar el p\u00f2dcast vam comptar amb l\u2019ajuda de l\u2019Aida Bria, coordinadora del FAIG, que va ensenyar-nos a utilitzar l\u2019equip de r\u00e0dio de l\u2019institut.<\/span><\/p>\n<p><span style=\"font-weight: 400;\">Ha estat una experi\u00e8ncia enriquidora, profitosa, divertida i sobretot molt creativa. Enhorabona al grups de 2n A pel seu excel\u00b7lent treball i pels \u00e0udios dels seus programes de R\u00e0dio Marines.<\/span><\/p>\n<p>&nbsp;<\/p>\n","protected":false},"excerpt":{"rendered":"<p>El 7 de mar\u00e7 l\u2019alumnat de 2n d\u2019ESO A va finalitzar el projecte de la r\u00e0dio. R\u00e0dio Marines s\u2019inici\u00e0 amb una visita a Catalunya R\u00e0dio. L\u2019alumnat durant les sessions del projecte ha descobert qui invent\u00e0 la r\u00e0dio, com foren les primeres retransmissions radiof\u00f2niques, quins s\u00f3n els elements b\u00e0sics del llenguatge radiof\u00f2nic (la veu, la m\u00fasica, [&hellip;]<\/p>\n","protected":false},"author":1,"featured_media":0,"parent":0,"menu_order":0,"comment_status":"closed","ping_status":"closed","template":"","meta":{"_bbp_topic_count":0,"_bbp_reply_count":0,"_bbp_total_topic_count":0,"_bbp_total_reply_count":0,"_bbp_voice_count":0,"_bbp_anonymous_reply_count":0,"_bbp_topic_count_hidden":0,"_bbp_reply_count_hidden":0,"_bbp_forum_subforum_count":0,"site-sidebar-layout":"default","site-content-layout":"","ast-site-content-layout":"","site-content-style":"default","site-sidebar-style":"default","ast-global-header-display":"","ast-banner-title-visibility":"","ast-main-header-display":"","ast-hfb-above-header-display":"","ast-hfb-below-header-display":"","ast-hfb-mobile-header-display":"","site-post-title":"","ast-breadcrumbs-content":"","ast-featured-img":"","footer-sml-layout":"","theme-transparent-header-meta":"","adv-header-id-meta":"","stick-header-meta":"","header-above-stick-meta":"","header-main-stick-meta":"","header-below-stick-meta":"","astra-migrate-meta-layouts":"default","ast-page-background-enabled":"default","ast-page-background-meta":{"desktop":{"background-color":"var(--ast-global-color-4)","background-image":"","background-repeat":"repeat","background-position":"center center","background-size":"auto","background-attachment":"scroll","background-type":"","background-media":"","overlay-type":"","overlay-color":"","overlay-opacity":"","overlay-gradient":""},"tablet":{"background-color":"","background-image":"","background-repeat":"repeat","background-position":"center center","background-size":"auto","background-attachment":"scroll","background-type":"","background-media":"","overlay-type":"","overlay-color":"","overlay-opacity":"","overlay-gradient":""},"mobile":{"background-color":"","background-image":"","background-repeat":"repeat","background-position":"center center","background-size":"auto","background-attachment":"scroll","background-type":"","background-media":"","overlay-type":"","overlay-color":"","overlay-opacity":"","overlay-gradient":""}},"ast-content-background-meta":{"desktop":{"background-color":"var(--ast-global-color-5)","background-image":"","background-repeat":"repeat","background-position":"center center","background-size":"auto","background-attachment":"scroll","background-type":"","background-media":"","overlay-type":"","overlay-color":"","overlay-opacity":"","overlay-gradient":""},"tablet":{"background-color":"var(--ast-global-color-5)","background-image":"","background-repeat":"repeat","background-position":"center center","background-size":"auto","background-attachment":"scroll","background-type":"","background-media":"","overlay-type":"","overlay-color":"","overlay-opacity":"","overlay-gradient":""},"mobile":{"background-color":"var(--ast-global-color-5)","background-image":"","background-repeat":"repeat","background-position":"center center","background-size":"auto","background-attachment":"scroll","background-type":"","background-media":"","overlay-type":"","overlay-color":"","overlay-opacity":"","overlay-gradient":""}},"footnotes":""},"class_list":["post-5244","page","type-page","status-publish","hentry"],"post_mailing_queue_ids":[],"_links":{"self":[{"href":"https:\/\/agora.xtec.cat\/ieslesmarines\/wp-json\/wp\/v2\/pages\/5244","targetHints":{"allow":["GET"]}}],"collection":[{"href":"https:\/\/agora.xtec.cat\/ieslesmarines\/wp-json\/wp\/v2\/pages"}],"about":[{"href":"https:\/\/agora.xtec.cat\/ieslesmarines\/wp-json\/wp\/v2\/types\/page"}],"author":[{"embeddable":true,"href":"https:\/\/agora.xtec.cat\/ieslesmarines\/wp-json\/wp\/v2\/users\/1"}],"replies":[{"embeddable":true,"href":"https:\/\/agora.xtec.cat\/ieslesmarines\/wp-json\/wp\/v2\/comments?post=5244"}],"version-history":[{"count":2,"href":"https:\/\/agora.xtec.cat\/ieslesmarines\/wp-json\/wp\/v2\/pages\/5244\/revisions"}],"predecessor-version":[{"id":5248,"href":"https:\/\/agora.xtec.cat\/ieslesmarines\/wp-json\/wp\/v2\/pages\/5244\/revisions\/5248"}],"wp:attachment":[{"href":"https:\/\/agora.xtec.cat\/ieslesmarines\/wp-json\/wp\/v2\/media?parent=5244"}],"curies":[{"name":"wp","href":"https:\/\/api.w.org\/{rel}","templated":true}]}}