{"id":5095,"date":"2025-03-07T19:20:11","date_gmt":"2025-03-07T18:20:11","guid":{"rendered":"https:\/\/agora.xtec.cat\/ieslesmarines\/?page_id=5095"},"modified":"2025-03-07T19:22:16","modified_gmt":"2025-03-07T18:22:16","slug":"8-de-marc-i-els-valors-derasmus-the-six-triple-eight","status":"publish","type":"page","link":"https:\/\/agora.xtec.cat\/ieslesmarines\/8-de-marc-i-els-valors-derasmus-the-six-triple-eight\/","title":{"rendered":"8 DE MAR\u00c7 I ELS VALORS D&#8217;ERASMUS+: The Six Triple Eight"},"content":{"rendered":"<p><span style=\"font-weight: 400;\">Dem\u00e0 8 de mar\u00e7, celebrem el dia internacional de la Dona. Aquest dia va ser escollit per Nacions Unides el 1975 per recon\u00e8ixer el paper de la dona dins la nostra societat. Dos anys despr\u00e9s va passar a dir-se <\/span><b>Dia Internacional de la Dona i la Pau internacional.\u00a0<\/b><\/p>\n<p><span style=\"font-weight: 400;\">Des de la coordinaci\u00f3 Erasmus+ us volem recomanar una gran pel\u00b7l\u00edcula, nominada als premis Oscar 2025 i que es pot veure actualment a la plataforma Netflix.<\/span><\/p>\n<p><img loading=\"lazy\" decoding=\"async\" class=\"alignnone size-full wp-image-5097 aligncenter\" src=\"https:\/\/agora.xtec.cat\/ieslesmarines\/wp-content\/uploads\/usu619\/2025\/03\/images-3.jpg\" alt=\"\" width=\"318\" height=\"159\" srcset=\"https:\/\/agora.xtec.cat\/ieslesmarines\/wp-content\/uploads\/usu619\/2025\/03\/images-3.jpg 318w, https:\/\/agora.xtec.cat\/ieslesmarines\/wp-content\/uploads\/usu619\/2025\/03\/images-3-300x150.jpg 300w\" sizes=\"auto, (max-width: 318px) 100vw, 318px\" \/><\/p>\n<p><span style=\"font-weight: 400;\">La pel\u00b7l\u00edcula, que est\u00e0 ambientada a la segona guerra mundial i basada en fets reals, \u00e9s un referent pels drets i la inclusi\u00f3 de les dones, en aquest cas, de les dones negres. La pel\u00b7l\u00edcula tracta la discriminaci\u00f3 i vexacions que van a ver de suportar l\u2019esquadr\u00f3 6888 de l\u2019ex\u00e8rcit del EUA format \u00edntegrament per dones negres.\u00a0<\/span><\/p>\n<p><span style=\"font-weight: 400;\">En la nostra modesta opini\u00f3 \u00e9s un cant i un reconeixement a la valentia d\u2019aquelles dones que, desafiant totes les convencions socials, van decidir fer-se sentir en un m\u00f3n clarament mascul\u00ed i blanc.<\/span><\/p>\n<p><span style=\"font-weight: 400;\">Us animem a veure-la en fam\u00edlia i compartir un temps de qualitat per parlar de <\/span><span style=\"font-weight: 400;\">coses que realment importen.<\/span><\/p>\n","protected":false},"excerpt":{"rendered":"<p>Dem\u00e0 8 de mar\u00e7, celebrem el dia internacional de la Dona. Aquest dia va ser escollit per Nacions Unides el 1975 per recon\u00e8ixer el paper de la dona dins la nostra societat. Dos anys despr\u00e9s va passar a dir-se Dia Internacional de la Dona i la Pau internacional.\u00a0 Des de la coordinaci\u00f3 Erasmus+ us volem [&hellip;]<\/p>\n","protected":false},"author":1,"featured_media":0,"parent":0,"menu_order":0,"comment_status":"closed","ping_status":"closed","template":"","meta":{"_bbp_topic_count":0,"_bbp_reply_count":0,"_bbp_total_topic_count":0,"_bbp_total_reply_count":0,"_bbp_voice_count":0,"_bbp_anonymous_reply_count":0,"_bbp_topic_count_hidden":0,"_bbp_reply_count_hidden":0,"_bbp_forum_subforum_count":0,"site-sidebar-layout":"default","site-content-layout":"","ast-site-content-layout":"","site-content-style":"default","site-sidebar-style":"default","ast-global-header-display":"","ast-banner-title-visibility":"","ast-main-header-display":"","ast-hfb-above-header-display":"","ast-hfb-below-header-display":"","ast-hfb-mobile-header-display":"","site-post-title":"","ast-breadcrumbs-content":"","ast-featured-img":"","footer-sml-layout":"","theme-transparent-header-meta":"","adv-header-id-meta":"","stick-header-meta":"","header-above-stick-meta":"","header-main-stick-meta":"","header-below-stick-meta":"","astra-migrate-meta-layouts":"default","ast-page-background-enabled":"default","ast-page-background-meta":{"desktop":{"background-color":"var(--ast-global-color-4)","background-image":"","background-repeat":"repeat","background-position":"center center","background-size":"auto","background-attachment":"scroll","background-type":"","background-media":"","overlay-type":"","overlay-color":"","overlay-opacity":"","overlay-gradient":""},"tablet":{"background-color":"","background-image":"","background-repeat":"repeat","background-position":"center center","background-size":"auto","background-attachment":"scroll","background-type":"","background-media":"","overlay-type":"","overlay-color":"","overlay-opacity":"","overlay-gradient":""},"mobile":{"background-color":"","background-image":"","background-repeat":"repeat","background-position":"center center","background-size":"auto","background-attachment":"scroll","background-type":"","background-media":"","overlay-type":"","overlay-color":"","overlay-opacity":"","overlay-gradient":""}},"ast-content-background-meta":{"desktop":{"background-color":"var(--ast-global-color-5)","background-image":"","background-repeat":"repeat","background-position":"center center","background-size":"auto","background-attachment":"scroll","background-type":"","background-media":"","overlay-type":"","overlay-color":"","overlay-opacity":"","overlay-gradient":""},"tablet":{"background-color":"var(--ast-global-color-5)","background-image":"","background-repeat":"repeat","background-position":"center center","background-size":"auto","background-attachment":"scroll","background-type":"","background-media":"","overlay-type":"","overlay-color":"","overlay-opacity":"","overlay-gradient":""},"mobile":{"background-color":"var(--ast-global-color-5)","background-image":"","background-repeat":"repeat","background-position":"center center","background-size":"auto","background-attachment":"scroll","background-type":"","background-media":"","overlay-type":"","overlay-color":"","overlay-opacity":"","overlay-gradient":""}},"footnotes":""},"class_list":["post-5095","page","type-page","status-publish","hentry"],"post_mailing_queue_ids":[],"_links":{"self":[{"href":"https:\/\/agora.xtec.cat\/ieslesmarines\/wp-json\/wp\/v2\/pages\/5095","targetHints":{"allow":["GET"]}}],"collection":[{"href":"https:\/\/agora.xtec.cat\/ieslesmarines\/wp-json\/wp\/v2\/pages"}],"about":[{"href":"https:\/\/agora.xtec.cat\/ieslesmarines\/wp-json\/wp\/v2\/types\/page"}],"author":[{"embeddable":true,"href":"https:\/\/agora.xtec.cat\/ieslesmarines\/wp-json\/wp\/v2\/users\/1"}],"replies":[{"embeddable":true,"href":"https:\/\/agora.xtec.cat\/ieslesmarines\/wp-json\/wp\/v2\/comments?post=5095"}],"version-history":[{"count":2,"href":"https:\/\/agora.xtec.cat\/ieslesmarines\/wp-json\/wp\/v2\/pages\/5095\/revisions"}],"predecessor-version":[{"id":5099,"href":"https:\/\/agora.xtec.cat\/ieslesmarines\/wp-json\/wp\/v2\/pages\/5095\/revisions\/5099"}],"wp:attachment":[{"href":"https:\/\/agora.xtec.cat\/ieslesmarines\/wp-json\/wp\/v2\/media?parent=5095"}],"curies":[{"name":"wp","href":"https:\/\/api.w.org\/{rel}","templated":true}]}}