{"id":5088,"date":"2025-03-06T14:46:01","date_gmt":"2025-03-06T13:46:01","guid":{"rendered":"https:\/\/agora.xtec.cat\/ieslesmarines\/?page_id=5088"},"modified":"2025-03-06T14:46:01","modified_gmt":"2025-03-06T13:46:01","slug":"4a-sessio-de-booktrailers-4t-deso","status":"publish","type":"page","link":"https:\/\/agora.xtec.cat\/ieslesmarines\/4a-sessio-de-booktrailers-4t-deso\/","title":{"rendered":"4a sessi\u00f3 de booktr\u00e0ilers &#8211; 4t d&#8217;ESO"},"content":{"rendered":"<p><span style=\"font-weight: 400;\">El dimecres 26 de febrer l\u2019alumnat de 4t d\u2019ESO va poder gaudir de la quarta i \u00faltima sessi\u00f3 del taller de booktr\u00e0ilers, impartit pel Carles Alcoy. El formador els va explicar aspectes importants sobre la postproducci\u00f3 i el muntatge audiovisual del booktr\u00e0iler.\u00a0<\/span><\/p>\n<p><span style=\"font-weight: 400;\">Els va mostrar la import\u00e0ncia d\u2019aconseguir transmetre l\u2019emoci\u00f3 adequada, i captar la implicaci\u00f3 emocional de l\u2019espectador.\u00a0<\/span><\/p>\n<p><span style=\"font-weight: 400;\">Tamb\u00e9 els explic\u00e0 com poden aconseguir filmar diferents punts de vista de la mateixa situaci\u00f3. El tall \u00e9s l\u2019accent que posen en les imatges: \u00e9s important on s\u2019acaba. Els talls i el muntatge s\u00f3n els accents i els signes de puntuaci\u00f3. No haurien d\u2019allargar el pla m\u00e9s del necessari. Les transicions han de ser f\u00e0cils d\u2019entendre. La localitzaci\u00f3, els plans i els enquadraments escollits s\u00f3n molt importants. Cal jugar amb el tema de les perspectives.\u00a0<\/span><\/p>\n<p><span style=\"font-weight: 400;\">Tamb\u00e9, l\u2019<\/span><i><span style=\"font-weight: 400;\">atrezzo<\/span><\/i><span style=\"font-weight: 400;\">, l\u2019ambientaci\u00f3 i la caracteritzaci\u00f3 han de ser adequats amb la narrativa del llibre i amb l\u2019\u00e8poca de la hist\u00f2ria. Fins i tot la tipografia ha de ser coherent amb el que s\u2019explica.\u00a0<\/span><\/p>\n<p><span style=\"font-weight: 400;\">El que es pret\u00e9n \u00e9s que quedi clar, que s\u2019entengui emocionalment el que est\u00e0 passant. Tots els detalls que veiem en un pla ens expliquen una hist\u00f2ria, la del llibre que hem escollit per fer el booktr\u00e0iler.<\/span><\/p>\n<p><span style=\"font-weight: 400;\">A continuaci\u00f3, tamb\u00e9 pos\u00e0 l\u2019accent en la llum i la il\u00b7luminaci\u00f3 de la filmaci\u00f3. La voluntat del muntador \u00e9s que la ficci\u00f3 pugui ser real.\u00a0<\/span><\/p>\n<p><span style=\"font-weight: 400;\">La m\u00fasica tamb\u00e9 ha d\u2019estar ben trobada, ha d\u2019acompanyar la imatge.<\/span><\/p>\n<p><span style=\"font-weight: 400;\">I un punt essencial de l\u2019activitat \u00e9s que els agradi el seu booktr\u00e0iler: si els agrada a ells, els agradar\u00e0 als altres. Han de trobar la manera d\u2019expressar-se cinematogr\u00e0ficament. M\u00e9s que el producte final, l\u2019important \u00e9s el proc\u00e9s.<\/span><\/p>\n<p><span style=\"font-weight: 400;\">Despr\u00e9s de l\u2019explicaci\u00f3, visionaren els booktr\u00e0ilers que havien muntat i el Carles coment\u00e0 els aspectes positius i els que es podien millorar. Va ser una sessi\u00f3 molt profitosa on l\u2019alumnat se sent\u00ed valorat, ja que el seu producte final era avaluat per un professional de les arts cinematogr\u00e0fiques i narratives. Va valorar positivament l\u2019actuaci\u00f3 d\u2019alguns dels participants.<\/span><\/p>\n<p><img loading=\"lazy\" decoding=\"async\" class=\"wp-image-5090 aligncenter\" src=\"https:\/\/agora.xtec.cat\/ieslesmarines\/wp-content\/uploads\/usu619\/2025\/03\/1741198468973-1024x768.jpg\" alt=\"\" width=\"700\" height=\"525\" srcset=\"https:\/\/agora.xtec.cat\/ieslesmarines\/wp-content\/uploads\/usu619\/2025\/03\/1741198468973-1024x768.jpg 1024w, https:\/\/agora.xtec.cat\/ieslesmarines\/wp-content\/uploads\/usu619\/2025\/03\/1741198468973-300x225.jpg 300w, https:\/\/agora.xtec.cat\/ieslesmarines\/wp-content\/uploads\/usu619\/2025\/03\/1741198468973-768x576.jpg 768w, https:\/\/agora.xtec.cat\/ieslesmarines\/wp-content\/uploads\/usu619\/2025\/03\/1741198468973-1536x1152.jpg 1536w, https:\/\/agora.xtec.cat\/ieslesmarines\/wp-content\/uploads\/usu619\/2025\/03\/1741198468973-2048x1536.jpg 2048w, https:\/\/agora.xtec.cat\/ieslesmarines\/wp-content\/uploads\/usu619\/2025\/03\/1741198468973-200x150.jpg 200w\" sizes=\"auto, (max-width: 700px) 100vw, 700px\" \/><\/p>\n<p><span style=\"font-weight: 400;\">A continuaci\u00f3, podeu llegir els comentaris d\u2019alguns alumnes que van assistir al taller:<\/span><\/p>\n<p><span style=\"font-weight: 400;\">\u201cLa cuarta sesi\u00f3n del taller de booktrailer ha sido, en mi opini\u00f3n, la mejor de todas. Me ha resultado interesante y necesario conocer los aspectos que deb\u00edamos mejorar de nuestro trabajo. Lo que m\u00e1s me ha gustado ha sido visualizar los trabajos del resto de grupos y escuchar las opiniones que ten\u00eda sobre ellos un experto, porque muchos han sido muy originales y he podido aprender de los comentarios y los puntos a perfeccionar de los compa\u00f1eros.\u201d H. S. A.\u00a0<\/span><\/p>\n<p><span style=\"font-weight: 400;\">\u201cLa 4\u00aa sesi\u00f3n del taller del booktrailer me ha parecido muy \u00fatil, creo que a todos nos ha ido muy bien a la hora de dar los \u00faltimos retoques antes de entregar el definitivo. El hecho de que ponga cada booktrailer para corregir los errores o sugerir mejoras dice mucho de su buena implicaci\u00f3n en este taller, \u00a1ha ido genial!\u201d M. C. G.<\/span><\/p>\n<p><span style=\"font-weight: 400;\">\u201cMe ha gustado mucho la cuarta sesi\u00f3n del taller de booktrailer. Me parece muy bien la idea de preparar una sesi\u00f3n para ver nuestros booktrailers, ya que nos da la oportunidad de mejorarlos.\u201d V. G. M.<\/span><\/p>\n<p><span style=\"font-weight: 400;\">\u201cMe ha parecido una sesi\u00f3n importante en la cual hemos visto y valorado los booktrailers de cada grupo y no solo eso sino que nos hicieron cr\u00edticas constructivas para poder mejorarlo, cosa que nos ayud\u00f3 a todos para poder mejorar nuestros errores.\u201d P. B. O.<\/span><\/p>\n<p><span style=\"font-weight: 400;\">\u201cLa cuarta sesi\u00f3n fue muy instructiva, porque nos corrigi\u00f3 y dijo en qu\u00e9 pod\u00edamos mejorar. Tuvimos una segunda opini\u00f3n y as\u00ed el booktrailer puede subir de nivel.\u201d E. B. B.<\/span><\/p>\n<p><span style=\"font-weight: 400;\">\u201cMe ha gustado mucho la 4\u00aa sesi\u00f3n del taller porque hemos podido ver nuestros booktrailers y los de nuestros compa\u00f1eros. De esta manera, podemos mejorar el nuestro y aprender de los errores cometidos.\u201d E. L. P.<\/span><\/p>\n<p><span style=\"font-weight: 400;\">\u201cEsta es la sesi\u00f3n a la que m\u00e1s ganas ten\u00eda de asistir, me ha gustado mucho ver todos los booktrailer de mis compa\u00f1eros y comentarlos entre todos.\u201d A. M. E.\u00a0<\/span><\/p>\n<p><span style=\"font-weight: 400;\">\u201cMe ha encantado. Ha sido muy divertida esta \u00faltima sesi\u00f3n. Volver\u00eda a repetirla una y otra vez.\u201d G. M. G.\u00a0<\/span><\/p>\n<p><span style=\"font-weight: 400;\">\u201cMe ha gustado mucho esta sesi\u00f3n porque pod\u00edamos dar nuestra opini\u00f3n libremente (sin ofender a nadie) y as\u00ed se han podido mejorar muchos aspectos de diferentes videos. Me gustar\u00eda hacer m\u00e1s sesiones o actividades as\u00ed.\u201d L. B. M.\u00a0<\/span><\/p>\n<p><span style=\"font-weight: 400;\">\u201cUn proyecto divertido e interesante, donde te diviertes y te r\u00edes mucho.\u00a0<\/span><\/p>\n<p><span style=\"font-weight: 400;\">Es un proyecto diferente a los que estamos acostumbrados, y eso lo hace\u00a0 entretenido.\u201d I. C. B. G.\u00a0<\/span><\/p>\n<p><span style=\"font-weight: 400;\">\u201cMe pareci\u00f3 muy bueno y explicativo, me agrada c\u00f3mo nos ayuda a corregir nuestros booktrailer y los ejemplos para mejorar.\u201d K. J. P. B.\u00a0<\/span><\/p>\n<p><span style=\"font-weight: 400;\">\u201cEn esta sesi\u00f3n he aprendido c\u00f3mo perfeccionar el movimiento de la c\u00e1mara para que sea m\u00e1s atractivo y que el movimiento de m\u00e1s informaci\u00f3n.\u201d N. D. A. S.<\/span><\/p>\n<p><span style=\"font-weight: 400;\">\u201cHa estado muy bien, ha sido una sesi\u00f3n muy entretenida en la que hemos visto los booktrailers de nuestros compa\u00f1eros y hemos aportado mejoras para cada uno de ellos, me ha gustado mucho.\u201d A. G. C.\u00a0<\/span><\/p>\n","protected":false},"excerpt":{"rendered":"<p>El dimecres 26 de febrer l\u2019alumnat de 4t d\u2019ESO va poder gaudir de la quarta i \u00faltima sessi\u00f3 del taller de booktr\u00e0ilers, impartit pel Carles Alcoy. El formador els va explicar aspectes importants sobre la postproducci\u00f3 i el muntatge audiovisual del booktr\u00e0iler.\u00a0 Els va mostrar la import\u00e0ncia d\u2019aconseguir transmetre l\u2019emoci\u00f3 adequada, i captar la implicaci\u00f3 [&hellip;]<\/p>\n","protected":false},"author":1,"featured_media":0,"parent":0,"menu_order":0,"comment_status":"closed","ping_status":"closed","template":"","meta":{"_bbp_topic_count":0,"_bbp_reply_count":0,"_bbp_total_topic_count":0,"_bbp_total_reply_count":0,"_bbp_voice_count":0,"_bbp_anonymous_reply_count":0,"_bbp_topic_count_hidden":0,"_bbp_reply_count_hidden":0,"_bbp_forum_subforum_count":0,"site-sidebar-layout":"default","site-content-layout":"","ast-site-content-layout":"","site-content-style":"default","site-sidebar-style":"default","ast-global-header-display":"","ast-banner-title-visibility":"","ast-main-header-display":"","ast-hfb-above-header-display":"","ast-hfb-below-header-display":"","ast-hfb-mobile-header-display":"","site-post-title":"","ast-breadcrumbs-content":"","ast-featured-img":"","footer-sml-layout":"","theme-transparent-header-meta":"","adv-header-id-meta":"","stick-header-meta":"","header-above-stick-meta":"","header-main-stick-meta":"","header-below-stick-meta":"","astra-migrate-meta-layouts":"default","ast-page-background-enabled":"default","ast-page-background-meta":{"desktop":{"background-color":"var(--ast-global-color-4)","background-image":"","background-repeat":"repeat","background-position":"center center","background-size":"auto","background-attachment":"scroll","background-type":"","background-media":"","overlay-type":"","overlay-color":"","overlay-opacity":"","overlay-gradient":""},"tablet":{"background-color":"","background-image":"","background-repeat":"repeat","background-position":"center center","background-size":"auto","background-attachment":"scroll","background-type":"","background-media":"","overlay-type":"","overlay-color":"","overlay-opacity":"","overlay-gradient":""},"mobile":{"background-color":"","background-image":"","background-repeat":"repeat","background-position":"center center","background-size":"auto","background-attachment":"scroll","background-type":"","background-media":"","overlay-type":"","overlay-color":"","overlay-opacity":"","overlay-gradient":""}},"ast-content-background-meta":{"desktop":{"background-color":"var(--ast-global-color-5)","background-image":"","background-repeat":"repeat","background-position":"center center","background-size":"auto","background-attachment":"scroll","background-type":"","background-media":"","overlay-type":"","overlay-color":"","overlay-opacity":"","overlay-gradient":""},"tablet":{"background-color":"var(--ast-global-color-5)","background-image":"","background-repeat":"repeat","background-position":"center center","background-size":"auto","background-attachment":"scroll","background-type":"","background-media":"","overlay-type":"","overlay-color":"","overlay-opacity":"","overlay-gradient":""},"mobile":{"background-color":"var(--ast-global-color-5)","background-image":"","background-repeat":"repeat","background-position":"center center","background-size":"auto","background-attachment":"scroll","background-type":"","background-media":"","overlay-type":"","overlay-color":"","overlay-opacity":"","overlay-gradient":""}},"footnotes":""},"class_list":["post-5088","page","type-page","status-publish","hentry"],"post_mailing_queue_ids":[],"_links":{"self":[{"href":"https:\/\/agora.xtec.cat\/ieslesmarines\/wp-json\/wp\/v2\/pages\/5088","targetHints":{"allow":["GET"]}}],"collection":[{"href":"https:\/\/agora.xtec.cat\/ieslesmarines\/wp-json\/wp\/v2\/pages"}],"about":[{"href":"https:\/\/agora.xtec.cat\/ieslesmarines\/wp-json\/wp\/v2\/types\/page"}],"author":[{"embeddable":true,"href":"https:\/\/agora.xtec.cat\/ieslesmarines\/wp-json\/wp\/v2\/users\/1"}],"replies":[{"embeddable":true,"href":"https:\/\/agora.xtec.cat\/ieslesmarines\/wp-json\/wp\/v2\/comments?post=5088"}],"version-history":[{"count":1,"href":"https:\/\/agora.xtec.cat\/ieslesmarines\/wp-json\/wp\/v2\/pages\/5088\/revisions"}],"predecessor-version":[{"id":5091,"href":"https:\/\/agora.xtec.cat\/ieslesmarines\/wp-json\/wp\/v2\/pages\/5088\/revisions\/5091"}],"wp:attachment":[{"href":"https:\/\/agora.xtec.cat\/ieslesmarines\/wp-json\/wp\/v2\/media?parent=5088"}],"curies":[{"name":"wp","href":"https:\/\/api.w.org\/{rel}","templated":true}]}}