{"id":4786,"date":"2025-01-28T10:56:15","date_gmt":"2025-01-28T09:56:15","guid":{"rendered":"https:\/\/agora.xtec.cat\/ieslesmarines\/?page_id=4786"},"modified":"2025-01-28T11:02:42","modified_gmt":"2025-01-28T10:02:42","slug":"taller-de-booktrailers","status":"publish","type":"page","link":"https:\/\/agora.xtec.cat\/ieslesmarines\/taller-de-booktrailers\/","title":{"rendered":"Taller de booktr\u00e0ilers"},"content":{"rendered":"<p><span style=\"font-weight: 400;\">El 15 de gener l\u2019alumnat de 4t d\u2019ESO va poder gaudir de la 3a sessi\u00f3 del taller de booktr\u00e0ilers, impartit pel <\/span><b>Carles Alcoy<\/b><span style=\"font-weight: 400;\">. Al llarg d&#8217;aquestes classes se\u2019ls ha explicat qu\u00e8 cal tenir en compte a l\u2019hora de realitzar un v\u00eddeo per promocionar un llibre. El booktr\u00e0iler \u00e9s semblant al tr\u00e0iler cinematogr\u00e0fic, de pel\u00b7l\u00edcules o s\u00e8ries de televisi\u00f3, per\u00f2 en el cas del booktr\u00e0iler cal tenir en compte els aspectes m\u00e9s atractius d\u2019un llibre per captar l\u2019atenci\u00f3 dels futurs lectors.<\/span><\/p>\n<p><span style=\"font-weight: 400;\">\u00c9s un taller din\u00e0mic, divertit i ple creativitat.\u00a0<\/span><\/p>\n<p><span style=\"font-weight: 400;\">La creaci\u00f3 d\u2019un booktr\u00e0iler en grups fa que l\u2019alumnat llegeixi i dinamitza la lectura, per\u00f2, alhora serveix per a desenvolupar compet\u00e8ncies i habilitats.<\/span><\/p>\n<p><span style=\"font-weight: 400;\">El projecte de la creaci\u00f3 de booktr\u00e0ilers en grups significa:<\/span><\/p>\n<ul>\n<li style=\"font-weight: 400;\" aria-level=\"1\"><span style=\"font-weight: 400;\">M\u00e9s comprensi\u00f3 lectora<\/span><\/li>\n<li style=\"font-weight: 400;\" aria-level=\"1\"><span style=\"font-weight: 400;\">M\u00e9s treball en equip (coordinat)<\/span><\/li>\n<li style=\"font-weight: 400;\" aria-level=\"1\"><span style=\"font-weight: 400;\">Un creixement de les habilitats digitals<\/span><\/li>\n<li style=\"font-weight: 400;\" aria-level=\"1\"><span style=\"font-weight: 400;\">M\u00e9s creativitat<\/span><\/li>\n<li style=\"font-weight: 400;\" aria-level=\"1\"><span style=\"font-weight: 400;\">M\u00e9s interacci\u00f3 entre els diferents cursos<\/span><\/li>\n<li style=\"font-weight: 400;\" aria-level=\"1\"><span style=\"font-weight: 400;\">M\u00e9s integraci\u00f3 entre els alumnes a l\u2019aula<\/span><\/li>\n<li style=\"font-weight: 400;\" aria-level=\"1\"><span style=\"font-weight: 400;\">M\u00e9s treball aut\u00f2nom i m\u00e9s curiositat<\/span><\/li>\n<li style=\"font-weight: 400;\" aria-level=\"1\"><span style=\"font-weight: 400;\">Maduresa comunicativa<\/span><\/li>\n<li style=\"font-weight: 400;\" aria-level=\"1\"><span style=\"font-weight: 400;\">Treball amb un calendari pactat<\/span><\/li>\n<li style=\"font-weight: 400;\" aria-level=\"1\"><span style=\"font-weight: 400;\">Avaluaci\u00f3 compartida<\/span><\/li>\n<\/ul>\n<p><span style=\"font-weight: 400;\">En resum, permet que les noies i els nois expressin lliurement la seva opini\u00f3, tenint un llibre com a punt de partida. Que ho facin de manera aut\u00f2noma, independent i responsable. Que el format sigui una pel\u00b7l\u00edcula de vint segons a tres minuts, amb car\u00e0cter publicitari. Que ho avalu\u00efn comunit\u00e0riament. Que la feina tingui un reconeixement p\u00fablic i una certa remuneraci\u00f3 (simb\u00f2lica per\u00f2 valuable).<\/span><\/p>\n<p><span style=\"font-weight: 400;\">A la 3a sessi\u00f3 van analitzar escenes de pel\u00b7l\u00edcules, com <\/span><i><span style=\"font-weight: 400;\">Psicosi <\/span><\/i><span style=\"font-weight: 400;\">de Hitchkok (l\u2019escena de la dutxa) o <\/span><i><span style=\"font-weight: 400;\">Sed de mal <\/span><\/i><span style=\"font-weight: 400;\">d\u2019Orson Welles (com a exemple del pla seq\u00fc\u00e8ncia) .<\/span><\/p>\n<p><span style=\"font-weight: 400;\">La propera sessi\u00f3 del taller de booktr\u00e0iler tindr\u00e0 lloc el 26 de febrer.<\/span><\/p>\n<p><img loading=\"lazy\" decoding=\"async\" class=\"wp-image-4788 aligncenter\" src=\"https:\/\/agora.xtec.cat\/ieslesmarines\/wp-content\/uploads\/usu619\/2025\/01\/1-1-1024x768.jpg\" alt=\"\" width=\"500\" height=\"375\" srcset=\"https:\/\/agora.xtec.cat\/ieslesmarines\/wp-content\/uploads\/usu619\/2025\/01\/1-1-1024x768.jpg 1024w, https:\/\/agora.xtec.cat\/ieslesmarines\/wp-content\/uploads\/usu619\/2025\/01\/1-1-300x225.jpg 300w, https:\/\/agora.xtec.cat\/ieslesmarines\/wp-content\/uploads\/usu619\/2025\/01\/1-1-768x576.jpg 768w, https:\/\/agora.xtec.cat\/ieslesmarines\/wp-content\/uploads\/usu619\/2025\/01\/1-1-1536x1152.jpg 1536w, https:\/\/agora.xtec.cat\/ieslesmarines\/wp-content\/uploads\/usu619\/2025\/01\/1-1-2048x1536.jpg 2048w, https:\/\/agora.xtec.cat\/ieslesmarines\/wp-content\/uploads\/usu619\/2025\/01\/1-1-200x150.jpg 200w\" sizes=\"auto, (max-width: 500px) 100vw, 500px\" \/><\/p>\n<p><span style=\"font-weight: 400;\">A continuaci\u00f3 podeu llegir els comentaris d\u2019alguns alumnes que van assistir al taller:<\/span><\/p>\n<p><span style=\"font-weight: 400;\">\u201cEsta tercera sesi\u00f3n, como las otras que hemos hecho, me ha parecido muy\u00a0 interesante. Hemos aprendido a darnos cuenta de que detr\u00e1s de un tr\u00e1iler o de una pel\u00edcula est\u00e1n pensados todos los detalles y que se tarda bastante tiempo en pensarlos. Tambi\u00e9n, c\u00f3mo nosotros podemos hacer uno que atrape al receptor. En definitiva, estas sesiones me gustan mucho y pienso que nos ayudan a pensar a hacer algo diferente de lo que estamos acostumbrados.\u201d E. B. B.<\/span><\/p>\n<p><span style=\"font-weight: 400;\">\u201cMe parece un taller muy instructivo que ayuda mucho a la hora de realizar el booktrailer. Todos pensamos que ser\u00eda muy pesado durante una hora el taller, pero lo cierto es que es muy entretenido y divertido, y el profesor logra que eso pase, y capta tu atenci\u00f3n en todo momento.\u201d M. C. G.\u00a0<\/span><\/p>\n<p><span style=\"font-weight: 400;\">\u201cMe ha gustado la tercera sesi\u00f3n del taller de booktrailer. En general, todas las sesiones me han parecido muy interesantes. Me est\u00e1 gustando mucho aprender acerca de los booktr\u00e0ilers: cu\u00e1l es el proceso para realizarlos y c\u00f3mo se crean los tr\u00e1ilers de las pel\u00edculas.\u201d V. G. M.<\/span><\/p>\n<p><span style=\"font-weight: 400;\">\u201cHa estado bien, el hombre explica las cosas bien y claras. Tambi\u00e9n me ha gustado mucho el contenido.\u201d I. C. D.<\/span><\/p>\n<p><span style=\"font-weight: 400;\">\u201cMe ha gustado, me he dado cuenta de que nunca me hab\u00eda fijado en los detalles y por eso no entend\u00eda del todo las pel\u00edculas.\u201d A. R. G.<\/span><\/p>\n<p><span style=\"font-weight: 400;\">\u201cMe ha gustado bastante, fue muy interesante y explicativo para poder crear un booktrailer.\u201d K. P. B.\u00a0<\/span><\/p>\n<p><span style=\"font-weight: 400;\">\u201cA m\u00ed me ha parecido bastante interesante, explicaba con bastante detalle todo lo de los tipos de planos que hay y de c\u00f3mo podemos hacer nuestro booktrailer. En general me gust\u00f3 bastante.\u201d L. S. C.<\/span><\/p>\n<p><span style=\"font-weight: 400;\">\u201cLa tercera sesi\u00f3n del taller de booktr\u00e0iler me ha gustado mucho. Me ha parecido muy \u00fatil conocer este tipo de planos y formas de grabar un v\u00eddeo para realizar nuestro proyecto. Adem\u00e1s, los cortos que nos puso de ejemplo estaban muy bien elegidos y nos ayudaron a entender mejor la explicaci\u00f3n y aplicar lo aprendido.\u201d H. S. A.<\/span><\/p>\n<p><span style=\"font-weight: 400;\">\u201cMe ha parecido muy interesante, ya que nos ha ense\u00f1ado qu\u00e9 era un montaje y una secuencia con videos, y lo he entendido muy bien.\u201d P. F. M.<\/span><\/p>\n<p><span style=\"font-weight: 400;\">\u201cEstuvo bastante bien, fue interesante ver todos los tipos de planos que puede haber en un video tan corto.\u201d A. G. C.<\/span><\/p>\n<p><span style=\"font-weight: 400;\">\u201cLa tercera sesi\u00f3n del taller de booktrailer me ha parecido muy interesante y \u00fatil, ya que considero que es una forma en la que se entienden los conceptos con m\u00e1s facilidad.\u201d C. G. D.<\/span><\/p>\n<p><span style=\"font-weight: 400;\">\u201cRealmente, me han parecido importantes las diferentes tomas y cortes, donde cada detalle cuenta. Los objetos y los paisajes est\u00e1n relacionados con la historia.\u201d R. M.\u00a0<\/span><span style=\"font-weight: 400;\">E.<\/span><\/p>\n<p>&nbsp;<\/p>\n","protected":false},"excerpt":{"rendered":"<p>El 15 de gener l\u2019alumnat de 4t d\u2019ESO va poder gaudir de la 3a sessi\u00f3 del taller de booktr\u00e0ilers, impartit pel Carles Alcoy. Al llarg d&#8217;aquestes classes se\u2019ls ha explicat qu\u00e8 cal tenir en compte a l\u2019hora de realitzar un v\u00eddeo per promocionar un llibre. El booktr\u00e0iler \u00e9s semblant al tr\u00e0iler cinematogr\u00e0fic, de pel\u00b7l\u00edcules o [&hellip;]<\/p>\n","protected":false},"author":1,"featured_media":0,"parent":0,"menu_order":0,"comment_status":"closed","ping_status":"closed","template":"","meta":{"_bbp_topic_count":0,"_bbp_reply_count":0,"_bbp_total_topic_count":0,"_bbp_total_reply_count":0,"_bbp_voice_count":0,"_bbp_anonymous_reply_count":0,"_bbp_topic_count_hidden":0,"_bbp_reply_count_hidden":0,"_bbp_forum_subforum_count":0,"site-sidebar-layout":"default","site-content-layout":"","ast-site-content-layout":"","site-content-style":"default","site-sidebar-style":"default","ast-global-header-display":"","ast-banner-title-visibility":"","ast-main-header-display":"","ast-hfb-above-header-display":"","ast-hfb-below-header-display":"","ast-hfb-mobile-header-display":"","site-post-title":"","ast-breadcrumbs-content":"","ast-featured-img":"","footer-sml-layout":"","theme-transparent-header-meta":"","adv-header-id-meta":"","stick-header-meta":"","header-above-stick-meta":"","header-main-stick-meta":"","header-below-stick-meta":"","astra-migrate-meta-layouts":"default","ast-page-background-enabled":"default","ast-page-background-meta":{"desktop":{"background-color":"var(--ast-global-color-4)","background-image":"","background-repeat":"repeat","background-position":"center center","background-size":"auto","background-attachment":"scroll","background-type":"","background-media":"","overlay-type":"","overlay-color":"","overlay-opacity":"","overlay-gradient":""},"tablet":{"background-color":"","background-image":"","background-repeat":"repeat","background-position":"center center","background-size":"auto","background-attachment":"scroll","background-type":"","background-media":"","overlay-type":"","overlay-color":"","overlay-opacity":"","overlay-gradient":""},"mobile":{"background-color":"","background-image":"","background-repeat":"repeat","background-position":"center center","background-size":"auto","background-attachment":"scroll","background-type":"","background-media":"","overlay-type":"","overlay-color":"","overlay-opacity":"","overlay-gradient":""}},"ast-content-background-meta":{"desktop":{"background-color":"var(--ast-global-color-5)","background-image":"","background-repeat":"repeat","background-position":"center center","background-size":"auto","background-attachment":"scroll","background-type":"","background-media":"","overlay-type":"","overlay-color":"","overlay-opacity":"","overlay-gradient":""},"tablet":{"background-color":"var(--ast-global-color-5)","background-image":"","background-repeat":"repeat","background-position":"center center","background-size":"auto","background-attachment":"scroll","background-type":"","background-media":"","overlay-type":"","overlay-color":"","overlay-opacity":"","overlay-gradient":""},"mobile":{"background-color":"var(--ast-global-color-5)","background-image":"","background-repeat":"repeat","background-position":"center center","background-size":"auto","background-attachment":"scroll","background-type":"","background-media":"","overlay-type":"","overlay-color":"","overlay-opacity":"","overlay-gradient":""}},"footnotes":""},"class_list":["post-4786","page","type-page","status-publish","hentry"],"post_mailing_queue_ids":[],"_links":{"self":[{"href":"https:\/\/agora.xtec.cat\/ieslesmarines\/wp-json\/wp\/v2\/pages\/4786","targetHints":{"allow":["GET"]}}],"collection":[{"href":"https:\/\/agora.xtec.cat\/ieslesmarines\/wp-json\/wp\/v2\/pages"}],"about":[{"href":"https:\/\/agora.xtec.cat\/ieslesmarines\/wp-json\/wp\/v2\/types\/page"}],"author":[{"embeddable":true,"href":"https:\/\/agora.xtec.cat\/ieslesmarines\/wp-json\/wp\/v2\/users\/1"}],"replies":[{"embeddable":true,"href":"https:\/\/agora.xtec.cat\/ieslesmarines\/wp-json\/wp\/v2\/comments?post=4786"}],"version-history":[{"count":4,"href":"https:\/\/agora.xtec.cat\/ieslesmarines\/wp-json\/wp\/v2\/pages\/4786\/revisions"}],"predecessor-version":[{"id":4794,"href":"https:\/\/agora.xtec.cat\/ieslesmarines\/wp-json\/wp\/v2\/pages\/4786\/revisions\/4794"}],"wp:attachment":[{"href":"https:\/\/agora.xtec.cat\/ieslesmarines\/wp-json\/wp\/v2\/media?parent=4786"}],"curies":[{"name":"wp","href":"https:\/\/api.w.org\/{rel}","templated":true}]}}