{"id":4744,"date":"2025-01-20T09:52:11","date_gmt":"2025-01-20T08:52:11","guid":{"rendered":"https:\/\/agora.xtec.cat\/ieslesmarines\/?page_id=4744"},"modified":"2025-01-20T09:52:33","modified_gmt":"2025-01-20T08:52:33","slug":"la-casa-de-bernarda-alba-4t-deso","status":"publish","type":"page","link":"https:\/\/agora.xtec.cat\/ieslesmarines\/la-casa-de-bernarda-alba-4t-deso\/","title":{"rendered":"La Casa de Bernarda Alba &#8211; 4t d&#8217;ESO"},"content":{"rendered":"<p><span style=\"font-weight: 400;\">El divendres 10 de gener l\u2019alumnat de 4t d\u2019ESO va anar a Barcelona al Teatreneu de Gr\u00e0cia per assistir a la representaci\u00f3 teatral de <\/span><b><i>La casa de Bernarda Alba<\/i><\/b><span style=\"font-weight: 400;\">.\u00a0<\/span><\/p>\n<p><span style=\"font-weight: 400;\">A llengua castellana i literatura han llegit el drama i han estudiat la vida i l\u2019obra de Federico Garc\u00eda Lorca.<\/span><\/p>\n<p><span style=\"font-weight: 400;\">En sortir del teatre, van realitzar en grups un itinerari literari i hist\u00f2ric pel barri de Gr\u00e0cia.<\/span><\/p>\n<p><span style=\"font-weight: 400;\"><img loading=\"lazy\" decoding=\"async\" class=\"wp-image-4746 aligncenter\" src=\"https:\/\/agora.xtec.cat\/ieslesmarines\/wp-content\/uploads\/usu619\/2025\/01\/1737273926936-1024x768.jpg\" alt=\"\" width=\"600\" height=\"450\" srcset=\"https:\/\/agora.xtec.cat\/ieslesmarines\/wp-content\/uploads\/usu619\/2025\/01\/1737273926936-1024x768.jpg 1024w, https:\/\/agora.xtec.cat\/ieslesmarines\/wp-content\/uploads\/usu619\/2025\/01\/1737273926936-300x225.jpg 300w, https:\/\/agora.xtec.cat\/ieslesmarines\/wp-content\/uploads\/usu619\/2025\/01\/1737273926936-768x576.jpg 768w, https:\/\/agora.xtec.cat\/ieslesmarines\/wp-content\/uploads\/usu619\/2025\/01\/1737273926936-1536x1152.jpg 1536w, https:\/\/agora.xtec.cat\/ieslesmarines\/wp-content\/uploads\/usu619\/2025\/01\/1737273926936-2048x1536.jpg 2048w, https:\/\/agora.xtec.cat\/ieslesmarines\/wp-content\/uploads\/usu619\/2025\/01\/1737273926936-200x150.jpg 200w\" sizes=\"auto, (max-width: 600px) 100vw, 600px\" \/><\/span><\/p>\n<p><span style=\"font-weight: 400;\">A continuaci\u00f3, podeu llegir l\u2019opini\u00f3 de l\u2019alumnat sobre l\u2019obra:<\/span><\/p>\n<p><span style=\"font-weight: 400;\">\u201cMe ha gustado la obra. La adaptaci\u00f3n que fuimos a ver me pareci\u00f3 muy buena, ya que hizo que la obra se me hiciera m\u00e1s amena y, por lo tanto, fue f\u00e1cil no perder la concentraci\u00f3n en lo que estaba pasando en cada momento. La eliminaci\u00f3n de algunos personajes tambi\u00e9n me pareci\u00f3 bien, ya que los personajes eliminados no eran muy relevantes y consiguieron que la obra se hiciera m\u00e1s corta. Me ha gustado mucho la actividad y me encantar\u00eda volver al teatro a ver m\u00e1s obras de la literatura cl\u00e1sica, ya que creo que es una forma mucho m\u00e1s din\u00e1mica de aprender sobre la literatura espa\u00f1ola.\u201d V. G. M.<\/span><\/p>\n<p><span style=\"font-weight: 400;\">\u201cLa obra me gust\u00f3 mucho, me pareci\u00f3 muy interesante y ense\u00f1a muy bien lo malo que es vivir sin libertad. Con ese final, podemos apreciar c\u00f3mo afecta vivir bajo control y sin tener la libertad de hacer lo que uno quiere. Tambi\u00e9n se refleja muy bien c\u00f3mo viv\u00edan las mujeres en esa \u00e9poca y lo oprimidas que estaban. Eso me gusta mucho, ya que nos hace reflexionar sobre c\u00f3mo hemos ido mejorando poco a poco.\u201d E. L. P.<\/span><\/p>\n<p><span style=\"font-weight: 400;\">\u201c<\/span><i><span style=\"font-weight: 400;\">La casa de Bernarda Alba<\/span><\/i><span style=\"font-weight: 400;\"> me pareci\u00f3 una obra muy intensa. Me hizo pensar en lo mal que puede hacer el control excesivo y la falta de libertad. Los personajes viven mucha tensi\u00f3n y eso se siente en todo momento. Aunque es un libro de otra \u00e9poca, habla de cosas que todav\u00eda pasan, como el miedo al qu\u00e9 dir\u00e1n y c\u00f3mo afecta a las personas. Es una historia que te deja pensando sobre la importancia de ser uno mismo y no dejar que otros te controlen.<\/span><\/p>\n<p><span style=\"font-weight: 400;\">En cuanto al teatro <\/span><i><span style=\"font-weight: 400;\">La Casa de Bernarda Alba<\/span><\/i><span style=\"font-weight: 400;\">, tanto el atrezzo como el vestuario me parecieron muy acertados. Con el atrezzo en escena lograron plasmar bien la situaci\u00f3n de una casa cerrada, donde solo se ve el exterior a trav\u00e9s de las ventanas con un fondo que simula el paisaje, y est\u00e1 muy bien conseguido. El vestuario tambi\u00e9n me pareci\u00f3 adecuado para la \u00e9poca y situaci\u00f3n en la que se encuentran los personajes. Sin embargo, creo que podr\u00edan haber incluido m\u00e1s personajes del libro en lugar de reducirse a unos pocos.\u201d M. C. G.\u00a0<\/span><\/p>\n<p><span style=\"font-weight: 400;\">\u201cFue una actividad muy divertida y entretenida, el vestuario y los di\u00e1logos estaban muy bien elaborados y se notaba que hab\u00eda un gran trabajo detr\u00e1s, los personajes estaban perfectamente representados.\u201d P. B. O.<\/span><\/p>\n<p><span style=\"font-weight: 400;\">\u201cLa obra me gust\u00f3 mucho y pienso que las actrices lo hicieron muy bien, aparte la actividad despu\u00e9s de la obra me pareci\u00f3 muy divertida y entretenida.\u201d M. B. B.\u00a0<\/span><\/p>\n<p><span style=\"font-weight: 400;\">\u201cLa verdad, me pareci\u00f3 bien que en esta versi\u00f3n de <\/span><i><span style=\"font-weight: 400;\">La casa de Bernarda Alba<\/span><\/i><span style=\"font-weight: 400;\"> quitaran algunos personajes porque as\u00ed es m\u00e1s f\u00e1cil de entender lo que pasa. A veces estas obras no son lo m\u00edo, pero esta estuvo interesante y no se me hizo pesada.\u201d G. M. G<\/span><\/p>\n<p><span style=\"font-weight: 400;\">\u201cLa obra de teatro <\/span><i><span style=\"font-weight: 400;\">La casa de Bernarda Alba<\/span><\/i><span style=\"font-weight: 400;\"> me pareci\u00f3 muy interesante. El hecho de poder ver c\u00f3mo se desarrolla la historia ayuda mucho, y adem\u00e1s, creo que es una excelente manera de entender mejor el libro.\u201d L. P. O.<\/span><\/p>\n<p><span style=\"font-weight: 400;\">\u201cFue una buena actuaci\u00f3n, me gust\u00f3 porque me acordaba de las acotaciones y de los insultos que dec\u00edan, me hac\u00edan gracia volverlos a escuchar interpretados. Las actrices hicieron una buena interpretaci\u00f3n con sus caracteres bien definidos.\u201d B. P. I.<\/span><\/p>\n<p><span style=\"font-weight: 400;\">\u201cEsta obra de teatro es bastante buena, si te gusta, el teatro te va a gustar. Tiene conceptos revolucionarios en su \u00e9poca, puedes sentir a veces que va lenta, pero est\u00e1 bastante bien, le dar\u00eda un 7,5\/10\u201d J. C. D.<\/span><\/p>\n<p><span style=\"font-weight: 400;\">\u201cA m\u00ed me gust\u00f3 mucho la obra, en general estuvo muy bien. La interpretaron como me la hab\u00eda imaginado mientras la le\u00edamos todos en clase y eso me gust\u00f3 mucho.\u201d M. G. L.\u00a0<\/span><\/p>\n<p><span style=\"font-weight: 400;\">\u201cLa obra me ha parecido muy interesante y la interpretaci\u00f3n muy bien realizada. Aunque ya sab\u00eda lo que pasaba en la historia porque hab\u00edamos le\u00eddo el drama previamente en clase, he disfrutado mucho la actuaci\u00f3n. Mi parte favorita ha sido la segunda parte de la excursi\u00f3n, en la que hicimos una ruta literaria, porque me gust\u00f3 mucho poder pasear por la zona y descubrir m\u00e1s sobre ella. En conclusi\u00f3n, la excursi\u00f3n me ha gustado mucho y pienso que se tendr\u00eda que repetir los siguientes cursos.\u201d H. S. A.<\/span><\/p>\n<p><span style=\"font-weight: 400;\">\u201cLa verdad es que me pareci\u00f3 muy entretenida, me gust\u00f3 mucho. Algo que me pareci\u00f3 impactante al final de la obra fue que hab\u00eda m\u00e1s de una actriz interpretandos dos personajes, y ni me di cuenta de lo bien que estaba hecho. En general, muy buena obra.\u201d U. B. D.<\/span><\/p>\n<p><span style=\"font-weight: 400;\">\u201cMe gust\u00f3 mucho porque <\/span><i><span style=\"font-weight: 400;\">La casa de Bernarda Alba<\/span><\/i><span style=\"font-weight: 400;\"> impacta con su intensidad: opresi\u00f3n, pasiones reprimidas y una lucha por la libertad que desgarra. Es un drama poderoso y profundamente reflexivo y muchas cosas m\u00e1s.\u201d H. G. R.<\/span><\/p>\n","protected":false},"excerpt":{"rendered":"<p>El divendres 10 de gener l\u2019alumnat de 4t d\u2019ESO va anar a Barcelona al Teatreneu de Gr\u00e0cia per assistir a la representaci\u00f3 teatral de La casa de Bernarda Alba.\u00a0 A llengua castellana i literatura han llegit el drama i han estudiat la vida i l\u2019obra de Federico Garc\u00eda Lorca. En sortir del teatre, van realitzar [&hellip;]<\/p>\n","protected":false},"author":1,"featured_media":0,"parent":0,"menu_order":0,"comment_status":"closed","ping_status":"closed","template":"","meta":{"_bbp_topic_count":0,"_bbp_reply_count":0,"_bbp_total_topic_count":0,"_bbp_total_reply_count":0,"_bbp_voice_count":0,"_bbp_anonymous_reply_count":0,"_bbp_topic_count_hidden":0,"_bbp_reply_count_hidden":0,"_bbp_forum_subforum_count":0,"site-sidebar-layout":"default","site-content-layout":"","ast-site-content-layout":"","site-content-style":"default","site-sidebar-style":"default","ast-global-header-display":"","ast-banner-title-visibility":"","ast-main-header-display":"","ast-hfb-above-header-display":"","ast-hfb-below-header-display":"","ast-hfb-mobile-header-display":"","site-post-title":"","ast-breadcrumbs-content":"","ast-featured-img":"","footer-sml-layout":"","theme-transparent-header-meta":"","adv-header-id-meta":"","stick-header-meta":"","header-above-stick-meta":"","header-main-stick-meta":"","header-below-stick-meta":"","astra-migrate-meta-layouts":"default","ast-page-background-enabled":"default","ast-page-background-meta":{"desktop":{"background-color":"var(--ast-global-color-4)","background-image":"","background-repeat":"repeat","background-position":"center center","background-size":"auto","background-attachment":"scroll","background-type":"","background-media":"","overlay-type":"","overlay-color":"","overlay-opacity":"","overlay-gradient":""},"tablet":{"background-color":"","background-image":"","background-repeat":"repeat","background-position":"center center","background-size":"auto","background-attachment":"scroll","background-type":"","background-media":"","overlay-type":"","overlay-color":"","overlay-opacity":"","overlay-gradient":""},"mobile":{"background-color":"","background-image":"","background-repeat":"repeat","background-position":"center center","background-size":"auto","background-attachment":"scroll","background-type":"","background-media":"","overlay-type":"","overlay-color":"","overlay-opacity":"","overlay-gradient":""}},"ast-content-background-meta":{"desktop":{"background-color":"var(--ast-global-color-5)","background-image":"","background-repeat":"repeat","background-position":"center center","background-size":"auto","background-attachment":"scroll","background-type":"","background-media":"","overlay-type":"","overlay-color":"","overlay-opacity":"","overlay-gradient":""},"tablet":{"background-color":"var(--ast-global-color-5)","background-image":"","background-repeat":"repeat","background-position":"center center","background-size":"auto","background-attachment":"scroll","background-type":"","background-media":"","overlay-type":"","overlay-color":"","overlay-opacity":"","overlay-gradient":""},"mobile":{"background-color":"var(--ast-global-color-5)","background-image":"","background-repeat":"repeat","background-position":"center center","background-size":"auto","background-attachment":"scroll","background-type":"","background-media":"","overlay-type":"","overlay-color":"","overlay-opacity":"","overlay-gradient":""}},"footnotes":""},"class_list":["post-4744","page","type-page","status-publish","hentry"],"post_mailing_queue_ids":[],"_links":{"self":[{"href":"https:\/\/agora.xtec.cat\/ieslesmarines\/wp-json\/wp\/v2\/pages\/4744","targetHints":{"allow":["GET"]}}],"collection":[{"href":"https:\/\/agora.xtec.cat\/ieslesmarines\/wp-json\/wp\/v2\/pages"}],"about":[{"href":"https:\/\/agora.xtec.cat\/ieslesmarines\/wp-json\/wp\/v2\/types\/page"}],"author":[{"embeddable":true,"href":"https:\/\/agora.xtec.cat\/ieslesmarines\/wp-json\/wp\/v2\/users\/1"}],"replies":[{"embeddable":true,"href":"https:\/\/agora.xtec.cat\/ieslesmarines\/wp-json\/wp\/v2\/comments?post=4744"}],"version-history":[{"count":2,"href":"https:\/\/agora.xtec.cat\/ieslesmarines\/wp-json\/wp\/v2\/pages\/4744\/revisions"}],"predecessor-version":[{"id":4748,"href":"https:\/\/agora.xtec.cat\/ieslesmarines\/wp-json\/wp\/v2\/pages\/4744\/revisions\/4748"}],"wp:attachment":[{"href":"https:\/\/agora.xtec.cat\/ieslesmarines\/wp-json\/wp\/v2\/media?parent=4744"}],"curies":[{"name":"wp","href":"https:\/\/api.w.org\/{rel}","templated":true}]}}